{"version":"1.0","provider_name":"SDF - Srpski demokratski forum","provider_url":"https:\/\/sdf.hr\/hr\/","title":"Drava i u\u017eas - SDF - Srpski demokratski forum","type":"rich","width":600,"height":338,"html":"<blockquote class=\"wp-embedded-content\" data-secret=\"jqqUrtRNrD\"><a href=\"https:\/\/sdf.hr\/hr\/nada\/drava-i-uzas\/\">Drava i u\u017eas<\/a><\/blockquote><iframe sandbox=\"allow-scripts\" security=\"restricted\" src=\"https:\/\/sdf.hr\/hr\/nada\/drava-i-uzas\/embed\/#?secret=jqqUrtRNrD\" width=\"600\" height=\"338\" title=\"&#8220;Drava i u\u017eas&#8221; &#8212; SDF - Srpski demokratski forum\" data-secret=\"jqqUrtRNrD\" frameborder=\"0\" marginwidth=\"0\" marginheight=\"0\" scrolling=\"no\" class=\"wp-embedded-content\"><\/iframe><script type=\"text\/javascript\">\n\/* <![CDATA[ *\/\n\/*! This file is auto-generated *\/\n!function(d,l){\"use strict\";l.querySelector&&d.addEventListener&&\"undefined\"!=typeof URL&&(d.wp=d.wp||{},d.wp.receiveEmbedMessage||(d.wp.receiveEmbedMessage=function(e){var t=e.data;if((t||t.secret||t.message||t.value)&&!\/[^a-zA-Z0-9]\/.test(t.secret)){for(var s,r,n,a=l.querySelectorAll('iframe[data-secret=\"'+t.secret+'\"]'),o=l.querySelectorAll('blockquote[data-secret=\"'+t.secret+'\"]'),c=new RegExp(\"^https?:$\",\"i\"),i=0;i<o.length;i++)o[i].style.display=\"none\";for(i=0;i<a.length;i++)s=a[i],e.source===s.contentWindow&&(s.removeAttribute(\"style\"),\"height\"===t.message?(1e3<(r=parseInt(t.value,10))?r=1e3:~~r<200&&(r=200),s.height=r):\"link\"===t.message&&(r=new URL(s.getAttribute(\"src\")),n=new URL(t.value),c.test(n.protocol))&&n.host===r.host&&l.activeElement===s&&(d.top.location.href=t.value))}},d.addEventListener(\"message\",d.wp.receiveEmbedMessage,!1),l.addEventListener(\"DOMContentLoaded\",function(){for(var e,t,s=l.querySelectorAll(\"iframe.wp-embedded-content\"),r=0;r<s.length;r++)(t=(e=s[r]).getAttribute(\"data-secret\"))||(t=Math.random().toString(36).substring(2,12),e.src+=\"#?secret=\"+t,e.setAttribute(\"data-secret\",t)),e.contentWindow.postMessage({message:\"ready\",secret:t},\"*\")},!1)))}(window,document);\n\/\/# sourceURL=https:\/\/sdf.hr\/wp-includes\/js\/wp-embed.min.js\n\/* ]]> *\/\n<\/script>\n","thumbnail_url":"https:\/\/sdf.hr\/wp-content\/uploads\/2023\/10\/Drava-pozar_Davor-Javorovic-scaled.jpg","thumbnail_width":2560,"thumbnail_height":1440,"description":"Golemi crni dim iz pogona Drave Internacional koji se nadvio nad osje\u010dkim naseljima saniran je uz puno truda nadle\u017enih slu\u017ebi. \"To jest na razini ekolo\u0161ke katastrofe. Posljedice se mogu ubla\u017eiti, ali su na\u017ealost neizbje\u017ene\", ka\u017ee Ana-Marija Mileusni\u0107 iz Zelene akcije"}