{"version":"1.0","provider_name":"SDF - Srpski demokratski forum","provider_url":"https:\/\/sdf.hr\/hr\/","title":"Kraj utakmice u Gazi - SDF - Srpski demokratski forum","type":"rich","width":600,"height":338,"html":"<blockquote class=\"wp-embedded-content\" data-secret=\"uFsf7Eh9PT\"><a href=\"https:\/\/sdf.hr\/hr\/nada\/kraj-utakmice-u-gazi\/\">Kraj utakmice u Gazi<\/a><\/blockquote><iframe sandbox=\"allow-scripts\" security=\"restricted\" src=\"https:\/\/sdf.hr\/hr\/nada\/kraj-utakmice-u-gazi\/embed\/#?secret=uFsf7Eh9PT\" width=\"600\" height=\"338\" title=\"&#8220;Kraj utakmice u Gazi&#8221; &#8212; SDF - Srpski demokratski forum\" data-secret=\"uFsf7Eh9PT\" frameborder=\"0\" marginwidth=\"0\" marginheight=\"0\" scrolling=\"no\" class=\"wp-embedded-content\"><\/iframe><script type=\"text\/javascript\">\n\/* <![CDATA[ *\/\n\/*! This file is auto-generated *\/\n!function(d,l){\"use strict\";l.querySelector&&d.addEventListener&&\"undefined\"!=typeof URL&&(d.wp=d.wp||{},d.wp.receiveEmbedMessage||(d.wp.receiveEmbedMessage=function(e){var t=e.data;if((t||t.secret||t.message||t.value)&&!\/[^a-zA-Z0-9]\/.test(t.secret)){for(var s,r,n,a=l.querySelectorAll('iframe[data-secret=\"'+t.secret+'\"]'),o=l.querySelectorAll('blockquote[data-secret=\"'+t.secret+'\"]'),c=new RegExp(\"^https?:$\",\"i\"),i=0;i<o.length;i++)o[i].style.display=\"none\";for(i=0;i<a.length;i++)s=a[i],e.source===s.contentWindow&&(s.removeAttribute(\"style\"),\"height\"===t.message?(1e3<(r=parseInt(t.value,10))?r=1e3:~~r<200&&(r=200),s.height=r):\"link\"===t.message&&(r=new URL(s.getAttribute(\"src\")),n=new URL(t.value),c.test(n.protocol))&&n.host===r.host&&l.activeElement===s&&(d.top.location.href=t.value))}},d.addEventListener(\"message\",d.wp.receiveEmbedMessage,!1),l.addEventListener(\"DOMContentLoaded\",function(){for(var e,t,s=l.querySelectorAll(\"iframe.wp-embedded-content\"),r=0;r<s.length;r++)(t=(e=s[r]).getAttribute(\"data-secret\"))||(t=Math.random().toString(36).substring(2,12),e.src+=\"#?secret=\"+t,e.setAttribute(\"data-secret\",t)),e.contentWindow.postMessage({message:\"ready\",secret:t},\"*\")},!1)))}(window,document);\n\/\/# sourceURL=https:\/\/sdf.hr\/wp-includes\/js\/wp-embed.min.js\n\/* ]]> *\/\n<\/script>\n","thumbnail_url":"https:\/\/sdf.hr\/wp-content\/uploads\/2022\/09\/Pogba-i-Daillo_Laurence-Griffiths_Press-Association-scaled.jpg","thumbnail_width":2560,"thumbnail_height":1576,"description":"Posvetu djeci Gaze koja nisu do\u010dekala kasno ljeto na svojim je dru\u0161tvenim mre\u017eama nedavno ostavio francuski nogometa\u0161 Paul Pogba. Dok su lani bombe padale na to podru\u010dje, on je sa suigra\u010dem Amadom Diallom tr\u010dao po terenu ma\u0161u\u0107i palestinskom zastavom"}