{"version":"1.0","provider_name":"SDF - Srpski demokratski forum","provider_url":"https:\/\/sdf.hr\/hr\/","title":"Ponosne dobitnice \"Nade Dimi\u0107\" - SDF - Srpski demokratski forum","type":"rich","width":600,"height":338,"html":"<blockquote class=\"wp-embedded-content\" data-secret=\"EpbJw9hCFd\"><a href=\"https:\/\/sdf.hr\/hr\/nada\/ponosne-dobitnice-nade-dimic\/\">Ponosne dobitnice &#8220;Nade Dimi\u0107&#8221;<\/a><\/blockquote><iframe sandbox=\"allow-scripts\" security=\"restricted\" src=\"https:\/\/sdf.hr\/hr\/nada\/ponosne-dobitnice-nade-dimic\/embed\/#?secret=EpbJw9hCFd\" width=\"600\" height=\"338\" title=\"&#8220;Ponosne dobitnice &#8220;Nade Dimi\u0107&#8221;&#8221; &#8212; SDF - Srpski demokratski forum\" data-secret=\"EpbJw9hCFd\" frameborder=\"0\" marginwidth=\"0\" marginheight=\"0\" scrolling=\"no\" class=\"wp-embedded-content\"><\/iframe><script type=\"text\/javascript\">\n\/* <![CDATA[ *\/\n\/*! This file is auto-generated *\/\n!function(d,l){\"use strict\";l.querySelector&&d.addEventListener&&\"undefined\"!=typeof URL&&(d.wp=d.wp||{},d.wp.receiveEmbedMessage||(d.wp.receiveEmbedMessage=function(e){var t=e.data;if((t||t.secret||t.message||t.value)&&!\/[^a-zA-Z0-9]\/.test(t.secret)){for(var s,r,n,a=l.querySelectorAll('iframe[data-secret=\"'+t.secret+'\"]'),o=l.querySelectorAll('blockquote[data-secret=\"'+t.secret+'\"]'),c=new RegExp(\"^https?:$\",\"i\"),i=0;i<o.length;i++)o[i].style.display=\"none\";for(i=0;i<a.length;i++)s=a[i],e.source===s.contentWindow&&(s.removeAttribute(\"style\"),\"height\"===t.message?(1e3<(r=parseInt(t.value,10))?r=1e3:~~r<200&&(r=200),s.height=r):\"link\"===t.message&&(r=new URL(s.getAttribute(\"src\")),n=new URL(t.value),c.test(n.protocol))&&n.host===r.host&&l.activeElement===s&&(d.top.location.href=t.value))}},d.addEventListener(\"message\",d.wp.receiveEmbedMessage,!1),l.addEventListener(\"DOMContentLoaded\",function(){for(var e,t,s=l.querySelectorAll(\"iframe.wp-embedded-content\"),r=0;r<s.length;r++)(t=(e=s[r]).getAttribute(\"data-secret\"))||(t=Math.random().toString(36).substring(2,12),e.src+=\"#?secret=\"+t,e.setAttribute(\"data-secret\",t)),e.contentWindow.postMessage({message:\"ready\",secret:t},\"*\")},!1)))}(window,document);\n\/\/# sourceURL=https:\/\/sdf.hr\/wp-includes\/js\/wp-embed.min.js\n\/* ]]> *\/\n<\/script>\n","thumbnail_url":"https:\/\/sdf.hr\/wp-content\/uploads\/2024\/08\/Vida-i-Karla_Emica-Elvedi-scaled.jpg","thumbnail_width":2560,"thumbnail_height":1775,"description":"Razgovarali smo s Dorom \u010caldarovi\u0107, Karlom Jeli\u0107 i Vidom Skerk, dobitnicama nagrade \"Nada Dimi\u0107\" za organizaciju lanjskog prosvjeda na Akademiji dramskih umjetnosti. \"Koliko god je Akademija kao ustanova napravila sve da nas u\u0161utka, najve\u0107u promjenu vidim po pitanju svijesti i aktivacije studenata o toj temi\", poru\u010duje Vida"}