{"version":"1.0","provider_name":"SDF - Srpski demokratski forum","provider_url":"https:\/\/sdf.hr\/hr\/","title":"\u0160to je nama marama - SDF - Srpski demokratski forum","type":"rich","width":600,"height":338,"html":"<blockquote class=\"wp-embedded-content\" data-secret=\"ms58Jo0gxb\"><a href=\"https:\/\/sdf.hr\/hr\/nada\/sto-je-nama-marama\/\">\u0160to je nama marama<\/a><\/blockquote><iframe sandbox=\"allow-scripts\" security=\"restricted\" src=\"https:\/\/sdf.hr\/hr\/nada\/sto-je-nama-marama\/embed\/#?secret=ms58Jo0gxb\" width=\"600\" height=\"338\" title=\"&#8220;\u0160to je nama marama&#8221; &#8212; SDF - Srpski demokratski forum\" data-secret=\"ms58Jo0gxb\" frameborder=\"0\" marginwidth=\"0\" marginheight=\"0\" scrolling=\"no\" class=\"wp-embedded-content\"><\/iframe><script type=\"text\/javascript\">\n\/* <![CDATA[ *\/\n\/*! This file is auto-generated *\/\n!function(d,l){\"use strict\";l.querySelector&&d.addEventListener&&\"undefined\"!=typeof URL&&(d.wp=d.wp||{},d.wp.receiveEmbedMessage||(d.wp.receiveEmbedMessage=function(e){var t=e.data;if((t||t.secret||t.message||t.value)&&!\/[^a-zA-Z0-9]\/.test(t.secret)){for(var s,r,n,a=l.querySelectorAll('iframe[data-secret=\"'+t.secret+'\"]'),o=l.querySelectorAll('blockquote[data-secret=\"'+t.secret+'\"]'),c=new RegExp(\"^https?:$\",\"i\"),i=0;i<o.length;i++)o[i].style.display=\"none\";for(i=0;i<a.length;i++)s=a[i],e.source===s.contentWindow&&(s.removeAttribute(\"style\"),\"height\"===t.message?(1e3<(r=parseInt(t.value,10))?r=1e3:~~r<200&&(r=200),s.height=r):\"link\"===t.message&&(r=new URL(s.getAttribute(\"src\")),n=new URL(t.value),c.test(n.protocol))&&n.host===r.host&&l.activeElement===s&&(d.top.location.href=t.value))}},d.addEventListener(\"message\",d.wp.receiveEmbedMessage,!1),l.addEventListener(\"DOMContentLoaded\",function(){for(var e,t,s=l.querySelectorAll(\"iframe.wp-embedded-content\"),r=0;r<s.length;r++)(t=(e=s[r]).getAttribute(\"data-secret\"))||(t=Math.random().toString(36).substring(2,12),e.src+=\"#?secret=\"+t,e.setAttribute(\"data-secret\",t)),e.contentWindow.postMessage({message:\"ready\",secret:t},\"*\")},!1)))}(window,document);\n\/\/# sourceURL=https:\/\/sdf.hr\/wp-includes\/js\/wp-embed.min.js\n\/* ]]> *\/\n<\/script>\n","thumbnail_url":"https:\/\/sdf.hr\/wp-content\/uploads\/2023\/08\/Lu-3-scaled.jpg","thumbnail_width":2542,"thumbnail_height":2560,"description":"Luciji \u010ce\u010d danas se naj\u010de\u0161\u0107e javljaju \u010dlanovi obitelji i prijatelji kojima trebaju savjeti za njihove mame, sestre ili prijateljice koje odlaze na kemoterapiju. \"U cijelom procesu izra\u017eena je borba koju svaka od nas vodi sama sa sobom, prihva\u0107anjem da gubimo kosu, \u0161to ne zna\u010di da gubimo i \u017eenstvenost\", ka\u017ee Lucija, koja stoji iza Instagram-profila \"NoHairDay\""}