{"id":1012,"date":"2022-08-30T13:48:58","date_gmt":"2022-08-30T11:48:58","guid":{"rendered":"https:\/\/sdf.hr\/?post_type=nada&#038;p=1012"},"modified":"2023-03-20T17:11:28","modified_gmt":"2023-03-20T16:11:28","slug":"sest-rakova-manje","status":"publish","type":"nada","link":"https:\/\/sdf.hr\/hr\/nada\/sest-rakova-manje\/","title":{"rendered":"\u0160est rakova manje"},"content":{"rendered":"<p>Tko bi propustio \u0161ansu da za\u0161titi svoje dijete od raka? Prema istra\u017eivanju iz 2018., \u010dak svaki tre\u0107i roditelj nikad nije \u010duo da je u Hrvatskoj dostupno besplatno cjepivo protiv humanog papilomavirusa (HPV) za u\u010denike i u\u010denice osmih razreda osnovne \u0161kole. Istra\u017eivanje Grada Zagreba, provedeno u suradnji s Nastavnim zavodom za javno zdravstvo &#8220;Dr. Andrija \u0160tampar&#8221;, donosi jo\u0161 gori podatak \u2013 svaki drugi roditelj ne zna da HPV mo\u017ee uzrokovati \u010dak \u0161est vrsta raka kod \u017eena i mu\u0161karaca: cerviksa, usne \u0161upljine i \u017edrijela, rodnice, stidnice, anusa i penisa te spolne bradavice.<\/p>\n<p>Preneseno na svakodnevni \u017eivot, ovi rezultati zna\u010de da \u0107e raka vrata maternice, naj\u010de\u0161\u0107e i najpogubnije posljedice HPV-a, u budu\u0107nosti i dalje jednako biti, jer \u0161ira primjena cjepiva u Hrvatskoj tek treba stasati. Skupinu humanih papilomavirusa \u010dini vi\u0161e od 200 tipova virusa, od kojih pribli\u017eno 40 vrsta mo\u017ee zaraziti anogenitalno podru\u010dje mu\u0161karaca i \u017eena, dakle ve\u0107inu spolno aktivnih osoba.<\/p>\n<p>U Hrvatskoj godinama, ako ne i desetlje\u0107ima, va\u017ei podatak da gotovo svakoga dana jedna \u017eena oboli od raka cerviksa, a svaki tre\u0107i dan jedna umre od posljedica zlo\u0107udne bolesti koje je prouzrokovao HPV. Crne statistike se kontinuirano ponavljaju \u0161irom planeta, osim u nekim zemljama, primjerice u Australiji. Tamo je ova bolest zastupljena sa samo 1,1 posto, i to zahvaljuju\u0107i primjeni cjepiva u posljednjih 15 godina.<\/p>\n<p>\u010cari suvremene medicine i fantasti\u010dnih znanstvenih dostignu\u0107a dostupne su i kod nas ve\u0107 deset godina. Me\u0111utim, \u0161irenje svijesti o zna\u010daju cjepiva protiv ove vrste raka, kao i puka informacija da se bo\u010dice devetvalentnog cjepiva Gardasil 9 nalaze u obli\u017enjim zdravstvenim ustanovama, jo\u0161 uvijek se te\u0161ko probijaju do svih roditelja i djece kojima je ovo cjepivo namijenjeno. Kada je rije\u010d o za\u0161titi od HPV-a, roditelji su nezaobilazna karika, jer je imunizacija preporu\u010dena u preadolescenciji.<\/p>\n<p>Student Medicinskog fakulteta u Zagrebu Marko Gangur, ujedno i koordinator javnozdravstvenog edukativnog projekta &#8220;Budi mRAK&#8221;, zajedno s kolegicama i kolegama obilazi osnovne i srednje \u0161kole gdje u toku jednog \u0161kolskog sata educiraju u\u010denike i u\u010denice o HPV-u. U razgovoru za Nadu poja\u0161njava kako izgleda jedan njihov posjet djeci.<\/p>\n<p>\u2014 U \u0161kolskom satu edukatori igraju &#8220;kahoot&#8221; kviz s u\u010denicima. Kviz se sastoji od deset pitanja, sva su vezana za HPV: \u0161to je to, kako se prenosi, \u0161to uzrokuje. Taj kviz nam poma\u017ee da saznamo koliko su u\u010denici upoznati s tematikom. Nakon kviza, mRAK edukatori uz pomo\u0107 prezentacije govore o HPV-u. Po zavr\u0161etku prezentacije, edukatori ponovno odigraju kviz s u\u010denicima, isti kao i na po\u010detku sata, kako bi dobili povratnu informaciju \u0161to su u\u010denici nau\u010dili &#8211; govori Gangur.<\/p>\n<p>Najva\u017enije \u0161to \u017eele prenijeti u\u010denicima, ali i cijeloj javnosti putem razli\u010ditih kampanja, je prevencija infekcije HPV-om. Primarna prevencija obuhva\u0107a zdravstveni odgoj i cijepljenje, a sekundarna prevencija se odnosni na organizirani probir (engl. screening) \u017eena na karcinom cerviksa, Papa-test.<\/p>\n<figure id=\"attachment_2958\" aria-describedby=\"caption-attachment-2958\" style=\"width: 2560px\" class=\"wp-caption alignnone\"><img loading=\"lazy\" decoding=\"async\" class=\"wp-image-2958 size-full\" src=\"https:\/\/sdf.hr\/wp-content\/uploads\/2022\/08\/Ratkovic-1-scaled.jpg\" alt=\"\" width=\"2560\" height=\"1706\" srcset=\"https:\/\/sdf.hr\/wp-content\/uploads\/2022\/08\/Ratkovic-1-scaled.jpg 2560w, https:\/\/sdf.hr\/wp-content\/uploads\/2022\/08\/Ratkovic-1-300x200.jpg 300w, https:\/\/sdf.hr\/wp-content\/uploads\/2022\/08\/Ratkovic-1-1024x682.jpg 1024w, https:\/\/sdf.hr\/wp-content\/uploads\/2022\/08\/Ratkovic-1-768x512.jpg 768w, https:\/\/sdf.hr\/wp-content\/uploads\/2022\/08\/Ratkovic-1-1536x1024.jpg 1536w, https:\/\/sdf.hr\/wp-content\/uploads\/2022\/08\/Ratkovic-1-2048x1365.jpg 2048w\" sizes=\"auto, (max-width: 2560px) 100vw, 2560px\" \/><figcaption id=\"caption-attachment-2958\" class=\"wp-caption-text\">Marija Ratkovi\u0107 promovira cijepljenje u Srbiji<\/figcaption><\/figure>\n<p>Tako\u0111er, va\u017eno je razbiti stigmu da je HPV isklju\u010divo, ili u ve\u0107ini, &#8220;\u017eenska&#8221; bolest, kako se \u010desto zna \u010duti. Naime, kod mu\u0161karaca je \u010dak ve\u0107a u\u010destalost infekcije HPV-om nego kod \u017eena, ali se kod mu\u0161karaca rje\u0111e manifestira. Zato \u0161to su mu\u0161karci bitan faktor u \u0161irenju HPV-a, podjednako je va\u017eno za\u0161titi i dje\u010dake i djevoj\u010dice u ranoj dobi.<\/p>\n<p>Budu\u0107i da je u neposrednom kontaktu s djecom i roditeljima, pitamo Marka da li se pomalo mijenja svijest o tome koliko HPV mo\u017ee biti opasna bolest, a cjepivo u\u010dinkovito.<\/p>\n<p>\u2014 Rekao bih da se svijest mijenja i da se puno vi\u0161e pri\u010da o tom problemu. Glavni razlog je kontinuirana edukacija i komuniciranje o ovoj temi. Naime, cjepivo je u Hrvatskoj dostupno od 2007. godine, no tek unazad par godina rezultati procijepljenosti se zna\u010dajno pobolj\u0161avaju. U \u0161kolskoj godini 2020.\/2021. oko 40 posto u\u010denika srednjih \u0161kola cijepilo se protiv HPV-a. Konkretno, dvije doze primilo je 38 posto u\u010denica i 24 posto u\u010denika u srednjim \u0161kolama, a jednu dozu 39 posto djevoj\u010dica i 27 posto dje\u010daka. U 2019.\/2020. godini cijepljeno je 20.800 u\u010denika osnovnih \u0161kola, a u \u0161kolskoj godini 2020.\/2021. cijepljeno je 26.400 &#8211; obja\u0161njava Marko Gangur.<\/p>\n<p>Rast broja cijepljenih protiv HPV-a je ohrabruju\u0107i, no na primjeru trenutne pandemije koronavirusa znamo da je za op\u0107u procijepljenost potrebno preko 90 posto populacije. Isto va\u017ei i za suzbijanje spolno prenosivih bolesti, odnosno virusa, od kojih je HPV naj\u010de\u0161\u0107i.<\/p>\n<p>U januaru, mjesecu borbe protiv raka grli\u0107a maternice, lijepe vijesti sti\u017eu i iz Srbije. Tokom 2022. bit \u0107e omogu\u0107eno cijepljenje djevoj\u010dica i dje\u010daka protiv HPV-a o tro\u0161ku Republi\u010dkog fonda za zdravstveno osiguranje, saop\u0107eno je s Instituta za javno zdravlje Srbije Milan Jovanovi\u0107 Batut.<\/p>\n<p>Na osnovu najnovijih procjena za 2020. godinu, \u017eene u Srbiji se sa stopom obolijevanja od 23,3 na 100.000 stanovnika nalaze na petom mjestu u Europi, poslije Crne Gore, Rumunjske, Estonije i Litve. Na\u0161a sugovornica Marija Ratkovi\u0107, teoreti\u010darka i aktivistkinja, ne pripada medicinskoj struci, ali je svojim dugogodi\u0161njim, pedantnim i \u0161irim pristupom problemu \u2013 nagla\u0161avaju\u0107i da je zdravlje klasna privilegija \u2013 borbu za dostupno cjepivo u Srbiji podigla na vi\u0161u razinu. Neumornim davanjem intervjua i snimanjem &#8220;storija&#8221; za Instragram, ona svakodnevno koristi priliku da putem svih dostupnih platformi govori o HPV-u. Marija je krajem 2019. pokrenula peticiju &#8220;Ho\u0107emo dostupnu za\u0161titu od raka za sve&#8221;, stoga ne \u010dudi da mnogi ljudi zadnjih dana \u010destitaju ba\u0161 njoj.<\/p>\n<p>Glavna okosnica njenog aktivizma je podsje\u0107anje da cijepljenje protiv HPV-a nipo\u0161to nije individualna stvar, ve\u0107 da je to pitanje javnog zdravlja. Smatra da je dr\u017eavni, gotovo pa sigurnosni problem kada se godi\u0161nje razboli 1200 \u017eena i nepoznat broj mu\u0161karaca.<\/p>\n<p>\u2014 Javni je problem kada samo u jednoj bolnici u Beogradu 1000 \u017eena godi\u0161nje ostane bez materice. Zato nema potrebe da se upire prst ni u jednu osobu za\u0161to nije brinula, za\u0161to nije oti\u0161la lekaru, za\u0161to se nije vakcinisala. Kako su to dru\u0161tveni problemi, dru\u0161tvo treba i da ih re\u0161ava, da omogu\u0107i da se \u0161to jeftinije \u0161to ve\u0107i broj ljudi za\u0161titi &#8211; poja\u0161njava Ratkovi\u0107.<\/p>\n<p>Seks je sam po sebi tabu tema u patrijarhalnim sredinama u kakvim uglavnom \u017eivimo. Informiranje o HPV-u tako nu\u017eno vodi u pri\u010du o odnosima, dok se imunizacija preporu\u010duje u ranoj dobi djeteta, reklo bi se \u2013 onda kada je &#8220;neprimjereno&#8221; pri\u010dati o spolnim odnosima pred djecom. Aktivistkinja nagla\u0161ava da ne polazi ba\u0161 sve iz ku\u0107e, nego da se kroz obrazovanje, socijalni rad, zdravstvo i medije treba boriti za prostor govora o seksualnom zdravlju.<\/p>\n<p>\u2014 Ko \u0107e danas da za\u0161titi one koji su vi\u0161estruko marginalizovani, ko \u0107e da se obrati devoj\u010dicama iz ruralnih sredina koje odlazak kod ginekologa stigmatizuju, ko radi sa LGBT+ zajednicom? Ko \u0107e da pomogne devoj\u010dicama i de\u010dacima sa invaliditetom da brinu o reproduktivnom zdravlju, ko radi sa seksualnim radnicama i \u017ertvama de\u010djih brakova ili trgovine ljudima, izbeglicama i licima bez dokumenata? Iz mog iskustva sve \u0161to je ura\u0111eno na polju prevencije, u\u010dinio je civilni sektor. Bez organizacija koje rade na terenu na\u0161e dr\u017eave ne funkcioni\u0161u. Meni je zato va\u017eno da polako obrazujemo lekare, prosvetne radnike, da svi znaju sve o poslednjim nau\u010dnim dostignu\u0107ima iz medicine, a ne da javne li\u010dnosti na televiziji pri\u010daju o vakcinama. Verujem u sistem, ne \u017eelim da pravim paralelnu realnost u kojoj sa kamiona delimo vakcine ili hleb &#8211; poru\u010duje Ratkovi\u0107.<\/p>\n<p>Ona ima i osobnu povijest u borbi protiv raka grli\u0107a maternice. Marijino iskustvo i poznanstva iz perioda lije\u010denja imaju posebnu vrijednost, pogotovo u domeni razbijanja svih vrsti stigme koje postoje, bilo da je rije\u010d o prevenciji ili lije\u010denju.<\/p>\n<p>\u2014 Ni sve majke, bake, sestre, tetke i drugarice, koje su na\u017ealost umrle od raka grli\u0107a materice, nisu opametile roditelje da po\u010dnu da pri\u010daju koliko je seks va\u017ean i lep, ali i pun opasnosti. Dok se na stranicama o prevenciji pri\u010da o rizicima ranog stupanja u seksualne odnose, menjanja velikog broja seksualnih partnera, istina je detaljnija: sretala sam u bolnici \u017eene koje su za ceo \u017eivot imale samo jednog partnera i koje nisu razumele rizike. Ako HPV dobije 80 posto odraslih seksualno aktivnih ljudi, to su i na\u0161i roditelji, tete, u\u010diteljice, lekari, ro\u0111aci sa sela &#8211; jasna je Marija Ratkovi\u0107.<\/p>\n<p>Va\u017eno je podcrtati da svaka sumnja u sigurnost cjepiva protiv HPV-a treba biti otklonjena. Ono je testirano na u\u010dinkovitost i primjenjuje se u svim razvijenim zemljama svijeta.<\/p>\n<p>Nekad iznimno skupo cjepivo, nedosti\u017eno na\u0161em standardu, u vrijednosti izme\u0111u 100 i 150 eura, sada je besplatno. Marija Ratkovi\u0107 zato poru\u010duje da je to najbolja odluka koju roditelji dje\u010daka i djevoj\u010dica mogu donijeti, jer je za\u0161tita od raka neprocjenjiv dar.<\/p>\n<p><em>pi\u0161e Anja Ko\u017eul<\/em><\/p>\n","protected":false},"excerpt":{"rendered":"<p>Iako polovica roditelja jo\u0161 uvijek ne zna da HPV mo\u017ee uzrokovati \u010dak \u0161est vrsta raka kod mu\u0161karaca i \u017eena, zahvaljuju\u0107i javnozdravstvenim edukativnim projektima u Hrvatskoj se protiv HPV-a 2020.\/2021. cijepilo gotovo 40 posto u\u010denika srednjih \u0161kola. Od ove godine i u Srbiji \u0107e biti omogu\u0107eno besplatno cijepljenje<\/p>\n","protected":false},"featured_media":2956,"template":"","tags":[130],"atribut":[],"class_list":["post-1012","nada","type-nada","status-publish","has-post-thumbnail","hentry","tag-tema"],"acf":[],"yoast_head":"<!-- This site is optimized with the Yoast SEO plugin v27.4 - https:\/\/yoast.com\/product\/yoast-seo-wordpress\/ -->\n<title>\u0160est rakova manje - SDF - Srpski demokratski forum<\/title>\n<meta name=\"robots\" content=\"index, follow, max-snippet:-1, max-image-preview:large, max-video-preview:-1\" \/>\n<link rel=\"canonical\" href=\"https:\/\/sdf.hr\/hr\/nada\/sest-rakova-manje\/\" \/>\n<meta property=\"og:locale\" content=\"hr_HR\" \/>\n<meta property=\"og:type\" content=\"article\" \/>\n<meta property=\"og:title\" content=\"\u0160est rakova manje - SDF - Srpski demokratski forum\" \/>\n<meta property=\"og:description\" content=\"Iako polovica roditelja jo\u0161 uvijek ne zna da HPV mo\u017ee uzrokovati \u010dak \u0161est vrsta raka kod mu\u0161karaca i \u017eena, zahvaljuju\u0107i javnozdravstvenim edukativnim projektima u Hrvatskoj se protiv HPV-a 2020.\/2021. cijepilo gotovo 40 posto u\u010denika srednjih \u0161kola. Od ove godine i u Srbiji \u0107e biti omogu\u0107eno besplatno cijepljenje\" \/>\n<meta property=\"og:url\" content=\"https:\/\/sdf.hr\/hr\/nada\/sest-rakova-manje\/\" \/>\n<meta property=\"og:site_name\" content=\"SDF - Srpski demokratski forum\" \/>\n<meta property=\"article:modified_time\" content=\"2023-03-20T16:11:28+00:00\" \/>\n<meta property=\"og:image\" content=\"https:\/\/sdf.hr\/wp-content\/uploads\/2022\/08\/Marko-Gangur-scaled.jpg\" \/>\n\t<meta property=\"og:image:width\" content=\"2560\" \/>\n\t<meta property=\"og:image:height\" content=\"1707\" \/>\n\t<meta property=\"og:image:type\" content=\"image\/jpeg\" \/>\n<meta name=\"twitter:card\" content=\"summary_large_image\" \/>\n<meta name=\"twitter:label1\" content=\"Procijenjeno vrijeme \u010ditanja\" \/>\n\t<meta name=\"twitter:data1\" content=\"7 minuta\" \/>\n<script type=\"application\/ld+json\" class=\"yoast-schema-graph\">{\"@context\":\"https:\\\/\\\/schema.org\",\"@graph\":[{\"@type\":\"WebPage\",\"@id\":\"https:\\\/\\\/sdf.hr\\\/hr\\\/nada\\\/sest-rakova-manje\\\/\",\"url\":\"https:\\\/\\\/sdf.hr\\\/hr\\\/nada\\\/sest-rakova-manje\\\/\",\"name\":\"\u0160est rakova manje - SDF - Srpski demokratski forum\",\"isPartOf\":{\"@id\":\"https:\\\/\\\/sdf.hr\\\/#website\"},\"primaryImageOfPage\":{\"@id\":\"https:\\\/\\\/sdf.hr\\\/hr\\\/nada\\\/sest-rakova-manje\\\/#primaryimage\"},\"image\":{\"@id\":\"https:\\\/\\\/sdf.hr\\\/hr\\\/nada\\\/sest-rakova-manje\\\/#primaryimage\"},\"thumbnailUrl\":\"https:\\\/\\\/sdf.hr\\\/wp-content\\\/uploads\\\/2022\\\/08\\\/Marko-Gangur-scaled.jpg\",\"datePublished\":\"2022-08-30T11:48:58+00:00\",\"dateModified\":\"2023-03-20T16:11:28+00:00\",\"breadcrumb\":{\"@id\":\"https:\\\/\\\/sdf.hr\\\/hr\\\/nada\\\/sest-rakova-manje\\\/#breadcrumb\"},\"inLanguage\":\"hr\",\"potentialAction\":[{\"@type\":\"ReadAction\",\"target\":[\"https:\\\/\\\/sdf.hr\\\/hr\\\/nada\\\/sest-rakova-manje\\\/\"]}]},{\"@type\":\"ImageObject\",\"inLanguage\":\"hr\",\"@id\":\"https:\\\/\\\/sdf.hr\\\/hr\\\/nada\\\/sest-rakova-manje\\\/#primaryimage\",\"url\":\"https:\\\/\\\/sdf.hr\\\/wp-content\\\/uploads\\\/2022\\\/08\\\/Marko-Gangur-scaled.jpg\",\"contentUrl\":\"https:\\\/\\\/sdf.hr\\\/wp-content\\\/uploads\\\/2022\\\/08\\\/Marko-Gangur-scaled.jpg\",\"width\":2560,\"height\":1707,\"caption\":\"Marko Gangur s kolegicama iz projekta (Foto: Frano Jerkan\\\/PIXSELL)\"},{\"@type\":\"BreadcrumbList\",\"@id\":\"https:\\\/\\\/sdf.hr\\\/hr\\\/nada\\\/sest-rakova-manje\\\/#breadcrumb\",\"itemListElement\":[{\"@type\":\"ListItem\",\"position\":1,\"name\":\"Po\u010detna stranica\",\"item\":\"https:\\\/\\\/sdf.hr\\\/hr\\\/\"},{\"@type\":\"ListItem\",\"position\":2,\"name\":\"Nada\",\"item\":\"https:\\\/\\\/sdf.hr\\\/nada\\\/\"},{\"@type\":\"ListItem\",\"position\":3,\"name\":\"\u0160est rakova manje\"}]},{\"@type\":\"WebSite\",\"@id\":\"https:\\\/\\\/sdf.hr\\\/#website\",\"url\":\"https:\\\/\\\/sdf.hr\\\/\",\"name\":\"SDF - Srpski demokratski forum\",\"description\":\"Srpski demokratski forum\",\"publisher\":{\"@id\":\"https:\\\/\\\/sdf.hr\\\/#organization\"},\"potentialAction\":[{\"@type\":\"SearchAction\",\"target\":{\"@type\":\"EntryPoint\",\"urlTemplate\":\"https:\\\/\\\/sdf.hr\\\/?s={search_term_string}\"},\"query-input\":{\"@type\":\"PropertyValueSpecification\",\"valueRequired\":true,\"valueName\":\"search_term_string\"}}],\"inLanguage\":\"hr\"},{\"@type\":\"Organization\",\"@id\":\"https:\\\/\\\/sdf.hr\\\/#organization\",\"name\":\"SDF - Srpski demokratski forum\",\"url\":\"https:\\\/\\\/sdf.hr\\\/\",\"logo\":{\"@type\":\"ImageObject\",\"inLanguage\":\"hr\",\"@id\":\"https:\\\/\\\/sdf.hr\\\/#\\\/schema\\\/logo\\\/image\\\/\",\"url\":\"https:\\\/\\\/sdf.hr\\\/wp-content\\\/uploads\\\/2021\\\/07\\\/logo-hr.svg\",\"contentUrl\":\"https:\\\/\\\/sdf.hr\\\/wp-content\\\/uploads\\\/2021\\\/07\\\/logo-hr.svg\",\"width\":271,\"height\":100,\"caption\":\"SDF - Srpski demokratski forum\"},\"image\":{\"@id\":\"https:\\\/\\\/sdf.hr\\\/#\\\/schema\\\/logo\\\/image\\\/\"}}]}<\/script>\n<!-- \/ Yoast SEO plugin. -->","yoast_head_json":{"title":"\u0160est rakova manje - SDF - Srpski demokratski forum","robots":{"index":"index","follow":"follow","max-snippet":"max-snippet:-1","max-image-preview":"max-image-preview:large","max-video-preview":"max-video-preview:-1"},"canonical":"https:\/\/sdf.hr\/hr\/nada\/sest-rakova-manje\/","og_locale":"hr_HR","og_type":"article","og_title":"\u0160est rakova manje - SDF - Srpski demokratski forum","og_description":"Iako polovica roditelja jo\u0161 uvijek ne zna da HPV mo\u017ee uzrokovati \u010dak \u0161est vrsta raka kod mu\u0161karaca i \u017eena, zahvaljuju\u0107i javnozdravstvenim edukativnim projektima u Hrvatskoj se protiv HPV-a 2020.\/2021. cijepilo gotovo 40 posto u\u010denika srednjih \u0161kola. Od ove godine i u Srbiji \u0107e biti omogu\u0107eno besplatno cijepljenje","og_url":"https:\/\/sdf.hr\/hr\/nada\/sest-rakova-manje\/","og_site_name":"SDF - Srpski demokratski forum","article_modified_time":"2023-03-20T16:11:28+00:00","og_image":[{"width":2560,"height":1707,"url":"https:\/\/sdf.hr\/wp-content\/uploads\/2022\/08\/Marko-Gangur-scaled.jpg","type":"image\/jpeg"}],"twitter_card":"summary_large_image","twitter_misc":{"Procijenjeno vrijeme \u010ditanja":"7 minuta"},"schema":{"@context":"https:\/\/schema.org","@graph":[{"@type":"WebPage","@id":"https:\/\/sdf.hr\/hr\/nada\/sest-rakova-manje\/","url":"https:\/\/sdf.hr\/hr\/nada\/sest-rakova-manje\/","name":"\u0160est rakova manje - SDF - Srpski demokratski forum","isPartOf":{"@id":"https:\/\/sdf.hr\/#website"},"primaryImageOfPage":{"@id":"https:\/\/sdf.hr\/hr\/nada\/sest-rakova-manje\/#primaryimage"},"image":{"@id":"https:\/\/sdf.hr\/hr\/nada\/sest-rakova-manje\/#primaryimage"},"thumbnailUrl":"https:\/\/sdf.hr\/wp-content\/uploads\/2022\/08\/Marko-Gangur-scaled.jpg","datePublished":"2022-08-30T11:48:58+00:00","dateModified":"2023-03-20T16:11:28+00:00","breadcrumb":{"@id":"https:\/\/sdf.hr\/hr\/nada\/sest-rakova-manje\/#breadcrumb"},"inLanguage":"hr","potentialAction":[{"@type":"ReadAction","target":["https:\/\/sdf.hr\/hr\/nada\/sest-rakova-manje\/"]}]},{"@type":"ImageObject","inLanguage":"hr","@id":"https:\/\/sdf.hr\/hr\/nada\/sest-rakova-manje\/#primaryimage","url":"https:\/\/sdf.hr\/wp-content\/uploads\/2022\/08\/Marko-Gangur-scaled.jpg","contentUrl":"https:\/\/sdf.hr\/wp-content\/uploads\/2022\/08\/Marko-Gangur-scaled.jpg","width":2560,"height":1707,"caption":"Marko Gangur s kolegicama iz projekta (Foto: Frano Jerkan\/PIXSELL)"},{"@type":"BreadcrumbList","@id":"https:\/\/sdf.hr\/hr\/nada\/sest-rakova-manje\/#breadcrumb","itemListElement":[{"@type":"ListItem","position":1,"name":"Po\u010detna stranica","item":"https:\/\/sdf.hr\/hr\/"},{"@type":"ListItem","position":2,"name":"Nada","item":"https:\/\/sdf.hr\/nada\/"},{"@type":"ListItem","position":3,"name":"\u0160est rakova manje"}]},{"@type":"WebSite","@id":"https:\/\/sdf.hr\/#website","url":"https:\/\/sdf.hr\/","name":"SDF - Srpski demokratski forum","description":"Srpski demokratski forum","publisher":{"@id":"https:\/\/sdf.hr\/#organization"},"potentialAction":[{"@type":"SearchAction","target":{"@type":"EntryPoint","urlTemplate":"https:\/\/sdf.hr\/?s={search_term_string}"},"query-input":{"@type":"PropertyValueSpecification","valueRequired":true,"valueName":"search_term_string"}}],"inLanguage":"hr"},{"@type":"Organization","@id":"https:\/\/sdf.hr\/#organization","name":"SDF - Srpski demokratski forum","url":"https:\/\/sdf.hr\/","logo":{"@type":"ImageObject","inLanguage":"hr","@id":"https:\/\/sdf.hr\/#\/schema\/logo\/image\/","url":"https:\/\/sdf.hr\/wp-content\/uploads\/2021\/07\/logo-hr.svg","contentUrl":"https:\/\/sdf.hr\/wp-content\/uploads\/2021\/07\/logo-hr.svg","width":271,"height":100,"caption":"SDF - Srpski demokratski forum"},"image":{"@id":"https:\/\/sdf.hr\/#\/schema\/logo\/image\/"}}]}},"_links":{"self":[{"href":"https:\/\/sdf.hr\/hr\/wp-json\/wp\/v2\/nada\/1012","targetHints":{"allow":["GET"]}}],"collection":[{"href":"https:\/\/sdf.hr\/hr\/wp-json\/wp\/v2\/nada"}],"about":[{"href":"https:\/\/sdf.hr\/hr\/wp-json\/wp\/v2\/types\/nada"}],"wp:featuredmedia":[{"embeddable":true,"href":"https:\/\/sdf.hr\/hr\/wp-json\/wp\/v2\/media\/2956"}],"wp:attachment":[{"href":"https:\/\/sdf.hr\/hr\/wp-json\/wp\/v2\/media?parent=1012"}],"wp:term":[{"taxonomy":"post_tag","embeddable":true,"href":"https:\/\/sdf.hr\/hr\/wp-json\/wp\/v2\/tags?post=1012"},{"taxonomy":"atribut","embeddable":true,"href":"https:\/\/sdf.hr\/hr\/wp-json\/wp\/v2\/atribut?post=1012"}],"curies":[{"name":"wp","href":"https:\/\/api.w.org\/{rel}","templated":true}]}}