{"id":1019,"date":"2022-08-30T13:57:27","date_gmt":"2022-08-30T11:57:27","guid":{"rendered":"https:\/\/sdf.hr\/?post_type=nada&#038;p=1019"},"modified":"2023-03-20T17:07:19","modified_gmt":"2023-03-20T16:07:19","slug":"nismo-konzervativna-udruga","status":"publish","type":"nada","link":"https:\/\/sdf.hr\/hr\/nada\/nismo-konzervativna-udruga\/","title":{"rendered":"Nismo konzervativna udruga"},"content":{"rendered":"<p>Pozivaju\u0107i se na Zakon o medijima, udruga Femrevolt obratila nam se sa zahtjevom za ispravkom informacije objavljene 24. prosinca 2021. u tiskanom izdanju Nade, u tekstu pod naslovom &#8220;Grad za ku\u0107ni rad&#8221;, autorice Nine \u010colovi\u0107. Tekst Femrevoltovog zahtjeva donosimo u nastavku:<\/p>\n<p>&#8220;U tiskanom izdanju podlistka \u010dasopisa Novosti Nada (kasnije i na portalu i Facebook stranici Novosti), objavljen je \u010dlanak Nine \u010colovi\u0107 pod nazivom &#8220;Grad za ku\u0107ni rad&#8221; u kojem se spominje udruga Femrevolt kao &#8220;konzervativna&#8221;.<\/p>\n<p>Femrevolt je <em>grassroots<\/em> radikalno-feministi\u010dka organizacija i to marksisti\u010dkog usmjerenja, tako da je navedena tvrdnja ne samo u potpunoj suprotnosti s na\u0161im \u0161estogodi\u0161njim djelovanjem uz i kroz ljevicu (Radni\u010dka fronta, Socijalisti\u010dka radni\u010dka partija Hrvatske, Radni\u010dki glas, etc), te protiv konzervativnih udruga poput one U ime obitelji, nego je u suprotnosti i s temeljnim odrednicama udruge kako je opisana u na\u0161em Statutu:<\/p>\n<p>&#8220;Femrevolt je radikalno feministi\u010dka udruga koja okuplja radikalne i srodne feministkinje i druge \u017eene s ciljem edukacije o i izgradnji otpora svakom obliku opresije i eksploatacije. Femrevolt pot\u010dinjavanje i eksploataciju \u017eena na temelju njihovog spola smatra historijskom osnovom svih drugih eksploatacijskih sistema, osobito kapitalizma (\u2026) Femrevolt te\u017ei osnivanju radikalne feministi\u010dke stranke koja bi imala za cilj predvoditi borbu za oslobo\u0111enje \u017eena i okupljanje za radikalnu dru\u0161tvenu promjenu spremnih pojedinki i organizacija i to na podru\u010dju Republike Hrvatske, biv\u0161e SFRJ, pa i \u0161ire.&#8221;<\/p>\n<p>Jo\u0161 jednom, radi istinitoga informiranja javnosti, isti\u010demo da je teza o Femrevoltu kao &#8220;konzervativnoj udruzi&#8221; zlonamjerna i dezinformiraju\u0107a \u010dime autorica vjerojatno poku\u0161ava diskreditirati progresivnu ljevi\u010darsku argumentaciju i aktivizam na\u0161e udruge vezan uz temu \u010dlanka, a koja je utemeljena na teorijskom sustavu pokreta <em>Wages for Housework<\/em>.&#8221;<\/p>\n<p><em>pi\u0161e Femrevolt<\/em><\/p>\n","protected":false},"excerpt":{"rendered":"<p>Pozivaju\u0107i se na Zakon o medijima, udruga Femrevolt obratila nam se sa zahtjevom za ispravkom informacije objavljene 24. prosinca 2021. u tiskanom izdanju Nade, u tekstu pod naslovom &#8220;Grad za &#8230;<\/p>\n","protected":false},"featured_media":0,"template":"","tags":[171],"atribut":[],"class_list":["post-1019","nada","type-nada","status-publish","hentry","tag-reagiranje"],"acf":[],"yoast_head":"<!-- This site is optimized with the Yoast SEO plugin v27.4 - https:\/\/yoast.com\/product\/yoast-seo-wordpress\/ -->\n<title>Nismo konzervativna udruga - SDF - Srpski demokratski forum<\/title>\n<meta name=\"robots\" content=\"index, follow, max-snippet:-1, max-image-preview:large, max-video-preview:-1\" \/>\n<link rel=\"canonical\" href=\"https:\/\/sdf.hr\/hr\/nada\/nismo-konzervativna-udruga\/\" \/>\n<meta property=\"og:locale\" content=\"hr_HR\" \/>\n<meta property=\"og:type\" content=\"article\" \/>\n<meta property=\"og:title\" content=\"Nismo konzervativna udruga - SDF - Srpski demokratski forum\" \/>\n<meta property=\"og:description\" content=\"Pozivaju\u0107i se na Zakon o medijima, udruga Femrevolt obratila nam se sa zahtjevom za ispravkom informacije objavljene 24. prosinca 2021. u tiskanom izdanju Nade, u tekstu pod naslovom &#8220;Grad za ...\" \/>\n<meta property=\"og:url\" content=\"https:\/\/sdf.hr\/hr\/nada\/nismo-konzervativna-udruga\/\" \/>\n<meta property=\"og:site_name\" content=\"SDF - Srpski demokratski forum\" \/>\n<meta property=\"article:modified_time\" content=\"2023-03-20T16:07:19+00:00\" \/>\n<meta name=\"twitter:card\" content=\"summary_large_image\" \/>\n<meta name=\"twitter:label1\" content=\"Procijenjeno vrijeme \u010ditanja\" \/>\n\t<meta name=\"twitter:data1\" content=\"1 minuta\" \/>\n<script type=\"application\/ld+json\" class=\"yoast-schema-graph\">{\"@context\":\"https:\\\/\\\/schema.org\",\"@graph\":[{\"@type\":\"WebPage\",\"@id\":\"https:\\\/\\\/sdf.hr\\\/hr\\\/nada\\\/nismo-konzervativna-udruga\\\/\",\"url\":\"https:\\\/\\\/sdf.hr\\\/hr\\\/nada\\\/nismo-konzervativna-udruga\\\/\",\"name\":\"Nismo konzervativna udruga - SDF - Srpski demokratski forum\",\"isPartOf\":{\"@id\":\"https:\\\/\\\/sdf.hr\\\/#website\"},\"datePublished\":\"2022-08-30T11:57:27+00:00\",\"dateModified\":\"2023-03-20T16:07:19+00:00\",\"breadcrumb\":{\"@id\":\"https:\\\/\\\/sdf.hr\\\/hr\\\/nada\\\/nismo-konzervativna-udruga\\\/#breadcrumb\"},\"inLanguage\":\"hr\",\"potentialAction\":[{\"@type\":\"ReadAction\",\"target\":[\"https:\\\/\\\/sdf.hr\\\/hr\\\/nada\\\/nismo-konzervativna-udruga\\\/\"]}]},{\"@type\":\"BreadcrumbList\",\"@id\":\"https:\\\/\\\/sdf.hr\\\/hr\\\/nada\\\/nismo-konzervativna-udruga\\\/#breadcrumb\",\"itemListElement\":[{\"@type\":\"ListItem\",\"position\":1,\"name\":\"Po\u010detna stranica\",\"item\":\"https:\\\/\\\/sdf.hr\\\/hr\\\/\"},{\"@type\":\"ListItem\",\"position\":2,\"name\":\"Nada\",\"item\":\"https:\\\/\\\/sdf.hr\\\/nada\\\/\"},{\"@type\":\"ListItem\",\"position\":3,\"name\":\"Nismo konzervativna udruga\"}]},{\"@type\":\"WebSite\",\"@id\":\"https:\\\/\\\/sdf.hr\\\/#website\",\"url\":\"https:\\\/\\\/sdf.hr\\\/\",\"name\":\"SDF - Srpski demokratski forum\",\"description\":\"Srpski demokratski forum\",\"publisher\":{\"@id\":\"https:\\\/\\\/sdf.hr\\\/#organization\"},\"potentialAction\":[{\"@type\":\"SearchAction\",\"target\":{\"@type\":\"EntryPoint\",\"urlTemplate\":\"https:\\\/\\\/sdf.hr\\\/?s={search_term_string}\"},\"query-input\":{\"@type\":\"PropertyValueSpecification\",\"valueRequired\":true,\"valueName\":\"search_term_string\"}}],\"inLanguage\":\"hr\"},{\"@type\":\"Organization\",\"@id\":\"https:\\\/\\\/sdf.hr\\\/#organization\",\"name\":\"SDF - Srpski demokratski forum\",\"url\":\"https:\\\/\\\/sdf.hr\\\/\",\"logo\":{\"@type\":\"ImageObject\",\"inLanguage\":\"hr\",\"@id\":\"https:\\\/\\\/sdf.hr\\\/#\\\/schema\\\/logo\\\/image\\\/\",\"url\":\"https:\\\/\\\/sdf.hr\\\/wp-content\\\/uploads\\\/2021\\\/07\\\/logo-hr.svg\",\"contentUrl\":\"https:\\\/\\\/sdf.hr\\\/wp-content\\\/uploads\\\/2021\\\/07\\\/logo-hr.svg\",\"width\":271,\"height\":100,\"caption\":\"SDF - Srpski demokratski forum\"},\"image\":{\"@id\":\"https:\\\/\\\/sdf.hr\\\/#\\\/schema\\\/logo\\\/image\\\/\"}}]}<\/script>\n<!-- \/ Yoast SEO plugin. -->","yoast_head_json":{"title":"Nismo konzervativna udruga - SDF - Srpski demokratski forum","robots":{"index":"index","follow":"follow","max-snippet":"max-snippet:-1","max-image-preview":"max-image-preview:large","max-video-preview":"max-video-preview:-1"},"canonical":"https:\/\/sdf.hr\/hr\/nada\/nismo-konzervativna-udruga\/","og_locale":"hr_HR","og_type":"article","og_title":"Nismo konzervativna udruga - SDF - Srpski demokratski forum","og_description":"Pozivaju\u0107i se na Zakon o medijima, udruga Femrevolt obratila nam se sa zahtjevom za ispravkom informacije objavljene 24. prosinca 2021. u tiskanom izdanju Nade, u tekstu pod naslovom &#8220;Grad za ...","og_url":"https:\/\/sdf.hr\/hr\/nada\/nismo-konzervativna-udruga\/","og_site_name":"SDF - Srpski demokratski forum","article_modified_time":"2023-03-20T16:07:19+00:00","twitter_card":"summary_large_image","twitter_misc":{"Procijenjeno vrijeme \u010ditanja":"1 minuta"},"schema":{"@context":"https:\/\/schema.org","@graph":[{"@type":"WebPage","@id":"https:\/\/sdf.hr\/hr\/nada\/nismo-konzervativna-udruga\/","url":"https:\/\/sdf.hr\/hr\/nada\/nismo-konzervativna-udruga\/","name":"Nismo konzervativna udruga - SDF - Srpski demokratski forum","isPartOf":{"@id":"https:\/\/sdf.hr\/#website"},"datePublished":"2022-08-30T11:57:27+00:00","dateModified":"2023-03-20T16:07:19+00:00","breadcrumb":{"@id":"https:\/\/sdf.hr\/hr\/nada\/nismo-konzervativna-udruga\/#breadcrumb"},"inLanguage":"hr","potentialAction":[{"@type":"ReadAction","target":["https:\/\/sdf.hr\/hr\/nada\/nismo-konzervativna-udruga\/"]}]},{"@type":"BreadcrumbList","@id":"https:\/\/sdf.hr\/hr\/nada\/nismo-konzervativna-udruga\/#breadcrumb","itemListElement":[{"@type":"ListItem","position":1,"name":"Po\u010detna stranica","item":"https:\/\/sdf.hr\/hr\/"},{"@type":"ListItem","position":2,"name":"Nada","item":"https:\/\/sdf.hr\/nada\/"},{"@type":"ListItem","position":3,"name":"Nismo konzervativna udruga"}]},{"@type":"WebSite","@id":"https:\/\/sdf.hr\/#website","url":"https:\/\/sdf.hr\/","name":"SDF - Srpski demokratski forum","description":"Srpski demokratski forum","publisher":{"@id":"https:\/\/sdf.hr\/#organization"},"potentialAction":[{"@type":"SearchAction","target":{"@type":"EntryPoint","urlTemplate":"https:\/\/sdf.hr\/?s={search_term_string}"},"query-input":{"@type":"PropertyValueSpecification","valueRequired":true,"valueName":"search_term_string"}}],"inLanguage":"hr"},{"@type":"Organization","@id":"https:\/\/sdf.hr\/#organization","name":"SDF - Srpski demokratski forum","url":"https:\/\/sdf.hr\/","logo":{"@type":"ImageObject","inLanguage":"hr","@id":"https:\/\/sdf.hr\/#\/schema\/logo\/image\/","url":"https:\/\/sdf.hr\/wp-content\/uploads\/2021\/07\/logo-hr.svg","contentUrl":"https:\/\/sdf.hr\/wp-content\/uploads\/2021\/07\/logo-hr.svg","width":271,"height":100,"caption":"SDF - Srpski demokratski forum"},"image":{"@id":"https:\/\/sdf.hr\/#\/schema\/logo\/image\/"}}]}},"_links":{"self":[{"href":"https:\/\/sdf.hr\/hr\/wp-json\/wp\/v2\/nada\/1019","targetHints":{"allow":["GET"]}}],"collection":[{"href":"https:\/\/sdf.hr\/hr\/wp-json\/wp\/v2\/nada"}],"about":[{"href":"https:\/\/sdf.hr\/hr\/wp-json\/wp\/v2\/types\/nada"}],"wp:attachment":[{"href":"https:\/\/sdf.hr\/hr\/wp-json\/wp\/v2\/media?parent=1019"}],"wp:term":[{"taxonomy":"post_tag","embeddable":true,"href":"https:\/\/sdf.hr\/hr\/wp-json\/wp\/v2\/tags?post=1019"},{"taxonomy":"atribut","embeddable":true,"href":"https:\/\/sdf.hr\/hr\/wp-json\/wp\/v2\/atribut?post=1019"}],"curies":[{"name":"wp","href":"https:\/\/api.w.org\/{rel}","templated":true}]}}