{"id":1024,"date":"2022-08-30T14:03:19","date_gmt":"2022-08-30T12:03:19","guid":{"rendered":"https:\/\/sdf.hr\/nada\/od-tradicije-do-moderne-kreacije\/"},"modified":"2023-03-20T17:03:36","modified_gmt":"2023-03-20T16:03:36","slug":"od-tradicije-do-moderne-kreacije","status":"publish","type":"nada","link":"https:\/\/sdf.hr\/hr\/nada\/od-tradicije-do-moderne-kreacije\/","title":{"rendered":"Od tradicije do moderne kreacije"},"content":{"rendered":"<p>Udru\u017eenje Na\u0161e ognji\u0161te iz Knina vi\u0161e od decenije bavi se njegovanjem i o\u010duvanjem starog zanata \u2013 izradom narodnih no\u0161nji i ostalih odjevnih predmeta, koji su neizostavni dio tradicije lokalnog stanovni\u0161tva. Kada su se tokom proteklog ljeta uselile u novoobnovljene prostorije op\u0161tine Biskupija, \u010dlanice udru\u017eenja kona\u010dno su prona\u0161le svoju oazu mira u kojoj mogu da rade ono \u0161to najvi\u0161e vole. U prostoru koji odi\u0161e radnom atmosferom i pozitivnom energijom svakodnevno se o\u017eivljavaju uspomene na pro\u0161la vremena, a njihova slika ponovo ra\u0111a kroz motive utkane na tkanine. Sumorna svakodnevica, brige i problemi tu se ostavljaju po strani, jer trenutke provedene u radnom ambijentu ove \u017eene nastoje ispuniti kreativno\u0161\u0107u, vedrim bojama i svijetlim primjerima, upravo onakvima kakvima ih \u017eele vidjeti na svojim ru\u010dno izra\u0111enim predmetima.<\/p>\n<p>Tri tradicionalna tkala\u010dka stana, stubna ma\u0161ina za ko\u017eu, industrijske ma\u0161ine za \u0161ivenje, igle i konci u svim bojama, vuna, pamuk i ve\u0107 gotovi proizvodi, najvrjednija su imovina ovog nesvakida\u0161njeg enterijera. Kolektiv od \u0161estoro ljudi \u010dini pet \u017eena i jedan mu\u0161karac. Od osnivanja udru\u017eenja do danas kroz razli\u010dite radionice pro\u0161lo je mnogo volontera i zaljubljenika u tkanje, vezenje, \u0161ivenje, ali i onih koji su, kroz brojne projekte, imali priliku da budu me\u0111u redovnim zaposlenicima. Svima im je zajedni\u010dka ljubav prema tradiciji, volja i entuzijazam da nau\u010de ono \u0161to se s vremenom zaboravilo. Ojdana Vje\u0161tica, glavna inicijatorica udru\u017eenja, prisje\u0107a se po\u010detaka rada Na\u0161eg ognji\u0161ta.<\/p>\n<figure id=\"attachment_2951\" aria-describedby=\"caption-attachment-2951\" style=\"width: 2560px\" class=\"wp-caption alignnone\"><img loading=\"lazy\" decoding=\"async\" class=\"wp-image-2951 size-full\" src=\"https:\/\/sdf.hr\/wp-content\/uploads\/2022\/08\/Ognjiste2-scaled.jpg\" alt=\"\" width=\"2560\" height=\"1920\" srcset=\"https:\/\/sdf.hr\/wp-content\/uploads\/2022\/08\/Ognjiste2-scaled.jpg 2560w, https:\/\/sdf.hr\/wp-content\/uploads\/2022\/08\/Ognjiste2-300x225.jpg 300w, https:\/\/sdf.hr\/wp-content\/uploads\/2022\/08\/Ognjiste2-1024x768.jpg 1024w, https:\/\/sdf.hr\/wp-content\/uploads\/2022\/08\/Ognjiste2-768x576.jpg 768w, https:\/\/sdf.hr\/wp-content\/uploads\/2022\/08\/Ognjiste2-1536x1152.jpg 1536w, https:\/\/sdf.hr\/wp-content\/uploads\/2022\/08\/Ognjiste2-2048x1536.jpg 2048w\" sizes=\"auto, (max-width: 2560px) 100vw, 2560px\" \/><figcaption id=\"caption-attachment-2951\" class=\"wp-caption-text\">Kolektiv \u010dini pet \u017eena i jedan mu\u0161karac<\/figcaption><\/figure>\n<p>\u2014 Ideja o nastanku udru\u017eenja do\u0161la je sasvim spontano prije 13 godina. Proistekla je prvenstveno iz potrebe da poku\u0161amo stvoriti ne\u0161to lijepo i korisno za sebe i zajednicu, iako slobodno mogu re\u0107i da sam o pletenju i tkanju imala vrlo skromno, vi\u0161e teoretsko znanje. Moja pokojna baka bila je izvanredna tkalja, majka je bila \u0161najderica i mislim da je ku\u0107no vaspitanje bilo presudno u odluci da se nastavim baviti tim poslom. Usto, bila sam okru\u017eena ljudi kojima nije bilo lako na\u0107i posao, a ve\u0107inom se radilo o vrijednim i posve\u0107enim pojedincima &#8211; govori Vje\u0161tica, voditeljica i osniva\u010dica udru\u017eenja, dodaju\u0107i kako su kroz njegovo ime simboli\u010dno \u017eeljele sa\u010duvati ljepotu i toplinu doma.<\/p>\n<p>\u2014 Krenule smo s tkanjem, sa \u017eeljom da o\u017eivimo tradicionalnu, narodnu no\u0161nju kninskog kraja. Od tada do danas kroz na\u0161e udru\u017eenje pro\u0161lo je mnogo ljudi, u nekoliko navrata mijenjale smo i radni prostor, ali pri\u010da koju smo zapo\u010dele ostala je ista. Samo smo je nadogra\u0111ivale, a sada se vide i rezultati na\u0161ih napora &#8211; prisje\u0107a se Ojdana Vje\u0161tica.<\/p>\n<p>Ove vrijedne, uporne i ambiciozne \u017eene ostale su istrajne i nepokolebljive u namjeri o\u017eivljavanja nekada\u0161nje tradicije. Danas to vi\u0161e ne smatraju samo poslom. Obaveza, hobi i znati\u017eelja prerasli su u ljubav, a to je ono \u0161to ih iznova pokre\u0107e. U prilog tome svjedo\u010de brojne replike starih odjevnih predmeta, prega\u010de i pojasevi od vune, autenti\u010dne zobnice, kninske i li\u010dke kape, vunene \u010darape, ali i moderni predmeti poput ko\u017enih ruksaka, \u0161ivenih torbi, futrola i svega onoga \u0161to primjenu mo\u017ee na\u0107i u svakodnevnom \u017eivotu.<\/p>\n<p>Bilo da se predmet pravi tradicionalno ili moderno, da je od prirodne ko\u017ee ili \u010diste vune, obavezno je da na sebi ima neki izvorni detalj, vez s tkanim materijalom po uzoru na neki dio narodne no\u0161nje. Svaki kraj je autenti\u010dan, gotovo svako selo razlikovalo se od drugog po nekom detalju na odjevnom predmetu i o tome se, ka\u017eu u udru\u017eenju, posebno vodi ra\u010duna. Su\u0161tina je dobro poznavati svaki kraj, upoznati se s na\u010dinom \u017eivota i potrebama ljudi \u010dije su no\u0161nje u pro\u0161losti bile ogledalo \u017eivota.<\/p>\n<p>\u2014 Mo\u017eda \u0107e zvu\u010dati neskromno, ali gotovo da ne postoji ono \u0161to danas ne umijemo tkati, izvesti, sa\u0161iti. Mnogo je godina pro\u0161lo, mnogo edukacija, u\u010denja, upoznavanja s razli\u010ditim tehnikama, pri\u010da s ljudima, istra\u017eivanja, svega onoga \u0161to nam je bilo strano a \u017eeljeli smo savladati. Mo\u017eemo izraditi kompletnu narodnu no\u0161nju za kulturno-umjetni\u010dka dru\u0161tva, sa\u0161iti haljine i ko\u0161ulje s najzahtjevnijim vezovima, pantalone, tkane prsluke i pojaseve s razli\u010ditim detaljima, kapute od sukna i \u010doje, ali i moderne torbe s etno motivima koje su sve popularnije. \u010cak smo se potrudile da nabavimo i autenti\u010dnu dugmad, uradimo ukrase, nakit, ba\u0161 sve onako kako je bilo nekada &#8211; poja\u0161njava Ojdana, nagla\u0161avaju\u0107i kako svaka ura\u0111ena replika mora odgovarati originalu, \u010dak kada se radi i o materijalima.<\/p>\n<figure id=\"attachment_2953\" aria-describedby=\"caption-attachment-2953\" style=\"width: 2560px\" class=\"wp-caption alignnone\"><img loading=\"lazy\" decoding=\"async\" class=\"wp-image-2953 size-full\" src=\"https:\/\/sdf.hr\/wp-content\/uploads\/2022\/08\/Ognjiste3-1-scaled.jpg\" alt=\"\" width=\"2560\" height=\"1909\" srcset=\"https:\/\/sdf.hr\/wp-content\/uploads\/2022\/08\/Ognjiste3-1-scaled.jpg 2560w, https:\/\/sdf.hr\/wp-content\/uploads\/2022\/08\/Ognjiste3-1-300x224.jpg 300w, https:\/\/sdf.hr\/wp-content\/uploads\/2022\/08\/Ognjiste3-1-1024x764.jpg 1024w, https:\/\/sdf.hr\/wp-content\/uploads\/2022\/08\/Ognjiste3-1-768x573.jpg 768w, https:\/\/sdf.hr\/wp-content\/uploads\/2022\/08\/Ognjiste3-1-1536x1145.jpg 1536w, https:\/\/sdf.hr\/wp-content\/uploads\/2022\/08\/Ognjiste3-1-2048x1527.jpg 2048w\" sizes=\"auto, (max-width: 2560px) 100vw, 2560px\" \/><figcaption id=\"caption-attachment-2953\" class=\"wp-caption-text\">Moderne torbe s etno motivima<\/figcaption><\/figure>\n<p>Za izradu autenti\u010dnog proizvoda potrebni su dani rada i puno strpljenja. Najkompleksnije su, govori Ojdana, tkane prega\u010de koje obiluju mno\u0161tvom boja i detalja. Ne izostaju ni sitni vezovi na ko\u0161uljama i prega\u010dama, sve je to osjetljivo i iziskuje preciznost i posve\u0107enost. Zanat koji su izbrusile do tan\u010dina za sada naj\u010de\u0161\u0107e prezentuju putem svojih internetskih stranica te sajmova i manifestacija na kojima su uvijek rado vi\u0111ene go\u0161\u0107e. Gotovo da nema dr\u017eave na kugli zemaljskoj u koju nije stigao neki od njihovih predmeta, makar i u vidu suvenira. To im je ujedno, ka\u017eu, najve\u0107i motiv i podsticaj da nastave istim tempom, \u010dak i onda kada nije lako nabaviti sve \u0161to im je potrebno za rad.<\/p>\n<p>\u2014 Mnogi materijali su danas dostupni putem interneta, ali su kvalitetne sirovine uvijek skupe i na njih se du\u017ee \u010deka. Putem razli\u010ditih projekata nastojimo nabaviti ono \u0161to nam je neophodno i sa\u010duvati samoodr\u017eivost, a od onoga \u0161to uspijemo prodati ula\u017eemo u daljnju proizvodnju. Ve\u0107ina na\u0161ih predmeta je od \u010diste vune, koja danas, kao sirovina kojom obiluje \u010ditav ovaj kraj, naj\u010de\u0161\u0107e zavr\u0161i na otpadu. Prinu\u0111eni smo da kupujemo vunu, jer nemamo ma\u0161inu kojom bi onu ba\u010denu mogle prera\u0111ivati. Na\u0161li smo jednu takvu polovnu kod \u017eene koja je vi\u0161e ne koristi, ali nemamo mogu\u0107nosti da za nju izdvojimo oko 30.000 kuna. Preko projekata ne mo\u017eemo kupiti polovnu stvar, ve\u0107 novu koja bi do\u0161la iz Kine, ali to nije isto. Novu, kada se pokvari, nema tko da popravi, a ovu koja je stara pola vijeka nije problem prilagoditi da slu\u017ei svrsi. Takva ma\u0161ina koristila bi nama i svima onima koji bi umjesto punih kontejnera i zaga\u0111ene okoline imali \u010distu vunu za pletivo &#8211; poru\u010duje na kraju Ojdana Vje\u0161tica.<\/p>\n<p><em>pi\u0161e Vaska Radulovi\u0107<\/em><\/p>\n","protected":false},"excerpt":{"rendered":"<p>Mo\u017eemo izraditi kompletnu narodnu no\u0161nju, sa\u0161iti haljine i ko\u0161ulje s najzahtjevnijim vezovima, pantalone, tkane prsluke i pojaseve s razli\u010ditim detaljima, kapute od sukna i \u010doje, ali i moderne torbe, govori Ojdana Vje\u0161tica iz udru\u017eenja Na\u0161e ognji\u0161te<\/p>\n","protected":false},"featured_media":2949,"template":"","tags":[130],"atribut":[],"class_list":["post-1024","nada","type-nada","status-publish","has-post-thumbnail","hentry","tag-tema"],"acf":[],"yoast_head":"<!-- This site is optimized with the Yoast SEO plugin v27.4 - https:\/\/yoast.com\/product\/yoast-seo-wordpress\/ -->\n<title>Od tradicije do moderne kreacije - SDF - Srpski demokratski forum<\/title>\n<meta name=\"robots\" content=\"index, follow, max-snippet:-1, max-image-preview:large, max-video-preview:-1\" \/>\n<link rel=\"canonical\" href=\"https:\/\/sdf.hr\/hr\/nada\/od-tradicije-do-moderne-kreacije\/\" \/>\n<meta property=\"og:locale\" content=\"hr_HR\" \/>\n<meta property=\"og:type\" content=\"article\" \/>\n<meta property=\"og:title\" content=\"Od tradicije do moderne kreacije - SDF - Srpski demokratski forum\" \/>\n<meta property=\"og:description\" content=\"Mo\u017eemo izraditi kompletnu narodnu no\u0161nju, sa\u0161iti haljine i ko\u0161ulje s najzahtjevnijim vezovima, pantalone, tkane prsluke i pojaseve s razli\u010ditim detaljima, kapute od sukna i \u010doje, ali i moderne torbe, govori Ojdana Vje\u0161tica iz udru\u017eenja Na\u0161e ognji\u0161te\" \/>\n<meta property=\"og:url\" content=\"https:\/\/sdf.hr\/hr\/nada\/od-tradicije-do-moderne-kreacije\/\" \/>\n<meta property=\"og:site_name\" content=\"SDF - Srpski demokratski forum\" \/>\n<meta property=\"article:modified_time\" content=\"2023-03-20T16:03:36+00:00\" \/>\n<meta property=\"og:image\" content=\"https:\/\/sdf.hr\/wp-content\/uploads\/2022\/08\/Ognjiste-scaled.jpg\" \/>\n\t<meta property=\"og:image:width\" content=\"2560\" \/>\n\t<meta property=\"og:image:height\" content=\"2050\" \/>\n\t<meta property=\"og:image:type\" content=\"image\/jpeg\" \/>\n<meta name=\"twitter:card\" content=\"summary_large_image\" \/>\n<meta name=\"twitter:label1\" content=\"Procijenjeno vrijeme \u010ditanja\" \/>\n\t<meta name=\"twitter:data1\" content=\"6 minuta\" \/>\n<script type=\"application\/ld+json\" class=\"yoast-schema-graph\">{\"@context\":\"https:\\\/\\\/schema.org\",\"@graph\":[{\"@type\":\"WebPage\",\"@id\":\"https:\\\/\\\/sdf.hr\\\/hr\\\/nada\\\/od-tradicije-do-moderne-kreacije\\\/\",\"url\":\"https:\\\/\\\/sdf.hr\\\/hr\\\/nada\\\/od-tradicije-do-moderne-kreacije\\\/\",\"name\":\"Od tradicije do moderne kreacije - SDF - Srpski demokratski forum\",\"isPartOf\":{\"@id\":\"https:\\\/\\\/sdf.hr\\\/#website\"},\"primaryImageOfPage\":{\"@id\":\"https:\\\/\\\/sdf.hr\\\/hr\\\/nada\\\/od-tradicije-do-moderne-kreacije\\\/#primaryimage\"},\"image\":{\"@id\":\"https:\\\/\\\/sdf.hr\\\/hr\\\/nada\\\/od-tradicije-do-moderne-kreacije\\\/#primaryimage\"},\"thumbnailUrl\":\"https:\\\/\\\/sdf.hr\\\/wp-content\\\/uploads\\\/2022\\\/08\\\/Ognjiste-scaled.jpg\",\"datePublished\":\"2022-08-30T12:03:19+00:00\",\"dateModified\":\"2023-03-20T16:03:36+00:00\",\"breadcrumb\":{\"@id\":\"https:\\\/\\\/sdf.hr\\\/hr\\\/nada\\\/od-tradicije-do-moderne-kreacije\\\/#breadcrumb\"},\"inLanguage\":\"hr\",\"potentialAction\":[{\"@type\":\"ReadAction\",\"target\":[\"https:\\\/\\\/sdf.hr\\\/hr\\\/nada\\\/od-tradicije-do-moderne-kreacije\\\/\"]}]},{\"@type\":\"ImageObject\",\"inLanguage\":\"hr\",\"@id\":\"https:\\\/\\\/sdf.hr\\\/hr\\\/nada\\\/od-tradicije-do-moderne-kreacije\\\/#primaryimage\",\"url\":\"https:\\\/\\\/sdf.hr\\\/wp-content\\\/uploads\\\/2022\\\/08\\\/Ognjiste-scaled.jpg\",\"contentUrl\":\"https:\\\/\\\/sdf.hr\\\/wp-content\\\/uploads\\\/2022\\\/08\\\/Ognjiste-scaled.jpg\",\"width\":2560,\"height\":2050,\"caption\":\"Ojdana Vje\u0161tica (desno)\"},{\"@type\":\"BreadcrumbList\",\"@id\":\"https:\\\/\\\/sdf.hr\\\/hr\\\/nada\\\/od-tradicije-do-moderne-kreacije\\\/#breadcrumb\",\"itemListElement\":[{\"@type\":\"ListItem\",\"position\":1,\"name\":\"Po\u010detna stranica\",\"item\":\"https:\\\/\\\/sdf.hr\\\/hr\\\/\"},{\"@type\":\"ListItem\",\"position\":2,\"name\":\"Nada\",\"item\":\"https:\\\/\\\/sdf.hr\\\/nada\\\/\"},{\"@type\":\"ListItem\",\"position\":3,\"name\":\"Od tradicije do moderne kreacije\"}]},{\"@type\":\"WebSite\",\"@id\":\"https:\\\/\\\/sdf.hr\\\/#website\",\"url\":\"https:\\\/\\\/sdf.hr\\\/\",\"name\":\"SDF - Srpski demokratski forum\",\"description\":\"Srpski demokratski forum\",\"publisher\":{\"@id\":\"https:\\\/\\\/sdf.hr\\\/#organization\"},\"potentialAction\":[{\"@type\":\"SearchAction\",\"target\":{\"@type\":\"EntryPoint\",\"urlTemplate\":\"https:\\\/\\\/sdf.hr\\\/?s={search_term_string}\"},\"query-input\":{\"@type\":\"PropertyValueSpecification\",\"valueRequired\":true,\"valueName\":\"search_term_string\"}}],\"inLanguage\":\"hr\"},{\"@type\":\"Organization\",\"@id\":\"https:\\\/\\\/sdf.hr\\\/#organization\",\"name\":\"SDF - Srpski demokratski forum\",\"url\":\"https:\\\/\\\/sdf.hr\\\/\",\"logo\":{\"@type\":\"ImageObject\",\"inLanguage\":\"hr\",\"@id\":\"https:\\\/\\\/sdf.hr\\\/#\\\/schema\\\/logo\\\/image\\\/\",\"url\":\"https:\\\/\\\/sdf.hr\\\/wp-content\\\/uploads\\\/2021\\\/07\\\/logo-hr.svg\",\"contentUrl\":\"https:\\\/\\\/sdf.hr\\\/wp-content\\\/uploads\\\/2021\\\/07\\\/logo-hr.svg\",\"width\":271,\"height\":100,\"caption\":\"SDF - Srpski demokratski forum\"},\"image\":{\"@id\":\"https:\\\/\\\/sdf.hr\\\/#\\\/schema\\\/logo\\\/image\\\/\"}}]}<\/script>\n<!-- \/ Yoast SEO plugin. -->","yoast_head_json":{"title":"Od tradicije do moderne kreacije - SDF - Srpski demokratski forum","robots":{"index":"index","follow":"follow","max-snippet":"max-snippet:-1","max-image-preview":"max-image-preview:large","max-video-preview":"max-video-preview:-1"},"canonical":"https:\/\/sdf.hr\/hr\/nada\/od-tradicije-do-moderne-kreacije\/","og_locale":"hr_HR","og_type":"article","og_title":"Od tradicije do moderne kreacije - SDF - Srpski demokratski forum","og_description":"Mo\u017eemo izraditi kompletnu narodnu no\u0161nju, sa\u0161iti haljine i ko\u0161ulje s najzahtjevnijim vezovima, pantalone, tkane prsluke i pojaseve s razli\u010ditim detaljima, kapute od sukna i \u010doje, ali i moderne torbe, govori Ojdana Vje\u0161tica iz udru\u017eenja Na\u0161e ognji\u0161te","og_url":"https:\/\/sdf.hr\/hr\/nada\/od-tradicije-do-moderne-kreacije\/","og_site_name":"SDF - Srpski demokratski forum","article_modified_time":"2023-03-20T16:03:36+00:00","og_image":[{"width":2560,"height":2050,"url":"https:\/\/sdf.hr\/wp-content\/uploads\/2022\/08\/Ognjiste-scaled.jpg","type":"image\/jpeg"}],"twitter_card":"summary_large_image","twitter_misc":{"Procijenjeno vrijeme \u010ditanja":"6 minuta"},"schema":{"@context":"https:\/\/schema.org","@graph":[{"@type":"WebPage","@id":"https:\/\/sdf.hr\/hr\/nada\/od-tradicije-do-moderne-kreacije\/","url":"https:\/\/sdf.hr\/hr\/nada\/od-tradicije-do-moderne-kreacije\/","name":"Od tradicije do moderne kreacije - SDF - Srpski demokratski forum","isPartOf":{"@id":"https:\/\/sdf.hr\/#website"},"primaryImageOfPage":{"@id":"https:\/\/sdf.hr\/hr\/nada\/od-tradicije-do-moderne-kreacije\/#primaryimage"},"image":{"@id":"https:\/\/sdf.hr\/hr\/nada\/od-tradicije-do-moderne-kreacije\/#primaryimage"},"thumbnailUrl":"https:\/\/sdf.hr\/wp-content\/uploads\/2022\/08\/Ognjiste-scaled.jpg","datePublished":"2022-08-30T12:03:19+00:00","dateModified":"2023-03-20T16:03:36+00:00","breadcrumb":{"@id":"https:\/\/sdf.hr\/hr\/nada\/od-tradicije-do-moderne-kreacije\/#breadcrumb"},"inLanguage":"hr","potentialAction":[{"@type":"ReadAction","target":["https:\/\/sdf.hr\/hr\/nada\/od-tradicije-do-moderne-kreacije\/"]}]},{"@type":"ImageObject","inLanguage":"hr","@id":"https:\/\/sdf.hr\/hr\/nada\/od-tradicije-do-moderne-kreacije\/#primaryimage","url":"https:\/\/sdf.hr\/wp-content\/uploads\/2022\/08\/Ognjiste-scaled.jpg","contentUrl":"https:\/\/sdf.hr\/wp-content\/uploads\/2022\/08\/Ognjiste-scaled.jpg","width":2560,"height":2050,"caption":"Ojdana Vje\u0161tica (desno)"},{"@type":"BreadcrumbList","@id":"https:\/\/sdf.hr\/hr\/nada\/od-tradicije-do-moderne-kreacije\/#breadcrumb","itemListElement":[{"@type":"ListItem","position":1,"name":"Po\u010detna stranica","item":"https:\/\/sdf.hr\/hr\/"},{"@type":"ListItem","position":2,"name":"Nada","item":"https:\/\/sdf.hr\/nada\/"},{"@type":"ListItem","position":3,"name":"Od tradicije do moderne kreacije"}]},{"@type":"WebSite","@id":"https:\/\/sdf.hr\/#website","url":"https:\/\/sdf.hr\/","name":"SDF - Srpski demokratski forum","description":"Srpski demokratski forum","publisher":{"@id":"https:\/\/sdf.hr\/#organization"},"potentialAction":[{"@type":"SearchAction","target":{"@type":"EntryPoint","urlTemplate":"https:\/\/sdf.hr\/?s={search_term_string}"},"query-input":{"@type":"PropertyValueSpecification","valueRequired":true,"valueName":"search_term_string"}}],"inLanguage":"hr"},{"@type":"Organization","@id":"https:\/\/sdf.hr\/#organization","name":"SDF - Srpski demokratski forum","url":"https:\/\/sdf.hr\/","logo":{"@type":"ImageObject","inLanguage":"hr","@id":"https:\/\/sdf.hr\/#\/schema\/logo\/image\/","url":"https:\/\/sdf.hr\/wp-content\/uploads\/2021\/07\/logo-hr.svg","contentUrl":"https:\/\/sdf.hr\/wp-content\/uploads\/2021\/07\/logo-hr.svg","width":271,"height":100,"caption":"SDF - Srpski demokratski forum"},"image":{"@id":"https:\/\/sdf.hr\/#\/schema\/logo\/image\/"}}]}},"_links":{"self":[{"href":"https:\/\/sdf.hr\/hr\/wp-json\/wp\/v2\/nada\/1024","targetHints":{"allow":["GET"]}}],"collection":[{"href":"https:\/\/sdf.hr\/hr\/wp-json\/wp\/v2\/nada"}],"about":[{"href":"https:\/\/sdf.hr\/hr\/wp-json\/wp\/v2\/types\/nada"}],"wp:featuredmedia":[{"embeddable":true,"href":"https:\/\/sdf.hr\/hr\/wp-json\/wp\/v2\/media\/2949"}],"wp:attachment":[{"href":"https:\/\/sdf.hr\/hr\/wp-json\/wp\/v2\/media?parent=1024"}],"wp:term":[{"taxonomy":"post_tag","embeddable":true,"href":"https:\/\/sdf.hr\/hr\/wp-json\/wp\/v2\/tags?post=1024"},{"taxonomy":"atribut","embeddable":true,"href":"https:\/\/sdf.hr\/hr\/wp-json\/wp\/v2\/atribut?post=1024"}],"curies":[{"name":"wp","href":"https:\/\/api.w.org\/{rel}","templated":true}]}}