{"id":1036,"date":"2022-08-30T14:16:03","date_gmt":"2022-08-30T12:16:03","guid":{"rendered":"https:\/\/sdf.hr\/?post_type=nada&#038;p=1036"},"modified":"2023-03-20T16:49:33","modified_gmt":"2023-03-20T15:49:33","slug":"kiflice-od-sira","status":"publish","type":"nada","link":"https:\/\/sdf.hr\/hr\/nada\/kiflice-od-sira\/","title":{"rendered":"Kiflice od sira"},"content":{"rendered":"<p>Kiflice su slasna napast. Slane ili slatke, punjene \u010dokoladom, pekmezom, orasima, makom, sirom, \u0161unkom, mesom, gljivama&#8230;ili jednostavno prazne. Bile tople ili hladne, jednostavno im je te\u0161ko odoljeti. Mogu biti prhke, meke, od dizanog ili lisnatog tijesta. Prikladne su i kao obrok, za doru\u010dak, predjelo, ve\u010deru, desert ili dru\u017eenja. Nema tko ih ne voli u nekoj od bezbroj varijanti.<\/p>\n<p>One klasi\u010dne, meke s kravljim sirom sam nadopunila punjenjem od \u010dvaraka. To im je dalo poseban \u0161tih, meko\u0107u, a ostaju meke i ukusne i idu\u0107eg dana (naravno, ako vam uop\u0107e ostane koja). \u010cvarci su se posljednjih godina prometnuli u pravi gastro luksuz s obzirom na cijenu. Kao dijete ih nisam ba\u0161 ljubila, ali sada ih naprosto obo\u017eavam pa osim \u0161to ih volim kupiti od provjerenih proizvo\u0111a\u010da, pripremam ih i sama. Volim kad su onako hrskavi i dobro ocije\u0111eni i nema te grickalice koja ih mo\u017ee zamijeniti. A spoj kiflica i \u010dvaraka? Zvu\u010di carski! Zato za sve ljubitelje kiflica i \u010dvaraka, eto recepta iz Gorskog kotla! Ako ste na dijeti, presko\u010dite ovaj tekst.<\/p>\n<p><strong><em>Za tijesto<\/em><\/strong><\/p>\n<p>500 g glatkog bra\u0161na<br \/>\n3 \u017eli\u010dice pra\u0161ka za pecivo<br \/>\n1 dl mlijeka<br \/>\n1 dl ulja<br \/>\n250 g svje\u017eeg kravljeg sira<br \/>\n1 bjelanjak<br \/>\n1 \u017elica kiselog vrhnja<br \/>\n2 \u017eli\u010dice soli<\/p>\n<p><strong><em>Za punjenje<\/em><\/strong><\/p>\n<p>250 g svje\u017eeg kravljeg sira<br \/>\n100 \u2014 150 g mljevenih \u010dvaraka<br \/>\n2 \u017elice kiselog vrhnja<br \/>\nsol i papar po \u017eelji (ukoliko su \u010dvarci slani, pripazite kod soljenja)<\/p>\n<p><strong><em>Za premazivanje<\/em><\/strong><\/p>\n<p>1 \u017eumanjak<br \/>\n1 cijelo jaje<br \/>\nkrupna sol ili sezam<\/p>\n<p><strong><em>Postupak<\/em><\/strong><\/p>\n<p>Zagrijte pe\u0107nicu na 180 stupnjeva. Prosijte bra\u0161no skupa s pra\u0161kom za pecivo. Dodajte sol i promije\u0161ajte. Dodajte ostale, mokre sastojke pa umijesite glatko tijesto. Mo\u017eete odmah raditi kiflice, tijesto ne treba stajati. Ukoliko \u017eelite manje kiflice, kakve sam ja radila, kuglu tijesta podijelite na osam dijelova. Mo\u017eete i na \u010detiri ili na dva dijela pa \u0107e kiflice biti ve\u0107e.<\/p>\n<p>Za punjenje pomije\u0161ajte sve sastojke u smjesu, probajte pa dodajte sol i papar po \u017eelji. Pobra\u0161nite podlogu za rad i svaku kuglu tijesta razvaljajte u krug te re\u017eite na osam dijelova, trokuta. Na svaki trokut (na njegov \u0161iri dio) stavite punjenje od \u010dvaraka i sira. Kiflice zarolajte od tog naj\u0161ireg dijela prema \u0161picu trokuta. Sla\u017eite ih u pleh od pe\u0107nice na masni papir. Neka vam spoj bude ispod. Prema\u017eite razmu\u0107enim jajetom i pospite krupnom solju ili sezamom. Pecite ih 20 \u2014 25 minuta na 180 stupnjeva, ovisno o pe\u0107nici.<\/p>\n<p>Dobar tek!<\/p>\n<p><em>pi\u0161e Valentina Vukadinovi\u0107<\/em><\/p>\n","protected":false},"excerpt":{"rendered":"<p>Klasi\u010dne kiflice, meke s kravljim sirom, nadopunila sam punjenjem od \u010dvaraka. To im je dalo poseban \u0161tih, meko\u0107u, a ostaju meke i ukusne i idu\u0107eg dana. Naravno, ako vam uop\u0107e ostane koja<\/p>\n","protected":false},"featured_media":2940,"template":"","tags":[42],"atribut":[],"class_list":["post-1036","nada","type-nada","status-publish","has-post-thumbnail","hentry","tag-gorski-kotao"],"acf":[],"yoast_head":"<!-- This site is optimized with the Yoast SEO plugin v27.4 - https:\/\/yoast.com\/product\/yoast-seo-wordpress\/ -->\n<title>Kiflice od sira - SDF - Srpski demokratski forum<\/title>\n<meta name=\"robots\" content=\"index, follow, max-snippet:-1, max-image-preview:large, max-video-preview:-1\" \/>\n<link rel=\"canonical\" href=\"https:\/\/sdf.hr\/hr\/nada\/kiflice-od-sira\/\" \/>\n<meta property=\"og:locale\" content=\"hr_HR\" \/>\n<meta property=\"og:type\" content=\"article\" \/>\n<meta property=\"og:title\" content=\"Kiflice od sira - SDF - Srpski demokratski forum\" \/>\n<meta property=\"og:description\" content=\"Klasi\u010dne kiflice, meke s kravljim sirom, nadopunila sam punjenjem od \u010dvaraka. To im je dalo poseban \u0161tih, meko\u0107u, a ostaju meke i ukusne i idu\u0107eg dana. Naravno, ako vam uop\u0107e ostane koja\" \/>\n<meta property=\"og:url\" content=\"https:\/\/sdf.hr\/hr\/nada\/kiflice-od-sira\/\" \/>\n<meta property=\"og:site_name\" content=\"SDF - Srpski demokratski forum\" \/>\n<meta property=\"article:modified_time\" content=\"2023-03-20T15:49:33+00:00\" \/>\n<meta property=\"og:image\" content=\"https:\/\/sdf.hr\/wp-content\/uploads\/2022\/08\/Kiflice-1-rotated.jpg\" \/>\n\t<meta property=\"og:image:width\" content=\"2048\" \/>\n\t<meta property=\"og:image:height\" content=\"1366\" \/>\n\t<meta property=\"og:image:type\" content=\"image\/jpeg\" \/>\n<meta name=\"twitter:card\" content=\"summary_large_image\" \/>\n<meta name=\"twitter:label1\" content=\"Procijenjeno vrijeme \u010ditanja\" \/>\n\t<meta name=\"twitter:data1\" content=\"2 minute\" \/>\n<script type=\"application\/ld+json\" class=\"yoast-schema-graph\">{\"@context\":\"https:\\\/\\\/schema.org\",\"@graph\":[{\"@type\":\"WebPage\",\"@id\":\"https:\\\/\\\/sdf.hr\\\/hr\\\/nada\\\/kiflice-od-sira\\\/\",\"url\":\"https:\\\/\\\/sdf.hr\\\/hr\\\/nada\\\/kiflice-od-sira\\\/\",\"name\":\"Kiflice od sira - SDF - Srpski demokratski forum\",\"isPartOf\":{\"@id\":\"https:\\\/\\\/sdf.hr\\\/#website\"},\"primaryImageOfPage\":{\"@id\":\"https:\\\/\\\/sdf.hr\\\/hr\\\/nada\\\/kiflice-od-sira\\\/#primaryimage\"},\"image\":{\"@id\":\"https:\\\/\\\/sdf.hr\\\/hr\\\/nada\\\/kiflice-od-sira\\\/#primaryimage\"},\"thumbnailUrl\":\"https:\\\/\\\/sdf.hr\\\/wp-content\\\/uploads\\\/2022\\\/08\\\/Kiflice-1-rotated.jpg\",\"datePublished\":\"2022-08-30T12:16:03+00:00\",\"dateModified\":\"2023-03-20T15:49:33+00:00\",\"breadcrumb\":{\"@id\":\"https:\\\/\\\/sdf.hr\\\/hr\\\/nada\\\/kiflice-od-sira\\\/#breadcrumb\"},\"inLanguage\":\"hr\",\"potentialAction\":[{\"@type\":\"ReadAction\",\"target\":[\"https:\\\/\\\/sdf.hr\\\/hr\\\/nada\\\/kiflice-od-sira\\\/\"]}]},{\"@type\":\"ImageObject\",\"inLanguage\":\"hr\",\"@id\":\"https:\\\/\\\/sdf.hr\\\/hr\\\/nada\\\/kiflice-od-sira\\\/#primaryimage\",\"url\":\"https:\\\/\\\/sdf.hr\\\/wp-content\\\/uploads\\\/2022\\\/08\\\/Kiflice-1-rotated.jpg\",\"contentUrl\":\"https:\\\/\\\/sdf.hr\\\/wp-content\\\/uploads\\\/2022\\\/08\\\/Kiflice-1-rotated.jpg\",\"width\":2048,\"height\":1366},{\"@type\":\"BreadcrumbList\",\"@id\":\"https:\\\/\\\/sdf.hr\\\/hr\\\/nada\\\/kiflice-od-sira\\\/#breadcrumb\",\"itemListElement\":[{\"@type\":\"ListItem\",\"position\":1,\"name\":\"Po\u010detna stranica\",\"item\":\"https:\\\/\\\/sdf.hr\\\/hr\\\/\"},{\"@type\":\"ListItem\",\"position\":2,\"name\":\"Nada\",\"item\":\"https:\\\/\\\/sdf.hr\\\/nada\\\/\"},{\"@type\":\"ListItem\",\"position\":3,\"name\":\"Kiflice od sira\"}]},{\"@type\":\"WebSite\",\"@id\":\"https:\\\/\\\/sdf.hr\\\/#website\",\"url\":\"https:\\\/\\\/sdf.hr\\\/\",\"name\":\"SDF - Srpski demokratski forum\",\"description\":\"Srpski demokratski forum\",\"publisher\":{\"@id\":\"https:\\\/\\\/sdf.hr\\\/#organization\"},\"potentialAction\":[{\"@type\":\"SearchAction\",\"target\":{\"@type\":\"EntryPoint\",\"urlTemplate\":\"https:\\\/\\\/sdf.hr\\\/?s={search_term_string}\"},\"query-input\":{\"@type\":\"PropertyValueSpecification\",\"valueRequired\":true,\"valueName\":\"search_term_string\"}}],\"inLanguage\":\"hr\"},{\"@type\":\"Organization\",\"@id\":\"https:\\\/\\\/sdf.hr\\\/#organization\",\"name\":\"SDF - Srpski demokratski forum\",\"url\":\"https:\\\/\\\/sdf.hr\\\/\",\"logo\":{\"@type\":\"ImageObject\",\"inLanguage\":\"hr\",\"@id\":\"https:\\\/\\\/sdf.hr\\\/#\\\/schema\\\/logo\\\/image\\\/\",\"url\":\"https:\\\/\\\/sdf.hr\\\/wp-content\\\/uploads\\\/2021\\\/07\\\/logo-hr.svg\",\"contentUrl\":\"https:\\\/\\\/sdf.hr\\\/wp-content\\\/uploads\\\/2021\\\/07\\\/logo-hr.svg\",\"width\":271,\"height\":100,\"caption\":\"SDF - Srpski demokratski forum\"},\"image\":{\"@id\":\"https:\\\/\\\/sdf.hr\\\/#\\\/schema\\\/logo\\\/image\\\/\"}}]}<\/script>\n<!-- \/ Yoast SEO plugin. -->","yoast_head_json":{"title":"Kiflice od sira - SDF - Srpski demokratski forum","robots":{"index":"index","follow":"follow","max-snippet":"max-snippet:-1","max-image-preview":"max-image-preview:large","max-video-preview":"max-video-preview:-1"},"canonical":"https:\/\/sdf.hr\/hr\/nada\/kiflice-od-sira\/","og_locale":"hr_HR","og_type":"article","og_title":"Kiflice od sira - SDF - Srpski demokratski forum","og_description":"Klasi\u010dne kiflice, meke s kravljim sirom, nadopunila sam punjenjem od \u010dvaraka. To im je dalo poseban \u0161tih, meko\u0107u, a ostaju meke i ukusne i idu\u0107eg dana. Naravno, ako vam uop\u0107e ostane koja","og_url":"https:\/\/sdf.hr\/hr\/nada\/kiflice-od-sira\/","og_site_name":"SDF - Srpski demokratski forum","article_modified_time":"2023-03-20T15:49:33+00:00","og_image":[{"width":2048,"height":1366,"url":"https:\/\/sdf.hr\/wp-content\/uploads\/2022\/08\/Kiflice-1-rotated.jpg","type":"image\/jpeg"}],"twitter_card":"summary_large_image","twitter_misc":{"Procijenjeno vrijeme \u010ditanja":"2 minute"},"schema":{"@context":"https:\/\/schema.org","@graph":[{"@type":"WebPage","@id":"https:\/\/sdf.hr\/hr\/nada\/kiflice-od-sira\/","url":"https:\/\/sdf.hr\/hr\/nada\/kiflice-od-sira\/","name":"Kiflice od sira - SDF - Srpski demokratski forum","isPartOf":{"@id":"https:\/\/sdf.hr\/#website"},"primaryImageOfPage":{"@id":"https:\/\/sdf.hr\/hr\/nada\/kiflice-od-sira\/#primaryimage"},"image":{"@id":"https:\/\/sdf.hr\/hr\/nada\/kiflice-od-sira\/#primaryimage"},"thumbnailUrl":"https:\/\/sdf.hr\/wp-content\/uploads\/2022\/08\/Kiflice-1-rotated.jpg","datePublished":"2022-08-30T12:16:03+00:00","dateModified":"2023-03-20T15:49:33+00:00","breadcrumb":{"@id":"https:\/\/sdf.hr\/hr\/nada\/kiflice-od-sira\/#breadcrumb"},"inLanguage":"hr","potentialAction":[{"@type":"ReadAction","target":["https:\/\/sdf.hr\/hr\/nada\/kiflice-od-sira\/"]}]},{"@type":"ImageObject","inLanguage":"hr","@id":"https:\/\/sdf.hr\/hr\/nada\/kiflice-od-sira\/#primaryimage","url":"https:\/\/sdf.hr\/wp-content\/uploads\/2022\/08\/Kiflice-1-rotated.jpg","contentUrl":"https:\/\/sdf.hr\/wp-content\/uploads\/2022\/08\/Kiflice-1-rotated.jpg","width":2048,"height":1366},{"@type":"BreadcrumbList","@id":"https:\/\/sdf.hr\/hr\/nada\/kiflice-od-sira\/#breadcrumb","itemListElement":[{"@type":"ListItem","position":1,"name":"Po\u010detna stranica","item":"https:\/\/sdf.hr\/hr\/"},{"@type":"ListItem","position":2,"name":"Nada","item":"https:\/\/sdf.hr\/nada\/"},{"@type":"ListItem","position":3,"name":"Kiflice od sira"}]},{"@type":"WebSite","@id":"https:\/\/sdf.hr\/#website","url":"https:\/\/sdf.hr\/","name":"SDF - Srpski demokratski forum","description":"Srpski demokratski forum","publisher":{"@id":"https:\/\/sdf.hr\/#organization"},"potentialAction":[{"@type":"SearchAction","target":{"@type":"EntryPoint","urlTemplate":"https:\/\/sdf.hr\/?s={search_term_string}"},"query-input":{"@type":"PropertyValueSpecification","valueRequired":true,"valueName":"search_term_string"}}],"inLanguage":"hr"},{"@type":"Organization","@id":"https:\/\/sdf.hr\/#organization","name":"SDF - Srpski demokratski forum","url":"https:\/\/sdf.hr\/","logo":{"@type":"ImageObject","inLanguage":"hr","@id":"https:\/\/sdf.hr\/#\/schema\/logo\/image\/","url":"https:\/\/sdf.hr\/wp-content\/uploads\/2021\/07\/logo-hr.svg","contentUrl":"https:\/\/sdf.hr\/wp-content\/uploads\/2021\/07\/logo-hr.svg","width":271,"height":100,"caption":"SDF - Srpski demokratski forum"},"image":{"@id":"https:\/\/sdf.hr\/#\/schema\/logo\/image\/"}}]}},"_links":{"self":[{"href":"https:\/\/sdf.hr\/hr\/wp-json\/wp\/v2\/nada\/1036","targetHints":{"allow":["GET"]}}],"collection":[{"href":"https:\/\/sdf.hr\/hr\/wp-json\/wp\/v2\/nada"}],"about":[{"href":"https:\/\/sdf.hr\/hr\/wp-json\/wp\/v2\/types\/nada"}],"wp:featuredmedia":[{"embeddable":true,"href":"https:\/\/sdf.hr\/hr\/wp-json\/wp\/v2\/media\/2940"}],"wp:attachment":[{"href":"https:\/\/sdf.hr\/hr\/wp-json\/wp\/v2\/media?parent=1036"}],"wp:term":[{"taxonomy":"post_tag","embeddable":true,"href":"https:\/\/sdf.hr\/hr\/wp-json\/wp\/v2\/tags?post=1036"},{"taxonomy":"atribut","embeddable":true,"href":"https:\/\/sdf.hr\/hr\/wp-json\/wp\/v2\/atribut?post=1036"}],"curies":[{"name":"wp","href":"https:\/\/api.w.org\/{rel}","templated":true}]}}