{"id":1052,"date":"2022-09-03T15:57:43","date_gmt":"2022-09-03T13:57:43","guid":{"rendered":"https:\/\/sdf.hr\/?post_type=nada&#038;p=1052"},"modified":"2023-03-20T16:42:30","modified_gmt":"2023-03-20T15:42:30","slug":"kultura-u-centru-paznje","status":"publish","type":"nada","link":"https:\/\/sdf.hr\/hr\/nada\/kultura-u-centru-paznje\/","title":{"rendered":"Kultura u centru pa\u017enje"},"content":{"rendered":"<p>Centri za kulturu podizani su 1960-ih i 1970-ih u Jugoslaviji iz narodnih i radni\u010dkih u\u010dili\u0161ta, osnivanih neposredno nakon Drugog svjetskoga rata za opismenjavanje i strukovno obrazovanje, kako bi se otvorila mogu\u0107nost proizvodnje i konzumacije kulturnih sadr\u017eaja na periferiji grada ili izvan ve\u0107ih gradskih sredi\u0161ta.<\/p>\n<p>\u2014 Od samih su po\u010detaka zastupali jednako programe amaterizma kao i stru\u010dne programe. Ljudi dovode svoju djecu na likovne, glazbene, dramske i plesne radionice, one su najposje\u0107enije. Centri i danas djeluju u tom rasponu, pri \u010demu nikada nismo podilazili populisti\u010dkim idejama, poku\u0161avaju\u0107i kriti\u010dki odabrati i promi\u0161ljati umjetnost i s njome dru\u0161tvenu stvarnost &#8211; isti\u010de Anita Zlomisli\u0107, kustostica i voditeljica Galerije Vladimir Bu\u017ean\u010di\u0107 u Centru za kulturu Novi Zagreb.<\/p>\n<p>Za razliku od muzeja ili kazali\u0161ta okrenutih ujedna\u010denijim oblicima umjetni\u010dkoga rada, te razgranate dru\u0161tveno-kulturne ustanove trebale su uvezivati razli\u010dite obrtni\u010dke i umjetni\u010dke prakse ukorjenjuju\u0107i ih u probleme i \u017eivote lokalnih zajednica. To gdje su se, za\u0161to, u kojoj mjeri i kojem trenutku svoga razvoja omladinski, kulturni i radni\u010dki domovi pribli\u017eavali ili udaljavali od tog zadatka, ukazuje i na oblike ograni\u010denja u kojima su se kretali i na dru\u0161tvena i ekonomska remapiranja tih mikrozajednica od sredine 20. stolje\u0107a do danas.<\/p>\n<p>\u2014 Centri za kulturu do\u017eivjeli su uzlet 1980-ih s progresivnim i inovativnim programima, tada podr\u017eanim kapacitiranim i obrazovanim kadrom. Me\u0111utim, od 1990-ih pa nadalje razmi\u0161ljalo se da se centri za kulturu ukinu, da se zatvore. U na\u0161em centru, sa sedamnaest ljudi, tada je ostalo troje zaposlenih. Ipak, zbog borbe kulturnih radnika, sre\u0107om nije do\u0161lo do toga, tako da smo mi nastavili raditi u na\u0161im lokalnim zajednicama &#8211; ka\u017ee Zlomisli\u0107.<\/p>\n<p>Nagrizanjem institucionaliziranih kulturnih prostora, napu\u0161tene tvornice i kasarne ili nikada dovr\u0161ene zgrade poput Doma socijalisti\u010dke omladine u Splitu krenule su se skvotirati i reimaginirati u edukativne i umjetni\u010dke prostore, iz kojih su izrastali udruge i kolektivi suo\u010deni iz ne\u0161to druga\u010dijeg kuta s na\u010dinom, odr\u017eivo\u0161\u0107u i kontinuitetom rada u tim prostorima.<\/p>\n<figure id=\"attachment_2931\" aria-describedby=\"caption-attachment-2931\" style=\"width: 2560px\" class=\"wp-caption alignnone\"><img loading=\"lazy\" decoding=\"async\" class=\"wp-image-2931 size-full\" src=\"https:\/\/sdf.hr\/wp-content\/uploads\/2022\/09\/Anita-Zlomislic-foto-Jurica-Galoic-PIXSELL-1-scaled.jpg\" alt=\"\" width=\"2560\" height=\"1772\" srcset=\"https:\/\/sdf.hr\/wp-content\/uploads\/2022\/09\/Anita-Zlomislic-foto-Jurica-Galoic-PIXSELL-1-scaled.jpg 2560w, https:\/\/sdf.hr\/wp-content\/uploads\/2022\/09\/Anita-Zlomislic-foto-Jurica-Galoic-PIXSELL-1-300x208.jpg 300w, https:\/\/sdf.hr\/wp-content\/uploads\/2022\/09\/Anita-Zlomislic-foto-Jurica-Galoic-PIXSELL-1-1024x709.jpg 1024w, https:\/\/sdf.hr\/wp-content\/uploads\/2022\/09\/Anita-Zlomislic-foto-Jurica-Galoic-PIXSELL-1-768x531.jpg 768w, https:\/\/sdf.hr\/wp-content\/uploads\/2022\/09\/Anita-Zlomislic-foto-Jurica-Galoic-PIXSELL-1-1536x1063.jpg 1536w, https:\/\/sdf.hr\/wp-content\/uploads\/2022\/09\/Anita-Zlomislic-foto-Jurica-Galoic-PIXSELL-1-2048x1417.jpg 2048w\" sizes=\"auto, (max-width: 2560px) 100vw, 2560px\" \/><figcaption id=\"caption-attachment-2931\" class=\"wp-caption-text\">Anita Zlomisli\u0107 (Foto: Jurica Galoi\u0107\/PIXSELL)<\/figcaption><\/figure>\n<p>\u2014 Za razliku od centara za kulturu koji se ve\u017eu uz Zakon o javnim ustanovama i kojima upravlja grad, novi oblik dru\u0161tveno-kulturnih centara nastaje odozdo, na inicijativu organizacija nezavisne kulture koje su htjele revitalizirati zapu\u0161tene prostore u svojim lokalnim zajednicama. Suradnja s gradskom vla\u0161\u0107u u upravljanju tim prostorima kroz modele civilno-javnih partnerstava \u010dini stoga jedno od glavnih obilje\u017eja dana\u0161njih dru\u0161tveno-kulturnih centara (DKC-ova) u Hrvatskoj &#8211; poja\u0161njava Mirela Travar, predsjednica platforme za razvoj nezavisne kulture Operacija Grad i nedavno osnovane Mre\u017ee dru\u0161tveno-kulturnih centara.<\/p>\n<p>U \u010dlanstvu Mre\u017ee je i koprivni\u010dki Forum udruga nezavisne kulture FUNK, u koji su od 2014. okupljene udruge Kopriva, RockLive, Pod Galgama, Mamuze i Atelieri Koprivnica. Iako te\u017enja za osnivanjem autonomnog centra nezavisne kulture postoji jo\u0161 od po\u010detka 2000-ih, dugo je bila suo\u010dena s nerazumijevanjem gradske vlasti. Udruge su 2015. u\u0161le u prostor nekada\u0161nje vojarne, a od 2018. krenule stjecati i autonomnost u radu.<\/p>\n<p>\u2014 Dugo se to nije shva\u0107alo, mi tu rije\u010d, autonomnost, ponavljamo zadnjih dvadeset godina. Radi\u0161 neke stvari koje propituju, koje su nekad mo\u017eda i rubne, pa je onda postojao strah, mi \u0107emo vama sad dati neke silne novce i dati neki prostor koji \u0107ete koristiti kako mislite da treba, a onda \u0107e se pojaviti ne\u0161to \u0161to nama ne ide u prilog. Otvaranjem europskih fondova lokalne samouprave su postale partnerice na projektima i tada se krenula mijenjati klima prema DKC-ovima &#8211; ka\u017ee Denis Ko\u0161\u0107ak, voditelj udruge RockLive i koordinator FUNK-a.<\/p>\n<p>Sudjelovanje grada u radu DKC-ova mo\u017ee poprimiti razli\u010dite oblike; od pretvaranja DKC-a u novu instituciju kojom \u0107e grad suupravljati s udrugama, kao u primjeru zagreba\u010dkog Pogona, preko osnivanja zajedni\u010dkoga tijela grada i udruga za odlu\u010divanje o prostoru bez njegove institucionalizacije, kao u pulskom centru Rojc, do ustupanja prostora udrugama, uz naknadu, koje mu daju konkretnu namjenu, kao \u0161to je to slu\u010daj u FUNK-u ili dubrova\u010dkim Lazaretima. Grad ulazi u partnerstva s kolektivima i udrugama kao akter koji posjeduje prostore i bud\u017eet, pri \u010demu se komunikacija, uz gradske odjele za kulturu, odvija i s gradskim firmama. Gradske firme preko partnerstava na europskim projektima (jednim jedinim za sada usmjerenim ba\u0161 prema dru\u0161tveno-kulturnim centrima, Kultura u centru) povla\u010de novac za obnovu prostora u kojima udruge rade. U trenutku kada projekti prestanu, s izgra\u0111enim i ure\u0111enim prostorima, postoji opasnost njihove prenamjene i ga\u0161enja novopodignutih dru\u0161tveno-kulturnih centara.<\/p>\n<p>\u2014 Govorilo se o ponovnom otvaranju natje\u010daja Kultura u centru, ali to se izgleda ne\u0107e dogoditi. Nakon \u010detiri godine rada na projektima, \u010detiri godine zaposlenih ljudi, \u010detiri godine programskih aktivnosti, mogu\u0107e je da \u0107e u nekom trenu sve stati. Kako \u0107e lokalna zajednica reagirati, koju konkretnu podr\u0161ku \u0107emo mo\u0107i dobiti, trebamo vidjeti i tek tada \u0107e se pokazati u kojoj mjeri su ta partnerstva bila stvarna &#8211; upozorava Ko\u0161\u0107ak.<\/p>\n<p>Mirela Travar tako\u0111er napominje da nema nikakvih garancija i da je, nakon \u0161est godina mukotrpne potrage za prostorom za izvedbene umjetnosti, jedini na\u010din osiguravanja kontinuiteta upotrebe prostora bio pretvaranje hala nekada\u0161nje tvornice Jedinstvo &#8211; Pogona u ustanovu kojom \u0107e grad i udruge ravnopravno upravljati.<\/p>\n<p>\u2014 Da \u017eivimo u druga\u010dijoj politi\u010dkoj kulturi, ne bi bilo potrebno osnivati novu ustanovu. Bilo bi dovoljno da postoji neko razumijevanje izme\u0111u lokalne samouprave i organizacija civilnog dru\u0161tva da se zajedni\u010dki ula\u017ee u jednu zgradu, ali mi nismo jo\u0161 na tom stupnju, a ustanovu je ipak ne\u0161to te\u017ee razmontirati &#8211; ka\u017ee ona.<\/p>\n<p>Razgranavanje centara za kulturu iz narodnih u\u010dili\u0161ta, koja su nudila prekvalifikacije i strukovne programe nije slu\u010dajno, gra\u0111eni su kao integralni dio svakodnevnice razmrvljene na njezine egzistencijalne komponente.<\/p>\n<p>\u2014 Tvornice, koje danas vi\u0161e ne postoje, sudjelovale su u radu centara za kulturu tako \u0161to su djelomi\u010dno financirale programe i pomagale izradu javnih skulptura. Na Pe\u0161\u010denici je, na primjer, cijela serija javne plastike koja su financirale tamo\u0161nje tvornice &#8211; govori Zlomisli\u0107.<\/p>\n<figure id=\"attachment_2933\" aria-describedby=\"caption-attachment-2933\" style=\"width: 1400px\" class=\"wp-caption alignnone\"><img loading=\"lazy\" decoding=\"async\" class=\"wp-image-2933 size-full\" src=\"https:\/\/sdf.hr\/wp-content\/uploads\/2022\/09\/Filmska-vecer-u-koprivnickom-Funku.jpg\" alt=\"\" width=\"1400\" height=\"800\" srcset=\"https:\/\/sdf.hr\/wp-content\/uploads\/2022\/09\/Filmska-vecer-u-koprivnickom-Funku.jpg 1400w, https:\/\/sdf.hr\/wp-content\/uploads\/2022\/09\/Filmska-vecer-u-koprivnickom-Funku-300x171.jpg 300w, https:\/\/sdf.hr\/wp-content\/uploads\/2022\/09\/Filmska-vecer-u-koprivnickom-Funku-1024x585.jpg 1024w, https:\/\/sdf.hr\/wp-content\/uploads\/2022\/09\/Filmska-vecer-u-koprivnickom-Funku-768x439.jpg 768w\" sizes=\"auto, (max-width: 1400px) 100vw, 1400px\" \/><figcaption id=\"caption-attachment-2933\" class=\"wp-caption-text\">Filmska ve\u010der u koprivni\u010dkom FUNK-u (Foto: FUNK)<\/figcaption><\/figure>\n<p>U &#8220;starim&#8221; centrima za kulturu kao gradskim ustanovama mogu\u0107nosti odlu\u010divanja su nerijetko su\u017eene i javnoga je novca sve manje sa zamjetnim poguravanjem kreativnoga rada isto tako prema projektnom financiranju.<\/p>\n<p>\u2014 Ve\u0107inu u upravnim vije\u0107ima \u010dine ljudi koje je imenovala politika. Manjinu imaju predstavnici radnih kolektiva. Da li \u0107e njih upravno vije\u0107e \u010duti ili ne\u0107e, to vam je veliko pitanje, koje ovisi o pojedincima, ljudima u upravnom vije\u0107u. Neki centri za kulturu uspjeli su opstati i dobro funkcioniraju samo zahvaljuju\u0107i entuzijazmu svojih radnika i zahvaljuju\u0107i tome \u0161to ih nije uspjela pojesti ta jedna negativna selekcija u zapo\u0161ljavanju &#8211; osvr\u0107e se na mogu\u0107nosti participacije radnika u gradskim ustanovama Zlomisli\u0107.<\/p>\n<p>Zlomisli\u0107 dodaje da s izmjenama vlasti ostaje otvoreno ho\u0107e li se ne\u0161to promijeniti, ali je odnos s Gradom Zagrebom godinama lo\u0161, gdje su i &#8220;ljudi koji su nekad redovito iz gradskih odjela pratili programe prestali dolaziti&#8221;, a savjetnici krenuli evaluirati programe iz ureda, \u0161to ukazuje na to da se &#8220;doga\u0111a jedna sveukupna birokratizacija kulture koja ne mo\u017ee uroditi dobrim&#8221;.<\/p>\n<p>Koprivni\u010dke udruge \u010duvale su autonomnost od samih po\u010detaka tra\u017ee\u0107i \u0161to ve\u0107u samostalnost, s jasno artikuliranom zadr\u0161kom prema bilo kakvom utjecaju grada na programske sadr\u017eaje, vizualni identitet ili funkcioniranje prostora. Za FUNK je to crta ispod koje se ne ide, kako napominje Ko\u0161\u0107ak.<\/p>\n<p>\u2014 \u010cak i kad su dobra vremena, ne mo\u017eemo se dovesti u situaciju da ne mo\u017eemo kriti\u010dki reagirati. Treba biti mogu\u0107nosti da se govori o svemu &#8211; ka\u017ee koordinator FUNK-a.<\/p>\n<p>Ipak, Denis Ko\u0161\u0107ak primje\u0107uje da &#8220;partnerstvo s gradskom upravom mo\u017ee ugroziti glas nezavisne kulture jer smo do\u0161li do te neke razine partnerstva na kojoj je situacija dobra, gdje mo\u017eemo tra\u017eiti sastanak ili poslati mail&#8221;.<\/p>\n<p>\u2014 Mo\u017eemo mi ulaziti u neke teme i javno na njih reagirati, samo je problem \u0161to time naru\u0161avamo neko postoje\u0107e partnerstvo \u2013 ka\u017ee.<\/p>\n<p>Suradnja s gradom proizlazi iz otpora prekarnim uvjetima rada u kulturi (\u0161to problematizira i platforma Za KRUH, a nedavno je osnovan i sindikat usredoto\u010den na specifi\u010dnosti zahtjeva rada u udrugama, SKUPA), ali i otpora prema bilo kakvom obliku komercijalizacije kulturnih sadr\u017eaja i resursa. Ta se suradnja, obrazla\u017ee Travar, iskazuje kao &#8220;nu\u017eda zbog uske povezanosti pri\u010de s time kako se upravlja javnim dobrima u Hrvatskoj, pa se ide i tako daleko da se te prostore i naziva kulturnom infrastrukturom jer su ih mahom kulturne organizacije uzurpirale i osvojile&#8221;.<\/p>\n<p>U modelima komunikacije prema gradu koje donose udruge, Anita Zlomisli\u0107 vidi potencijal izmjene odnosa u gradskim centrima za kulturu, a u kapacitetima samih centara mogu\u0107u podr\u0161ku s prostorom i uvjetima za realizaciju aktivnosti udruga.<\/p>\n<p>\u2014 Iako je pred nama dug put sazrijevanja, bez obzira na to radi li se o institucionalnoj ili nezavisnoj sceni, suradnja mo\u017ee rezultirati, s jedne strane, ostvarenjem kontinuiteta rada centara za kulturu i podizanja njegove kvalitete, kao i s druge, rje\u0161avanjem problema udruga i umjetni\u010dkih organizacija u kojima vrlo kvalitetne ideje i programi \u010desto nemaju mjesta za svoju realizaciju \u2013 ka\u017ee Zlomisli\u0107.<\/p>\n<p>O povezivanju kulturnih radnika, njihovih znanja i mogu\u0107nosti, u obje vrste centara razmi\u0161lja i Travar upu\u0107uju\u0107i na to da je &#8220;kona\u010dni cilj novih DKC-ova demokratizacija kulturnog polja. Da se otvore i centri koji nisu utemeljeni na civilno-javnom partnerstvu&#8221;. Pritom, vra\u0107a na njihovu temeljnu ulogu, zajednice u koje bi trebali biti uronjeni.<\/p>\n<p>\u2014 Cijeli kulturni sustav treba u\u010diniti dostupnijim, da zajednice u njima mogu vi\u0161e sudjelovati, da se zaista stvaraju kultura i umjetnost odozdo. Ta odgovornost ne mo\u017ee biti na nikome pojedina\u010dno. Treba biti na svim akterima u polju kulturne politike &#8211; zaklju\u010duje Mirela Travar.<\/p>\n<p><em>pi\u0161e Nina \u010colovi\u0107<\/em><\/p>\n","protected":false},"excerpt":{"rendered":"<p>Centri za kulturu do\u017eivjeli su uzlet 1980-ih, a 1990-ih prijetilo im je ukidanje. Danas postoje i novi oblici centara koji nastaju na inicijativu organizacija nezavisne kulture. &#8220;Sustav treba u\u010diniti dostupnijim, da zajednice u njima mogu vi\u0161e sudjelovati, da se zaista stvaraju kultura i umjetnost odozdo&#8221;, ka\u017ee Mirela Travar, predsjednica Mre\u017ee dru\u0161tveno-kulturnih centara<\/p>\n","protected":false},"featured_media":2929,"template":"","tags":[130],"atribut":[],"class_list":["post-1052","nada","type-nada","status-publish","has-post-thumbnail","hentry","tag-tema"],"acf":[],"yoast_head":"<!-- This site is optimized with the Yoast SEO plugin v27.4 - https:\/\/yoast.com\/product\/yoast-seo-wordpress\/ -->\n<title>Kultura u centru pa\u017enje - SDF - Srpski demokratski forum<\/title>\n<meta name=\"robots\" content=\"index, follow, max-snippet:-1, max-image-preview:large, max-video-preview:-1\" \/>\n<link rel=\"canonical\" href=\"https:\/\/sdf.hr\/hr\/nada\/kultura-u-centru-paznje\/\" \/>\n<meta property=\"og:locale\" content=\"hr_HR\" \/>\n<meta property=\"og:type\" content=\"article\" \/>\n<meta property=\"og:title\" content=\"Kultura u centru pa\u017enje - SDF - Srpski demokratski forum\" \/>\n<meta property=\"og:description\" content=\"Centri za kulturu do\u017eivjeli su uzlet 1980-ih, a 1990-ih prijetilo im je ukidanje. Danas postoje i novi oblici centara koji nastaju na inicijativu organizacija nezavisne kulture. &quot;Sustav treba u\u010diniti dostupnijim, da zajednice u njima mogu vi\u0161e sudjelovati, da se zaista stvaraju kultura i umjetnost odozdo&quot;, ka\u017ee Mirela Travar, predsjednica Mre\u017ee dru\u0161tveno-kulturnih centara\" \/>\n<meta property=\"og:url\" content=\"https:\/\/sdf.hr\/hr\/nada\/kultura-u-centru-paznje\/\" \/>\n<meta property=\"og:site_name\" content=\"SDF - Srpski demokratski forum\" \/>\n<meta property=\"article:modified_time\" content=\"2023-03-20T15:42:30+00:00\" \/>\n<meta property=\"og:image\" content=\"https:\/\/sdf.hr\/wp-content\/uploads\/2022\/09\/Pogon-Jedinstvo-foto-Sandra-Simunovic-scaled.jpg\" \/>\n\t<meta property=\"og:image:width\" content=\"2560\" \/>\n\t<meta property=\"og:image:height\" content=\"1707\" \/>\n\t<meta property=\"og:image:type\" content=\"image\/jpeg\" \/>\n<meta name=\"twitter:card\" content=\"summary_large_image\" \/>\n<meta name=\"twitter:label1\" content=\"Procijenjeno vrijeme \u010ditanja\" \/>\n\t<meta name=\"twitter:data1\" content=\"8 minuta\" \/>\n<script type=\"application\/ld+json\" class=\"yoast-schema-graph\">{\"@context\":\"https:\\\/\\\/schema.org\",\"@graph\":[{\"@type\":\"WebPage\",\"@id\":\"https:\\\/\\\/sdf.hr\\\/hr\\\/nada\\\/kultura-u-centru-paznje\\\/\",\"url\":\"https:\\\/\\\/sdf.hr\\\/hr\\\/nada\\\/kultura-u-centru-paznje\\\/\",\"name\":\"Kultura u centru pa\u017enje - SDF - Srpski demokratski forum\",\"isPartOf\":{\"@id\":\"https:\\\/\\\/sdf.hr\\\/#website\"},\"primaryImageOfPage\":{\"@id\":\"https:\\\/\\\/sdf.hr\\\/hr\\\/nada\\\/kultura-u-centru-paznje\\\/#primaryimage\"},\"image\":{\"@id\":\"https:\\\/\\\/sdf.hr\\\/hr\\\/nada\\\/kultura-u-centru-paznje\\\/#primaryimage\"},\"thumbnailUrl\":\"https:\\\/\\\/sdf.hr\\\/wp-content\\\/uploads\\\/2022\\\/09\\\/Pogon-Jedinstvo-foto-Sandra-Simunovic-scaled.jpg\",\"datePublished\":\"2022-09-03T13:57:43+00:00\",\"dateModified\":\"2023-03-20T15:42:30+00:00\",\"breadcrumb\":{\"@id\":\"https:\\\/\\\/sdf.hr\\\/hr\\\/nada\\\/kultura-u-centru-paznje\\\/#breadcrumb\"},\"inLanguage\":\"hr\",\"potentialAction\":[{\"@type\":\"ReadAction\",\"target\":[\"https:\\\/\\\/sdf.hr\\\/hr\\\/nada\\\/kultura-u-centru-paznje\\\/\"]}]},{\"@type\":\"ImageObject\",\"inLanguage\":\"hr\",\"@id\":\"https:\\\/\\\/sdf.hr\\\/hr\\\/nada\\\/kultura-u-centru-paznje\\\/#primaryimage\",\"url\":\"https:\\\/\\\/sdf.hr\\\/wp-content\\\/uploads\\\/2022\\\/09\\\/Pogon-Jedinstvo-foto-Sandra-Simunovic-scaled.jpg\",\"contentUrl\":\"https:\\\/\\\/sdf.hr\\\/wp-content\\\/uploads\\\/2022\\\/09\\\/Pogon-Jedinstvo-foto-Sandra-Simunovic-scaled.jpg\",\"width\":2560,\"height\":1707,\"caption\":\"Zagreba\u010dki centar za nezavisnu kulturu Pogon (Foto: Sandra \u0160imunovi\u0107\\\/ PIXSELL)\"},{\"@type\":\"BreadcrumbList\",\"@id\":\"https:\\\/\\\/sdf.hr\\\/hr\\\/nada\\\/kultura-u-centru-paznje\\\/#breadcrumb\",\"itemListElement\":[{\"@type\":\"ListItem\",\"position\":1,\"name\":\"Po\u010detna stranica\",\"item\":\"https:\\\/\\\/sdf.hr\\\/hr\\\/\"},{\"@type\":\"ListItem\",\"position\":2,\"name\":\"Nada\",\"item\":\"https:\\\/\\\/sdf.hr\\\/nada\\\/\"},{\"@type\":\"ListItem\",\"position\":3,\"name\":\"Kultura u centru pa\u017enje\"}]},{\"@type\":\"WebSite\",\"@id\":\"https:\\\/\\\/sdf.hr\\\/#website\",\"url\":\"https:\\\/\\\/sdf.hr\\\/\",\"name\":\"SDF - Srpski demokratski forum\",\"description\":\"Srpski demokratski forum\",\"publisher\":{\"@id\":\"https:\\\/\\\/sdf.hr\\\/#organization\"},\"potentialAction\":[{\"@type\":\"SearchAction\",\"target\":{\"@type\":\"EntryPoint\",\"urlTemplate\":\"https:\\\/\\\/sdf.hr\\\/?s={search_term_string}\"},\"query-input\":{\"@type\":\"PropertyValueSpecification\",\"valueRequired\":true,\"valueName\":\"search_term_string\"}}],\"inLanguage\":\"hr\"},{\"@type\":\"Organization\",\"@id\":\"https:\\\/\\\/sdf.hr\\\/#organization\",\"name\":\"SDF - Srpski demokratski forum\",\"url\":\"https:\\\/\\\/sdf.hr\\\/\",\"logo\":{\"@type\":\"ImageObject\",\"inLanguage\":\"hr\",\"@id\":\"https:\\\/\\\/sdf.hr\\\/#\\\/schema\\\/logo\\\/image\\\/\",\"url\":\"https:\\\/\\\/sdf.hr\\\/wp-content\\\/uploads\\\/2021\\\/07\\\/logo-hr.svg\",\"contentUrl\":\"https:\\\/\\\/sdf.hr\\\/wp-content\\\/uploads\\\/2021\\\/07\\\/logo-hr.svg\",\"width\":271,\"height\":100,\"caption\":\"SDF - Srpski demokratski forum\"},\"image\":{\"@id\":\"https:\\\/\\\/sdf.hr\\\/#\\\/schema\\\/logo\\\/image\\\/\"}}]}<\/script>\n<!-- \/ Yoast SEO plugin. -->","yoast_head_json":{"title":"Kultura u centru pa\u017enje - SDF - Srpski demokratski forum","robots":{"index":"index","follow":"follow","max-snippet":"max-snippet:-1","max-image-preview":"max-image-preview:large","max-video-preview":"max-video-preview:-1"},"canonical":"https:\/\/sdf.hr\/hr\/nada\/kultura-u-centru-paznje\/","og_locale":"hr_HR","og_type":"article","og_title":"Kultura u centru pa\u017enje - SDF - Srpski demokratski forum","og_description":"Centri za kulturu do\u017eivjeli su uzlet 1980-ih, a 1990-ih prijetilo im je ukidanje. Danas postoje i novi oblici centara koji nastaju na inicijativu organizacija nezavisne kulture. \"Sustav treba u\u010diniti dostupnijim, da zajednice u njima mogu vi\u0161e sudjelovati, da se zaista stvaraju kultura i umjetnost odozdo\", ka\u017ee Mirela Travar, predsjednica Mre\u017ee dru\u0161tveno-kulturnih centara","og_url":"https:\/\/sdf.hr\/hr\/nada\/kultura-u-centru-paznje\/","og_site_name":"SDF - Srpski demokratski forum","article_modified_time":"2023-03-20T15:42:30+00:00","og_image":[{"width":2560,"height":1707,"url":"https:\/\/sdf.hr\/wp-content\/uploads\/2022\/09\/Pogon-Jedinstvo-foto-Sandra-Simunovic-scaled.jpg","type":"image\/jpeg"}],"twitter_card":"summary_large_image","twitter_misc":{"Procijenjeno vrijeme \u010ditanja":"8 minuta"},"schema":{"@context":"https:\/\/schema.org","@graph":[{"@type":"WebPage","@id":"https:\/\/sdf.hr\/hr\/nada\/kultura-u-centru-paznje\/","url":"https:\/\/sdf.hr\/hr\/nada\/kultura-u-centru-paznje\/","name":"Kultura u centru pa\u017enje - SDF - Srpski demokratski forum","isPartOf":{"@id":"https:\/\/sdf.hr\/#website"},"primaryImageOfPage":{"@id":"https:\/\/sdf.hr\/hr\/nada\/kultura-u-centru-paznje\/#primaryimage"},"image":{"@id":"https:\/\/sdf.hr\/hr\/nada\/kultura-u-centru-paznje\/#primaryimage"},"thumbnailUrl":"https:\/\/sdf.hr\/wp-content\/uploads\/2022\/09\/Pogon-Jedinstvo-foto-Sandra-Simunovic-scaled.jpg","datePublished":"2022-09-03T13:57:43+00:00","dateModified":"2023-03-20T15:42:30+00:00","breadcrumb":{"@id":"https:\/\/sdf.hr\/hr\/nada\/kultura-u-centru-paznje\/#breadcrumb"},"inLanguage":"hr","potentialAction":[{"@type":"ReadAction","target":["https:\/\/sdf.hr\/hr\/nada\/kultura-u-centru-paznje\/"]}]},{"@type":"ImageObject","inLanguage":"hr","@id":"https:\/\/sdf.hr\/hr\/nada\/kultura-u-centru-paznje\/#primaryimage","url":"https:\/\/sdf.hr\/wp-content\/uploads\/2022\/09\/Pogon-Jedinstvo-foto-Sandra-Simunovic-scaled.jpg","contentUrl":"https:\/\/sdf.hr\/wp-content\/uploads\/2022\/09\/Pogon-Jedinstvo-foto-Sandra-Simunovic-scaled.jpg","width":2560,"height":1707,"caption":"Zagreba\u010dki centar za nezavisnu kulturu Pogon (Foto: Sandra \u0160imunovi\u0107\/ PIXSELL)"},{"@type":"BreadcrumbList","@id":"https:\/\/sdf.hr\/hr\/nada\/kultura-u-centru-paznje\/#breadcrumb","itemListElement":[{"@type":"ListItem","position":1,"name":"Po\u010detna stranica","item":"https:\/\/sdf.hr\/hr\/"},{"@type":"ListItem","position":2,"name":"Nada","item":"https:\/\/sdf.hr\/nada\/"},{"@type":"ListItem","position":3,"name":"Kultura u centru pa\u017enje"}]},{"@type":"WebSite","@id":"https:\/\/sdf.hr\/#website","url":"https:\/\/sdf.hr\/","name":"SDF - Srpski demokratski forum","description":"Srpski demokratski forum","publisher":{"@id":"https:\/\/sdf.hr\/#organization"},"potentialAction":[{"@type":"SearchAction","target":{"@type":"EntryPoint","urlTemplate":"https:\/\/sdf.hr\/?s={search_term_string}"},"query-input":{"@type":"PropertyValueSpecification","valueRequired":true,"valueName":"search_term_string"}}],"inLanguage":"hr"},{"@type":"Organization","@id":"https:\/\/sdf.hr\/#organization","name":"SDF - Srpski demokratski forum","url":"https:\/\/sdf.hr\/","logo":{"@type":"ImageObject","inLanguage":"hr","@id":"https:\/\/sdf.hr\/#\/schema\/logo\/image\/","url":"https:\/\/sdf.hr\/wp-content\/uploads\/2021\/07\/logo-hr.svg","contentUrl":"https:\/\/sdf.hr\/wp-content\/uploads\/2021\/07\/logo-hr.svg","width":271,"height":100,"caption":"SDF - Srpski demokratski forum"},"image":{"@id":"https:\/\/sdf.hr\/#\/schema\/logo\/image\/"}}]}},"_links":{"self":[{"href":"https:\/\/sdf.hr\/hr\/wp-json\/wp\/v2\/nada\/1052","targetHints":{"allow":["GET"]}}],"collection":[{"href":"https:\/\/sdf.hr\/hr\/wp-json\/wp\/v2\/nada"}],"about":[{"href":"https:\/\/sdf.hr\/hr\/wp-json\/wp\/v2\/types\/nada"}],"wp:featuredmedia":[{"embeddable":true,"href":"https:\/\/sdf.hr\/hr\/wp-json\/wp\/v2\/media\/2929"}],"wp:attachment":[{"href":"https:\/\/sdf.hr\/hr\/wp-json\/wp\/v2\/media?parent=1052"}],"wp:term":[{"taxonomy":"post_tag","embeddable":true,"href":"https:\/\/sdf.hr\/hr\/wp-json\/wp\/v2\/tags?post=1052"},{"taxonomy":"atribut","embeddable":true,"href":"https:\/\/sdf.hr\/hr\/wp-json\/wp\/v2\/atribut?post=1052"}],"curies":[{"name":"wp","href":"https:\/\/api.w.org\/{rel}","templated":true}]}}