{"id":1065,"date":"2022-09-03T16:10:34","date_gmt":"2022-09-03T14:10:34","guid":{"rendered":"https:\/\/sdf.hr\/?post_type=nada&#038;p=1065"},"modified":"2023-03-20T16:35:58","modified_gmt":"2023-03-20T15:35:58","slug":"muskarci-koji-se-boje-zena","status":"publish","type":"nada","link":"https:\/\/sdf.hr\/hr\/nada\/muskarci-koji-se-boje-zena\/","title":{"rendered":"Mu\u0161karci koji se boje \u017eena"},"content":{"rendered":"<p>Ima po na\u0161im provincijama kafi\u0107a u kojima se skuplja isklju\u010divo mu\u0161ko dru\u0161tvo, a jedina \u017eena koja ima pristup je konobarica, jer se uvrije\u017eilo da je uslu\u017eni personal na takvim mjestima \u017eensko. Kada je prije nekoliko godina susjeda Francuzica kupila i obnovila kamenu ku\u0107icu prekoputa na\u0161e, u malom mistu kraj mora, interesirala se za takav obli\u017enji kafi\u0107 u kojem se skupljaju ve\u0107 ocvali mladi\u0107i, ljubitelji dobre kapljice, misle\u0107i neupu\u0107ena da je to <em>gay club<\/em> koji bi mogla preporu\u010diti znancima. Moja sestra, zabavljena ovim kulturolo\u0161kim nesporazumom, objasnila joj je da se radi o tradicionalnom dalmatinskom moma\u010dkom klubu sa sasvim opre\u010dnom agendom, ipak ne spominju\u0107i da u na\u0161em gradi\u0107u za krnjeval pale slikovnice duginih obitelji kao uzrok svih zala koja su nas zadesila.<\/p>\n<p>Sjetim se, povremeno, ove vinjete iz rodnog kraja: recimo, kad god mi se pri\u010dini da vidim neku isklju\u010divo mu\u0161ku ekipu kako se me\u0111usobno drugarski tap\u0161e i \u010dasti, a uvijek je u blizini i ona nenametljiva <em>mala<\/em> koja \u0107e dodati \u0161to zatreba. Postoje i u Zagrebu konobarice koje \u0107e tvrditi da nije to stvar provincije, da ima toga i u njihovom urbanom kvartu, da mi se nije pri\u010dinilo. Konobarica mo\u017eda malo pretjeruje, ali ako vam, recimo, glazbenica, ilustratorica, spisateljica i novinarka tvrde da stvarni odnosi u hrvatskoj kulturi jako podsje\u0107aju na malomi\u0161\u0107anski <em>boys club<\/em>, takva &#8211; op\u0107i je konsenzus \u2013 zasigurno izmi\u0161lja. Kod nas, naime, slu\u0161aju\u0107i mu\u0161karce koji na tu temu uop\u0107e imaju potrebu ne\u0161to javno re\u0107i (a uglavnom su iznad takvih frivolnosti), stje\u010de se dojam da nikakve neravnopravnosti nema, ako je ikad i bilo, dapa\u010de trebalo bi uzeti u obzir da su u novije vrijeme upravo ONI \u010desto diskriminirani.<\/p>\n<p>S obzirom na to da nema ozbiljnog razloga za\u0161to bi mu\u0161karci lagali, zaklju\u010dak je da la\u017eu \u017eene \u2013 tako je od pamtivijeka. A ako ne la\u017eemo, budimo po\u0161tene, onda nam se sigurno pri\u010dinja.<\/p>\n<p>Primjera za ovo ima na svakom koraku, nekidan se tako nekima pri\u010dinilo da je ubojstvo u rije\u010dkom kafi\u0107u, u kojem je podivljali manijak skakao starijoj \u017eeni po glavi dok je nije usmrtio, ni vi\u0161e ni manje nego \u2013 femicid. Pa dok su u pojedinim zemljama ljudi skloni pretjerivanju i izlaze na ulicu zbog porasta stope femicida, u nas, gdje je ova stopa i dvostruku vi\u0161a, nitko ne di\u017ee paniku \u2013 mi smo realni, kod nas se zna da nije svako ubojstvo \u017eenske osobe femicid, nekad je naprosto izazivala, a on se na\u0161ao malo lu\u0111i. Ka\u017eu: moglo se to isto dogoditi i mu\u0161karcu. No, eto, sasvim slu\u010dajno nije. Sigurno mi se pri\u010dinja, ali mo\u017eda je ipak malo te\u017ee, opasnije i zahtjevnije svaliti drugog mu\u0161karca na tlo i poku\u0161ati ga zgnje\u010diti. Vjerojatno mi se pri\u010dinja i to da \u0107e se politi\u010dar puno lak\u0161e izderati na novinarku, nego na novinara, da spomenem samo novije slu\u010dajne slu\u010dajeve.<\/p>\n<p>Slu\u010dajno, kad \u017eena strada od ruke manijaka, a u Hrvatskoj se to statisti\u010dki doga\u0111a svakih petnaest minuta, intervjuira se njegove susjede, prijatelje, rodbinu; slo\u017ene da je momak do ju\u010der bio prav. Tako nas naslovi uvjeravaju: ne pretjerujmo, nema \u0161anse da se radi o kakvom femicidu ili sustavnom nasilju nad \u017eenama i djevoj\u010dica, naprosto svakih petnaest minuta dolazi do kratkog spoja u glavama momaka, a to \u0161to je pritom naj\u010de\u0161\u0107e u blizini njihova partnerica, majka, k\u0107er, prijateljica, prolaznica, to je nesretni slu\u010daj.<\/p>\n<p>Sli\u010dno je i s tim silovanjem i <em>#metoovima<\/em>. Vidite \u0161to rade jadnom <strong>Woodyju Allenu<\/strong> ili profesorima po akademijama u Hrvatskoj i regionu! Genijalni kakvi ve\u0107 jesu, mogu imati koju \u017eele. O\u010digledno je da cure samo privla\u010de pa\u017enju. A gdje \u0107e\u0161 ljep\u0161eg privla\u010denja pa\u017enje nego da ti na \u010delu pi\u0161e: Silovana. Ili: \u017drtva nasilja. Skoro ko lenta za misicu. Stvarno neobi\u010dno za\u0161to se vi\u0161e \u017eena za to ne prijavi!<\/p>\n<p>Svi bismo mogli mirno spavati, ljudi i \u017eene, <em>boys clubovi<\/em> i konobarice, kao \u0161to smo spavali stolje\u0107ima, ne bi se za takve stvari ni znalo, da nije ovih aktivistkinja, pa raznih glumica, novinarki, spisateljica, redateljica koje su se iz \u010diste obijesti razgoropadile, osilile i napale na jadne mu\u0161karce&#8230;<\/p>\n<p>Recimo, u zadnje vrijeme ljute se kolegice spisateljice. Pi\u0161u knjige o tome i javno govore da su autorice marginalizirane i pre\u0161u\u0107ivane, dobivaju daleko manje nagrada, da im samoprogla\u0161eni bardovi i koncesionari knji\u017eevnog kanona kroje sudbinu i guraju ih, bar one upe\u010datljivije i glasnije, u zape\u0107ak, da nam je scena seksisti\u010dka, cini\u010dna i mizogina i da sve to skupa itekako reflektira polo\u017eaj \u017eena u dru\u0161tvu, a bogme i obrnuto.<\/p>\n<p>\u0160to je najneobi\u010dnije, o tome na sav glas govore ba\u0161 one knji\u017eevnice koje imaju nagrade, koje su me\u0111unarodno prepoznate, \u010ditane i voljene. Za\u0161to se, dakle, bune vode\u0107a pera ovih prostora poput <strong>Dubravke Ugre\u0161i\u0107<\/strong>, <strong>Slavenke Drakuli\u0107<\/strong>, <strong>Julijane Matanovi\u0107<\/strong>, <strong>Ivane Bodro\u017ei\u0107<\/strong>, <strong>Rumene Bu\u017earovske<\/strong>, ali i neke druge autorice koje nemaju takvu vidljivost pa ni \u010dujnost? Pri\u010dinja im se, nema druge. Ufurale. Uzalud im knjige, titule, znanje, talent, me\u0111unarodna pa \u010dak i doma\u0107a priznanja, dugogodi\u0161nji uporan rad u akademskoj atmosferi patroniziranja i podcjenjivanja \u2013 kad pate od deluzije i trendovske urote protiv nevinih mu\u0161karaca. Nisu mu\u0161karci krivi \u0161to su puno bolji od nas ba\u0161 na svim poljima pa sukladno tome imaju i bolji status i bolje honorare i vi\u0161e nagrada (doma\u0107ih) i druga\u010diji tretman u medijima (doma\u0107im) i ne moraju brinut neke trivijalne egzistencijalne brigice. \u017denske su histeri\u010dne. Ali ne toliko histeri\u010dne da bi nekome svakih petnaest minuta skakale po lubanji, ni toliko da bi kolegu, zato \u0161to je mu\u0161ko, zatajile. Dodu\u0161e, neke \u0107e to bez problema uraditi drugoj \u017eeni, \u0161to je zapravo (samo)omalova\u017eavanje, jedan od kiselih plodova patrijarhata.<\/p>\n<p>Nekad je anonimni autor bila nepotpisana \u017eena, a danas je najpoznatija spisateljica \u017eenski pseudonim <strong>Elena Ferrante<\/strong> \u2013 i dalje anonimna. Ako nije anonimna, po\u017eeljno je da nema stav, da po mogu\u0107nosti njenog glasa nema u javnosti, kako bi frajeri slu\u0161ali svoj vlastiti. S druge strane autori su vje\u0161to &#8220;hakirali&#8221; tradicionalno \u017eenske \u017eanrove koji po\u010divaju na ispovjednoj literaturi, koja najednom vi\u0161e nije podcijenjeni \u017eenskasti pristup pisanju \u2013 samo je trebalo pri\u010dekati da je neki pisac ovjeri.<\/p>\n<p>Naslu\u0107uje se, tromo i sporo, neka promjena paradigme. Konzervativno dru\u0161tvo, koje sebe ne prepoznaje kao konzervativno, nepogre\u0161ivo je detektiralo one koje donose nove vjetrove pa ih, u strahu za vlastite privilegije, poku\u0161ava ignorirati i skrajnuti ispotiha. Nije vi\u0161e pametno otvoreno se sukobiti sa \u017eenama. Djevojke zaboravljaju \u0161to su ih u\u010dili, usa\u0111uju\u0107i im usput u kosti nesigurnost i sumnju u sebe; ne \u010dekaju da ih otkriju, niti da ih puste da govore. Jasno je da im priliku ne\u0107e dati, uzimaju je same. Mu\u0161karci gun\u0111aju, ali ipak ti\u0161e.<\/p>\n<p>Naposljetku, ako ba\u0161 moraju, neka \u010duvaju svoje knji\u017eevne rovove i kanone, stvorit \u0107emo paralelne. Nekidan je, u svrhu ispravljanja nepravde, podijeljena i prva nagrada za knji\u017eevno stvarala\u0161tvo \u017eena (i mu\u0161karaca) na ovim prostorima, demokrati\u010dna i nenatjecateljska \u2013 &#8220;\u0160tefica Cvek&#8221;, nazvana prema kultnoj knjizi i liku. Iako sam srcem uz nagradu koja uzbudljivu i inovativnu marginu stavlja u zaslu\u017een fokus i sredi\u0161te, pozdravljam mogu\u0107nost da &#8220;\u0160tefice&#8221; postanu nov\u010dane upravo zbog slabijeg ekonomskog statusa ve\u0107ine autorica, a znamo da bez ekonomske neovisnosti nema ni rodne niti umjetni\u010dke.<\/p>\n<p>U trenutku zavr\u0161avanja ovog teksta, ba\u0161 vezano uz novac, u jeku je pi\u010dvajz nastao oko plagijata dizajna kovanica eura. Pa evo, imam prijedlog za ubudu\u0107e: stavite na kovanice i nov\u010danice lik neke \u017eene, njih na nov\u010danicama ima tako malo da je to zbilja nemogu\u0107e plagirati \u2013 u Hrvatskoj zasad nijedna.<\/p>\n<p><em>pi\u0161e Olja Savi\u010devi\u0107 Ivan\u010devi\u0107<\/em><\/p>\n","protected":false},"excerpt":{"rendered":"<p>Ako vam glazbenica, ilustratorica, spisateljica i novinarka tvrde da stvarni odnosi u hrvatskoj kulturi jako podsje\u0107aju na malomi\u0161\u0107anski boys club, takva, op\u0107i je konsenzus, zasigurno izmi\u0161lja<\/p>\n","protected":false},"featured_media":2576,"template":"","tags":[105],"atribut":[],"class_list":["post-1065","nada","type-nada","status-publish","has-post-thumbnail","hentry","tag-razum-i-osjecaji"],"acf":[],"yoast_head":"<!-- This site is optimized with the Yoast SEO plugin v27.4 - https:\/\/yoast.com\/product\/yoast-seo-wordpress\/ -->\n<title>Mu\u0161karci koji se boje \u017eena - SDF - Srpski demokratski forum<\/title>\n<meta name=\"robots\" content=\"index, follow, max-snippet:-1, max-image-preview:large, max-video-preview:-1\" \/>\n<link rel=\"canonical\" href=\"https:\/\/sdf.hr\/hr\/nada\/muskarci-koji-se-boje-zena\/\" \/>\n<meta property=\"og:locale\" content=\"hr_HR\" \/>\n<meta property=\"og:type\" content=\"article\" \/>\n<meta property=\"og:title\" content=\"Mu\u0161karci koji se boje \u017eena - SDF - Srpski demokratski forum\" \/>\n<meta property=\"og:description\" content=\"Ako vam glazbenica, ilustratorica, spisateljica i novinarka tvrde da stvarni odnosi u hrvatskoj kulturi jako podsje\u0107aju na malomi\u0161\u0107anski boys club, takva, op\u0107i je konsenzus, zasigurno izmi\u0161lja\" \/>\n<meta property=\"og:url\" content=\"https:\/\/sdf.hr\/hr\/nada\/muskarci-koji-se-boje-zena\/\" \/>\n<meta property=\"og:site_name\" content=\"SDF - Srpski demokratski forum\" \/>\n<meta property=\"article:modified_time\" content=\"2023-03-20T15:35:58+00:00\" \/>\n<meta property=\"og:image\" content=\"https:\/\/sdf.hr\/wp-content\/uploads\/2023\/01\/Olja.jpg\" \/>\n\t<meta property=\"og:image:width\" content=\"1200\" \/>\n\t<meta property=\"og:image:height\" content=\"750\" \/>\n\t<meta property=\"og:image:type\" content=\"image\/jpeg\" \/>\n<meta name=\"twitter:card\" content=\"summary_large_image\" \/>\n<meta name=\"twitter:label1\" content=\"Procijenjeno vrijeme \u010ditanja\" \/>\n\t<meta name=\"twitter:data1\" content=\"7 minuta\" \/>\n<script type=\"application\/ld+json\" class=\"yoast-schema-graph\">{\"@context\":\"https:\\\/\\\/schema.org\",\"@graph\":[{\"@type\":\"WebPage\",\"@id\":\"https:\\\/\\\/sdf.hr\\\/hr\\\/nada\\\/muskarci-koji-se-boje-zena\\\/\",\"url\":\"https:\\\/\\\/sdf.hr\\\/hr\\\/nada\\\/muskarci-koji-se-boje-zena\\\/\",\"name\":\"Mu\u0161karci koji se boje \u017eena - SDF - Srpski demokratski forum\",\"isPartOf\":{\"@id\":\"https:\\\/\\\/sdf.hr\\\/#website\"},\"primaryImageOfPage\":{\"@id\":\"https:\\\/\\\/sdf.hr\\\/hr\\\/nada\\\/muskarci-koji-se-boje-zena\\\/#primaryimage\"},\"image\":{\"@id\":\"https:\\\/\\\/sdf.hr\\\/hr\\\/nada\\\/muskarci-koji-se-boje-zena\\\/#primaryimage\"},\"thumbnailUrl\":\"https:\\\/\\\/sdf.hr\\\/wp-content\\\/uploads\\\/2023\\\/01\\\/Olja.jpg\",\"datePublished\":\"2022-09-03T14:10:34+00:00\",\"dateModified\":\"2023-03-20T15:35:58+00:00\",\"breadcrumb\":{\"@id\":\"https:\\\/\\\/sdf.hr\\\/hr\\\/nada\\\/muskarci-koji-se-boje-zena\\\/#breadcrumb\"},\"inLanguage\":\"hr\",\"potentialAction\":[{\"@type\":\"ReadAction\",\"target\":[\"https:\\\/\\\/sdf.hr\\\/hr\\\/nada\\\/muskarci-koji-se-boje-zena\\\/\"]}]},{\"@type\":\"ImageObject\",\"inLanguage\":\"hr\",\"@id\":\"https:\\\/\\\/sdf.hr\\\/hr\\\/nada\\\/muskarci-koji-se-boje-zena\\\/#primaryimage\",\"url\":\"https:\\\/\\\/sdf.hr\\\/wp-content\\\/uploads\\\/2023\\\/01\\\/Olja.jpg\",\"contentUrl\":\"https:\\\/\\\/sdf.hr\\\/wp-content\\\/uploads\\\/2023\\\/01\\\/Olja.jpg\",\"width\":1200,\"height\":750},{\"@type\":\"BreadcrumbList\",\"@id\":\"https:\\\/\\\/sdf.hr\\\/hr\\\/nada\\\/muskarci-koji-se-boje-zena\\\/#breadcrumb\",\"itemListElement\":[{\"@type\":\"ListItem\",\"position\":1,\"name\":\"Po\u010detna stranica\",\"item\":\"https:\\\/\\\/sdf.hr\\\/hr\\\/\"},{\"@type\":\"ListItem\",\"position\":2,\"name\":\"Nada\",\"item\":\"https:\\\/\\\/sdf.hr\\\/nada\\\/\"},{\"@type\":\"ListItem\",\"position\":3,\"name\":\"Mu\u0161karci koji se boje \u017eena\"}]},{\"@type\":\"WebSite\",\"@id\":\"https:\\\/\\\/sdf.hr\\\/#website\",\"url\":\"https:\\\/\\\/sdf.hr\\\/\",\"name\":\"SDF - Srpski demokratski forum\",\"description\":\"Srpski demokratski forum\",\"publisher\":{\"@id\":\"https:\\\/\\\/sdf.hr\\\/#organization\"},\"potentialAction\":[{\"@type\":\"SearchAction\",\"target\":{\"@type\":\"EntryPoint\",\"urlTemplate\":\"https:\\\/\\\/sdf.hr\\\/?s={search_term_string}\"},\"query-input\":{\"@type\":\"PropertyValueSpecification\",\"valueRequired\":true,\"valueName\":\"search_term_string\"}}],\"inLanguage\":\"hr\"},{\"@type\":\"Organization\",\"@id\":\"https:\\\/\\\/sdf.hr\\\/#organization\",\"name\":\"SDF - Srpski demokratski forum\",\"url\":\"https:\\\/\\\/sdf.hr\\\/\",\"logo\":{\"@type\":\"ImageObject\",\"inLanguage\":\"hr\",\"@id\":\"https:\\\/\\\/sdf.hr\\\/#\\\/schema\\\/logo\\\/image\\\/\",\"url\":\"https:\\\/\\\/sdf.hr\\\/wp-content\\\/uploads\\\/2021\\\/07\\\/logo-hr.svg\",\"contentUrl\":\"https:\\\/\\\/sdf.hr\\\/wp-content\\\/uploads\\\/2021\\\/07\\\/logo-hr.svg\",\"width\":271,\"height\":100,\"caption\":\"SDF - Srpski demokratski forum\"},\"image\":{\"@id\":\"https:\\\/\\\/sdf.hr\\\/#\\\/schema\\\/logo\\\/image\\\/\"}}]}<\/script>\n<!-- \/ Yoast SEO plugin. -->","yoast_head_json":{"title":"Mu\u0161karci koji se boje \u017eena - SDF - Srpski demokratski forum","robots":{"index":"index","follow":"follow","max-snippet":"max-snippet:-1","max-image-preview":"max-image-preview:large","max-video-preview":"max-video-preview:-1"},"canonical":"https:\/\/sdf.hr\/hr\/nada\/muskarci-koji-se-boje-zena\/","og_locale":"hr_HR","og_type":"article","og_title":"Mu\u0161karci koji se boje \u017eena - SDF - Srpski demokratski forum","og_description":"Ako vam glazbenica, ilustratorica, spisateljica i novinarka tvrde da stvarni odnosi u hrvatskoj kulturi jako podsje\u0107aju na malomi\u0161\u0107anski boys club, takva, op\u0107i je konsenzus, zasigurno izmi\u0161lja","og_url":"https:\/\/sdf.hr\/hr\/nada\/muskarci-koji-se-boje-zena\/","og_site_name":"SDF - Srpski demokratski forum","article_modified_time":"2023-03-20T15:35:58+00:00","og_image":[{"width":1200,"height":750,"url":"https:\/\/sdf.hr\/wp-content\/uploads\/2023\/01\/Olja.jpg","type":"image\/jpeg"}],"twitter_card":"summary_large_image","twitter_misc":{"Procijenjeno vrijeme \u010ditanja":"7 minuta"},"schema":{"@context":"https:\/\/schema.org","@graph":[{"@type":"WebPage","@id":"https:\/\/sdf.hr\/hr\/nada\/muskarci-koji-se-boje-zena\/","url":"https:\/\/sdf.hr\/hr\/nada\/muskarci-koji-se-boje-zena\/","name":"Mu\u0161karci koji se boje \u017eena - SDF - Srpski demokratski forum","isPartOf":{"@id":"https:\/\/sdf.hr\/#website"},"primaryImageOfPage":{"@id":"https:\/\/sdf.hr\/hr\/nada\/muskarci-koji-se-boje-zena\/#primaryimage"},"image":{"@id":"https:\/\/sdf.hr\/hr\/nada\/muskarci-koji-se-boje-zena\/#primaryimage"},"thumbnailUrl":"https:\/\/sdf.hr\/wp-content\/uploads\/2023\/01\/Olja.jpg","datePublished":"2022-09-03T14:10:34+00:00","dateModified":"2023-03-20T15:35:58+00:00","breadcrumb":{"@id":"https:\/\/sdf.hr\/hr\/nada\/muskarci-koji-se-boje-zena\/#breadcrumb"},"inLanguage":"hr","potentialAction":[{"@type":"ReadAction","target":["https:\/\/sdf.hr\/hr\/nada\/muskarci-koji-se-boje-zena\/"]}]},{"@type":"ImageObject","inLanguage":"hr","@id":"https:\/\/sdf.hr\/hr\/nada\/muskarci-koji-se-boje-zena\/#primaryimage","url":"https:\/\/sdf.hr\/wp-content\/uploads\/2023\/01\/Olja.jpg","contentUrl":"https:\/\/sdf.hr\/wp-content\/uploads\/2023\/01\/Olja.jpg","width":1200,"height":750},{"@type":"BreadcrumbList","@id":"https:\/\/sdf.hr\/hr\/nada\/muskarci-koji-se-boje-zena\/#breadcrumb","itemListElement":[{"@type":"ListItem","position":1,"name":"Po\u010detna stranica","item":"https:\/\/sdf.hr\/hr\/"},{"@type":"ListItem","position":2,"name":"Nada","item":"https:\/\/sdf.hr\/nada\/"},{"@type":"ListItem","position":3,"name":"Mu\u0161karci koji se boje \u017eena"}]},{"@type":"WebSite","@id":"https:\/\/sdf.hr\/#website","url":"https:\/\/sdf.hr\/","name":"SDF - Srpski demokratski forum","description":"Srpski demokratski forum","publisher":{"@id":"https:\/\/sdf.hr\/#organization"},"potentialAction":[{"@type":"SearchAction","target":{"@type":"EntryPoint","urlTemplate":"https:\/\/sdf.hr\/?s={search_term_string}"},"query-input":{"@type":"PropertyValueSpecification","valueRequired":true,"valueName":"search_term_string"}}],"inLanguage":"hr"},{"@type":"Organization","@id":"https:\/\/sdf.hr\/#organization","name":"SDF - Srpski demokratski forum","url":"https:\/\/sdf.hr\/","logo":{"@type":"ImageObject","inLanguage":"hr","@id":"https:\/\/sdf.hr\/#\/schema\/logo\/image\/","url":"https:\/\/sdf.hr\/wp-content\/uploads\/2021\/07\/logo-hr.svg","contentUrl":"https:\/\/sdf.hr\/wp-content\/uploads\/2021\/07\/logo-hr.svg","width":271,"height":100,"caption":"SDF - Srpski demokratski forum"},"image":{"@id":"https:\/\/sdf.hr\/#\/schema\/logo\/image\/"}}]}},"_links":{"self":[{"href":"https:\/\/sdf.hr\/hr\/wp-json\/wp\/v2\/nada\/1065","targetHints":{"allow":["GET"]}}],"collection":[{"href":"https:\/\/sdf.hr\/hr\/wp-json\/wp\/v2\/nada"}],"about":[{"href":"https:\/\/sdf.hr\/hr\/wp-json\/wp\/v2\/types\/nada"}],"wp:featuredmedia":[{"embeddable":true,"href":"https:\/\/sdf.hr\/hr\/wp-json\/wp\/v2\/media\/2576"}],"wp:attachment":[{"href":"https:\/\/sdf.hr\/hr\/wp-json\/wp\/v2\/media?parent=1065"}],"wp:term":[{"taxonomy":"post_tag","embeddable":true,"href":"https:\/\/sdf.hr\/hr\/wp-json\/wp\/v2\/tags?post=1065"},{"taxonomy":"atribut","embeddable":true,"href":"https:\/\/sdf.hr\/hr\/wp-json\/wp\/v2\/atribut?post=1065"}],"curies":[{"name":"wp","href":"https:\/\/api.w.org\/{rel}","templated":true}]}}