{"id":1071,"date":"2022-09-03T16:15:19","date_gmt":"2022-09-03T14:15:19","guid":{"rendered":"https:\/\/sdf.hr\/?post_type=nada&#038;p=1071"},"modified":"2023-03-20T16:29:07","modified_gmt":"2023-03-20T15:29:07","slug":"srce-ka-makina","status":"publish","type":"nada","link":"https:\/\/sdf.hr\/hr\/nada\/srce-ka-makina\/","title":{"rendered":"Srce ka makina"},"content":{"rendered":"<p>Kad se sitim Jazina, srce kuca ka makina, ka\u017ee u jednom intervjuu Maja Rak Vidakovi\u0107, ko\u0161arka\u0161ica koja je s \u010detrnaest godina postala prvotimka Zadra, u kojem je igrala 1980-ih. Legendarna dvorana Jazine otvorena je 19. velja\u010de 1968. utakmicom protiv Beograda. Iste su godine postavljeni semafor i sat, gostovao je madridski Real, realiziran je prvi sportski TV prijenos iz Zadra (prvi reporterski zadatak Borisa Muti\u0107a).<\/p>\n<p>Ovih dana Jazine ni\u017eu svoju pedeset i \u010detvrtu obljetnicu, ali ne\u0107emo ovdje ispisivati crticu o ludom ko\u0161arka\u0161kom Zadru za koji znaju svi. Red je da se ka\u017ee koja i o tome kako su \u010detiri kuta zadarske ko\u0161arka\u0161ke ku\u0107e oduvijek dr\u017eale (i) \u017eene, a taj je ku\u0107anski rad ostao i neuva\u017een i nepla\u0107en. U samim po\u010decima zadarske ko\u0161arke \u017eenska ekipa bila je uspje\u0161nija od mu\u0161ke \u2013 ko\u0161arka\u0161ice Zadra su 1947. bile druge u Jugoslaviji.<\/p>\n<p>O uvjetima igranja krajem 1960-ih, kada se ko\u0161arka ugnijezdila u Jazinama, u knjizi &#8220;Na drugi obru\u010d: Povijest \u017eenske ko\u0161arke u Zadru&#8221; govori igra\u010dica Ankica Mari\u0107 Bilan, poznata i pod nadimkom Garrincha: &#8220;Trener Zdrili\u0107 je iz Kidri\u010da (tvornice tekstila) donosio materijale od kojih smo \u0161ivale donji dio dresa. Pobrinuo se i za trenirke kojima smo se jako radovale. Mislim da je i njih rije\u0161io preko Kidri\u010da. Majice je bilo te\u0161ko sa\u0161iti pa smo dugo \u0161parale da bi ih mogle kupiti prije natjecanja. Bile smo u tom smislu sirotinjska ekipa. Zadar je morao imati \u017eenski sastav da bi igrao u Prvoj ligi i to je bio glavni razlog zbog kojeg su nas dr\u017eali u klubu. Obavezna oprema bili su nam konac i igla, za krpanje patika. I na pripreme mlade reprezentacije Jugoslavije u Beograd sam s patikama uzela iglu i konac. U klubu su se nadali da \u0107e mi tamo netko darovati nove patike, ali ni\u0161ta od toga.&#8221;<\/p>\n<p>Unato\u010d doslovnom krpanju kraja s krajem, Zadranke su 1971. u Splitu postale juniorske prvakinje Jugoslavije. Na putu do titule pobijedile su Bosnu, Vo\u017edovac, Industromonta\u017eu, Radni\u010dki i Topol\u010danku. &#8220;Bile smo potpune autsajderice. Uh, kad se sjetim prve utakmice protiv Bosne. Na\u0161 prvi napad i ja postignem auto-ko\u0161. Prvi i jedini u karijeri&#8221;, prisje\u0107a se u knjizi Marijana Bu\u0161ljeta, koja je zbog sjajne igre dobila poziv u juniorsku reprezentaciju Jugoslavije.<\/p>\n<p>&#8220;U Split smo oti\u0161le bez pola trenirki, bez opreme, bez ispra\u0107aja. Isklju\u010diva pa\u017enja posve\u0107uje se mu\u0161koj ekipi. Nas kao da nema. Obe\u0107ali su nam ve\u0107u brigu. Mo\u017eda \u0107e ih prvo mjesto natjerati da nas &#8216;usvoje'&#8221;, komentirao je trener Lucijano Val\u010di\u0107 za Sportske novosti nakon prvenstva. Iste su godine ko\u0161arka\u0161ice Zadra u\u0161le u Prvu ligu, a krajem iste postale i prvakinje Hrvatske. U Jazinama se tada u visine vinula Vanja Paleka, prva \u017eena u Zadru koja je zakucavala. Nakon tri sezone ko\u0161arka\u0161ice Zadra ispadaju iz Prve lige, a ko\u0161arka\u0161i Zadra osvajaju titulu najbolje mom\u010dadi Jugoslavije.<\/p>\n<p>&#8220;\u017denski je sport, koji ina\u010de te\u0161ko posti\u017ee kvalitet, naj\u010de\u0161\u0107e zbog nedovoljnih i lo\u0161ih uvjeta u kojima se radi, izgubio kvalitetnog protagonista jedne lijepe sportske pri\u010de. Ovo je povla\u010denje \u017eenske ko\u0161arke sa scene pro\u0161lo bezbolno, odgovorni ljudi u KK Zadar lagano su od &#8216;\u017eenskih digli ruke&#8217;, o\u010dito ne razmi\u0161ljaju\u0107i puno i ne razbijaju\u0107i glavu. Interes za \u017eensku ko\u0161arku me\u0111u srednjo\u0161kolskom je omladinom iz dana u dan sve vidniji. One sigurno jo\u0161 trebaju u\u010diti, ali \u0161ansa je tu i ako je ne iskoriste, bit \u0107e \u0161teta. Kod nas je ve\u0107 postala tradicija, \u0161to je iz osnove pogre\u0161no, da se na nekog obrati pa\u017enja tek nakon \u0161to je postigao uspjeh&#8221;, pi\u0161e &#8220;pozdravnu notu&#8221; 1975. Milan Komazec u Narodnom listu.<\/p>\n<p><em>pi\u0161e Ivana Peri\u0107<\/em><\/p>\n","protected":false},"excerpt":{"rendered":"<p>Red je da se ka\u017ee koja o tome kako su \u010detiri kuta zadarske ko\u0161arka\u0161ke ku\u0107e oduvijek dr\u017eale (i) \u017eene, a taj je rad ostao i neuva\u017een i nepla\u0107en. U samim po\u010decima zadarske ko\u0161arke \u017eenska ekipa bila je uspje\u0161nija od mu\u0161ke \u2013 ko\u0161arka\u0161ice Zadra su 1947. bile druge u Jugoslaviji<\/p>\n","protected":false},"featured_media":2918,"template":"","tags":[40],"atribut":[],"class_list":["post-1071","nada","type-nada","status-publish","has-post-thumbnail","hentry","tag-dvokorak-naprijed"],"acf":[],"yoast_head":"<!-- This site is optimized with the Yoast SEO plugin v27.4 - https:\/\/yoast.com\/product\/yoast-seo-wordpress\/ -->\n<title>Srce ka makina - SDF - Srpski demokratski forum<\/title>\n<meta name=\"robots\" content=\"index, follow, max-snippet:-1, max-image-preview:large, max-video-preview:-1\" \/>\n<link rel=\"canonical\" href=\"https:\/\/sdf.hr\/hr\/nada\/srce-ka-makina\/\" \/>\n<meta property=\"og:locale\" content=\"hr_HR\" \/>\n<meta property=\"og:type\" content=\"article\" \/>\n<meta property=\"og:title\" content=\"Srce ka makina - SDF - Srpski demokratski forum\" \/>\n<meta property=\"og:description\" content=\"Red je da se ka\u017ee koja o tome kako su \u010detiri kuta zadarske ko\u0161arka\u0161ke ku\u0107e oduvijek dr\u017eale (i) \u017eene, a taj je rad ostao i neuva\u017een i nepla\u0107en. U samim po\u010decima zadarske ko\u0161arke \u017eenska ekipa bila je uspje\u0161nija od mu\u0161ke \u2013 ko\u0161arka\u0161ice Zadra su 1947. bile druge u Jugoslaviji\" \/>\n<meta property=\"og:url\" content=\"https:\/\/sdf.hr\/hr\/nada\/srce-ka-makina\/\" \/>\n<meta property=\"og:site_name\" content=\"SDF - Srpski demokratski forum\" \/>\n<meta property=\"article:modified_time\" content=\"2023-03-20T15:29:07+00:00\" \/>\n<meta property=\"og:image\" content=\"https:\/\/sdf.hr\/wp-content\/uploads\/2022\/09\/Zadar-1-scaled.jpg\" \/>\n\t<meta property=\"og:image:width\" content=\"2560\" \/>\n\t<meta property=\"og:image:height\" content=\"1920\" \/>\n\t<meta property=\"og:image:type\" content=\"image\/jpeg\" \/>\n<meta name=\"twitter:card\" content=\"summary_large_image\" \/>\n<meta name=\"twitter:label1\" content=\"Procijenjeno vrijeme \u010ditanja\" \/>\n\t<meta name=\"twitter:data1\" content=\"3 minute\" \/>\n<script type=\"application\/ld+json\" class=\"yoast-schema-graph\">{\"@context\":\"https:\\\/\\\/schema.org\",\"@graph\":[{\"@type\":\"WebPage\",\"@id\":\"https:\\\/\\\/sdf.hr\\\/hr\\\/nada\\\/srce-ka-makina\\\/\",\"url\":\"https:\\\/\\\/sdf.hr\\\/hr\\\/nada\\\/srce-ka-makina\\\/\",\"name\":\"Srce ka makina - SDF - Srpski demokratski forum\",\"isPartOf\":{\"@id\":\"https:\\\/\\\/sdf.hr\\\/#website\"},\"primaryImageOfPage\":{\"@id\":\"https:\\\/\\\/sdf.hr\\\/hr\\\/nada\\\/srce-ka-makina\\\/#primaryimage\"},\"image\":{\"@id\":\"https:\\\/\\\/sdf.hr\\\/hr\\\/nada\\\/srce-ka-makina\\\/#primaryimage\"},\"thumbnailUrl\":\"https:\\\/\\\/sdf.hr\\\/wp-content\\\/uploads\\\/2022\\\/09\\\/Zadar-1-scaled.jpg\",\"datePublished\":\"2022-09-03T14:15:19+00:00\",\"dateModified\":\"2023-03-20T15:29:07+00:00\",\"breadcrumb\":{\"@id\":\"https:\\\/\\\/sdf.hr\\\/hr\\\/nada\\\/srce-ka-makina\\\/#breadcrumb\"},\"inLanguage\":\"hr\",\"potentialAction\":[{\"@type\":\"ReadAction\",\"target\":[\"https:\\\/\\\/sdf.hr\\\/hr\\\/nada\\\/srce-ka-makina\\\/\"]}]},{\"@type\":\"ImageObject\",\"inLanguage\":\"hr\",\"@id\":\"https:\\\/\\\/sdf.hr\\\/hr\\\/nada\\\/srce-ka-makina\\\/#primaryimage\",\"url\":\"https:\\\/\\\/sdf.hr\\\/wp-content\\\/uploads\\\/2022\\\/09\\\/Zadar-1-scaled.jpg\",\"contentUrl\":\"https:\\\/\\\/sdf.hr\\\/wp-content\\\/uploads\\\/2022\\\/09\\\/Zadar-1-scaled.jpg\",\"width\":2560,\"height\":1920,\"caption\":\"Juniorke Zadra u sije\u010dnju 1972. (Foto: Iz knjige \\\"Na drugi obru\u010d\\\")\"},{\"@type\":\"BreadcrumbList\",\"@id\":\"https:\\\/\\\/sdf.hr\\\/hr\\\/nada\\\/srce-ka-makina\\\/#breadcrumb\",\"itemListElement\":[{\"@type\":\"ListItem\",\"position\":1,\"name\":\"Po\u010detna stranica\",\"item\":\"https:\\\/\\\/sdf.hr\\\/hr\\\/\"},{\"@type\":\"ListItem\",\"position\":2,\"name\":\"Nada\",\"item\":\"https:\\\/\\\/sdf.hr\\\/nada\\\/\"},{\"@type\":\"ListItem\",\"position\":3,\"name\":\"Srce ka makina\"}]},{\"@type\":\"WebSite\",\"@id\":\"https:\\\/\\\/sdf.hr\\\/#website\",\"url\":\"https:\\\/\\\/sdf.hr\\\/\",\"name\":\"SDF - Srpski demokratski forum\",\"description\":\"Srpski demokratski forum\",\"publisher\":{\"@id\":\"https:\\\/\\\/sdf.hr\\\/#organization\"},\"potentialAction\":[{\"@type\":\"SearchAction\",\"target\":{\"@type\":\"EntryPoint\",\"urlTemplate\":\"https:\\\/\\\/sdf.hr\\\/?s={search_term_string}\"},\"query-input\":{\"@type\":\"PropertyValueSpecification\",\"valueRequired\":true,\"valueName\":\"search_term_string\"}}],\"inLanguage\":\"hr\"},{\"@type\":\"Organization\",\"@id\":\"https:\\\/\\\/sdf.hr\\\/#organization\",\"name\":\"SDF - Srpski demokratski forum\",\"url\":\"https:\\\/\\\/sdf.hr\\\/\",\"logo\":{\"@type\":\"ImageObject\",\"inLanguage\":\"hr\",\"@id\":\"https:\\\/\\\/sdf.hr\\\/#\\\/schema\\\/logo\\\/image\\\/\",\"url\":\"https:\\\/\\\/sdf.hr\\\/wp-content\\\/uploads\\\/2021\\\/07\\\/logo-hr.svg\",\"contentUrl\":\"https:\\\/\\\/sdf.hr\\\/wp-content\\\/uploads\\\/2021\\\/07\\\/logo-hr.svg\",\"width\":271,\"height\":100,\"caption\":\"SDF - Srpski demokratski forum\"},\"image\":{\"@id\":\"https:\\\/\\\/sdf.hr\\\/#\\\/schema\\\/logo\\\/image\\\/\"}}]}<\/script>\n<!-- \/ Yoast SEO plugin. -->","yoast_head_json":{"title":"Srce ka makina - SDF - Srpski demokratski forum","robots":{"index":"index","follow":"follow","max-snippet":"max-snippet:-1","max-image-preview":"max-image-preview:large","max-video-preview":"max-video-preview:-1"},"canonical":"https:\/\/sdf.hr\/hr\/nada\/srce-ka-makina\/","og_locale":"hr_HR","og_type":"article","og_title":"Srce ka makina - SDF - Srpski demokratski forum","og_description":"Red je da se ka\u017ee koja o tome kako su \u010detiri kuta zadarske ko\u0161arka\u0161ke ku\u0107e oduvijek dr\u017eale (i) \u017eene, a taj je rad ostao i neuva\u017een i nepla\u0107en. U samim po\u010decima zadarske ko\u0161arke \u017eenska ekipa bila je uspje\u0161nija od mu\u0161ke \u2013 ko\u0161arka\u0161ice Zadra su 1947. bile druge u Jugoslaviji","og_url":"https:\/\/sdf.hr\/hr\/nada\/srce-ka-makina\/","og_site_name":"SDF - Srpski demokratski forum","article_modified_time":"2023-03-20T15:29:07+00:00","og_image":[{"width":2560,"height":1920,"url":"https:\/\/sdf.hr\/wp-content\/uploads\/2022\/09\/Zadar-1-scaled.jpg","type":"image\/jpeg"}],"twitter_card":"summary_large_image","twitter_misc":{"Procijenjeno vrijeme \u010ditanja":"3 minute"},"schema":{"@context":"https:\/\/schema.org","@graph":[{"@type":"WebPage","@id":"https:\/\/sdf.hr\/hr\/nada\/srce-ka-makina\/","url":"https:\/\/sdf.hr\/hr\/nada\/srce-ka-makina\/","name":"Srce ka makina - SDF - Srpski demokratski forum","isPartOf":{"@id":"https:\/\/sdf.hr\/#website"},"primaryImageOfPage":{"@id":"https:\/\/sdf.hr\/hr\/nada\/srce-ka-makina\/#primaryimage"},"image":{"@id":"https:\/\/sdf.hr\/hr\/nada\/srce-ka-makina\/#primaryimage"},"thumbnailUrl":"https:\/\/sdf.hr\/wp-content\/uploads\/2022\/09\/Zadar-1-scaled.jpg","datePublished":"2022-09-03T14:15:19+00:00","dateModified":"2023-03-20T15:29:07+00:00","breadcrumb":{"@id":"https:\/\/sdf.hr\/hr\/nada\/srce-ka-makina\/#breadcrumb"},"inLanguage":"hr","potentialAction":[{"@type":"ReadAction","target":["https:\/\/sdf.hr\/hr\/nada\/srce-ka-makina\/"]}]},{"@type":"ImageObject","inLanguage":"hr","@id":"https:\/\/sdf.hr\/hr\/nada\/srce-ka-makina\/#primaryimage","url":"https:\/\/sdf.hr\/wp-content\/uploads\/2022\/09\/Zadar-1-scaled.jpg","contentUrl":"https:\/\/sdf.hr\/wp-content\/uploads\/2022\/09\/Zadar-1-scaled.jpg","width":2560,"height":1920,"caption":"Juniorke Zadra u sije\u010dnju 1972. (Foto: Iz knjige \"Na drugi obru\u010d\")"},{"@type":"BreadcrumbList","@id":"https:\/\/sdf.hr\/hr\/nada\/srce-ka-makina\/#breadcrumb","itemListElement":[{"@type":"ListItem","position":1,"name":"Po\u010detna stranica","item":"https:\/\/sdf.hr\/hr\/"},{"@type":"ListItem","position":2,"name":"Nada","item":"https:\/\/sdf.hr\/nada\/"},{"@type":"ListItem","position":3,"name":"Srce ka makina"}]},{"@type":"WebSite","@id":"https:\/\/sdf.hr\/#website","url":"https:\/\/sdf.hr\/","name":"SDF - Srpski demokratski forum","description":"Srpski demokratski forum","publisher":{"@id":"https:\/\/sdf.hr\/#organization"},"potentialAction":[{"@type":"SearchAction","target":{"@type":"EntryPoint","urlTemplate":"https:\/\/sdf.hr\/?s={search_term_string}"},"query-input":{"@type":"PropertyValueSpecification","valueRequired":true,"valueName":"search_term_string"}}],"inLanguage":"hr"},{"@type":"Organization","@id":"https:\/\/sdf.hr\/#organization","name":"SDF - Srpski demokratski forum","url":"https:\/\/sdf.hr\/","logo":{"@type":"ImageObject","inLanguage":"hr","@id":"https:\/\/sdf.hr\/#\/schema\/logo\/image\/","url":"https:\/\/sdf.hr\/wp-content\/uploads\/2021\/07\/logo-hr.svg","contentUrl":"https:\/\/sdf.hr\/wp-content\/uploads\/2021\/07\/logo-hr.svg","width":271,"height":100,"caption":"SDF - Srpski demokratski forum"},"image":{"@id":"https:\/\/sdf.hr\/#\/schema\/logo\/image\/"}}]}},"_links":{"self":[{"href":"https:\/\/sdf.hr\/hr\/wp-json\/wp\/v2\/nada\/1071","targetHints":{"allow":["GET"]}}],"collection":[{"href":"https:\/\/sdf.hr\/hr\/wp-json\/wp\/v2\/nada"}],"about":[{"href":"https:\/\/sdf.hr\/hr\/wp-json\/wp\/v2\/types\/nada"}],"wp:featuredmedia":[{"embeddable":true,"href":"https:\/\/sdf.hr\/hr\/wp-json\/wp\/v2\/media\/2918"}],"wp:attachment":[{"href":"https:\/\/sdf.hr\/hr\/wp-json\/wp\/v2\/media?parent=1071"}],"wp:term":[{"taxonomy":"post_tag","embeddable":true,"href":"https:\/\/sdf.hr\/hr\/wp-json\/wp\/v2\/tags?post=1071"},{"taxonomy":"atribut","embeddable":true,"href":"https:\/\/sdf.hr\/hr\/wp-json\/wp\/v2\/atribut?post=1071"}],"curies":[{"name":"wp","href":"https:\/\/api.w.org\/{rel}","templated":true}]}}