{"id":1078,"date":"2022-09-03T16:20:16","date_gmt":"2022-09-03T14:20:16","guid":{"rendered":"https:\/\/sdf.hr\/?post_type=nada&#038;p=1078"},"modified":"2023-03-20T16:26:27","modified_gmt":"2023-03-20T15:26:27","slug":"przene-sljive","status":"publish","type":"nada","link":"https:\/\/sdf.hr\/hr\/nada\/przene-sljive\/","title":{"rendered":"Pr\u017eene \u0161ljive"},"content":{"rendered":"<p>Jedan od prvih recepata koji sam po\u017eeljela isprobati iz stare, rukom pisane bilje\u017enice bio je upravo ovaj. Privukao me jer je zapisan na papiru koji je umetnut izme\u0111u ostalih stranica i izgledom, rekla bih, stariji od ostalih. Papir na kojem je zapisan je \u017eut, iskrzanih rubova od kori\u0161tenja i listanja, a rukopis je prekrasan. Pr\u017eene \u0161ljive su na oko jednostavno i po ni\u010demu posebno, ali ipak druga\u010dije i neo\u010dekivano ukusno slatko jelo. Priprema se sa su\u0161enim \u0161ljivama koje se napune oguljenim bademima. Sama priprema ima dvije etape jer najprije treba pripremiti bademe, ali neka vas to ne obeshrabri jer vam ne\u0107e oduzeti puno vremena, a razveselit \u0107ete nepce ovim slatkim jelom. Ako ste ljubitelji zimskih okusa poput fritula, kro\u0161tula ili kompota od \u0161ljiva, ovo je pravi recept za vas.<\/p>\n<p>Okus ovih pr\u017eenih \u0161ljiva je kao da jedete fritule punjene pekmezom ili kombinaciju fritule i knedle sa \u0161ljivama. Badem unutar \u0161ljive daje dozu hrskavosti, a cimet sjajno nadopunjuje ovu kombinaciju. Bademe je potrebno oguliti, a to \u0107ete najlak\u0161e napraviti tako da ih kratko prokuhate u vodi (dovoljno je par minuta) pa ih ocijedite i nakratko potopite u hladnu vodu. Opna \u0107e se namre\u0161kati i lagano \u0107ete ih oguliti. Ukoliko vam ostane oguljenih badema, osu\u0161ite ih i mo\u017eete ih koristiti u kola\u010dima.<\/p>\n<p>U originalnom receptu doma\u0107ica je navela da se na isti na\u010din pripremaju i suhe marelice, samo se moraju po\u0161e\u0107eriti.<\/p>\n<p><strong><em>Sastojci za pr\u017eene \u0161ljive<\/em><\/strong><\/p>\n<p>500 g suhih \u0161ljiva<br \/>\n50 g badema (potrebno ih je prokuhati i oguliti)<br \/>\n125 ml mlijeka<br \/>\n90 g bra\u0161na (stavila sam glatko)<br \/>\n1 jaje<br \/>\n1 \u017elica ruma<br \/>\nprstohvat soli<br \/>\nulje (za pr\u017eenje)<br \/>\n\u0161e\u0107er u prahu (za posipanje)<br \/>\nmljeveni cimet (za posipanje)<\/p>\n<p><strong><em>Priprema<\/em><\/strong><\/p>\n<p>Najprije pripremite bademe kako sam ve\u0107 opisala. Potreban vam je jedan badem za jednu \u0161ljivu. Suhe \u0161ljive nisam kuhala jer su bile ba\u0161 meke i so\u010dne. Ukoliko su vam vi\u0161e suhe i tvrde, kratko ih prokuhajte da malo omek\u0161aju. U svaku \u0161ljivu utisnite po jedan oguljeni badem.<\/p>\n<p>Od bra\u0161na, mlijeka, jaja, ruma i malo soli pripremite teku\u0107e tijesto sli\u010dno onome za pala\u010dinke, samo gu\u0161\u0107e.<\/p>\n<p>U dublju posudu ulijte ulje za pr\u017eenje (kao kada radite fritule). Svaku \u0161ljivu uvaljajte u smjesu i spustite u vru\u0107e ulje. Kada porumene, \u0161ljive su gotove. Izvadite ih \u0161upljom \u017elicom i stavite na ubrus da upije vi\u0161ak masno\u0107e. Pospite ih \u0161e\u0107erom u prahu i cimetom. I u\u017eivajte!<\/p>\n<p>Dobar tek!<\/p>\n<p><em>pi\u0161e Valentina Vukadinovi\u0107<\/em><\/p>\n","protected":false},"excerpt":{"rendered":"<p>Pr\u017eene \u0161ljive su na oko jednostavno i po ni\u010demu posebno, ali ipak druga\u010dije i neo\u010dekivano ukusno slatko jelo. Priprema se sa su\u0161enim \u0161ljivama koje se napune oguljenim bademima<\/p>\n","protected":false},"featured_media":2915,"template":"","tags":[42],"atribut":[],"class_list":["post-1078","nada","type-nada","status-publish","has-post-thumbnail","hentry","tag-gorski-kotao"],"acf":[],"yoast_head":"<!-- This site is optimized with the Yoast SEO plugin v27.4 - https:\/\/yoast.com\/product\/yoast-seo-wordpress\/ -->\n<title>Pr\u017eene \u0161ljive - SDF - Srpski demokratski forum<\/title>\n<meta name=\"robots\" content=\"index, follow, max-snippet:-1, max-image-preview:large, max-video-preview:-1\" \/>\n<link rel=\"canonical\" href=\"https:\/\/sdf.hr\/hr\/nada\/przene-sljive\/\" \/>\n<meta property=\"og:locale\" content=\"hr_HR\" \/>\n<meta property=\"og:type\" content=\"article\" \/>\n<meta property=\"og:title\" content=\"Pr\u017eene \u0161ljive - SDF - Srpski demokratski forum\" \/>\n<meta property=\"og:description\" content=\"Pr\u017eene \u0161ljive su na oko jednostavno i po ni\u010demu posebno, ali ipak druga\u010dije i neo\u010dekivano ukusno slatko jelo. Priprema se sa su\u0161enim \u0161ljivama koje se napune oguljenim bademima\" \/>\n<meta property=\"og:url\" content=\"https:\/\/sdf.hr\/hr\/nada\/przene-sljive\/\" \/>\n<meta property=\"og:site_name\" content=\"SDF - Srpski demokratski forum\" \/>\n<meta property=\"article:modified_time\" content=\"2023-03-20T15:26:27+00:00\" \/>\n<meta property=\"og:image\" content=\"https:\/\/sdf.hr\/wp-content\/uploads\/2022\/09\/Sljiva-2-scaled.jpeg\" \/>\n\t<meta property=\"og:image:width\" content=\"2560\" \/>\n\t<meta property=\"og:image:height\" content=\"1244\" \/>\n\t<meta property=\"og:image:type\" content=\"image\/jpeg\" \/>\n<meta name=\"twitter:card\" content=\"summary_large_image\" \/>\n<meta name=\"twitter:label1\" content=\"Procijenjeno vrijeme \u010ditanja\" \/>\n\t<meta name=\"twitter:data1\" content=\"2 minute\" \/>\n<script type=\"application\/ld+json\" class=\"yoast-schema-graph\">{\"@context\":\"https:\\\/\\\/schema.org\",\"@graph\":[{\"@type\":\"WebPage\",\"@id\":\"https:\\\/\\\/sdf.hr\\\/hr\\\/nada\\\/przene-sljive\\\/\",\"url\":\"https:\\\/\\\/sdf.hr\\\/hr\\\/nada\\\/przene-sljive\\\/\",\"name\":\"Pr\u017eene \u0161ljive - SDF - Srpski demokratski forum\",\"isPartOf\":{\"@id\":\"https:\\\/\\\/sdf.hr\\\/#website\"},\"primaryImageOfPage\":{\"@id\":\"https:\\\/\\\/sdf.hr\\\/hr\\\/nada\\\/przene-sljive\\\/#primaryimage\"},\"image\":{\"@id\":\"https:\\\/\\\/sdf.hr\\\/hr\\\/nada\\\/przene-sljive\\\/#primaryimage\"},\"thumbnailUrl\":\"https:\\\/\\\/sdf.hr\\\/wp-content\\\/uploads\\\/2022\\\/09\\\/Sljiva-2-scaled.jpeg\",\"datePublished\":\"2022-09-03T14:20:16+00:00\",\"dateModified\":\"2023-03-20T15:26:27+00:00\",\"breadcrumb\":{\"@id\":\"https:\\\/\\\/sdf.hr\\\/hr\\\/nada\\\/przene-sljive\\\/#breadcrumb\"},\"inLanguage\":\"hr\",\"potentialAction\":[{\"@type\":\"ReadAction\",\"target\":[\"https:\\\/\\\/sdf.hr\\\/hr\\\/nada\\\/przene-sljive\\\/\"]}]},{\"@type\":\"ImageObject\",\"inLanguage\":\"hr\",\"@id\":\"https:\\\/\\\/sdf.hr\\\/hr\\\/nada\\\/przene-sljive\\\/#primaryimage\",\"url\":\"https:\\\/\\\/sdf.hr\\\/wp-content\\\/uploads\\\/2022\\\/09\\\/Sljiva-2-scaled.jpeg\",\"contentUrl\":\"https:\\\/\\\/sdf.hr\\\/wp-content\\\/uploads\\\/2022\\\/09\\\/Sljiva-2-scaled.jpeg\",\"width\":2560,\"height\":1244},{\"@type\":\"BreadcrumbList\",\"@id\":\"https:\\\/\\\/sdf.hr\\\/hr\\\/nada\\\/przene-sljive\\\/#breadcrumb\",\"itemListElement\":[{\"@type\":\"ListItem\",\"position\":1,\"name\":\"Po\u010detna stranica\",\"item\":\"https:\\\/\\\/sdf.hr\\\/hr\\\/\"},{\"@type\":\"ListItem\",\"position\":2,\"name\":\"Nada\",\"item\":\"https:\\\/\\\/sdf.hr\\\/nada\\\/\"},{\"@type\":\"ListItem\",\"position\":3,\"name\":\"Pr\u017eene \u0161ljive\"}]},{\"@type\":\"WebSite\",\"@id\":\"https:\\\/\\\/sdf.hr\\\/#website\",\"url\":\"https:\\\/\\\/sdf.hr\\\/\",\"name\":\"SDF - Srpski demokratski forum\",\"description\":\"Srpski demokratski forum\",\"publisher\":{\"@id\":\"https:\\\/\\\/sdf.hr\\\/#organization\"},\"potentialAction\":[{\"@type\":\"SearchAction\",\"target\":{\"@type\":\"EntryPoint\",\"urlTemplate\":\"https:\\\/\\\/sdf.hr\\\/?s={search_term_string}\"},\"query-input\":{\"@type\":\"PropertyValueSpecification\",\"valueRequired\":true,\"valueName\":\"search_term_string\"}}],\"inLanguage\":\"hr\"},{\"@type\":\"Organization\",\"@id\":\"https:\\\/\\\/sdf.hr\\\/#organization\",\"name\":\"SDF - Srpski demokratski forum\",\"url\":\"https:\\\/\\\/sdf.hr\\\/\",\"logo\":{\"@type\":\"ImageObject\",\"inLanguage\":\"hr\",\"@id\":\"https:\\\/\\\/sdf.hr\\\/#\\\/schema\\\/logo\\\/image\\\/\",\"url\":\"https:\\\/\\\/sdf.hr\\\/wp-content\\\/uploads\\\/2021\\\/07\\\/logo-hr.svg\",\"contentUrl\":\"https:\\\/\\\/sdf.hr\\\/wp-content\\\/uploads\\\/2021\\\/07\\\/logo-hr.svg\",\"width\":271,\"height\":100,\"caption\":\"SDF - Srpski demokratski forum\"},\"image\":{\"@id\":\"https:\\\/\\\/sdf.hr\\\/#\\\/schema\\\/logo\\\/image\\\/\"}}]}<\/script>\n<!-- \/ Yoast SEO plugin. -->","yoast_head_json":{"title":"Pr\u017eene \u0161ljive - SDF - Srpski demokratski forum","robots":{"index":"index","follow":"follow","max-snippet":"max-snippet:-1","max-image-preview":"max-image-preview:large","max-video-preview":"max-video-preview:-1"},"canonical":"https:\/\/sdf.hr\/hr\/nada\/przene-sljive\/","og_locale":"hr_HR","og_type":"article","og_title":"Pr\u017eene \u0161ljive - SDF - Srpski demokratski forum","og_description":"Pr\u017eene \u0161ljive su na oko jednostavno i po ni\u010demu posebno, ali ipak druga\u010dije i neo\u010dekivano ukusno slatko jelo. Priprema se sa su\u0161enim \u0161ljivama koje se napune oguljenim bademima","og_url":"https:\/\/sdf.hr\/hr\/nada\/przene-sljive\/","og_site_name":"SDF - Srpski demokratski forum","article_modified_time":"2023-03-20T15:26:27+00:00","og_image":[{"width":2560,"height":1244,"url":"https:\/\/sdf.hr\/wp-content\/uploads\/2022\/09\/Sljiva-2-scaled.jpeg","type":"image\/jpeg"}],"twitter_card":"summary_large_image","twitter_misc":{"Procijenjeno vrijeme \u010ditanja":"2 minute"},"schema":{"@context":"https:\/\/schema.org","@graph":[{"@type":"WebPage","@id":"https:\/\/sdf.hr\/hr\/nada\/przene-sljive\/","url":"https:\/\/sdf.hr\/hr\/nada\/przene-sljive\/","name":"Pr\u017eene \u0161ljive - SDF - Srpski demokratski forum","isPartOf":{"@id":"https:\/\/sdf.hr\/#website"},"primaryImageOfPage":{"@id":"https:\/\/sdf.hr\/hr\/nada\/przene-sljive\/#primaryimage"},"image":{"@id":"https:\/\/sdf.hr\/hr\/nada\/przene-sljive\/#primaryimage"},"thumbnailUrl":"https:\/\/sdf.hr\/wp-content\/uploads\/2022\/09\/Sljiva-2-scaled.jpeg","datePublished":"2022-09-03T14:20:16+00:00","dateModified":"2023-03-20T15:26:27+00:00","breadcrumb":{"@id":"https:\/\/sdf.hr\/hr\/nada\/przene-sljive\/#breadcrumb"},"inLanguage":"hr","potentialAction":[{"@type":"ReadAction","target":["https:\/\/sdf.hr\/hr\/nada\/przene-sljive\/"]}]},{"@type":"ImageObject","inLanguage":"hr","@id":"https:\/\/sdf.hr\/hr\/nada\/przene-sljive\/#primaryimage","url":"https:\/\/sdf.hr\/wp-content\/uploads\/2022\/09\/Sljiva-2-scaled.jpeg","contentUrl":"https:\/\/sdf.hr\/wp-content\/uploads\/2022\/09\/Sljiva-2-scaled.jpeg","width":2560,"height":1244},{"@type":"BreadcrumbList","@id":"https:\/\/sdf.hr\/hr\/nada\/przene-sljive\/#breadcrumb","itemListElement":[{"@type":"ListItem","position":1,"name":"Po\u010detna stranica","item":"https:\/\/sdf.hr\/hr\/"},{"@type":"ListItem","position":2,"name":"Nada","item":"https:\/\/sdf.hr\/nada\/"},{"@type":"ListItem","position":3,"name":"Pr\u017eene \u0161ljive"}]},{"@type":"WebSite","@id":"https:\/\/sdf.hr\/#website","url":"https:\/\/sdf.hr\/","name":"SDF - Srpski demokratski forum","description":"Srpski demokratski forum","publisher":{"@id":"https:\/\/sdf.hr\/#organization"},"potentialAction":[{"@type":"SearchAction","target":{"@type":"EntryPoint","urlTemplate":"https:\/\/sdf.hr\/?s={search_term_string}"},"query-input":{"@type":"PropertyValueSpecification","valueRequired":true,"valueName":"search_term_string"}}],"inLanguage":"hr"},{"@type":"Organization","@id":"https:\/\/sdf.hr\/#organization","name":"SDF - Srpski demokratski forum","url":"https:\/\/sdf.hr\/","logo":{"@type":"ImageObject","inLanguage":"hr","@id":"https:\/\/sdf.hr\/#\/schema\/logo\/image\/","url":"https:\/\/sdf.hr\/wp-content\/uploads\/2021\/07\/logo-hr.svg","contentUrl":"https:\/\/sdf.hr\/wp-content\/uploads\/2021\/07\/logo-hr.svg","width":271,"height":100,"caption":"SDF - Srpski demokratski forum"},"image":{"@id":"https:\/\/sdf.hr\/#\/schema\/logo\/image\/"}}]}},"_links":{"self":[{"href":"https:\/\/sdf.hr\/hr\/wp-json\/wp\/v2\/nada\/1078","targetHints":{"allow":["GET"]}}],"collection":[{"href":"https:\/\/sdf.hr\/hr\/wp-json\/wp\/v2\/nada"}],"about":[{"href":"https:\/\/sdf.hr\/hr\/wp-json\/wp\/v2\/types\/nada"}],"wp:featuredmedia":[{"embeddable":true,"href":"https:\/\/sdf.hr\/hr\/wp-json\/wp\/v2\/media\/2915"}],"wp:attachment":[{"href":"https:\/\/sdf.hr\/hr\/wp-json\/wp\/v2\/media?parent=1078"}],"wp:term":[{"taxonomy":"post_tag","embeddable":true,"href":"https:\/\/sdf.hr\/hr\/wp-json\/wp\/v2\/tags?post=1078"},{"taxonomy":"atribut","embeddable":true,"href":"https:\/\/sdf.hr\/hr\/wp-json\/wp\/v2\/atribut?post=1078"}],"curies":[{"name":"wp","href":"https:\/\/api.w.org\/{rel}","templated":true}]}}