{"id":1083,"date":"2022-09-03T16:38:34","date_gmt":"2022-09-03T14:38:34","guid":{"rendered":"https:\/\/sdf.hr\/?post_type=nada&#038;p=1083"},"modified":"2023-03-20T16:32:04","modified_gmt":"2023-03-20T15:32:04","slug":"marina-redzepovic-filmsku-pricu-nazirem-u-svemu-sto-radim","status":"publish","type":"nada","link":"https:\/\/sdf.hr\/hr\/nada\/marina-redzepovic-filmsku-pricu-nazirem-u-svemu-sto-radim\/","title":{"rendered":"Marina Red\u017eepovi\u0107: Filmsku pri\u010du nazirem u svemu \u0161to radim"},"content":{"rendered":"<p>Marina Red\u017eepovi\u0107 ro\u0111ena je 1982. godine u Sisku, rano djetinjstvo provela je u Tuzli, a zbog prirode posla svojih roditelja \u010desto se selila, da bi srednju \u0161kolu i fakultet zavr\u0161ila u Zagrebu, gdje i danas \u017eivi i radi. Ipak, na Facebook-profilu joj pi\u0161e da \u017eivi u Monte Carlu jer\u00a0 zasigurno tako do\u017eivljava svoje Cvjetno naselje, a kako izgleda gluma\u010dka svakodnevica najbolje govori \u010dinjenica da smo intervju zapo\u010dele na jednom zagreba\u010dkom \u0161anku jo\u0161 prije rata u Ukrajini, a zavr\u0161ile blic-sesijama dok je Marina silazila s pozornice \u0161ibenskog HNK. Gluma\u010dku karijeru zapo\u010dela je studentskim filmom Sonje Taroki\u0107, u \u010dijoj je nagra\u0111ivanoj &#8220;Zbornici&#8221; 2021. odigrala i svoju prvu glavnu ulogu u dugometra\u017enom filmu. S Marinom smo, izme\u0111u ostalog, razgovarali o slobodi slobodnih umjetnica i strahu od &#8220;obi\u010dnih&#8221; \u017eena na filmu i van njega.<\/p>\n<p><strong>Radnja filma &#8220;Zbornica&#8221;, u kojem tuma\u010dite glavnu ulogu pedagoginje Anamarije, odvija se u jednoj osnovnoj \u0161koli. U osnovnu ste krenuli 1989. u Tuzli. Kakva su va\u0161a sje\u0107anja na taj period?<\/strong><\/p>\n<p>\u017divjeli smo u bloku vojnih zgrada, okru\u017eenih bolnicom, kasarnom, \u0161kolom i samoposlugom. Dru\u017eili smo se obiteljski \u2013 jedna bi obitelj do\u0161la iz Mostara, a druga bi se taman selila u Maribor. Gdje god je bio aerodrom, i\u0161lo se dalje. Kako je uvijek u blizini zgrada bilo neko gradili\u0161te, mi djeca smo izmi\u0161ljali tipi\u010dne igre dje\u010djeg svijeta. Sje\u0107am se trgovine i pored nje fotografske radnje koju je dr\u017eala Cvija. Uvijek u bluzi, suknji i s parfemom. I s minivalom, naravno. Do\u0161la bi na svaki na\u0161 ro\u0111endan, taman prije torte, na svaku priredbu, a \u010desto bi nas sakupila ispred zgrade i odvela da se slikamo &#8220;pred morem&#8221;, fototapetom u radnji. Svi u albumima imamo Cvijine fotografije \u2013 nikome glava nije odrezana i nitko nije zapam\u0107en prgavo. \u010cesto bih joj potajno sama uletjela i dje\u010djom ozbiljno\u0161\u0107u naredila da me slika. Ta je gesta bila za opomenu, nije bilo ba\u0161 primjereno isticati se. Ona mi je, tako\u0111er potajno, poklonila fotografiju Lepe Brene s tuzlanskog koncerta jer moji ku\u0107i nisu smatrali da \u0107e mi taj koncert promijeniti \u017eivot. Nedavno sam se sjetila i onih popodneva kada bi samo netko od djece viknu- &#8220;Ide Cigo s me\u010dkom!&#8221; I svi bi se sjatili na taj beton, izme\u0111u auta pojavio bi se \u010dovjek s defom i medvjedom na lancu. Cvija bi brzo izletjela s fotoaparatom. Bila je s nama i prvog dana \u0161kole. Ona je snimila portrete prva\u0161i\u0107a, kao i primanje u pionire. Zadnja sam generacija.<\/p>\n<h3>Mogu\u0107nost izbora umjetnika zaista je tanka<\/h3>\n<p><strong>Zavr\u0161ili ste komparativnu knji\u017eevnost i francuski jezik i knji\u017eevnost na Filozofskom fakultetu u Zagrebu pa vjerujemo da ste ve\u0107 od studentskih dana ra\u010dunali na mogu\u0107nost rada u nesigurnim uvjetima. U me\u0111uvremenu ste svojim radom stekli status slobodne umjetnice. Koliko taj status zapravo daje slobode da birate isklju\u010divo projekte koje \u017eelite raditi, a koliko se morate prilago\u0111avati jer i glumice pla\u0107aju re\u017eije?<\/strong><\/p>\n<p>U pravu ste, jo\u0161 od studentskih dana nisam si predvi\u0111ala stalno zaposlenje. Ipak, kada sam stekla status slobodne, odnosno samostalne umjetnice, taj trenutak u prvi je mah la\u017eno umirio mene, a jo\u0161 la\u017enije moje roditelje; dr\u017eava me &#8220;ovjerila&#8221;, dr\u017eava mi pla\u0107a doprinose i to je jedna fina stavka mog odraslog radnog \u017eivota. Me\u0111utim, u tom statusu nema slobode, a samim time ni previ\u0161e samostalnosti. \u0160to se ti\u010de pravno-formalnih okvira, samo da izdvojim da tek 42 dana nakon stjecanja statusa slobodnog umjetnika slu\u017ebeno smijemo i\u0107i na bolovanje. Trenutno se vr\u0161i pritisak da se to promijeni. Uglavnom, prili\u010dno je cinizma nagruvano u tim pridjevima, iako je jasno na \u0161to se referiraju, a i nekako nas se mora zvati. Tako da je mogu\u0107nost izbora zaista tanka, rijetke i rijetki mogu birati u pravcu umjetni\u010dke profilacije i velike su oscilacije izme\u0111u \u010desto deluzivnog samouvjeravanja o izboru i potpune predaje jer &#8220;svi trebamo raditi i zaraditi&#8221;, kako glasi re\u010denica iz predstave &#8220;\u017denski orkestar&#8221; koju smo 10. marta premijerno izvele u HNK \u0160ibenik.<\/p>\n<figure id=\"attachment_2911\" aria-describedby=\"caption-attachment-2911\" style=\"width: 1920px\" class=\"wp-caption alignnone\"><img loading=\"lazy\" decoding=\"async\" class=\"wp-image-2911 size-full\" src=\"https:\/\/sdf.hr\/wp-content\/uploads\/2022\/09\/Redzepovic2_Davor-Konjikusic-1-scaled.jpg\" alt=\"\" width=\"1920\" height=\"2560\" srcset=\"https:\/\/sdf.hr\/wp-content\/uploads\/2022\/09\/Redzepovic2_Davor-Konjikusic-1-scaled.jpg 1920w, https:\/\/sdf.hr\/wp-content\/uploads\/2022\/09\/Redzepovic2_Davor-Konjikusic-1-225x300.jpg 225w, https:\/\/sdf.hr\/wp-content\/uploads\/2022\/09\/Redzepovic2_Davor-Konjikusic-1-768x1024.jpg 768w, https:\/\/sdf.hr\/wp-content\/uploads\/2022\/09\/Redzepovic2_Davor-Konjikusic-1-1152x1536.jpg 1152w, https:\/\/sdf.hr\/wp-content\/uploads\/2022\/09\/Redzepovic2_Davor-Konjikusic-1-1536x2048.jpg 1536w\" sizes=\"auto, (max-width: 1920px) 100vw, 1920px\" \/><figcaption id=\"caption-attachment-2911\" class=\"wp-caption-text\">Foto: Davor Konjiku\u0161i\u0107<\/figcaption><\/figure>\n<p><strong>Vjerujemo da su vam jo\u0161 fri\u0161ki utisci, kako su protekli premijera &#8220;\u017denskog orkestra&#8221; re\u017eiserke Arije Rizvi\u0107 i boravak u \u0160ibeniku?<\/strong><\/p>\n<p>Premijera je protekla prekrasno, publika je bila nevjerojatna. U\u017eivale smo, bilo nam je puno srce. Nikad nisam provela toliko dugo vremena u komadu u Dalmaciji i ovaj me boravak u \u0160ibeniku samo podsjetio koliko volim \u0161to\u0161ta ju\u017enja\u010dko i koliko to odgovara mom karakteru. Ve\u0107 je i dobrodo\u0161lica od samog kazali\u0161ta bila fantasti\u010dna, a s vremenom smo se udoma\u0107ile \u2013 imale smo svoj kafi\u0107, pizzeriju, pekaru, vinariju, trafiku. Jako su lijepe reakcije na predstavu, jo\u0161 smo pod dojmom.<\/p>\n<p><strong>U ve\u0107ini intervjua pitaju vas kako je biti glumica bez zavr\u0161ene akademije. Zanimljivo, takvo se pitanje uistinu rijetko postavlja muzi\u010darkama za muzi\u010dku akademiju ili, primjerice, novinarima i novinarkama za studij novinarstva. Ipak, poznato je da dramske akademije imaju jake socijalne mre\u017ee, pa je li te\u017ee do\u0107i do odre\u0111enih uloga kada iza sebe nemate podr\u0161ku institucije?<\/strong><\/p>\n<p>Da, jednom je &#8220;samouka glumica&#8221; iza\u0161lo u naslovu nekog intervjua i od tada se to po inerciji vrti kao neka moja specifi\u010dnost koja zaslu\u017euje pozornost. Vjerujem da to ljude uop\u0107e ne zanima, ve\u0107 je naprosto rije\u010d o inerciji medijskog diskursa. I sad, zaista ne \u017eelim omalova\u017eiti nikoga pa ni sebe, ali da saznam da je moja doktorica op\u0107e prakse samouka, malo je re\u0107i da mi ne bi bilo drago. Kada govorimo o umjetni\u010dkim zanimanjima, o\u010dito postoje razli\u010dite perspektive, odnosno pozadine po kojima se valorizira ne\u010diji rad koji je, na kraju krajeva, jedini bitan. Procjenjivati ne\u010diju kvalitetu kroz informaciju iz biografije osobno mi je strano, ne razumijem kako se rad mo\u017ee omalova\u017eavati ili mistificirati jer je netko zavr\u0161io ili nije zavr\u0161io akademiju. A papir? Pa evo, zavr\u0161ila sam francuski jezik i knji\u017eevnost i znam da bih bila najgora prevoditeljica na svijetu. \u0160to se ti\u010de dramskih akademija, u razgovorima s kolegicama i kolegama o\u010digledno je koliko ih to \u0161to imaju papir niti izravno vodi u poslove, a niti se podudara s konkretnom podr\u0161kom institucije \u2013 i pitanje je kako ih i koja institucija podr\u017eava, kao i \u0161to ta podr\u0161ka zaista predstavlja. To je vrlo subjektivno. Drago mi je \u0161to se spomenuli muzi\u010darke i muzi\u010dare jer sam na njih ljubomorna prvenstveno zato \u0161to uvijek mogu uzeti instrument u ruke i svirati. Ku\u0107i ili u gara\u017ei.<\/p>\n<p><strong>U vrijeme pandemije zavr\u0161ili ste te\u010daj za vodi\u010dku za Dubrova\u010dko-neretvansku \u017eupaniju i Grad Zagreb. Sre\u0107om po doma\u0107e glumi\u0161te, a \u0161teta po turizam, gluma\u010dkih anga\u017emana vam ne nedostaje, ali da su okolnosti bile druga\u010dije, gdje bi vam bio najve\u0107i gu\u0161t odvesti francuske turiste?<\/strong><\/p>\n<p>U Dugave. Vjerujem da bi taj lokalitet nekim Francuzima bio dovoljno egzoti\u010dan. \u0160to se ti\u010de Dubrova\u010dko-neretvanske \u017eupanije, nisam sigurna bi li se upustila u pelje\u0161ke vinske ture \u2013 te\u0161ko da bih samu sebe korigirala u lokalnoj samohvali. A i valja misliti na bak\u0161i\u0161.<\/p>\n<h3>Povratak u svakodnevnicu<\/h3>\n<p><strong>Koji je bio prvi film u kojem ste glumili i \u0161to vam prvo pada napamet kada se sjetite rada na njemu?<\/strong><\/p>\n<p>&#8220;Crveno&#8221; od Sonje Taroki\u0107, njezin studentski film. Napisala mi je dugi <em>mail<\/em> iz Italije devet mjeseci prije, da ima ideje, ali da \u0107emo ih s vremenom realizirati, neka ih. Snimali smo u stanu njenog dide Brune Proface, a onda u neboderu u mom kvartu, u Cvjetnom naselju u Zagrebu. Sedmero nas. U tom filmu je rekvizit bio Nokia 3310. Nakon no\u0107nih snimanja sjeli bismo na stepenice, pri\u010dali i pili pivo.<\/p>\n<p><strong>Prva replika Jelene Drakule, lika kojeg tuma\u010dite u filmu &#8220;Posljednji Srbin u Hrvatskoj&#8221; Predraga Li\u010dine bila je: &#8220;Srbi (smo), jel&#8217; to problem mo\u017eda?&#8221; Kakve ste reakcije dobili na tu ulogu?<\/strong><\/p>\n<p>Film sam gledala samo jednom s publikom, na zagreba\u010dkoj premijeri u Kinu Europa. Dan kasnije smo krenuli sa snimanjem &#8220;Zbornice&#8221; pa sam bila isklju\u010dena kada je po\u010dela distribucija filma po drugim hrvatskim gradovima, kao i u Srbiji. Ipak, \u010dujem da su reakcije bile dosta pozitivne \u2013 i na film i na ulogu, razonodilo je ljude. \u010cini mi se da je publika najvi\u0161e zapamtila trenutak u filmu kad Jadranka Matkovi\u0107 ka\u017ee &#8220;Moji su bili partizani!&#8221;, a Drakula odgovara &#8220;Moji nisu&#8221; (smijeh).<\/p>\n<p><strong>U filmu &#8220;Ljetnikovac&#8221; Damira \u010cu\u010di\u0107a imali ste poprili\u010dnu slobodu improvizacije pa ste potpisani kao koscenaristkinja, a sa Sonjom Taroki\u0107 ste razmjenjivali ideje oko scenarija &#8220;Zbornice&#8221;. Imate li u planu oku\u0161ati se kao scenaristkinja?<\/strong><\/p>\n<p>Jednom davno me jedan snimatelj pitao koliko \u010desto razmi\u0161ljam o filmu. U tom trenutku smo razgovarali o ne\u010dem sasvim desetom, ali \u010desto se sjetim upravo tog trenutka jer me podsjeti da kroz sve \u010dime se bavim mimo filma konkretno, nazirem neku potencijalnu filmsku pri\u010du. Ve\u0107 du\u017ee vrijeme mi titra jedna ideja i razvijala bih je s kolegicom redateljicom, ali po\u0161to ne stanujemo u istim gradovima, obje \u010dekamo prvu priliku da dogovorimo radni boravak. Ne mora biti koliba, mo\u017eemo i u neboder.<\/p>\n<figure id=\"attachment_2913\" aria-describedby=\"caption-attachment-2913\" style=\"width: 1920px\" class=\"wp-caption alignnone\"><img loading=\"lazy\" decoding=\"async\" class=\"wp-image-2913 size-full\" src=\"https:\/\/sdf.hr\/wp-content\/uploads\/2022\/09\/Redzepovic3_Davor-Konjikusic-scaled.jpg\" alt=\"\" width=\"1920\" height=\"2560\" srcset=\"https:\/\/sdf.hr\/wp-content\/uploads\/2022\/09\/Redzepovic3_Davor-Konjikusic-scaled.jpg 1920w, https:\/\/sdf.hr\/wp-content\/uploads\/2022\/09\/Redzepovic3_Davor-Konjikusic-225x300.jpg 225w, https:\/\/sdf.hr\/wp-content\/uploads\/2022\/09\/Redzepovic3_Davor-Konjikusic-768x1024.jpg 768w, https:\/\/sdf.hr\/wp-content\/uploads\/2022\/09\/Redzepovic3_Davor-Konjikusic-1152x1536.jpg 1152w, https:\/\/sdf.hr\/wp-content\/uploads\/2022\/09\/Redzepovic3_Davor-Konjikusic-1536x2048.jpg 1536w\" sizes=\"auto, (max-width: 1920px) 100vw, 1920px\" \/><figcaption id=\"caption-attachment-2913\" class=\"wp-caption-text\">Foto: Davor Konjiku\u0161i\u0107<\/figcaption><\/figure>\n<p><strong>Anamarija koju tuma\u010dite u filmu &#8220;Zbornica&#8221; o\u0161tro se pobuni protiv dobro uhodanog sustava da bi na koncu odlu\u010dila, ili bila primorana, voditi manje i suptilnije bitke ako \u017eeli ostati dijelom zbornice. Kako vi \u010ditate proces kroz kojeg je pro\u0161la, kao sazrijevanje, odustajanje, hrabrost?<\/strong><\/p>\n<p>Anamarija je radnica koja nije narativno odre\u0111ena osje\u0107ajno\u0161\u0107u obiteljskog \u017eivota ni problematikom ljubavno-emotivnih odnosa. Njoj se osobna transformacija doga\u0111a kroz profesionalne uspjehe i poraze, a definira je izrazita odgovornost prema poslu i visoki osje\u0107aj du\u017enosti prema zajednici. I sama sam uvijek voljela filmove u kojima je osnovna premisa ono \u010dime se protagonistice i protagonisti bave, vjerojatno jer svoj posao do\u017eivljavam jednako va\u017enim prostorom intimnih prilika kao i privatni \u017eivot \u2013 druga\u010dije su mi va\u017eni, ali u sli\u010dnom intenzitetu. U vi\u0161e navrata smo i vi i ja razgovarale o filmu i sje\u0107am se da sam vam rekla kako bih taj Anamarijin &#8220;prijelom&#8221; prepoznala u onom trenutku \u017eivota kad sa \u0161eficom ili \u0161efom idemo na razgovor s knedlom u grlu i iz ureda izlazimo gledaju\u0107i u tapison. Vjerujem da mnogima ta situacija nije nimalo strana. &#8220;Zbornica&#8221; se tako i gleda kao film o sazrijevanju u svijetu odraslih jer Anamarija postaje prisiljena sudjelovati po pravilima tog svijeta, a ne pravilima vlastite zamisli o njemu. Njoj nije opcija ne sudjelovati i na tom mjestu mi se \u010dini da ima hrabrosti \u2013 u promjenama sebe, a ne u odustajanju od svijeta. I sama se neprestano uvjeravam da u tom na\u0161em svijetu ima vrijednosti, da nekad i zaslu\u017euje razumijevanje kao i zajedni\u010dke napore da bude ljudskiji. Makar, s obzirom na sve \u0161to se trenutno doga\u0111a, te\u0161ka mi je svaka optimisti\u010dna misao.<\/p>\n<p><strong>Na koji se na\u010din rastajete od svojih likova nakon zavr\u0161etka snimanja i koliko vam se te\u0161ko vratiti u svakodnevicu?<\/strong><\/p>\n<p>Po svojoj prirodi, snimanje me potpuno uvu\u010de pa tokom rada ne budem prisutna u vlastitom \u017eivotu &#8211; taj povratak u svakodnevicu, intenzitet i vrijeme koje je potrebno za &#8220;spu\u0161tanje&#8221; s adrenalina je prvi \u010din rastanka. Naravno, i sama snimanja variraju, ali kad se snimaju\u0107i dani nani\u017eu, kad izostaje rascjepkanost rasporeda, fokus mi je isklju\u010divo u procesu i nisam le\u017eerna ni u razgovorima ni u mislima, ali paralelno nemam ni pretjeranu potrebu pri\u010dati o onome \u0161to radim. Osim sa suradnicama i suradnicima \u2013 po potrebi, spontanosti ili \u017eelji. Obi\u010dno kad snimanja zavr\u0161e, po\u017eelim se prijateljica i prijatelja, spavanja i odlazaka na plac. I tramvaja. U njemu se \u010de\u0161\u0107e \u0161uti nego u setovskom kombiju.<\/p>\n<h3>&#8220;Obi\u010dnost&#8221; me najmanje iznevjerila<\/h3>\n<p><strong>Filmovi i serije u kojima ste glumili dobili su mno\u0161tvo nagrada, od &#8220;Rudara&#8221; preko &#8220;Novina&#8221; do &#8220;Zbornice&#8221;. I sami ste nedavno bili nominirani za &#8220;Zlatni studio&#8221; za glavnu ulogu u &#8220;Zbornici&#8221;. Kako se nosite s nagradama, toaletama, evo i intervjuima, fotografiranjem, cijelim javnim aspektom svog posla?<\/strong><\/p>\n<p>Kad god osjetim stres javnog posla, opomenem se i ka\u017eem si kako je to sve trivijalan razlog za stres. Ipak, taj aspekt rada ima svoju protokolarnost jer treba organizirati sve te viklere, a i po\u0161tovati rokove za intervjue koji su nekad nemogu\u0107e kratki. Za razliku od vas i mene koje smo ve\u0107 neko vrijeme na liniji i, s obzirom na duple probe i neizbje\u017enu fleksibilnost rasporeda zbog korone, imate razumijevanja \u0161to zavr\u0161avamo ovaj razgovor dan kasnije. Rasporedi su klizni, \u010desto nisu fiksno definirani pa se jo\u0161 uvijek u\u010dim pametno procijeniti vrijeme. \u0160to se ti\u010de sve\u010danih prilika, za \u0161minku usko\u010de cure sa seta, uglavnom sve same organiziramo i smi\u0161ljamo \u2013 trudim se ne optere\u0107ivati previ\u0161e, a to ponekad izgleda kao kad smo se u srednjoj \u0161koli spremale za izlazak. U tom duhu, i kad ste ve\u0107 spomenuli &#8220;Zlatni studio&#8221;, na zimu me posjetila bliska prijateljica iz Beograda i u du\u0107anu <em>second hand<\/em> odje\u0107e u Ilici kupile smo komplet i podijelile ga \u2013 njoj hla\u010de, a meni sako. Kao, ne\u0107emo tro\u0161iti, kasne honorari, lako \u0107emo ga upariti. I pred &#8220;Studio&#8221; smo to i u\u010dinile, hla\u010de su prije sve\u010danosti sretno stigle preko \u0161vercera elektroni\u010dke opreme koji posluje linijom Zagreb \u2013 Beograd. Kada pri\u010damo o javnom, ne mogu se ne dotaknuti dru\u0161tvenih mre\u017ea, one su se nekako nametnule kao prostor na kojem kao da je postalo pre\u0161utno pitanje va\u017enosti, odnosno bontona, pohvaliti se svojim radom, a i podr\u017eati tu\u0111i. Svi emotikoni i lajkovi i cijeli spektar jezika digitalnog narcizma neprestano poti\u010du strah od nevidljivosti i kao se ne\u0161to ne smije izostaviti, propustiti. Tu mi je pogotovo va\u017eno ne optere\u0107ivati se, \u010desto imam potrebu i za uzmicanjem, ali nema do kraja nazad. Ili jednostavno, drugima to opu\u0161tenije i ma\u0161tovitije le\u017ei nego meni.<\/p>\n<p><strong>Nerijetko \u010dujemo da neki film prati \u017eivot &#8220;obi\u010dne&#8221; \u017eene. &#8220;Obi\u010dnog&#8221; mu\u0161karca u filmovima ni za lijek. \u0160to je za vas najiritantnije op\u0107e mjesto koje i dalje egzistira u prikazu i recepciji \u017eenskih likova u doma\u0107oj filmskoj produkciji?<\/strong><\/p>\n<p>Nije rijetko da se u scenarijima koje dobijem na \u010ditanje M (37) od A (42) razlikuje po tome \u0161to je prva, naprimjer, sestra od protagonista, a druga supruga uz obavezne didaskalije u kojima stoji da jedna &#8220;zabrinuto gleda&#8221;, a druga &#8220;zami\u0161ljeno \u0161uti&#8221;. Smjer \u017eenskog lika u samom nacrtu \u010desto je postavljen isklju\u010divo kroz odnose s drugima \u2013 ili podr\u017eavaju narativ mu\u0161kog lika ili su ovisne o njemu. Jednom sam, u razgovoru o motivaciji glavne protagonistice, dobila obja\u0161njenje da cijeli njezin psiholo\u0161ki lik diktira atraktivnost mu\u017eevog zanimanja, dakle niti je samostalna niti aktivna jer je to dopu\u0161teno samo &#8220;ekscesnim&#8221; \u017eenama, odmetnicama. I kad je rije\u010d o onima koje nisu tako zami\u0161ljene, na razini slaganja karakterizacije, \u010desto \u010dujem: &#8220;Pa to je jedna obi\u010dna \u017eena.&#8221; Kao da po refleksu trebamo svi zamisliti osobu koja radi u po\u0161ti, odgaja djecu i jo\u0161 uvijek bijeli kruh nije zamijenila bezglutenskom verzijom \u2013 kao da je takav \u017eivot neva\u017ean, nevidljiv i kao da je argument ili isprika da, eto, ni pri\u010da ne\u0107e biti &#8220;velika&#8221;. &#8220;Pa to je jedna obi\u010dna \u017eena&#8221;, uostalom, uvijek ispo\u010detka na mene djeluje kao stav s visoka, ljuti me, ali vjerujem da su u njega upisane sve nijanse na\u0161ih strahova da su nam \u017eivoti dosadni, isti iz dana u dan, da smo ih trebali \u017eivjeti negdje drugdje i nekako druga\u010dije. Ponekad kao da se i sama branim od svakodnevice ako je makar samo asocijativno pretvorim u op\u0107e mjesto nu\u017enosti i fizi\u010dkog prolaska \u017eivota. Tim vi\u0161e jer me &#8220;obi\u010dnost&#8221; \u017eivota dosad najmanje iznevjerila. Svi smo se, uglavnom, pribli\u017eili svakodnevicama ulice, posla, kafi\u0107a, obitelji, stana i svim njezinim obi\u010dnostima i \u010dini mi se da gubimo kad skre\u0107emo pogled od mjesta i ljudi koji su svakodnevni i &#8220;samorazumljivi&#8221;.<\/p>\n<p><em>razgovarala Vedrana Bibi\u0107<\/em><\/p>\n","protected":false},"excerpt":{"rendered":"<p>Uvijek sam voljela filmove u kojima je osnovna premisa ono \u010dime se protagonisti bave, vjerojatno jer svoj posao do\u017eivljavam jednako va\u017enim prostorom intimnih prilika kao i privatni \u017eivot<\/p>\n","protected":false},"featured_media":2922,"template":"","tags":[29],"atribut":[],"class_list":["post-1083","nada","type-nada","status-publish","has-post-thumbnail","hentry","tag-intervju"],"acf":[],"yoast_head":"<!-- This site is optimized with the Yoast SEO plugin v27.4 - https:\/\/yoast.com\/product\/yoast-seo-wordpress\/ -->\n<title>Marina Red\u017eepovi\u0107: Filmsku pri\u010du nazirem u svemu \u0161to radim - SDF - Srpski demokratski forum<\/title>\n<meta name=\"robots\" content=\"index, follow, max-snippet:-1, max-image-preview:large, max-video-preview:-1\" \/>\n<link rel=\"canonical\" href=\"https:\/\/sdf.hr\/hr\/nada\/marina-redzepovic-filmsku-pricu-nazirem-u-svemu-sto-radim\/\" \/>\n<meta property=\"og:locale\" content=\"hr_HR\" \/>\n<meta property=\"og:type\" content=\"article\" \/>\n<meta property=\"og:title\" content=\"Marina Red\u017eepovi\u0107: Filmsku pri\u010du nazirem u svemu \u0161to radim - SDF - Srpski demokratski forum\" \/>\n<meta property=\"og:description\" content=\"Uvijek sam voljela filmove u kojima je osnovna premisa ono \u010dime se protagonisti bave, vjerojatno jer svoj posao do\u017eivljavam jednako va\u017enim prostorom intimnih prilika kao i privatni \u017eivot\" \/>\n<meta property=\"og:url\" content=\"https:\/\/sdf.hr\/hr\/nada\/marina-redzepovic-filmsku-pricu-nazirem-u-svemu-sto-radim\/\" \/>\n<meta property=\"og:site_name\" content=\"SDF - Srpski demokratski forum\" \/>\n<meta property=\"article:modified_time\" content=\"2023-03-20T15:32:04+00:00\" \/>\n<meta property=\"og:image\" content=\"https:\/\/sdf.hr\/wp-content\/uploads\/2022\/09\/Redzepovic1_Davor-Konjikusic-1-scaled.jpg\" \/>\n\t<meta property=\"og:image:width\" content=\"2560\" \/>\n\t<meta property=\"og:image:height\" content=\"2053\" \/>\n\t<meta property=\"og:image:type\" content=\"image\/jpeg\" \/>\n<meta name=\"twitter:card\" content=\"summary_large_image\" \/>\n<meta name=\"twitter:label1\" content=\"Procijenjeno vrijeme \u010ditanja\" \/>\n\t<meta name=\"twitter:data1\" content=\"14 minuta\" \/>\n<script type=\"application\/ld+json\" class=\"yoast-schema-graph\">{\"@context\":\"https:\\\/\\\/schema.org\",\"@graph\":[{\"@type\":\"WebPage\",\"@id\":\"https:\\\/\\\/sdf.hr\\\/hr\\\/nada\\\/marina-redzepovic-filmsku-pricu-nazirem-u-svemu-sto-radim\\\/\",\"url\":\"https:\\\/\\\/sdf.hr\\\/hr\\\/nada\\\/marina-redzepovic-filmsku-pricu-nazirem-u-svemu-sto-radim\\\/\",\"name\":\"Marina Red\u017eepovi\u0107: Filmsku pri\u010du nazirem u svemu \u0161to radim - SDF - Srpski demokratski forum\",\"isPartOf\":{\"@id\":\"https:\\\/\\\/sdf.hr\\\/#website\"},\"primaryImageOfPage\":{\"@id\":\"https:\\\/\\\/sdf.hr\\\/hr\\\/nada\\\/marina-redzepovic-filmsku-pricu-nazirem-u-svemu-sto-radim\\\/#primaryimage\"},\"image\":{\"@id\":\"https:\\\/\\\/sdf.hr\\\/hr\\\/nada\\\/marina-redzepovic-filmsku-pricu-nazirem-u-svemu-sto-radim\\\/#primaryimage\"},\"thumbnailUrl\":\"https:\\\/\\\/sdf.hr\\\/wp-content\\\/uploads\\\/2022\\\/09\\\/Redzepovic1_Davor-Konjikusic-1-scaled.jpg\",\"datePublished\":\"2022-09-03T14:38:34+00:00\",\"dateModified\":\"2023-03-20T15:32:04+00:00\",\"breadcrumb\":{\"@id\":\"https:\\\/\\\/sdf.hr\\\/hr\\\/nada\\\/marina-redzepovic-filmsku-pricu-nazirem-u-svemu-sto-radim\\\/#breadcrumb\"},\"inLanguage\":\"hr\",\"potentialAction\":[{\"@type\":\"ReadAction\",\"target\":[\"https:\\\/\\\/sdf.hr\\\/hr\\\/nada\\\/marina-redzepovic-filmsku-pricu-nazirem-u-svemu-sto-radim\\\/\"]}]},{\"@type\":\"ImageObject\",\"inLanguage\":\"hr\",\"@id\":\"https:\\\/\\\/sdf.hr\\\/hr\\\/nada\\\/marina-redzepovic-filmsku-pricu-nazirem-u-svemu-sto-radim\\\/#primaryimage\",\"url\":\"https:\\\/\\\/sdf.hr\\\/wp-content\\\/uploads\\\/2022\\\/09\\\/Redzepovic1_Davor-Konjikusic-1-scaled.jpg\",\"contentUrl\":\"https:\\\/\\\/sdf.hr\\\/wp-content\\\/uploads\\\/2022\\\/09\\\/Redzepovic1_Davor-Konjikusic-1-scaled.jpg\",\"width\":2560,\"height\":2053,\"caption\":\"Foto: Davor Konjiku\u0161i\u0107\"},{\"@type\":\"BreadcrumbList\",\"@id\":\"https:\\\/\\\/sdf.hr\\\/hr\\\/nada\\\/marina-redzepovic-filmsku-pricu-nazirem-u-svemu-sto-radim\\\/#breadcrumb\",\"itemListElement\":[{\"@type\":\"ListItem\",\"position\":1,\"name\":\"Po\u010detna stranica\",\"item\":\"https:\\\/\\\/sdf.hr\\\/hr\\\/\"},{\"@type\":\"ListItem\",\"position\":2,\"name\":\"Nada\",\"item\":\"https:\\\/\\\/sdf.hr\\\/nada\\\/\"},{\"@type\":\"ListItem\",\"position\":3,\"name\":\"Marina Red\u017eepovi\u0107: Filmsku pri\u010du nazirem u svemu \u0161to radim\"}]},{\"@type\":\"WebSite\",\"@id\":\"https:\\\/\\\/sdf.hr\\\/#website\",\"url\":\"https:\\\/\\\/sdf.hr\\\/\",\"name\":\"SDF - Srpski demokratski forum\",\"description\":\"Srpski demokratski forum\",\"publisher\":{\"@id\":\"https:\\\/\\\/sdf.hr\\\/#organization\"},\"potentialAction\":[{\"@type\":\"SearchAction\",\"target\":{\"@type\":\"EntryPoint\",\"urlTemplate\":\"https:\\\/\\\/sdf.hr\\\/?s={search_term_string}\"},\"query-input\":{\"@type\":\"PropertyValueSpecification\",\"valueRequired\":true,\"valueName\":\"search_term_string\"}}],\"inLanguage\":\"hr\"},{\"@type\":\"Organization\",\"@id\":\"https:\\\/\\\/sdf.hr\\\/#organization\",\"name\":\"SDF - Srpski demokratski forum\",\"url\":\"https:\\\/\\\/sdf.hr\\\/\",\"logo\":{\"@type\":\"ImageObject\",\"inLanguage\":\"hr\",\"@id\":\"https:\\\/\\\/sdf.hr\\\/#\\\/schema\\\/logo\\\/image\\\/\",\"url\":\"https:\\\/\\\/sdf.hr\\\/wp-content\\\/uploads\\\/2021\\\/07\\\/logo-hr.svg\",\"contentUrl\":\"https:\\\/\\\/sdf.hr\\\/wp-content\\\/uploads\\\/2021\\\/07\\\/logo-hr.svg\",\"width\":271,\"height\":100,\"caption\":\"SDF - Srpski demokratski forum\"},\"image\":{\"@id\":\"https:\\\/\\\/sdf.hr\\\/#\\\/schema\\\/logo\\\/image\\\/\"}}]}<\/script>\n<!-- \/ Yoast SEO plugin. -->","yoast_head_json":{"title":"Marina Red\u017eepovi\u0107: Filmsku pri\u010du nazirem u svemu \u0161to radim - SDF - Srpski demokratski forum","robots":{"index":"index","follow":"follow","max-snippet":"max-snippet:-1","max-image-preview":"max-image-preview:large","max-video-preview":"max-video-preview:-1"},"canonical":"https:\/\/sdf.hr\/hr\/nada\/marina-redzepovic-filmsku-pricu-nazirem-u-svemu-sto-radim\/","og_locale":"hr_HR","og_type":"article","og_title":"Marina Red\u017eepovi\u0107: Filmsku pri\u010du nazirem u svemu \u0161to radim - SDF - Srpski demokratski forum","og_description":"Uvijek sam voljela filmove u kojima je osnovna premisa ono \u010dime se protagonisti bave, vjerojatno jer svoj posao do\u017eivljavam jednako va\u017enim prostorom intimnih prilika kao i privatni \u017eivot","og_url":"https:\/\/sdf.hr\/hr\/nada\/marina-redzepovic-filmsku-pricu-nazirem-u-svemu-sto-radim\/","og_site_name":"SDF - Srpski demokratski forum","article_modified_time":"2023-03-20T15:32:04+00:00","og_image":[{"width":2560,"height":2053,"url":"https:\/\/sdf.hr\/wp-content\/uploads\/2022\/09\/Redzepovic1_Davor-Konjikusic-1-scaled.jpg","type":"image\/jpeg"}],"twitter_card":"summary_large_image","twitter_misc":{"Procijenjeno vrijeme \u010ditanja":"14 minuta"},"schema":{"@context":"https:\/\/schema.org","@graph":[{"@type":"WebPage","@id":"https:\/\/sdf.hr\/hr\/nada\/marina-redzepovic-filmsku-pricu-nazirem-u-svemu-sto-radim\/","url":"https:\/\/sdf.hr\/hr\/nada\/marina-redzepovic-filmsku-pricu-nazirem-u-svemu-sto-radim\/","name":"Marina Red\u017eepovi\u0107: Filmsku pri\u010du nazirem u svemu \u0161to radim - SDF - Srpski demokratski forum","isPartOf":{"@id":"https:\/\/sdf.hr\/#website"},"primaryImageOfPage":{"@id":"https:\/\/sdf.hr\/hr\/nada\/marina-redzepovic-filmsku-pricu-nazirem-u-svemu-sto-radim\/#primaryimage"},"image":{"@id":"https:\/\/sdf.hr\/hr\/nada\/marina-redzepovic-filmsku-pricu-nazirem-u-svemu-sto-radim\/#primaryimage"},"thumbnailUrl":"https:\/\/sdf.hr\/wp-content\/uploads\/2022\/09\/Redzepovic1_Davor-Konjikusic-1-scaled.jpg","datePublished":"2022-09-03T14:38:34+00:00","dateModified":"2023-03-20T15:32:04+00:00","breadcrumb":{"@id":"https:\/\/sdf.hr\/hr\/nada\/marina-redzepovic-filmsku-pricu-nazirem-u-svemu-sto-radim\/#breadcrumb"},"inLanguage":"hr","potentialAction":[{"@type":"ReadAction","target":["https:\/\/sdf.hr\/hr\/nada\/marina-redzepovic-filmsku-pricu-nazirem-u-svemu-sto-radim\/"]}]},{"@type":"ImageObject","inLanguage":"hr","@id":"https:\/\/sdf.hr\/hr\/nada\/marina-redzepovic-filmsku-pricu-nazirem-u-svemu-sto-radim\/#primaryimage","url":"https:\/\/sdf.hr\/wp-content\/uploads\/2022\/09\/Redzepovic1_Davor-Konjikusic-1-scaled.jpg","contentUrl":"https:\/\/sdf.hr\/wp-content\/uploads\/2022\/09\/Redzepovic1_Davor-Konjikusic-1-scaled.jpg","width":2560,"height":2053,"caption":"Foto: Davor Konjiku\u0161i\u0107"},{"@type":"BreadcrumbList","@id":"https:\/\/sdf.hr\/hr\/nada\/marina-redzepovic-filmsku-pricu-nazirem-u-svemu-sto-radim\/#breadcrumb","itemListElement":[{"@type":"ListItem","position":1,"name":"Po\u010detna stranica","item":"https:\/\/sdf.hr\/hr\/"},{"@type":"ListItem","position":2,"name":"Nada","item":"https:\/\/sdf.hr\/nada\/"},{"@type":"ListItem","position":3,"name":"Marina Red\u017eepovi\u0107: Filmsku pri\u010du nazirem u svemu \u0161to radim"}]},{"@type":"WebSite","@id":"https:\/\/sdf.hr\/#website","url":"https:\/\/sdf.hr\/","name":"SDF - Srpski demokratski forum","description":"Srpski demokratski forum","publisher":{"@id":"https:\/\/sdf.hr\/#organization"},"potentialAction":[{"@type":"SearchAction","target":{"@type":"EntryPoint","urlTemplate":"https:\/\/sdf.hr\/?s={search_term_string}"},"query-input":{"@type":"PropertyValueSpecification","valueRequired":true,"valueName":"search_term_string"}}],"inLanguage":"hr"},{"@type":"Organization","@id":"https:\/\/sdf.hr\/#organization","name":"SDF - Srpski demokratski forum","url":"https:\/\/sdf.hr\/","logo":{"@type":"ImageObject","inLanguage":"hr","@id":"https:\/\/sdf.hr\/#\/schema\/logo\/image\/","url":"https:\/\/sdf.hr\/wp-content\/uploads\/2021\/07\/logo-hr.svg","contentUrl":"https:\/\/sdf.hr\/wp-content\/uploads\/2021\/07\/logo-hr.svg","width":271,"height":100,"caption":"SDF - Srpski demokratski forum"},"image":{"@id":"https:\/\/sdf.hr\/#\/schema\/logo\/image\/"}}]}},"_links":{"self":[{"href":"https:\/\/sdf.hr\/hr\/wp-json\/wp\/v2\/nada\/1083","targetHints":{"allow":["GET"]}}],"collection":[{"href":"https:\/\/sdf.hr\/hr\/wp-json\/wp\/v2\/nada"}],"about":[{"href":"https:\/\/sdf.hr\/hr\/wp-json\/wp\/v2\/types\/nada"}],"wp:featuredmedia":[{"embeddable":true,"href":"https:\/\/sdf.hr\/hr\/wp-json\/wp\/v2\/media\/2922"}],"wp:attachment":[{"href":"https:\/\/sdf.hr\/hr\/wp-json\/wp\/v2\/media?parent=1083"}],"wp:term":[{"taxonomy":"post_tag","embeddable":true,"href":"https:\/\/sdf.hr\/hr\/wp-json\/wp\/v2\/tags?post=1083"},{"taxonomy":"atribut","embeddable":true,"href":"https:\/\/sdf.hr\/hr\/wp-json\/wp\/v2\/atribut?post=1083"}],"curies":[{"name":"wp","href":"https:\/\/api.w.org\/{rel}","templated":true}]}}