{"id":1138,"date":"2022-09-03T20:36:30","date_gmt":"2022-09-03T18:36:30","guid":{"rendered":"https:\/\/sdf.hr\/?post_type=nada&#038;p=1138"},"modified":"2023-03-20T15:55:20","modified_gmt":"2023-03-20T14:55:20","slug":"gorski-kotao-rezanci-od-medvjedjeg-luka","status":"publish","type":"nada","link":"https:\/\/sdf.hr\/hr\/nada\/gorski-kotao-rezanci-od-medvjedjeg-luka\/","title":{"rendered":"Rezanci od medvje\u0111eg luka"},"content":{"rendered":"<p>Ni\u0161ta nije toliko karakteristi\u010dnog mirisa kao \u0161uma Gorskog kotara u prolje\u0107e. Pro\u0161e\u0107ete li \u0161umskim stazama, osjetit \u0107ete intenzivan miris po \u010de\u0161njaku. To \u0161to osjetite je medvje\u0111i luk (divlji luk, srijemu\u0161, sremu\u0161 ili crijemu\u0161). Obi\u010dno je prva biljka koja ni\u010de nakon snijega pa se smatra da medvjedima daje okrjepu nakon hibernacije. Svi dijelovi biljke su jestivi i smatraju se ljekovitima. Medvje\u0111i luk, dokazano, ima antibakterijska i protuupalna svojstva pa mo\u017ee pomo\u0107i kod povi\u0161enog tlaka, kolesterola te lo\u0161e probave, a poznat je i po tome \u0161to ja\u010da imunitet ba\u0161 kao i doma\u0107i mu srodnik, \u010de\u0161njak.<\/p>\n<p>U kulinarstvu postaje sve popularniji pa \u010desto susretnem ljude u berbi te zdrave biljke. Najbolje ga je koristiti u svje\u017eem obliku jer su\u0161enjem gubi boju i okus. Osim \u0161to raste samoniklo, mo\u017ee se i presaditi u neki sjenoviti kutak vrta pa \u0107ete ga u prolje\u0107e uvijek imati na dohvat ruke. Osim \u0161to se list koristi u raznim jelima, pupoljci cvijeta se mogu kiseliti poput kapara, ba\u0161 kao i lukovice. Listove medvje\u0111eg luka mo\u017eete koristiti kao dodatak salati ili svje\u017eem siru, a mo\u017eete od njega izraditi za\u010dinsku sol, pesto, krem juhe, kruh, pala\u010dinke ili tjesteninu poput ovih rezanaca.<\/p>\n<p>Kada ga berete, budite iznimno oprezni i uvijek idite s nekim tko dobro poznaje \u0161to bere. U prolje\u0107e, kada su listovi mladi i jo\u0161 ne cvate, vrlo je sli\u010dan jesenskom mrazovcu i \u0111ur\u0111ici koja je otrovna. Ako niste sigurni, najbolje ga je kupiti na tr\u017enici od iskusnih bera\u010da ili ga brati kada procvate jer \u0107ete ga najlak\u0161e prepoznati po bijelom cvijetu.<\/p>\n<p><strong><em>Sastojci<\/em><\/strong><\/p>\n<p>500 g o\u0161trog bra\u0161na (plus jo\u0161 malo za mije\u0161enje i izradu)<br \/>\n3 jaja<br \/>\n1,5 dl ka\u0161e od listova medvje\u0111eg luka<br \/>\nmalo soli<\/p>\n<p><strong><em>Priprema<\/em><\/strong><\/p>\n<p>Tri do \u010detiri pune \u0161ake listova medvje\u0111eg luka operite i o\u010distite od peteljki. Nare\u017eite na ve\u0107e komade pa stavite u blender i napravite ka\u0161u. Ako vam se \u010dini gusta, mo\u017eete dodati \u017elicu ili dvije vode. Ka\u0161u mo\u017eete izraditi i u mu\u017earu samo pazite da ne ostaju krupniji komadi\u0107i. Od bra\u0161na, jaja, ka\u0161e i malo soli umijesite tijesto. Tijesto treba biti dosta tvrdo i treba ga dugo mijesiti dok ne bude kompaktno i glatko pa dodajte jo\u0161 bra\u0161na ako je potrebno. Oblikujte kuglu i pokrijte krpom te ostavite da odmori nekih pola sata.<\/p>\n<p>Tjesteninu radim pomo\u0107u ma\u0161inice za tjesteninu (stare 50 godina) pa od jedne velike kugle napravim nekoliko manjih loptica tijesta koje razvaljam u pala\u010dinke i dobro pobra\u0161nim. Na ma\u0161inici koristim debljine valjanja od 1 (najdeblje tijesto) do 5. Zadnja, \u0161esta, mi je pretanka za ovu vrstu tjestenine. Mo\u017eete raditi i na klasi\u010dan na\u010din, valjanjem valjkom te rezanjem o\u0161trim no\u017eem na \u0161iroke trake. Nakon \u0161to ste izrezali rezance, stavite ih na krpu posutu bra\u0161nom da se osu\u0161e. Tako ih mo\u017eete spremiti za budu\u0107u upotrebu. \u010cuvajte ih na suhom i tamnom mjestu do par tjedana.<\/p>\n<p>Tjesteninu kuhate kao i bilo koju klasi\u010dnu, u puno posoljene vode nekoliko minuta. Ove \u0161iroke rezance mo\u017eete poslu\u017eiti s umakom od sira, umakom od raj\u010dica ili kao prilog uz neko mesno jelo. Imaju predivnu zelenu boju te blagu aromu medvje\u0111eg luka.<\/p>\n<p>Dobar tek!<\/p>\n<p><em>pi\u0161e Valentina Vukadinovi\u0107<\/em><\/p>\n","protected":false},"excerpt":{"rendered":"<p>Listove medvje\u0111eg luka mo\u017eete koristiti kao dodatak salati ili svje\u017eem siru, a mo\u017eete od njega izraditi za\u010dinsku sol, pesto, krem juhe, kruh, pala\u010dinke ili tjesteninu poput ovih rezanaca<\/p>\n","protected":false},"featured_media":2879,"template":"","tags":[42],"atribut":[],"class_list":["post-1138","nada","type-nada","status-publish","has-post-thumbnail","hentry","tag-gorski-kotao"],"acf":[],"yoast_head":"<!-- This site is optimized with the Yoast SEO plugin v27.4 - https:\/\/yoast.com\/product\/yoast-seo-wordpress\/ -->\n<title>Rezanci od medvje\u0111eg luka - SDF - Srpski demokratski forum<\/title>\n<meta name=\"robots\" content=\"index, follow, max-snippet:-1, max-image-preview:large, max-video-preview:-1\" \/>\n<link rel=\"canonical\" href=\"https:\/\/sdf.hr\/hr\/nada\/gorski-kotao-rezanci-od-medvjedjeg-luka\/\" \/>\n<meta property=\"og:locale\" content=\"hr_HR\" \/>\n<meta property=\"og:type\" content=\"article\" \/>\n<meta property=\"og:title\" content=\"Rezanci od medvje\u0111eg luka - SDF - Srpski demokratski forum\" \/>\n<meta property=\"og:description\" content=\"Listove medvje\u0111eg luka mo\u017eete koristiti kao dodatak salati ili svje\u017eem siru, a mo\u017eete od njega izraditi za\u010dinsku sol, pesto, krem juhe, kruh, pala\u010dinke ili tjesteninu poput ovih rezanaca\" \/>\n<meta property=\"og:url\" content=\"https:\/\/sdf.hr\/hr\/nada\/gorski-kotao-rezanci-od-medvjedjeg-luka\/\" \/>\n<meta property=\"og:site_name\" content=\"SDF - Srpski demokratski forum\" \/>\n<meta property=\"article:modified_time\" content=\"2023-03-20T14:55:20+00:00\" \/>\n<meta property=\"og:image\" content=\"https:\/\/sdf.hr\/wp-content\/uploads\/2022\/09\/Luk-1-scaled.jpeg\" \/>\n\t<meta property=\"og:image:width\" content=\"2560\" \/>\n\t<meta property=\"og:image:height\" content=\"1438\" \/>\n\t<meta property=\"og:image:type\" content=\"image\/jpeg\" \/>\n<meta name=\"twitter:card\" content=\"summary_large_image\" \/>\n<meta name=\"twitter:label1\" content=\"Procijenjeno vrijeme \u010ditanja\" \/>\n\t<meta name=\"twitter:data1\" content=\"3 minute\" \/>\n<script type=\"application\/ld+json\" class=\"yoast-schema-graph\">{\"@context\":\"https:\\\/\\\/schema.org\",\"@graph\":[{\"@type\":\"WebPage\",\"@id\":\"https:\\\/\\\/sdf.hr\\\/hr\\\/nada\\\/gorski-kotao-rezanci-od-medvjedjeg-luka\\\/\",\"url\":\"https:\\\/\\\/sdf.hr\\\/hr\\\/nada\\\/gorski-kotao-rezanci-od-medvjedjeg-luka\\\/\",\"name\":\"Rezanci od medvje\u0111eg luka - SDF - Srpski demokratski forum\",\"isPartOf\":{\"@id\":\"https:\\\/\\\/sdf.hr\\\/#website\"},\"primaryImageOfPage\":{\"@id\":\"https:\\\/\\\/sdf.hr\\\/hr\\\/nada\\\/gorski-kotao-rezanci-od-medvjedjeg-luka\\\/#primaryimage\"},\"image\":{\"@id\":\"https:\\\/\\\/sdf.hr\\\/hr\\\/nada\\\/gorski-kotao-rezanci-od-medvjedjeg-luka\\\/#primaryimage\"},\"thumbnailUrl\":\"https:\\\/\\\/sdf.hr\\\/wp-content\\\/uploads\\\/2022\\\/09\\\/Luk-1-scaled.jpeg\",\"datePublished\":\"2022-09-03T18:36:30+00:00\",\"dateModified\":\"2023-03-20T14:55:20+00:00\",\"breadcrumb\":{\"@id\":\"https:\\\/\\\/sdf.hr\\\/hr\\\/nada\\\/gorski-kotao-rezanci-od-medvjedjeg-luka\\\/#breadcrumb\"},\"inLanguage\":\"hr\",\"potentialAction\":[{\"@type\":\"ReadAction\",\"target\":[\"https:\\\/\\\/sdf.hr\\\/hr\\\/nada\\\/gorski-kotao-rezanci-od-medvjedjeg-luka\\\/\"]}]},{\"@type\":\"ImageObject\",\"inLanguage\":\"hr\",\"@id\":\"https:\\\/\\\/sdf.hr\\\/hr\\\/nada\\\/gorski-kotao-rezanci-od-medvjedjeg-luka\\\/#primaryimage\",\"url\":\"https:\\\/\\\/sdf.hr\\\/wp-content\\\/uploads\\\/2022\\\/09\\\/Luk-1-scaled.jpeg\",\"contentUrl\":\"https:\\\/\\\/sdf.hr\\\/wp-content\\\/uploads\\\/2022\\\/09\\\/Luk-1-scaled.jpeg\",\"width\":2560,\"height\":1438},{\"@type\":\"BreadcrumbList\",\"@id\":\"https:\\\/\\\/sdf.hr\\\/hr\\\/nada\\\/gorski-kotao-rezanci-od-medvjedjeg-luka\\\/#breadcrumb\",\"itemListElement\":[{\"@type\":\"ListItem\",\"position\":1,\"name\":\"Po\u010detna stranica\",\"item\":\"https:\\\/\\\/sdf.hr\\\/hr\\\/\"},{\"@type\":\"ListItem\",\"position\":2,\"name\":\"Nada\",\"item\":\"https:\\\/\\\/sdf.hr\\\/nada\\\/\"},{\"@type\":\"ListItem\",\"position\":3,\"name\":\"Rezanci od medvje\u0111eg luka\"}]},{\"@type\":\"WebSite\",\"@id\":\"https:\\\/\\\/sdf.hr\\\/#website\",\"url\":\"https:\\\/\\\/sdf.hr\\\/\",\"name\":\"SDF - Srpski demokratski forum\",\"description\":\"Srpski demokratski forum\",\"publisher\":{\"@id\":\"https:\\\/\\\/sdf.hr\\\/#organization\"},\"potentialAction\":[{\"@type\":\"SearchAction\",\"target\":{\"@type\":\"EntryPoint\",\"urlTemplate\":\"https:\\\/\\\/sdf.hr\\\/?s={search_term_string}\"},\"query-input\":{\"@type\":\"PropertyValueSpecification\",\"valueRequired\":true,\"valueName\":\"search_term_string\"}}],\"inLanguage\":\"hr\"},{\"@type\":\"Organization\",\"@id\":\"https:\\\/\\\/sdf.hr\\\/#organization\",\"name\":\"SDF - Srpski demokratski forum\",\"url\":\"https:\\\/\\\/sdf.hr\\\/\",\"logo\":{\"@type\":\"ImageObject\",\"inLanguage\":\"hr\",\"@id\":\"https:\\\/\\\/sdf.hr\\\/#\\\/schema\\\/logo\\\/image\\\/\",\"url\":\"https:\\\/\\\/sdf.hr\\\/wp-content\\\/uploads\\\/2021\\\/07\\\/logo-hr.svg\",\"contentUrl\":\"https:\\\/\\\/sdf.hr\\\/wp-content\\\/uploads\\\/2021\\\/07\\\/logo-hr.svg\",\"width\":271,\"height\":100,\"caption\":\"SDF - Srpski demokratski forum\"},\"image\":{\"@id\":\"https:\\\/\\\/sdf.hr\\\/#\\\/schema\\\/logo\\\/image\\\/\"}}]}<\/script>\n<!-- \/ Yoast SEO plugin. -->","yoast_head_json":{"title":"Rezanci od medvje\u0111eg luka - SDF - Srpski demokratski forum","robots":{"index":"index","follow":"follow","max-snippet":"max-snippet:-1","max-image-preview":"max-image-preview:large","max-video-preview":"max-video-preview:-1"},"canonical":"https:\/\/sdf.hr\/hr\/nada\/gorski-kotao-rezanci-od-medvjedjeg-luka\/","og_locale":"hr_HR","og_type":"article","og_title":"Rezanci od medvje\u0111eg luka - SDF - Srpski demokratski forum","og_description":"Listove medvje\u0111eg luka mo\u017eete koristiti kao dodatak salati ili svje\u017eem siru, a mo\u017eete od njega izraditi za\u010dinsku sol, pesto, krem juhe, kruh, pala\u010dinke ili tjesteninu poput ovih rezanaca","og_url":"https:\/\/sdf.hr\/hr\/nada\/gorski-kotao-rezanci-od-medvjedjeg-luka\/","og_site_name":"SDF - Srpski demokratski forum","article_modified_time":"2023-03-20T14:55:20+00:00","og_image":[{"width":2560,"height":1438,"url":"https:\/\/sdf.hr\/wp-content\/uploads\/2022\/09\/Luk-1-scaled.jpeg","type":"image\/jpeg"}],"twitter_card":"summary_large_image","twitter_misc":{"Procijenjeno vrijeme \u010ditanja":"3 minute"},"schema":{"@context":"https:\/\/schema.org","@graph":[{"@type":"WebPage","@id":"https:\/\/sdf.hr\/hr\/nada\/gorski-kotao-rezanci-od-medvjedjeg-luka\/","url":"https:\/\/sdf.hr\/hr\/nada\/gorski-kotao-rezanci-od-medvjedjeg-luka\/","name":"Rezanci od medvje\u0111eg luka - SDF - Srpski demokratski forum","isPartOf":{"@id":"https:\/\/sdf.hr\/#website"},"primaryImageOfPage":{"@id":"https:\/\/sdf.hr\/hr\/nada\/gorski-kotao-rezanci-od-medvjedjeg-luka\/#primaryimage"},"image":{"@id":"https:\/\/sdf.hr\/hr\/nada\/gorski-kotao-rezanci-od-medvjedjeg-luka\/#primaryimage"},"thumbnailUrl":"https:\/\/sdf.hr\/wp-content\/uploads\/2022\/09\/Luk-1-scaled.jpeg","datePublished":"2022-09-03T18:36:30+00:00","dateModified":"2023-03-20T14:55:20+00:00","breadcrumb":{"@id":"https:\/\/sdf.hr\/hr\/nada\/gorski-kotao-rezanci-od-medvjedjeg-luka\/#breadcrumb"},"inLanguage":"hr","potentialAction":[{"@type":"ReadAction","target":["https:\/\/sdf.hr\/hr\/nada\/gorski-kotao-rezanci-od-medvjedjeg-luka\/"]}]},{"@type":"ImageObject","inLanguage":"hr","@id":"https:\/\/sdf.hr\/hr\/nada\/gorski-kotao-rezanci-od-medvjedjeg-luka\/#primaryimage","url":"https:\/\/sdf.hr\/wp-content\/uploads\/2022\/09\/Luk-1-scaled.jpeg","contentUrl":"https:\/\/sdf.hr\/wp-content\/uploads\/2022\/09\/Luk-1-scaled.jpeg","width":2560,"height":1438},{"@type":"BreadcrumbList","@id":"https:\/\/sdf.hr\/hr\/nada\/gorski-kotao-rezanci-od-medvjedjeg-luka\/#breadcrumb","itemListElement":[{"@type":"ListItem","position":1,"name":"Po\u010detna stranica","item":"https:\/\/sdf.hr\/hr\/"},{"@type":"ListItem","position":2,"name":"Nada","item":"https:\/\/sdf.hr\/nada\/"},{"@type":"ListItem","position":3,"name":"Rezanci od medvje\u0111eg luka"}]},{"@type":"WebSite","@id":"https:\/\/sdf.hr\/#website","url":"https:\/\/sdf.hr\/","name":"SDF - Srpski demokratski forum","description":"Srpski demokratski forum","publisher":{"@id":"https:\/\/sdf.hr\/#organization"},"potentialAction":[{"@type":"SearchAction","target":{"@type":"EntryPoint","urlTemplate":"https:\/\/sdf.hr\/?s={search_term_string}"},"query-input":{"@type":"PropertyValueSpecification","valueRequired":true,"valueName":"search_term_string"}}],"inLanguage":"hr"},{"@type":"Organization","@id":"https:\/\/sdf.hr\/#organization","name":"SDF - Srpski demokratski forum","url":"https:\/\/sdf.hr\/","logo":{"@type":"ImageObject","inLanguage":"hr","@id":"https:\/\/sdf.hr\/#\/schema\/logo\/image\/","url":"https:\/\/sdf.hr\/wp-content\/uploads\/2021\/07\/logo-hr.svg","contentUrl":"https:\/\/sdf.hr\/wp-content\/uploads\/2021\/07\/logo-hr.svg","width":271,"height":100,"caption":"SDF - Srpski demokratski forum"},"image":{"@id":"https:\/\/sdf.hr\/#\/schema\/logo\/image\/"}}]}},"_links":{"self":[{"href":"https:\/\/sdf.hr\/hr\/wp-json\/wp\/v2\/nada\/1138","targetHints":{"allow":["GET"]}}],"collection":[{"href":"https:\/\/sdf.hr\/hr\/wp-json\/wp\/v2\/nada"}],"about":[{"href":"https:\/\/sdf.hr\/hr\/wp-json\/wp\/v2\/types\/nada"}],"wp:featuredmedia":[{"embeddable":true,"href":"https:\/\/sdf.hr\/hr\/wp-json\/wp\/v2\/media\/2879"}],"wp:attachment":[{"href":"https:\/\/sdf.hr\/hr\/wp-json\/wp\/v2\/media?parent=1138"}],"wp:term":[{"taxonomy":"post_tag","embeddable":true,"href":"https:\/\/sdf.hr\/hr\/wp-json\/wp\/v2\/tags?post=1138"},{"taxonomy":"atribut","embeddable":true,"href":"https:\/\/sdf.hr\/hr\/wp-json\/wp\/v2\/atribut?post=1138"}],"curies":[{"name":"wp","href":"https:\/\/api.w.org\/{rel}","templated":true}]}}