{"id":1147,"date":"2022-09-05T13:03:51","date_gmt":"2022-09-05T11:03:51","guid":{"rendered":"https:\/\/sdf.hr\/?post_type=nada&#038;p=1147"},"modified":"2023-03-19T16:52:42","modified_gmt":"2023-03-19T15:52:42","slug":"car-je-golub","status":"publish","type":"nada","link":"https:\/\/sdf.hr\/hr\/nada\/car-je-golub\/","title":{"rendered":"Car je golub"},"content":{"rendered":"<p>&#8220;Ne razumijem za\u0161to bi se ljudi htjeli rije\u0161iti golubova. Ne smetaju nikome&#8221;, nedavni je tweet Mikea Tysona koji je brzo postao viralan. Kako mehanizam viralnoga \u010desto ne ide ruku pod ruku s po\u0161tenim vremeplovom, dodat \u0107emo odmah ovdje da se Tyson nije slu\u010dajno na\u0161ao u golubinjak sferi Twittera. Osim \u0161to je u \u017eivotu pod ruku vodao tigrove svakakve sorte, od \u017eivotinjskog svijeta najvi\u0161e je i naj\u010de\u0161\u0107e isticao upravo golubove. Prvi ozbiljan boksa\u010dki udarac koji je nekome zadao vezuje uz smrt goluba Juliusa, &#8220;prvog bi\u0107a koje je u \u017eivotu volio&#8221;, a kojemu je glavu zavrnuo \u010dovjek kojeg je Tyson zbog toga ulovio i pretukao. Golub je i jedan od glavnih i posebno upe\u010datljivih likova u animiranoj seriji &#8220;Mike Tyson Misterije&#8221; (2014. \u2014 2020.).<\/p>\n<p>Kao gradsku \u017eivotinju broj jedan, goluba se spominje svugdje i u knji\u017eevnim krajolicima \u2013 od autobiografije Bekima Fehmiua &#8220;Blistavo i stra\u0161no&#8221;, &#8220;Lovca na zmajeve&#8221; Khaleda Hosseinija i &#8220;Smrtnih ishoda atletskih povreda&#8221; Milice Vu\u010dkovi\u0107 do lektirnog srcodera Tita Bilopavlovi\u0107a o pauna\u0161u. Sve su to zapravo pri\u010de o tome \u0161to je golub \u010dovjeku, ali \u0161to je \u010dovjek golubu \u2013 o tome pojma nemamo.<\/p>\n<p>\u2014 Golub je toliko prisutan u gradovima zbog duge veze ljudi i golubova. Vi\u0161e je razloga. Radi se o tome da je uzgoj golubova zapo\u010deo prije pet tisu\u0107a godina, ali i o \u010dinjenici da im je prirodno gnjezdili\u0161te, a to su stijene, vrlo sli\u010dno na\u0161im gra\u0111evinama. Jednostavno, golubovi su bili tu uz nas jo\u0161 i prije nego \u0161to smo imali gradove pa je bilo lako odbjeglim golubovima postupno se po\u010deti gnijezditi po zgradama kako su se one gradile i prilagoditi se gradskom na\u010dinu \u017eivota. Prednost im je bila i nedostatak straha od ljudi te prilagodba na raznovrstan na\u010din prehrane \u2013 obja\u0161njava Iva \u0160o\u0161tari\u0107 iz udruge BIOM koja je hrvatski predstavnik u krovnoj svjetskoj organizaciji za za\u0161titu ptica.<\/p>\n<p>Golubovi su kroz 19. stolje\u0107e gurnuti u intenzivno komercijalne vode, primarno oni kojima je odre\u0111ena uloga pismono\u0161e, koji su tada po\u010deli prenositi poruke za financijske institucije i prve novinske agencije u Europi. Koristila ih je i familija Rothschild za slanje i dobivanje financijskih informacija, kao i novinska agencija Reuters, \u010diji su golubovi sredinom 19. stolje\u0107a letjeli izme\u0111u Aachena i Bruxellesa, prenose\u0107i najnovije vijesti i obavijesti o cijenama dionica. Telegrafska slu\u017eba bila je u nekim zemljama ve\u0107 uspostavljena, ali je bila dosta nepouzdana, pa su golubovi ostali preferirana metoda zbog svoje brzine i pouzdanosti. Stolje\u0107e kasnije, golubovima se za preno\u0161enje poruka slu\u017eilo u oba svjetska rata. Procjenjuje se da je oko \u0161esnaest tisu\u0107a golubova kori\u0161teno diljem Europe tijekom Drugog svjetskog rata, od \u010dega je manje od dvije tisu\u0107e ratne pute\u0161estvije i pre\u017eivjelo. Ne \u010dudi da je goluba 1972. godine opjevao bend Amerika, trio sastavljen od sinova radnika ameri\u010dkog ratnog zrakoplovstva stacioniranih u Londonu.<\/p>\n<p>Osim \u0161to je golubova sposobnost dobre navigacije i preciznog vra\u0107anja ku\u0107i poslu\u017eila u ratne svrhe, u brojnim su zemljama kroz stolje\u0107a za\u017eivjela i &#8220;sportska&#8221; natjecanja, utrke golubova. Ne zna se kada su to\u010dno ljudi po\u010deli tjerati golubove da se malo i utrkuju, ali prvi spomen golubarskih utrka kakve i danas opstaju ve\u017ee su uz Belgiju 1850. godine. Vrhunac popularnosti utrke su do\u017eivjele sredinom 20. stolje\u0107a, kada je samo u Velikoj Britaniji bilo oko 170 tisu\u0107a uzgajiva\u010da golubova, koji su ih uglavnom uzgajali radi tog unosnog &#8220;sporta&#8221;.<\/p>\n<p>Neupitna je i nimalo tajna, dakle, duga veza goluba i \u010dovjeka, a bome i \u010dinjenica da je golub ni-kriv-ni-du\u017ean dao svoj obol i razvoju kapitalizma, i prekrajanju re\u017eima i granica kroz svjetske ratove. Po\u017eeljeli smo zato \u010duti ne\u0161to vi\u0161e o golubovima u na\u0161im krajevima. Po internetskim portalima dugo je kolala pri\u010da kako je Hrvatska po\u0161ta donedavno imala nekoliko relacija na kojima su golubovi pismono\u0161e svakodnevno letjeli, a ta je usluga bila rezervirana samo za velike korisnike, kao poseban bonus na godi\u0161nju suradnju. Navodilo se kako je najisplativija i najbr\u017ea ruta bila Zagreb \u2013 Split, pogotovo u doba kada nije bilo autoceste. Nakon dolaska u Split ili Zagreb golub pismono\u0161a se odmarao do idu\u0107eg dana, a njegovu povratnu rutu bi preuzeo &#8220;imenjak&#8221;. Prije desetak godina objavljena je i vijest kako Odjel za specijalne dostave Hrvatske po\u0161te prodaje posljednje golubove pismono\u0161e i ukida usluge za koje su se dugo koristili golubovi. U potrazi za vi\u0161e informacija o golubljoj radni\u010dko-robovskoj povijesti obratili smo se Hrvatskoj po\u0161ti, da bismo doznali da se radi o izvornom \u010dlanku koji je prvoaprilska \u0161ala iz 2011. godine i koji se kasnije pro\u0161irio po drugim portalima a da nitko nije provjeravao informacije u njemu navedene. Dezinformacija \u0107e vjerojatno jo\u0161 dugo i sna\u017eno \u017eivjeti na internetu, ali \u010dinjenica je da su golubove pismono\u0161e koristili mnogi, iako Hrvatska po\u0161ta ipak nije.<\/p>\n<figure id=\"attachment_2869\" aria-describedby=\"caption-attachment-2869\" style=\"width: 1024px\" class=\"wp-caption alignnone\"><img loading=\"lazy\" decoding=\"async\" class=\"wp-image-2869 size-full\" src=\"https:\/\/sdf.hr\/wp-content\/uploads\/2022\/09\/Golub-postar-Harpers_Engraving.png\" alt=\"\" width=\"1024\" height=\"807\" srcset=\"https:\/\/sdf.hr\/wp-content\/uploads\/2022\/09\/Golub-postar-Harpers_Engraving.png 1024w, https:\/\/sdf.hr\/wp-content\/uploads\/2022\/09\/Golub-postar-Harpers_Engraving-300x236.png 300w, https:\/\/sdf.hr\/wp-content\/uploads\/2022\/09\/Golub-postar-Harpers_Engraving-768x605.png 768w\" sizes=\"auto, (max-width: 1024px) 100vw, 1024px\" \/><figcaption id=\"caption-attachment-2869\" class=\"wp-caption-text\">Golub po\u0161tar \u2013 Harper&#8217;s Magazine iz 1873. (Foto: Wikipedia)<\/figcaption><\/figure>\n<p>Iz porodice golubovki, u na\u0161im su krajevima ve\u0107ini ljudi najpoznatiji gradski golub, grlica i gugutka. Iva \u0160o\u0161tari\u0107 iz BIOM-a obja\u0161njava nam kako je posljednjih godina do\u0161lo do smanjenja populacije grlice.<\/p>\n<p>\u2014 Kada govorimo o efektu klimatskih promjena, prije svega mislimo na nestabilne i promjenjive vremenske uvjete. Na primjer, prolje\u0107e dolazi ne\u0161to ranije pa stanarice, kao \u0161to je gugutka, imaju prednost nad selicama, kao \u0161to je grlica, u zauzimanju teritorija i zapo\u010dinjanju gnije\u017e\u0111enja. Tako\u0111er, nenadani periodi hladno\u0107e tijekom kasnog prolje\u0107a i toplinski valovi koji ih ubrzo zamjenjuju imaju negativan utjecaj na uspje\u0161nost gnije\u017e\u0111enja kod ove vrste. Jedna od najve\u0107ih prijetnji za grlicu je nestanak stani\u0161ta i nedostatak hrane. Koli\u010dina mozai\u010dnih poljoprivrednih povr\u0161ina kakve joj odgovaraju se smanjuje, a posebno je problemati\u010dno i kori\u0161tenje pesticida jer se grlica u velikoj mjeri hrani sjemenjem razli\u010ditog korova. Nestanak povoljnog stani\u0161ta tako\u0111er joj prijeti i u Africi u kojoj zimuje, a tijekom selidbe brojne ptice stradaju i u neodr\u017eivom lovu i krivolovu &#8211; ka\u017ee na\u0161a sugovornica.<\/p>\n<p>Dok su se nad grlicu nadvile razne prijetnje, stanarka gugutka se dobro dr\u017ei. U narodu je zbog svoga gugutanja najpoznatija kao &#8220;kupuj kruh&#8221; ptica.<\/p>\n<p>\u2014 Zapravo ne znamo kako je nastala ta onomatopeja, no zanimljivo je da se \u010dini da se u narodu pojavila prili\u010dno brzo nakon pojave same ptice. U &#8220;Rje\u010dniku narodnih zoologi\u010dkih naziva&#8221; (Miroslav Hirtz, 1947.) se ne spominje ova onomatopeja jer gugutke tada uop\u0107e jo\u0161 nije bilo na na\u0161im podru\u010djima, ali se zato spominje &#8220;kupuj&#8221; kao onomatopeja za kukavicu. U knjizi &#8220;Ptice hrvatske obale Jadrana&#8221; (Dragutin Rucner, 1998.) se spominje &#8220;kupuj kruh ptica&#8221; kao narodni naziv za gugutku kod stanovnika Metkovi\u0107a, a u razgovoru s kolegama iz Me\u0111imurja sam nedavno doznala da se kod njih glasanje gugutke opona\u0161a s &#8220;dugo spi\u0161&#8221; &#8211; obja\u0161njava nam \u0160o\u0161tari\u0107.<\/p>\n<p>Onima koje zanima vi\u0161e o narodnim nazivima i pri\u010dama i etimolo\u0161koj i kulturnoj povijesti ptica, uz dvije ve\u0107 spomenute knjige, \u0160o\u0161tari\u0107 preporu\u010duje i &#8220;Ptice \u2013 prirodopisne i kulturne crtice&#8221; (Stjepan Gjura\u0161in, 1901.). Za gra\u0111ane i gra\u0111anke Zagreba koristan bi mogao biti i &#8220;Atlas ptica gnjezdarica grada Zagreba&#8221; koji sadr\u017ei popis stotinjak ptica koje su zabilje\u017eene na gnije\u017e\u0111enju u glavnom gradu, od Vrap\u010da na zapadu do Dubrave i Trnov\u010dice na istoku, od Mirogoja do Slobo\u0161tine.<\/p>\n<p>Gradski golub je vrsta goluba koju u Zagrebu, ali i drugim gradovima, naj\u010de\u0161\u0107e imamo priliku vidjeti. S vremenom se i arhitektura u gradovima sve vi\u0161e okre\u0107e kontra golubova, pa se na velikom broju zgrada mogu vidjeti metalni \u0161iljci \u010dija je namjena da se golubove rastjera i onemogu\u0107i im se gnije\u017e\u0111enje.<\/p>\n<p>Arhitektinja Selena Savi\u0107 i dizajner Gordon Savi\u010di\u0107, dvojac iza bloga i knjige &#8220;Unpleasant Design&#8221; (2013.), godinama se bave neprijateljskom arhitekturom, oblikovanjem gradova koje je usmjereno kontra \u017eivotinja i besku\u0107nika. Za jednu studiju slu\u010daja, nazvanu &#8220;Neugodno za golubove&#8221;, Savi\u0107 i Savi\u010di\u0107 prikupili su podatke o razli\u010ditim metodama tjeranja i zlostavljanja golubova u gradovima. Na njihovom se podu\u017eem popisu mogu na\u0107i raznolike i inventivne metode, od mre\u017ea, elektrificiranih \u017eica, komada plastike koji ravne povr\u0161ine pretvaraju u kosine, la\u017enih ptica grabljivica i, naravno, metalnih \u0161iljaka. Kao \u0161to se, primjerice, javne klupe u mnogim gradovima rade sve neudobnije kako na njih ne bi mogli le\u0107i besku\u0107nici pa se tako ljude koji nemaju gdje sili da vazda tumaraju unigdje, tako i se golubove tjera da neprestano pronalaze druga mjesta na kojima \u0107e mo\u017eda mo\u0107i zastati i postojati. Nije, naravno, neprijateljska arhitektura jedini problem za golubove u gradskom su\u017eivotu koji se kroji po mjeri ljudi. Razine na kojima se domi\u0161lja kako golubove mijenjati i izmicati karikirao je umjetni\u010dki duo Revital Cohen i Tuur van Balen, koji u radu &#8220;Zlatni golub&#8221; iz 2010. godine naga\u0111aju o hranjenju golubova posebnim bakterijama koje bi njihovom izmetu dale svojstva sapuna. Jedan od artefakata koje izvode u &#8220;Zlatnom golubu&#8221; je su\u010delje izme\u0111u golubova i parkiranih automobila, a koje bi proizvedeni sapun zakeljilo direkt na vjetrobransko staklo.<\/p>\n<p>\u2014 \u010cesto nam se znaju obra\u0107ati uznemireni gra\u0111ani i gra\u0111anke koji hrane golubove jer im drugi ljudi prijete da \u0107e ih prijaviti zbog toga \u0161to rade. Neki su do\u017eivjeli i verbalno uznemiravanje pa i prijetnje fizi\u010dkim nasiljem. Hranjenje golubova u Zagrebu je u potpunosti dozvoljeno te nema propisa koji to brani, to ljudi trebaju znati. Dapa\u010de, Zakonom o za\u0161titi \u017eivotinja zabranjeno je \u017eivotinjama ograni\u010davati pristup hrani i vodi. U par navrata smo primili i dojave o trovanju golubova pa upu\u0107ujemo gra\u0111ane da to prijave nadle\u017enim institucijama, veterinarskoj inspekciji i policiji, jer trovanje spada u kazneno djelo ubijanja \u017eivotinja. Mi u udruzi nemamo zakonske ovlasti postupati u takvim slu\u010dajevima. Prije par godina smo dobili i dojave o osobama koje su obojale golubove u kri\u010davo ru\u017ei\u010dastu boju i predstavljale ih kao turisti\u010dku atrakciju na glavnom zagreba\u010dkom trgu, \u0161to smo naravno prijavili inspekciji &#8211; pri\u010da nam Lorena Herceg iz udruge Prijatelji \u017eivotinja.<\/p>\n<p>U razgovoru o problemima golublje svakodnevice, kao glavni se otegotni faktor, nimalo iznena\u0111uju\u0107e, opetovano pojavljuje \u010dovjek.<\/p>\n<p>\u2014 Golubovi su divlje ptice i u gradu imaju puno dostupne hrane, ina\u010de se ne bi ovdje niti zadr\u017eavali. Problem je \u0161to im je ljeti u urbanim sredinama te\u017ee do\u0107i do vode pa zna do\u0107i do pomora velikog broja goluba. Problem im rade ljudi koji ih vide kao &#8220;napast&#8221; i problem koji treba &#8220;rije\u0161iti&#8221;. Svakako bi Grad Zagreb, a i drugi gradovi, trebali omogu\u0107iti uvijek dostupnu pitku vodu. Tako\u0111er treba pripaziti na otpad da bude pravilno zbrinut kako ne bi bio dostupan \u017eivotinjama. Naime, &#8220;prekomjeran&#8221; broj golubova uzrokuje upravo nepravilno gospodarenje otpadom, odnosno \u010dovjek &#8211; obja\u0161njava Herceg.<\/p>\n<p>Pri\u010damo jo\u0161 malo o rje\u0161enjima, o na\u010dinima na koje svi golubovima mo\u017eemo pomo\u0107i ili im barem malo manje odmagati u ovom prostoru i vremenu koje svi skupa dijelimo.<\/p>\n<p>\u2014 Najva\u017enije je golubovima omogu\u0107iti pristup vodi tijekom vru\u0107ih ljetnih dana, ne uznemiravati ih i pustiti da \u017eive \u0161to prirodnije mogu u na\u0161oj, ali i njihovoj okolini. Tako\u0111er treba pripaziti u prometu da ih se ne ozlijedi, \u0161to se \u010desto doga\u0111a. Ako netko primijeti ozlije\u0111enog goluba, ili neku drugu pticu, na podru\u010dju Zagreba treba o tome odmah obavijestiti gradsko skloni\u0161te Dumovac, koje \u0107e ga onda zbrinuti. Moramo se pomiriti s time da su golubovi, kao i vrane, galebovi i sli\u010dni &#8220;nepo\u017eeljnici&#8221;, stanovnici u na\u0161im gradovima i zato moramo zajedno prona\u0107i na\u010din da koegzistiramo &#8211; poru\u010duje Herceg.<\/p>\n<p><em>pi\u0161e Ivana Peri\u0107<\/em><\/p>\n","protected":false},"excerpt":{"rendered":"<p>Golub je toliko prisutan u gradovima zbog duge veze ljudi i golubova \u010diji je uzgoj zapo\u010deo prije pet tisu\u0107a godina, obja\u0161njava Iva \u0160o\u0161tari\u0107 iz BIOM-a. Kod nas su najpoznatiji gradski golub, gugutka i grlica, \u010dija se populacija smanjuje zbog klimatskih promjena<\/p>\n","protected":false},"featured_media":2866,"template":"","tags":[130],"atribut":[],"class_list":["post-1147","nada","type-nada","status-publish","has-post-thumbnail","hentry","tag-tema"],"acf":[],"yoast_head":"<!-- This site is optimized with the Yoast SEO plugin v27.4 - https:\/\/yoast.com\/product\/yoast-seo-wordpress\/ -->\n<title>Car je golub - SDF - Srpski demokratski forum<\/title>\n<meta name=\"robots\" content=\"index, follow, max-snippet:-1, max-image-preview:large, max-video-preview:-1\" \/>\n<link rel=\"canonical\" href=\"https:\/\/sdf.hr\/hr\/nada\/car-je-golub\/\" \/>\n<meta property=\"og:locale\" content=\"hr_HR\" \/>\n<meta property=\"og:type\" content=\"article\" \/>\n<meta property=\"og:title\" content=\"Car je golub - SDF - Srpski demokratski forum\" \/>\n<meta property=\"og:description\" content=\"Golub je toliko prisutan u gradovima zbog duge veze ljudi i golubova \u010diji je uzgoj zapo\u010deo prije pet tisu\u0107a godina, obja\u0161njava Iva \u0160o\u0161tari\u0107 iz BIOM-a. Kod nas su najpoznatiji gradski golub, gugutka i grlica, \u010dija se populacija smanjuje zbog klimatskih promjena\" \/>\n<meta property=\"og:url\" content=\"https:\/\/sdf.hr\/hr\/nada\/car-je-golub\/\" \/>\n<meta property=\"og:site_name\" content=\"SDF - Srpski demokratski forum\" \/>\n<meta property=\"article:modified_time\" content=\"2023-03-19T15:52:42+00:00\" \/>\n<meta property=\"og:image\" content=\"https:\/\/sdf.hr\/wp-content\/uploads\/2022\/09\/Golubovi-Cvjetni-trg-foto-Emica-Elvedji-1-scaled.jpg\" \/>\n\t<meta property=\"og:image:width\" content=\"2560\" \/>\n\t<meta property=\"og:image:height\" content=\"1712\" \/>\n\t<meta property=\"og:image:type\" content=\"image\/jpeg\" \/>\n<meta name=\"twitter:card\" content=\"summary_large_image\" \/>\n<meta name=\"twitter:label1\" content=\"Procijenjeno vrijeme \u010ditanja\" \/>\n\t<meta name=\"twitter:data1\" content=\"10 minuta\" \/>\n<script type=\"application\/ld+json\" class=\"yoast-schema-graph\">{\"@context\":\"https:\\\/\\\/schema.org\",\"@graph\":[{\"@type\":\"WebPage\",\"@id\":\"https:\\\/\\\/sdf.hr\\\/hr\\\/nada\\\/car-je-golub\\\/\",\"url\":\"https:\\\/\\\/sdf.hr\\\/hr\\\/nada\\\/car-je-golub\\\/\",\"name\":\"Car je golub - SDF - Srpski demokratski forum\",\"isPartOf\":{\"@id\":\"https:\\\/\\\/sdf.hr\\\/#website\"},\"primaryImageOfPage\":{\"@id\":\"https:\\\/\\\/sdf.hr\\\/hr\\\/nada\\\/car-je-golub\\\/#primaryimage\"},\"image\":{\"@id\":\"https:\\\/\\\/sdf.hr\\\/hr\\\/nada\\\/car-je-golub\\\/#primaryimage\"},\"thumbnailUrl\":\"https:\\\/\\\/sdf.hr\\\/wp-content\\\/uploads\\\/2022\\\/09\\\/Golubovi-Cvjetni-trg-foto-Emica-Elvedji-1-scaled.jpg\",\"datePublished\":\"2022-09-05T11:03:51+00:00\",\"dateModified\":\"2023-03-19T15:52:42+00:00\",\"breadcrumb\":{\"@id\":\"https:\\\/\\\/sdf.hr\\\/hr\\\/nada\\\/car-je-golub\\\/#breadcrumb\"},\"inLanguage\":\"hr\",\"potentialAction\":[{\"@type\":\"ReadAction\",\"target\":[\"https:\\\/\\\/sdf.hr\\\/hr\\\/nada\\\/car-je-golub\\\/\"]}]},{\"@type\":\"ImageObject\",\"inLanguage\":\"hr\",\"@id\":\"https:\\\/\\\/sdf.hr\\\/hr\\\/nada\\\/car-je-golub\\\/#primaryimage\",\"url\":\"https:\\\/\\\/sdf.hr\\\/wp-content\\\/uploads\\\/2022\\\/09\\\/Golubovi-Cvjetni-trg-foto-Emica-Elvedji-1-scaled.jpg\",\"contentUrl\":\"https:\\\/\\\/sdf.hr\\\/wp-content\\\/uploads\\\/2022\\\/09\\\/Golubovi-Cvjetni-trg-foto-Emica-Elvedji-1-scaled.jpg\",\"width\":2560,\"height\":1712,\"caption\":\"Dru\u017eenje na Cvjetnom trgu (Foto: Emica Elve\u0111i\\\/PIXSELL)\"},{\"@type\":\"BreadcrumbList\",\"@id\":\"https:\\\/\\\/sdf.hr\\\/hr\\\/nada\\\/car-je-golub\\\/#breadcrumb\",\"itemListElement\":[{\"@type\":\"ListItem\",\"position\":1,\"name\":\"Po\u010detna stranica\",\"item\":\"https:\\\/\\\/sdf.hr\\\/hr\\\/\"},{\"@type\":\"ListItem\",\"position\":2,\"name\":\"Nada\",\"item\":\"https:\\\/\\\/sdf.hr\\\/nada\\\/\"},{\"@type\":\"ListItem\",\"position\":3,\"name\":\"Car je golub\"}]},{\"@type\":\"WebSite\",\"@id\":\"https:\\\/\\\/sdf.hr\\\/#website\",\"url\":\"https:\\\/\\\/sdf.hr\\\/\",\"name\":\"SDF - Srpski demokratski forum\",\"description\":\"Srpski demokratski forum\",\"publisher\":{\"@id\":\"https:\\\/\\\/sdf.hr\\\/#organization\"},\"potentialAction\":[{\"@type\":\"SearchAction\",\"target\":{\"@type\":\"EntryPoint\",\"urlTemplate\":\"https:\\\/\\\/sdf.hr\\\/?s={search_term_string}\"},\"query-input\":{\"@type\":\"PropertyValueSpecification\",\"valueRequired\":true,\"valueName\":\"search_term_string\"}}],\"inLanguage\":\"hr\"},{\"@type\":\"Organization\",\"@id\":\"https:\\\/\\\/sdf.hr\\\/#organization\",\"name\":\"SDF - Srpski demokratski forum\",\"url\":\"https:\\\/\\\/sdf.hr\\\/\",\"logo\":{\"@type\":\"ImageObject\",\"inLanguage\":\"hr\",\"@id\":\"https:\\\/\\\/sdf.hr\\\/#\\\/schema\\\/logo\\\/image\\\/\",\"url\":\"https:\\\/\\\/sdf.hr\\\/wp-content\\\/uploads\\\/2021\\\/07\\\/logo-hr.svg\",\"contentUrl\":\"https:\\\/\\\/sdf.hr\\\/wp-content\\\/uploads\\\/2021\\\/07\\\/logo-hr.svg\",\"width\":271,\"height\":100,\"caption\":\"SDF - Srpski demokratski forum\"},\"image\":{\"@id\":\"https:\\\/\\\/sdf.hr\\\/#\\\/schema\\\/logo\\\/image\\\/\"}}]}<\/script>\n<!-- \/ Yoast SEO plugin. -->","yoast_head_json":{"title":"Car je golub - SDF - Srpski demokratski forum","robots":{"index":"index","follow":"follow","max-snippet":"max-snippet:-1","max-image-preview":"max-image-preview:large","max-video-preview":"max-video-preview:-1"},"canonical":"https:\/\/sdf.hr\/hr\/nada\/car-je-golub\/","og_locale":"hr_HR","og_type":"article","og_title":"Car je golub - SDF - Srpski demokratski forum","og_description":"Golub je toliko prisutan u gradovima zbog duge veze ljudi i golubova \u010diji je uzgoj zapo\u010deo prije pet tisu\u0107a godina, obja\u0161njava Iva \u0160o\u0161tari\u0107 iz BIOM-a. Kod nas su najpoznatiji gradski golub, gugutka i grlica, \u010dija se populacija smanjuje zbog klimatskih promjena","og_url":"https:\/\/sdf.hr\/hr\/nada\/car-je-golub\/","og_site_name":"SDF - Srpski demokratski forum","article_modified_time":"2023-03-19T15:52:42+00:00","og_image":[{"width":2560,"height":1712,"url":"https:\/\/sdf.hr\/wp-content\/uploads\/2022\/09\/Golubovi-Cvjetni-trg-foto-Emica-Elvedji-1-scaled.jpg","type":"image\/jpeg"}],"twitter_card":"summary_large_image","twitter_misc":{"Procijenjeno vrijeme \u010ditanja":"10 minuta"},"schema":{"@context":"https:\/\/schema.org","@graph":[{"@type":"WebPage","@id":"https:\/\/sdf.hr\/hr\/nada\/car-je-golub\/","url":"https:\/\/sdf.hr\/hr\/nada\/car-je-golub\/","name":"Car je golub - SDF - Srpski demokratski forum","isPartOf":{"@id":"https:\/\/sdf.hr\/#website"},"primaryImageOfPage":{"@id":"https:\/\/sdf.hr\/hr\/nada\/car-je-golub\/#primaryimage"},"image":{"@id":"https:\/\/sdf.hr\/hr\/nada\/car-je-golub\/#primaryimage"},"thumbnailUrl":"https:\/\/sdf.hr\/wp-content\/uploads\/2022\/09\/Golubovi-Cvjetni-trg-foto-Emica-Elvedji-1-scaled.jpg","datePublished":"2022-09-05T11:03:51+00:00","dateModified":"2023-03-19T15:52:42+00:00","breadcrumb":{"@id":"https:\/\/sdf.hr\/hr\/nada\/car-je-golub\/#breadcrumb"},"inLanguage":"hr","potentialAction":[{"@type":"ReadAction","target":["https:\/\/sdf.hr\/hr\/nada\/car-je-golub\/"]}]},{"@type":"ImageObject","inLanguage":"hr","@id":"https:\/\/sdf.hr\/hr\/nada\/car-je-golub\/#primaryimage","url":"https:\/\/sdf.hr\/wp-content\/uploads\/2022\/09\/Golubovi-Cvjetni-trg-foto-Emica-Elvedji-1-scaled.jpg","contentUrl":"https:\/\/sdf.hr\/wp-content\/uploads\/2022\/09\/Golubovi-Cvjetni-trg-foto-Emica-Elvedji-1-scaled.jpg","width":2560,"height":1712,"caption":"Dru\u017eenje na Cvjetnom trgu (Foto: Emica Elve\u0111i\/PIXSELL)"},{"@type":"BreadcrumbList","@id":"https:\/\/sdf.hr\/hr\/nada\/car-je-golub\/#breadcrumb","itemListElement":[{"@type":"ListItem","position":1,"name":"Po\u010detna stranica","item":"https:\/\/sdf.hr\/hr\/"},{"@type":"ListItem","position":2,"name":"Nada","item":"https:\/\/sdf.hr\/nada\/"},{"@type":"ListItem","position":3,"name":"Car je golub"}]},{"@type":"WebSite","@id":"https:\/\/sdf.hr\/#website","url":"https:\/\/sdf.hr\/","name":"SDF - Srpski demokratski forum","description":"Srpski demokratski forum","publisher":{"@id":"https:\/\/sdf.hr\/#organization"},"potentialAction":[{"@type":"SearchAction","target":{"@type":"EntryPoint","urlTemplate":"https:\/\/sdf.hr\/?s={search_term_string}"},"query-input":{"@type":"PropertyValueSpecification","valueRequired":true,"valueName":"search_term_string"}}],"inLanguage":"hr"},{"@type":"Organization","@id":"https:\/\/sdf.hr\/#organization","name":"SDF - Srpski demokratski forum","url":"https:\/\/sdf.hr\/","logo":{"@type":"ImageObject","inLanguage":"hr","@id":"https:\/\/sdf.hr\/#\/schema\/logo\/image\/","url":"https:\/\/sdf.hr\/wp-content\/uploads\/2021\/07\/logo-hr.svg","contentUrl":"https:\/\/sdf.hr\/wp-content\/uploads\/2021\/07\/logo-hr.svg","width":271,"height":100,"caption":"SDF - Srpski demokratski forum"},"image":{"@id":"https:\/\/sdf.hr\/#\/schema\/logo\/image\/"}}]}},"_links":{"self":[{"href":"https:\/\/sdf.hr\/hr\/wp-json\/wp\/v2\/nada\/1147","targetHints":{"allow":["GET"]}}],"collection":[{"href":"https:\/\/sdf.hr\/hr\/wp-json\/wp\/v2\/nada"}],"about":[{"href":"https:\/\/sdf.hr\/hr\/wp-json\/wp\/v2\/types\/nada"}],"wp:featuredmedia":[{"embeddable":true,"href":"https:\/\/sdf.hr\/hr\/wp-json\/wp\/v2\/media\/2866"}],"wp:attachment":[{"href":"https:\/\/sdf.hr\/hr\/wp-json\/wp\/v2\/media?parent=1147"}],"wp:term":[{"taxonomy":"post_tag","embeddable":true,"href":"https:\/\/sdf.hr\/hr\/wp-json\/wp\/v2\/tags?post=1147"},{"taxonomy":"atribut","embeddable":true,"href":"https:\/\/sdf.hr\/hr\/wp-json\/wp\/v2\/atribut?post=1147"}],"curies":[{"name":"wp","href":"https:\/\/api.w.org\/{rel}","templated":true}]}}