{"id":1160,"date":"2022-09-05T13:16:22","date_gmt":"2022-09-05T11:16:22","guid":{"rendered":"https:\/\/sdf.hr\/?post_type=nada&#038;p=1160"},"modified":"2023-03-19T16:43:48","modified_gmt":"2023-03-19T15:43:48","slug":"mangup-ali","status":"publish","type":"nada","link":"https:\/\/sdf.hr\/hr\/nada\/mangup-ali\/","title":{"rendered":"Mangup Ali"},"content":{"rendered":"<p>Skoro \u0107e \u0161esta godi\u0161njica smrti Muhammada Alija, a u zape\u0107cima interneta (\u0161panjolski forumi o boksu) nedavno je entuzijasti\u010dno procirkulirao video Alija koji u intervju za irsku televiziju RT\u00c9 1972. recitira svoju pjesmu posve\u0107enu pobuni u zatvoru Attica. Ali, me\u0111u ostalim, u njoj stihuje: &#8220;Umrijeti bore\u0107i se za slobodu \/ Koji bi kraj mogao biti prikladniji? \/ Bolje sigurno nego u nekom krevetu \/ U kojem naru\u0161enog zdravlja \/ Odugovla\u010dim dok ne umrem \/ Bolje da se zavjetujemo sebi da \u0107emo umrijeti \/ Nego ujaku Tomu \/ Bolje nego sklapati mir samo da bi \u017eivjeli u la\u017ei.&#8221;<\/p>\n<p>Nakon recitacije, Ali u eteru povezuje borbu crna\u010dkih zatvorenika u Attici s borbom Iraca protiv britanskog imperijalizma. Desetlje\u0107e ranije, snimio je album &#8220;I Am The Greatest&#8221; (1963.), kombinaciju monologa, poezije, pjevanja, komedije. I na tom su albumu brojni nabijeni stihovi, a velik je i utjecaj Alijevog elokventnog tre\u0161(talk)anja na kasniju hip-hop kulturu (da nije bilo njegove &#8220;Will The Real Sonny Liston Please Fall Down&#8221;, te\u0161ko da bi Eminem 40 godina kasnije tra\u017eio da ustane pravi Slim Shady).<\/p>\n<p>Dvadesetjednogodi\u0161nji Ali udara kroz stihove, vi\u010de Americi da se navikne na njega, \u0161amara i \u0161aketa u muzi\u010dkim numerama koje su izlistane kao runde. Glasan je, samouvjeren, smije se vlastitim \u0161alama \u2013 ne \u010dudi da se pola stolje\u0107a kasnije na njega referira i Kanye West (vjerojatno u nijednom muzi\u010dkom \u017eanru nema toliko eksplicitnog referiranja na prethodnike kao u hip-hopu, a ameri\u010dki je na mnogo razina zapravo arhiv povijesti crna\u010dke zajednice). Ne \u010dudi ni da Alija kao idola iz mladosti navodi jo\u0161 jedan mnogima nepodno\u0161ljivo samopouzdan momak \u2013 Zlatan Ibrahimovi\u0107. U biografiji &#8220;Ja sam Zlatan&#8221; (2011.), vidimo mladi\u0107a koji odrasta u siroma\u0161tvu, \u0161kola ga zanima jedino zbog ru\u010dka koji tamo dobije, ima govornu manu, rugaju mu se da je jugovi\u0107. On kao klinac krade bicikle, a Ali zbog ukradenog bicikla s dvanaest godina po\u010dinje boksati. Piljak u oku ugla\u0111ene \u0160vedske, uspje\u0161ni Ibrahimovi\u0107 svoju aroganciju opisuje kao otpor, a d\u017eokerski cerek nosi kao zna\u010dku \u010dasti.<\/p>\n<p>Ljubav prema Aliju gaji jo\u0161 jedan nogometni vragolan, Mario Balotelli, tako\u0111er od one bu\u010dne i zajebantske sorte migrantske i radni\u010dke klase koja se pona\u0161a kao da ne zna otkuda dolazi, odnosno \u2013 kao da ne zna gdje joj je mjesto. Balotelli se belji ispred Mona Lise u Louvreu, a rasistima prijeti batinama, zbog \u010dega je spreman zavr\u0161iti u zatvoru. U o\u010dima kriti\u010dara vazda mu fali discipline, pristojnosti. Fali mu ona fina mjera finog svijeta \u0161to bi volio fino nastaviti klati i tla\u010diti.<\/p>\n<p>Vra\u0107a nas to ponovno na Alija, koji novinaru Playboya u intervjuu 1975. navodi neke uzre\u010dice koje je smislio: &#8220;Ratovi protiv nacija vode se da bi se promijenile mape, ali ratovi protiv siroma\u0161tva vode se da bi se mapiralo promjene&#8221;, &#8220;Upravitelj zatvora je u gorem stanju od zatvorenika, jer je u zatvorenika tijelo u zarobljeni\u0161tvu, a u upravitelja um&#8221;, i &#8220;Ljubav je mre\u017ea u koju se srca hvataju kao ribe&#8221;. Za ovu posljednju novinar komentira da je malo otrcana, na \u0161to mu Ali drmne jedan verbalni direkt \u2013 ka\u017ee mu da je znao da nije pametan \u010dim ga je ugledao. U tom razgovoru predstavlja i jednu novu pjesmu, za koju ka\u017ee da je bolja od bilo koje na svijetu. Na pitanje novinara kako zna da je pjesma tako dobra, Ali odgovara: &#8220;Moja pjesma obja\u0161njava istinu, pa \u0161to bi moglo biti bolje od toga?&#8221; A u stihovima, me\u0111u ostalim, ka\u017ee: &#8220;Otvoreno je lice istine \/ Zakon istine je jednostavan: \u0161to sije\u0161, to \u017eanje\u0161.&#8221; Pa onda dodaje: &#8220;To je remek-djelo, ako tako moram re\u0107i.&#8221;<\/p>\n<p><em>pi\u0161e Ivana Peri\u0107<\/em><\/p>\n","protected":false},"excerpt":{"rendered":"<p>Skoro \u0107e \u0161esta godi\u0161njica smrti Muhammada Alija, a u zape\u0107cima interneta nedavno je procirkulirao video Alija koji 1972. recitira pjesmu posve\u0107enu pobuni u zatvoru Attica. Me\u0111u ostalim, u njoj stihuje: &#8220;Umrijeti bore\u0107i se za slobodu \/ Koji bi kraj mogao biti prikladniji?&#8221;<\/p>\n","protected":false},"featured_media":2858,"template":"","tags":[40],"atribut":[],"class_list":["post-1160","nada","type-nada","status-publish","has-post-thumbnail","hentry","tag-dvokorak-naprijed"],"acf":[],"yoast_head":"<!-- This site is optimized with the Yoast SEO plugin v27.4 - https:\/\/yoast.com\/product\/yoast-seo-wordpress\/ -->\n<title>Mangup Ali - SDF - Srpski demokratski forum<\/title>\n<meta name=\"robots\" content=\"index, follow, max-snippet:-1, max-image-preview:large, max-video-preview:-1\" \/>\n<link rel=\"canonical\" href=\"https:\/\/sdf.hr\/hr\/nada\/mangup-ali\/\" \/>\n<meta property=\"og:locale\" content=\"hr_HR\" \/>\n<meta property=\"og:type\" content=\"article\" \/>\n<meta property=\"og:title\" content=\"Mangup Ali - SDF - Srpski demokratski forum\" \/>\n<meta property=\"og:description\" content=\"Skoro \u0107e \u0161esta godi\u0161njica smrti Muhammada Alija, a u zape\u0107cima interneta nedavno je procirkulirao video Alija koji 1972. recitira pjesmu posve\u0107enu pobuni u zatvoru Attica. Me\u0111u ostalim, u njoj stihuje: &quot;Umrijeti bore\u0107i se za slobodu \/ Koji bi kraj mogao biti prikladniji?&quot;\" \/>\n<meta property=\"og:url\" content=\"https:\/\/sdf.hr\/hr\/nada\/mangup-ali\/\" \/>\n<meta property=\"og:site_name\" content=\"SDF - Srpski demokratski forum\" \/>\n<meta property=\"article:modified_time\" content=\"2023-03-19T15:43:48+00:00\" \/>\n<meta property=\"og:image\" content=\"https:\/\/sdf.hr\/wp-content\/uploads\/2022\/09\/Ali_Christina-Jansen_Landmark-2.jpg\" \/>\n\t<meta property=\"og:image:width\" content=\"1192\" \/>\n\t<meta property=\"og:image:height\" content=\"800\" \/>\n\t<meta property=\"og:image:type\" content=\"image\/jpeg\" \/>\n<meta name=\"twitter:card\" content=\"summary_large_image\" \/>\n<meta name=\"twitter:label1\" content=\"Procijenjeno vrijeme \u010ditanja\" \/>\n\t<meta name=\"twitter:data1\" content=\"3 minute\" \/>\n<script type=\"application\/ld+json\" class=\"yoast-schema-graph\">{\"@context\":\"https:\\\/\\\/schema.org\",\"@graph\":[{\"@type\":\"WebPage\",\"@id\":\"https:\\\/\\\/sdf.hr\\\/hr\\\/nada\\\/mangup-ali\\\/\",\"url\":\"https:\\\/\\\/sdf.hr\\\/hr\\\/nada\\\/mangup-ali\\\/\",\"name\":\"Mangup Ali - SDF - Srpski demokratski forum\",\"isPartOf\":{\"@id\":\"https:\\\/\\\/sdf.hr\\\/#website\"},\"primaryImageOfPage\":{\"@id\":\"https:\\\/\\\/sdf.hr\\\/hr\\\/nada\\\/mangup-ali\\\/#primaryimage\"},\"image\":{\"@id\":\"https:\\\/\\\/sdf.hr\\\/hr\\\/nada\\\/mangup-ali\\\/#primaryimage\"},\"thumbnailUrl\":\"https:\\\/\\\/sdf.hr\\\/wp-content\\\/uploads\\\/2022\\\/09\\\/Ali_Christina-Jansen_Landmark-2.jpg\",\"datePublished\":\"2022-09-05T11:16:22+00:00\",\"dateModified\":\"2023-03-19T15:43:48+00:00\",\"breadcrumb\":{\"@id\":\"https:\\\/\\\/sdf.hr\\\/hr\\\/nada\\\/mangup-ali\\\/#breadcrumb\"},\"inLanguage\":\"hr\",\"potentialAction\":[{\"@type\":\"ReadAction\",\"target\":[\"https:\\\/\\\/sdf.hr\\\/hr\\\/nada\\\/mangup-ali\\\/\"]}]},{\"@type\":\"ImageObject\",\"inLanguage\":\"hr\",\"@id\":\"https:\\\/\\\/sdf.hr\\\/hr\\\/nada\\\/mangup-ali\\\/#primaryimage\",\"url\":\"https:\\\/\\\/sdf.hr\\\/wp-content\\\/uploads\\\/2022\\\/09\\\/Ali_Christina-Jansen_Landmark-2.jpg\",\"contentUrl\":\"https:\\\/\\\/sdf.hr\\\/wp-content\\\/uploads\\\/2022\\\/09\\\/Ali_Christina-Jansen_Landmark-2.jpg\",\"width\":1192,\"height\":800,\"caption\":\"Muhammed Ali (Foto: Christina Jansen\\\/Landmark\\\/PIXSELL)\"},{\"@type\":\"BreadcrumbList\",\"@id\":\"https:\\\/\\\/sdf.hr\\\/hr\\\/nada\\\/mangup-ali\\\/#breadcrumb\",\"itemListElement\":[{\"@type\":\"ListItem\",\"position\":1,\"name\":\"Po\u010detna stranica\",\"item\":\"https:\\\/\\\/sdf.hr\\\/hr\\\/\"},{\"@type\":\"ListItem\",\"position\":2,\"name\":\"Nada\",\"item\":\"https:\\\/\\\/sdf.hr\\\/nada\\\/\"},{\"@type\":\"ListItem\",\"position\":3,\"name\":\"Mangup Ali\"}]},{\"@type\":\"WebSite\",\"@id\":\"https:\\\/\\\/sdf.hr\\\/#website\",\"url\":\"https:\\\/\\\/sdf.hr\\\/\",\"name\":\"SDF - Srpski demokratski forum\",\"description\":\"Srpski demokratski forum\",\"publisher\":{\"@id\":\"https:\\\/\\\/sdf.hr\\\/#organization\"},\"potentialAction\":[{\"@type\":\"SearchAction\",\"target\":{\"@type\":\"EntryPoint\",\"urlTemplate\":\"https:\\\/\\\/sdf.hr\\\/?s={search_term_string}\"},\"query-input\":{\"@type\":\"PropertyValueSpecification\",\"valueRequired\":true,\"valueName\":\"search_term_string\"}}],\"inLanguage\":\"hr\"},{\"@type\":\"Organization\",\"@id\":\"https:\\\/\\\/sdf.hr\\\/#organization\",\"name\":\"SDF - Srpski demokratski forum\",\"url\":\"https:\\\/\\\/sdf.hr\\\/\",\"logo\":{\"@type\":\"ImageObject\",\"inLanguage\":\"hr\",\"@id\":\"https:\\\/\\\/sdf.hr\\\/#\\\/schema\\\/logo\\\/image\\\/\",\"url\":\"https:\\\/\\\/sdf.hr\\\/wp-content\\\/uploads\\\/2021\\\/07\\\/logo-hr.svg\",\"contentUrl\":\"https:\\\/\\\/sdf.hr\\\/wp-content\\\/uploads\\\/2021\\\/07\\\/logo-hr.svg\",\"width\":271,\"height\":100,\"caption\":\"SDF - Srpski demokratski forum\"},\"image\":{\"@id\":\"https:\\\/\\\/sdf.hr\\\/#\\\/schema\\\/logo\\\/image\\\/\"}}]}<\/script>\n<!-- \/ Yoast SEO plugin. -->","yoast_head_json":{"title":"Mangup Ali - SDF - Srpski demokratski forum","robots":{"index":"index","follow":"follow","max-snippet":"max-snippet:-1","max-image-preview":"max-image-preview:large","max-video-preview":"max-video-preview:-1"},"canonical":"https:\/\/sdf.hr\/hr\/nada\/mangup-ali\/","og_locale":"hr_HR","og_type":"article","og_title":"Mangup Ali - SDF - Srpski demokratski forum","og_description":"Skoro \u0107e \u0161esta godi\u0161njica smrti Muhammada Alija, a u zape\u0107cima interneta nedavno je procirkulirao video Alija koji 1972. recitira pjesmu posve\u0107enu pobuni u zatvoru Attica. Me\u0111u ostalim, u njoj stihuje: \"Umrijeti bore\u0107i se za slobodu \/ Koji bi kraj mogao biti prikladniji?\"","og_url":"https:\/\/sdf.hr\/hr\/nada\/mangup-ali\/","og_site_name":"SDF - Srpski demokratski forum","article_modified_time":"2023-03-19T15:43:48+00:00","og_image":[{"width":1192,"height":800,"url":"https:\/\/sdf.hr\/wp-content\/uploads\/2022\/09\/Ali_Christina-Jansen_Landmark-2.jpg","type":"image\/jpeg"}],"twitter_card":"summary_large_image","twitter_misc":{"Procijenjeno vrijeme \u010ditanja":"3 minute"},"schema":{"@context":"https:\/\/schema.org","@graph":[{"@type":"WebPage","@id":"https:\/\/sdf.hr\/hr\/nada\/mangup-ali\/","url":"https:\/\/sdf.hr\/hr\/nada\/mangup-ali\/","name":"Mangup Ali - SDF - Srpski demokratski forum","isPartOf":{"@id":"https:\/\/sdf.hr\/#website"},"primaryImageOfPage":{"@id":"https:\/\/sdf.hr\/hr\/nada\/mangup-ali\/#primaryimage"},"image":{"@id":"https:\/\/sdf.hr\/hr\/nada\/mangup-ali\/#primaryimage"},"thumbnailUrl":"https:\/\/sdf.hr\/wp-content\/uploads\/2022\/09\/Ali_Christina-Jansen_Landmark-2.jpg","datePublished":"2022-09-05T11:16:22+00:00","dateModified":"2023-03-19T15:43:48+00:00","breadcrumb":{"@id":"https:\/\/sdf.hr\/hr\/nada\/mangup-ali\/#breadcrumb"},"inLanguage":"hr","potentialAction":[{"@type":"ReadAction","target":["https:\/\/sdf.hr\/hr\/nada\/mangup-ali\/"]}]},{"@type":"ImageObject","inLanguage":"hr","@id":"https:\/\/sdf.hr\/hr\/nada\/mangup-ali\/#primaryimage","url":"https:\/\/sdf.hr\/wp-content\/uploads\/2022\/09\/Ali_Christina-Jansen_Landmark-2.jpg","contentUrl":"https:\/\/sdf.hr\/wp-content\/uploads\/2022\/09\/Ali_Christina-Jansen_Landmark-2.jpg","width":1192,"height":800,"caption":"Muhammed Ali (Foto: Christina Jansen\/Landmark\/PIXSELL)"},{"@type":"BreadcrumbList","@id":"https:\/\/sdf.hr\/hr\/nada\/mangup-ali\/#breadcrumb","itemListElement":[{"@type":"ListItem","position":1,"name":"Po\u010detna stranica","item":"https:\/\/sdf.hr\/hr\/"},{"@type":"ListItem","position":2,"name":"Nada","item":"https:\/\/sdf.hr\/nada\/"},{"@type":"ListItem","position":3,"name":"Mangup Ali"}]},{"@type":"WebSite","@id":"https:\/\/sdf.hr\/#website","url":"https:\/\/sdf.hr\/","name":"SDF - Srpski demokratski forum","description":"Srpski demokratski forum","publisher":{"@id":"https:\/\/sdf.hr\/#organization"},"potentialAction":[{"@type":"SearchAction","target":{"@type":"EntryPoint","urlTemplate":"https:\/\/sdf.hr\/?s={search_term_string}"},"query-input":{"@type":"PropertyValueSpecification","valueRequired":true,"valueName":"search_term_string"}}],"inLanguage":"hr"},{"@type":"Organization","@id":"https:\/\/sdf.hr\/#organization","name":"SDF - Srpski demokratski forum","url":"https:\/\/sdf.hr\/","logo":{"@type":"ImageObject","inLanguage":"hr","@id":"https:\/\/sdf.hr\/#\/schema\/logo\/image\/","url":"https:\/\/sdf.hr\/wp-content\/uploads\/2021\/07\/logo-hr.svg","contentUrl":"https:\/\/sdf.hr\/wp-content\/uploads\/2021\/07\/logo-hr.svg","width":271,"height":100,"caption":"SDF - Srpski demokratski forum"},"image":{"@id":"https:\/\/sdf.hr\/#\/schema\/logo\/image\/"}}]}},"_links":{"self":[{"href":"https:\/\/sdf.hr\/hr\/wp-json\/wp\/v2\/nada\/1160","targetHints":{"allow":["GET"]}}],"collection":[{"href":"https:\/\/sdf.hr\/hr\/wp-json\/wp\/v2\/nada"}],"about":[{"href":"https:\/\/sdf.hr\/hr\/wp-json\/wp\/v2\/types\/nada"}],"wp:featuredmedia":[{"embeddable":true,"href":"https:\/\/sdf.hr\/hr\/wp-json\/wp\/v2\/media\/2858"}],"wp:attachment":[{"href":"https:\/\/sdf.hr\/hr\/wp-json\/wp\/v2\/media?parent=1160"}],"wp:term":[{"taxonomy":"post_tag","embeddable":true,"href":"https:\/\/sdf.hr\/hr\/wp-json\/wp\/v2\/tags?post=1160"},{"taxonomy":"atribut","embeddable":true,"href":"https:\/\/sdf.hr\/hr\/wp-json\/wp\/v2\/atribut?post=1160"}],"curies":[{"name":"wp","href":"https:\/\/api.w.org\/{rel}","templated":true}]}}