{"id":1171,"date":"2022-09-05T13:28:33","date_gmt":"2022-09-05T11:28:33","guid":{"rendered":"https:\/\/sdf.hr\/?post_type=nada&#038;p=1171"},"modified":"2023-03-19T16:37:33","modified_gmt":"2023-03-19T15:37:33","slug":"sajsi-mc-i-dalje-se-borim-za-mesto-na-sceni","status":"publish","type":"nada","link":"https:\/\/sdf.hr\/hr\/nada\/sajsi-mc-i-dalje-se-borim-za-mesto-na-sceni\/","title":{"rendered":"Sajsi MC: I dalje se borim za mesto na sceni"},"content":{"rendered":"<p>Reperka Ivana Ra\u0161i\u0107, scenskog imena Sajsi MC, ro\u0111ena je 1981. u Beogradu. Svoju karijeru dugu punih 20 godina nedavno je krunisala petim studijskim albumom &#8220;Kardinalna&#8221;. S diplomom Fakulteta politi\u010dkih nauka u rukama, radno i \u017eivotno iskustvo stekla je kao prekaljena kulturna i estradna radnica na binama \u0161irom biv\u0161e Jugoslavije. Kontra svih predrasuda, Sajsi glasno repuje o seksu i politici, na bini se transformira u domino damu na visokim \u0161tiklama, a svojim istan\u010danim stilom izra\u017eavanja obogatila je i novi album Jelene Karleu\u0161e koji je u pripremi. &#8220;Ja se i dalje borim za svoje mesto na sceni, bez obzira na to \u0161to sam prisutna dve decenije. I dalje sam u ulozi ratnice&#8221;, re\u0107i \u0107e Sajsi. Specijalno za Nadu govori o svom autorstvu, pro\u017eivljenom nasilju, suradnjama s narodnjacima, ali i osporavanju njenog rada koje uglavnom dolazi od mu\u0161kog dijela publike i kolega.<\/p>\n<p><strong>Za vas se govori da ste u svijet rap muzike u\u0161li kasno, s 22 ili 23 godine. \u010cini mi se da su to godine u kojima mlada osoba ne zna u kom smjeru to\u010dno \u017eeli i\u0107i. Kako gledate na taj period?<\/strong><\/p>\n<p>\u010cak bih volela da sam kasnije po\u010dela da se bavim rapom, tako bih izbegla neke pogre\u0161ne odluke. Ranih 2000-ih je svet bio skroz druga\u010diji. Tada nisam koristila kompjuter, nisam ni\u0161ta mogla sama da napravim. Ulazak u muzi\u010dki studio je bio misaona imenica. Ne mogu da predo\u010dim klincima koji ovo \u010ditaju kako je to bilo. Moj fokus je bio milijardu posto usmeren na to da po\u010dnem da kreiram. Nije bilo nikakvog biznis plana, nisam znala za re\u010di marketing ili digital. Naprosto, morala sam fizi\u010dki da budem prisutna, da redovno izlazim u klubove da mi mo\u017eda daju mikrofon. A ako i do\u0111em do mikrofona, imam 30 sekundi ili minut da ne\u0161to repujem. Bila sam previ\u0161e otvorena za sve, verovala sam svima. Ispostavilo se da postoji odvratan odnos mu\u0161karaca spram \u017eena na sceni. Na\u010din na koji vas gledaju i savetuju, a iza le\u0111a pri\u010daju ne\u0161to skroz drugo. Trebalo mi je deset godina aktivnog rada i posve\u0107enosti da dospem na mesto na kojem sam danas. Moj prvi album &#8220;Daleko je Dizni&#8221; iza\u0161ao je 2010. godine, ali pravi komercijalni proboj se desio sa pesmama &#8220;Roze ta\u0161nica&#8221; i &#8220;Tifani&#8221;.<\/p>\n<p><strong>Tko \u010dini va\u0161u publiku?<\/strong><\/p>\n<p>Mene slu\u0161a specifi\u010dna skupina ljudi, u praksi imam dokaz za to. Oni nisu ni stilski ni generacijski povezani. Li\u010de na mene kada sam bila u srednjoj \u0161koli. To su pomalo marginalizovani klinci, osobenjaci koji vole goth i punk, koji su odba\u010deni zbog svoje seksualne pripadnosti. Nikad nisam imala privilegiju da imam klasi\u010dnu rap publiku. Sama sam kriva za to, \u0161arala sam sa svojim izrazom.<\/p>\n<h3>Crkveno ustrojstvo je seksualno tenzi\u010dno<\/h3>\n<p><strong>Okosnica va\u0161e lirike su \u017eenska prava, seksualnost i razbijanje svih tabu tema. Za\u0161to ba\u0161 ta vrsta anga\u017eiranosti?<\/strong><\/p>\n<p>Za mene je to ne\u0161to najprirodnije, to sam ja. Lak\u0161e je kada ima\u0161 nekog da vidi\u0161 i da shvati\u0161 da nisi sama. Ja bih volela da devojke ba\u0161 to vide u meni \u2013 da nisu same. Kada sam videla prve \u017eene koje se bave muzikom, meni je to zna\u010dilo, a to je bilo u vreme kad nije bilo naznaka da \u0107u se baviti muzikom. Ona ti se obra\u0107a, tvoja je, \u017eena je i veruje\u0161 joj. Slu\u0161ala sam i mu\u0161ke bendove, ali ovo je ipak prirodnije. Nikad nisam pisala tekstove prema aktuelnim trendovima.<\/p>\n<p><strong>Koje su \u017eene bile va\u0161i uzori kroz odrastanje?<\/strong><\/p>\n<p>To su bile \u017eenske liderke punk bendova. Ja sam jako volela punk bendove kao \u0161to su X-Ray Spex i Siouxsie and the Banshees. Meni je to bilo blisko, one su mi davale dimenziju poistove\u0107ivanja.<\/p>\n<p><strong>U va\u0161im tekstovima je specifi\u010dno to \u0161to vrlo \u010desto u okviru iste strofe spajate detalj s izrazitim seksualnim nabojem uz jake religijske motive. Kao kada u pjesmi koja se zove po biv\u0161oj porno glumici Sashi Grey spominjete goblene s likom Svetog Save. Privla\u010dan vam je taj na\u010din izra\u017eavanja?<\/strong><\/p>\n<p>To mi dolazi organski. U mojoj porodici se religija nikad nije spominjala, nisam iz neke, recimo, katoli\u010dke porodice u kojoj sam mogla da steknem revolt prema tome. Ina\u010de, ako govorimo o crkvi kao o organizaciji, ona zaista jeste seksualno tenzi\u010dna, celo to ustrojstvo. Sve \u0161to ljudi stvore po\u010diva na seksualnoj osnovi. U okviru dru\u0161tva u kojem \u017eivimo to je sakriveno, ali ne zna\u010di da ne postoji. Kao kada se plesao twist 1960-ih. Hajde da napravimo da je u redu da nam ruke stoje ba\u0161 tu i da se niko ne postidi zbog toga.<\/p>\n<p><strong>Na novom albumu ste problematizirali <em>sexting<\/em>, fotografije obna\u017eenih mu\u0161karaca koje su upu\u0107ene ve\u0107ini \u017eena u digitalnoj eri. Kako gledate na tu pojavu?<\/strong><\/p>\n<p>Pesma &#8220;Ringe jaja&#8221; je prozivka mu\u0161karaca koji su opsednuti svojim polnim organom i imaju \u017eelja da to podele sa nama \u017eenama. Jedini odgovor na tu agresivnost i nasilje jeste udarac tamo gde mu\u0161karce najvi\u0161e boli \u2013 na veli\u010dinu. U refrenu se osvr\u0107em na temu slanja fotografija koje nismo tra\u017eile. To je u vreme interneta ra\u0161ireno do granica imbecilnosti. Moderna tehnologija je omogu\u0107ila masovnost, ali mu\u0161karci takve stvari rade oduvek.<\/p>\n<figure id=\"attachment_2851\" aria-describedby=\"caption-attachment-2851\" style=\"width: 2560px\" class=\"wp-caption alignnone\"><img loading=\"lazy\" decoding=\"async\" class=\"wp-image-2851 size-full\" src=\"https:\/\/sdf.hr\/wp-content\/uploads\/2022\/09\/Sajsi2_Aleksa-Vitorovic-scaled.jpg\" alt=\"\" width=\"2560\" height=\"1707\" srcset=\"https:\/\/sdf.hr\/wp-content\/uploads\/2022\/09\/Sajsi2_Aleksa-Vitorovic-scaled.jpg 2560w, https:\/\/sdf.hr\/wp-content\/uploads\/2022\/09\/Sajsi2_Aleksa-Vitorovic-300x200.jpg 300w, https:\/\/sdf.hr\/wp-content\/uploads\/2022\/09\/Sajsi2_Aleksa-Vitorovic-1024x683.jpg 1024w, https:\/\/sdf.hr\/wp-content\/uploads\/2022\/09\/Sajsi2_Aleksa-Vitorovic-768x512.jpg 768w, https:\/\/sdf.hr\/wp-content\/uploads\/2022\/09\/Sajsi2_Aleksa-Vitorovic-1536x1024.jpg 1536w, https:\/\/sdf.hr\/wp-content\/uploads\/2022\/09\/Sajsi2_Aleksa-Vitorovic-2048x1365.jpg 2048w\" sizes=\"auto, (max-width: 2560px) 100vw, 2560px\" \/><figcaption id=\"caption-attachment-2851\" class=\"wp-caption-text\">Foto: Aleksa Vitorovi\u0107<\/figcaption><\/figure>\n<p><strong>Da li ste ikad na nastupima do\u017eivjeli neprijatnosti ili napade?<\/strong><\/p>\n<p>Jo\u0161 na samom po\u010detku, kada sam ve\u017ebala u kultnom beogradskom klubu Akademija, do\u017eivela sam da mu\u0161karci ulaze u moj fizi\u010dki prostor bez ikakve svesti da me ugro\u017eavaju, da mi pri\u010daju na uvo svakakve stvari i da mi otimaju mikrofon. Kada sam prvi put izvodila pesmu &#8220;Tifani&#8221;, publici poznatiju kao &#8220;Mama&#8221;, u Zrenjaninu me \u010dovek iz publike ga\u0111ao staklenom fla\u0161om. Videla sam da mi prilazi. Nisam se sklonila, dobila sam posekotinu i modricu na kolenu. Ali nisam pogre\u0161ila tekst, to je najbitnije. Tako\u0111e sam imala incident u Derventi. Neki de\u010dko je uzeo ciglu da me ga\u0111a zbog pesme &#8220;Antifa ku\u010dke&#8221;, jedna devojka ga je spre\u010dila.<\/p>\n<p><strong>Mislite li da nasilja nad \u017eenama ima vi\u0161e nego ikad?<\/strong><\/p>\n<p>Nasilje nad \u017eenama je konstantno tu. Sad mogu da iza\u0111em na ulicu i da mi se to desi. Mogu da odem ku\u0107i i da mi se to desi. Moja generacija je do\u017eivljavala nasilje, a da nije znala da je to nasilje. Starijima je te\u0161ko da shvate da su bile \u017ertve. To zna biti maglovito. Sedi\u0161 u kafani, tamo se ne\u0161to desi, posle se pita\u0161: &#8220;Da li sam ja pre\u0161la granicu ili je on, \u0161ta je mislio kada je rekao ili napravio to i to.&#8221; Ali stvari su jasne. Sada barem imamo alate da nasilje mo\u017eemo alarmirati, postoji sve ve\u0107e osna\u017eivanje me\u0111u \u017eenama.<\/p>\n<h3>Severina me maksimalno ispo\u0161tovala<\/h3>\n<p><strong>Kako ste do\u017eivjeli histeriju koja se pojavila oko pjesme Antifa ku\u010dke?<\/strong><\/p>\n<p>Ozbiljno su se uznemirile desni\u010darske strasti. Ta pesma je nastala dok sam prala sudove i spremala ispit iz politi\u010dke sociologije. U toj pesmi sam izmislila dve potkulture koje ne postoje u realnosti. Naime, uvek me je nerviralo kako mu\u0161karci, ali i dru\u0161tvo, gledaju na antifa\u0161istkinje u smislu estetike, poput kritika da im ne\u0161to fali i da nisu dovoljno \u017eenstvene. A to \u0161to one rade dru\u0161tveno korisne stvari, to ne prime\u0107uju. Zato sam ba\u0161 za njih namenila tu estetiku amazonke. Kao ku\u010dke koje imaju isklesano telo \u2013 ono \u0161to ne o\u010dekuje\u0161, e to su one. Kao, na primer, Adriana Lima u nekom sindikalnom kontekstu. Antifa ku\u010dku i &#8220;dizel baticu&#8221;, koji je levo orijentisan i profeministi\u010dki nastrojen, stavila sam u odre\u0111enu korelaciju. Prva reakcija je do\u0161la od desni\u010dara, zavoleli su me jer su mislili da prozivam antifa\u0161iste. Suludo!<\/p>\n<p><strong>U Srbiji se ve\u0107 nekoliko godina de\u0161avaju spojevi izvo\u0111a\u010da tradicionalno suprotstavljenih \u017eanrova. Dugo se pri\u010dalo da \u0107e iza\u0107i va\u0161 duet s Jelenom Karleu\u0161om, na kraju ste 2016. pjesmu &#8220;Silikoni&#8221; snimili sa Severinom. Kako ste se odlu\u010dili za te suradnje?<\/strong><\/p>\n<p>Bila sam voljna jer sam pre svega htela da radim. Kako druga\u010dije da steknem iskustvo ako ne iza\u0111em iz sigurne zone? Ako mi neko profesionalno odgovara, mo\u017ee da peva \u0161ta god ho\u0107e, ja \u0107u da radim sa njim. Mene je Severina maksimalno ispo\u0161tovala, pozvala me je i otpevala mi pesmu. Ali scena u Srbiji nije uvek bila ovako otvorena. Pamtim dane kada se nije sa odobravanjem gledalo na saradnje sa narodnjacima. Kad je Karleu\u0161a objavila da \u0107e da radi duet sa mnom, dobila sam udarac od ljudi koji me \u010dak ni ne slu\u0161aju. Govorilo se da sam izdajica. O reakcijama kolega da ne pri\u010dam.<\/p>\n<p><strong>Cijela ta pjesma mi se \u010dini kao planski smi\u0161ljena \u0161aka u oko de\u017eurnim kriti\u010darima. Od regularnog narodnja\u010dkog aran\u017emana s truba\u010dima, preko izbora teme, spota&#8230;<\/strong><\/p>\n<p>Naravno da je Marina Tucakovi\u0107 napisala taj tekst. Mislim da niko pre nje nije pisao iz tog ugla da \u017eena poseduje svoje telo i svoje silikone. Ja sam rekla: &#8220;Ovo je toliko subverzivno, feministi\u010dki i genijalno \u2013 pristajem!&#8221; To \u0161to ja ne bih menjala svoj fizi\u010dki izgled, ne zna\u010di da osu\u0111ujem moral nekog drugog da to radi. Ta pesma je na neki na\u010din punk. Mislim da je previ\u0161e kompleksna. Sam tekst je jasan, ali ljudima nije razumljiv ugao. To nikako nije ironija. Moj tekst se nadovezuje na to sa delom kad ka\u017eem: &#8220;Ne\u0107u da radim, milostinju ja ho\u0107u.&#8221; Ne prozivam devojke koje \u017eive na tu\u0111i ra\u010dun, samo potvr\u0111ujem njihov stav. Mogu teorijski da zamislim sebe da mi je moralno ispravno da dobijam novac na ra\u010dun svoje lepote. Za\u0161to ne unov\u010diti telo i lepotu ako mo\u017ee\u0161 da iznese\u0161 tu ulogu? Ne mo\u017ee\u0161 ako nisi sigurna da li je to pona\u0161anje dru\u0161tveno prihvatljivo. To mo\u017eda zvu\u010di antifeministi\u010dki, ali to jeste feministi\u010dki. Se\u0107am se, u Hrvatskoj se pojavila recenzija pesme na nekom portalu, napisali su da prozivam sponzoru\u0161e. Potpuno pogre\u0161no.<\/p>\n<p><strong>Kako smo do\u0161li do toga da sve pjesme koje ne razumijemo ili ne prihvatamo i\u0161\u010ditavamo u ironijskom klju\u010du?<\/strong><\/p>\n<p>To me mnogo nervira. U pesmama ponekad upotrebljavam ironiju kao sredstvo izra\u017eavanja. Ma, mo\u017eda postoje tri pesme u kojima sam ironi\u010dna. Muzi\u010dki kriti\u010dari onda svaku moju pesmu tako pro\u010ditaju. Izvinite, &#8220;Nadrkano hodanje&#8221; nije ironi\u010dna pesma! Na primer, ne verujem da postoji <em>guilty pleasure<\/em>. Mislim da su ljudi to izmislili kako bi se za\u0161titili. Osuda dru\u0161tva ume da bude toliko gruba da osoba ne mo\u017ee da se nosi sa tim. Ja sam to prihvatila, ja sam na sceni. Neki drugi ljudi koji mo\u017eda sastavljaju kraj s krajem ne \u017eele da budu izop\u0161teni, da ih ljudi gledaju \u010dudno, pogotovo u nekom manjem mestu. I onda postoje mehanizmi da se to izbegne. Ironija mo\u017ee da bude jedna od tih mehanizama. Re\u010d je o prikrivenom u\u017eivanju \u2013 ose\u0107a\u0161 krivicu dok slu\u0161a\u0161 ne\u0161to jer se odre\u0111eni svetonazori ne sla\u017eu sa tim. Dobar primer za to su narodnjaci.<\/p>\n<p><strong>Nastavljamo u istom stilu. Trenutno radite na Karleu\u0161inom novom albumu?<\/strong><\/p>\n<p>Ljiljana Jorgovanovi\u0107, Milan La\u0107a Radulovi\u0107 i ja smo tim za pisanje tekstova. To je divno iskustvo, pogotovo zato \u0161to dosad nisam radila sa drugim tekstopiscima. Moram da priznam da sam se malo pla\u0161ila sebe, mislila sam da \u0107u imati problem sa egom. Me\u0111utim, to se nije desilo.<\/p>\n<p><strong>\u0160to se sve mora uzeti u obzir pri sastavljanju teksta za nekog drugog?<\/strong><\/p>\n<p>Mora\u0161 da prepozna\u0161 \u0161ta osoba mo\u017ee da iznese. Postoje peva\u010dice kojima odre\u0111ena tema ili stil ne stoje. Pisanje o zadatoj temi po narud\u017ebi je ve\u0161tina. To je pre svega poznavanje osnova muzike i pevanja. Nekad ti sama melodija \u0161apne re\u010d. Ja nisam tako radila. Se\u0107am se kad smo snimali moju pesmu &#8220;Pokvarenica&#8221;, slu\u010dajno se u studiju na\u0161ao jedan muzi\u010dar koji je \u010duo da repujem deo: &#8220;Zgutaj sli\u010dicu sa mojim likom, ne\u0107u re\u0107i nikom.&#8221; Rekao mi je da ne mogu da imam na jednom mestu toliko re\u010di na kojima se lomi jezik. &#8220;Ja da menjam moj tekst?!&#8221;, pitam ga. &#8220;Onda se mu\u010di&#8221;, ka\u017ee on meni. I namu\u010dismo se. U\u017eivo taj stih izvedem bez gre\u0161ke. Ubi me repersko dokazivanje. Nekim pesmama nisam dozvoljavala da di\u0161u.<\/p>\n<figure id=\"attachment_2853\" aria-describedby=\"caption-attachment-2853\" style=\"width: 2560px\" class=\"wp-caption alignnone\"><img loading=\"lazy\" decoding=\"async\" class=\"wp-image-2853 size-full\" src=\"https:\/\/sdf.hr\/wp-content\/uploads\/2022\/09\/Sajsi3_Aleksa-Vitorovic-scaled.jpg\" alt=\"\" width=\"2560\" height=\"1707\" srcset=\"https:\/\/sdf.hr\/wp-content\/uploads\/2022\/09\/Sajsi3_Aleksa-Vitorovic-scaled.jpg 2560w, https:\/\/sdf.hr\/wp-content\/uploads\/2022\/09\/Sajsi3_Aleksa-Vitorovic-300x200.jpg 300w, https:\/\/sdf.hr\/wp-content\/uploads\/2022\/09\/Sajsi3_Aleksa-Vitorovic-1024x683.jpg 1024w, https:\/\/sdf.hr\/wp-content\/uploads\/2022\/09\/Sajsi3_Aleksa-Vitorovic-768x512.jpg 768w, https:\/\/sdf.hr\/wp-content\/uploads\/2022\/09\/Sajsi3_Aleksa-Vitorovic-1536x1024.jpg 1536w, https:\/\/sdf.hr\/wp-content\/uploads\/2022\/09\/Sajsi3_Aleksa-Vitorovic-2048x1365.jpg 2048w\" sizes=\"auto, (max-width: 2560px) 100vw, 2560px\" \/><figcaption id=\"caption-attachment-2853\" class=\"wp-caption-text\">Foto: Aleksa Vitorovi\u0107<\/figcaption><\/figure>\n<p><strong>Da li su vas poga\u0111ali komentari da ne znate da repujete?<\/strong><\/p>\n<p>Ne, zato \u0161to sam znala odakle to dolazi. Rap forma je ograni\u010davaju\u0107a za tekst. Po\u0161to jedino znam da pi\u0161em, ne znam ostale segmente pesme, nisam \u017eelela da izgubim ni mrvicu teksta. Da sam radila u isto vreme i tekst i matricu, povinovala bih se matrici i nikad ne bih razvila pisanje inovativnih rima. Kad sam po\u010dela da pi\u0161em za druge, shvatila sam za\u0161to sam uspela da se izdvojim po autenti\u010dnosti. Mene zanima ideja, a njima je bitno da li mo\u017ee dobro da se peva.<\/p>\n<p><strong>Za koju pjesmu vam je \u017eao \u0161to je vi niste napisali?<\/strong><\/p>\n<p>Ima ih previ\u0161e. Recimo, pesma koju je Ljilja Jorgovanovi\u0107 napisala za Milicu Pavlovi\u0107 &#8220;Uz viski topao dabogda propao&#8221;. Pomislila sam \u2013 iz ovoga vri\u0161ti neka \u0161korpija. Ljilja je napisala bezbroj tekstova, ona i Marina Tucakovi\u0107 su napisale \u010duda.<\/p>\n<h3>Verujem svojim fanovima<\/h3>\n<p><strong>Imate osobinu koju mediji vole \u2013 ne odbijate intervjue i gostovanja, bilo da je rije\u010d o nekom dnevno-politi\u010dkom listu ili o emisiji Magazin In na televiziji Pink.<\/strong><\/p>\n<p>Imam jako lep odnos sa medijima. Do\u017eivela sam da mi se novinari sa Pinka obra\u0107aju sa punim po\u0161tovanjem, a neki <em>underground<\/em> mediji ne. Naravno da \u0107u oti\u0107i na Pink. Nemam problem da za taj intervju obu\u010dem haljinu Meline D\u017einovi\u0107. Ta haljina komunicira sa publikom. Sve \u017eelim da iznesem i svugde da se pojavim, ne krijem ni\u0161ta. Pri\u010da je ista, ja imam samo jednu istinu.<\/p>\n<p><strong>Kako je bilo kod Sanje Marinkovi\u0107?<\/strong><\/p>\n<p>Tamo se pojavi\u0161 jednom i vide te sve mamine prijateljice. Ja sam u njihovim o\u010dima neko koga one ne razumeju, ne znaju ta\u010dno \u010dime se bavim, ali ako sam bila kod Sanje, onda dobro radim. Nikad ne\u0107u da zaboravim kad me je Sanja pitala: &#8220;Sajsi, ti si se udala za svoju publiku?&#8221; I tako ja objasnim performans, a peva\u010dica Nada Obri\u0107, koja sebi pored mene, ka\u017ee: &#8220;Jao, bo\u017ee me sa\u010duvaj, \u0161ta pri\u010da\u0161, dete?&#8221; Kako da taj trenutak ne nosim u srcu? Za\u0161to bih sebe li\u0161ila toga?<\/p>\n<p><strong>Sada morate i za na\u0161e \u010ditateljke da prepri\u010date \u010din udaje za publiku.<\/strong><\/p>\n<p>Sve je krenulo od ven\u010danja za mog supruga. Ceremonija je bila privatna, me\u0111utim, neko je objavio jednu fotografiju i to je eksplodiralo. Uzela sam telefon i gledala kako se vest \u0161iri. Kelner mi je rekao da sam prva mlada koju je video da lista po telefonu na sopstvenoj svadbi. Mediji su moje ven\u010danje doveli u vezu sa mojom pesmom &#8220;Meni se ne udaje&#8221;. Taj tekst sam, ina\u010de, napravila jo\u0161 2015. Moj mu\u017e je napravio demo snimak, a jedan kolega je predlo\u017eio da je snimim sa Nata\u0161om Bekvalac. Ona je, dodu\u0161e, rekla da joj je pesma super, ali da se nekoliko puta udavala. Na kraju je taj deo otpevala moja sestra Tijana. Mesec dana nakon mog ven\u010danja imali smo nastup u Beogradu. Po\u010dela sam da mozgam o nekom performansu i setila sam se \u2013 uda\u0107u se za publiku! Re\u0161ila sam da demistifikujem presvla\u010denje na sceni. Nakon \u0161to se ven\u010dam za fanove, oni \u0107e da me presvuku na bini, ja \u0107u da ostanem u donjem ve\u0161u, oni \u0107e me obu\u0107i u ku\u0107ni ogrta\u010d i ja \u0107u nastaviti da repujem. Tako je i bilo. Jednu nogu sam podigla na zvu\u010dnik, publika me dr\u017eala. Mazili su me po celoj nozi, ali niko nije pre\u0161ao granicu. Verujem svojim fanovima, slu\u010dajnoj festivalskoj publici ne bih mogla.<\/p>\n<p><strong>Kada govorimo o nastupima, koliko ste zadovoljni radnim uvjetima na sceni?<\/strong><\/p>\n<p>Ja ne postojim u sistemu. Nemam zdravstvenu knji\u017eicu, nemam radnu knji\u017eicu ni dan radnog sta\u017ea. Nisam oti\u0161la da se u\u010dlanim ni u jedno udru\u017eenje. Nemam svoju firmu. Ja bukvalno egzistiram u ma\u0161ti ljudi. Zadr\u017eala sam stav: kako se dr\u017eim po strani sa ostatkom scene, tako se dr\u017eim po strani s dr\u017eavom. Ne dirajte me, ne diram vas.<\/p>\n<p><strong>Kako se u tim okolnostima dolazi do honorara?<\/strong><\/p>\n<p>Na ruke i na re\u010d. I\u0161la sam na nastupe bez provere. Nikad nas niko nije pre\u0161ao. Jednom smo imali slu\u010daj na nastupu u Tuzli na kojem nije bilo krcato. Posle je vlasnik kluba do\u0161ao do mene, seo i dramati\u010dno listao nov\u010danicu po nov\u010danicu. Stavio je prst na taj snop i rekao da klub nije bio pun, ali eto, on mi daje pare.<\/p>\n<p><strong>Mo\u017eete li da izdvojite omiljeni nastup?<\/strong><\/p>\n<p>Odmah posle nastupa na beogradskom Beer festu, omiljeni nastup mi je zadnji koncert u Zagrebu, na Bruco\u0161ijadi FER-a 2019. Nemam mali broj nastupa iza sebe, u nastupe ra\u010dunam i ono kad ba\u0161 ni\u0161ta nisam znala, kad sam bacala <em>freestylove<\/em>. Ovo \u0161to se desilo u Zagrebu je bilo predivno zbog trenutaka koji izlaze iz okvira standardnog. Ne de\u0161ava se svaki put posle nastupa da u hodniku, gde prolazi milion ljudi, ja devojci flomasterom pi\u0161em stihove na donji deo le\u0111a. Ona \u0107e to posle da tetovira. Nekoliko ljudi je uspelo da mi ka\u017ee \u0161ta ih ve\u017ee uz mene. Jedna devojka je rekla da je po\u010dela da pi\u0161e poeziju zbog mene. \u0106ao, dovi\u0111enja, \u0161ta mi vi\u0161e treba!<\/p>\n<p><em>razgovarala Anja Ko\u017eul<\/em><\/p>\n","protected":false},"excerpt":{"rendered":"<p>Bez obzira na to \u0161to sam prisutna dve decenije, i dalje sam u ulozi ratnice. Ne postojim u sistemu, nemam zdravstvenu ni radnu knji\u017eicu. Nisam oti\u0161la da se u\u010dlanim ni u jedno udru\u017eenje. Nemam svoju firmu. Bukvalno egzistiram u ma\u0161ti ljudi<\/p>\n","protected":false},"featured_media":2849,"template":"","tags":[29],"atribut":[],"class_list":["post-1171","nada","type-nada","status-publish","has-post-thumbnail","hentry","tag-intervju"],"acf":[],"yoast_head":"<!-- This site is optimized with the Yoast SEO plugin v27.4 - https:\/\/yoast.com\/product\/yoast-seo-wordpress\/ -->\n<title>Sajsi MC: I dalje se borim za mesto na sceni - SDF - Srpski demokratski forum<\/title>\n<meta name=\"robots\" content=\"index, follow, max-snippet:-1, max-image-preview:large, max-video-preview:-1\" \/>\n<link rel=\"canonical\" href=\"https:\/\/sdf.hr\/hr\/nada\/sajsi-mc-i-dalje-se-borim-za-mesto-na-sceni\/\" \/>\n<meta property=\"og:locale\" content=\"hr_HR\" \/>\n<meta property=\"og:type\" content=\"article\" \/>\n<meta property=\"og:title\" content=\"Sajsi MC: I dalje se borim za mesto na sceni - SDF - Srpski demokratski forum\" \/>\n<meta property=\"og:description\" content=\"Bez obzira na to \u0161to sam prisutna dve decenije, i dalje sam u ulozi ratnice. Ne postojim u sistemu, nemam zdravstvenu ni radnu knji\u017eicu. Nisam oti\u0161la da se u\u010dlanim ni u jedno udru\u017eenje. Nemam svoju firmu. Bukvalno egzistiram u ma\u0161ti ljudi\" \/>\n<meta property=\"og:url\" content=\"https:\/\/sdf.hr\/hr\/nada\/sajsi-mc-i-dalje-se-borim-za-mesto-na-sceni\/\" \/>\n<meta property=\"og:site_name\" content=\"SDF - Srpski demokratski forum\" \/>\n<meta property=\"article:modified_time\" content=\"2023-03-19T15:37:33+00:00\" \/>\n<meta property=\"og:image\" content=\"https:\/\/sdf.hr\/wp-content\/uploads\/2022\/09\/Sajsi1_Aleksa-Vitorovic-1-scaled.jpg\" \/>\n\t<meta property=\"og:image:width\" content=\"2560\" \/>\n\t<meta property=\"og:image:height\" content=\"1707\" \/>\n\t<meta property=\"og:image:type\" content=\"image\/jpeg\" \/>\n<meta name=\"twitter:card\" content=\"summary_large_image\" \/>\n<meta name=\"twitter:label1\" content=\"Procijenjeno vrijeme \u010ditanja\" \/>\n\t<meta name=\"twitter:data1\" content=\"15 minuta\" \/>\n<script type=\"application\/ld+json\" class=\"yoast-schema-graph\">{\"@context\":\"https:\\\/\\\/schema.org\",\"@graph\":[{\"@type\":\"WebPage\",\"@id\":\"https:\\\/\\\/sdf.hr\\\/hr\\\/nada\\\/sajsi-mc-i-dalje-se-borim-za-mesto-na-sceni\\\/\",\"url\":\"https:\\\/\\\/sdf.hr\\\/hr\\\/nada\\\/sajsi-mc-i-dalje-se-borim-za-mesto-na-sceni\\\/\",\"name\":\"Sajsi MC: I dalje se borim za mesto na sceni - SDF - Srpski demokratski forum\",\"isPartOf\":{\"@id\":\"https:\\\/\\\/sdf.hr\\\/#website\"},\"primaryImageOfPage\":{\"@id\":\"https:\\\/\\\/sdf.hr\\\/hr\\\/nada\\\/sajsi-mc-i-dalje-se-borim-za-mesto-na-sceni\\\/#primaryimage\"},\"image\":{\"@id\":\"https:\\\/\\\/sdf.hr\\\/hr\\\/nada\\\/sajsi-mc-i-dalje-se-borim-za-mesto-na-sceni\\\/#primaryimage\"},\"thumbnailUrl\":\"https:\\\/\\\/sdf.hr\\\/wp-content\\\/uploads\\\/2022\\\/09\\\/Sajsi1_Aleksa-Vitorovic-1-scaled.jpg\",\"datePublished\":\"2022-09-05T11:28:33+00:00\",\"dateModified\":\"2023-03-19T15:37:33+00:00\",\"breadcrumb\":{\"@id\":\"https:\\\/\\\/sdf.hr\\\/hr\\\/nada\\\/sajsi-mc-i-dalje-se-borim-za-mesto-na-sceni\\\/#breadcrumb\"},\"inLanguage\":\"hr\",\"potentialAction\":[{\"@type\":\"ReadAction\",\"target\":[\"https:\\\/\\\/sdf.hr\\\/hr\\\/nada\\\/sajsi-mc-i-dalje-se-borim-za-mesto-na-sceni\\\/\"]}]},{\"@type\":\"ImageObject\",\"inLanguage\":\"hr\",\"@id\":\"https:\\\/\\\/sdf.hr\\\/hr\\\/nada\\\/sajsi-mc-i-dalje-se-borim-za-mesto-na-sceni\\\/#primaryimage\",\"url\":\"https:\\\/\\\/sdf.hr\\\/wp-content\\\/uploads\\\/2022\\\/09\\\/Sajsi1_Aleksa-Vitorovic-1-scaled.jpg\",\"contentUrl\":\"https:\\\/\\\/sdf.hr\\\/wp-content\\\/uploads\\\/2022\\\/09\\\/Sajsi1_Aleksa-Vitorovic-1-scaled.jpg\",\"width\":2560,\"height\":1707,\"caption\":\"Foto: Aleksa Vitorovi\u0107\"},{\"@type\":\"BreadcrumbList\",\"@id\":\"https:\\\/\\\/sdf.hr\\\/hr\\\/nada\\\/sajsi-mc-i-dalje-se-borim-za-mesto-na-sceni\\\/#breadcrumb\",\"itemListElement\":[{\"@type\":\"ListItem\",\"position\":1,\"name\":\"Po\u010detna stranica\",\"item\":\"https:\\\/\\\/sdf.hr\\\/hr\\\/\"},{\"@type\":\"ListItem\",\"position\":2,\"name\":\"Nada\",\"item\":\"https:\\\/\\\/sdf.hr\\\/nada\\\/\"},{\"@type\":\"ListItem\",\"position\":3,\"name\":\"Sajsi MC: I dalje se borim za mesto na sceni\"}]},{\"@type\":\"WebSite\",\"@id\":\"https:\\\/\\\/sdf.hr\\\/#website\",\"url\":\"https:\\\/\\\/sdf.hr\\\/\",\"name\":\"SDF - Srpski demokratski forum\",\"description\":\"Srpski demokratski forum\",\"publisher\":{\"@id\":\"https:\\\/\\\/sdf.hr\\\/#organization\"},\"potentialAction\":[{\"@type\":\"SearchAction\",\"target\":{\"@type\":\"EntryPoint\",\"urlTemplate\":\"https:\\\/\\\/sdf.hr\\\/?s={search_term_string}\"},\"query-input\":{\"@type\":\"PropertyValueSpecification\",\"valueRequired\":true,\"valueName\":\"search_term_string\"}}],\"inLanguage\":\"hr\"},{\"@type\":\"Organization\",\"@id\":\"https:\\\/\\\/sdf.hr\\\/#organization\",\"name\":\"SDF - Srpski demokratski forum\",\"url\":\"https:\\\/\\\/sdf.hr\\\/\",\"logo\":{\"@type\":\"ImageObject\",\"inLanguage\":\"hr\",\"@id\":\"https:\\\/\\\/sdf.hr\\\/#\\\/schema\\\/logo\\\/image\\\/\",\"url\":\"https:\\\/\\\/sdf.hr\\\/wp-content\\\/uploads\\\/2021\\\/07\\\/logo-hr.svg\",\"contentUrl\":\"https:\\\/\\\/sdf.hr\\\/wp-content\\\/uploads\\\/2021\\\/07\\\/logo-hr.svg\",\"width\":271,\"height\":100,\"caption\":\"SDF - Srpski demokratski forum\"},\"image\":{\"@id\":\"https:\\\/\\\/sdf.hr\\\/#\\\/schema\\\/logo\\\/image\\\/\"}}]}<\/script>\n<!-- \/ Yoast SEO plugin. -->","yoast_head_json":{"title":"Sajsi MC: I dalje se borim za mesto na sceni - SDF - Srpski demokratski forum","robots":{"index":"index","follow":"follow","max-snippet":"max-snippet:-1","max-image-preview":"max-image-preview:large","max-video-preview":"max-video-preview:-1"},"canonical":"https:\/\/sdf.hr\/hr\/nada\/sajsi-mc-i-dalje-se-borim-za-mesto-na-sceni\/","og_locale":"hr_HR","og_type":"article","og_title":"Sajsi MC: I dalje se borim za mesto na sceni - SDF - Srpski demokratski forum","og_description":"Bez obzira na to \u0161to sam prisutna dve decenije, i dalje sam u ulozi ratnice. Ne postojim u sistemu, nemam zdravstvenu ni radnu knji\u017eicu. Nisam oti\u0161la da se u\u010dlanim ni u jedno udru\u017eenje. Nemam svoju firmu. Bukvalno egzistiram u ma\u0161ti ljudi","og_url":"https:\/\/sdf.hr\/hr\/nada\/sajsi-mc-i-dalje-se-borim-za-mesto-na-sceni\/","og_site_name":"SDF - Srpski demokratski forum","article_modified_time":"2023-03-19T15:37:33+00:00","og_image":[{"width":2560,"height":1707,"url":"https:\/\/sdf.hr\/wp-content\/uploads\/2022\/09\/Sajsi1_Aleksa-Vitorovic-1-scaled.jpg","type":"image\/jpeg"}],"twitter_card":"summary_large_image","twitter_misc":{"Procijenjeno vrijeme \u010ditanja":"15 minuta"},"schema":{"@context":"https:\/\/schema.org","@graph":[{"@type":"WebPage","@id":"https:\/\/sdf.hr\/hr\/nada\/sajsi-mc-i-dalje-se-borim-za-mesto-na-sceni\/","url":"https:\/\/sdf.hr\/hr\/nada\/sajsi-mc-i-dalje-se-borim-za-mesto-na-sceni\/","name":"Sajsi MC: I dalje se borim za mesto na sceni - SDF - Srpski demokratski forum","isPartOf":{"@id":"https:\/\/sdf.hr\/#website"},"primaryImageOfPage":{"@id":"https:\/\/sdf.hr\/hr\/nada\/sajsi-mc-i-dalje-se-borim-za-mesto-na-sceni\/#primaryimage"},"image":{"@id":"https:\/\/sdf.hr\/hr\/nada\/sajsi-mc-i-dalje-se-borim-za-mesto-na-sceni\/#primaryimage"},"thumbnailUrl":"https:\/\/sdf.hr\/wp-content\/uploads\/2022\/09\/Sajsi1_Aleksa-Vitorovic-1-scaled.jpg","datePublished":"2022-09-05T11:28:33+00:00","dateModified":"2023-03-19T15:37:33+00:00","breadcrumb":{"@id":"https:\/\/sdf.hr\/hr\/nada\/sajsi-mc-i-dalje-se-borim-za-mesto-na-sceni\/#breadcrumb"},"inLanguage":"hr","potentialAction":[{"@type":"ReadAction","target":["https:\/\/sdf.hr\/hr\/nada\/sajsi-mc-i-dalje-se-borim-za-mesto-na-sceni\/"]}]},{"@type":"ImageObject","inLanguage":"hr","@id":"https:\/\/sdf.hr\/hr\/nada\/sajsi-mc-i-dalje-se-borim-za-mesto-na-sceni\/#primaryimage","url":"https:\/\/sdf.hr\/wp-content\/uploads\/2022\/09\/Sajsi1_Aleksa-Vitorovic-1-scaled.jpg","contentUrl":"https:\/\/sdf.hr\/wp-content\/uploads\/2022\/09\/Sajsi1_Aleksa-Vitorovic-1-scaled.jpg","width":2560,"height":1707,"caption":"Foto: Aleksa Vitorovi\u0107"},{"@type":"BreadcrumbList","@id":"https:\/\/sdf.hr\/hr\/nada\/sajsi-mc-i-dalje-se-borim-za-mesto-na-sceni\/#breadcrumb","itemListElement":[{"@type":"ListItem","position":1,"name":"Po\u010detna stranica","item":"https:\/\/sdf.hr\/hr\/"},{"@type":"ListItem","position":2,"name":"Nada","item":"https:\/\/sdf.hr\/nada\/"},{"@type":"ListItem","position":3,"name":"Sajsi MC: I dalje se borim za mesto na sceni"}]},{"@type":"WebSite","@id":"https:\/\/sdf.hr\/#website","url":"https:\/\/sdf.hr\/","name":"SDF - Srpski demokratski forum","description":"Srpski demokratski forum","publisher":{"@id":"https:\/\/sdf.hr\/#organization"},"potentialAction":[{"@type":"SearchAction","target":{"@type":"EntryPoint","urlTemplate":"https:\/\/sdf.hr\/?s={search_term_string}"},"query-input":{"@type":"PropertyValueSpecification","valueRequired":true,"valueName":"search_term_string"}}],"inLanguage":"hr"},{"@type":"Organization","@id":"https:\/\/sdf.hr\/#organization","name":"SDF - Srpski demokratski forum","url":"https:\/\/sdf.hr\/","logo":{"@type":"ImageObject","inLanguage":"hr","@id":"https:\/\/sdf.hr\/#\/schema\/logo\/image\/","url":"https:\/\/sdf.hr\/wp-content\/uploads\/2021\/07\/logo-hr.svg","contentUrl":"https:\/\/sdf.hr\/wp-content\/uploads\/2021\/07\/logo-hr.svg","width":271,"height":100,"caption":"SDF - Srpski demokratski forum"},"image":{"@id":"https:\/\/sdf.hr\/#\/schema\/logo\/image\/"}}]}},"_links":{"self":[{"href":"https:\/\/sdf.hr\/hr\/wp-json\/wp\/v2\/nada\/1171","targetHints":{"allow":["GET"]}}],"collection":[{"href":"https:\/\/sdf.hr\/hr\/wp-json\/wp\/v2\/nada"}],"about":[{"href":"https:\/\/sdf.hr\/hr\/wp-json\/wp\/v2\/types\/nada"}],"wp:featuredmedia":[{"embeddable":true,"href":"https:\/\/sdf.hr\/hr\/wp-json\/wp\/v2\/media\/2849"}],"wp:attachment":[{"href":"https:\/\/sdf.hr\/hr\/wp-json\/wp\/v2\/media?parent=1171"}],"wp:term":[{"taxonomy":"post_tag","embeddable":true,"href":"https:\/\/sdf.hr\/hr\/wp-json\/wp\/v2\/tags?post=1171"},{"taxonomy":"atribut","embeddable":true,"href":"https:\/\/sdf.hr\/hr\/wp-json\/wp\/v2\/atribut?post=1171"}],"curies":[{"name":"wp","href":"https:\/\/api.w.org\/{rel}","templated":true}]}}