{"id":1194,"date":"2022-09-05T13:49:00","date_gmt":"2022-09-05T11:49:00","guid":{"rendered":"https:\/\/sdf.hr\/?post_type=nada&#038;p=1194"},"modified":"2023-03-19T16:21:36","modified_gmt":"2023-03-19T15:21:36","slug":"kriske-od-jagoda","status":"publish","type":"nada","link":"https:\/\/sdf.hr\/hr\/nada\/kriske-od-jagoda\/","title":{"rendered":"Kri\u0161ke od jagoda"},"content":{"rendered":"<p>\u010cesto koristim vo\u0107e u kola\u010dima, a najdra\u017ee su mi jagode. Idealno se sla\u017eu s laganim kremama od slatkog vrhnja ili vanilije ili s nekom finom \u010dokoladnom kremom. Najsla\u0111e su one najmanje, divlje, \u0161umske koje me svojim mirisom i okusom vrate u djetinjstvo, bezbri\u017ene ljetne dane koje smo provodili u Lici kod bake i djeda.<\/p>\n<p>Prhka tijesta i pite spadaju u jedne od najdra\u017eih mi kola\u010da, a kombinacija jagoda i okusa vanilije je pun pogodak pa sam se bacila u potragu za receptom koji \u0107e u sebi sljubiti sve to. Osim starih bilje\u017enica s receptima, u ladici pisa\u0107eg stola stare ku\u0107e prona\u0161la sam i tiskanu knji\u017eicu recepata &#8220;Kako treba da kuham&#8221; autorice <strong>Verene \u0160kerjanc<\/strong>. Knji\u017eica je iz 1933. godine i sadr\u017ei 522 isprobana recepta (kako pi\u0161e na naslovnici). Upravo iz te knji\u017eice je i ovaj recept. Prhko tijesto, krema s maslacem i jagode \u2013 zaljubit \u0107ete se u ovaj kola\u010d!<\/p>\n<p>Moj dodatak su ekstrakt vanilije u kremi te sirup od bazge kojim sam premazala jagode. Cijeli kola\u010d sam posula sjeckanom bijelom \u010dokoladom i pistacijama. Naravno, vi mo\u017eete ukrasiti kola\u010d po vlastitom ukusu, dodati mu tu\u010deno slatko vrhnje ili posuti bademima. Kola\u010d sam pekla u okruglom kalupu za pite promjera 26 cm i koli\u010dina namirnica je upravo za takav kalup.<\/p>\n<p><strong><em>Prhko tijesto<\/em><\/strong><\/p>\n<p>150 g bra\u0161na (stavila sam pola o\u0161tro, pola glatko)<br \/>\n100 g hladnog maslaca<br \/>\n1 \u017eumanjak<br \/>\n30 g \u0161e\u0107era u prahu<br \/>\npola \u017elice bijelog vina ili ruma (stavila sam vino)<br \/>\nkorica limuna<\/p>\n<p><strong><em>Krema<\/em><\/strong><\/p>\n<p>250 ml mlijeka<br \/>\n2 \u017eumanjka<br \/>\n100 g \u0161e\u0107era<br \/>\n1 \u017elica bra\u0161na (stavila sam o\u0161tro)<br \/>\n150 g maslaca<br \/>\nekstrakt vanilije<\/p>\n<p><strong><em>Jo\u0161 je potrebno<\/em><\/strong><\/p>\n<p>500 g jagoda<\/p>\n<p><strong><em>Priprema<\/em><\/strong><\/p>\n<p>Za pripremu prhkog tijesta va\u017eno je da maslac bude hladan. U posudu prosijte bra\u0161no, dodajte \u0161e\u0107er u prahu i prstohvat soli te naribajte hladni maslac. Sve izmrvite rukama da dobijete smjesu nalik pijesku. Dodajte \u017eumanjak, pola \u017elice vina ili ruma te naribanu koricu limuna. Umijesite glatko tijesto koje nemojte predugo mijesiti da se masno\u0107a ne po\u010dne otapati. Odmah ga razvaljajte i premjestite u nama\u0161\u0107en i bra\u0161nom posut kalup. Tako pripremljeno tijesto prekrijte prozirnom folijom i spremite u hladnjak na barem sat vremena. Pe\u0107nicu zagrijte na 180 stupnjeva. Tijesto iz hladnjaka izbockajte vilicom pa prekrijte papirom za pe\u010denje i stavite grah (ili one kerami\u010dke kuglice za slijepo pe\u010denje ako ih imate). Pecite tijesto nekih 15 min. Nakon tog vremena, maknite papir s grahom pa pecite jo\u0161 nekih 10 min dok tijesto malo ne porumeni. Izvadite ga iz pe\u0107nice i ostavite da se ohladi na sobnoj temperaturi.<\/p>\n<p>Za kremu pomije\u0161ajte pjenja\u010dom \u017eumanjke, 50 g \u0161e\u0107era, vaniliju i \u017elicu bra\u0161na. U posudu za kuhanje stavite mlijeko i na laganoj vatri zagrijte. Kada je mlijeko vru\u0107e, ali ne i kipu\u0107e, ulijte pripremljenu smjesu te mije\u0161ajte pjenja\u010dom dok se smjesa lagano kuha. Kremu kuhajte nekoliko minuta na laganoj vatri. Kada se krema zgusnula, prekrijte prozirnom folijom i ostavite da se potpuno ohladi. Posebno izradite omek\u0161ali maslac s 50 g \u0161e\u0107era (stavila sam \u0161e\u0107er u prahu) da dobijete pjenastu i svijetlu smjesu. Sjedinite ohla\u0111enu kuhanu kremu s izra\u0111enim maslacem.<\/p>\n<p>Na ohla\u0111eno, pe\u010deno tijesto stavite kremu i po njoj rasporedite o\u010di\u0161\u0107ene jagode. Kola\u010d mo\u017eete ukrasiti i tu\u010denim slatkim vrhnjem, \u010dokoladom ili preliti preljevom za torte. Ja sam jagode premazala sirupom od bazge i posula sjeckanu bijelu \u010dokoladu i pistacije. Kola\u010d ohladite par sati pa poslu\u017eite.<\/p>\n<p>Dobar tek!<\/p>\n<p><em>pi\u0161e Valentina Vukadinovi\u0107<\/em><\/p>\n","protected":false},"excerpt":{"rendered":"<p>Prhka tijesta i pite spadaju u jedne od najdra\u017eih mi kola\u010da, a kombinacija jagoda i okusa vanilije je pun pogodak pa sam se bacila u potragu za receptom koji \u0107e sljubiti sve to. Prona\u0161la sam ga u knji\u017eici &#8220;Kako treba da kuham&#8221; iz 1933. godine<\/p>\n","protected":false},"featured_media":2833,"template":"","tags":[42],"atribut":[],"class_list":["post-1194","nada","type-nada","status-publish","has-post-thumbnail","hentry","tag-gorski-kotao"],"acf":[],"yoast_head":"<!-- This site is optimized with the Yoast SEO plugin v27.4 - https:\/\/yoast.com\/product\/yoast-seo-wordpress\/ -->\n<title>Kri\u0161ke od jagoda - SDF - Srpski demokratski forum<\/title>\n<meta name=\"robots\" content=\"index, follow, max-snippet:-1, max-image-preview:large, max-video-preview:-1\" \/>\n<link rel=\"canonical\" href=\"https:\/\/sdf.hr\/hr\/nada\/kriske-od-jagoda\/\" \/>\n<meta property=\"og:locale\" content=\"hr_HR\" \/>\n<meta property=\"og:type\" content=\"article\" \/>\n<meta property=\"og:title\" content=\"Kri\u0161ke od jagoda - SDF - Srpski demokratski forum\" \/>\n<meta property=\"og:description\" content=\"Prhka tijesta i pite spadaju u jedne od najdra\u017eih mi kola\u010da, a kombinacija jagoda i okusa vanilije je pun pogodak pa sam se bacila u potragu za receptom koji \u0107e sljubiti sve to. Prona\u0161la sam ga u knji\u017eici &quot;Kako treba da kuham&quot; iz 1933. godine\" \/>\n<meta property=\"og:url\" content=\"https:\/\/sdf.hr\/hr\/nada\/kriske-od-jagoda\/\" \/>\n<meta property=\"og:site_name\" content=\"SDF - Srpski demokratski forum\" \/>\n<meta property=\"article:modified_time\" content=\"2023-03-19T15:21:36+00:00\" \/>\n<meta property=\"og:image\" content=\"https:\/\/sdf.hr\/wp-content\/uploads\/2022\/09\/Kriske-1-scaled.jpeg\" \/>\n\t<meta property=\"og:image:width\" content=\"2560\" \/>\n\t<meta property=\"og:image:height\" content=\"1564\" \/>\n\t<meta property=\"og:image:type\" content=\"image\/jpeg\" \/>\n<meta name=\"twitter:card\" content=\"summary_large_image\" \/>\n<meta name=\"twitter:label1\" content=\"Procijenjeno vrijeme \u010ditanja\" \/>\n\t<meta name=\"twitter:data1\" content=\"3 minute\" \/>\n<script type=\"application\/ld+json\" class=\"yoast-schema-graph\">{\"@context\":\"https:\\\/\\\/schema.org\",\"@graph\":[{\"@type\":\"WebPage\",\"@id\":\"https:\\\/\\\/sdf.hr\\\/hr\\\/nada\\\/kriske-od-jagoda\\\/\",\"url\":\"https:\\\/\\\/sdf.hr\\\/hr\\\/nada\\\/kriske-od-jagoda\\\/\",\"name\":\"Kri\u0161ke od jagoda - SDF - Srpski demokratski forum\",\"isPartOf\":{\"@id\":\"https:\\\/\\\/sdf.hr\\\/#website\"},\"primaryImageOfPage\":{\"@id\":\"https:\\\/\\\/sdf.hr\\\/hr\\\/nada\\\/kriske-od-jagoda\\\/#primaryimage\"},\"image\":{\"@id\":\"https:\\\/\\\/sdf.hr\\\/hr\\\/nada\\\/kriske-od-jagoda\\\/#primaryimage\"},\"thumbnailUrl\":\"https:\\\/\\\/sdf.hr\\\/wp-content\\\/uploads\\\/2022\\\/09\\\/Kriske-1-scaled.jpeg\",\"datePublished\":\"2022-09-05T11:49:00+00:00\",\"dateModified\":\"2023-03-19T15:21:36+00:00\",\"breadcrumb\":{\"@id\":\"https:\\\/\\\/sdf.hr\\\/hr\\\/nada\\\/kriske-od-jagoda\\\/#breadcrumb\"},\"inLanguage\":\"hr\",\"potentialAction\":[{\"@type\":\"ReadAction\",\"target\":[\"https:\\\/\\\/sdf.hr\\\/hr\\\/nada\\\/kriske-od-jagoda\\\/\"]}]},{\"@type\":\"ImageObject\",\"inLanguage\":\"hr\",\"@id\":\"https:\\\/\\\/sdf.hr\\\/hr\\\/nada\\\/kriske-od-jagoda\\\/#primaryimage\",\"url\":\"https:\\\/\\\/sdf.hr\\\/wp-content\\\/uploads\\\/2022\\\/09\\\/Kriske-1-scaled.jpeg\",\"contentUrl\":\"https:\\\/\\\/sdf.hr\\\/wp-content\\\/uploads\\\/2022\\\/09\\\/Kriske-1-scaled.jpeg\",\"width\":2560,\"height\":1564},{\"@type\":\"BreadcrumbList\",\"@id\":\"https:\\\/\\\/sdf.hr\\\/hr\\\/nada\\\/kriske-od-jagoda\\\/#breadcrumb\",\"itemListElement\":[{\"@type\":\"ListItem\",\"position\":1,\"name\":\"Po\u010detna stranica\",\"item\":\"https:\\\/\\\/sdf.hr\\\/hr\\\/\"},{\"@type\":\"ListItem\",\"position\":2,\"name\":\"Nada\",\"item\":\"https:\\\/\\\/sdf.hr\\\/nada\\\/\"},{\"@type\":\"ListItem\",\"position\":3,\"name\":\"Kri\u0161ke od jagoda\"}]},{\"@type\":\"WebSite\",\"@id\":\"https:\\\/\\\/sdf.hr\\\/#website\",\"url\":\"https:\\\/\\\/sdf.hr\\\/\",\"name\":\"SDF - Srpski demokratski forum\",\"description\":\"Srpski demokratski forum\",\"publisher\":{\"@id\":\"https:\\\/\\\/sdf.hr\\\/#organization\"},\"potentialAction\":[{\"@type\":\"SearchAction\",\"target\":{\"@type\":\"EntryPoint\",\"urlTemplate\":\"https:\\\/\\\/sdf.hr\\\/?s={search_term_string}\"},\"query-input\":{\"@type\":\"PropertyValueSpecification\",\"valueRequired\":true,\"valueName\":\"search_term_string\"}}],\"inLanguage\":\"hr\"},{\"@type\":\"Organization\",\"@id\":\"https:\\\/\\\/sdf.hr\\\/#organization\",\"name\":\"SDF - Srpski demokratski forum\",\"url\":\"https:\\\/\\\/sdf.hr\\\/\",\"logo\":{\"@type\":\"ImageObject\",\"inLanguage\":\"hr\",\"@id\":\"https:\\\/\\\/sdf.hr\\\/#\\\/schema\\\/logo\\\/image\\\/\",\"url\":\"https:\\\/\\\/sdf.hr\\\/wp-content\\\/uploads\\\/2021\\\/07\\\/logo-hr.svg\",\"contentUrl\":\"https:\\\/\\\/sdf.hr\\\/wp-content\\\/uploads\\\/2021\\\/07\\\/logo-hr.svg\",\"width\":271,\"height\":100,\"caption\":\"SDF - Srpski demokratski forum\"},\"image\":{\"@id\":\"https:\\\/\\\/sdf.hr\\\/#\\\/schema\\\/logo\\\/image\\\/\"}}]}<\/script>\n<!-- \/ Yoast SEO plugin. -->","yoast_head_json":{"title":"Kri\u0161ke od jagoda - SDF - Srpski demokratski forum","robots":{"index":"index","follow":"follow","max-snippet":"max-snippet:-1","max-image-preview":"max-image-preview:large","max-video-preview":"max-video-preview:-1"},"canonical":"https:\/\/sdf.hr\/hr\/nada\/kriske-od-jagoda\/","og_locale":"hr_HR","og_type":"article","og_title":"Kri\u0161ke od jagoda - SDF - Srpski demokratski forum","og_description":"Prhka tijesta i pite spadaju u jedne od najdra\u017eih mi kola\u010da, a kombinacija jagoda i okusa vanilije je pun pogodak pa sam se bacila u potragu za receptom koji \u0107e sljubiti sve to. Prona\u0161la sam ga u knji\u017eici \"Kako treba da kuham\" iz 1933. godine","og_url":"https:\/\/sdf.hr\/hr\/nada\/kriske-od-jagoda\/","og_site_name":"SDF - Srpski demokratski forum","article_modified_time":"2023-03-19T15:21:36+00:00","og_image":[{"width":2560,"height":1564,"url":"https:\/\/sdf.hr\/wp-content\/uploads\/2022\/09\/Kriske-1-scaled.jpeg","type":"image\/jpeg"}],"twitter_card":"summary_large_image","twitter_misc":{"Procijenjeno vrijeme \u010ditanja":"3 minute"},"schema":{"@context":"https:\/\/schema.org","@graph":[{"@type":"WebPage","@id":"https:\/\/sdf.hr\/hr\/nada\/kriske-od-jagoda\/","url":"https:\/\/sdf.hr\/hr\/nada\/kriske-od-jagoda\/","name":"Kri\u0161ke od jagoda - SDF - Srpski demokratski forum","isPartOf":{"@id":"https:\/\/sdf.hr\/#website"},"primaryImageOfPage":{"@id":"https:\/\/sdf.hr\/hr\/nada\/kriske-od-jagoda\/#primaryimage"},"image":{"@id":"https:\/\/sdf.hr\/hr\/nada\/kriske-od-jagoda\/#primaryimage"},"thumbnailUrl":"https:\/\/sdf.hr\/wp-content\/uploads\/2022\/09\/Kriske-1-scaled.jpeg","datePublished":"2022-09-05T11:49:00+00:00","dateModified":"2023-03-19T15:21:36+00:00","breadcrumb":{"@id":"https:\/\/sdf.hr\/hr\/nada\/kriske-od-jagoda\/#breadcrumb"},"inLanguage":"hr","potentialAction":[{"@type":"ReadAction","target":["https:\/\/sdf.hr\/hr\/nada\/kriske-od-jagoda\/"]}]},{"@type":"ImageObject","inLanguage":"hr","@id":"https:\/\/sdf.hr\/hr\/nada\/kriske-od-jagoda\/#primaryimage","url":"https:\/\/sdf.hr\/wp-content\/uploads\/2022\/09\/Kriske-1-scaled.jpeg","contentUrl":"https:\/\/sdf.hr\/wp-content\/uploads\/2022\/09\/Kriske-1-scaled.jpeg","width":2560,"height":1564},{"@type":"BreadcrumbList","@id":"https:\/\/sdf.hr\/hr\/nada\/kriske-od-jagoda\/#breadcrumb","itemListElement":[{"@type":"ListItem","position":1,"name":"Po\u010detna stranica","item":"https:\/\/sdf.hr\/hr\/"},{"@type":"ListItem","position":2,"name":"Nada","item":"https:\/\/sdf.hr\/nada\/"},{"@type":"ListItem","position":3,"name":"Kri\u0161ke od jagoda"}]},{"@type":"WebSite","@id":"https:\/\/sdf.hr\/#website","url":"https:\/\/sdf.hr\/","name":"SDF - Srpski demokratski forum","description":"Srpski demokratski forum","publisher":{"@id":"https:\/\/sdf.hr\/#organization"},"potentialAction":[{"@type":"SearchAction","target":{"@type":"EntryPoint","urlTemplate":"https:\/\/sdf.hr\/?s={search_term_string}"},"query-input":{"@type":"PropertyValueSpecification","valueRequired":true,"valueName":"search_term_string"}}],"inLanguage":"hr"},{"@type":"Organization","@id":"https:\/\/sdf.hr\/#organization","name":"SDF - Srpski demokratski forum","url":"https:\/\/sdf.hr\/","logo":{"@type":"ImageObject","inLanguage":"hr","@id":"https:\/\/sdf.hr\/#\/schema\/logo\/image\/","url":"https:\/\/sdf.hr\/wp-content\/uploads\/2021\/07\/logo-hr.svg","contentUrl":"https:\/\/sdf.hr\/wp-content\/uploads\/2021\/07\/logo-hr.svg","width":271,"height":100,"caption":"SDF - Srpski demokratski forum"},"image":{"@id":"https:\/\/sdf.hr\/#\/schema\/logo\/image\/"}}]}},"_links":{"self":[{"href":"https:\/\/sdf.hr\/hr\/wp-json\/wp\/v2\/nada\/1194","targetHints":{"allow":["GET"]}}],"collection":[{"href":"https:\/\/sdf.hr\/hr\/wp-json\/wp\/v2\/nada"}],"about":[{"href":"https:\/\/sdf.hr\/hr\/wp-json\/wp\/v2\/types\/nada"}],"wp:featuredmedia":[{"embeddable":true,"href":"https:\/\/sdf.hr\/hr\/wp-json\/wp\/v2\/media\/2833"}],"wp:attachment":[{"href":"https:\/\/sdf.hr\/hr\/wp-json\/wp\/v2\/media?parent=1194"}],"wp:term":[{"taxonomy":"post_tag","embeddable":true,"href":"https:\/\/sdf.hr\/hr\/wp-json\/wp\/v2\/tags?post=1194"},{"taxonomy":"atribut","embeddable":true,"href":"https:\/\/sdf.hr\/hr\/wp-json\/wp\/v2\/atribut?post=1194"}],"curies":[{"name":"wp","href":"https:\/\/api.w.org\/{rel}","templated":true}]}}