{"id":1215,"date":"2022-09-05T14:38:37","date_gmt":"2022-09-05T12:38:37","guid":{"rendered":"https:\/\/sdf.hr\/?post_type=nada&#038;p=1215"},"modified":"2023-03-19T16:08:44","modified_gmt":"2023-03-19T15:08:44","slug":"prepusteni-slucaju","status":"publish","type":"nada","link":"https:\/\/sdf.hr\/hr\/nada\/prepusteni-slucaju\/","title":{"rendered":"Prepu\u0161teni slu\u010daju"},"content":{"rendered":"<p>Kako bi rekla ona vreme\u0161na feministkinja \u010dija fotografija od prigode do prigode kola dru\u0161tvenim mre\u017eama: Ne mogu vjerovati da opet o ovome pi\u0161em. Prije petnaestak godina napisala sam tekst prve kolumne za Slobodnu Dalmaciju, a naslov je glasio &#8220;Kondom na pogre\u0161noj glavi&#8221;. \u0160u\u0161kalo se tada o uvo\u0111enju seksualnog odgoja u \u0161kole, javila se gomila &#8220;tradicionalista&#8221;, sve odrasli ljudi koji se zgra\u017eaju nad navla\u010denjem kondoma na tikvicu u sklopu tog jadnog seksualnog odgoja koji, eto, naposljetku nikad nije uveden. Sve mi je to tada bilo toliko sumanuto i suludo da nisam mogla prihvatiti kako se radi o dominantnom diskursu pa sam u kolumni napisala ne\u0161to nabrijano i posprdno. I spasila sam sebi svijet, sve dok me tek koju godinu kasnije ispred osnovne \u0161kole u koju je upravo krenula moja k\u0107i nije do\u010dekala supruga poznatog splitskog ginekologa sa zahtjevom da potpi\u0161em papir &#8220;da se pederi ne smiju \u017eeniti i usvajati NA\u0160U djecu&#8221;. Nekako mi vi\u0161e nije bio do sprdnje. Po tko zna koji put onesvijestila me \u010dinjenica da \u017eivim me\u0111u lu\u0111acima, da su oni moji susjedi, poznanici, ro\u0111aci i da \u0107e borba, prsa o prsa, tikvicu o tikvicu, biti cjelo\u017eivotna.<\/p>\n<p>Moj pokojni otac u to vrijeme je ve\u0107 bio gotovo slijep i nije mogao \u010ditati ni\u0161ta osim jumbo plakata, i zato se, na \u0161tapu, zaputio u svoj mjesni kafi\u0107 ne bi li mu tko od prijatelja pro\u010ditao naglas tekst iz Slobodne koji je napisala njegova k\u0107i, a koji se zove &#8220;Kondom na pogre\u0161noj glavi&#8221;. Nisam ga poku\u0161avala zaustaviti, kad je ve\u0107 navalio \u2013 odrastao je \u010dovjek. Izgleda da je nakon \u010ditanja pala i neka rasprava me\u0111u mu\u0161karcima u kafi\u0107u, ali ni\u0161ta nije spominjao do ve\u010deri, da bi mi na kraju rekao: &#8220;Nisi lo\u0161e ono napisala. U pravu si.&#8221; Bila je to pobjeda u gostima. &#8220;Naravno da sam u pravu&#8221;, rekla sam. &#8220;Pa ti si me odgojio.&#8221;<\/p>\n<p>Ali evo, gotovo dvadeset godina kasnije, seksualni odgoj mladih prepu\u0161ten je i dalje isklju\u010divo roditeljima (i najvjerojatnije porni\u0107ima koji \u0107e im o seksu re\u0107i uglavnom ono pogre\u0161no). A ta je spoznaja usporediva s u\u017easom kad shvatite tko sve vozi automobil i upravo je na cesti.<\/p>\n<p>K\u0107i, sada studentica, za neko istra\u017eivanje uspore\u0111uje skandinavsko \u0161kolstvo s hrvatskim i dolazi do statistike koja je podudarna, osim \u0161to je u \u0161vedskim \u0161kolama produ\u017eeni boravak potpuno besplatan, a seksualni odgoj uveden jo\u0161 \u0161ezdesetih pro\u0161log stolje\u0107a. Nama nikad ni\u0161ta nisu spomenuli na temu seksualnog odgoja, \u010ditavo \u0161kolovanje, ka\u017ee mi ona za\u010du\u0111eno. Gotovo ni\u0161ta o reproduktivnim organima, ni\u0161ta o kontracepciji, o spolnom odnosu, o bolestima, o maloljetni\u010dkoj trudno\u0107i, o poba\u010daju&#8230; Prepu\u0161tena slu\u010daju, kao i mnogim drugim stvarima, djeca koja \u0107e sutra vjerojatno imati svoju djecu nemaju ba\u0161 jasnog pojma kako se dolazi na svijet, ako im roditelj ne ka\u017ee. Generacije odrastaju ne poznaju\u0107i i ne po\u0161tuju\u0107i svoje ni tu\u0111a tijela. U\u010de\u0107i tek da je to ne\u0161to \u010dega bi se trebalo sramiti. Ili trgovati. A op\u0107i je dojam da su djeca u Hrvatskoj javna briga samo dok jo\u0161 i nisu djeca, dok su u zametku.<\/p>\n<p>Prava promjena nabolje po pitanju rodnih ljudskih prava dogodit \u0107e se tek kad ova neophodna, primarna vrsta odgoja zaista u\u0111e u \u0161kole. Tek onda \u0107e biti mogu\u0107e suvislo razgovarati o znanstvenim \u010dinjenicama, pa potom i o razli\u010ditim \u017eivotnim izborima i pravu na izbor, o biologiji i o etici, svejednako se smiju\u0107i tikvici i gumici.<\/p>\n<p>Dotad beremo gorke plodove uskra\u0107enog obrazovanja, a dru\u0161tvena hipokrizija, koja pod agendom priziva savjesti uskra\u0107uje zdravstvenu pomo\u0107 i dovodi u opasnosti \u017eivote \u017eena, najgnjusniji je me\u0111u njima. Prvi put sam se s prizivom savjesti srela prije desetak godina u jednoj ljekarni. Tome je prethodio poziv meni bliske \u017eene koja je upravo imala inducirani abortus. Lije\u010dnici se u to doba jo\u0161 nisu prizvali savjest, ali poslali su je iz bolnice s jakim krvarenjem. Nemaju\u0107i gdje, boje\u0107i se reakcije doma, zamolila me da joj na nekoliko sati ustupim svoj kau\u010d te da s uputnicom odem do prve ljekarne uzeti joj antibiotike i tablete koje zaustavljaju krvarenje.<\/p>\n<p>S obzirom na to da sam nedugo prije imala spontani i kireta\u017eu, bile su mi poznate te tablete. Ali mene su ostavili u dnevnoj bolnici na cjelodnevnoj njezi i davali mi potrebnu terapiju \u2013 ja sam bila Patnica, a moja prijateljica Prijestupnica. Savjesno prizvanoj privatnoj apotekarici koja mi je rekla &#8220;da oni za to ne daju tablete&#8221;, lagala sam: &#8220;Imala sam spontani, tablete su za mene.&#8221; Sumnji\u010dava, dala mi je tablete ni ne pozdraviv\u0161i me. Danas mi ih, kako stvari stoje, vjerojatno ne bi dala.<\/p>\n<p>Moglo je biti i bolje i gore. Moja frendica je zbilja mogla iskrvariti na ulici, ali mogla je i imati normalnu njegu u bolnici, primiti terapiju i odmoriti koji sat dok se eventualno krvarenje ne smiri, a ispred bolnice nekoga tko \u0107e je do\u010dekati, odvesti ku\u0107i, skuhati ru\u010dak, pogledati s njom film pa da sve to zaboravi \u2013 bez traume.<\/p>\n<p>Jer kolikogod dobronamjerno pri\u010dali o traumama \u017eena nakon poba\u010daja, redovito se zaboravlja naglasiti da takve traume nisu prvenstveno uzrokovane psihi\u010dkom ili fizi\u010dkom boli, nego konstantnim poni\u017eavanjem primitivne i okrutne sredine. A vje\u010dno ustrajavanje na \u017eeni \u017ertvi-iskupiteljici slabo poma\u017ee u detabuiziranju prava na dostupan poba\u010daj. Nisam za frivolan i lepr\u0161av pristup ovoj temi, ali zar zaista moramo biti \u017ertve da bi uva\u017eili na\u0161e pravo da odlu\u010dujemo o svom tijelu?<\/p>\n<p>Kad sam ve\u0107 &#8220;autoreferencijalno&#8221; krenula, poku\u0161at \u0107u ovo ilustrirati na vlastitom primjeru. Imam \u010detrdeset i sedam godina, dvoje djece, dva spontana poba\u010daja (koja uistinu jesu bili tragi\u010dni doga\u0111aji za mene, ali samo zato \u0161to sam \u017eeljela djecu \u2013 i preboljela sam to sasvim), jo\u0161 uvijek imam redovite menstruacije i kad bih sutra ostala u drugom stanju, to za mene ne bi bilo dijete nego problem. Zbog mog zdravstvenog stanja, zbog mojih godina, zbog budu\u0107nosti moje djece i zbog toga \u0161to nemam vremena, energije, sredstava i \u017eivaca, zbog toga \u0161to svijet ide kvragu, zbog toga \u0161to \u017eelim malo mira i zabave, a ne jo\u0161 jedno dijete, oti\u0161la bih na poba\u010daj isti tren. I nikad vi\u0161e ni na sekundu ne bih pomislila na to. Iza\u0161la bih iz bolnice fu\u0107kaju\u0107i.<\/p>\n<p>Ako razgovarate s njima, ve\u0107ina \u017eena ima pri\u010du na ovu temu. Nitko ne pita jesu li jedine koje \u0107e se brinuti za tog klinca kada se rodi, a \u010desto jesu. I ne, ne moraju imati traumu zbog abortusa! A ako trauma postoji, treba raditi na tome da ista iscijeli, a ne da se produbljuje. Traumu \u017eenama ne stvara abortus nego odnos dru\u0161tva prema abortusu. Ho\u0107ete sretno dru\u0161tvo i djecu? Pobrinite se za vrti\u0107e, za zakon o usvajanju, za djecu u domovima&#8230; Omogu\u0107ite im zadovoljne i zdrave, samostalne i slobodne mame koje mogu zaraditi za \u017eivot, o \u010dijim sudbinama ne odlu\u010duje jedan ili vije\u0107e mu\u0161karaca koji se nikad ne\u0107e na\u0107i u njihovoj ko\u017ei.<\/p>\n<p>Vra\u0107anje prava na abortus u Ustav ne zna\u010di da \u0107e \u017eene masovno pohrliti na sladoled, nego da \u0107e biti za\u0161ti\u0107enije od kojekakvih zdravstvenih i politi\u010dkih mufljuza i profitera. A seksualni odgoj zna\u010di da \u0107e se o seksualnosti razgovarati sa znanstvenih i eti\u010dkih stajali\u0161ta prilago\u0111enih djeci \u2013 svakako primjerenijima od onoga \u0161to \u0107e im re\u0107i don Jozo, \u0107a\u0107ina strina, stariji ro\u0111ak ili internet. Ovako na\u0161im zdravljem i \u017eivotima manipuliraju razne spodobe. Ne dajte da vam na glavu nabijaju kondome, vi niste tikve. Bez obzira na svjetonazor, nemojmo biti one koje ostavljaju sestru, prijateljicu da iskrvari na ulici. Naposljetku, prili\u010dno sam sigurna da ni u jednoj religiji nema boga koji bi takvo \u0161to odobrio.<\/p>\n<p><em>pi\u0161e Olja Savi\u010devi\u0107 Ivan\u010devi\u0107<\/em><\/p>\n","protected":false},"excerpt":{"rendered":"<p>Zbog izostanka seksualnog odgoja u \u0161kolama, generacije odrastaju ne poznaju\u0107i i ne po\u0161tuju\u0107i svoje ni tu\u0111a tijela. Op\u0107i je dojam da su djeca u Hrvatskoj javna briga samo dok jo\u0161 i nisu djeca, dok su u zametku<\/p>\n","protected":false},"featured_media":2576,"template":"","tags":[105],"atribut":[],"class_list":["post-1215","nada","type-nada","status-publish","has-post-thumbnail","hentry","tag-razum-i-osjecaji"],"acf":[],"yoast_head":"<!-- This site is optimized with the Yoast SEO plugin v27.4 - https:\/\/yoast.com\/product\/yoast-seo-wordpress\/ -->\n<title>Prepu\u0161teni slu\u010daju - SDF - Srpski demokratski forum<\/title>\n<meta name=\"robots\" content=\"index, follow, max-snippet:-1, max-image-preview:large, max-video-preview:-1\" \/>\n<link rel=\"canonical\" href=\"https:\/\/sdf.hr\/hr\/nada\/prepusteni-slucaju\/\" \/>\n<meta property=\"og:locale\" content=\"hr_HR\" \/>\n<meta property=\"og:type\" content=\"article\" \/>\n<meta property=\"og:title\" content=\"Prepu\u0161teni slu\u010daju - SDF - Srpski demokratski forum\" \/>\n<meta property=\"og:description\" content=\"Zbog izostanka seksualnog odgoja u \u0161kolama, generacije odrastaju ne poznaju\u0107i i ne po\u0161tuju\u0107i svoje ni tu\u0111a tijela. Op\u0107i je dojam da su djeca u Hrvatskoj javna briga samo dok jo\u0161 i nisu djeca, dok su u zametku\" \/>\n<meta property=\"og:url\" content=\"https:\/\/sdf.hr\/hr\/nada\/prepusteni-slucaju\/\" \/>\n<meta property=\"og:site_name\" content=\"SDF - Srpski demokratski forum\" \/>\n<meta property=\"article:modified_time\" content=\"2023-03-19T15:08:44+00:00\" \/>\n<meta property=\"og:image\" content=\"https:\/\/sdf.hr\/wp-content\/uploads\/2023\/01\/Olja.jpg\" \/>\n\t<meta property=\"og:image:width\" content=\"1200\" \/>\n\t<meta property=\"og:image:height\" content=\"750\" \/>\n\t<meta property=\"og:image:type\" content=\"image\/jpeg\" \/>\n<meta name=\"twitter:card\" content=\"summary_large_image\" \/>\n<meta name=\"twitter:label1\" content=\"Procijenjeno vrijeme \u010ditanja\" \/>\n\t<meta name=\"twitter:data1\" content=\"7 minuta\" \/>\n<script type=\"application\/ld+json\" class=\"yoast-schema-graph\">{\"@context\":\"https:\\\/\\\/schema.org\",\"@graph\":[{\"@type\":\"WebPage\",\"@id\":\"https:\\\/\\\/sdf.hr\\\/hr\\\/nada\\\/prepusteni-slucaju\\\/\",\"url\":\"https:\\\/\\\/sdf.hr\\\/hr\\\/nada\\\/prepusteni-slucaju\\\/\",\"name\":\"Prepu\u0161teni slu\u010daju - SDF - Srpski demokratski forum\",\"isPartOf\":{\"@id\":\"https:\\\/\\\/sdf.hr\\\/#website\"},\"primaryImageOfPage\":{\"@id\":\"https:\\\/\\\/sdf.hr\\\/hr\\\/nada\\\/prepusteni-slucaju\\\/#primaryimage\"},\"image\":{\"@id\":\"https:\\\/\\\/sdf.hr\\\/hr\\\/nada\\\/prepusteni-slucaju\\\/#primaryimage\"},\"thumbnailUrl\":\"https:\\\/\\\/sdf.hr\\\/wp-content\\\/uploads\\\/2023\\\/01\\\/Olja.jpg\",\"datePublished\":\"2022-09-05T12:38:37+00:00\",\"dateModified\":\"2023-03-19T15:08:44+00:00\",\"breadcrumb\":{\"@id\":\"https:\\\/\\\/sdf.hr\\\/hr\\\/nada\\\/prepusteni-slucaju\\\/#breadcrumb\"},\"inLanguage\":\"hr\",\"potentialAction\":[{\"@type\":\"ReadAction\",\"target\":[\"https:\\\/\\\/sdf.hr\\\/hr\\\/nada\\\/prepusteni-slucaju\\\/\"]}]},{\"@type\":\"ImageObject\",\"inLanguage\":\"hr\",\"@id\":\"https:\\\/\\\/sdf.hr\\\/hr\\\/nada\\\/prepusteni-slucaju\\\/#primaryimage\",\"url\":\"https:\\\/\\\/sdf.hr\\\/wp-content\\\/uploads\\\/2023\\\/01\\\/Olja.jpg\",\"contentUrl\":\"https:\\\/\\\/sdf.hr\\\/wp-content\\\/uploads\\\/2023\\\/01\\\/Olja.jpg\",\"width\":1200,\"height\":750},{\"@type\":\"BreadcrumbList\",\"@id\":\"https:\\\/\\\/sdf.hr\\\/hr\\\/nada\\\/prepusteni-slucaju\\\/#breadcrumb\",\"itemListElement\":[{\"@type\":\"ListItem\",\"position\":1,\"name\":\"Po\u010detna stranica\",\"item\":\"https:\\\/\\\/sdf.hr\\\/hr\\\/\"},{\"@type\":\"ListItem\",\"position\":2,\"name\":\"Nada\",\"item\":\"https:\\\/\\\/sdf.hr\\\/nada\\\/\"},{\"@type\":\"ListItem\",\"position\":3,\"name\":\"Prepu\u0161teni slu\u010daju\"}]},{\"@type\":\"WebSite\",\"@id\":\"https:\\\/\\\/sdf.hr\\\/#website\",\"url\":\"https:\\\/\\\/sdf.hr\\\/\",\"name\":\"SDF - Srpski demokratski forum\",\"description\":\"Srpski demokratski forum\",\"publisher\":{\"@id\":\"https:\\\/\\\/sdf.hr\\\/#organization\"},\"potentialAction\":[{\"@type\":\"SearchAction\",\"target\":{\"@type\":\"EntryPoint\",\"urlTemplate\":\"https:\\\/\\\/sdf.hr\\\/?s={search_term_string}\"},\"query-input\":{\"@type\":\"PropertyValueSpecification\",\"valueRequired\":true,\"valueName\":\"search_term_string\"}}],\"inLanguage\":\"hr\"},{\"@type\":\"Organization\",\"@id\":\"https:\\\/\\\/sdf.hr\\\/#organization\",\"name\":\"SDF - Srpski demokratski forum\",\"url\":\"https:\\\/\\\/sdf.hr\\\/\",\"logo\":{\"@type\":\"ImageObject\",\"inLanguage\":\"hr\",\"@id\":\"https:\\\/\\\/sdf.hr\\\/#\\\/schema\\\/logo\\\/image\\\/\",\"url\":\"https:\\\/\\\/sdf.hr\\\/wp-content\\\/uploads\\\/2021\\\/07\\\/logo-hr.svg\",\"contentUrl\":\"https:\\\/\\\/sdf.hr\\\/wp-content\\\/uploads\\\/2021\\\/07\\\/logo-hr.svg\",\"width\":271,\"height\":100,\"caption\":\"SDF - Srpski demokratski forum\"},\"image\":{\"@id\":\"https:\\\/\\\/sdf.hr\\\/#\\\/schema\\\/logo\\\/image\\\/\"}}]}<\/script>\n<!-- \/ Yoast SEO plugin. -->","yoast_head_json":{"title":"Prepu\u0161teni slu\u010daju - SDF - Srpski demokratski forum","robots":{"index":"index","follow":"follow","max-snippet":"max-snippet:-1","max-image-preview":"max-image-preview:large","max-video-preview":"max-video-preview:-1"},"canonical":"https:\/\/sdf.hr\/hr\/nada\/prepusteni-slucaju\/","og_locale":"hr_HR","og_type":"article","og_title":"Prepu\u0161teni slu\u010daju - SDF - Srpski demokratski forum","og_description":"Zbog izostanka seksualnog odgoja u \u0161kolama, generacije odrastaju ne poznaju\u0107i i ne po\u0161tuju\u0107i svoje ni tu\u0111a tijela. Op\u0107i je dojam da su djeca u Hrvatskoj javna briga samo dok jo\u0161 i nisu djeca, dok su u zametku","og_url":"https:\/\/sdf.hr\/hr\/nada\/prepusteni-slucaju\/","og_site_name":"SDF - Srpski demokratski forum","article_modified_time":"2023-03-19T15:08:44+00:00","og_image":[{"width":1200,"height":750,"url":"https:\/\/sdf.hr\/wp-content\/uploads\/2023\/01\/Olja.jpg","type":"image\/jpeg"}],"twitter_card":"summary_large_image","twitter_misc":{"Procijenjeno vrijeme \u010ditanja":"7 minuta"},"schema":{"@context":"https:\/\/schema.org","@graph":[{"@type":"WebPage","@id":"https:\/\/sdf.hr\/hr\/nada\/prepusteni-slucaju\/","url":"https:\/\/sdf.hr\/hr\/nada\/prepusteni-slucaju\/","name":"Prepu\u0161teni slu\u010daju - SDF - Srpski demokratski forum","isPartOf":{"@id":"https:\/\/sdf.hr\/#website"},"primaryImageOfPage":{"@id":"https:\/\/sdf.hr\/hr\/nada\/prepusteni-slucaju\/#primaryimage"},"image":{"@id":"https:\/\/sdf.hr\/hr\/nada\/prepusteni-slucaju\/#primaryimage"},"thumbnailUrl":"https:\/\/sdf.hr\/wp-content\/uploads\/2023\/01\/Olja.jpg","datePublished":"2022-09-05T12:38:37+00:00","dateModified":"2023-03-19T15:08:44+00:00","breadcrumb":{"@id":"https:\/\/sdf.hr\/hr\/nada\/prepusteni-slucaju\/#breadcrumb"},"inLanguage":"hr","potentialAction":[{"@type":"ReadAction","target":["https:\/\/sdf.hr\/hr\/nada\/prepusteni-slucaju\/"]}]},{"@type":"ImageObject","inLanguage":"hr","@id":"https:\/\/sdf.hr\/hr\/nada\/prepusteni-slucaju\/#primaryimage","url":"https:\/\/sdf.hr\/wp-content\/uploads\/2023\/01\/Olja.jpg","contentUrl":"https:\/\/sdf.hr\/wp-content\/uploads\/2023\/01\/Olja.jpg","width":1200,"height":750},{"@type":"BreadcrumbList","@id":"https:\/\/sdf.hr\/hr\/nada\/prepusteni-slucaju\/#breadcrumb","itemListElement":[{"@type":"ListItem","position":1,"name":"Po\u010detna stranica","item":"https:\/\/sdf.hr\/hr\/"},{"@type":"ListItem","position":2,"name":"Nada","item":"https:\/\/sdf.hr\/nada\/"},{"@type":"ListItem","position":3,"name":"Prepu\u0161teni slu\u010daju"}]},{"@type":"WebSite","@id":"https:\/\/sdf.hr\/#website","url":"https:\/\/sdf.hr\/","name":"SDF - Srpski demokratski forum","description":"Srpski demokratski forum","publisher":{"@id":"https:\/\/sdf.hr\/#organization"},"potentialAction":[{"@type":"SearchAction","target":{"@type":"EntryPoint","urlTemplate":"https:\/\/sdf.hr\/?s={search_term_string}"},"query-input":{"@type":"PropertyValueSpecification","valueRequired":true,"valueName":"search_term_string"}}],"inLanguage":"hr"},{"@type":"Organization","@id":"https:\/\/sdf.hr\/#organization","name":"SDF - Srpski demokratski forum","url":"https:\/\/sdf.hr\/","logo":{"@type":"ImageObject","inLanguage":"hr","@id":"https:\/\/sdf.hr\/#\/schema\/logo\/image\/","url":"https:\/\/sdf.hr\/wp-content\/uploads\/2021\/07\/logo-hr.svg","contentUrl":"https:\/\/sdf.hr\/wp-content\/uploads\/2021\/07\/logo-hr.svg","width":271,"height":100,"caption":"SDF - Srpski demokratski forum"},"image":{"@id":"https:\/\/sdf.hr\/#\/schema\/logo\/image\/"}}]}},"_links":{"self":[{"href":"https:\/\/sdf.hr\/hr\/wp-json\/wp\/v2\/nada\/1215","targetHints":{"allow":["GET"]}}],"collection":[{"href":"https:\/\/sdf.hr\/hr\/wp-json\/wp\/v2\/nada"}],"about":[{"href":"https:\/\/sdf.hr\/hr\/wp-json\/wp\/v2\/types\/nada"}],"wp:featuredmedia":[{"embeddable":true,"href":"https:\/\/sdf.hr\/hr\/wp-json\/wp\/v2\/media\/2576"}],"wp:attachment":[{"href":"https:\/\/sdf.hr\/hr\/wp-json\/wp\/v2\/media?parent=1215"}],"wp:term":[{"taxonomy":"post_tag","embeddable":true,"href":"https:\/\/sdf.hr\/hr\/wp-json\/wp\/v2\/tags?post=1215"},{"taxonomy":"atribut","embeddable":true,"href":"https:\/\/sdf.hr\/hr\/wp-json\/wp\/v2\/atribut?post=1215"}],"curies":[{"name":"wp","href":"https:\/\/api.w.org\/{rel}","templated":true}]}}