{"id":1217,"date":"2022-09-05T14:43:41","date_gmt":"2022-09-05T12:43:41","guid":{"rendered":"https:\/\/sdf.hr\/?post_type=nada&#038;p=1217"},"modified":"2023-03-19T16:06:34","modified_gmt":"2023-03-19T15:06:34","slug":"nije-smijesno","status":"publish","type":"nada","link":"https:\/\/sdf.hr\/hr\/nada\/nije-smijesno\/","title":{"rendered":"Nije smije\u0161no"},"content":{"rendered":"<p>Brojne sportske novinarke nedavno su i\u0161etale s dodjele nogometnih nagrada u \u0160kotskoj zbog \u0161ovinisti\u010dkih \u0161ala jednog od voditelja. Doma\u0107in dodjele nagrada u maju u Glasgowu bila je Udruga \u0161kotskih nogometnih pisaca (SFWA), koja se naknadno ispri\u010dala zbog postupaka Billa Copelanda, umirovljenog odvjetnika koji je \u010dest govornik-zabavlja\u010d na ve\u010derama u sklopu dodjela nagrada.<\/p>\n<p>Copeland je u svom komi\u010darskom setu &#8220;starog kova&#8221; me\u0111u ostalim po\u010dastio japanske nogometa\u0161e rasisti\u010dkim terminima, narugao se homoseksualcima i sprdao sa \u017eenama u sportu. Desilo se to na istom doga\u0111aju na kojem je inicijativa \u017dene u novinarstvu \u0160kotska (WiJS) promovirala kampanju kojom se poziva na ve\u0107u raznolikost i kvalitetniji rad u sportskim redakcijama. Aktivistkinje su naglasile kako problemi najvi\u0161e postoje u pisanom sportskom novinarstvu, dok su na televiziji \u017eene prisutnije, iako uglavnom samo u prezenterskim ulogama, kao sportske voditeljice.<\/p>\n<p>Istra\u017eivanje &#8220;Seksisti\u010dki sram lijepe igre&#8221;, koje su provele studentice sa Sveu\u010dili\u0161ta Strathclyde Hannah Nicol i Rowan Clark, pokazuje da su me\u0111u 95 stalno zaposlenih sportskih novinara u redakcijama tiskanih medija u \u0160kotskoj samo tri novinarke. Tako\u0111er se navodi da su sportski novinari bolje pla\u0107eni od novinarki, \u010dak i kad imaju manje iskustva (razlika u pla\u0107ama varira od pet do 21 posto u korist mu\u0161karaca), a kolegij iz sportskog novinarstva na \u0161kotskom sveu\u010dili\u0161tu tijekom trinaest godina izvo\u0111enja poha\u0111alo je samo osam \u017eena. Anketirane novinarke rekle su da su pretrpjele gnusno mizogino zlostavljanje, posebno kada je u pitanju pra\u0107enje nogometa, kako od strane kolega, tako i od navija\u010da i sporta\u0161a. Istra\u017eivanje identificira &#8220;seksisti\u010dko zlostavljanje, nejednakost u pla\u0107ama, ma\u010do kulturu, sastanke i upravlja\u010dke strukture u kojima dominiraju mu\u0161karci, nedostatak fleksibilnosti i podr\u0161ke, zakinutost za promociju, tokenizam&#8221; me\u0111u nizom razloga kojima se \u017eene odvra\u0107a od bavljenja sportskim novinarstvom, ili ih se pak natjera da vrlo brzo napuste profesiju.<\/p>\n<p>Kampanju WiJS-a podr\u017eava i Eilidh Barbour, sportska voditeljica koja radi za BBC, Sky Sports i Amazon Prime. Barbour je bila me\u0111u novinarkama koje su napustile dodjelu nagrada u znak protesta, a nakon samog doga\u0111aja tvitala je da se &#8220;nikad nije osje\u0107ala tako nepo\u017eeljno u industriji u kojoj radi&#8221;. Gabriella Bennett, jedna od inicijatorica kampanje, ispri\u010dala je kako su ona i svi za njenim stolom napustili dodjelu, ali ve\u0107ina \u010dlanova publike ostala se smijati Copelandovim &#8220;\u0161alama&#8221;. U \u010dlanku za Guardian Bennett je napisala kako su joj se i njeni mu\u0161ki kolege za stolom pridru\u017eili u odlasku, a neki su joj se i narednih dana javljali, pitali \u0161to i kako napraviti da se ovakve stvari vi\u0161e ne doga\u0111aju. To je prepoznala kao va\u017ean pomak, nu\u017eno zrno solidarnosti.<\/p>\n<p>Iako je va\u017eno pri\u010dati o Copelandu, podjednako je va\u017eno, i va\u017enije, pisati o kulturi koja mu je omogu\u0107ila da bude pozvan na pozornicu, pi\u0161e Bennett. U njegovim se &#8220;\u0161alama&#8221; zrcali istina dru\u0161tva u kojem \u017eivimo, dru\u0161tva koje na kritike i proteste \u017eena jo\u0161 uvijek ve\u0107inski odmahuje rukom u stilu: &#8220;Brate, al&#8217; ove ne znaju prihvatiti \u0161alu!&#8221; Me\u0111u onima koji se suprotstavljaju takvim praksama jo\u0161 uvijek je premalo mu\u0161karaca. A to je problem. Kako je francuski nogometa\u0161 Lilian Thuram kazao u jednom intervjuu: &#8220;Kada bi bijeli nogometa\u0161 napustio teren kad god bi se dogodio rasisti\u010dki \u010din, stvar bi se vrlo brzo rije\u0161ila. Ali problem je \u0161to uvijek mislimo da je samo \u017ertva ta koja bi trebala ustati.&#8221;<\/p>\n<p><em>pi\u0161e Ivana Peri\u0107<\/em><\/p>\n","protected":false},"excerpt":{"rendered":"<p>Brojne sportske novinarke nedavno su i\u0161etale s dodjele nogometnih nagrada u \u0160kotskoj zbog \u0161ovinisti\u010dkih \u0161ala jednog od voditelja. Bill Copeland je &#8220;po\u010dastio&#8221; japanske nogometa\u0161e rasisti\u010dkim terminima, narugao se homoseksualcima i sprdao sa \u017eenama u sportu<\/p>\n","protected":false},"featured_media":2808,"template":"","tags":[40],"atribut":[],"class_list":["post-1217","nada","type-nada","status-publish","has-post-thumbnail","hentry","tag-dvokorak-naprijed"],"acf":[],"yoast_head":"<!-- This site is optimized with the Yoast SEO plugin v27.4 - https:\/\/yoast.com\/product\/yoast-seo-wordpress\/ -->\n<title>Nije smije\u0161no - SDF - Srpski demokratski forum<\/title>\n<meta name=\"robots\" content=\"index, follow, max-snippet:-1, max-image-preview:large, max-video-preview:-1\" \/>\n<link rel=\"canonical\" href=\"https:\/\/sdf.hr\/hr\/nada\/nije-smijesno\/\" \/>\n<meta property=\"og:locale\" content=\"hr_HR\" \/>\n<meta property=\"og:type\" content=\"article\" \/>\n<meta property=\"og:title\" content=\"Nije smije\u0161no - SDF - Srpski demokratski forum\" \/>\n<meta property=\"og:description\" content=\"Brojne sportske novinarke nedavno su i\u0161etale s dodjele nogometnih nagrada u \u0160kotskoj zbog \u0161ovinisti\u010dkih \u0161ala jednog od voditelja. Bill Copeland je &quot;po\u010dastio&quot; japanske nogometa\u0161e rasisti\u010dkim terminima, narugao se homoseksualcima i sprdao sa \u017eenama u sportu\" \/>\n<meta property=\"og:url\" content=\"https:\/\/sdf.hr\/hr\/nada\/nije-smijesno\/\" \/>\n<meta property=\"og:site_name\" content=\"SDF - Srpski demokratski forum\" \/>\n<meta property=\"article:modified_time\" content=\"2023-03-19T15:06:34+00:00\" \/>\n<meta property=\"og:image\" content=\"https:\/\/sdf.hr\/wp-content\/uploads\/2022\/09\/Barbour_Paul-Terry_Newscom-1-scaled.jpg\" \/>\n\t<meta property=\"og:image:width\" content=\"2560\" \/>\n\t<meta property=\"og:image:height\" content=\"1750\" \/>\n\t<meta property=\"og:image:type\" content=\"image\/jpeg\" \/>\n<meta name=\"twitter:card\" content=\"summary_large_image\" \/>\n<meta name=\"twitter:label1\" content=\"Procijenjeno vrijeme \u010ditanja\" \/>\n\t<meta name=\"twitter:data1\" content=\"3 minute\" \/>\n<script type=\"application\/ld+json\" class=\"yoast-schema-graph\">{\"@context\":\"https:\\\/\\\/schema.org\",\"@graph\":[{\"@type\":\"WebPage\",\"@id\":\"https:\\\/\\\/sdf.hr\\\/hr\\\/nada\\\/nije-smijesno\\\/\",\"url\":\"https:\\\/\\\/sdf.hr\\\/hr\\\/nada\\\/nije-smijesno\\\/\",\"name\":\"Nije smije\u0161no - SDF - Srpski demokratski forum\",\"isPartOf\":{\"@id\":\"https:\\\/\\\/sdf.hr\\\/#website\"},\"primaryImageOfPage\":{\"@id\":\"https:\\\/\\\/sdf.hr\\\/hr\\\/nada\\\/nije-smijesno\\\/#primaryimage\"},\"image\":{\"@id\":\"https:\\\/\\\/sdf.hr\\\/hr\\\/nada\\\/nije-smijesno\\\/#primaryimage\"},\"thumbnailUrl\":\"https:\\\/\\\/sdf.hr\\\/wp-content\\\/uploads\\\/2022\\\/09\\\/Barbour_Paul-Terry_Newscom-1-scaled.jpg\",\"datePublished\":\"2022-09-05T12:43:41+00:00\",\"dateModified\":\"2023-03-19T15:06:34+00:00\",\"breadcrumb\":{\"@id\":\"https:\\\/\\\/sdf.hr\\\/hr\\\/nada\\\/nije-smijesno\\\/#breadcrumb\"},\"inLanguage\":\"hr\",\"potentialAction\":[{\"@type\":\"ReadAction\",\"target\":[\"https:\\\/\\\/sdf.hr\\\/hr\\\/nada\\\/nije-smijesno\\\/\"]}]},{\"@type\":\"ImageObject\",\"inLanguage\":\"hr\",\"@id\":\"https:\\\/\\\/sdf.hr\\\/hr\\\/nada\\\/nije-smijesno\\\/#primaryimage\",\"url\":\"https:\\\/\\\/sdf.hr\\\/wp-content\\\/uploads\\\/2022\\\/09\\\/Barbour_Paul-Terry_Newscom-1-scaled.jpg\",\"contentUrl\":\"https:\\\/\\\/sdf.hr\\\/wp-content\\\/uploads\\\/2022\\\/09\\\/Barbour_Paul-Terry_Newscom-1-scaled.jpg\",\"width\":2560,\"height\":1750,\"caption\":\"Napustila dodjelu \u2013 Eilidh Barbour (Foto: Paul Terry\\\/Newscom\\\/PIXSELL)\"},{\"@type\":\"BreadcrumbList\",\"@id\":\"https:\\\/\\\/sdf.hr\\\/hr\\\/nada\\\/nije-smijesno\\\/#breadcrumb\",\"itemListElement\":[{\"@type\":\"ListItem\",\"position\":1,\"name\":\"Po\u010detna stranica\",\"item\":\"https:\\\/\\\/sdf.hr\\\/hr\\\/\"},{\"@type\":\"ListItem\",\"position\":2,\"name\":\"Nada\",\"item\":\"https:\\\/\\\/sdf.hr\\\/nada\\\/\"},{\"@type\":\"ListItem\",\"position\":3,\"name\":\"Nije smije\u0161no\"}]},{\"@type\":\"WebSite\",\"@id\":\"https:\\\/\\\/sdf.hr\\\/#website\",\"url\":\"https:\\\/\\\/sdf.hr\\\/\",\"name\":\"SDF - Srpski demokratski forum\",\"description\":\"Srpski demokratski forum\",\"publisher\":{\"@id\":\"https:\\\/\\\/sdf.hr\\\/#organization\"},\"potentialAction\":[{\"@type\":\"SearchAction\",\"target\":{\"@type\":\"EntryPoint\",\"urlTemplate\":\"https:\\\/\\\/sdf.hr\\\/?s={search_term_string}\"},\"query-input\":{\"@type\":\"PropertyValueSpecification\",\"valueRequired\":true,\"valueName\":\"search_term_string\"}}],\"inLanguage\":\"hr\"},{\"@type\":\"Organization\",\"@id\":\"https:\\\/\\\/sdf.hr\\\/#organization\",\"name\":\"SDF - Srpski demokratski forum\",\"url\":\"https:\\\/\\\/sdf.hr\\\/\",\"logo\":{\"@type\":\"ImageObject\",\"inLanguage\":\"hr\",\"@id\":\"https:\\\/\\\/sdf.hr\\\/#\\\/schema\\\/logo\\\/image\\\/\",\"url\":\"https:\\\/\\\/sdf.hr\\\/wp-content\\\/uploads\\\/2021\\\/07\\\/logo-hr.svg\",\"contentUrl\":\"https:\\\/\\\/sdf.hr\\\/wp-content\\\/uploads\\\/2021\\\/07\\\/logo-hr.svg\",\"width\":271,\"height\":100,\"caption\":\"SDF - Srpski demokratski forum\"},\"image\":{\"@id\":\"https:\\\/\\\/sdf.hr\\\/#\\\/schema\\\/logo\\\/image\\\/\"}}]}<\/script>\n<!-- \/ Yoast SEO plugin. -->","yoast_head_json":{"title":"Nije smije\u0161no - SDF - Srpski demokratski forum","robots":{"index":"index","follow":"follow","max-snippet":"max-snippet:-1","max-image-preview":"max-image-preview:large","max-video-preview":"max-video-preview:-1"},"canonical":"https:\/\/sdf.hr\/hr\/nada\/nije-smijesno\/","og_locale":"hr_HR","og_type":"article","og_title":"Nije smije\u0161no - SDF - Srpski demokratski forum","og_description":"Brojne sportske novinarke nedavno su i\u0161etale s dodjele nogometnih nagrada u \u0160kotskoj zbog \u0161ovinisti\u010dkih \u0161ala jednog od voditelja. Bill Copeland je \"po\u010dastio\" japanske nogometa\u0161e rasisti\u010dkim terminima, narugao se homoseksualcima i sprdao sa \u017eenama u sportu","og_url":"https:\/\/sdf.hr\/hr\/nada\/nije-smijesno\/","og_site_name":"SDF - Srpski demokratski forum","article_modified_time":"2023-03-19T15:06:34+00:00","og_image":[{"width":2560,"height":1750,"url":"https:\/\/sdf.hr\/wp-content\/uploads\/2022\/09\/Barbour_Paul-Terry_Newscom-1-scaled.jpg","type":"image\/jpeg"}],"twitter_card":"summary_large_image","twitter_misc":{"Procijenjeno vrijeme \u010ditanja":"3 minute"},"schema":{"@context":"https:\/\/schema.org","@graph":[{"@type":"WebPage","@id":"https:\/\/sdf.hr\/hr\/nada\/nije-smijesno\/","url":"https:\/\/sdf.hr\/hr\/nada\/nije-smijesno\/","name":"Nije smije\u0161no - SDF - Srpski demokratski forum","isPartOf":{"@id":"https:\/\/sdf.hr\/#website"},"primaryImageOfPage":{"@id":"https:\/\/sdf.hr\/hr\/nada\/nije-smijesno\/#primaryimage"},"image":{"@id":"https:\/\/sdf.hr\/hr\/nada\/nije-smijesno\/#primaryimage"},"thumbnailUrl":"https:\/\/sdf.hr\/wp-content\/uploads\/2022\/09\/Barbour_Paul-Terry_Newscom-1-scaled.jpg","datePublished":"2022-09-05T12:43:41+00:00","dateModified":"2023-03-19T15:06:34+00:00","breadcrumb":{"@id":"https:\/\/sdf.hr\/hr\/nada\/nije-smijesno\/#breadcrumb"},"inLanguage":"hr","potentialAction":[{"@type":"ReadAction","target":["https:\/\/sdf.hr\/hr\/nada\/nije-smijesno\/"]}]},{"@type":"ImageObject","inLanguage":"hr","@id":"https:\/\/sdf.hr\/hr\/nada\/nije-smijesno\/#primaryimage","url":"https:\/\/sdf.hr\/wp-content\/uploads\/2022\/09\/Barbour_Paul-Terry_Newscom-1-scaled.jpg","contentUrl":"https:\/\/sdf.hr\/wp-content\/uploads\/2022\/09\/Barbour_Paul-Terry_Newscom-1-scaled.jpg","width":2560,"height":1750,"caption":"Napustila dodjelu \u2013 Eilidh Barbour (Foto: Paul Terry\/Newscom\/PIXSELL)"},{"@type":"BreadcrumbList","@id":"https:\/\/sdf.hr\/hr\/nada\/nije-smijesno\/#breadcrumb","itemListElement":[{"@type":"ListItem","position":1,"name":"Po\u010detna stranica","item":"https:\/\/sdf.hr\/hr\/"},{"@type":"ListItem","position":2,"name":"Nada","item":"https:\/\/sdf.hr\/nada\/"},{"@type":"ListItem","position":3,"name":"Nije smije\u0161no"}]},{"@type":"WebSite","@id":"https:\/\/sdf.hr\/#website","url":"https:\/\/sdf.hr\/","name":"SDF - Srpski demokratski forum","description":"Srpski demokratski forum","publisher":{"@id":"https:\/\/sdf.hr\/#organization"},"potentialAction":[{"@type":"SearchAction","target":{"@type":"EntryPoint","urlTemplate":"https:\/\/sdf.hr\/?s={search_term_string}"},"query-input":{"@type":"PropertyValueSpecification","valueRequired":true,"valueName":"search_term_string"}}],"inLanguage":"hr"},{"@type":"Organization","@id":"https:\/\/sdf.hr\/#organization","name":"SDF - Srpski demokratski forum","url":"https:\/\/sdf.hr\/","logo":{"@type":"ImageObject","inLanguage":"hr","@id":"https:\/\/sdf.hr\/#\/schema\/logo\/image\/","url":"https:\/\/sdf.hr\/wp-content\/uploads\/2021\/07\/logo-hr.svg","contentUrl":"https:\/\/sdf.hr\/wp-content\/uploads\/2021\/07\/logo-hr.svg","width":271,"height":100,"caption":"SDF - Srpski demokratski forum"},"image":{"@id":"https:\/\/sdf.hr\/#\/schema\/logo\/image\/"}}]}},"_links":{"self":[{"href":"https:\/\/sdf.hr\/hr\/wp-json\/wp\/v2\/nada\/1217","targetHints":{"allow":["GET"]}}],"collection":[{"href":"https:\/\/sdf.hr\/hr\/wp-json\/wp\/v2\/nada"}],"about":[{"href":"https:\/\/sdf.hr\/hr\/wp-json\/wp\/v2\/types\/nada"}],"wp:featuredmedia":[{"embeddable":true,"href":"https:\/\/sdf.hr\/hr\/wp-json\/wp\/v2\/media\/2808"}],"wp:attachment":[{"href":"https:\/\/sdf.hr\/hr\/wp-json\/wp\/v2\/media?parent=1217"}],"wp:term":[{"taxonomy":"post_tag","embeddable":true,"href":"https:\/\/sdf.hr\/hr\/wp-json\/wp\/v2\/tags?post=1217"},{"taxonomy":"atribut","embeddable":true,"href":"https:\/\/sdf.hr\/hr\/wp-json\/wp\/v2\/atribut?post=1217"}],"curies":[{"name":"wp","href":"https:\/\/api.w.org\/{rel}","templated":true}]}}