{"id":1222,"date":"2022-09-05T14:46:43","date_gmt":"2022-09-05T12:46:43","guid":{"rendered":"https:\/\/sdf.hr\/?post_type=nada&#038;p=1222"},"modified":"2023-03-19T16:04:38","modified_gmt":"2023-03-19T15:04:38","slug":"rolada-sa-sumskim-vocem","status":"publish","type":"nada","link":"https:\/\/sdf.hr\/hr\/nada\/rolada-sa-sumskim-vocem\/","title":{"rendered":"Rolada sa \u0161umskim vo\u0107em"},"content":{"rendered":"<p>Ljeto u Gorskom kotaru tako\u0111er zna donijeti jako vru\u0107e dane i znam da vam se ne pali pe\u0107nica jer i sama te\u0161ko podnosim tako visoke temperature, ali ljubav prema maku je ogromna pa nisam mogla odoljeti da ne slo\u017eim desert. Volim kola\u010de u obliku biskvitnih rolada jer se dosta brzo pripremaju, a nude razne mogu\u0107nosti kombiniranja namirnica bilo da ste ljubitelj vo\u0107nih, sirnih, \u010dokoladnih ili kola\u010da s ora\u0161astim plodovima. Tako\u0111er, vrlo jednostavno se dekoriraju i efektno izgledaju na svakom stolu. Ako ste ljubitelj kombinacije maka i sira pa jo\u0161 s dodatkom vo\u0107a, ovo je prava slastica za vas.<\/p>\n<p>U kremi sam koristila mlije\u010dno slatko vrhnje (ono nezasla\u0111eno) te krem sir, a vi mo\u017eete kombinirati sir koji volite (meki kravlji, namaz, skutu ili mascarpone). Vo\u0107ni dio tako\u0111er mo\u017eete sastaviti po vlastitom ukusu, maline, jagode, borovnice, marelice ili mo\u017eda breskve. Biskvit sam pekla u limu veli\u010dine 28 puta 40 centimetara. Koli\u010dinu \u0161e\u0107era tako\u0111er mo\u017eete prilagoditi vlastitom ukusu ili u kremu staviti med. Moj savjet je da najprije pripremite vo\u0107e kako bi vam se ohladilo jer ga treba skuhati sa \u0161e\u0107erom i \u0161krobnim bra\u0161nom.<\/p>\n<p><strong><em>Za biskvit<\/em><\/strong><\/p>\n<p>4 jaja<br \/>\n80 g \u0161e\u0107era<br \/>\n1 vanilin \u0161e\u0107er<br \/>\n50 g glatkog bra\u0161na<br \/>\n40 g mljevenog maka<br \/>\npola \u017eli\u010dice pra\u0161ka za pecivo<\/p>\n<p><strong><em>Za kremu od sira<\/em><\/strong><\/p>\n<p>2 dl slatkog vrhnja<br \/>\n200 g krem sira<br \/>\n2 \u017elice \u0161e\u0107era u prahu<br \/>\n1 vanilin \u0161e\u0107er<\/p>\n<p><strong><em>Za vo\u0107nu kremu<\/em><\/strong><\/p>\n<p>200 g \u0161umskog vo\u0107a (koristila sam zale\u0111eno)<br \/>\n2 \u017elice \u0161e\u0107era<br \/>\n1 \u017eli\u010dica \u0161krobnog bra\u0161na<br \/>\n1 \u017elica vode<\/p>\n<p><strong><em>Priprema<\/em><\/strong><\/p>\n<p>Najprije pripremite vo\u0107ni dio. U posudu za kuhanje stavite vo\u0107e (ako koristite breskve, marelice ili neko krupnije vo\u0107e, nasjeckajte na komadi\u0107e), dodajte \u0161e\u0107er i zakuhajte. Mije\u0161ajte nekoliko minuta da se neki komadi vo\u0107a raspadnu. Umije\u0161ajte \u0161krobno bra\u0161no u malo vode pa dodajte vo\u0107u i prokuhajte dok se ne zgusne. Ostavite da se ohladi pa povremeno promije\u0161ajte.<\/p>\n<p>Zagrijte pe\u0107nicu na 180 stupnjeva. Za biskvit odvojite bjelanjke od \u017eumanjaka. Bjelanjke malo posolite pa istucite \u010dvrst snijeg. \u017dumanjcima dodajte obje vrste \u0161e\u0107era pa mutite dok ne dobijete svijetlu i pjenastu smjesu (pet do deset minuta). Pomije\u0161ajte bra\u0161no, mak i pra\u0161ak za pecivo pa dodajte smjesi \u017eumanjaka i \u0161e\u0107era. Umutite da dobijete glatku smjesu bez grudica. Ru\u010dno umije\u0161ajte snijeg od bjelanjaka. Smjesu istresite na lim oblo\u017een papirom za pe\u010denje i protresite ili lupite o stol da se poravna. Biskvit pecite nekih osam do deset minuta na 180 stupnjeva, provjerite \u010da\u010dkalicom. Pe\u010deni biskvit okrenite na \u010distu krpu koju ste malo posuli \u0161e\u0107erom u prahu, uklonite papir za pe\u010denje pa zarolajte roladu s krpom i ostavite da se ohladi. Za kremu miksajte slatko vrhnje (nemojte pretjerati da se ne stvore grudice masno\u0107e) pa dodajte \u0161e\u0107er u prahu i jo\u0161 malo umutite. Dodajte krem sir pa izradite glatku kremu. Pa\u017eljivo odmotajte ohla\u0111eni biskvit, nama\u017eite ga s 1\/3 kreme od sira pa rasporedite vo\u0107ni nadjev. Zarolajte roladu i prema\u017eite je s ostatkom kreme. Ukrasite po \u017eelji i dobro ohladite.<\/p>\n<p>Dobar tek!<\/p>\n<p><em>pi\u0161e Valentina Vukadinovi\u0107<\/em><\/p>\n","protected":false},"excerpt":{"rendered":"<p>Ljeto u Gorskom kotaru tako\u0111er zna donijeti jako vru\u0107e dane i znam da vam se ne pali pe\u0107nica jer i sama te\u0161ko podnosim tako visoke temperature, ali ljubav prema maku je ogromna pa nisam mogla odoljeti da ne slo\u017eim desert<\/p>\n","protected":false},"featured_media":2805,"template":"","tags":[42],"atribut":[],"class_list":["post-1222","nada","type-nada","status-publish","has-post-thumbnail","hentry","tag-gorski-kotao"],"acf":[],"yoast_head":"<!-- This site is optimized with the Yoast SEO plugin v27.4 - https:\/\/yoast.com\/product\/yoast-seo-wordpress\/ -->\n<title>Rolada sa \u0161umskim vo\u0107em - SDF - Srpski demokratski forum<\/title>\n<meta name=\"robots\" content=\"index, follow, max-snippet:-1, max-image-preview:large, max-video-preview:-1\" \/>\n<link rel=\"canonical\" href=\"https:\/\/sdf.hr\/hr\/nada\/rolada-sa-sumskim-vocem\/\" \/>\n<meta property=\"og:locale\" content=\"hr_HR\" \/>\n<meta property=\"og:type\" content=\"article\" \/>\n<meta property=\"og:title\" content=\"Rolada sa \u0161umskim vo\u0107em - SDF - Srpski demokratski forum\" \/>\n<meta property=\"og:description\" content=\"Ljeto u Gorskom kotaru tako\u0111er zna donijeti jako vru\u0107e dane i znam da vam se ne pali pe\u0107nica jer i sama te\u0161ko podnosim tako visoke temperature, ali ljubav prema maku je ogromna pa nisam mogla odoljeti da ne slo\u017eim desert\" \/>\n<meta property=\"og:url\" content=\"https:\/\/sdf.hr\/hr\/nada\/rolada-sa-sumskim-vocem\/\" \/>\n<meta property=\"og:site_name\" content=\"SDF - Srpski demokratski forum\" \/>\n<meta property=\"article:modified_time\" content=\"2023-03-19T15:04:38+00:00\" \/>\n<meta property=\"og:image\" content=\"https:\/\/sdf.hr\/wp-content\/uploads\/2022\/09\/Rolada-scaled.jpeg\" \/>\n\t<meta property=\"og:image:width\" content=\"2560\" \/>\n\t<meta property=\"og:image:height\" content=\"1244\" \/>\n\t<meta property=\"og:image:type\" content=\"image\/jpeg\" \/>\n<meta name=\"twitter:card\" content=\"summary_large_image\" \/>\n<meta name=\"twitter:label1\" content=\"Procijenjeno vrijeme \u010ditanja\" \/>\n\t<meta name=\"twitter:data1\" content=\"3 minute\" \/>\n<script type=\"application\/ld+json\" class=\"yoast-schema-graph\">{\"@context\":\"https:\\\/\\\/schema.org\",\"@graph\":[{\"@type\":\"WebPage\",\"@id\":\"https:\\\/\\\/sdf.hr\\\/hr\\\/nada\\\/rolada-sa-sumskim-vocem\\\/\",\"url\":\"https:\\\/\\\/sdf.hr\\\/hr\\\/nada\\\/rolada-sa-sumskim-vocem\\\/\",\"name\":\"Rolada sa \u0161umskim vo\u0107em - SDF - Srpski demokratski forum\",\"isPartOf\":{\"@id\":\"https:\\\/\\\/sdf.hr\\\/#website\"},\"primaryImageOfPage\":{\"@id\":\"https:\\\/\\\/sdf.hr\\\/hr\\\/nada\\\/rolada-sa-sumskim-vocem\\\/#primaryimage\"},\"image\":{\"@id\":\"https:\\\/\\\/sdf.hr\\\/hr\\\/nada\\\/rolada-sa-sumskim-vocem\\\/#primaryimage\"},\"thumbnailUrl\":\"https:\\\/\\\/sdf.hr\\\/wp-content\\\/uploads\\\/2022\\\/09\\\/Rolada-scaled.jpeg\",\"datePublished\":\"2022-09-05T12:46:43+00:00\",\"dateModified\":\"2023-03-19T15:04:38+00:00\",\"breadcrumb\":{\"@id\":\"https:\\\/\\\/sdf.hr\\\/hr\\\/nada\\\/rolada-sa-sumskim-vocem\\\/#breadcrumb\"},\"inLanguage\":\"hr\",\"potentialAction\":[{\"@type\":\"ReadAction\",\"target\":[\"https:\\\/\\\/sdf.hr\\\/hr\\\/nada\\\/rolada-sa-sumskim-vocem\\\/\"]}]},{\"@type\":\"ImageObject\",\"inLanguage\":\"hr\",\"@id\":\"https:\\\/\\\/sdf.hr\\\/hr\\\/nada\\\/rolada-sa-sumskim-vocem\\\/#primaryimage\",\"url\":\"https:\\\/\\\/sdf.hr\\\/wp-content\\\/uploads\\\/2022\\\/09\\\/Rolada-scaled.jpeg\",\"contentUrl\":\"https:\\\/\\\/sdf.hr\\\/wp-content\\\/uploads\\\/2022\\\/09\\\/Rolada-scaled.jpeg\",\"width\":2560,\"height\":1244},{\"@type\":\"BreadcrumbList\",\"@id\":\"https:\\\/\\\/sdf.hr\\\/hr\\\/nada\\\/rolada-sa-sumskim-vocem\\\/#breadcrumb\",\"itemListElement\":[{\"@type\":\"ListItem\",\"position\":1,\"name\":\"Po\u010detna stranica\",\"item\":\"https:\\\/\\\/sdf.hr\\\/hr\\\/\"},{\"@type\":\"ListItem\",\"position\":2,\"name\":\"Nada\",\"item\":\"https:\\\/\\\/sdf.hr\\\/nada\\\/\"},{\"@type\":\"ListItem\",\"position\":3,\"name\":\"Rolada sa \u0161umskim vo\u0107em\"}]},{\"@type\":\"WebSite\",\"@id\":\"https:\\\/\\\/sdf.hr\\\/#website\",\"url\":\"https:\\\/\\\/sdf.hr\\\/\",\"name\":\"SDF - Srpski demokratski forum\",\"description\":\"Srpski demokratski forum\",\"publisher\":{\"@id\":\"https:\\\/\\\/sdf.hr\\\/#organization\"},\"potentialAction\":[{\"@type\":\"SearchAction\",\"target\":{\"@type\":\"EntryPoint\",\"urlTemplate\":\"https:\\\/\\\/sdf.hr\\\/?s={search_term_string}\"},\"query-input\":{\"@type\":\"PropertyValueSpecification\",\"valueRequired\":true,\"valueName\":\"search_term_string\"}}],\"inLanguage\":\"hr\"},{\"@type\":\"Organization\",\"@id\":\"https:\\\/\\\/sdf.hr\\\/#organization\",\"name\":\"SDF - Srpski demokratski forum\",\"url\":\"https:\\\/\\\/sdf.hr\\\/\",\"logo\":{\"@type\":\"ImageObject\",\"inLanguage\":\"hr\",\"@id\":\"https:\\\/\\\/sdf.hr\\\/#\\\/schema\\\/logo\\\/image\\\/\",\"url\":\"https:\\\/\\\/sdf.hr\\\/wp-content\\\/uploads\\\/2021\\\/07\\\/logo-hr.svg\",\"contentUrl\":\"https:\\\/\\\/sdf.hr\\\/wp-content\\\/uploads\\\/2021\\\/07\\\/logo-hr.svg\",\"width\":271,\"height\":100,\"caption\":\"SDF - Srpski demokratski forum\"},\"image\":{\"@id\":\"https:\\\/\\\/sdf.hr\\\/#\\\/schema\\\/logo\\\/image\\\/\"}}]}<\/script>\n<!-- \/ Yoast SEO plugin. -->","yoast_head_json":{"title":"Rolada sa \u0161umskim vo\u0107em - SDF - Srpski demokratski forum","robots":{"index":"index","follow":"follow","max-snippet":"max-snippet:-1","max-image-preview":"max-image-preview:large","max-video-preview":"max-video-preview:-1"},"canonical":"https:\/\/sdf.hr\/hr\/nada\/rolada-sa-sumskim-vocem\/","og_locale":"hr_HR","og_type":"article","og_title":"Rolada sa \u0161umskim vo\u0107em - SDF - Srpski demokratski forum","og_description":"Ljeto u Gorskom kotaru tako\u0111er zna donijeti jako vru\u0107e dane i znam da vam se ne pali pe\u0107nica jer i sama te\u0161ko podnosim tako visoke temperature, ali ljubav prema maku je ogromna pa nisam mogla odoljeti da ne slo\u017eim desert","og_url":"https:\/\/sdf.hr\/hr\/nada\/rolada-sa-sumskim-vocem\/","og_site_name":"SDF - Srpski demokratski forum","article_modified_time":"2023-03-19T15:04:38+00:00","og_image":[{"width":2560,"height":1244,"url":"https:\/\/sdf.hr\/wp-content\/uploads\/2022\/09\/Rolada-scaled.jpeg","type":"image\/jpeg"}],"twitter_card":"summary_large_image","twitter_misc":{"Procijenjeno vrijeme \u010ditanja":"3 minute"},"schema":{"@context":"https:\/\/schema.org","@graph":[{"@type":"WebPage","@id":"https:\/\/sdf.hr\/hr\/nada\/rolada-sa-sumskim-vocem\/","url":"https:\/\/sdf.hr\/hr\/nada\/rolada-sa-sumskim-vocem\/","name":"Rolada sa \u0161umskim vo\u0107em - SDF - Srpski demokratski forum","isPartOf":{"@id":"https:\/\/sdf.hr\/#website"},"primaryImageOfPage":{"@id":"https:\/\/sdf.hr\/hr\/nada\/rolada-sa-sumskim-vocem\/#primaryimage"},"image":{"@id":"https:\/\/sdf.hr\/hr\/nada\/rolada-sa-sumskim-vocem\/#primaryimage"},"thumbnailUrl":"https:\/\/sdf.hr\/wp-content\/uploads\/2022\/09\/Rolada-scaled.jpeg","datePublished":"2022-09-05T12:46:43+00:00","dateModified":"2023-03-19T15:04:38+00:00","breadcrumb":{"@id":"https:\/\/sdf.hr\/hr\/nada\/rolada-sa-sumskim-vocem\/#breadcrumb"},"inLanguage":"hr","potentialAction":[{"@type":"ReadAction","target":["https:\/\/sdf.hr\/hr\/nada\/rolada-sa-sumskim-vocem\/"]}]},{"@type":"ImageObject","inLanguage":"hr","@id":"https:\/\/sdf.hr\/hr\/nada\/rolada-sa-sumskim-vocem\/#primaryimage","url":"https:\/\/sdf.hr\/wp-content\/uploads\/2022\/09\/Rolada-scaled.jpeg","contentUrl":"https:\/\/sdf.hr\/wp-content\/uploads\/2022\/09\/Rolada-scaled.jpeg","width":2560,"height":1244},{"@type":"BreadcrumbList","@id":"https:\/\/sdf.hr\/hr\/nada\/rolada-sa-sumskim-vocem\/#breadcrumb","itemListElement":[{"@type":"ListItem","position":1,"name":"Po\u010detna stranica","item":"https:\/\/sdf.hr\/hr\/"},{"@type":"ListItem","position":2,"name":"Nada","item":"https:\/\/sdf.hr\/nada\/"},{"@type":"ListItem","position":3,"name":"Rolada sa \u0161umskim vo\u0107em"}]},{"@type":"WebSite","@id":"https:\/\/sdf.hr\/#website","url":"https:\/\/sdf.hr\/","name":"SDF - Srpski demokratski forum","description":"Srpski demokratski forum","publisher":{"@id":"https:\/\/sdf.hr\/#organization"},"potentialAction":[{"@type":"SearchAction","target":{"@type":"EntryPoint","urlTemplate":"https:\/\/sdf.hr\/?s={search_term_string}"},"query-input":{"@type":"PropertyValueSpecification","valueRequired":true,"valueName":"search_term_string"}}],"inLanguage":"hr"},{"@type":"Organization","@id":"https:\/\/sdf.hr\/#organization","name":"SDF - Srpski demokratski forum","url":"https:\/\/sdf.hr\/","logo":{"@type":"ImageObject","inLanguage":"hr","@id":"https:\/\/sdf.hr\/#\/schema\/logo\/image\/","url":"https:\/\/sdf.hr\/wp-content\/uploads\/2021\/07\/logo-hr.svg","contentUrl":"https:\/\/sdf.hr\/wp-content\/uploads\/2021\/07\/logo-hr.svg","width":271,"height":100,"caption":"SDF - Srpski demokratski forum"},"image":{"@id":"https:\/\/sdf.hr\/#\/schema\/logo\/image\/"}}]}},"_links":{"self":[{"href":"https:\/\/sdf.hr\/hr\/wp-json\/wp\/v2\/nada\/1222","targetHints":{"allow":["GET"]}}],"collection":[{"href":"https:\/\/sdf.hr\/hr\/wp-json\/wp\/v2\/nada"}],"about":[{"href":"https:\/\/sdf.hr\/hr\/wp-json\/wp\/v2\/types\/nada"}],"wp:featuredmedia":[{"embeddable":true,"href":"https:\/\/sdf.hr\/hr\/wp-json\/wp\/v2\/media\/2805"}],"wp:attachment":[{"href":"https:\/\/sdf.hr\/hr\/wp-json\/wp\/v2\/media?parent=1222"}],"wp:term":[{"taxonomy":"post_tag","embeddable":true,"href":"https:\/\/sdf.hr\/hr\/wp-json\/wp\/v2\/tags?post=1222"},{"taxonomy":"atribut","embeddable":true,"href":"https:\/\/sdf.hr\/hr\/wp-json\/wp\/v2\/atribut?post=1222"}],"curies":[{"name":"wp","href":"https:\/\/api.w.org\/{rel}","templated":true}]}}