{"id":1228,"date":"2022-09-05T14:53:09","date_gmt":"2022-09-05T12:53:09","guid":{"rendered":"https:\/\/sdf.hr\/?post_type=nada&#038;p=1228"},"modified":"2023-03-19T16:02:12","modified_gmt":"2023-03-19T15:02:12","slug":"dimitrije-simovic-u-zagreb-sam-dosao-zbog-ljubavi","status":"publish","type":"nada","link":"https:\/\/sdf.hr\/hr\/nada\/dimitrije-simovic-u-zagreb-sam-dosao-zbog-ljubavi\/","title":{"rendered":"Dimitrije Simovi\u0107: U Zagreb sam do\u0161ao zbog ljubavi"},"content":{"rendered":"<p>Usred op\u0107e panike, izoliranosti i prirodnih nepogoda koje su nas zatekle 2020., ni\u0161ki muzi\u010dar Dimitrije Simovi\u0107 odlu\u010dio je da iskoristi nesvakida\u0161nju situaciju da napravi svoj prvi album &#8220;\u010car-pitanje&#8221;, i to pod imenom Dimitrije Dimitrijevi\u0107. Izdanje s devet rasko\u0161nih kompozicija nadogra\u0111eno je Mitinim ju\u017enja\u010dkim vokalom i impresionisti\u010dkom lirikom iz koje se najvi\u0161e izdvaja stih, kao neki <em>soundtrack<\/em> sulude stvarnosti, &#8220;Lepi su dani do\u0161li po ceh&#8221;. Ni\u0161lija sa zagreba\u010dkom adresom, s nepunih 30 godina, poznat je i kao basist i pjeva\u010d grupe Igralom. U zadnje vrijeme, spletom raznih okolnosti, nastupa gotovo isklju\u010divo kao Dimitrijevi\u0107, a na bini mu podr\u0161ku daju kantautorica i partnerica Sara Renar te muzi\u010dar Vedran Peternel. S Dimitrijem smo se na\u0161li u jednom kvartovskom kafi\u0107u nekoliko dana pred njegov odlazak u Srbiju na snimanje tre\u0107eg albuma benda Igralom. Za Nadu govori o vrelom jugu Srbije, iskustvu \u017eivota u Zagrebu i pronala\u017eenju vremena za stvaranje u u\u017eurbanoj svakodnevici koja se u potpunosti okre\u0107e samo i jedino profitu.<\/p>\n<p><strong>Va\u0161 debitantski album iza\u0161ao je na kraju te\u0161ke 2020. godine. Jeste li osjetili onu \u010daroliju s druge strane, kao autor? Da li ste ga uspjeli propisno promovirati i proslaviti?<\/strong><\/p>\n<p>Zapravo i ne. Trebalo je dosta vremena da shvatim da to sada neko zaista i slu\u0161a, a ne samo mo\u017eda. Osetio sam \u010daroliju zavr\u0161etka jednog intenzivnog, divnog i neponovljivog poglavlja. Ali imam ose\u0107aj da s promocijom jo\u0161 nije gotovo, evo, dve godine kasnije.<\/p>\n<p><strong>Kada ste se prvi put oku\u0161ali u pisanju poezije?<\/strong><\/p>\n<p>Moj deda je pisao pri\u010de za decu, doktorirao je svetsku knji\u017eevnost. On je umro kad sam imao 13 godina i tek kasnije sam saznao za to. Nasledio sam njegovu biblioteku pa mi je njegovo nasle\u0111e bilo misti\u010dno. A za konkretno pisanje je kriva moja profesorka. Ona mi je pomogla da objavim jednu pesmu za Udru\u017eenje pisaca &#8220;\u010cegar&#8221; iz Ni\u0161a. Pesma se zvala &#8220;Metak&#8221;, re\u010d je o lirskoj prozi. Mislim da to nije toliko dobra pesma, ali tako sam po prvi put shvatio u \u010demu je magija pisanja. A onda u srednjoj \u0161koli, kad sam bio mali, lagano distancirani emos sa slu\u0161alicama u u\u0161ima, stalno sam vrteo u glavi neke stihove i ose\u0107ao sam da se nalazim na prijatnom terenu. Puno je vremena pro\u0161lo dok nisam po\u010deo da pokazujem drugima ono \u0161to pi\u0161em i da se usudim da to izvodim javno.<\/p>\n<p><strong>Da li pravite razliku izme\u0111u sviranja u zatvorenom i otvorenom prostoru? \u0160to vi\u0161e volite?<\/strong><\/p>\n<p>Kad do\u0111e leto, otvoreni prostori su moja sudbina. Veselim se svakom nastupu, ali meni su dra\u017ee klupske svirke jer sam odrastao u takvom ambijentu. Ni\u0161 je pozama\u0161no veliki grad, ali postoji samo jedan klub u kojem se mo\u017ee ubrati malo alternative \u2013 Feedback. Tamo izlazim od 18. godine, tu sam \u010duo sve doma\u0107e, regionalno i inostrano \u0161to mi se svidelo. To je moj mati\u010dni podrum. Moj bend je tu napravio album, imali smo probe, tu sam izlazio, tamo je bio moj centar de\u0161avanja. U klubovima je uzavrela atmosfera, nastupi su bolji. Na otvorenim binama mi je te\u017ee da se pove\u017eem sa publikom. U mra\u010dnom klubu su svetla pode\u0161ena tako da se zna na \u010demu je fokus. Druga\u010dije pro\u0111e sat vremena u klubu, druga\u010dije na otvorenom.<\/p>\n<h3>Ni\u0161 je funky<\/h3>\n<p><strong>U va\u0161oj muzici se \u010duje mnogo \u017eanrovskih odrednica i utjecaja. Kako ste gradili svoj stil?<\/strong><\/p>\n<p>U bendu je mre\u017ea relacija. S vremenom upoznaje\u0161 svoje suigra\u010de i kad krene\u0161 u proces komponovanja, otprilike mo\u017ee\u0161 o\u010dekivati kako \u0107e ko reagovati. U Igralomu smo se dogovarali kakav zvuk \u017eelimo, imali smo neki preliminarni plan. Istra\u017eivali smo pustinjski blues i tada smo shvatili da na\u0161a glavna asocijacija na afri\u010dku muziku, afro beat i koketiranje s funkom, nije jedino \u0161to Afrika mo\u017ee da ponudi. To nas je jako inspirisalo pa smo odlu\u010dili da u celu pri\u010du ubacimo afri\u010dki blues, a dosta je uticala i srpska narodna muzika. Mislim, isto tako, da u mojoj generaciji i dalje vrve zaostav\u0161tine novog vala. Meni je Haustor nezaobilazna stavka u \u017eivotu. I tako je bilo. Kad ve\u0107 imamo taj postmodernisti\u010dki pristup, odlu\u010dili smo da \u0161trcnemo malo Afrike, malo Srbije i da tako gradimo zvuk. Ali kad bih osvestio da kre\u0107emo u neki \u017eanrovsko definirani momenat, onda udarimo neki kontrast, kao, evo, sad \u0107u da repujem preko ovoga. Tako da uvek postoji plan, ali istovremeno podsvest odradi ne\u0161to kada \u017eeli\u0161 biti tvorac, a ne reinterpretator. Nisam siguran da smo to postigli, ali kad smo izbacili drugi album, ljudi u Hrvatskoj su obratili pa\u017enju na nas. Na portalima smo dobili prvo mesto za najbolji regionalni album. Vi\u0161e mi se svi\u0111a da odudaramo nego da smo neki geng ljudi koji sviraju punk. Ja volim da slu\u0161am i Miles Davisa, i Ju\u017eni vetar, i Senidu. Sve mi se svi\u0111a. Emocija mi je presudna, kad vidim da je netko stavio karte na stol, mo\u017ee me kupiti neovisno odakle dolazi.<\/p>\n<figure id=\"attachment_2801\" aria-describedby=\"caption-attachment-2801\" style=\"width: 2001px\" class=\"wp-caption alignnone\"><img loading=\"lazy\" decoding=\"async\" class=\"wp-image-2801 size-full\" src=\"https:\/\/sdf.hr\/wp-content\/uploads\/2022\/09\/Simovic2_Davor-Konjikusic.jpg\" alt=\"\" width=\"2001\" height=\"2184\" srcset=\"https:\/\/sdf.hr\/wp-content\/uploads\/2022\/09\/Simovic2_Davor-Konjikusic.jpg 2001w, https:\/\/sdf.hr\/wp-content\/uploads\/2022\/09\/Simovic2_Davor-Konjikusic-275x300.jpg 275w, https:\/\/sdf.hr\/wp-content\/uploads\/2022\/09\/Simovic2_Davor-Konjikusic-938x1024.jpg 938w, https:\/\/sdf.hr\/wp-content\/uploads\/2022\/09\/Simovic2_Davor-Konjikusic-768x838.jpg 768w, https:\/\/sdf.hr\/wp-content\/uploads\/2022\/09\/Simovic2_Davor-Konjikusic-1407x1536.jpg 1407w, https:\/\/sdf.hr\/wp-content\/uploads\/2022\/09\/Simovic2_Davor-Konjikusic-1876x2048.jpg 1876w\" sizes=\"auto, (max-width: 2001px) 100vw, 2001px\" \/><figcaption id=\"caption-attachment-2801\" class=\"wp-caption-text\">Foto: Davor Konjiku\u0161i\u0107<\/figcaption><\/figure>\n<p><strong>Dakle, narodnjaci su bili neizbje\u017eni?<\/strong><\/p>\n<p><em>Random turbofolk playing in the background<\/em>, to je Srbija. Leti spusti\u0161 roletne, ostavi\u0161 otvoren prozor, ode\u0161 na siestu, a od kom\u0161ije dopire harmonikica. Vi\u0161e ne znam sa koje strane je to dolazilo. Pa na\u0161i de\u010dji ro\u0111endani koje su nam prire\u0111ivali roditelji bili su sa truba\u010dima. Mislim da je u pitanju tursko nasle\u0111e. Otvorio sam se prema turskoj muzici, saznao sam kasnije za anatolijski rock iz 1960-ih i 1970-ih koji koristi harmonijska melodijska re\u0161enja. Toga ima i u turbofolku samo sa drugim instrumentima. Svi\u0111a mi se taj sirovi momenat narodne muzike, pogotovo zato \u0161to mla\u0111i nara\u0161taji danas uzimaju narodnjake kao ne\u0161to buntovno, mnogo vi\u0161e nego \u0161to to mo\u017ee biti rock and roll. \u017delim da budem deo ne\u010dega \u0161to privla\u010di pa\u017enju, ne \u017eelim da se dr\u017eim neke svoje idolatrije iz mla\u0111ih dana. Crpim od turske muzike, od srpske, makedonske i bugarske izvorne muzike. Zanima me kolektivno nasle\u0111e naroda. Radije \u0107u da u\u010dim od \u0160abana \u0160auli\u0107a nego od onog iz Whitesnakea. Tu ose\u0107am da je ne\u0161to iskrenije, emotivnije i ja\u010de. Muzika je nepregledno polje i bilo bi glupo ograni\u010diti se.<\/p>\n<p><strong>Visoko i piskutavo pjevanje vam dolazi prirodno na skali tonaliteta?<\/strong><\/p>\n<p>Morao sam na\u0107i mesto u nekom frekvencijskom rasponu. Na\u0161ao sam neki svoj modus kako da se \u010dujem u Igralomu, ipak je to bu\u010dan bend. Prijatelj me zeza da su me u Zagrebu kastrirali jer da sam po\u010deo piskutavo da pevam. Na mom albumu mi je bila intencija da to bude neka moja zamisao <em>feel good<\/em> muzike. Umorio sam se od agresije u muzici, shvatio sam da plu\u0107a ne mogu. Odlu\u010dio sam da se smirim da bih mogao da nastavim da \u017eivim.<\/p>\n<p><strong>Ni\u0161 je rasadnik bendova i generalno muzi\u010dkih talenata. Mnogo narodnih pjeva\u010da je s juga Srbije, a ne manjka ni postpunk bendova. Ne mogu da ne spomenem Dobrog Isaka. \u0160to mislite, za\u0161to je to tako?<\/strong><\/p>\n<p>Ni\u0161 je te\u0161ki geto. Imamo naselje Crni put gde \u017eivi Romi, od tamo je \u0160aban Bajramovi\u0107. Tamo ima mnogo ljudi koji kidaju kako sviraju. Kao \u0161to se pojavio jedan James Brown, u takvim uslovima pojavio se i jedan \u0160aban. Iz geta izlaze suludi talenti. Osim toga, NATO bombordovanje 1999. je bio intenzivan period, tada su se pojavljivali bendovi koji su svirali dok su padale bombe. Imali su jaku lokalnu podr\u0161ku, to je spa\u0161avalo ljudima glave. Ne znam kako to objasniti, ali u Ni\u0161u ljudi stvarno vole muziku, ba\u0161 je <em>funky<\/em> grad. Imamo DJ skupinu koja radi pod imenom The funk soul brothers i godinama prave \u017eurke na kojima ljudi ple\u0161u. Ne onako bela\u010dki, kao, dr\u017eim cigaretu i pivo i malo se gibam, nego se ba\u0161 zamrdaju guze. Pije se i pona\u0161a kao da ne postoji sutra. Uvek je uzavrela atmosfera, mislim da je to do dru\u0161tvenih i do ekonomskih faktora. Ljudi tamo imaju merak, \u010dak i ako ne slu\u0161aju narodno. Mi kao bend smo imali veliku podr\u0161ku u Ni\u0161u. Najbolje smo bili prihva\u0107eni tamo, svuda ostalo smo bili \u010dudaci.<\/p>\n<h3>Poziv tra\u017ei malo \u017ertve<\/h3>\n<p><strong>S obzirom na to da zadnjih pet godina \u017eivite u Zagrebu, da li vam to ovdje fali? Zagreb je hladan grad, kako ka\u017ee ona pjesma.<\/strong><\/p>\n<p>Mislim da je nama krv dole malo vrelija, to nije stereotip. Ljudi se izra\u017eavaju puno afektivnije, familije su lude. Krov se podigne kad baba i deda krenu da urlaju. Ovde mi se ljudi \u010dine finiji, barem iz mog iskustva. Postoji taj jedan zid manira. Pona\u0161anje ljudi u Splitu mi je puno bli\u017ee nego pona\u0161anje ljudi u Zagrebu. Ali trebalo mi je da do\u0111em u Zagreb i da filtriram celi taj afekt, to ne\u0161to nagomilano \u0161to uzrokuje afektivne reakcije i da se malo izba\u017edarim na drugi grad i kulturu.<\/p>\n<p><strong>Kako ste odlu\u010dili da prenesete \u017eivot u Zagreb? Kako ste se izborili s birokracijom?<\/strong><\/p>\n<p>Do\u0161ao sam zbog ljubavi, a verovatno i potajne \u017eelje da promenim okolinu. Iako nisam ve\u0107inski nomad u du\u0161i, promena mi je prijala. Novi grad je rastere\u0107eniji od starog, barem u mom slu\u010daju. Ni\u0161 i ja smo odrastali zajedno, a Zagreb i ja susre\u0107emo se u kasnim dvadesetima i, evo, ranim tridesetima. Imam privremeni boravak za vreme trajanja studija. U Zagrebu sam upisao dvopredmetni master, kognitivnu lingvistiku i rehabilitaciju slu\u0161anja i govora, nakon studija filozofije u Ni\u0161u. Tendencija mi je da se prekvalifijujem i da ne\u0161to drugo znam raditi osim predavanja filozofije. Posao mi se ne javlja ni u snovima, a kamoli na javi. Presudilo je to \u0161to sam nekoliko godina bio inkognito u Zagrebu. Shvatio sam da tu provodim dosta vremena i da moja partnerica ima svoj \u017eivot i svoje obaveze, a ja sviram u stanu i ne znam nikog. Ukratko, ako \u017eelim da pustim korenje, to mora da ima neku infrastrukturnu i birokratsku pozadinu. Tako mi je bilo lak\u0161e da re\u0161im i zdravstveno osiguranje. Svakako sam \u017eeleo da studiram, ali ne bih to naglo napravio da nije bilo pitanja boravka.<\/p>\n<p><strong>Kako ste se odlu\u010dili za smjer Rehabilitacija slu\u0161anja i govora na fonetici? Imate li neke konkretne planove \u0161to biste radili?<\/strong><\/p>\n<p>Upisao sam to bez jasne predstave o \u010demu je re\u010d. To je dosta stru\u010dna stvar. Mi mo\u017eemo biti audiolo\u0161ki tehni\u010dari, mo\u017eemo pregledavati sluh, odre\u0111ivati slu\u0161ne aparate i biti rehabilitatori. Shvatio sam da mi je to jo\u0161 jedan \u017eivotni poziv, jer sam do ju\u010de mislio da je to samo muzika. A sada ve\u0107, kako sam se s vremenom zaljubio u \u0161tivo i u taj plemeniti poziv, mogu da vidim da je muzika na \u010dekanju dok se ja time bavim. Voleo bih da napravim javno dostupan sajt sa rehabilitacijskim materijalima, da proizvodim igra\u010dke koje se mogu koristiti u ku\u0107noj rehabilitaciji, ali najvi\u0161e ma\u0161tam o vrti\u0107u koji bi bio specijalizovan za decu sa o\u0161te\u0107enim sluhom.<\/p>\n<p><strong>Jeste li zadovoljni s razinom studentskih prava u Hrvatskoj kao stranac?<\/strong><\/p>\n<p>Fakultet pla\u0107am, samim tim moram i da radim. Nisam na stipendiji jer dr\u017eavljani iz zemalja tre\u0107eg sveta nemaju pravo na to. Pobunio sam se zato \u0161to \u010dak nisam imao pravo na rad preko studentskog servisa. Obratio sam se pravobraniteljici na fakultetu i to se re\u0161ilo u roku od tri meseca. Zakon nije bio negativno definiran prema tome, nego niko nije o\u010dekivao da \u0107e dr\u017eavljani tre\u0107ih zemalja dolaziti tu da studiraju. I onda su shvatili da postojimo. Pravo na studentski dom i menzu nisam dobio. Sviram, radim kad nema svirki, promenio sam mnogo poslova i stekao lepa iskustva. Ali svejedno jedva \u010dekam da do\u0111e kraj studiranju i da mogu poku\u0161ati da se ostvarim i u struci. Pitanje je kako \u0107u se sna\u0107i kada kro\u010dim na tr\u017ei\u0161te rada.<\/p>\n<p><img loading=\"lazy\" decoding=\"async\" class=\"alignnone wp-image-2803 size-full\" src=\"https:\/\/sdf.hr\/wp-content\/uploads\/2022\/09\/Simovic3_Davor-Konjikusic-scaled.jpg\" alt=\"\" width=\"2560\" height=\"1950\" srcset=\"https:\/\/sdf.hr\/wp-content\/uploads\/2022\/09\/Simovic3_Davor-Konjikusic-scaled.jpg 2560w, https:\/\/sdf.hr\/wp-content\/uploads\/2022\/09\/Simovic3_Davor-Konjikusic-300x229.jpg 300w, https:\/\/sdf.hr\/wp-content\/uploads\/2022\/09\/Simovic3_Davor-Konjikusic-1024x780.jpg 1024w, https:\/\/sdf.hr\/wp-content\/uploads\/2022\/09\/Simovic3_Davor-Konjikusic-768x585.jpg 768w, https:\/\/sdf.hr\/wp-content\/uploads\/2022\/09\/Simovic3_Davor-Konjikusic-1536x1170.jpg 1536w, https:\/\/sdf.hr\/wp-content\/uploads\/2022\/09\/Simovic3_Davor-Konjikusic-2048x1560.jpg 2048w\" sizes=\"auto, (max-width: 2560px) 100vw, 2560px\" \/><\/p>\n<p><strong>Kako u tim okolnostima pronalazite vrijeme za stvaranje?<\/strong><\/p>\n<p>Stalno sam u raskolu. Ako \u017eeli\u0161 stvarati bilo kakvu umetnost, mora\u0161 biti u tome. Pesma se mo\u017ee napraviti za 45 minuta, ali ti treba dve nedelje da miruje\u0161 i misli\u0161. Ljudi koji ne\u0161to stvaraju, ali ne samo oni, ljudi koji su u problemu, treba im vreme da se pove\u017eu sa svojim mozgom kroz neki meditativni proces. Svi smo u istom sosu, jer je podloga tvom gledanju u oblake uvek mulj ose\u0107aja krivice da gubi\u0161 vreme, da si danguba. Svet se raspada, a ti \u017eeli\u0161 pisati pesme. Pogotovo u krajevima gde je privatnost podcenjena, kao \u0161to je Ni\u0161 i dobar deo Dalmacije, gde baba ima pravo da ti u\u0111e u sobu kad god ho\u0107e i jo\u0161 da se dere na tebe za\u0161to se zaklju\u010dava\u0161. U Zagrebu imam uslove za umetni\u010dki rad, ali imam ose\u0107aj krivice jer pare nekuda odlaze, nestaju kao upalja\u010di. Steknem ose\u0107aj da je bolje da odem na posao i dostavljam hranu jer bih se ose\u0107ao vrednije. Radim to dva meseca i shvatim da venem kao cvet. Poziv tra\u017ei malo \u017ertve i zahteva malo razumevanja. Zato sam i na\u0161ao nekog sli\u010dnog sebi.<\/p>\n<h3>Bili smo \u017eeljni ljudi i sviranja<\/h3>\n<p><strong>\u017divite i radite sa Sarom Renar, sve vi\u0161e svirate zajedno. Kako izgleda va\u0161 \u017eivot u profesionalnom smislu?<\/strong><\/p>\n<p>Velika smo podr\u0161ka jedno drugom, delimo iste probleme i borimo se. Stalno se zajedni\u010dkim radom u muzici podse\u0107amo za\u0161to se time bavimo. Ne dopu\u0161tamo jedno drugom stagnaciju. Meni je sa njom jako lepo na bini. Uglavnom je neki savet od ljudi: ako ste u emotivnoj vezi, ne bi bilo dobro da radite zajedno. To je potpuna nebuloza. Ako smo u svim drugim aspektima ogoljeni jedno pred drugim, za\u0161to ne bismo u onome \u0161to nam je najva\u017enije na svetu? Na\u0161a saradnja je dosta plodna. Druga\u010diji su nam pristupi u muzici, ali imamo zajedni\u010dki jezik. Meni se svi\u0111a kod nje ono \u0161to radi u mom bendu, ta infantilna kompozicija. Svi\u0111a mi se koliko je \u010dista u svemu tome. Trebalo je da pro\u0111e neko vreme da po\u010dnemo da sara\u0111ujemo. Ali ipak, \u010dovek \u017eeli neki deo zadr\u017eati samo za sebe. Imam tu olak\u0161icu da Sara sporo ili nikako \u010dita pisanu \u0107irilicu. Tako pi\u0161em tekstove i onda znam da su pod \u0161ifrom. Eto, to je moja privatnost.<\/p>\n<p><strong>A kako va\u0161 kom\u0161iluk u neboderu podnosi sviranje?<\/strong><\/p>\n<p>Imali smo problem sa jednim kom\u0161ijom koji je poludeo zbog buke. Ja nikad ne di\u017eem poja\u010dalo, eventualno se opustim sa glasom. Moram da imam slobodu da ga pustim, to radim sam jer me sramota od drugih. Ne \u017eelim da mi to bude neka perverzna aktivnost. Ne vidim za\u0161to bi nekome smetala moja muzika. Malo me pla\u0161e ljudi koji ne mogu podneti da neko u kom\u0161iluku ve\u017eba instrument. Na\u0161 kom\u0161ija iznad svira jazz gitaru, ja se komotno uspavam uz to, prija mi ose\u0107aj \u017eivota oko mene. Ne \u017eelim da \u017eivim u neboderu i da mislim da sam sam.<\/p>\n<p><strong>Unato\u010d pandemiji i svim mjerama, nalazili ste na\u010din da nastupate i radite. Kako podnosite zadnje godine?<\/strong><\/p>\n<p>Sara je uspela da napravi super turneje, s jednog nastupa na drugi smo vozili kao ludi po 12 sati, bili smo \u017eeljni ljudi i sviranja. Pandemija nas je malo utukla, ali ne stavljam nas u zaseban ko\u0161, to se svima dogodilo, ta turobna atmosfera. Kad do\u0111e leto, nastupa iluzija jer se po\u010dinje pri\u010dati o tome \u0161ta \u0107e biti na jesen. Otpada aspekt klupske sezone, postavlja se pitanje kako \u0107e biti na zimu. Mnogi klubovi nisu isplivali, mnogi ljudi su izgubili volju. To je ne\u0161to sa \u010dime \u0107e scena tek da se nosi. Bilo je malo mesta, sad ih ima jo\u0161 manje. To koliko imamo opcija za sviranje vidimo sada kad se situacija malo stabilizovala. Sara je ingeniozno odlu\u010dila da radimo kazali\u0161ne turneje jer su kazali\u0161ta ostala netaknuta, u njima se mo\u017ee napraviti razmak i druga\u010dije se kontroli\u0161u financije. Ja sam ostao malo paraliziran, ali kad sam video kako Sara radi, odlu\u010dio sam da potegnem. Ne damo se. Na\u0161 najdra\u017ei festival Tam Tam u Su\u0107urju se nije odr\u017eao 2020. Mi smo svakako oti\u0161li tamo, na\u010delnik nam je dao da se u\u0161tekamo u struju na tre\u0107u banderu zdesna pa smo nastupe odradili u parku.<\/p>\n<p><strong>Pozajmit \u0107emo pitanje od na\u0161e kolegice Ivane Peri\u0107 pa \u0107emo vas za kraj pitati: \u0161to vam daje nadu?<\/strong><\/p>\n<p>Vrlo mi je zanimljivo pratiti kako razmi\u0161ljaju klinci. Mislim da su se dana\u0161nja deca oslobodila nekih predrasuda za koje sam mislio da su generacijski lanci. Jasno mi je da se oni ne razumeju sa roditeljima, ali \u010dini mi se da ljudi po\u010dinju da druga\u010dije shvataju roditeljstvo. Tako\u0111e, gledam na\u0161 \u017eivot u Hrvatskoj. Meni je kao Srbinu Zagreb vi\u0161e kozmopolitski grad nego \u0161to je nacionalno definiran. Nadu mi daje to \u0161to postoji ljubav prema opu\u0161tenom na\u010dinu \u017eivota.<\/p>\n<p><em>razgovarala Anja Ko\u017eul<\/em><\/p>\n","protected":false},"excerpt":{"rendered":"<p>Iako nisam ve\u0107inski nomad u du\u0161i, promena mi je prijala. Novi grad je rastere\u0107eniji od starog, barem u mom slu\u010daju. Ni\u0161 i ja odrastali smo zajedno, a Zagreb i ja susre\u0107emo se u kasnim dvadesetima i, evo, ranim tridesetima<\/p>\n","protected":false},"featured_media":2798,"template":"","tags":[29],"atribut":[],"class_list":["post-1228","nada","type-nada","status-publish","has-post-thumbnail","hentry","tag-intervju"],"acf":[],"yoast_head":"<!-- This site is optimized with the Yoast SEO plugin v27.4 - https:\/\/yoast.com\/product\/yoast-seo-wordpress\/ -->\n<title>Dimitrije Simovi\u0107: U Zagreb sam do\u0161ao zbog ljubavi - SDF - Srpski demokratski forum<\/title>\n<meta name=\"robots\" content=\"index, follow, max-snippet:-1, max-image-preview:large, max-video-preview:-1\" \/>\n<link rel=\"canonical\" href=\"https:\/\/sdf.hr\/hr\/nada\/dimitrije-simovic-u-zagreb-sam-dosao-zbog-ljubavi\/\" \/>\n<meta property=\"og:locale\" content=\"hr_HR\" \/>\n<meta property=\"og:type\" content=\"article\" \/>\n<meta property=\"og:title\" content=\"Dimitrije Simovi\u0107: U Zagreb sam do\u0161ao zbog ljubavi - SDF - Srpski demokratski forum\" \/>\n<meta property=\"og:description\" content=\"Iako nisam ve\u0107inski nomad u du\u0161i, promena mi je prijala. Novi grad je rastere\u0107eniji od starog, barem u mom slu\u010daju. Ni\u0161 i ja odrastali smo zajedno, a Zagreb i ja susre\u0107emo se u kasnim dvadesetima i, evo, ranim tridesetima\" \/>\n<meta property=\"og:url\" content=\"https:\/\/sdf.hr\/hr\/nada\/dimitrije-simovic-u-zagreb-sam-dosao-zbog-ljubavi\/\" \/>\n<meta property=\"og:site_name\" content=\"SDF - Srpski demokratski forum\" \/>\n<meta property=\"article:modified_time\" content=\"2023-03-19T15:02:12+00:00\" \/>\n<meta property=\"og:image\" content=\"https:\/\/sdf.hr\/wp-content\/uploads\/2022\/09\/Simovic1_Davor-Konjikusic-scaled.jpg\" \/>\n\t<meta property=\"og:image:width\" content=\"2560\" \/>\n\t<meta property=\"og:image:height\" content=\"1708\" \/>\n\t<meta property=\"og:image:type\" content=\"image\/jpeg\" \/>\n<meta name=\"twitter:card\" content=\"summary_large_image\" \/>\n<meta name=\"twitter:label1\" content=\"Procijenjeno vrijeme \u010ditanja\" \/>\n\t<meta name=\"twitter:data1\" content=\"14 minuta\" \/>\n<script type=\"application\/ld+json\" class=\"yoast-schema-graph\">{\"@context\":\"https:\\\/\\\/schema.org\",\"@graph\":[{\"@type\":\"WebPage\",\"@id\":\"https:\\\/\\\/sdf.hr\\\/hr\\\/nada\\\/dimitrije-simovic-u-zagreb-sam-dosao-zbog-ljubavi\\\/\",\"url\":\"https:\\\/\\\/sdf.hr\\\/hr\\\/nada\\\/dimitrije-simovic-u-zagreb-sam-dosao-zbog-ljubavi\\\/\",\"name\":\"Dimitrije Simovi\u0107: U Zagreb sam do\u0161ao zbog ljubavi - SDF - Srpski demokratski forum\",\"isPartOf\":{\"@id\":\"https:\\\/\\\/sdf.hr\\\/#website\"},\"primaryImageOfPage\":{\"@id\":\"https:\\\/\\\/sdf.hr\\\/hr\\\/nada\\\/dimitrije-simovic-u-zagreb-sam-dosao-zbog-ljubavi\\\/#primaryimage\"},\"image\":{\"@id\":\"https:\\\/\\\/sdf.hr\\\/hr\\\/nada\\\/dimitrije-simovic-u-zagreb-sam-dosao-zbog-ljubavi\\\/#primaryimage\"},\"thumbnailUrl\":\"https:\\\/\\\/sdf.hr\\\/wp-content\\\/uploads\\\/2022\\\/09\\\/Simovic1_Davor-Konjikusic-scaled.jpg\",\"datePublished\":\"2022-09-05T12:53:09+00:00\",\"dateModified\":\"2023-03-19T15:02:12+00:00\",\"breadcrumb\":{\"@id\":\"https:\\\/\\\/sdf.hr\\\/hr\\\/nada\\\/dimitrije-simovic-u-zagreb-sam-dosao-zbog-ljubavi\\\/#breadcrumb\"},\"inLanguage\":\"hr\",\"potentialAction\":[{\"@type\":\"ReadAction\",\"target\":[\"https:\\\/\\\/sdf.hr\\\/hr\\\/nada\\\/dimitrije-simovic-u-zagreb-sam-dosao-zbog-ljubavi\\\/\"]}]},{\"@type\":\"ImageObject\",\"inLanguage\":\"hr\",\"@id\":\"https:\\\/\\\/sdf.hr\\\/hr\\\/nada\\\/dimitrije-simovic-u-zagreb-sam-dosao-zbog-ljubavi\\\/#primaryimage\",\"url\":\"https:\\\/\\\/sdf.hr\\\/wp-content\\\/uploads\\\/2022\\\/09\\\/Simovic1_Davor-Konjikusic-scaled.jpg\",\"contentUrl\":\"https:\\\/\\\/sdf.hr\\\/wp-content\\\/uploads\\\/2022\\\/09\\\/Simovic1_Davor-Konjikusic-scaled.jpg\",\"width\":2560,\"height\":1708,\"caption\":\"Foto: Davor Konjiku\u0161i\u0107\"},{\"@type\":\"BreadcrumbList\",\"@id\":\"https:\\\/\\\/sdf.hr\\\/hr\\\/nada\\\/dimitrije-simovic-u-zagreb-sam-dosao-zbog-ljubavi\\\/#breadcrumb\",\"itemListElement\":[{\"@type\":\"ListItem\",\"position\":1,\"name\":\"Po\u010detna stranica\",\"item\":\"https:\\\/\\\/sdf.hr\\\/hr\\\/\"},{\"@type\":\"ListItem\",\"position\":2,\"name\":\"Nada\",\"item\":\"https:\\\/\\\/sdf.hr\\\/nada\\\/\"},{\"@type\":\"ListItem\",\"position\":3,\"name\":\"Dimitrije Simovi\u0107: U Zagreb sam do\u0161ao zbog ljubavi\"}]},{\"@type\":\"WebSite\",\"@id\":\"https:\\\/\\\/sdf.hr\\\/#website\",\"url\":\"https:\\\/\\\/sdf.hr\\\/\",\"name\":\"SDF - Srpski demokratski forum\",\"description\":\"Srpski demokratski forum\",\"publisher\":{\"@id\":\"https:\\\/\\\/sdf.hr\\\/#organization\"},\"potentialAction\":[{\"@type\":\"SearchAction\",\"target\":{\"@type\":\"EntryPoint\",\"urlTemplate\":\"https:\\\/\\\/sdf.hr\\\/?s={search_term_string}\"},\"query-input\":{\"@type\":\"PropertyValueSpecification\",\"valueRequired\":true,\"valueName\":\"search_term_string\"}}],\"inLanguage\":\"hr\"},{\"@type\":\"Organization\",\"@id\":\"https:\\\/\\\/sdf.hr\\\/#organization\",\"name\":\"SDF - Srpski demokratski forum\",\"url\":\"https:\\\/\\\/sdf.hr\\\/\",\"logo\":{\"@type\":\"ImageObject\",\"inLanguage\":\"hr\",\"@id\":\"https:\\\/\\\/sdf.hr\\\/#\\\/schema\\\/logo\\\/image\\\/\",\"url\":\"https:\\\/\\\/sdf.hr\\\/wp-content\\\/uploads\\\/2021\\\/07\\\/logo-hr.svg\",\"contentUrl\":\"https:\\\/\\\/sdf.hr\\\/wp-content\\\/uploads\\\/2021\\\/07\\\/logo-hr.svg\",\"width\":271,\"height\":100,\"caption\":\"SDF - Srpski demokratski forum\"},\"image\":{\"@id\":\"https:\\\/\\\/sdf.hr\\\/#\\\/schema\\\/logo\\\/image\\\/\"}}]}<\/script>\n<!-- \/ Yoast SEO plugin. -->","yoast_head_json":{"title":"Dimitrije Simovi\u0107: U Zagreb sam do\u0161ao zbog ljubavi - SDF - Srpski demokratski forum","robots":{"index":"index","follow":"follow","max-snippet":"max-snippet:-1","max-image-preview":"max-image-preview:large","max-video-preview":"max-video-preview:-1"},"canonical":"https:\/\/sdf.hr\/hr\/nada\/dimitrije-simovic-u-zagreb-sam-dosao-zbog-ljubavi\/","og_locale":"hr_HR","og_type":"article","og_title":"Dimitrije Simovi\u0107: U Zagreb sam do\u0161ao zbog ljubavi - SDF - Srpski demokratski forum","og_description":"Iako nisam ve\u0107inski nomad u du\u0161i, promena mi je prijala. Novi grad je rastere\u0107eniji od starog, barem u mom slu\u010daju. Ni\u0161 i ja odrastali smo zajedno, a Zagreb i ja susre\u0107emo se u kasnim dvadesetima i, evo, ranim tridesetima","og_url":"https:\/\/sdf.hr\/hr\/nada\/dimitrije-simovic-u-zagreb-sam-dosao-zbog-ljubavi\/","og_site_name":"SDF - Srpski demokratski forum","article_modified_time":"2023-03-19T15:02:12+00:00","og_image":[{"width":2560,"height":1708,"url":"https:\/\/sdf.hr\/wp-content\/uploads\/2022\/09\/Simovic1_Davor-Konjikusic-scaled.jpg","type":"image\/jpeg"}],"twitter_card":"summary_large_image","twitter_misc":{"Procijenjeno vrijeme \u010ditanja":"14 minuta"},"schema":{"@context":"https:\/\/schema.org","@graph":[{"@type":"WebPage","@id":"https:\/\/sdf.hr\/hr\/nada\/dimitrije-simovic-u-zagreb-sam-dosao-zbog-ljubavi\/","url":"https:\/\/sdf.hr\/hr\/nada\/dimitrije-simovic-u-zagreb-sam-dosao-zbog-ljubavi\/","name":"Dimitrije Simovi\u0107: U Zagreb sam do\u0161ao zbog ljubavi - SDF - Srpski demokratski forum","isPartOf":{"@id":"https:\/\/sdf.hr\/#website"},"primaryImageOfPage":{"@id":"https:\/\/sdf.hr\/hr\/nada\/dimitrije-simovic-u-zagreb-sam-dosao-zbog-ljubavi\/#primaryimage"},"image":{"@id":"https:\/\/sdf.hr\/hr\/nada\/dimitrije-simovic-u-zagreb-sam-dosao-zbog-ljubavi\/#primaryimage"},"thumbnailUrl":"https:\/\/sdf.hr\/wp-content\/uploads\/2022\/09\/Simovic1_Davor-Konjikusic-scaled.jpg","datePublished":"2022-09-05T12:53:09+00:00","dateModified":"2023-03-19T15:02:12+00:00","breadcrumb":{"@id":"https:\/\/sdf.hr\/hr\/nada\/dimitrije-simovic-u-zagreb-sam-dosao-zbog-ljubavi\/#breadcrumb"},"inLanguage":"hr","potentialAction":[{"@type":"ReadAction","target":["https:\/\/sdf.hr\/hr\/nada\/dimitrije-simovic-u-zagreb-sam-dosao-zbog-ljubavi\/"]}]},{"@type":"ImageObject","inLanguage":"hr","@id":"https:\/\/sdf.hr\/hr\/nada\/dimitrije-simovic-u-zagreb-sam-dosao-zbog-ljubavi\/#primaryimage","url":"https:\/\/sdf.hr\/wp-content\/uploads\/2022\/09\/Simovic1_Davor-Konjikusic-scaled.jpg","contentUrl":"https:\/\/sdf.hr\/wp-content\/uploads\/2022\/09\/Simovic1_Davor-Konjikusic-scaled.jpg","width":2560,"height":1708,"caption":"Foto: Davor Konjiku\u0161i\u0107"},{"@type":"BreadcrumbList","@id":"https:\/\/sdf.hr\/hr\/nada\/dimitrije-simovic-u-zagreb-sam-dosao-zbog-ljubavi\/#breadcrumb","itemListElement":[{"@type":"ListItem","position":1,"name":"Po\u010detna stranica","item":"https:\/\/sdf.hr\/hr\/"},{"@type":"ListItem","position":2,"name":"Nada","item":"https:\/\/sdf.hr\/nada\/"},{"@type":"ListItem","position":3,"name":"Dimitrije Simovi\u0107: U Zagreb sam do\u0161ao zbog ljubavi"}]},{"@type":"WebSite","@id":"https:\/\/sdf.hr\/#website","url":"https:\/\/sdf.hr\/","name":"SDF - Srpski demokratski forum","description":"Srpski demokratski forum","publisher":{"@id":"https:\/\/sdf.hr\/#organization"},"potentialAction":[{"@type":"SearchAction","target":{"@type":"EntryPoint","urlTemplate":"https:\/\/sdf.hr\/?s={search_term_string}"},"query-input":{"@type":"PropertyValueSpecification","valueRequired":true,"valueName":"search_term_string"}}],"inLanguage":"hr"},{"@type":"Organization","@id":"https:\/\/sdf.hr\/#organization","name":"SDF - Srpski demokratski forum","url":"https:\/\/sdf.hr\/","logo":{"@type":"ImageObject","inLanguage":"hr","@id":"https:\/\/sdf.hr\/#\/schema\/logo\/image\/","url":"https:\/\/sdf.hr\/wp-content\/uploads\/2021\/07\/logo-hr.svg","contentUrl":"https:\/\/sdf.hr\/wp-content\/uploads\/2021\/07\/logo-hr.svg","width":271,"height":100,"caption":"SDF - Srpski demokratski forum"},"image":{"@id":"https:\/\/sdf.hr\/#\/schema\/logo\/image\/"}}]}},"_links":{"self":[{"href":"https:\/\/sdf.hr\/hr\/wp-json\/wp\/v2\/nada\/1228","targetHints":{"allow":["GET"]}}],"collection":[{"href":"https:\/\/sdf.hr\/hr\/wp-json\/wp\/v2\/nada"}],"about":[{"href":"https:\/\/sdf.hr\/hr\/wp-json\/wp\/v2\/types\/nada"}],"wp:featuredmedia":[{"embeddable":true,"href":"https:\/\/sdf.hr\/hr\/wp-json\/wp\/v2\/media\/2798"}],"wp:attachment":[{"href":"https:\/\/sdf.hr\/hr\/wp-json\/wp\/v2\/media?parent=1228"}],"wp:term":[{"taxonomy":"post_tag","embeddable":true,"href":"https:\/\/sdf.hr\/hr\/wp-json\/wp\/v2\/tags?post=1228"},{"taxonomy":"atribut","embeddable":true,"href":"https:\/\/sdf.hr\/hr\/wp-json\/wp\/v2\/atribut?post=1228"}],"curies":[{"name":"wp","href":"https:\/\/api.w.org\/{rel}","templated":true}]}}