{"id":1237,"date":"2022-09-05T15:04:42","date_gmt":"2022-09-05T13:04:42","guid":{"rendered":"https:\/\/sdf.hr\/?post_type=nada&#038;p=1237"},"modified":"2023-03-19T15:50:49","modified_gmt":"2023-03-19T14:50:49","slug":"fali-nam-mraka","status":"publish","type":"nada","link":"https:\/\/sdf.hr\/hr\/nada\/fali-nam-mraka\/","title":{"rendered":"Fali nam mraka"},"content":{"rendered":"<p>Na asteroidu 329, najmanjem planetu na kojem se Mali Princ na\u0161ao, na kojem nije bilo ni ku\u0107a ni drugih stanovnika, samo je jedan na\u017eiga\u010d uli\u010dnih svjetiljki svake minute bjesomu\u010dno gasio i palio svjetlo. Na pitanje za\u0161to to \u010dini, odgovorio je da to radi po nalogu. Ne zna se kojem, samo da se nalog nije promijenio unato\u010d tome \u0161to se planet svake godine sve br\u017ee okre\u0107e: &#8220;Neko\u0107 je to bilo razumno. Gasio bih ujutro i palio nave\u010der. Imao sam ostatak dana za odmor, ostatak no\u0107i za san&#8230; I sada, kad se planet okrene jednom u minuti, nemam vi\u0161e ni tren odmora. Palim i gasim jednom u minuti!&#8221; U neprestanom i zasljepljuju\u0107em titranju svjetiljki no\u0107 je one\u010di\u0161\u0107ena ogromnom koli\u010dinom svjetla. Iako se Zemlja, za razliku od Saint-Exup\u00e9ryeva asteroida, okre\u0107e istim tempom danas kao i prije 150 godina, no\u0107 je s industrijskom revolucijom, urbanizacijom i omasovljenjem plinske, a zatim i elektri\u010dne rasvjete krenula uzmicati pred unedogled produ\u017eenim radnim danom, kao i unedogled produ\u017eenim poticajem na konzumaciju sadr\u017eaja i informacija.<\/p>\n<p>Na mapama svjetlosnog one\u010di\u0161\u0107enja, koje prikazuju koli\u010dinu umjetnog svjetla emitiranoga na no\u0107no nebo, kako pokazuju podaci koje je 2016. prikupio istra\u017eiva\u010dki tim pod vodstvom Fabija Falchija, \u010dak tre\u0107ina \u010dovje\u010danstva, me\u0111u kojima je 60 posto stanovnika Europe i gotovo 90 posto stanovnika Sjeverne Amerike, ne mo\u017ee vidjeti i pitanje je li ikada vidjela Mlije\u010dnu stazu. Dobro je ako u ovim uvjetima uop\u0107e vidi i\u0161ta osim traga izblijedjele mjese\u010dine. Pri\u010da sa\u010duvana u medijskim izvje\u0161tajima ka\u017ee da su, nakon prekida opskrbe elektri\u010dnom energijom uslijed potresa koji je zadesio Los Angeles 1994., ljudi mahom nazivali nadle\u017ene slu\u017ebe ukazuju\u0107i zabrinuto na &#8220;srebrnasti oblak&#8221; koji je rasparao nebo; taj oblak bio je Mlije\u010dna staza koja se nakon dugo vremena na njemu mogla nazrijeti. U klasu 7 prema Bortleovoj ljestvici svjetlosnoga one\u010di\u0161\u0107enja, gdje je no\u0107no nebo zamagljene, sivkaste boje, s jedva, ako uop\u0107e zamjetnom Mlije\u010dnom stazom, spadaju i Zagreb i Split. Rijetko sa\u010duvana uto\u010di\u0161ta tamnoga neba u Hrvatskoj mogu\u0107e je prona\u0107i, kako pokazuje analiza \u017deljka Andrei\u0107a i Korada Korlevi\u0107a s grupom autora iz 2011., na otvorenom moru, otocima i na ponekim mjestima u Lici i Gorskom kotaru.<\/p>\n<p>\u2014 Do svjetlosnoga one\u010di\u0161\u0107enja dolazi zbog neracionalne i neodgovorne upotrebe rasvjete. Svjetiljke su gusto raspore\u0111ene jedna uz drugu, u neznatnim razmacima, pa i s tri svjetiljke na jednom stupu, tamo gdje bi sasvim bila dovoljna i jedna. \u0160etnice, trgovi i ulice vrve vi\u0161kom rasvjete, dekorativnim i reklamnim svjetlom, \u010dak i u slabo naseljenim ruralnim podru\u010djima, osvjetljavaju\u0107i skoro svaki kozji put &#8211; poja\u0161njava Boris \u0160tromar iz Astronomskoga dru\u0161tva Beskraj i Udruge za za\u0161titu no\u0107noga neba Na\u0161e nebo.<\/p>\n<p>Radno vrijeme na\u017eiga\u010da u knjizi koji nema po\u010dinka odra\u017eava nestabilnost granica izme\u0111u dana i no\u0107i u organizaciji rada i odmora. Ta je nestabilnost osjetna od sredine 19. stolje\u0107a s infrastrukturnom i tehnolo\u0161kom modernizacijom rasvjete, koja je, nadvladavaju\u0107i Sunce i mjese\u010dinu, zadr\u017eavala radnike sve du\u017ee u tvorni\u010dkim ili ku\u0107anskim poslovima otu\u0111uju\u0107i vrijeme za predah i dokolicu. Vi\u0161e osvijetljenosti omogu\u0107ilo je prolongiranje proizvodnje i samim time zgrtanje vi\u0161ka rada u zadacima na radnom mjestu, posebno pogoduju\u0107i fleksibilizaciji radnoga vremena, kao i prekovremenom, nesigurnom i povremenom radu. Kapital u izvla\u010denju dodatnoga rada zastaje samo na vremenu potrebnom za oporavak i regeneraciju radne snage, vremenu toliko su\u017eenom da je odgurnuto \u0161to dublje u no\u0107, s pranjima i peglanjima nakon 22 sata ili kasnono\u0107nim pripremama ru\u010dka za sutra. Blije\u0161te\u0107e reklame, u\u017earene ulice i digitalni ure\u0111aji prolongirali su, isto tako, i mogu\u0107nost potro\u0161nje. U danu progutanom radom, optere\u0107uju\u0107i o\u010di i misli marketin\u0161ki induciranim \u017eeljama, ponudili su naknadu dnevnoga odmora ukradenim vremenom za \u010ditanje ili gledanje serija u koji gluhi sat no\u0107i.<\/p>\n<p>U nadra\u017eivanju budnosti i produktivnosti, \u0161tetni efekti pretjerane upotrebe svjetla ne smanjuju se pukom kontrolom potro\u0161nje elektri\u010dne energije jer na svakodnevno funkcioniranje i okoli\u0161, upu\u0107uje \u0160tromar, utje\u010de i vrsta rasvjete.<\/p>\n<p>\u2014 Skrivanjem iza u\u0161tede elektri\u010dne energije na mnogim se mjestima ugra\u0111uje intenzivna LED rasvjeta temperature boje svjetlosti od 4000 do 6000 K. Visok udio svjetlosti plavoga spektra koji LED isijava opona\u0161a danje svjetlo naru\u0161avaju\u0107i cirkadijski (biolo\u0161ki) ritam i ljudi i \u017eivotinja s brojnim zdravstvenim i okoli\u0161nim posljedicama \u2013 ka\u017ee \u0160tromar.<\/p>\n<p>Gubitkom mraka smanjuje se koncentracija melatonina u tijelu, \u010dime se pove\u0107ava i rizik od nekih vrsta raka, me\u0111u njima i raka dojke, a sa svjetlosnim one\u010di\u0161\u0107enjem povezuje se i razvoj depresije, anksioznosti i dijabetesa.<\/p>\n<p>\u2014 Morske kornja\u010de prate odsjaj mjeseca kako bi stigle s bliskoisto\u010dnih i afri\u010dkih obala u Jadransko more, no zagube se i ozlijede dezorijentirane svjetlom lampi. U gradovima ptice suo\u010dene sa zasljepljuju\u0107im svjetlom i naru\u0161enim putevima migracije ugibaju sudaraju\u0107i se sa zgradama i prozorima. Svjetlosno one\u010di\u0161\u0107enje pogubno djeluje i po krijesnice, leptire, bumbare i brojne insekte &#8211; govori \u0160tromar, osvr\u0107u\u0107i se i na ispraznost izjave Hrvatskih cesta da je nedavno otvoreni Pelje\u0161ki most 55 metara iznad razine mora i da zato ekstenzivna osvijetljenost ne mo\u017ee utjecati na \u017eivotinjski i biljni svijet.<\/p>\n<p>Iako Zakon o za\u0161titi od svjetlosnoga one\u010di\u0161\u0107enja tra\u017ei da na za\u0161ti\u0107enim podru\u010djima korelirana temperatura boje svjetlosti ne smije nadilaziti 2200 K, vrijednost megalomanske rasvjete kojom je presvu\u010den Pelje\u0161ki most u rezervatu prirode Malostonski zaljev i Malo more se\u017ee i do 3000 K.<\/p>\n<p>\u2014 U tri godine od dono\u0161enja Zakona, rasvjeta se mogla prilagoditi i u\u0161tedjeti pritom na naknadnim zamjenama, ali u interesu rasvjetne industrije nije racionalno pokriti neko podru\u010dje, nego svako toliko intervenirati ponudom novih rasvjetnih proizvoda na kojima je mogu\u0107e zaraditi &#8211; primje\u0107uje \u0160tromar.<\/p>\n<p>Po\u010detkom 2020. zaga\u0111eno je i nebo na Petrovoj gori, jednom od dva me\u0111unarodna parka tamnoga neba u Hrvatskoj (uz daruvarski Vrani kamen), gdje se godinama organiziraju astronomska posmatranja. Tada je firma Oda\u0161ilja\u010di i veze postavila 60-ak metara visok oda\u0161ilja\u010d zatiru\u0107i pogled sna\u017enim osvjetljenjem. Za\u0161tita no\u0107ne tame, kao i vode i zraka, tra\u017ei kontekstualizaciju problema u razlaganje okoli\u0161nih politika i kapitalisti\u010dke ekonomije. Na lokalnoj razini, uz uklanjanje suvi\u0161ne rasvjete, smanjenju svjetlosnoga one\u010di\u0161\u0107enja mogu doprinijeti \u017earulje \u017eu\u0107kaste ili naran\u010daste temperature ispod 3000 K. Lampe bi trebale biti usmjerene na povr\u0161inu koju osvjetljavaju tako da se svjetlost ne raspr\u0161uje iznad horizonta neba i ne udara o prozore.<\/p>\n<p>Ni 1440 sun\u010devih zalazaka, koliko ih je Mali Princ izbrojio u 24 sata na asteroidu 329, ne bi moglo namiriti nedostatak ti\u0161ine, mraka i zvjezdanoga neba.<\/p>\n<p>\u2014 Ljudi trebaju znati da se smiju buniti i da se moraju buniti jer ako se ne bunimo, problem se ne\u0107e rije\u0161iti &#8211; zaklju\u010duje \u0160tromar.<\/p>\n<p><em>pi\u0161e Nina \u010colovi\u0107<\/em><\/p>\n","protected":false},"excerpt":{"rendered":"<p>Rijetka uto\u010di\u0161ta tamnoga neba u Hrvatskoj mogu\u0107e je prona\u0107i na moru, otocima i ponegdje u Lici i Gorskom kotaru. Pretjerano je osvijetljen i Pelje\u0161ki most, upozorava Boris \u0160tromar iz Astronomskoga dru\u0161tva Beskraj<\/p>\n","protected":false},"featured_media":2787,"template":"","tags":[130],"atribut":[],"class_list":["post-1237","nada","type-nada","status-publish","has-post-thumbnail","hentry","tag-tema"],"acf":[],"yoast_head":"<!-- This site is optimized with the Yoast SEO plugin v27.4 - https:\/\/yoast.com\/product\/yoast-seo-wordpress\/ -->\n<title>Fali nam mraka - SDF - Srpski demokratski forum<\/title>\n<meta name=\"robots\" content=\"index, follow, max-snippet:-1, max-image-preview:large, max-video-preview:-1\" \/>\n<link rel=\"canonical\" href=\"https:\/\/sdf.hr\/hr\/nada\/fali-nam-mraka\/\" \/>\n<meta property=\"og:locale\" content=\"hr_HR\" \/>\n<meta property=\"og:type\" content=\"article\" \/>\n<meta property=\"og:title\" content=\"Fali nam mraka - SDF - Srpski demokratski forum\" \/>\n<meta property=\"og:description\" content=\"Rijetka uto\u010di\u0161ta tamnoga neba u Hrvatskoj mogu\u0107e je prona\u0107i na moru, otocima i ponegdje u Lici i Gorskom kotaru. Pretjerano je osvijetljen i Pelje\u0161ki most, upozorava Boris \u0160tromar iz Astronomskoga dru\u0161tva Beskraj\" \/>\n<meta property=\"og:url\" content=\"https:\/\/sdf.hr\/hr\/nada\/fali-nam-mraka\/\" \/>\n<meta property=\"og:site_name\" content=\"SDF - Srpski demokratski forum\" \/>\n<meta property=\"article:modified_time\" content=\"2023-03-19T14:50:49+00:00\" \/>\n<meta property=\"og:image\" content=\"https:\/\/sdf.hr\/wp-content\/uploads\/2022\/09\/Peljeski-most-scaled.jpg\" \/>\n\t<meta property=\"og:image:width\" content=\"2560\" \/>\n\t<meta property=\"og:image:height\" content=\"1707\" \/>\n\t<meta property=\"og:image:type\" content=\"image\/jpeg\" \/>\n<meta name=\"twitter:card\" content=\"summary_large_image\" \/>\n<meta name=\"twitter:label1\" content=\"Procijenjeno vrijeme \u010ditanja\" \/>\n\t<meta name=\"twitter:data1\" content=\"6 minuta\" \/>\n<script type=\"application\/ld+json\" class=\"yoast-schema-graph\">{\"@context\":\"https:\\\/\\\/schema.org\",\"@graph\":[{\"@type\":\"WebPage\",\"@id\":\"https:\\\/\\\/sdf.hr\\\/hr\\\/nada\\\/fali-nam-mraka\\\/\",\"url\":\"https:\\\/\\\/sdf.hr\\\/hr\\\/nada\\\/fali-nam-mraka\\\/\",\"name\":\"Fali nam mraka - SDF - Srpski demokratski forum\",\"isPartOf\":{\"@id\":\"https:\\\/\\\/sdf.hr\\\/#website\"},\"primaryImageOfPage\":{\"@id\":\"https:\\\/\\\/sdf.hr\\\/hr\\\/nada\\\/fali-nam-mraka\\\/#primaryimage\"},\"image\":{\"@id\":\"https:\\\/\\\/sdf.hr\\\/hr\\\/nada\\\/fali-nam-mraka\\\/#primaryimage\"},\"thumbnailUrl\":\"https:\\\/\\\/sdf.hr\\\/wp-content\\\/uploads\\\/2022\\\/09\\\/Peljeski-most-scaled.jpg\",\"datePublished\":\"2022-09-05T13:04:42+00:00\",\"dateModified\":\"2023-03-19T14:50:49+00:00\",\"breadcrumb\":{\"@id\":\"https:\\\/\\\/sdf.hr\\\/hr\\\/nada\\\/fali-nam-mraka\\\/#breadcrumb\"},\"inLanguage\":\"hr\",\"potentialAction\":[{\"@type\":\"ReadAction\",\"target\":[\"https:\\\/\\\/sdf.hr\\\/hr\\\/nada\\\/fali-nam-mraka\\\/\"]}]},{\"@type\":\"ImageObject\",\"inLanguage\":\"hr\",\"@id\":\"https:\\\/\\\/sdf.hr\\\/hr\\\/nada\\\/fali-nam-mraka\\\/#primaryimage\",\"url\":\"https:\\\/\\\/sdf.hr\\\/wp-content\\\/uploads\\\/2022\\\/09\\\/Peljeski-most-scaled.jpg\",\"contentUrl\":\"https:\\\/\\\/sdf.hr\\\/wp-content\\\/uploads\\\/2022\\\/09\\\/Peljeski-most-scaled.jpg\",\"width\":2560,\"height\":1707,\"caption\":\"Megalomanska rasvjeta u rezervatu prirode \u2013 Pelje\u0161ki most (Foto: Igor Kralj\\\/PIXSELL)\"},{\"@type\":\"BreadcrumbList\",\"@id\":\"https:\\\/\\\/sdf.hr\\\/hr\\\/nada\\\/fali-nam-mraka\\\/#breadcrumb\",\"itemListElement\":[{\"@type\":\"ListItem\",\"position\":1,\"name\":\"Po\u010detna stranica\",\"item\":\"https:\\\/\\\/sdf.hr\\\/hr\\\/\"},{\"@type\":\"ListItem\",\"position\":2,\"name\":\"Nada\",\"item\":\"https:\\\/\\\/sdf.hr\\\/nada\\\/\"},{\"@type\":\"ListItem\",\"position\":3,\"name\":\"Fali nam mraka\"}]},{\"@type\":\"WebSite\",\"@id\":\"https:\\\/\\\/sdf.hr\\\/#website\",\"url\":\"https:\\\/\\\/sdf.hr\\\/\",\"name\":\"SDF - Srpski demokratski forum\",\"description\":\"Srpski demokratski forum\",\"publisher\":{\"@id\":\"https:\\\/\\\/sdf.hr\\\/#organization\"},\"potentialAction\":[{\"@type\":\"SearchAction\",\"target\":{\"@type\":\"EntryPoint\",\"urlTemplate\":\"https:\\\/\\\/sdf.hr\\\/?s={search_term_string}\"},\"query-input\":{\"@type\":\"PropertyValueSpecification\",\"valueRequired\":true,\"valueName\":\"search_term_string\"}}],\"inLanguage\":\"hr\"},{\"@type\":\"Organization\",\"@id\":\"https:\\\/\\\/sdf.hr\\\/#organization\",\"name\":\"SDF - Srpski demokratski forum\",\"url\":\"https:\\\/\\\/sdf.hr\\\/\",\"logo\":{\"@type\":\"ImageObject\",\"inLanguage\":\"hr\",\"@id\":\"https:\\\/\\\/sdf.hr\\\/#\\\/schema\\\/logo\\\/image\\\/\",\"url\":\"https:\\\/\\\/sdf.hr\\\/wp-content\\\/uploads\\\/2021\\\/07\\\/logo-hr.svg\",\"contentUrl\":\"https:\\\/\\\/sdf.hr\\\/wp-content\\\/uploads\\\/2021\\\/07\\\/logo-hr.svg\",\"width\":271,\"height\":100,\"caption\":\"SDF - Srpski demokratski forum\"},\"image\":{\"@id\":\"https:\\\/\\\/sdf.hr\\\/#\\\/schema\\\/logo\\\/image\\\/\"}}]}<\/script>\n<!-- \/ Yoast SEO plugin. -->","yoast_head_json":{"title":"Fali nam mraka - SDF - Srpski demokratski forum","robots":{"index":"index","follow":"follow","max-snippet":"max-snippet:-1","max-image-preview":"max-image-preview:large","max-video-preview":"max-video-preview:-1"},"canonical":"https:\/\/sdf.hr\/hr\/nada\/fali-nam-mraka\/","og_locale":"hr_HR","og_type":"article","og_title":"Fali nam mraka - SDF - Srpski demokratski forum","og_description":"Rijetka uto\u010di\u0161ta tamnoga neba u Hrvatskoj mogu\u0107e je prona\u0107i na moru, otocima i ponegdje u Lici i Gorskom kotaru. Pretjerano je osvijetljen i Pelje\u0161ki most, upozorava Boris \u0160tromar iz Astronomskoga dru\u0161tva Beskraj","og_url":"https:\/\/sdf.hr\/hr\/nada\/fali-nam-mraka\/","og_site_name":"SDF - Srpski demokratski forum","article_modified_time":"2023-03-19T14:50:49+00:00","og_image":[{"width":2560,"height":1707,"url":"https:\/\/sdf.hr\/wp-content\/uploads\/2022\/09\/Peljeski-most-scaled.jpg","type":"image\/jpeg"}],"twitter_card":"summary_large_image","twitter_misc":{"Procijenjeno vrijeme \u010ditanja":"6 minuta"},"schema":{"@context":"https:\/\/schema.org","@graph":[{"@type":"WebPage","@id":"https:\/\/sdf.hr\/hr\/nada\/fali-nam-mraka\/","url":"https:\/\/sdf.hr\/hr\/nada\/fali-nam-mraka\/","name":"Fali nam mraka - SDF - Srpski demokratski forum","isPartOf":{"@id":"https:\/\/sdf.hr\/#website"},"primaryImageOfPage":{"@id":"https:\/\/sdf.hr\/hr\/nada\/fali-nam-mraka\/#primaryimage"},"image":{"@id":"https:\/\/sdf.hr\/hr\/nada\/fali-nam-mraka\/#primaryimage"},"thumbnailUrl":"https:\/\/sdf.hr\/wp-content\/uploads\/2022\/09\/Peljeski-most-scaled.jpg","datePublished":"2022-09-05T13:04:42+00:00","dateModified":"2023-03-19T14:50:49+00:00","breadcrumb":{"@id":"https:\/\/sdf.hr\/hr\/nada\/fali-nam-mraka\/#breadcrumb"},"inLanguage":"hr","potentialAction":[{"@type":"ReadAction","target":["https:\/\/sdf.hr\/hr\/nada\/fali-nam-mraka\/"]}]},{"@type":"ImageObject","inLanguage":"hr","@id":"https:\/\/sdf.hr\/hr\/nada\/fali-nam-mraka\/#primaryimage","url":"https:\/\/sdf.hr\/wp-content\/uploads\/2022\/09\/Peljeski-most-scaled.jpg","contentUrl":"https:\/\/sdf.hr\/wp-content\/uploads\/2022\/09\/Peljeski-most-scaled.jpg","width":2560,"height":1707,"caption":"Megalomanska rasvjeta u rezervatu prirode \u2013 Pelje\u0161ki most (Foto: Igor Kralj\/PIXSELL)"},{"@type":"BreadcrumbList","@id":"https:\/\/sdf.hr\/hr\/nada\/fali-nam-mraka\/#breadcrumb","itemListElement":[{"@type":"ListItem","position":1,"name":"Po\u010detna stranica","item":"https:\/\/sdf.hr\/hr\/"},{"@type":"ListItem","position":2,"name":"Nada","item":"https:\/\/sdf.hr\/nada\/"},{"@type":"ListItem","position":3,"name":"Fali nam mraka"}]},{"@type":"WebSite","@id":"https:\/\/sdf.hr\/#website","url":"https:\/\/sdf.hr\/","name":"SDF - Srpski demokratski forum","description":"Srpski demokratski forum","publisher":{"@id":"https:\/\/sdf.hr\/#organization"},"potentialAction":[{"@type":"SearchAction","target":{"@type":"EntryPoint","urlTemplate":"https:\/\/sdf.hr\/?s={search_term_string}"},"query-input":{"@type":"PropertyValueSpecification","valueRequired":true,"valueName":"search_term_string"}}],"inLanguage":"hr"},{"@type":"Organization","@id":"https:\/\/sdf.hr\/#organization","name":"SDF - Srpski demokratski forum","url":"https:\/\/sdf.hr\/","logo":{"@type":"ImageObject","inLanguage":"hr","@id":"https:\/\/sdf.hr\/#\/schema\/logo\/image\/","url":"https:\/\/sdf.hr\/wp-content\/uploads\/2021\/07\/logo-hr.svg","contentUrl":"https:\/\/sdf.hr\/wp-content\/uploads\/2021\/07\/logo-hr.svg","width":271,"height":100,"caption":"SDF - Srpski demokratski forum"},"image":{"@id":"https:\/\/sdf.hr\/#\/schema\/logo\/image\/"}}]}},"_links":{"self":[{"href":"https:\/\/sdf.hr\/hr\/wp-json\/wp\/v2\/nada\/1237","targetHints":{"allow":["GET"]}}],"collection":[{"href":"https:\/\/sdf.hr\/hr\/wp-json\/wp\/v2\/nada"}],"about":[{"href":"https:\/\/sdf.hr\/hr\/wp-json\/wp\/v2\/types\/nada"}],"wp:featuredmedia":[{"embeddable":true,"href":"https:\/\/sdf.hr\/hr\/wp-json\/wp\/v2\/media\/2787"}],"wp:attachment":[{"href":"https:\/\/sdf.hr\/hr\/wp-json\/wp\/v2\/media?parent=1237"}],"wp:term":[{"taxonomy":"post_tag","embeddable":true,"href":"https:\/\/sdf.hr\/hr\/wp-json\/wp\/v2\/tags?post=1237"},{"taxonomy":"atribut","embeddable":true,"href":"https:\/\/sdf.hr\/hr\/wp-json\/wp\/v2\/atribut?post=1237"}],"curies":[{"name":"wp","href":"https:\/\/api.w.org\/{rel}","templated":true}]}}