{"id":1251,"date":"2022-09-05T15:18:01","date_gmt":"2022-09-05T13:18:01","guid":{"rendered":"https:\/\/sdf.hr\/?post_type=nada&#038;p=1251"},"modified":"2023-03-19T15:43:58","modified_gmt":"2023-03-19T14:43:58","slug":"palacinke-od-tikvica","status":"publish","type":"nada","link":"https:\/\/sdf.hr\/hr\/nada\/palacinke-od-tikvica\/","title":{"rendered":"Pala\u010dinke od tikvica"},"content":{"rendered":"<p>Gotovo svakog 2. kolovoza odlazimo u Liku, u Brlog, rodno mjesto mog oca gdje se za blagdan Sv. Ilije kod strica okupi obitelj uz gozbu na stolu te prisje\u0107anje na stare dane. Iz djetinjstva mi je ostalo sje\u0107anje na sajam ispred crkve i bakinu i djedovu ku\u0107u koja je tada bila puna gostiju, a iz bakine kuhinje su se \u0161irili slasni mirisi. Bake i djeda vi\u0161e nema, ali tradiciju okupljanja obitelji njeguju moji stric i strina.<\/p>\n<p>Moja strina je stvarno majstorica za kulinarstvo. Njeni kola\u010di i jela odu\u0161evit \u0107e svakoga tko ih ku\u0161a, a ono \u0161to uzgaja u svom povrtnjaku je milina za vidjeti i okusiti. Ovaj put su na meniju bili sir \u0161kripavac, doma\u0107a slanina i pr\u0161ut, kruh ispod peke, janjetina s ra\u017enja, pastrve, hrpa slasnog, doma\u0107eg povr\u0107a, krumpiri, \u0161trudla od \u0161ljiva te puno pri\u010da, smijeha i prisje\u0107anja na na\u0161e nesta\u0161luke iz djetinjstva. Ugostili su nas ba\u0161 carski, a ono \u0161to me najvi\u0161e odu\u0161evilo su pala\u010dinke od tikvica poslu\u017eene kao predjelo. Sjajno su nadopunile platu s doma\u0107im suhomesnatim narescima.<\/p>\n<p>Pala\u010dinke su jako ukusne, s nadjevom od gustog vrhnja i popr\u017eene slanine uz mrvicu nasjeckanih listi\u0107a kopra koji tijestu daje dozu svje\u017eine. Za pripremu ovog jela trebate izdvojiti malo vi\u0161e vremena, ali vjerujte \u2013 svakako se isplati.<\/p>\n<p><strong><em>Sastojci<\/em><\/strong><\/p>\n<p>1 tikvica (srednje veli\u010dine)<br \/>\nprstohvat soli<br \/>\n4 jaja<br \/>\n100 g mekog sira<br \/>\n\u017eli\u010dica \u0161e\u0107era<br \/>\n100 ml ulja (ja sam stavila 80 g rastopljenog maslaca)<br \/>\n4 \u2014 5 \u017elica glatkog bra\u0161na (ovisno o tome koliko teku\u0107ine \u0107e pustiti tikvice)<br \/>\n100 ml mlijeka<br \/>\nvoda po potrebi<\/p>\n<p><strong><em>Nadjev<\/em><\/strong><\/p>\n<p>600 g vrhnja s vi\u0161e masno\u0107e (ona crvena \u010da\u0161ica ili mileram)<br \/>\n150 \u2014 200 g slanine<br \/>\nmalo svje\u017eih listi\u0107a kopra<\/p>\n<p><strong><em>Priprema<\/em><\/strong><\/p>\n<p>Najprije operite i naribajte tikvicu. Koristila sam mlade tikvice iz svog povrtnjaka koje ne treba guliti. Naribanu tikvicu stavite u cjedilo i malo posolite te ostavite da pusti vodu. U dubljoj zdjeli umutite jaja, meki sir, mlijeko, rastopljeni maslac, malo soli i \u017eli\u010dicu \u0161e\u0107era. Toj smjesi dodajte ocije\u0111ene tikvice te \u017elicu po \u017elicu bra\u0161na. Ako je potrebno, smjesu razrijedite vodom ili ako treba, dodajte jo\u0161 bra\u0161na. Smjesa bi trebala biti poput smjese za klasi\u010dne pala\u010dinke. Pala\u010dinke ispecite isto kao i klasi\u010dne.<\/p>\n<p>Za nadjev nare\u017eite slaninu na kockice te ju popr\u017eite na vru\u0107oj tavici da se iscijedi masno\u0107a. Kada se malo prohladi, umije\u0161ajte ju u kiselo vrhnje te po \u017eelji dodajte soli i papra (nisam solila jer je slanina dosta slana). Nasjeckajte svje\u017ei kopar pa umije\u0161ajte u nadjev. Mlake pala\u010dinke nadjenite sa \u017elicom ili dvije nadjeva te slo\u017eite po \u017eelji. Nadjevene pala\u010dinke posla\u017eite na pladanj te naribajte po njima nekog tvrdog, slanog sira. Mo\u017eete ih poslu\u017eiti kao predjelo ili samostalan obrok.<\/p>\n<p>Dobar tek!<\/p>\n<p><em>pi\u0161e Valentina Vukadinovi\u0107<\/em><\/p>\n","protected":false},"excerpt":{"rendered":"<p>Pala\u010dinke su jako ukusne, s nadjevom od gustog vrhnja i popr\u017eene slanine, uz mrvicu nasjeckanih listi\u0107a kopra koji tijestu daje dozu svje\u017eine. Za pripremu ovog jela trebate izdvojiti malo vi\u0161e vremena, ali vjerujte \u2013 isplati se<\/p>\n","protected":false},"featured_media":2780,"template":"","tags":[42],"atribut":[],"class_list":["post-1251","nada","type-nada","status-publish","has-post-thumbnail","hentry","tag-gorski-kotao"],"acf":[],"yoast_head":"<!-- This site is optimized with the Yoast SEO plugin v27.4 - https:\/\/yoast.com\/product\/yoast-seo-wordpress\/ -->\n<title>Pala\u010dinke od tikvica - SDF - Srpski demokratski forum<\/title>\n<meta name=\"robots\" content=\"index, follow, max-snippet:-1, max-image-preview:large, max-video-preview:-1\" \/>\n<link rel=\"canonical\" href=\"https:\/\/sdf.hr\/hr\/nada\/palacinke-od-tikvica\/\" \/>\n<meta property=\"og:locale\" content=\"hr_HR\" \/>\n<meta property=\"og:type\" content=\"article\" \/>\n<meta property=\"og:title\" content=\"Pala\u010dinke od tikvica - SDF - Srpski demokratski forum\" \/>\n<meta property=\"og:description\" content=\"Pala\u010dinke su jako ukusne, s nadjevom od gustog vrhnja i popr\u017eene slanine, uz mrvicu nasjeckanih listi\u0107a kopra koji tijestu daje dozu svje\u017eine. Za pripremu ovog jela trebate izdvojiti malo vi\u0161e vremena, ali vjerujte \u2013 isplati se\" \/>\n<meta property=\"og:url\" content=\"https:\/\/sdf.hr\/hr\/nada\/palacinke-od-tikvica\/\" \/>\n<meta property=\"og:site_name\" content=\"SDF - Srpski demokratski forum\" \/>\n<meta property=\"article:modified_time\" content=\"2023-03-19T14:43:58+00:00\" \/>\n<meta property=\"og:image\" content=\"https:\/\/sdf.hr\/wp-content\/uploads\/2022\/09\/Palacinke-1.jpg\" \/>\n\t<meta property=\"og:image:width\" content=\"1572\" \/>\n\t<meta property=\"og:image:height\" content=\"1008\" \/>\n\t<meta property=\"og:image:type\" content=\"image\/jpeg\" \/>\n<meta name=\"twitter:card\" content=\"summary_large_image\" \/>\n<meta name=\"twitter:label1\" content=\"Procijenjeno vrijeme \u010ditanja\" \/>\n\t<meta name=\"twitter:data1\" content=\"2 minute\" \/>\n<script type=\"application\/ld+json\" class=\"yoast-schema-graph\">{\"@context\":\"https:\\\/\\\/schema.org\",\"@graph\":[{\"@type\":\"WebPage\",\"@id\":\"https:\\\/\\\/sdf.hr\\\/hr\\\/nada\\\/palacinke-od-tikvica\\\/\",\"url\":\"https:\\\/\\\/sdf.hr\\\/hr\\\/nada\\\/palacinke-od-tikvica\\\/\",\"name\":\"Pala\u010dinke od tikvica - SDF - Srpski demokratski forum\",\"isPartOf\":{\"@id\":\"https:\\\/\\\/sdf.hr\\\/#website\"},\"primaryImageOfPage\":{\"@id\":\"https:\\\/\\\/sdf.hr\\\/hr\\\/nada\\\/palacinke-od-tikvica\\\/#primaryimage\"},\"image\":{\"@id\":\"https:\\\/\\\/sdf.hr\\\/hr\\\/nada\\\/palacinke-od-tikvica\\\/#primaryimage\"},\"thumbnailUrl\":\"https:\\\/\\\/sdf.hr\\\/wp-content\\\/uploads\\\/2022\\\/09\\\/Palacinke-1.jpg\",\"datePublished\":\"2022-09-05T13:18:01+00:00\",\"dateModified\":\"2023-03-19T14:43:58+00:00\",\"breadcrumb\":{\"@id\":\"https:\\\/\\\/sdf.hr\\\/hr\\\/nada\\\/palacinke-od-tikvica\\\/#breadcrumb\"},\"inLanguage\":\"hr\",\"potentialAction\":[{\"@type\":\"ReadAction\",\"target\":[\"https:\\\/\\\/sdf.hr\\\/hr\\\/nada\\\/palacinke-od-tikvica\\\/\"]}]},{\"@type\":\"ImageObject\",\"inLanguage\":\"hr\",\"@id\":\"https:\\\/\\\/sdf.hr\\\/hr\\\/nada\\\/palacinke-od-tikvica\\\/#primaryimage\",\"url\":\"https:\\\/\\\/sdf.hr\\\/wp-content\\\/uploads\\\/2022\\\/09\\\/Palacinke-1.jpg\",\"contentUrl\":\"https:\\\/\\\/sdf.hr\\\/wp-content\\\/uploads\\\/2022\\\/09\\\/Palacinke-1.jpg\",\"width\":1572,\"height\":1008},{\"@type\":\"BreadcrumbList\",\"@id\":\"https:\\\/\\\/sdf.hr\\\/hr\\\/nada\\\/palacinke-od-tikvica\\\/#breadcrumb\",\"itemListElement\":[{\"@type\":\"ListItem\",\"position\":1,\"name\":\"Po\u010detna stranica\",\"item\":\"https:\\\/\\\/sdf.hr\\\/hr\\\/\"},{\"@type\":\"ListItem\",\"position\":2,\"name\":\"Nada\",\"item\":\"https:\\\/\\\/sdf.hr\\\/nada\\\/\"},{\"@type\":\"ListItem\",\"position\":3,\"name\":\"Pala\u010dinke od tikvica\"}]},{\"@type\":\"WebSite\",\"@id\":\"https:\\\/\\\/sdf.hr\\\/#website\",\"url\":\"https:\\\/\\\/sdf.hr\\\/\",\"name\":\"SDF - Srpski demokratski forum\",\"description\":\"Srpski demokratski forum\",\"publisher\":{\"@id\":\"https:\\\/\\\/sdf.hr\\\/#organization\"},\"potentialAction\":[{\"@type\":\"SearchAction\",\"target\":{\"@type\":\"EntryPoint\",\"urlTemplate\":\"https:\\\/\\\/sdf.hr\\\/?s={search_term_string}\"},\"query-input\":{\"@type\":\"PropertyValueSpecification\",\"valueRequired\":true,\"valueName\":\"search_term_string\"}}],\"inLanguage\":\"hr\"},{\"@type\":\"Organization\",\"@id\":\"https:\\\/\\\/sdf.hr\\\/#organization\",\"name\":\"SDF - Srpski demokratski forum\",\"url\":\"https:\\\/\\\/sdf.hr\\\/\",\"logo\":{\"@type\":\"ImageObject\",\"inLanguage\":\"hr\",\"@id\":\"https:\\\/\\\/sdf.hr\\\/#\\\/schema\\\/logo\\\/image\\\/\",\"url\":\"https:\\\/\\\/sdf.hr\\\/wp-content\\\/uploads\\\/2021\\\/07\\\/logo-hr.svg\",\"contentUrl\":\"https:\\\/\\\/sdf.hr\\\/wp-content\\\/uploads\\\/2021\\\/07\\\/logo-hr.svg\",\"width\":271,\"height\":100,\"caption\":\"SDF - Srpski demokratski forum\"},\"image\":{\"@id\":\"https:\\\/\\\/sdf.hr\\\/#\\\/schema\\\/logo\\\/image\\\/\"}}]}<\/script>\n<!-- \/ Yoast SEO plugin. -->","yoast_head_json":{"title":"Pala\u010dinke od tikvica - SDF - Srpski demokratski forum","robots":{"index":"index","follow":"follow","max-snippet":"max-snippet:-1","max-image-preview":"max-image-preview:large","max-video-preview":"max-video-preview:-1"},"canonical":"https:\/\/sdf.hr\/hr\/nada\/palacinke-od-tikvica\/","og_locale":"hr_HR","og_type":"article","og_title":"Pala\u010dinke od tikvica - SDF - Srpski demokratski forum","og_description":"Pala\u010dinke su jako ukusne, s nadjevom od gustog vrhnja i popr\u017eene slanine, uz mrvicu nasjeckanih listi\u0107a kopra koji tijestu daje dozu svje\u017eine. Za pripremu ovog jela trebate izdvojiti malo vi\u0161e vremena, ali vjerujte \u2013 isplati se","og_url":"https:\/\/sdf.hr\/hr\/nada\/palacinke-od-tikvica\/","og_site_name":"SDF - Srpski demokratski forum","article_modified_time":"2023-03-19T14:43:58+00:00","og_image":[{"width":1572,"height":1008,"url":"https:\/\/sdf.hr\/wp-content\/uploads\/2022\/09\/Palacinke-1.jpg","type":"image\/jpeg"}],"twitter_card":"summary_large_image","twitter_misc":{"Procijenjeno vrijeme \u010ditanja":"2 minute"},"schema":{"@context":"https:\/\/schema.org","@graph":[{"@type":"WebPage","@id":"https:\/\/sdf.hr\/hr\/nada\/palacinke-od-tikvica\/","url":"https:\/\/sdf.hr\/hr\/nada\/palacinke-od-tikvica\/","name":"Pala\u010dinke od tikvica - SDF - Srpski demokratski forum","isPartOf":{"@id":"https:\/\/sdf.hr\/#website"},"primaryImageOfPage":{"@id":"https:\/\/sdf.hr\/hr\/nada\/palacinke-od-tikvica\/#primaryimage"},"image":{"@id":"https:\/\/sdf.hr\/hr\/nada\/palacinke-od-tikvica\/#primaryimage"},"thumbnailUrl":"https:\/\/sdf.hr\/wp-content\/uploads\/2022\/09\/Palacinke-1.jpg","datePublished":"2022-09-05T13:18:01+00:00","dateModified":"2023-03-19T14:43:58+00:00","breadcrumb":{"@id":"https:\/\/sdf.hr\/hr\/nada\/palacinke-od-tikvica\/#breadcrumb"},"inLanguage":"hr","potentialAction":[{"@type":"ReadAction","target":["https:\/\/sdf.hr\/hr\/nada\/palacinke-od-tikvica\/"]}]},{"@type":"ImageObject","inLanguage":"hr","@id":"https:\/\/sdf.hr\/hr\/nada\/palacinke-od-tikvica\/#primaryimage","url":"https:\/\/sdf.hr\/wp-content\/uploads\/2022\/09\/Palacinke-1.jpg","contentUrl":"https:\/\/sdf.hr\/wp-content\/uploads\/2022\/09\/Palacinke-1.jpg","width":1572,"height":1008},{"@type":"BreadcrumbList","@id":"https:\/\/sdf.hr\/hr\/nada\/palacinke-od-tikvica\/#breadcrumb","itemListElement":[{"@type":"ListItem","position":1,"name":"Po\u010detna stranica","item":"https:\/\/sdf.hr\/hr\/"},{"@type":"ListItem","position":2,"name":"Nada","item":"https:\/\/sdf.hr\/nada\/"},{"@type":"ListItem","position":3,"name":"Pala\u010dinke od tikvica"}]},{"@type":"WebSite","@id":"https:\/\/sdf.hr\/#website","url":"https:\/\/sdf.hr\/","name":"SDF - Srpski demokratski forum","description":"Srpski demokratski forum","publisher":{"@id":"https:\/\/sdf.hr\/#organization"},"potentialAction":[{"@type":"SearchAction","target":{"@type":"EntryPoint","urlTemplate":"https:\/\/sdf.hr\/?s={search_term_string}"},"query-input":{"@type":"PropertyValueSpecification","valueRequired":true,"valueName":"search_term_string"}}],"inLanguage":"hr"},{"@type":"Organization","@id":"https:\/\/sdf.hr\/#organization","name":"SDF - Srpski demokratski forum","url":"https:\/\/sdf.hr\/","logo":{"@type":"ImageObject","inLanguage":"hr","@id":"https:\/\/sdf.hr\/#\/schema\/logo\/image\/","url":"https:\/\/sdf.hr\/wp-content\/uploads\/2021\/07\/logo-hr.svg","contentUrl":"https:\/\/sdf.hr\/wp-content\/uploads\/2021\/07\/logo-hr.svg","width":271,"height":100,"caption":"SDF - Srpski demokratski forum"},"image":{"@id":"https:\/\/sdf.hr\/#\/schema\/logo\/image\/"}}]}},"_links":{"self":[{"href":"https:\/\/sdf.hr\/hr\/wp-json\/wp\/v2\/nada\/1251","targetHints":{"allow":["GET"]}}],"collection":[{"href":"https:\/\/sdf.hr\/hr\/wp-json\/wp\/v2\/nada"}],"about":[{"href":"https:\/\/sdf.hr\/hr\/wp-json\/wp\/v2\/types\/nada"}],"wp:featuredmedia":[{"embeddable":true,"href":"https:\/\/sdf.hr\/hr\/wp-json\/wp\/v2\/media\/2780"}],"wp:attachment":[{"href":"https:\/\/sdf.hr\/hr\/wp-json\/wp\/v2\/media?parent=1251"}],"wp:term":[{"taxonomy":"post_tag","embeddable":true,"href":"https:\/\/sdf.hr\/hr\/wp-json\/wp\/v2\/tags?post=1251"},{"taxonomy":"atribut","embeddable":true,"href":"https:\/\/sdf.hr\/hr\/wp-json\/wp\/v2\/atribut?post=1251"}],"curies":[{"name":"wp","href":"https:\/\/api.w.org\/{rel}","templated":true}]}}