{"id":1306,"date":"2022-11-05T16:04:16","date_gmt":"2022-11-05T15:04:16","guid":{"rendered":"https:\/\/sdf.hr\/?post_type=nada&#038;p=1306"},"modified":"2023-03-18T17:39:28","modified_gmt":"2023-03-18T16:39:28","slug":"1306","status":"publish","type":"nada","link":"https:\/\/sdf.hr\/hr\/nada\/1306\/","title":{"rendered":"Varivo od hokaido tikve"},"content":{"rendered":"<p>Ovog ljeta su mi hokaido tikve ba\u0161 lijepo rodile pa sam ih maksimalno iskoristila u kuhinji. Osim u slatka, tikve volim staviti i u slana jela poput juha, variva i slanih kruhova i poga\u010da. A po\u0161to su nam stigli tmurni, prohladni i ki\u0161ni dani, ovakva variva su prava riznica okrijepe, dobrog raspolo\u017eenja i zdravlja. Tako je nastalo i ovo varivo. Tmuran i hladan dan, puno posla u \u0161koli, umor i lo\u0161e raspolo\u017eenje odlu\u010dila sam izlije\u010diti toplim varivom \u017earke boje i punog okusa. Hokaido tikve ba\u0161 volim jer su predivne naran\u010daste boje, mirisnog i aromati\u010dnog mesa, okusa nalik kestenu, a mogu se jesti s korom jer ona kuhanjem i pe\u010denjem omek\u0161a. Varivo sam obogatila popr\u017eenom dimljenom pe\u010denicom, slanutkom i \u010dili papri\u010dicom jer volim pikantnost. Naravno, mo\u017eete pripremati i vege varijantu pa izostavite meso i mesni temeljac.<\/p>\n<p>Za pripremu vam ne\u0107e trebati puno vremena, tek koliko je potrebno da se je\u010dam skuha. Koristila sam slanutak iz konzerve, mesni temeljac kojeg uvijek imam zale\u0111enog te maslac koji je dao kremoznost i zaokru\u017eio pri\u010du. Ako ne volite ljutinu, mo\u017eete izostaviti \u010dili papri\u010dice. Koli\u010dinu sastojaka prilagodite jer sam ja pripremala jelo za jednu osobu. Mene je ovo jelo ugrijalo, zasitilo i usre\u0107ilo, a to potvr\u0111uje i moja prijateljica koja ka\u017ee da su njeni uku\u0107ani odu\u0161evljeno ispraznili lonac.<\/p>\n<p><strong><em>Sastojci<\/em><\/strong><\/p>\n<p>1 \u017elica ulja<br \/>\n50 g suhe, dimljene pe\u010denice (mo\u017ee i neko drugo suho meso, \u0161unka ili panceta)<br \/>\n1 manji luk<br \/>\n70 g je\u010dma<br \/>\n80 \u2014 100 g hokaido tikve (s korom)<br \/>\n1 \u017eli\u010dica balsami\u010dnog octa<br \/>\n200 \u2014 300 ml temeljca<br \/>\n3 \u2014 4 \u017elice slanutka iz konzerve<br \/>\n50 g maslaca<br \/>\nmalo ljute \u010dili papri\u010dice (koristila sam suhu)<br \/>\nsol i papar<br \/>\npopr\u017eene sjemenke bundeve<\/p>\n<p><strong><em>Priprema<\/em><\/strong><\/p>\n<p>Hokaido tikvu operite, prepolovite i \u017elicom o\u010distite od sjemenki. Nasjeckajte na kockice koli\u010dinu koja vam je dovoljna za ovo jelo, a ostatak mo\u017eete zalediti ili ispe\u0107i u pe\u0107nici pa napraviti pire za pripremu nekog drugog jela. U posudi za kuhanje zagrijte masno\u0107u pa lagano popr\u017eite nasjeckano suho meso. Dodajte sitno nasjeckani luk i pr\u017eite dok se ne za\u017euti. Dodajte je\u010dam pa sve skupa popr\u017eite cijelo vrijeme mije\u0161aju\u0107i. Kada se je\u010dam malo popr\u017eio i upio okuse, dodajte nasjeckanu tikvu i sve zalijte temeljcem. Ako je potrebno, dodajte i malo vode. Dodajte \u017eli\u010dicu balsami\u010dnog octa. Kuhajte na laganoj vatri i \u010desto promije\u0161ajte. Kada je\u010dam omek\u0161a, jelo \u0107e postati gu\u0161\u0107e i kremasto pa je potrebno \u010de\u0161\u0107e mije\u0161ati. Dodajte slanutak iz konzerve. Neka sve jo\u0161 malo prokuha pa za\u010dinite maslacem, solju, paprom i \u010dili papri\u010dicom. Tako kuhano varivo ostavite da malo stoji, nekih 10 minuta da se okusi pro\u017emu. Za to vrijeme popr\u017eite bu\u010dine sjemenke ili kru\u0161\u010di\u0107e koje \u0107ete poslu\u017eiti uz jelo. Mo\u017eete staviti i malo pr\u017eene slanine na vrh.<\/p>\n<p>Dobar tek!<\/p>\n<p><em>pi\u0161e Valentina Vukadinovi\u0107<\/em><\/p>\n","protected":false},"excerpt":{"rendered":"<p>Osim u slatka, tikve volim staviti i u slana jela poput juha, variva i slanih poga\u010da. A po\u0161to su nam stigli tmurni, prohladni i ki\u0161ni dani, ovakva variva su prava riznica okrijepe, dobrog raspolo\u017eenja i zdravlja<\/p>\n","protected":false},"featured_media":2749,"template":"","tags":[42],"atribut":[],"class_list":["post-1306","nada","type-nada","status-publish","has-post-thumbnail","hentry","tag-gorski-kotao"],"acf":[],"yoast_head":"<!-- This site is optimized with the Yoast SEO plugin v27.4 - https:\/\/yoast.com\/product\/yoast-seo-wordpress\/ -->\n<title>Varivo od hokaido tikve - SDF - Srpski demokratski forum<\/title>\n<meta name=\"robots\" content=\"index, follow, max-snippet:-1, max-image-preview:large, max-video-preview:-1\" \/>\n<link rel=\"canonical\" href=\"https:\/\/sdf.hr\/hr\/nada\/1306\/\" \/>\n<meta property=\"og:locale\" content=\"hr_HR\" \/>\n<meta property=\"og:type\" content=\"article\" \/>\n<meta property=\"og:title\" content=\"Varivo od hokaido tikve - SDF - Srpski demokratski forum\" \/>\n<meta property=\"og:description\" content=\"Osim u slatka, tikve volim staviti i u slana jela poput juha, variva i slanih poga\u010da. A po\u0161to su nam stigli tmurni, prohladni i ki\u0161ni dani, ovakva variva su prava riznica okrijepe, dobrog raspolo\u017eenja i zdravlja\" \/>\n<meta property=\"og:url\" content=\"https:\/\/sdf.hr\/hr\/nada\/1306\/\" \/>\n<meta property=\"og:site_name\" content=\"SDF - Srpski demokratski forum\" \/>\n<meta property=\"article:modified_time\" content=\"2023-03-18T16:39:28+00:00\" \/>\n<meta property=\"og:image\" content=\"https:\/\/sdf.hr\/wp-content\/uploads\/2022\/11\/Varivo-1-scaled.jpg\" \/>\n\t<meta property=\"og:image:width\" content=\"2560\" \/>\n\t<meta property=\"og:image:height\" content=\"1463\" \/>\n\t<meta property=\"og:image:type\" content=\"image\/jpeg\" \/>\n<meta name=\"twitter:card\" content=\"summary_large_image\" \/>\n<meta name=\"twitter:label1\" content=\"Procijenjeno vrijeme \u010ditanja\" \/>\n\t<meta name=\"twitter:data1\" content=\"3 minute\" \/>\n<script type=\"application\/ld+json\" class=\"yoast-schema-graph\">{\"@context\":\"https:\\\/\\\/schema.org\",\"@graph\":[{\"@type\":\"WebPage\",\"@id\":\"https:\\\/\\\/sdf.hr\\\/hr\\\/nada\\\/1306\\\/\",\"url\":\"https:\\\/\\\/sdf.hr\\\/hr\\\/nada\\\/1306\\\/\",\"name\":\"Varivo od hokaido tikve - SDF - Srpski demokratski forum\",\"isPartOf\":{\"@id\":\"https:\\\/\\\/sdf.hr\\\/#website\"},\"primaryImageOfPage\":{\"@id\":\"https:\\\/\\\/sdf.hr\\\/hr\\\/nada\\\/1306\\\/#primaryimage\"},\"image\":{\"@id\":\"https:\\\/\\\/sdf.hr\\\/hr\\\/nada\\\/1306\\\/#primaryimage\"},\"thumbnailUrl\":\"https:\\\/\\\/sdf.hr\\\/wp-content\\\/uploads\\\/2022\\\/11\\\/Varivo-1-scaled.jpg\",\"datePublished\":\"2022-11-05T15:04:16+00:00\",\"dateModified\":\"2023-03-18T16:39:28+00:00\",\"breadcrumb\":{\"@id\":\"https:\\\/\\\/sdf.hr\\\/hr\\\/nada\\\/1306\\\/#breadcrumb\"},\"inLanguage\":\"hr\",\"potentialAction\":[{\"@type\":\"ReadAction\",\"target\":[\"https:\\\/\\\/sdf.hr\\\/hr\\\/nada\\\/1306\\\/\"]}]},{\"@type\":\"ImageObject\",\"inLanguage\":\"hr\",\"@id\":\"https:\\\/\\\/sdf.hr\\\/hr\\\/nada\\\/1306\\\/#primaryimage\",\"url\":\"https:\\\/\\\/sdf.hr\\\/wp-content\\\/uploads\\\/2022\\\/11\\\/Varivo-1-scaled.jpg\",\"contentUrl\":\"https:\\\/\\\/sdf.hr\\\/wp-content\\\/uploads\\\/2022\\\/11\\\/Varivo-1-scaled.jpg\",\"width\":2560,\"height\":1463},{\"@type\":\"BreadcrumbList\",\"@id\":\"https:\\\/\\\/sdf.hr\\\/hr\\\/nada\\\/1306\\\/#breadcrumb\",\"itemListElement\":[{\"@type\":\"ListItem\",\"position\":1,\"name\":\"Po\u010detna stranica\",\"item\":\"https:\\\/\\\/sdf.hr\\\/hr\\\/\"},{\"@type\":\"ListItem\",\"position\":2,\"name\":\"Nada\",\"item\":\"https:\\\/\\\/sdf.hr\\\/nada\\\/\"},{\"@type\":\"ListItem\",\"position\":3,\"name\":\"Varivo od hokaido tikve\"}]},{\"@type\":\"WebSite\",\"@id\":\"https:\\\/\\\/sdf.hr\\\/#website\",\"url\":\"https:\\\/\\\/sdf.hr\\\/\",\"name\":\"SDF - Srpski demokratski forum\",\"description\":\"Srpski demokratski forum\",\"publisher\":{\"@id\":\"https:\\\/\\\/sdf.hr\\\/#organization\"},\"potentialAction\":[{\"@type\":\"SearchAction\",\"target\":{\"@type\":\"EntryPoint\",\"urlTemplate\":\"https:\\\/\\\/sdf.hr\\\/?s={search_term_string}\"},\"query-input\":{\"@type\":\"PropertyValueSpecification\",\"valueRequired\":true,\"valueName\":\"search_term_string\"}}],\"inLanguage\":\"hr\"},{\"@type\":\"Organization\",\"@id\":\"https:\\\/\\\/sdf.hr\\\/#organization\",\"name\":\"SDF - Srpski demokratski forum\",\"url\":\"https:\\\/\\\/sdf.hr\\\/\",\"logo\":{\"@type\":\"ImageObject\",\"inLanguage\":\"hr\",\"@id\":\"https:\\\/\\\/sdf.hr\\\/#\\\/schema\\\/logo\\\/image\\\/\",\"url\":\"https:\\\/\\\/sdf.hr\\\/wp-content\\\/uploads\\\/2021\\\/07\\\/logo-hr.svg\",\"contentUrl\":\"https:\\\/\\\/sdf.hr\\\/wp-content\\\/uploads\\\/2021\\\/07\\\/logo-hr.svg\",\"width\":271,\"height\":100,\"caption\":\"SDF - Srpski demokratski forum\"},\"image\":{\"@id\":\"https:\\\/\\\/sdf.hr\\\/#\\\/schema\\\/logo\\\/image\\\/\"}}]}<\/script>\n<!-- \/ Yoast SEO plugin. -->","yoast_head_json":{"title":"Varivo od hokaido tikve - SDF - Srpski demokratski forum","robots":{"index":"index","follow":"follow","max-snippet":"max-snippet:-1","max-image-preview":"max-image-preview:large","max-video-preview":"max-video-preview:-1"},"canonical":"https:\/\/sdf.hr\/hr\/nada\/1306\/","og_locale":"hr_HR","og_type":"article","og_title":"Varivo od hokaido tikve - SDF - Srpski demokratski forum","og_description":"Osim u slatka, tikve volim staviti i u slana jela poput juha, variva i slanih poga\u010da. A po\u0161to su nam stigli tmurni, prohladni i ki\u0161ni dani, ovakva variva su prava riznica okrijepe, dobrog raspolo\u017eenja i zdravlja","og_url":"https:\/\/sdf.hr\/hr\/nada\/1306\/","og_site_name":"SDF - Srpski demokratski forum","article_modified_time":"2023-03-18T16:39:28+00:00","og_image":[{"width":2560,"height":1463,"url":"https:\/\/sdf.hr\/wp-content\/uploads\/2022\/11\/Varivo-1-scaled.jpg","type":"image\/jpeg"}],"twitter_card":"summary_large_image","twitter_misc":{"Procijenjeno vrijeme \u010ditanja":"3 minute"},"schema":{"@context":"https:\/\/schema.org","@graph":[{"@type":"WebPage","@id":"https:\/\/sdf.hr\/hr\/nada\/1306\/","url":"https:\/\/sdf.hr\/hr\/nada\/1306\/","name":"Varivo od hokaido tikve - SDF - Srpski demokratski forum","isPartOf":{"@id":"https:\/\/sdf.hr\/#website"},"primaryImageOfPage":{"@id":"https:\/\/sdf.hr\/hr\/nada\/1306\/#primaryimage"},"image":{"@id":"https:\/\/sdf.hr\/hr\/nada\/1306\/#primaryimage"},"thumbnailUrl":"https:\/\/sdf.hr\/wp-content\/uploads\/2022\/11\/Varivo-1-scaled.jpg","datePublished":"2022-11-05T15:04:16+00:00","dateModified":"2023-03-18T16:39:28+00:00","breadcrumb":{"@id":"https:\/\/sdf.hr\/hr\/nada\/1306\/#breadcrumb"},"inLanguage":"hr","potentialAction":[{"@type":"ReadAction","target":["https:\/\/sdf.hr\/hr\/nada\/1306\/"]}]},{"@type":"ImageObject","inLanguage":"hr","@id":"https:\/\/sdf.hr\/hr\/nada\/1306\/#primaryimage","url":"https:\/\/sdf.hr\/wp-content\/uploads\/2022\/11\/Varivo-1-scaled.jpg","contentUrl":"https:\/\/sdf.hr\/wp-content\/uploads\/2022\/11\/Varivo-1-scaled.jpg","width":2560,"height":1463},{"@type":"BreadcrumbList","@id":"https:\/\/sdf.hr\/hr\/nada\/1306\/#breadcrumb","itemListElement":[{"@type":"ListItem","position":1,"name":"Po\u010detna stranica","item":"https:\/\/sdf.hr\/hr\/"},{"@type":"ListItem","position":2,"name":"Nada","item":"https:\/\/sdf.hr\/nada\/"},{"@type":"ListItem","position":3,"name":"Varivo od hokaido tikve"}]},{"@type":"WebSite","@id":"https:\/\/sdf.hr\/#website","url":"https:\/\/sdf.hr\/","name":"SDF - Srpski demokratski forum","description":"Srpski demokratski forum","publisher":{"@id":"https:\/\/sdf.hr\/#organization"},"potentialAction":[{"@type":"SearchAction","target":{"@type":"EntryPoint","urlTemplate":"https:\/\/sdf.hr\/?s={search_term_string}"},"query-input":{"@type":"PropertyValueSpecification","valueRequired":true,"valueName":"search_term_string"}}],"inLanguage":"hr"},{"@type":"Organization","@id":"https:\/\/sdf.hr\/#organization","name":"SDF - Srpski demokratski forum","url":"https:\/\/sdf.hr\/","logo":{"@type":"ImageObject","inLanguage":"hr","@id":"https:\/\/sdf.hr\/#\/schema\/logo\/image\/","url":"https:\/\/sdf.hr\/wp-content\/uploads\/2021\/07\/logo-hr.svg","contentUrl":"https:\/\/sdf.hr\/wp-content\/uploads\/2021\/07\/logo-hr.svg","width":271,"height":100,"caption":"SDF - Srpski demokratski forum"},"image":{"@id":"https:\/\/sdf.hr\/#\/schema\/logo\/image\/"}}]}},"_links":{"self":[{"href":"https:\/\/sdf.hr\/hr\/wp-json\/wp\/v2\/nada\/1306","targetHints":{"allow":["GET"]}}],"collection":[{"href":"https:\/\/sdf.hr\/hr\/wp-json\/wp\/v2\/nada"}],"about":[{"href":"https:\/\/sdf.hr\/hr\/wp-json\/wp\/v2\/types\/nada"}],"wp:featuredmedia":[{"embeddable":true,"href":"https:\/\/sdf.hr\/hr\/wp-json\/wp\/v2\/media\/2749"}],"wp:attachment":[{"href":"https:\/\/sdf.hr\/hr\/wp-json\/wp\/v2\/media?parent=1306"}],"wp:term":[{"taxonomy":"post_tag","embeddable":true,"href":"https:\/\/sdf.hr\/hr\/wp-json\/wp\/v2\/tags?post=1306"},{"taxonomy":"atribut","embeddable":true,"href":"https:\/\/sdf.hr\/hr\/wp-json\/wp\/v2\/atribut?post=1306"}],"curies":[{"name":"wp","href":"https:\/\/api.w.org\/{rel}","templated":true}]}}