{"id":1331,"date":"2022-11-06T13:53:24","date_gmt":"2022-11-06T12:53:24","guid":{"rendered":"https:\/\/sdf.hr\/?post_type=nada&#038;p=1331"},"modified":"2023-03-18T17:29:00","modified_gmt":"2023-03-18T16:29:00","slug":"jelena-savic-romkinje-se-svodi-na-ulicni-aktivizam","status":"publish","type":"nada","link":"https:\/\/sdf.hr\/hr\/nada\/jelena-savic-romkinje-se-svodi-na-ulicni-aktivizam\/","title":{"rendered":"Jelena Savi\u0107: Romkinje se svodi na uli\u010dni aktivizam"},"content":{"rendered":"<p>Jelena Savi\u0107 je Romkinja ro\u0111ena u Beogradu. Pripada, kako sama ka\u017ee, generaciji 1980-ih koja je do\u017eivjela ostatke socijalizma, iako je i u socijalizmu njena egzistencija bila izmaknuta, okrajak. Ve\u0107 20 godina Savi\u0107 se mo\u017ee prona\u0107i pod <a href=\"https:\/\/usernameka.wordpress.com\/\">Usernameka na WordPressu<\/a>, \u0161to je adresa njenog bloga. Tako smo je i mi upoznale. Uz tekstove na blogu, Savi\u0107 pi\u0161e i poeziju, uvijek na raskri\u017eju romskih, rodnih, radni\u010dkih i ekolo\u0161kih tema. Poigrava se zna\u010denjima, formama i \u017eanrovima. Magistrirala je filozofiju na Srednjoeuropskom sveu\u010dili\u0161tu (CEU) u Budimpe\u0161ti i obrazovanje odraslih na Filozofskom fakultetu u Beogradu. U znanstvenom radu se bavi intersekcijskim pitanjima seksizma, klase, rasizma i specizma. Od studentskih dana je bila aktivna u feministi\u010dkim krugovima, a danas je, s razlogom, malo manje. S Jelenom se nalazimo u Beogradu u jedno toplo ve\u010der, pa na preskupoj pivi pri\u010damo na koje sve na\u010dine \u017eivot ko\u0161ta.<\/p>\n<p><strong>Blog pi\u0161ete 20 godina. Kada ste po\u010deli pisati, \u0161to vas je vuklo za jezik, prema papiru, tipkovnici?<\/strong><\/p>\n<p>Pisati sam po\u010dela jo\u0161 u srednjoj \u0161koli, neke dnevnike, pesme. Onda sam do\u0161la na fakultet i u\u0161la u NGO krugove, u A\u017ein, gdje je bila Dubravka \u0110uri\u0107 koja predaje na Fakultetu za medije i komunikacije. Ona je imala globalnu perspektivu, poznavala svetsku knji\u017eevnost. Donosila nam je sva\u0161ta, bilo je to vreme antiratnog feminizma, ne\u0161to smo se puno tada bavili postmodernizmom, filozofijom, teorijom knji\u017eevnosti. Bilo je to lepo, formativan period za moju poeziju. Tada smo napravili A\u017einovu antologiju &#8220;Diskurzivna tela poezije: poezija i autopoetika nove generacije pesnikinja&#8221;, koja se pokazala zna\u010dajnom u istoriji srpske knji\u017eevnosti. Bavile smo se i politikom poezije, time tko i s koje pozicije ka\u017ee da je netko umetnik.<\/p>\n<h3>Srpski feminizam je dominantno neromski<\/h3>\n<p><strong>Tad ste nekad po\u010deli i pisati na blogu?<\/strong><\/p>\n<p>Da. Blog sam po\u010dela pisati jer zapravo nisam imala gde pisati. Aktivisti\u010dki krugovi su se dosta bavili antinacionalizmom i feminizmom, ali unutar tog okvira nije bilo prostora za artikulaciju romskog identiteta i iskustva. Srpski feminizam je dominantno neromski, mejnstrim bela\u010dki. Nisam mogla da se bavim antirasizmom, jer nitko oko sebe nije video nikakav rasizam, o tome se uop\u0161te nije pri\u010dalo. Feministkinje su mi omogu\u0107ile da \u010ditam Bell Hooks, ali ne i da se u ovom na\u0161em kontekstu pri\u010da o rasizmu i diskriminaciji Roma. Bila sam generalno dosta usamljena, po\u010dela sam pisati da ostavim bar neki trag.<\/p>\n<p><strong>U nekom momentu ste se odlu\u010dili maknuti od feministi\u010dkih krugova u Beogradu. Za\u0161to, kako je do toga do\u0161lo?<\/strong><\/p>\n<p>Unutar te scene sam shvatila da \u017eivim la\u017eni dojam rasnog i klasnog identiteta. \u017divela sam u ube\u0111enju da sam jednaka sa \u017eenama s kojima sam bila u tom pokretu, a nisam. Govorilo se &#8220;mi, mi&#8221;, ali taj narativ nije bio solidaran u praksi. Bile su dve klju\u010dne stvari oko raskola. Prva je bila s Autonomnim \u017eenskim centrom, gde smo kao studentkinje radile neke edukacije i radionice po Srbiji. Radile smo to neko vreme, i po\u010dela sam se ose\u0107ati eksploatisano kao volonterka. Shvatila sam da se, unato\u010d stalnom filovanju o solidarnosti, resursi ne dele jednako. Shvatila sam i da to nisu bezbedni prostori, da to \u0161to ti netko kad podeli\u0161 svoje iskustvo nasilja ka\u017ee da je to &#8220;istorijski trenutak&#8221;, ne zna\u010di puno ako s druge strane ne pokazuje nikakvu brigu za tvoju egzistenciju. Tu je bilo moje klasno razdvajanje od pokreta.<\/p>\n<p><strong>A druga razina razdvajanja?<\/strong><\/p>\n<p>Drugi moment je bio s akademskim feminizmom. Bila sam na nekom od festivala koje organizira Befem i u nekom momentu su pozvali ljude da govore o solidarnosti. Tamo su glavne bile na\u0161e feministi\u010dke teoreti\u010darke. U to se vreme nisam puno bavila teorijom, ali imala sam interes za nju. Na pripremnom doga\u0111anju pred festival od mene se o\u010dekivalo da pri\u010dam iz svoga iskustva, s terena. Fazon \u2013 nemoj da se mnogo bavi\u0161 teorijom jer imamo teoreti\u010darke koje \u0107e to. Ose\u0107ala sam se bedno, zasmetao me taj stav. Pritom se ve\u0107 ose\u0107am nesigurno, one sve fino obu\u010dene i sre\u0111ene, imaju svoj stil, a ja ni\u0161ta od toga. O tome sam pisala na blogu, po\u010dela sam pri\u010dati o tome. O tome da se Romkinje svodi eventualno na uli\u010dni aktivizam, ali se ne o\u010dekuje od Romkinja da se bave teorijom, akademijom.<\/p>\n<p><strong>O tome ste dosta pisali na blogu, kako za Rome i Romkinje, za mali dio onih koji se uop\u0107e uspiju izvu\u0107i iz najgoreg prekarijata, postoji poprili\u010dno trasiran put?<\/strong><\/p>\n<p>Jeste. Nema tu puno prostora van romskog nevladinog sektora. Ako si Rom, do kraja \u017eivota si nedovoljno obrazovan i kompetentan. \u010cak i ja s dva mastera, evo. U nekom momentu sam zavr\u0161ila rade\u0107i na programu za stipendiranje Roma u Open Society Foundationsu. I to je bilo iskustvo za sebe, ta projektna industrija proizvodnje ljudskih prava. I neprestani fokus na obrazovanje.<\/p>\n<p><strong>Dominantan je taj diskurs o obrazovanju kao glavnom problemu i rje\u0161enju za Rome i Romkinje. Za\u0161to je problemati\u010dan?<\/strong><\/p>\n<p>To da \u0107e obrazovanje da re\u0161i sve je velika zabluda. I mini romske elite su vrlo kratkoga veka, malo ih toga deli od potencijalne financijske propasti, jer nemaju bazen raznolikog generacijskog bogatstva na koji se mogu osloniti. Mene uvek jedna pla\u0107a deli od stana od 19 metara kvadratnih i majke koja prodaje na ulici. Obrazovanje nije stvorilo problem pa ga ne mo\u017ee ni re\u0161iti. S jedne strane je to oko obrazovanja zanimljivo u ovim aktivisti\u010dkim krugovima, jer ti \u010desto ne daju znanje koje ti je potrebno. Postoji dominacija kriti\u010dkim diskursom koji bi bio su\u0161tinski va\u017ean za politi\u010dku promenu, svest i emancipaciju. U diskurs su ugra\u0111eni samo interesi odre\u0111enih delova dru\u0161tva, pa ne mo\u017eemo govoriti o tome da vodi korenitim promenama.<\/p>\n<p><strong>I u tom se sektoru te\u0161ko prepu\u0161taju pozicije mo\u0107i. Kako ste tome svjedo\u010dili kroz projekte s Romkinjama?<\/strong><\/p>\n<p>Bila sam korisnica tolikih projekata kojima se kao podr\u017eavalo Romkinje zadnjih 20 godina. Sve se vreme ne\u0161to radi s devoj\u010dicama iz naselja. A onda me se prestalo zvati, jer nisam vi\u0161e siroma\u0161na Romkinja iz naselja, stekla sam diplome, pa za mene ne postoji nikakva uloga u tim organizacijama. Pitanje je i gde su sad sve te druge devoj\u010dice, \u0161ta s njima kad zavr\u0161i projekat? Kako to da nema nijedne da pre\u0111e iz uloge korisnice u ne\u0161to drugo, nakon svih ovih godina i projekata? Pored sve te podr\u0161ke, da se u toliko godina nije proizvela nijedna Romkinja koja mo\u017ee da sedi s njima za stolom. Vi\u0161e uop\u0161te ne \u017eelim da sudelujem u istra\u017eivanjima o Romima kad me zovu da budem &#8220;glas Romkinja&#8221;. Pritom su to uglavnom anonimizirana istra\u017eivanja, a sadr\u017eaj, koji je tvoje \u017eivotno iskustvo, na kraju bude kolonizovan. Sirovi materijal sme\u0161ten u neromske interpretativne okvire i eksportovan primarno za tu\u0111i li\u010dni profit i profil. To je intelektualna kolonizacija koja se na ovim prostorima neprestano doga\u0111a. A istra\u017eiva\u010di sebe do\u017eivljavaju vrlo prosvetiteljski, nimalo kriti\u010dki. Tu\u0111im istra\u017eivanjima i doktoratima vi\u0161e ne \u017eelim da pridonosim.<\/p>\n<h3>Levica koja ne prepoznaje rasu<\/h3>\n<p><strong>Kako vam je bilo studirati na CEU?<\/strong><\/p>\n<p>Za po\u010detak, filozofija naprosto nije racionalan izbor za studij za nekoga tko dolazi iz debelog siroma\u0161tva. To je luksuz koji si ne mo\u017ee\u0161 priu\u0161titi i sada se mnogo patim zbog toga. Drugo, filozofija je bela\u010dko, zatvoreno podru\u010dje, kruta disciplina. Na katedri nema\u0161 pristup tekstovima koji su su\u0161tinski zna\u010dajni za tvoju \u017eivotnu poziciju. Iako sam bila podr\u017eana da upi\u0161em master od strane Roma koji vode taj pripremni univerzitetski program, te dve godine su mi bile te\u0161ke. Ali i ta akademska romska pri\u010da pri CEU je duboko neoliberalno formulisana, \u010dak i kada koristi leve reference. Nema ba\u0161 samorefleskije i kriti\u010dke note. \u017divi\u0161 \u017eivotom biznis klase, non-stop po avionima i konferencijama, nosi\u0161 cipele od 400 evra, i ni\u0161ta od toga da osvesti\u0161. Teorija tamo vu\u010de dosta od ameri\u010dkih crna\u010dkih autorki, ali bez razmi\u0161ljanja o na\u0161em kontekstu i specifi\u010dnostima. Imali smo mi u Evropi ropstvo Roma u Rumuniji, ali Srbija je opet drugi kontekst. Ja nemam EU-paso\u0161, ne mogu u\u010destvovati u mnogim stvarima. Najbolje je kad romska akademska elita iz Ma\u0111arske dolazi ovde. Oni su sagovornici na panelima o \u017eivotnim uvetima Roma u Srbiji, o \u010demu ne znaju skoro pa ni\u0161ta. Onda do\u0111em na doga\u0111aj na kojem me Romkinja koju znam sa studija iz Ma\u0111arske upoznaje s novinarkom koju znam 20 godina.<\/p>\n<p><strong>Ako se i pri\u010da o opresiji Roma, onda se spominje ropstvo Roma u Rumunjskoj, Drugi svjetski rat, sterilizacija Romkinja u \u010ce\u0161koj i Slova\u010dkoj, ali druge razine diskriminacije Roma u Europi ne spominjemo?<\/strong><\/p>\n<p>Pritom je to sve u istoriji, prezentuje se kao prezervirano u jednom vremenu, a ni\u0161ta ne pri\u010damo u sada\u0161njosti. Ni\u0161ta ne \u010dujemo o klasi, o tome da ja s dva mastera treba da sad tra\u017eim nekoga da se udam za papire ako \u017eelim neku \u0161ansu vani. Mi jo\u0161 nemamo ni termine ni kategorije da govorimo o ovda\u0161njem rasizmu. U Evropi mo\u017eemo govoriti o neromskoj supremaciji. Ima\u0161 sve osnove za to, i materijalne i teorijske. Ne postoje Romi u institucijama, ne postoje u kulturi, ne postoje na radnim mestima. Ljudi \u017eive u slamovima, 80 posto ih u Srbiji \u017eivi u naseljima, siroma\u0161tvo je ogromno, ljudi su totalno van zdravstvenog sustava, prose\u010dni \u017eivotni vek je do 20 godina manji. Odsustvo Roma je ura\u010dunato, Romi su nepostoje\u0107i subjekat. Ostavljen si da umre\u0161, nikoga nije briga. Ono malo \u0161ta ka\u017eu da su romske politike nisu pravili romski lideri, pravila ih je Svetska banka, Evropska unija, pravili su ih neromi. I dalje od svega toga najmanje novca odlazi me\u0111u Rome.<\/p>\n<p><strong>Pi\u0161ete o tome kako nije dovoljno samo kritizirati kapitalizam, kao ni govoriti o radni\u0161tvu i siroma\u0161tvu op\u0107enito. Za\u0161to?<\/strong><\/p>\n<p>Levica kod nas ne prepoznaje rasu i to je problem. Valjalo bi pro\u0161iriti klasi\u010dnu kapitalisti\u010dku kritiku, uvezati sve razine opresije koje se tu nadogra\u0111uju. Ne mo\u017ee\u0161 govoriti op\u0107enito o siroma\u0161tvu, pa svima nam je jasno da se uz Rome ve\u017ee najgore siroma\u0161tvo. Nisu svi radnici jednaki, \u010dinjenica je da \u0107e jedan Rom uvek puno te\u017ee na\u0107i i zadr\u017eati posao. Ako se govori samo o pobolj\u0161anju polo\u017eaja radnika generalno, \u010desto ishod toga bude pobolj\u0161anje u koje Romi nisu uklju\u010deni, jer oni i dalje ostaju u podre\u0111enoj poziciji. Eventualni benefiti izbore se za radnike koji nisu Romi. Ne zanemarimo i da je neformalno zapo\u0161ljavanje naj\u010de\u0161\u0107i oblik zapo\u0161ljavanja, a Romi imaju mnogo manji socijalni krug, mre\u017eu kontakata i politi\u010dku mo\u0107, pogotovo kad su u pitanju bolji poslovi i ure\u0111enija podru\u010dja rada.<\/p>\n<p><strong>Kad se i spominje rasa vezano za ove na\u0161e prostore, govori se o &#8220;rasizmu bez rase&#8221;. \u0160to mislite o tome?<\/strong><\/p>\n<p>To se po\u010delo doga\u0111ati kad su Jugoslaveni odlazili raditi na Zapad i onda po\u010deli da ose\u0107aju drugost, da su tamo gra\u0111ani drugog reda, da im se pristupa orijentalisti\u010dki. I tad se po\u010dinje pri\u010dati o rasizmu bez rase, o diskriminaciji belaca, o tome da su Balkanci ne\u0161to kao evropski crnci, Bliski istok Evrope i sli\u010dno. Nije to bez osnova, ali problem je \u0161to se ni\u0161ta od toga ne promi\u0161lja i ne primenjuje unutar okvira na\u0161ih zemalja u odnosu prema Romima. Neromi su ve\u010dite \u017ertve, nikada opresori.<\/p>\n<p><strong>Kriti\u010dna ste i naspram onoga \u0161to se u NGO sektoru ponekad prikazuje kao romska ljevica?<\/strong><\/p>\n<p>Postoje poku\u0161aji proizvodnje romske levice, barem se to tako prezentuje. Mlade ljude se anga\u017euje da pi\u0161u tekstove ili da odra\u0111uju neke projekte, proizvode neki tip znanja. Problem je \u0161to nema ideolo\u0161ke podloge ni znanja za proizvodnju levih tekstova, jer su ti ljudi obrazovani u okviru ljudskih prava, kroz Dekadu Roma koja je duboko problemati\u010dan projekt i daje interpretaciju neoliberalne ljudskoprava\u0161ke dogme. To i dalje nije <em>grassroots<\/em> pri\u010da, nego projektno izmi\u0161ljanje romske levice. Kod nas naprosto ne postoji romska levica. A kad nema\u0161 levu ideolo\u0161ku kritiku sistema, mejnstrim deluje kao <em>common sense<\/em>. Vidimo kako se romske elite predstavlja kao nekoga ko je uspeo, ko je uzor, visoko obrazovan ili biznismen u lepom odelu. Rade se kampanje, s jedne strane slika siroma\u0161nog i prljavog Roma, a s druge netko tko je sre\u0111eni, uspe\u0161ni Rom. Nema tu nikakve klasne svesti ni solidarnosti.<\/p>\n<h3>Ostaje mi egzistencijalni nemir<\/h3>\n<p><strong> Tijekom svih ovih godina pisanja na blogu, je li vas itko zvao da negdje dalje pi\u0161ete, izla\u017eete, istra\u017eujete? Prepoznao va\u0161 rad i kriti\u010dki glas?<\/strong><\/p>\n<p>Dobivala sam s feministi\u010dke i NGO scene privatne pozive na kave. U stilu \u2013 hajde da pri\u010damo, mo\u017eda ovo \u0161ta pi\u0161e\u0161 nije ba\u0161 tako kako si do\u017eivela. Poku\u0161aje pravdanja, uveravanja mene da ne razumem stvari. Da do\u0111em kod njih u ured da mi objasne kako se nismo razumele. Poru\u010divalo mi se, u su\u0161tini, da ili nisam normalna ili da sam neuka. Da si dozvoljavam previ\u0161e jer otvoreno ka\u017eem stvari, jer ne\u0107u da \u0107utim i tap\u0161am ljude po ramenima.<\/p>\n<p><strong>Zapravo je na stvari bilo discipliniranje, a ne \u017eelja za razgovorom? Zanimljivo je kako odmah krenu (dis)kvalifikacije o ludosti ako \u017eena poka\u017ee ikakvu emociju.<\/strong><\/p>\n<p>Emocija je instant diskvalifikacija. Sa\u010duvaj bo\u017ee da poka\u017ee\u0161 da ti je stalo, da si povre\u0111ena. U nevladinom sektoru postoji taj neki prototip Romkinje koja pri\u010da tiho i sva je kao devoj\u010dica, a ima 50 godina. To je idealna Romkinja za neromske krugove, s takvom je sve super. Ali ako si nadrndana, upada\u0161 u onu <em>angry black women<\/em> kategoriju, ozna\u010dena si kao ona glasna koja pravi sranja, a sadr\u017eaj onoga \u0161ta govori\u0161 je zanemaren. S druge strane, jednom se jedna feministkinja rasplakala kao zbog mog nastupa i onda su se svi usmerili na to da neguju tu \u017eenu jer je njoj te\u0161ko. Bela\u010dke suze. Te \u017eene zovem devoj\u010dice sa roza rajfom, sve su fine i osetljive i nemoj slu\u010dajno da im ka\u017ee\u0161 da su ne\u0161to pogre\u0161ile. Ukratko, mora\u0161 stalno da se bavi\u0161 egom drugih ljudi, fragilno\u0161\u0107u privilegovanih.<\/p>\n<p><strong>Pisali ste i pi\u0161ete i o Romima i muzici, o kafani kao jedinom prostoru u kojem je dozvoljena i vidljiva romska bol, ali u ime tu\u0111eg gu\u0161ta. Koji su sve problemi s time?<\/strong><\/p>\n<p>O: \u0160to Rome vi\u0161e boli, to vi\u0161e neromi u\u017eivaju u njihovoj muzici. \u0160aban Bajramovi\u0107 je tu va\u017ean primer, pa kolika je on zvezda, a njegova su iskustva bila stravi\u010dna. Pri\u010dao je kako su ga terali da deset kilometara pe\u0161a\u010di zato \u0161to se nekome na nekoj svadbi tako prohtelo. I to kako je na kraju zavr\u0161io u siroma\u0161tvu, bez ikakvog priznanja, spomenik u Ni\u0161u mu je stalno skrnavljen. Moj se deda bavio muzikom, terali su ga da se popne na drvo, s njega visi i svira. Kad sam istra\u017eivala o iskustvima Roma iz kafane, prona\u0161la sam da su gomilu Roma zapravo terali da pevaju s drveta, pa sam to u jednom radu i nazvala &#8220;slepi mi\u0161 pevanje&#8221;. Muzika je, s druge strane, za Rome bila i mnogo va\u017ean prostor slobode i komunikacije. Tu mislim na muziku koja se proizvodila na romskom, koja se obra\u0107ala romskom subjektu. Tu je za mene vrlo va\u017ena Vida Pavlovi\u0107 i <a href=\"https:\/\/romacanon.wordpress.com\/2022\/04\/17\/e-laute-basalen-taj-roven-roma-voices-of-sorrow\/\">o njenom radu sam pisala<\/a> kao o <em>blues<\/em> epistemologiji.<\/p>\n<p><strong>\u0160to vas trenutno najvi\u0161e zanima, \u010demu se u \u010ditanju i pisanju okre\u0107ete ovih dana?<\/strong><\/p>\n<p>Afri\u010dka teorija, filozofija i knji\u017eevnost. To mi je trenutno najinteresantnije i najbitnije, toj se produkciji znanja sve vi\u0161e okre\u0107em. Dosta prou\u010davam i oko Pokreta nesvrstanih, na\u0161la sam neke stvari preko <strong>Ane Sladojevi\u0107<\/strong> koja je bila kustoskinja u Muzeju afri\u010dke umetnosti ovde u Beogradu. Ta istorija nesvrstavanja je bela\u010dki isprana i za kritiku, ali jeste bolje od ovoga \u0161to dominira danas. Te stvari tek u\u010dim. Ro\u0111ena sam u Jugoslaviji, ali o toj istoriji znam jako malo, nikad nisam ose\u0107ala da pripadam ovoj zemlji.<\/p>\n<p><strong>Uvijek na kraju razgovora pitamo ljude \u0161to im daje nadu. I u Vide Pavlovi\u0107 ima nade da \u0107e bolji dani do\u0107i. Ima li kod vas nade na vidiku?<\/strong><\/p>\n<p>Moram re\u0107i da malo, zato \u0161to \u017eivim izvan svega, maltene nigde ne pripadam. Puno se u levim krugovima pri\u010da i o prijateljstvima, ali shvati\u0161 da je ve\u0107ina ljudi na kraju dana fokusirana na svoje partnere i familije. <em>Commonsa<\/em> su puna usta, ali malo toga se zajedni\u010dki i prijateljski \u017eivi i stvara. \u010covek brzo ispadne iz svih sistema podr\u0161ke. Mo\u017eda sam sad bar slobodnija od svih privida jednakosti i iluzije napretka kroz obrazovanje i aktivizam, ali ostaje mi egzistencijalni nemir. Ohrabri me i daje nadu kad otkrijem ljude koji se bave temama koje su mi bitne. Ne verujem u grandiozne spasila\u010dke geste, dr\u017ei me kad negde vidim da ima ljudskog razumevanja, brige i interesa. Kad ti netko od drugara skuha juhu kad si lo\u0161e. Kad netko \u017eeli podeliti znanje. Kad je netko otvoren i za svoje i za tu\u0111e gre\u0161ke. Kad s nekim razgovara\u0161 i do\u017eivite jedno drugo.<\/p>\n<p><em>pi\u0161e Ivana Peri\u0107<\/em><\/p>\n","protected":false},"excerpt":{"rendered":"<p>Od Romkinja se ne o\u010dekuje da se bave teorijom, akademijom. Ako si Rom, do kraja \u017eivota si ozna\u010den kao nedovoljno obrazovan i kompetentan. \u010cak i ja s dva mastera. To da \u0107e obrazovanje da re\u0161i sve probleme, velika je zabluda<\/p>\n","protected":false},"featured_media":2737,"template":"","tags":[29],"atribut":[],"class_list":["post-1331","nada","type-nada","status-publish","has-post-thumbnail","hentry","tag-intervju"],"acf":[],"yoast_head":"<!-- This site is optimized with the Yoast SEO plugin v27.4 - https:\/\/yoast.com\/product\/yoast-seo-wordpress\/ -->\n<title>Jelena Savi\u0107: Romkinje se svodi na uli\u010dni aktivizam - SDF - Srpski demokratski forum<\/title>\n<meta name=\"robots\" content=\"index, follow, max-snippet:-1, max-image-preview:large, max-video-preview:-1\" \/>\n<link rel=\"canonical\" href=\"https:\/\/sdf.hr\/hr\/nada\/jelena-savic-romkinje-se-svodi-na-ulicni-aktivizam\/\" \/>\n<meta property=\"og:locale\" content=\"hr_HR\" \/>\n<meta property=\"og:type\" content=\"article\" \/>\n<meta property=\"og:title\" content=\"Jelena Savi\u0107: Romkinje se svodi na uli\u010dni aktivizam - SDF - Srpski demokratski forum\" \/>\n<meta property=\"og:description\" content=\"Od Romkinja se ne o\u010dekuje da se bave teorijom, akademijom. Ako si Rom, do kraja \u017eivota si ozna\u010den kao nedovoljno obrazovan i kompetentan. \u010cak i ja s dva mastera. To da \u0107e obrazovanje da re\u0161i sve probleme, velika je zabluda\" \/>\n<meta property=\"og:url\" content=\"https:\/\/sdf.hr\/hr\/nada\/jelena-savic-romkinje-se-svodi-na-ulicni-aktivizam\/\" \/>\n<meta property=\"og:site_name\" content=\"SDF - Srpski demokratski forum\" \/>\n<meta property=\"article:modified_time\" content=\"2023-03-18T16:29:00+00:00\" \/>\n<meta property=\"og:image\" content=\"https:\/\/sdf.hr\/wp-content\/uploads\/2022\/11\/Savic2-1-scaled.jpg\" \/>\n\t<meta property=\"og:image:width\" content=\"2560\" \/>\n\t<meta property=\"og:image:height\" content=\"2270\" \/>\n\t<meta property=\"og:image:type\" content=\"image\/jpeg\" \/>\n<meta name=\"twitter:card\" content=\"summary_large_image\" \/>\n<meta name=\"twitter:label1\" content=\"Procijenjeno vrijeme \u010ditanja\" \/>\n\t<meta name=\"twitter:data1\" content=\"15 minuta\" \/>\n<script type=\"application\/ld+json\" class=\"yoast-schema-graph\">{\"@context\":\"https:\\\/\\\/schema.org\",\"@graph\":[{\"@type\":\"WebPage\",\"@id\":\"https:\\\/\\\/sdf.hr\\\/hr\\\/nada\\\/jelena-savic-romkinje-se-svodi-na-ulicni-aktivizam\\\/\",\"url\":\"https:\\\/\\\/sdf.hr\\\/hr\\\/nada\\\/jelena-savic-romkinje-se-svodi-na-ulicni-aktivizam\\\/\",\"name\":\"Jelena Savi\u0107: Romkinje se svodi na uli\u010dni aktivizam - SDF - Srpski demokratski forum\",\"isPartOf\":{\"@id\":\"https:\\\/\\\/sdf.hr\\\/#website\"},\"primaryImageOfPage\":{\"@id\":\"https:\\\/\\\/sdf.hr\\\/hr\\\/nada\\\/jelena-savic-romkinje-se-svodi-na-ulicni-aktivizam\\\/#primaryimage\"},\"image\":{\"@id\":\"https:\\\/\\\/sdf.hr\\\/hr\\\/nada\\\/jelena-savic-romkinje-se-svodi-na-ulicni-aktivizam\\\/#primaryimage\"},\"thumbnailUrl\":\"https:\\\/\\\/sdf.hr\\\/wp-content\\\/uploads\\\/2022\\\/11\\\/Savic2-1-scaled.jpg\",\"datePublished\":\"2022-11-06T12:53:24+00:00\",\"dateModified\":\"2023-03-18T16:29:00+00:00\",\"breadcrumb\":{\"@id\":\"https:\\\/\\\/sdf.hr\\\/hr\\\/nada\\\/jelena-savic-romkinje-se-svodi-na-ulicni-aktivizam\\\/#breadcrumb\"},\"inLanguage\":\"hr\",\"potentialAction\":[{\"@type\":\"ReadAction\",\"target\":[\"https:\\\/\\\/sdf.hr\\\/hr\\\/nada\\\/jelena-savic-romkinje-se-svodi-na-ulicni-aktivizam\\\/\"]}]},{\"@type\":\"ImageObject\",\"inLanguage\":\"hr\",\"@id\":\"https:\\\/\\\/sdf.hr\\\/hr\\\/nada\\\/jelena-savic-romkinje-se-svodi-na-ulicni-aktivizam\\\/#primaryimage\",\"url\":\"https:\\\/\\\/sdf.hr\\\/wp-content\\\/uploads\\\/2022\\\/11\\\/Savic2-1-scaled.jpg\",\"contentUrl\":\"https:\\\/\\\/sdf.hr\\\/wp-content\\\/uploads\\\/2022\\\/11\\\/Savic2-1-scaled.jpg\",\"width\":2560,\"height\":2270},{\"@type\":\"BreadcrumbList\",\"@id\":\"https:\\\/\\\/sdf.hr\\\/hr\\\/nada\\\/jelena-savic-romkinje-se-svodi-na-ulicni-aktivizam\\\/#breadcrumb\",\"itemListElement\":[{\"@type\":\"ListItem\",\"position\":1,\"name\":\"Po\u010detna stranica\",\"item\":\"https:\\\/\\\/sdf.hr\\\/hr\\\/\"},{\"@type\":\"ListItem\",\"position\":2,\"name\":\"Nada\",\"item\":\"https:\\\/\\\/sdf.hr\\\/nada\\\/\"},{\"@type\":\"ListItem\",\"position\":3,\"name\":\"Jelena Savi\u0107: Romkinje se svodi na uli\u010dni aktivizam\"}]},{\"@type\":\"WebSite\",\"@id\":\"https:\\\/\\\/sdf.hr\\\/#website\",\"url\":\"https:\\\/\\\/sdf.hr\\\/\",\"name\":\"SDF - Srpski demokratski forum\",\"description\":\"Srpski demokratski forum\",\"publisher\":{\"@id\":\"https:\\\/\\\/sdf.hr\\\/#organization\"},\"potentialAction\":[{\"@type\":\"SearchAction\",\"target\":{\"@type\":\"EntryPoint\",\"urlTemplate\":\"https:\\\/\\\/sdf.hr\\\/?s={search_term_string}\"},\"query-input\":{\"@type\":\"PropertyValueSpecification\",\"valueRequired\":true,\"valueName\":\"search_term_string\"}}],\"inLanguage\":\"hr\"},{\"@type\":\"Organization\",\"@id\":\"https:\\\/\\\/sdf.hr\\\/#organization\",\"name\":\"SDF - Srpski demokratski forum\",\"url\":\"https:\\\/\\\/sdf.hr\\\/\",\"logo\":{\"@type\":\"ImageObject\",\"inLanguage\":\"hr\",\"@id\":\"https:\\\/\\\/sdf.hr\\\/#\\\/schema\\\/logo\\\/image\\\/\",\"url\":\"https:\\\/\\\/sdf.hr\\\/wp-content\\\/uploads\\\/2021\\\/07\\\/logo-hr.svg\",\"contentUrl\":\"https:\\\/\\\/sdf.hr\\\/wp-content\\\/uploads\\\/2021\\\/07\\\/logo-hr.svg\",\"width\":271,\"height\":100,\"caption\":\"SDF - Srpski demokratski forum\"},\"image\":{\"@id\":\"https:\\\/\\\/sdf.hr\\\/#\\\/schema\\\/logo\\\/image\\\/\"}}]}<\/script>\n<!-- \/ Yoast SEO plugin. -->","yoast_head_json":{"title":"Jelena Savi\u0107: Romkinje se svodi na uli\u010dni aktivizam - SDF - Srpski demokratski forum","robots":{"index":"index","follow":"follow","max-snippet":"max-snippet:-1","max-image-preview":"max-image-preview:large","max-video-preview":"max-video-preview:-1"},"canonical":"https:\/\/sdf.hr\/hr\/nada\/jelena-savic-romkinje-se-svodi-na-ulicni-aktivizam\/","og_locale":"hr_HR","og_type":"article","og_title":"Jelena Savi\u0107: Romkinje se svodi na uli\u010dni aktivizam - SDF - Srpski demokratski forum","og_description":"Od Romkinja se ne o\u010dekuje da se bave teorijom, akademijom. Ako si Rom, do kraja \u017eivota si ozna\u010den kao nedovoljno obrazovan i kompetentan. \u010cak i ja s dva mastera. To da \u0107e obrazovanje da re\u0161i sve probleme, velika je zabluda","og_url":"https:\/\/sdf.hr\/hr\/nada\/jelena-savic-romkinje-se-svodi-na-ulicni-aktivizam\/","og_site_name":"SDF - Srpski demokratski forum","article_modified_time":"2023-03-18T16:29:00+00:00","og_image":[{"width":2560,"height":2270,"url":"https:\/\/sdf.hr\/wp-content\/uploads\/2022\/11\/Savic2-1-scaled.jpg","type":"image\/jpeg"}],"twitter_card":"summary_large_image","twitter_misc":{"Procijenjeno vrijeme \u010ditanja":"15 minuta"},"schema":{"@context":"https:\/\/schema.org","@graph":[{"@type":"WebPage","@id":"https:\/\/sdf.hr\/hr\/nada\/jelena-savic-romkinje-se-svodi-na-ulicni-aktivizam\/","url":"https:\/\/sdf.hr\/hr\/nada\/jelena-savic-romkinje-se-svodi-na-ulicni-aktivizam\/","name":"Jelena Savi\u0107: Romkinje se svodi na uli\u010dni aktivizam - SDF - Srpski demokratski forum","isPartOf":{"@id":"https:\/\/sdf.hr\/#website"},"primaryImageOfPage":{"@id":"https:\/\/sdf.hr\/hr\/nada\/jelena-savic-romkinje-se-svodi-na-ulicni-aktivizam\/#primaryimage"},"image":{"@id":"https:\/\/sdf.hr\/hr\/nada\/jelena-savic-romkinje-se-svodi-na-ulicni-aktivizam\/#primaryimage"},"thumbnailUrl":"https:\/\/sdf.hr\/wp-content\/uploads\/2022\/11\/Savic2-1-scaled.jpg","datePublished":"2022-11-06T12:53:24+00:00","dateModified":"2023-03-18T16:29:00+00:00","breadcrumb":{"@id":"https:\/\/sdf.hr\/hr\/nada\/jelena-savic-romkinje-se-svodi-na-ulicni-aktivizam\/#breadcrumb"},"inLanguage":"hr","potentialAction":[{"@type":"ReadAction","target":["https:\/\/sdf.hr\/hr\/nada\/jelena-savic-romkinje-se-svodi-na-ulicni-aktivizam\/"]}]},{"@type":"ImageObject","inLanguage":"hr","@id":"https:\/\/sdf.hr\/hr\/nada\/jelena-savic-romkinje-se-svodi-na-ulicni-aktivizam\/#primaryimage","url":"https:\/\/sdf.hr\/wp-content\/uploads\/2022\/11\/Savic2-1-scaled.jpg","contentUrl":"https:\/\/sdf.hr\/wp-content\/uploads\/2022\/11\/Savic2-1-scaled.jpg","width":2560,"height":2270},{"@type":"BreadcrumbList","@id":"https:\/\/sdf.hr\/hr\/nada\/jelena-savic-romkinje-se-svodi-na-ulicni-aktivizam\/#breadcrumb","itemListElement":[{"@type":"ListItem","position":1,"name":"Po\u010detna stranica","item":"https:\/\/sdf.hr\/hr\/"},{"@type":"ListItem","position":2,"name":"Nada","item":"https:\/\/sdf.hr\/nada\/"},{"@type":"ListItem","position":3,"name":"Jelena Savi\u0107: Romkinje se svodi na uli\u010dni aktivizam"}]},{"@type":"WebSite","@id":"https:\/\/sdf.hr\/#website","url":"https:\/\/sdf.hr\/","name":"SDF - Srpski demokratski forum","description":"Srpski demokratski forum","publisher":{"@id":"https:\/\/sdf.hr\/#organization"},"potentialAction":[{"@type":"SearchAction","target":{"@type":"EntryPoint","urlTemplate":"https:\/\/sdf.hr\/?s={search_term_string}"},"query-input":{"@type":"PropertyValueSpecification","valueRequired":true,"valueName":"search_term_string"}}],"inLanguage":"hr"},{"@type":"Organization","@id":"https:\/\/sdf.hr\/#organization","name":"SDF - Srpski demokratski forum","url":"https:\/\/sdf.hr\/","logo":{"@type":"ImageObject","inLanguage":"hr","@id":"https:\/\/sdf.hr\/#\/schema\/logo\/image\/","url":"https:\/\/sdf.hr\/wp-content\/uploads\/2021\/07\/logo-hr.svg","contentUrl":"https:\/\/sdf.hr\/wp-content\/uploads\/2021\/07\/logo-hr.svg","width":271,"height":100,"caption":"SDF - Srpski demokratski forum"},"image":{"@id":"https:\/\/sdf.hr\/#\/schema\/logo\/image\/"}}]}},"_links":{"self":[{"href":"https:\/\/sdf.hr\/hr\/wp-json\/wp\/v2\/nada\/1331","targetHints":{"allow":["GET"]}}],"collection":[{"href":"https:\/\/sdf.hr\/hr\/wp-json\/wp\/v2\/nada"}],"about":[{"href":"https:\/\/sdf.hr\/hr\/wp-json\/wp\/v2\/types\/nada"}],"wp:featuredmedia":[{"embeddable":true,"href":"https:\/\/sdf.hr\/hr\/wp-json\/wp\/v2\/media\/2737"}],"wp:attachment":[{"href":"https:\/\/sdf.hr\/hr\/wp-json\/wp\/v2\/media?parent=1331"}],"wp:term":[{"taxonomy":"post_tag","embeddable":true,"href":"https:\/\/sdf.hr\/hr\/wp-json\/wp\/v2\/tags?post=1331"},{"taxonomy":"atribut","embeddable":true,"href":"https:\/\/sdf.hr\/hr\/wp-json\/wp\/v2\/atribut?post=1331"}],"curies":[{"name":"wp","href":"https:\/\/api.w.org\/{rel}","templated":true}]}}