{"id":1340,"date":"2022-11-06T14:04:27","date_gmt":"2022-11-06T13:04:27","guid":{"rendered":"https:\/\/sdf.hr\/?post_type=nada&#038;p=1340"},"modified":"2023-03-18T17:21:21","modified_gmt":"2023-03-18T16:21:21","slug":"u-ritmu-solidarnosti","status":"publish","type":"nada","link":"https:\/\/sdf.hr\/hr\/nada\/u-ritmu-solidarnosti\/","title":{"rendered":"U ritmu solidarnosti"},"content":{"rendered":"<p>Dok na ve\u0107ini plesnih podija doma\u0107ih no\u0107nih klubova s nama jo\u0161 uvijek ple\u0161e solidna doza homofobije, seksizma i transfobije, dr\u017ee\u0107i nas sve na oprezu, na zagreba\u010dkoj LGBTIQ sceni razvija se supkultura koja ple\u0161e u ritmu solidarnosti i jednakosti. O <em>vogue<\/em> balovima, plesnim natjecanjima koja okupljaju LGBTIQ zajednicu i ujedno su najljep\u0161i i najzabavniji izlasci koje sam iskusila u Zagrebu zadnjih godinu dana, razgovaramo s njihovim organizatorom, <em>vogue<\/em> plesa\u010dem i sveu\u010dili\u0161nim profesorom Borisom Vrdoljakom.<\/p>\n<p>Da bismo razumjeli \u0161to je <em>vogue<\/em>, vra\u0107amo se pedesetak godina natrag u povijest, u plesne dvorane njujor\u0161kog Harlema, gdje se 1970-ih i 1980-ih, unutar afro i latinoameri\u010dke LGBTIQ zajednice, rodila <em>ballroom<\/em> kultura.<\/p>\n<p>\u2014 \u0160ezdesetih su organizirana natjecanja ljepote za <em>drag<\/em> umjetnike na kojima se, iako su bila uklju\u010diva za crnce, osje\u0107ao rasizam. Bijelci su uvijek bili u ulogama sudaca i osvajali nagrade. Krajem \u0161ezdesetih su Crystal LaBeija i drugi crni <em>drag<\/em> umjetnici odlu\u010dili organizirati svoja natjecanja iz kojih se razvio <em>ballroom<\/em>. To je bio siguran prostor za afro i latinoameri\u010dku LGBTIQ zajednicu \u2013 obja\u0161njava Vrdoljak.<\/p>\n<p>Ubrzo su se po\u010dele razvijati plesne kategorije natjecanja, me\u0111u kojima i <em>vogue <\/em>ples koji je kopirao poze modela iz istoimenog \u010dasopisa, ali i sa staroegipatskih slika i vojnih parada.<\/p>\n<p>\u2014 Taj stil plesa zovemo <em>old way<\/em>. Nakon \u0161to su do\u0161li plesa\u010di sa zavr\u0161enom plesnom edukacijom, koji su bili fleksibilniji i radili zahtjevnije figure tijelom, razvio se <em>new way<\/em>. Po\u010detkom 1990-ih transrodne \u017eene u <em>vogue<\/em> unose \u017eenstvenije pokrete i tzv. <em>vogue femme<\/em> stil. Ta tri glavna stila se i dalje razvijaju \u2013 dodaje na\u0161 sugovornik.<\/p>\n<p>Da su po\u010deci <em>ballrooma<\/em> u potpunosti ukorijenjeni u potrebe crne i latino LGBTIQ zajednice za sigurnim prostorom, govori nam i \u010dinjenica da su va\u017enu ulogu imale takozvane ku\u0107e. One su okupljale <em>voguere<\/em> u timove, a bile su puno va\u017enije od klasi\u010dnih plesnih skupina. Boris obja\u0161njava njihov tada\u0161nji zna\u010daj:<\/p>\n<p>\u2014 Ku\u0107e su imale dvojaku ulogu za zajednicu \u2013 plesnog tima koji se natjecao za trofeje, ali i obitelji. Mnogi pripadnici LGBTIQ latino i afroameri\u010dke zajednice izbacivani su iz roditeljskih ku\u0107a jer su bili gej ili trans. <em>Ballroom<\/em> ku\u0107e su postajale njihove obitelji.<\/p>\n<p>Upravo radi sigurnosti, u ranim danima <em>ballrooma<\/em> se razvijao <em>underground<\/em>, daleko od o\u010diju onih koji nisu dio zajednice. Boris govori kako su se balovi polako \u0161irili van skrivenih dvorana, a <em>vogue<\/em> dolazio u doticaj s drugim plesnim kulturama:<\/p>\n<p>&#8211; Balovi su isprva organizirani u iznajmljenim dvoranama kasno nave\u010der, a ljudi su za njih saznavali jedni od drugih. Kasnije se \u0161ire na Baltimore, Washington, Atlantu. U osamdesetima se ljeti plesalo na njujor\u0161kim dokovima. <em>Vogue<\/em> i <em>break dance<\/em> su, recimo, imali puno me\u0111usobnog utjecaja jer su koegzistirali na ulici. <em>Vogue<\/em> se tada po\u010deo plesati i po nekim klubovima New Yorka, gdje ga je zapazila i Madonna.<\/p>\n<p>Istoimeni planetarni hit Madonne iz 1990. je uveo <em>vogue<\/em> u pop kulturu i predstavio ga naj\u0161iroj publici.<\/p>\n<p>\u2014 <em>Vogue<\/em> je tada postao stvarno poznat. Neki od plesa\u010da dobili su priliku da ga podu\u010davaju u plesnim \u0161kolama. Me\u0111utim, pitanje je koliko je publika znala njegovo porijeklo. I danas je u plesnom <em>mainstreamu <\/em>dosta toga preuzeto iz <em>voguea<\/em> bez razumijevanja njegove povijesti \u2013 ka\u017ee Vrdoljak.<\/p>\n<p>Iz harlemskih dvorana 1980-ih, preko <em>mainstream<\/em> popa putujemo nazad u Zagreb, u kojem su prije osam godina Boris i njegovi kolege zaplesali prve <em>vogue <\/em>korake i polako po\u010deli graditi doma\u0107u <em>ballroom<\/em> kulturu.<\/p>\n<figure id=\"attachment_2726\" aria-describedby=\"caption-attachment-2726\" style=\"width: 2560px\" class=\"wp-caption alignnone\"><img loading=\"lazy\" decoding=\"async\" class=\"wp-image-2726 size-full\" src=\"https:\/\/sdf.hr\/wp-content\/uploads\/2022\/11\/Vogue1_Timy-Sarec-1-scaled.jpeg\" alt=\"\" width=\"2560\" height=\"1707\" srcset=\"https:\/\/sdf.hr\/wp-content\/uploads\/2022\/11\/Vogue1_Timy-Sarec-1-scaled.jpeg 2560w, https:\/\/sdf.hr\/wp-content\/uploads\/2022\/11\/Vogue1_Timy-Sarec-1-300x200.jpeg 300w, https:\/\/sdf.hr\/wp-content\/uploads\/2022\/11\/Vogue1_Timy-Sarec-1-1024x683.jpeg 1024w, https:\/\/sdf.hr\/wp-content\/uploads\/2022\/11\/Vogue1_Timy-Sarec-1-768x512.jpeg 768w, https:\/\/sdf.hr\/wp-content\/uploads\/2022\/11\/Vogue1_Timy-Sarec-1-1536x1024.jpeg 1536w, https:\/\/sdf.hr\/wp-content\/uploads\/2022\/11\/Vogue1_Timy-Sarec-1-2048x1365.jpeg 2048w\" sizes=\"auto, (max-width: 2560px) 100vw, 2560px\" \/><figcaption id=\"caption-attachment-2726\" class=\"wp-caption-text\">Foto: Timy \u0160arec<\/figcaption><\/figure>\n<p>\u2014 <em>Voguer<\/em> Aviance Tisci je 2014. na poziv plesne \u0161kole Funkadelik odr\u017eao dvije radionice u Zagrebu. Nakon toga smo Zvonimir Arapovi\u0107 i ja oti\u0161li u Berlin na <em>vogue <\/em>festival, a kasnije je s nama i\u0161la i Mateja Mikovi\u0107. Danima smo bili na radionicama, panelima i gledali velike balove. Odlazili smo i u druge gradove, nau\u010dili korake, po\u010deli se natjecati pa i voditi radionice \u2013 dodaje Vrdoljak.<\/p>\n<p>Prvi zagreba\u010dki bal organizirali su 2018. godine u klubu Mo\u010dvara zajedno s <em>drag<\/em> kolektivom House of Flamingo. Od tada ih rade svake godine, a u zadnjih godinu dana odr\u017ealo se \u010dak pet balova, na kojima smo bili i mi, prate\u0107i ubrzani rast publike i entuzijazma na sceni. Boris ukratko obja\u0161njava kako je do\u0161lo do toga da se danas za svaki bal tra\u017ei karta vi\u0161e:<\/p>\n<p>\u2014 Na po\u010detku je na balovima bio mali broj ljudi, ali je on stalno rastao. Mateja i Zvonimir su vodili puno plesnih satova, povremeno i ja, ali i Valentina Pand\u017ei\u0107. Ona je prva osoba odavde koja je u\u0161la u me\u0111unarodnu <em>major<\/em> ku\u0107u Elle i pomogla nam organizirati neke balove. Sve vi\u0161e ljudi je u\u010dilo, i\u0161li smo u Budimpe\u0161tu, Bratislavu. Drago mi je da ima publike, ali i da ona razumije \u0161to se tu doga\u0111a.<\/p>\n<p><em>Vogue<\/em> balovi, naime, imaju specifi\u010dnu strukturu, u kojoj sudjeluju i natjecatelji i publika. Po\u010detak bala se zove <em>Legends, statements &amp; stars<\/em> i on je prilika da se predstave i ple\u0161u poznatiji predstavnici <em>vogue<\/em> scene. Nakon toga kre\u0107e natjecanje, koje je podijeljeno u razli\u010dite kategorije, a o pobjednicima odlu\u010duju suci, naj\u010de\u0161\u0107e gostuju\u0107i <em>vogueri<\/em> iz drugih zemalja. Osim ve\u0107 spomenutih plesnih kategorija, Boris nam nabraja i razne druge: <em>hands performance<\/em> i <em>arms control<\/em> u kojima je naglasak na pokretima rukama, modna kategorija <em>runway<\/em> koja se bazira na manekenskom hodu, <em>bizzare<\/em> u kojoj je potrebno zadiviti neobi\u010dnim autfitom, kategorije ljepote <em>face<\/em> i <em>body<\/em>, u kojima se ne ocjenjuju samo fit tijela, nego se promi\u010de tzv. <em>body positivity<\/em>. Svaki bal ili kategorija obi\u010dno imaju poseban <em>dresscode<\/em>, temu kojom se potrebno inspirirati u izboru odje\u0107e. Kategorije mogu biti otvorene za sve rodne identitete, ali nekada su otvorene samo za odre\u0111ene, \u0161to je osobito va\u017eno u tzv. <em>realness <\/em>kategorijama.<\/p>\n<p>\u2014 Gej mu\u0161karac treba izgledati \u0161to vi\u0161e <em>straight<\/em>, a u <em>femme queen realness<\/em> kategoriji bi trans \u017eene trebale izgledati \u0161to vi\u0161e kao cis \u017eene. Ove kategorije imaju korijen u osamdesetima kada je bilo opasno na ulici pokazati svoj identitet. Bilo je jako va\u017eno &#8220;pro\u0107i&#8221; kao <em>straight<\/em> ili cis osoba radi vlastite sigurnosti. <em>Realness<\/em> kategorije su na balovima slu\u017eile kao priprema za stvarni \u017eivot, da mo\u017ee\u0161 &#8220;pro\u0107i&#8221; bez da bude\u0161 fizi\u010dki napadnut \u2013 obja\u0161njava Boris.<\/p>\n<p>Osim natjecatelja i sudaca, va\u017enu ulogu na balu imaju DJ i MC koji vode bal, ali i publika koja plesa\u010dima i plesa\u010dicama vra\u0107a nazad pozitivnu energiju.<\/p>\n<p>\u2014 Balovi nisu teatar da samo gledamo i na kraju plje\u0161\u0107emo, nego je \u017eivo i svi sudjeluju. Nakon natjecanja, po\u010dinje parti i svi zajedno ple\u0161emo \u2013 govori Boris.<\/p>\n<p>Iako bal obi\u010dno zavr\u0161i tulumom, va\u017eno je iznova podsje\u0107ati da <em>vogue<\/em> nije samo ples nego ima va\u017enu ulogu za LGBTIQ zajednicu.<\/p>\n<p>\u2014 Va\u017eno nam je da po\u0161tujemo povijest i principe <em>ballrooma<\/em>. I kod nas je danas to siguran prostor za kvir i gej ljude koji mo\u017eda doma, u svojoj obitelji nisu aut. Na balu se osje\u0107aju sigurno i mogu se izraziti kako \u017eele \u2013 podcrtava Boris Vrdoljak.<\/p>\n<p>Zbog toga se u najavama zagreba\u010dkih balova isti\u010de da na njima nema mjesta homofobiji, transfobiji ili rasizmu. Oni kvare svaki ritam, uni\u0161tavaju svaku zabavu i truju svaki plesni podij. <em>Vogue<\/em> i <em>ballroom<\/em> pokazuju nam da se najbolje i najstrastvenije ple\u0161e kad iz zvu\u010dnika, osim glasne muzike, tre\u0161ti i beskompromisna solidarnost.<\/p>\n<p><em>pi\u0161e Dunja Ku\u010dinac<\/em><\/p>\n","protected":false},"excerpt":{"rendered":"<p>Dok je ve\u0107ina plesnih podija zatrovana homofobijom, seksizmom i rasizmom, na LGBTIQ sceni razvija se plesna supkultura vogue balova. &#8220;To je siguran prostor za sve kvir i gej ljude u kojem se mogu izraziti kako god \u017eele&#8221;, govori Boris Vrdoljak<\/p>\n","protected":false},"featured_media":2728,"template":"","tags":[130],"atribut":[],"class_list":["post-1340","nada","type-nada","status-publish","has-post-thumbnail","hentry","tag-tema"],"acf":[],"yoast_head":"<!-- This site is optimized with the Yoast SEO plugin v27.4 - https:\/\/yoast.com\/product\/yoast-seo-wordpress\/ -->\n<title>U ritmu solidarnosti - SDF - Srpski demokratski forum<\/title>\n<meta name=\"robots\" content=\"index, follow, max-snippet:-1, max-image-preview:large, max-video-preview:-1\" \/>\n<link rel=\"canonical\" href=\"https:\/\/sdf.hr\/hr\/nada\/u-ritmu-solidarnosti\/\" \/>\n<meta property=\"og:locale\" content=\"hr_HR\" \/>\n<meta property=\"og:type\" content=\"article\" \/>\n<meta property=\"og:title\" content=\"U ritmu solidarnosti - SDF - Srpski demokratski forum\" \/>\n<meta property=\"og:description\" content=\"Dok je ve\u0107ina plesnih podija zatrovana homofobijom, seksizmom i rasizmom, na LGBTIQ sceni razvija se plesna supkultura vogue balova. &quot;To je siguran prostor za sve kvir i gej ljude u kojem se mogu izraziti kako god \u017eele&quot;, govori Boris Vrdoljak\" \/>\n<meta property=\"og:url\" content=\"https:\/\/sdf.hr\/hr\/nada\/u-ritmu-solidarnosti\/\" \/>\n<meta property=\"og:site_name\" content=\"SDF - Srpski demokratski forum\" \/>\n<meta property=\"article:modified_time\" content=\"2023-03-18T16:21:21+00:00\" \/>\n<meta property=\"og:image\" content=\"https:\/\/sdf.hr\/wp-content\/uploads\/2022\/11\/Vogue2_Privatna-arhiva-1.jpg\" \/>\n\t<meta property=\"og:image:width\" content=\"2048\" \/>\n\t<meta property=\"og:image:height\" content=\"1365\" \/>\n\t<meta property=\"og:image:type\" content=\"image\/jpeg\" \/>\n<meta name=\"twitter:card\" content=\"summary_large_image\" \/>\n<meta name=\"twitter:label1\" content=\"Procijenjeno vrijeme \u010ditanja\" \/>\n\t<meta name=\"twitter:data1\" content=\"6 minuta\" \/>\n<script type=\"application\/ld+json\" class=\"yoast-schema-graph\">{\"@context\":\"https:\\\/\\\/schema.org\",\"@graph\":[{\"@type\":\"WebPage\",\"@id\":\"https:\\\/\\\/sdf.hr\\\/hr\\\/nada\\\/u-ritmu-solidarnosti\\\/\",\"url\":\"https:\\\/\\\/sdf.hr\\\/hr\\\/nada\\\/u-ritmu-solidarnosti\\\/\",\"name\":\"U ritmu solidarnosti - SDF - Srpski demokratski forum\",\"isPartOf\":{\"@id\":\"https:\\\/\\\/sdf.hr\\\/#website\"},\"primaryImageOfPage\":{\"@id\":\"https:\\\/\\\/sdf.hr\\\/hr\\\/nada\\\/u-ritmu-solidarnosti\\\/#primaryimage\"},\"image\":{\"@id\":\"https:\\\/\\\/sdf.hr\\\/hr\\\/nada\\\/u-ritmu-solidarnosti\\\/#primaryimage\"},\"thumbnailUrl\":\"https:\\\/\\\/sdf.hr\\\/wp-content\\\/uploads\\\/2022\\\/11\\\/Vogue2_Privatna-arhiva-1.jpg\",\"datePublished\":\"2022-11-06T13:04:27+00:00\",\"dateModified\":\"2023-03-18T16:21:21+00:00\",\"breadcrumb\":{\"@id\":\"https:\\\/\\\/sdf.hr\\\/hr\\\/nada\\\/u-ritmu-solidarnosti\\\/#breadcrumb\"},\"inLanguage\":\"hr\",\"potentialAction\":[{\"@type\":\"ReadAction\",\"target\":[\"https:\\\/\\\/sdf.hr\\\/hr\\\/nada\\\/u-ritmu-solidarnosti\\\/\"]}]},{\"@type\":\"ImageObject\",\"inLanguage\":\"hr\",\"@id\":\"https:\\\/\\\/sdf.hr\\\/hr\\\/nada\\\/u-ritmu-solidarnosti\\\/#primaryimage\",\"url\":\"https:\\\/\\\/sdf.hr\\\/wp-content\\\/uploads\\\/2022\\\/11\\\/Vogue2_Privatna-arhiva-1.jpg\",\"contentUrl\":\"https:\\\/\\\/sdf.hr\\\/wp-content\\\/uploads\\\/2022\\\/11\\\/Vogue2_Privatna-arhiva-1.jpg\",\"width\":2048,\"height\":1365,\"caption\":\"Ni\u0161ta bez energije publike \u2013 Boris Vrdoljak (Foto: Privatna arhiva)\"},{\"@type\":\"BreadcrumbList\",\"@id\":\"https:\\\/\\\/sdf.hr\\\/hr\\\/nada\\\/u-ritmu-solidarnosti\\\/#breadcrumb\",\"itemListElement\":[{\"@type\":\"ListItem\",\"position\":1,\"name\":\"Po\u010detna stranica\",\"item\":\"https:\\\/\\\/sdf.hr\\\/hr\\\/\"},{\"@type\":\"ListItem\",\"position\":2,\"name\":\"Nada\",\"item\":\"https:\\\/\\\/sdf.hr\\\/nada\\\/\"},{\"@type\":\"ListItem\",\"position\":3,\"name\":\"U ritmu solidarnosti\"}]},{\"@type\":\"WebSite\",\"@id\":\"https:\\\/\\\/sdf.hr\\\/#website\",\"url\":\"https:\\\/\\\/sdf.hr\\\/\",\"name\":\"SDF - Srpski demokratski forum\",\"description\":\"Srpski demokratski forum\",\"publisher\":{\"@id\":\"https:\\\/\\\/sdf.hr\\\/#organization\"},\"potentialAction\":[{\"@type\":\"SearchAction\",\"target\":{\"@type\":\"EntryPoint\",\"urlTemplate\":\"https:\\\/\\\/sdf.hr\\\/?s={search_term_string}\"},\"query-input\":{\"@type\":\"PropertyValueSpecification\",\"valueRequired\":true,\"valueName\":\"search_term_string\"}}],\"inLanguage\":\"hr\"},{\"@type\":\"Organization\",\"@id\":\"https:\\\/\\\/sdf.hr\\\/#organization\",\"name\":\"SDF - Srpski demokratski forum\",\"url\":\"https:\\\/\\\/sdf.hr\\\/\",\"logo\":{\"@type\":\"ImageObject\",\"inLanguage\":\"hr\",\"@id\":\"https:\\\/\\\/sdf.hr\\\/#\\\/schema\\\/logo\\\/image\\\/\",\"url\":\"https:\\\/\\\/sdf.hr\\\/wp-content\\\/uploads\\\/2021\\\/07\\\/logo-hr.svg\",\"contentUrl\":\"https:\\\/\\\/sdf.hr\\\/wp-content\\\/uploads\\\/2021\\\/07\\\/logo-hr.svg\",\"width\":271,\"height\":100,\"caption\":\"SDF - Srpski demokratski forum\"},\"image\":{\"@id\":\"https:\\\/\\\/sdf.hr\\\/#\\\/schema\\\/logo\\\/image\\\/\"}}]}<\/script>\n<!-- \/ Yoast SEO plugin. -->","yoast_head_json":{"title":"U ritmu solidarnosti - SDF - Srpski demokratski forum","robots":{"index":"index","follow":"follow","max-snippet":"max-snippet:-1","max-image-preview":"max-image-preview:large","max-video-preview":"max-video-preview:-1"},"canonical":"https:\/\/sdf.hr\/hr\/nada\/u-ritmu-solidarnosti\/","og_locale":"hr_HR","og_type":"article","og_title":"U ritmu solidarnosti - SDF - Srpski demokratski forum","og_description":"Dok je ve\u0107ina plesnih podija zatrovana homofobijom, seksizmom i rasizmom, na LGBTIQ sceni razvija se plesna supkultura vogue balova. \"To je siguran prostor za sve kvir i gej ljude u kojem se mogu izraziti kako god \u017eele\", govori Boris Vrdoljak","og_url":"https:\/\/sdf.hr\/hr\/nada\/u-ritmu-solidarnosti\/","og_site_name":"SDF - Srpski demokratski forum","article_modified_time":"2023-03-18T16:21:21+00:00","og_image":[{"width":2048,"height":1365,"url":"https:\/\/sdf.hr\/wp-content\/uploads\/2022\/11\/Vogue2_Privatna-arhiva-1.jpg","type":"image\/jpeg"}],"twitter_card":"summary_large_image","twitter_misc":{"Procijenjeno vrijeme \u010ditanja":"6 minuta"},"schema":{"@context":"https:\/\/schema.org","@graph":[{"@type":"WebPage","@id":"https:\/\/sdf.hr\/hr\/nada\/u-ritmu-solidarnosti\/","url":"https:\/\/sdf.hr\/hr\/nada\/u-ritmu-solidarnosti\/","name":"U ritmu solidarnosti - SDF - Srpski demokratski forum","isPartOf":{"@id":"https:\/\/sdf.hr\/#website"},"primaryImageOfPage":{"@id":"https:\/\/sdf.hr\/hr\/nada\/u-ritmu-solidarnosti\/#primaryimage"},"image":{"@id":"https:\/\/sdf.hr\/hr\/nada\/u-ritmu-solidarnosti\/#primaryimage"},"thumbnailUrl":"https:\/\/sdf.hr\/wp-content\/uploads\/2022\/11\/Vogue2_Privatna-arhiva-1.jpg","datePublished":"2022-11-06T13:04:27+00:00","dateModified":"2023-03-18T16:21:21+00:00","breadcrumb":{"@id":"https:\/\/sdf.hr\/hr\/nada\/u-ritmu-solidarnosti\/#breadcrumb"},"inLanguage":"hr","potentialAction":[{"@type":"ReadAction","target":["https:\/\/sdf.hr\/hr\/nada\/u-ritmu-solidarnosti\/"]}]},{"@type":"ImageObject","inLanguage":"hr","@id":"https:\/\/sdf.hr\/hr\/nada\/u-ritmu-solidarnosti\/#primaryimage","url":"https:\/\/sdf.hr\/wp-content\/uploads\/2022\/11\/Vogue2_Privatna-arhiva-1.jpg","contentUrl":"https:\/\/sdf.hr\/wp-content\/uploads\/2022\/11\/Vogue2_Privatna-arhiva-1.jpg","width":2048,"height":1365,"caption":"Ni\u0161ta bez energije publike \u2013 Boris Vrdoljak (Foto: Privatna arhiva)"},{"@type":"BreadcrumbList","@id":"https:\/\/sdf.hr\/hr\/nada\/u-ritmu-solidarnosti\/#breadcrumb","itemListElement":[{"@type":"ListItem","position":1,"name":"Po\u010detna stranica","item":"https:\/\/sdf.hr\/hr\/"},{"@type":"ListItem","position":2,"name":"Nada","item":"https:\/\/sdf.hr\/nada\/"},{"@type":"ListItem","position":3,"name":"U ritmu solidarnosti"}]},{"@type":"WebSite","@id":"https:\/\/sdf.hr\/#website","url":"https:\/\/sdf.hr\/","name":"SDF - Srpski demokratski forum","description":"Srpski demokratski forum","publisher":{"@id":"https:\/\/sdf.hr\/#organization"},"potentialAction":[{"@type":"SearchAction","target":{"@type":"EntryPoint","urlTemplate":"https:\/\/sdf.hr\/?s={search_term_string}"},"query-input":{"@type":"PropertyValueSpecification","valueRequired":true,"valueName":"search_term_string"}}],"inLanguage":"hr"},{"@type":"Organization","@id":"https:\/\/sdf.hr\/#organization","name":"SDF - Srpski demokratski forum","url":"https:\/\/sdf.hr\/","logo":{"@type":"ImageObject","inLanguage":"hr","@id":"https:\/\/sdf.hr\/#\/schema\/logo\/image\/","url":"https:\/\/sdf.hr\/wp-content\/uploads\/2021\/07\/logo-hr.svg","contentUrl":"https:\/\/sdf.hr\/wp-content\/uploads\/2021\/07\/logo-hr.svg","width":271,"height":100,"caption":"SDF - Srpski demokratski forum"},"image":{"@id":"https:\/\/sdf.hr\/#\/schema\/logo\/image\/"}}]}},"_links":{"self":[{"href":"https:\/\/sdf.hr\/hr\/wp-json\/wp\/v2\/nada\/1340","targetHints":{"allow":["GET"]}}],"collection":[{"href":"https:\/\/sdf.hr\/hr\/wp-json\/wp\/v2\/nada"}],"about":[{"href":"https:\/\/sdf.hr\/hr\/wp-json\/wp\/v2\/types\/nada"}],"wp:featuredmedia":[{"embeddable":true,"href":"https:\/\/sdf.hr\/hr\/wp-json\/wp\/v2\/media\/2728"}],"wp:attachment":[{"href":"https:\/\/sdf.hr\/hr\/wp-json\/wp\/v2\/media?parent=1340"}],"wp:term":[{"taxonomy":"post_tag","embeddable":true,"href":"https:\/\/sdf.hr\/hr\/wp-json\/wp\/v2\/tags?post=1340"},{"taxonomy":"atribut","embeddable":true,"href":"https:\/\/sdf.hr\/hr\/wp-json\/wp\/v2\/atribut?post=1340"}],"curies":[{"name":"wp","href":"https:\/\/api.w.org\/{rel}","templated":true}]}}