{"id":1384,"date":"2022-11-11T11:44:27","date_gmt":"2022-11-11T10:44:27","guid":{"rendered":"https:\/\/sdf.hr\/?post_type=nada&#038;p=1384"},"modified":"2023-03-17T16:11:41","modified_gmt":"2023-03-17T15:11:41","slug":"moniz-ma-ne-molat","status":"publish","type":"nada","link":"https:\/\/sdf.hr\/hr\/nada\/moniz-ma-ne-molat\/","title":{"rendered":"Moniz, ma ne molat"},"content":{"rendered":"<p>Nizozemaca Ricarda Moniza, trenera ma\u0111arskog prvoliga\u0161a ZTE-a, Ma\u0111arski nogometni savez nedavno je kaznio s mjesec dana suspenzije nakon \u0161to je svoje igra\u010de pozvao da prekinu utakmicu protiv Honv\u00e9da. Moniz se pobunio zbog rasisti\u010dkih uvreda kojima su odzvanjale tribine, upu\u0107enih crnom francuskom nogometa\u0161u Cristyju Manzingi. U\u0161etao je na teren i izveo svoju mom\u010dad sa strane. Dok su tako stajali, Monizu je brzo obja\u0161njeno da bi klub zbog njegova poteza mogao biti ka\u017enjen i s oduzimanjem bodova, pa je na kraju sam napustio teren, a igra\u010di su se vratili igranju. Nakon prekida koji je trajao deset minuta, utakmica je odigrana do kraja.<\/p>\n<p>&#8220;Drugi put u \u010detiri dana sam do\u017eivio ovako ne\u0161to. Po\u010delo je tijekom utakmice Kupa protiv Kazincbarcikaija. To je bio razlog zbog kojeg sam u\u0161ao u teren. Sucu sam rekao da obrati pa\u017enju na rasisti\u010dko hukanje, no on mi je rekao da ne \u010duje ni\u0161ta. Isto vrijedi i za drugog suca i za protivni\u010dkog trenera. Ponekad ljudi ne \u017eele \u010duti neke stvari. Zato sam sada tako uporan u vezi ovoga. Ne\u0107u odustati. \u010cak i ako ovu borbu moram voditi sam, uop\u0107e me ne zanima&#8221;, kazao je Moniz nakon utakmice. Najavio je da \u0107e ulo\u017eiti \u017ealbu na suspenziju, a ako bude potrebno, \u017ealiti se i UEFA-i i ma\u0111arskom premijeru Viktoru Orb\u00e1nu. Dodu\u0161e, te\u0161ko je vjerovati da \u0107e mu od pomo\u0107i biti Orb\u00e1n koji prima odlikovanja za &#8220;obranu kr\u0161\u0107anskih vrijednosti&#8221; i hvali se da je jedini politi\u010dar u EU koji otvoreno zagovara antimigrantsku politiku, osim ako u svom premijerskom CV-u ne po\u017eeli i koji fudbalski <em>fair play<\/em> bod.<\/p>\n<p>U sinkronicitetu s rasisti\u010dkim aparatom dr\u017eave, iz Ma\u0111arske su se i lani mogle \u010duti vijesti o rasisti\u010dko-nogometnim pothvatima. Tijekom utakmice izme\u0111u Ma\u0111arske i Engleske, vrije\u0111ani su crni engleski igra\u010di Raheem Sterling i Jude Bellingham, a Sterlinga su navija\u010di i ga\u0111ali predmetima dok je slavio gol. Ma\u0111arski nogometni savez tada je ka\u017enjen s 180.000 eura, \u0161to je jedna od najve\u0107ih kazni koje je FIFA ikada dodijelila.<\/p>\n<p>Da ne bi pomislili da je rasizam isklju\u010divo ma\u0111arska stvar, Moniz je medijima ponudio mali vremeplov kroz vlastitu karijeru. Podsjetio je kako je prije tri godine, kao trener nizozemskog Excelsiora, iz prve ruke svjedo\u010dio da se navija\u010di Den Boscha rasisti\u010dki odnose prema gvinejskom nogometa\u0161u Ahmadu Mendesu Moreiri. &#8220;Nikakve mjere nisu bile poduzete protiv toga. Svi su nakon utakmice pri\u010dali o rasizmu, ali sve je bilo samo pri\u010da. Onako, za pozornicu. Nitko nije procesuiran&#8221;, ispri\u010dao je Moniz. A da ne bi pomislili da je rasizam rezerviran za stadione, tu je i Monizovo \u017eivotno iskustvo. Kao dijete migranata, oca Surinamca i majke Indone\u017eanke kineskog podrijetla, u Nizozemskoj je svoju porciju diskriminacije dobio puno prije nego \u0161to je postao nogometni trener.<\/p>\n<p>Medijsku pa\u017enju Moniz je ovih dana iskoristio i da se osvrne na druge probleme u nogometnoj industriji, a u ime kojih se, kao i po pitanju rasizma, ne di\u017ee puno buke i otpora. &#8220;Prije deset godina sam bio trener ma\u0111arskog FTC-a, kada je jedan od na\u0161ih igra\u010da, Akeem Adams, umro od sr\u010danog udara. Zajedno s me\u0111unarodnim sindikatom igra\u010da FIFPro borio sam se tada za optimalne pretrage srca. Uvidi o problemima \u010desto dolaze prekasno, to je zakon u nogometu&#8221;, kazao je. Dodao je da odlazak iz Ma\u0111arske nakon suspenzije za njega nije opcija, a tu odluku u\u010dvr\u0161\u0107uje i podr\u0161ka koju ima od uprave i igra\u010da ZTE-a. &#8220;Uvijek morate izabrati put otpora. Fali nam hrabrosti. Kroz nogomet mo\u017eemo napraviti puno vi\u0161e nego \u0161to smo navikli misliti&#8221;, poru\u010dio je.<\/p>\n<p><em>pi\u0161e Ivana Peri\u0107<\/em><\/p>\n","protected":false},"excerpt":{"rendered":"<p>Ricardo Moniz, trenera ma\u0111arskog prvoliga\u0161a ZTE-a koji se pobunio protiv rasisti\u010dkog skandiranja, ovih dana je medijsku pa\u017enju iskoristio da se osvrne i na druge probleme u nogometnoj industriji<\/p>\n","protected":false},"featured_media":2713,"template":"","tags":[40],"atribut":[],"class_list":["post-1384","nada","type-nada","status-publish","has-post-thumbnail","hentry","tag-dvokorak-naprijed"],"acf":[],"yoast_head":"<!-- This site is optimized with the Yoast SEO plugin v27.4 - https:\/\/yoast.com\/product\/yoast-seo-wordpress\/ -->\n<title>Moniz, ma ne molat - SDF - Srpski demokratski forum<\/title>\n<meta name=\"robots\" content=\"index, follow, max-snippet:-1, max-image-preview:large, max-video-preview:-1\" \/>\n<link rel=\"canonical\" href=\"https:\/\/sdf.hr\/hr\/nada\/moniz-ma-ne-molat\/\" \/>\n<meta property=\"og:locale\" content=\"hr_HR\" \/>\n<meta property=\"og:type\" content=\"article\" \/>\n<meta property=\"og:title\" content=\"Moniz, ma ne molat - SDF - Srpski demokratski forum\" \/>\n<meta property=\"og:description\" content=\"Ricardo Moniz, trenera ma\u0111arskog prvoliga\u0161a ZTE-a koji se pobunio protiv rasisti\u010dkog skandiranja, ovih dana je medijsku pa\u017enju iskoristio da se osvrne i na druge probleme u nogometnoj industriji\" \/>\n<meta property=\"og:url\" content=\"https:\/\/sdf.hr\/hr\/nada\/moniz-ma-ne-molat\/\" \/>\n<meta property=\"og:site_name\" content=\"SDF - Srpski demokratski forum\" \/>\n<meta property=\"article:modified_time\" content=\"2023-03-17T15:11:41+00:00\" \/>\n<meta property=\"og:image\" content=\"https:\/\/sdf.hr\/wp-content\/uploads\/2022\/11\/Moniz-1-scaled.jpg\" \/>\n\t<meta property=\"og:image:width\" content=\"2560\" \/>\n\t<meta property=\"og:image:height\" content=\"2049\" \/>\n\t<meta property=\"og:image:type\" content=\"image\/jpeg\" \/>\n<meta name=\"twitter:card\" content=\"summary_large_image\" \/>\n<meta name=\"twitter:label1\" content=\"Procijenjeno vrijeme \u010ditanja\" \/>\n\t<meta name=\"twitter:data1\" content=\"3 minute\" \/>\n<script type=\"application\/ld+json\" class=\"yoast-schema-graph\">{\"@context\":\"https:\\\/\\\/schema.org\",\"@graph\":[{\"@type\":\"WebPage\",\"@id\":\"https:\\\/\\\/sdf.hr\\\/hr\\\/nada\\\/moniz-ma-ne-molat\\\/\",\"url\":\"https:\\\/\\\/sdf.hr\\\/hr\\\/nada\\\/moniz-ma-ne-molat\\\/\",\"name\":\"Moniz, ma ne molat - SDF - Srpski demokratski forum\",\"isPartOf\":{\"@id\":\"https:\\\/\\\/sdf.hr\\\/#website\"},\"primaryImageOfPage\":{\"@id\":\"https:\\\/\\\/sdf.hr\\\/hr\\\/nada\\\/moniz-ma-ne-molat\\\/#primaryimage\"},\"image\":{\"@id\":\"https:\\\/\\\/sdf.hr\\\/hr\\\/nada\\\/moniz-ma-ne-molat\\\/#primaryimage\"},\"thumbnailUrl\":\"https:\\\/\\\/sdf.hr\\\/wp-content\\\/uploads\\\/2022\\\/11\\\/Moniz-1-scaled.jpg\",\"datePublished\":\"2022-11-11T10:44:27+00:00\",\"dateModified\":\"2023-03-17T15:11:41+00:00\",\"breadcrumb\":{\"@id\":\"https:\\\/\\\/sdf.hr\\\/hr\\\/nada\\\/moniz-ma-ne-molat\\\/#breadcrumb\"},\"inLanguage\":\"hr\",\"potentialAction\":[{\"@type\":\"ReadAction\",\"target\":[\"https:\\\/\\\/sdf.hr\\\/hr\\\/nada\\\/moniz-ma-ne-molat\\\/\"]}]},{\"@type\":\"ImageObject\",\"inLanguage\":\"hr\",\"@id\":\"https:\\\/\\\/sdf.hr\\\/hr\\\/nada\\\/moniz-ma-ne-molat\\\/#primaryimage\",\"url\":\"https:\\\/\\\/sdf.hr\\\/wp-content\\\/uploads\\\/2022\\\/11\\\/Moniz-1-scaled.jpg\",\"contentUrl\":\"https:\\\/\\\/sdf.hr\\\/wp-content\\\/uploads\\\/2022\\\/11\\\/Moniz-1-scaled.jpg\",\"width\":2560,\"height\":2049,\"caption\":\"Ricardo Moniz (Foto: NordPhoto\\\/PIXSELL)\"},{\"@type\":\"BreadcrumbList\",\"@id\":\"https:\\\/\\\/sdf.hr\\\/hr\\\/nada\\\/moniz-ma-ne-molat\\\/#breadcrumb\",\"itemListElement\":[{\"@type\":\"ListItem\",\"position\":1,\"name\":\"Po\u010detna stranica\",\"item\":\"https:\\\/\\\/sdf.hr\\\/hr\\\/\"},{\"@type\":\"ListItem\",\"position\":2,\"name\":\"Nada\",\"item\":\"https:\\\/\\\/sdf.hr\\\/nada\\\/\"},{\"@type\":\"ListItem\",\"position\":3,\"name\":\"Moniz, ma ne molat\"}]},{\"@type\":\"WebSite\",\"@id\":\"https:\\\/\\\/sdf.hr\\\/#website\",\"url\":\"https:\\\/\\\/sdf.hr\\\/\",\"name\":\"SDF - Srpski demokratski forum\",\"description\":\"Srpski demokratski forum\",\"publisher\":{\"@id\":\"https:\\\/\\\/sdf.hr\\\/#organization\"},\"potentialAction\":[{\"@type\":\"SearchAction\",\"target\":{\"@type\":\"EntryPoint\",\"urlTemplate\":\"https:\\\/\\\/sdf.hr\\\/?s={search_term_string}\"},\"query-input\":{\"@type\":\"PropertyValueSpecification\",\"valueRequired\":true,\"valueName\":\"search_term_string\"}}],\"inLanguage\":\"hr\"},{\"@type\":\"Organization\",\"@id\":\"https:\\\/\\\/sdf.hr\\\/#organization\",\"name\":\"SDF - Srpski demokratski forum\",\"url\":\"https:\\\/\\\/sdf.hr\\\/\",\"logo\":{\"@type\":\"ImageObject\",\"inLanguage\":\"hr\",\"@id\":\"https:\\\/\\\/sdf.hr\\\/#\\\/schema\\\/logo\\\/image\\\/\",\"url\":\"https:\\\/\\\/sdf.hr\\\/wp-content\\\/uploads\\\/2021\\\/07\\\/logo-hr.svg\",\"contentUrl\":\"https:\\\/\\\/sdf.hr\\\/wp-content\\\/uploads\\\/2021\\\/07\\\/logo-hr.svg\",\"width\":271,\"height\":100,\"caption\":\"SDF - Srpski demokratski forum\"},\"image\":{\"@id\":\"https:\\\/\\\/sdf.hr\\\/#\\\/schema\\\/logo\\\/image\\\/\"}}]}<\/script>\n<!-- \/ Yoast SEO plugin. -->","yoast_head_json":{"title":"Moniz, ma ne molat - SDF - Srpski demokratski forum","robots":{"index":"index","follow":"follow","max-snippet":"max-snippet:-1","max-image-preview":"max-image-preview:large","max-video-preview":"max-video-preview:-1"},"canonical":"https:\/\/sdf.hr\/hr\/nada\/moniz-ma-ne-molat\/","og_locale":"hr_HR","og_type":"article","og_title":"Moniz, ma ne molat - SDF - Srpski demokratski forum","og_description":"Ricardo Moniz, trenera ma\u0111arskog prvoliga\u0161a ZTE-a koji se pobunio protiv rasisti\u010dkog skandiranja, ovih dana je medijsku pa\u017enju iskoristio da se osvrne i na druge probleme u nogometnoj industriji","og_url":"https:\/\/sdf.hr\/hr\/nada\/moniz-ma-ne-molat\/","og_site_name":"SDF - Srpski demokratski forum","article_modified_time":"2023-03-17T15:11:41+00:00","og_image":[{"width":2560,"height":2049,"url":"https:\/\/sdf.hr\/wp-content\/uploads\/2022\/11\/Moniz-1-scaled.jpg","type":"image\/jpeg"}],"twitter_card":"summary_large_image","twitter_misc":{"Procijenjeno vrijeme \u010ditanja":"3 minute"},"schema":{"@context":"https:\/\/schema.org","@graph":[{"@type":"WebPage","@id":"https:\/\/sdf.hr\/hr\/nada\/moniz-ma-ne-molat\/","url":"https:\/\/sdf.hr\/hr\/nada\/moniz-ma-ne-molat\/","name":"Moniz, ma ne molat - SDF - Srpski demokratski forum","isPartOf":{"@id":"https:\/\/sdf.hr\/#website"},"primaryImageOfPage":{"@id":"https:\/\/sdf.hr\/hr\/nada\/moniz-ma-ne-molat\/#primaryimage"},"image":{"@id":"https:\/\/sdf.hr\/hr\/nada\/moniz-ma-ne-molat\/#primaryimage"},"thumbnailUrl":"https:\/\/sdf.hr\/wp-content\/uploads\/2022\/11\/Moniz-1-scaled.jpg","datePublished":"2022-11-11T10:44:27+00:00","dateModified":"2023-03-17T15:11:41+00:00","breadcrumb":{"@id":"https:\/\/sdf.hr\/hr\/nada\/moniz-ma-ne-molat\/#breadcrumb"},"inLanguage":"hr","potentialAction":[{"@type":"ReadAction","target":["https:\/\/sdf.hr\/hr\/nada\/moniz-ma-ne-molat\/"]}]},{"@type":"ImageObject","inLanguage":"hr","@id":"https:\/\/sdf.hr\/hr\/nada\/moniz-ma-ne-molat\/#primaryimage","url":"https:\/\/sdf.hr\/wp-content\/uploads\/2022\/11\/Moniz-1-scaled.jpg","contentUrl":"https:\/\/sdf.hr\/wp-content\/uploads\/2022\/11\/Moniz-1-scaled.jpg","width":2560,"height":2049,"caption":"Ricardo Moniz (Foto: NordPhoto\/PIXSELL)"},{"@type":"BreadcrumbList","@id":"https:\/\/sdf.hr\/hr\/nada\/moniz-ma-ne-molat\/#breadcrumb","itemListElement":[{"@type":"ListItem","position":1,"name":"Po\u010detna stranica","item":"https:\/\/sdf.hr\/hr\/"},{"@type":"ListItem","position":2,"name":"Nada","item":"https:\/\/sdf.hr\/nada\/"},{"@type":"ListItem","position":3,"name":"Moniz, ma ne molat"}]},{"@type":"WebSite","@id":"https:\/\/sdf.hr\/#website","url":"https:\/\/sdf.hr\/","name":"SDF - Srpski demokratski forum","description":"Srpski demokratski forum","publisher":{"@id":"https:\/\/sdf.hr\/#organization"},"potentialAction":[{"@type":"SearchAction","target":{"@type":"EntryPoint","urlTemplate":"https:\/\/sdf.hr\/?s={search_term_string}"},"query-input":{"@type":"PropertyValueSpecification","valueRequired":true,"valueName":"search_term_string"}}],"inLanguage":"hr"},{"@type":"Organization","@id":"https:\/\/sdf.hr\/#organization","name":"SDF - Srpski demokratski forum","url":"https:\/\/sdf.hr\/","logo":{"@type":"ImageObject","inLanguage":"hr","@id":"https:\/\/sdf.hr\/#\/schema\/logo\/image\/","url":"https:\/\/sdf.hr\/wp-content\/uploads\/2021\/07\/logo-hr.svg","contentUrl":"https:\/\/sdf.hr\/wp-content\/uploads\/2021\/07\/logo-hr.svg","width":271,"height":100,"caption":"SDF - Srpski demokratski forum"},"image":{"@id":"https:\/\/sdf.hr\/#\/schema\/logo\/image\/"}}]}},"_links":{"self":[{"href":"https:\/\/sdf.hr\/hr\/wp-json\/wp\/v2\/nada\/1384","targetHints":{"allow":["GET"]}}],"collection":[{"href":"https:\/\/sdf.hr\/hr\/wp-json\/wp\/v2\/nada"}],"about":[{"href":"https:\/\/sdf.hr\/hr\/wp-json\/wp\/v2\/types\/nada"}],"wp:featuredmedia":[{"embeddable":true,"href":"https:\/\/sdf.hr\/hr\/wp-json\/wp\/v2\/media\/2713"}],"wp:attachment":[{"href":"https:\/\/sdf.hr\/hr\/wp-json\/wp\/v2\/media?parent=1384"}],"wp:term":[{"taxonomy":"post_tag","embeddable":true,"href":"https:\/\/sdf.hr\/hr\/wp-json\/wp\/v2\/tags?post=1384"},{"taxonomy":"atribut","embeddable":true,"href":"https:\/\/sdf.hr\/hr\/wp-json\/wp\/v2\/atribut?post=1384"}],"curies":[{"name":"wp","href":"https:\/\/api.w.org\/{rel}","templated":true}]}}