{"id":1414,"date":"2022-11-16T11:20:16","date_gmt":"2022-11-16T10:20:16","guid":{"rendered":"https:\/\/sdf.hr\/?post_type=nada&#038;p=1414"},"modified":"2023-03-17T15:57:24","modified_gmt":"2023-03-17T14:57:24","slug":"pita-od-oraha","status":"publish","type":"nada","link":"https:\/\/sdf.hr\/hr\/nada\/pita-od-oraha\/","title":{"rendered":"Pita od oraha"},"content":{"rendered":"<p>Prou\u010davaju\u0107i staru bilje\u017enicu iz prve polovine 20. stolje\u0107a, nalazim veliki broj recepata za kola\u010de s orasima i bademima. U ve\u0107ini njih se najprije navode bademi i to oguljeni pa tek u zagradi pi\u0161e da se mogu zamijeniti orasima, no za ovu pitu \u0107e vam trebati orasi i to kola\u010du daje ba\u0161 onaj pravi starinski \u0161tih. Vjerujem da ste ve\u0107 ku\u0161ali neku ina\u010dicu pite od oraha jer je to klasika me\u0111u kola\u010dima, a u ovom broju Nade vam donosim starinski recept koji je u svoju bilje\u017enicu zapisala Merica Majeti\u0107. Kola\u010d se sastoji od prhkog tijesta s maslacem te nadjeva prepunog oraha, vrlo je mirisan, topi se u ustima, a ja sam dodala limunovu koricu i vaniliju za aromu pa je cijela kombinacija jako ukusna. Ako ne volite kremaste kola\u010de, ovo je prava slastica za vas.<\/p>\n<p>Obi\u010dno pita od oraha ima dva dijela prhkog tijesta izme\u0111u kojih se nalazi nadjev. Ja sam stavila tijesto samo kao podlogu, bez drugog dijela preko nadjeva. Naravno, vi mo\u017eete po \u017eelji. Drugi dio tijesta mo\u017eete i naribati pa dobiti \u010dupavu pitu ili izrezati trakice i tako ukrasiti kola\u010d. U receptu se ne navodi \u0161e\u0107er u tijestu, ali ja sam ga stavila pa sam smanjila koli\u010dinu \u0161e\u0107era u nadjevu.<\/p>\n<p><strong><em>Za tijesto<\/em><\/strong><\/p>\n<p>250 g hladnog maslaca<br \/>\n250 g bra\u0161na (stavila sam pola glatko, pola o\u0161tro)<br \/>\n2 \u017eumanjka<br \/>\n2 \u017elice bijelog vina<br \/>\n50 g \u0161e\u0107era u prahu<br \/>\n1 vanilin \u0161e\u0107er<br \/>\nribana limunova korica<\/p>\n<p><strong><em>Za nadjev<\/em><\/strong><\/p>\n<p>280 g \u0161e\u0107era (stavila sam 150 jer ne volimo jako slatko)<br \/>\n280 g mljevenih oraha<br \/>\n8 jaja<br \/>\nprstohvat soli<br \/>\nribana limunova korica<\/p>\n<p><strong><em>Priprema<\/em><\/strong><\/p>\n<p>Najprije pripremite tijesto. U prosijano bra\u0161no dodajte prstohvat soli te obje vrste \u0161e\u0107era pa naribajte hladni maslac. Utrljajte maslac u bra\u0161no da dobijete mrvi\u010dastu, pjeskovitu smjesu. To mo\u017eete i pomo\u0107u multipraktika. Dodajte \u017eumanjke, vino i naribanu limunovu koricu. Zamijesite glatko tijesto pa ga malo spljo\u0161tite, zamotajte u prozirnu foliju i ostavite u hladnjaku barem pola sata. Ukoliko \u0107ete raditi od dva dijela, podijelite tijesto na ve\u0107i dio za podlogu i manji za gornji dio.<\/p>\n<p>Uklju\u010dite pe\u0107nicu na 180 stupnjeva da se zagrije. Za nadjev istucite bjelanjke s malo soli u \u010dvrst snijeg (ja sam dodala i ona dva \u0161to su mi ostala od pripreme prhkog tijesta). \u017dumanjke dugo tucite sa \u0161e\u0107erom dok ne dobijete svijetlu i pjenastu smjesu. Dodajte orahe i limunovu koricu pa sjedinite. Ru\u010dno umije\u0161ajte snijeg.<\/p>\n<p>Ohla\u0111eno tijesto razvaljajte na masnom papiru u veli\u010dinu lima za pe\u010denje (moj je bio 28 puta 40 cm) pa ga skupa s papirom smjestite u lim. Preko tijesta rasporedite nadjev i poravnajte. Par puta lupite limom o stol da se nadjev poravna. Ako radite s gornjim tijestom, stavite preko nadjeva drugi dio tijesta (razvaljan, u trakicama ili nariban). Kola\u010d pecite 25 do 30 minuta na 180 stupnjeva. Kada se ohladi, pospite \u0161e\u0107erom u prahu i u\u017eivajte u starinskom okusu bakinog kola\u010da.<\/p>\n<p>Dobar tek!<\/p>\n<p><em>pi\u0161e Valentina Vukadinovi\u0107<\/em><\/p>\n","protected":false},"excerpt":{"rendered":"<p>Kola\u010d se sastoji od prhkog tijesta s maslacem te nadjeva prepunog oraha, vrlo je mirisan, topi se u ustima. Mi smo dodali limunovu koricu i vaniliju za aromu pa je cijela kombinacija jo\u0161 ukusnija<\/p>\n","protected":false},"featured_media":2694,"template":"","tags":[42],"atribut":[],"class_list":["post-1414","nada","type-nada","status-publish","has-post-thumbnail","hentry","tag-gorski-kotao"],"acf":[],"yoast_head":"<!-- This site is optimized with the Yoast SEO plugin v27.4 - https:\/\/yoast.com\/product\/yoast-seo-wordpress\/ -->\n<title>Pita od oraha - SDF - Srpski demokratski forum<\/title>\n<meta name=\"robots\" content=\"index, follow, max-snippet:-1, max-image-preview:large, max-video-preview:-1\" \/>\n<link rel=\"canonical\" href=\"https:\/\/sdf.hr\/hr\/nada\/pita-od-oraha\/\" \/>\n<meta property=\"og:locale\" content=\"hr_HR\" \/>\n<meta property=\"og:type\" content=\"article\" \/>\n<meta property=\"og:title\" content=\"Pita od oraha - SDF - Srpski demokratski forum\" \/>\n<meta property=\"og:description\" content=\"Kola\u010d se sastoji od prhkog tijesta s maslacem te nadjeva prepunog oraha, vrlo je mirisan, topi se u ustima. Mi smo dodali limunovu koricu i vaniliju za aromu pa je cijela kombinacija jo\u0161 ukusnija\" \/>\n<meta property=\"og:url\" content=\"https:\/\/sdf.hr\/hr\/nada\/pita-od-oraha\/\" \/>\n<meta property=\"og:site_name\" content=\"SDF - Srpski demokratski forum\" \/>\n<meta property=\"article:modified_time\" content=\"2023-03-17T14:57:24+00:00\" \/>\n<meta property=\"og:image\" content=\"https:\/\/sdf.hr\/wp-content\/uploads\/2022\/11\/Pita-1-scaled.jpg\" \/>\n\t<meta property=\"og:image:width\" content=\"2560\" \/>\n\t<meta property=\"og:image:height\" content=\"1244\" \/>\n\t<meta property=\"og:image:type\" content=\"image\/jpeg\" \/>\n<meta name=\"twitter:card\" content=\"summary_large_image\" \/>\n<meta name=\"twitter:label1\" content=\"Procijenjeno vrijeme \u010ditanja\" \/>\n\t<meta name=\"twitter:data1\" content=\"3 minute\" \/>\n<script type=\"application\/ld+json\" class=\"yoast-schema-graph\">{\"@context\":\"https:\\\/\\\/schema.org\",\"@graph\":[{\"@type\":\"WebPage\",\"@id\":\"https:\\\/\\\/sdf.hr\\\/hr\\\/nada\\\/pita-od-oraha\\\/\",\"url\":\"https:\\\/\\\/sdf.hr\\\/hr\\\/nada\\\/pita-od-oraha\\\/\",\"name\":\"Pita od oraha - SDF - Srpski demokratski forum\",\"isPartOf\":{\"@id\":\"https:\\\/\\\/sdf.hr\\\/#website\"},\"primaryImageOfPage\":{\"@id\":\"https:\\\/\\\/sdf.hr\\\/hr\\\/nada\\\/pita-od-oraha\\\/#primaryimage\"},\"image\":{\"@id\":\"https:\\\/\\\/sdf.hr\\\/hr\\\/nada\\\/pita-od-oraha\\\/#primaryimage\"},\"thumbnailUrl\":\"https:\\\/\\\/sdf.hr\\\/wp-content\\\/uploads\\\/2022\\\/11\\\/Pita-1-scaled.jpg\",\"datePublished\":\"2022-11-16T10:20:16+00:00\",\"dateModified\":\"2023-03-17T14:57:24+00:00\",\"breadcrumb\":{\"@id\":\"https:\\\/\\\/sdf.hr\\\/hr\\\/nada\\\/pita-od-oraha\\\/#breadcrumb\"},\"inLanguage\":\"hr\",\"potentialAction\":[{\"@type\":\"ReadAction\",\"target\":[\"https:\\\/\\\/sdf.hr\\\/hr\\\/nada\\\/pita-od-oraha\\\/\"]}]},{\"@type\":\"ImageObject\",\"inLanguage\":\"hr\",\"@id\":\"https:\\\/\\\/sdf.hr\\\/hr\\\/nada\\\/pita-od-oraha\\\/#primaryimage\",\"url\":\"https:\\\/\\\/sdf.hr\\\/wp-content\\\/uploads\\\/2022\\\/11\\\/Pita-1-scaled.jpg\",\"contentUrl\":\"https:\\\/\\\/sdf.hr\\\/wp-content\\\/uploads\\\/2022\\\/11\\\/Pita-1-scaled.jpg\",\"width\":2560,\"height\":1244},{\"@type\":\"BreadcrumbList\",\"@id\":\"https:\\\/\\\/sdf.hr\\\/hr\\\/nada\\\/pita-od-oraha\\\/#breadcrumb\",\"itemListElement\":[{\"@type\":\"ListItem\",\"position\":1,\"name\":\"Po\u010detna stranica\",\"item\":\"https:\\\/\\\/sdf.hr\\\/hr\\\/\"},{\"@type\":\"ListItem\",\"position\":2,\"name\":\"Nada\",\"item\":\"https:\\\/\\\/sdf.hr\\\/nada\\\/\"},{\"@type\":\"ListItem\",\"position\":3,\"name\":\"Pita od oraha\"}]},{\"@type\":\"WebSite\",\"@id\":\"https:\\\/\\\/sdf.hr\\\/#website\",\"url\":\"https:\\\/\\\/sdf.hr\\\/\",\"name\":\"SDF - Srpski demokratski forum\",\"description\":\"Srpski demokratski forum\",\"publisher\":{\"@id\":\"https:\\\/\\\/sdf.hr\\\/#organization\"},\"potentialAction\":[{\"@type\":\"SearchAction\",\"target\":{\"@type\":\"EntryPoint\",\"urlTemplate\":\"https:\\\/\\\/sdf.hr\\\/?s={search_term_string}\"},\"query-input\":{\"@type\":\"PropertyValueSpecification\",\"valueRequired\":true,\"valueName\":\"search_term_string\"}}],\"inLanguage\":\"hr\"},{\"@type\":\"Organization\",\"@id\":\"https:\\\/\\\/sdf.hr\\\/#organization\",\"name\":\"SDF - Srpski demokratski forum\",\"url\":\"https:\\\/\\\/sdf.hr\\\/\",\"logo\":{\"@type\":\"ImageObject\",\"inLanguage\":\"hr\",\"@id\":\"https:\\\/\\\/sdf.hr\\\/#\\\/schema\\\/logo\\\/image\\\/\",\"url\":\"https:\\\/\\\/sdf.hr\\\/wp-content\\\/uploads\\\/2021\\\/07\\\/logo-hr.svg\",\"contentUrl\":\"https:\\\/\\\/sdf.hr\\\/wp-content\\\/uploads\\\/2021\\\/07\\\/logo-hr.svg\",\"width\":271,\"height\":100,\"caption\":\"SDF - Srpski demokratski forum\"},\"image\":{\"@id\":\"https:\\\/\\\/sdf.hr\\\/#\\\/schema\\\/logo\\\/image\\\/\"}}]}<\/script>\n<!-- \/ Yoast SEO plugin. -->","yoast_head_json":{"title":"Pita od oraha - SDF - Srpski demokratski forum","robots":{"index":"index","follow":"follow","max-snippet":"max-snippet:-1","max-image-preview":"max-image-preview:large","max-video-preview":"max-video-preview:-1"},"canonical":"https:\/\/sdf.hr\/hr\/nada\/pita-od-oraha\/","og_locale":"hr_HR","og_type":"article","og_title":"Pita od oraha - SDF - Srpski demokratski forum","og_description":"Kola\u010d se sastoji od prhkog tijesta s maslacem te nadjeva prepunog oraha, vrlo je mirisan, topi se u ustima. Mi smo dodali limunovu koricu i vaniliju za aromu pa je cijela kombinacija jo\u0161 ukusnija","og_url":"https:\/\/sdf.hr\/hr\/nada\/pita-od-oraha\/","og_site_name":"SDF - Srpski demokratski forum","article_modified_time":"2023-03-17T14:57:24+00:00","og_image":[{"width":2560,"height":1244,"url":"https:\/\/sdf.hr\/wp-content\/uploads\/2022\/11\/Pita-1-scaled.jpg","type":"image\/jpeg"}],"twitter_card":"summary_large_image","twitter_misc":{"Procijenjeno vrijeme \u010ditanja":"3 minute"},"schema":{"@context":"https:\/\/schema.org","@graph":[{"@type":"WebPage","@id":"https:\/\/sdf.hr\/hr\/nada\/pita-od-oraha\/","url":"https:\/\/sdf.hr\/hr\/nada\/pita-od-oraha\/","name":"Pita od oraha - SDF - Srpski demokratski forum","isPartOf":{"@id":"https:\/\/sdf.hr\/#website"},"primaryImageOfPage":{"@id":"https:\/\/sdf.hr\/hr\/nada\/pita-od-oraha\/#primaryimage"},"image":{"@id":"https:\/\/sdf.hr\/hr\/nada\/pita-od-oraha\/#primaryimage"},"thumbnailUrl":"https:\/\/sdf.hr\/wp-content\/uploads\/2022\/11\/Pita-1-scaled.jpg","datePublished":"2022-11-16T10:20:16+00:00","dateModified":"2023-03-17T14:57:24+00:00","breadcrumb":{"@id":"https:\/\/sdf.hr\/hr\/nada\/pita-od-oraha\/#breadcrumb"},"inLanguage":"hr","potentialAction":[{"@type":"ReadAction","target":["https:\/\/sdf.hr\/hr\/nada\/pita-od-oraha\/"]}]},{"@type":"ImageObject","inLanguage":"hr","@id":"https:\/\/sdf.hr\/hr\/nada\/pita-od-oraha\/#primaryimage","url":"https:\/\/sdf.hr\/wp-content\/uploads\/2022\/11\/Pita-1-scaled.jpg","contentUrl":"https:\/\/sdf.hr\/wp-content\/uploads\/2022\/11\/Pita-1-scaled.jpg","width":2560,"height":1244},{"@type":"BreadcrumbList","@id":"https:\/\/sdf.hr\/hr\/nada\/pita-od-oraha\/#breadcrumb","itemListElement":[{"@type":"ListItem","position":1,"name":"Po\u010detna stranica","item":"https:\/\/sdf.hr\/hr\/"},{"@type":"ListItem","position":2,"name":"Nada","item":"https:\/\/sdf.hr\/nada\/"},{"@type":"ListItem","position":3,"name":"Pita od oraha"}]},{"@type":"WebSite","@id":"https:\/\/sdf.hr\/#website","url":"https:\/\/sdf.hr\/","name":"SDF - Srpski demokratski forum","description":"Srpski demokratski forum","publisher":{"@id":"https:\/\/sdf.hr\/#organization"},"potentialAction":[{"@type":"SearchAction","target":{"@type":"EntryPoint","urlTemplate":"https:\/\/sdf.hr\/?s={search_term_string}"},"query-input":{"@type":"PropertyValueSpecification","valueRequired":true,"valueName":"search_term_string"}}],"inLanguage":"hr"},{"@type":"Organization","@id":"https:\/\/sdf.hr\/#organization","name":"SDF - Srpski demokratski forum","url":"https:\/\/sdf.hr\/","logo":{"@type":"ImageObject","inLanguage":"hr","@id":"https:\/\/sdf.hr\/#\/schema\/logo\/image\/","url":"https:\/\/sdf.hr\/wp-content\/uploads\/2021\/07\/logo-hr.svg","contentUrl":"https:\/\/sdf.hr\/wp-content\/uploads\/2021\/07\/logo-hr.svg","width":271,"height":100,"caption":"SDF - Srpski demokratski forum"},"image":{"@id":"https:\/\/sdf.hr\/#\/schema\/logo\/image\/"}}]}},"_links":{"self":[{"href":"https:\/\/sdf.hr\/hr\/wp-json\/wp\/v2\/nada\/1414","targetHints":{"allow":["GET"]}}],"collection":[{"href":"https:\/\/sdf.hr\/hr\/wp-json\/wp\/v2\/nada"}],"about":[{"href":"https:\/\/sdf.hr\/hr\/wp-json\/wp\/v2\/types\/nada"}],"wp:featuredmedia":[{"embeddable":true,"href":"https:\/\/sdf.hr\/hr\/wp-json\/wp\/v2\/media\/2694"}],"wp:attachment":[{"href":"https:\/\/sdf.hr\/hr\/wp-json\/wp\/v2\/media?parent=1414"}],"wp:term":[{"taxonomy":"post_tag","embeddable":true,"href":"https:\/\/sdf.hr\/hr\/wp-json\/wp\/v2\/tags?post=1414"},{"taxonomy":"atribut","embeddable":true,"href":"https:\/\/sdf.hr\/hr\/wp-json\/wp\/v2\/atribut?post=1414"}],"curies":[{"name":"wp","href":"https:\/\/api.w.org\/{rel}","templated":true}]}}