{"id":1428,"date":"2022-11-16T11:36:01","date_gmt":"2022-11-16T10:36:01","guid":{"rendered":"https:\/\/sdf.hr\/?post_type=nada&#038;p=1428"},"modified":"2023-03-17T15:54:06","modified_gmt":"2023-03-17T14:54:06","slug":"sunce-irskog-neba","status":"publish","type":"nada","link":"https:\/\/sdf.hr\/hr\/nada\/sunce-irskog-neba\/","title":{"rendered":"Sunce irskog neba"},"content":{"rendered":"<p>Aaa, iz Osijeka? Ja sam iz Broda!, razbudio me veseli povik momka koji je sjedio iza mene. Gdje smo, jesmo li stigli? \u0160kilje\u0107i sam pogledala kroz prozor \u2013 jo\u0161 ni\u0161ta, jarko listopadno sunce i bijeli oblaci. &#8220;Prvo \u0161to treba\u0161 je PPS broj, bez toga ne mo\u017ee\u0161 po\u010det radit&#8221;, nastavili su pri\u010du dvojica iza mene s jakim slavonskim naglaskom.<\/p>\n<p>Kao svaki preostali milenijalac na Balkanu, zatekla sam se u situaciji da su mi drugovi biseri rasuti po cijeloj Irskoj. Nakon financijske krize koja ih je bacila na koljena 2008. godine, &#8220;keltski feniks&#8221; po\u010deo se izdizati iz pepela, Irci su spustili poreze, privukli korporacije od Googlea do Facebooka i napumpali standard. Zbog toga je ostao strah da \u0107e se, jednom kada iste na\u0111u novu poreznu oazu, Irci vratiti krumpirima i alkoholnoj industriji koja, ruku na srce, u Irskoj zapo\u0161ljava grad veli\u010dine Osijeka (ironija je slu\u010dajna). Do tad, odlu\u010dih posjetiti prijatelje i okusiti taj med i mlijeko koji teku vani.<\/p>\n<p>Avion je zaronio ispod oblaka i pred na\u0161im o\u010dima otvorila su se zelena polja. Pola sata kasnije tresak kota\u010da o pistu najavio je novo normalno i ba\u0161 u tom trenutku nekome je zazvonio mobitel s melodijom Ace Lukasa. &#8220;Isuse Bo\u017ee, nikad pobje\u0107&#8217; od ovoga!&#8221; jauknuo je netko na sav glas i svi su prasnuli u smijeh. Bio je to zapravo smijeh olak\u0161anja iza kojeg su stajali spoznaja da ipak ne\u0107e\u0161 biti sam u novom svijetu i osje\u0107aj da, kako pjesnik re\u010de, i drugi \u017eive tvojim \u017eivotom. Vrata aviona su se otvorila i zabljesnuo nas je dablinski aerodrom \u2013 kona\u010dno odredi\u0161te lete\u0107ih vagona hrvatskih gra\u0111ana koji na Franji Tu\u0111manu (aerodromu) i Ryanairu zapo\u010dinju novi \u017eivot po cijeni od svega tridesetak eura.<\/p>\n<p>&#8220;U ovoj sobi je ina\u010de Gabriel, Brazilac&#8221;, obja\u0161njava mi Tena raspored ku\u0107e u kojoj \u0107u provesti idu\u0107e mjesece. &#8220;Sad ga nema jer je oti\u0161ao u posjet svojima, ali pogledaj molim te \u0161ta je napravio&#8221;, pokazuje na kofere vezane lancima. &#8220;\u0160ta on misli, da \u0107emo ga oplja\u010dkat?&#8221;<\/p>\n<p>Gabriel je bio jedini uljez jer smo svi ostali bili stari poznanici iz Zagreba. \u0160estero nas oformilo je udru\u017eeni podstanarski pothvat i naselilo ku\u0107u koja je originalno izdana za \u010detiri osobe. Time smo sru\u0161ili stanarinu i kvalitetu \u017eivota, ali u Dublinu jo\u0161 samo preostaje pla\u0107ati 700 eura za sobu u lo\u0161ijem kvartu.<\/p>\n<p>Bio je to podsjetnik da valja prionuti na posao i \u2013 na\u0107i posao. &#8220;Najisplativije ti je biti diler&#8221;, ozbiljno nastavlja cimer Igor. &#8220;U Hrvatskoj se dileri boje spomenuti travu u poruci, zna\u0161 koliko \u0161ifri mora\u0161 koristiti. A ovdje ti diler svakog petka \u0161alje informacije o popustima i <em>happy hourima<\/em>.&#8221; Problem je to kojim se morala pozabaviti i IRA koja je svojedobno oformila posebnu jedinicu za borbu protiv droge (\u010ditaj: strijeljanje dilera). Godine uspona keltskog tigra godile su i organiziranom kriminalu, u kojem je najja\u010di irski kartel Kinahan. Onoga tko prona\u0111e lidere ovog obiteljskog biznisa \u010deka nagrada od pet milijuna dolara, koje dodu\u0161e vjerojatno ne\u0107e sti\u0107i potro\u0161iti.<\/p>\n<p>Ispostavilo se da je i posao gotovo jednako lako prona\u0107i kao i drogu (civilu, ne policajcu). Ve\u0107 nakon pet dana radila sam na kasi du\u0107ana Yankee Candle za minimalac od 11 eura po satu. Za dva tjedna uslijedila je promocija u voditelja poslovnice, a kad mi je pla\u0107a stigla na vrijeme i sa samo dvije minimalne stavke dr\u017eavnih nameta, sjedila sam nad platnom listom mozgaju\u0107i u \u010demu je caka. &#8220;Hrvati su dobri radnici, a i pouzdaniji smo od Iraca&#8221;, pri\u010da mi kolegica iz Osijeka. &#8220;Irski \u0161ljakeri do\u0111u na posao pijani, a Hrvati gdje god se zaposle brzo napreduju. Za razliku od Hrvatske, gdje mo\u017ee\u0161 uspjeti samo kao politi\u010dar ili kriminalac. I bolje je biti kriminalac jer te on bar ne\u0107e zeznut.&#8221;<\/p>\n<p>U tom trenutku naprasno je u du\u0107an u\u0161ao \u0161ef i njegovo dramati\u010dno kora\u010danje prekinulo je kolegi\u010dino predavanje. Smrtno ozbiljno nas je pogledao i obratio se slu\u017ebenim tonom: &#8220;Nismo na vrijeme rezervirali paketi\u0107e za Bo\u017ei\u0107ni domjenak.&#8221; Blagdani su kaoti\u010dni i za dilere, pa je poklon\u010di\u0107e i paketi\u0107e potrebno naru\u010diti ve\u0107 u studenom. Blijedo smo ga gledali. Izgledao je razo\u010daran na\u0161om tupavom reakcijom. &#8220;Ni\u0161ta, onda \u0107emo samo piti&#8221;, uzdahnuo je.<\/p>\n<figure id=\"attachment_2689\" aria-describedby=\"caption-attachment-2689\" style=\"width: 1920px\" class=\"wp-caption alignnone\"><img loading=\"lazy\" decoding=\"async\" class=\"wp-image-2689 size-full\" src=\"https:\/\/sdf.hr\/wp-content\/uploads\/2022\/11\/Dublin-temple-bar-1-scaled.jpg\" alt=\"\" width=\"1920\" height=\"2560\" srcset=\"https:\/\/sdf.hr\/wp-content\/uploads\/2022\/11\/Dublin-temple-bar-1-scaled.jpg 1920w, https:\/\/sdf.hr\/wp-content\/uploads\/2022\/11\/Dublin-temple-bar-1-225x300.jpg 225w, https:\/\/sdf.hr\/wp-content\/uploads\/2022\/11\/Dublin-temple-bar-1-768x1024.jpg 768w, https:\/\/sdf.hr\/wp-content\/uploads\/2022\/11\/Dublin-temple-bar-1-1152x1536.jpg 1152w, https:\/\/sdf.hr\/wp-content\/uploads\/2022\/11\/Dublin-temple-bar-1-1536x2048.jpg 1536w\" sizes=\"auto, (max-width: 1920px) 100vw, 1920px\" \/><figcaption id=\"caption-attachment-2689\" class=\"wp-caption-text\">&#8220;Okej, vidio sam pub. Sad idem doma&#8221; (Foto: Lidija \u010culo)<\/figcaption><\/figure>\n<p>Tog studenog jutra slu\u0161ala sam u kupaoni cimere kako se sva\u0111aju. \u017div\u010dano sam nabijala po pumpici sapuna u poku\u0161aju da izvu\u010dem zadnju trunku. Uz \u0161kripave zvuki\u0107e ispljunula je par balon\u010di\u0107a u dlan. Tr\u010dim na posao. Uzvik &#8220;Hladno nam je zbog tebe koji si strgao grijalicu!&#8221; je zadnje \u0161to sam \u010dula prije nego sam tresnula vratima.<\/p>\n<p>Ulice koje vode na posao u centar Dublina iziskuju tek desetak minuta \u017eustrog hoda, a u gradu duplo manjem od Zagreba lako se sna\u0107i. Glavni orijentir su rijeka Liffey i slavni spomenik &#8220;The Spire of Dublin&#8221;. \u010celi\u010dna igla visoka 120 metara podignuta je na mjestu nekada\u0161njeg spomenika Horatiu Nelsonu (britanskom pomorcu i admiralu koji se proslavio u bitci kod Trafalgara), a koji su raznijeli irski republikanci 1960-ih u periodu koji Britanci tako nje\u017eno zovu <em>Troubles<\/em>. U nastojanju da tada irsku verziju Konj\u0161\u010dinske dotjeraju i u\u010dine vi\u0161e <em>family-friendly<\/em> odrazom ekonomskog uspona, podignut je i &#8220;The Spire&#8221; 2003. godine. Nitko od Iraca i na\u0161ih nije znao re\u0107i \u0161to predstavlja \u2013 najbli\u017ee obja\u0161njenju su oni koji ga zovu &#8220;the stiletto in the ghetto&#8221; i Tena koja na pitanje o tome \u0161to &#8220;The Spire&#8221; predstavlja sarkasti\u010dno frkne &#8220;vjerojatno narkomansku iglu&#8221;.<\/p>\n<p>Do &#8220;The Spirea&#8221; vodi glavna O&#8217;Connell Street, ili kako je na\u0161i tamo zovu: O&#8217;Koneli\u0107eva. Jedna od onih iz turisti\u010dke mitologije Dublina gdje su imena du\u0107ana i restorana ispisana zlatnim keltskim fontom, a \u010dak i prosjaci na uglancanim plo\u010dnicima zveckaju biorazgradivim \u0161alicama. Na ovakvim ulicama Dublin \u017eivi kao grad viskija i \u010detiri literarna nobelovca \u010diji su dani obilje\u017eeni zvukovima gajdi iz pubova. No\u0107u ga izda poneka balada \u017deljka Joksimovi\u0107a koja dolazi iz Burger Kinga od tre\u0107e smjene.<\/p>\n<p>Bli\u017eio se Black Friday i ki\u010d je pretrpao ulice, a izlozi su po\u010deli mamiti na tu\u010dnjave oko tostera kakvima se rugamo u bijelom svijetu. Irci iz Galwaya koji ovdje \u017eive uvijek \u0107e imati ne\u0161to za re\u0107i o zapadnja\u010dkoj dekadenciji i urbanom kaosu Dublina, ali i mentalitetu njegovih stanovnika \u2013 dok \u0107e za njih oni uglavnom ostati seljaci. Istra\u017eivanje koje je provelo gradsko vije\u0107e Dublina otkrilo je kako samo 26 posto Iraca osje\u0107a neku emocionalnu vezu s prijestolnicom, a taj postotak pada na 15 ako se isklju\u010de sami stanovnici Dublina. Jedan od razloga je taj \u0161to ne smatraju Dublin dovoljno &#8220;irskim&#8221;.<\/p>\n<p>Bezumni konzumerizam i prizor kolege koji maramicom bri\u0161e jezik nakon \u0161to je zaklju\u010dio da Oreo keksi nisu veganski navode \u010dovjeka da se zapita: je li mogu\u0107e da je ovo isti narod koji je bacao bombe na Engleze? Izgleda da je Dublin objedinio najgore od oba svijeta, Amerike i Engleske. Nemaju svi problem s tim. Pisac John Brendan Keane smatrao je kako je primjerice, upravo bingo oslobodio irske \u017eene iz ropstva jer su se sad kona\u010dno mogle srediti, zgrabiti torbice te oti\u0107i na pi\u0107e s prijateljicama. Slo\u017eila bi se i jedna na\u0161a gospo\u0111a koja me prepoznala po majici s hrvatskim natpisom dok je kupovala mirisne svije\u0107e uo\u010di blagdana. &#8220;Sad \u0107e\u0161 vidjeti kako je \u017eivot lijep, kad ima\u0161 novaca za izlaske, restorane, odje\u0107u\u2026 Ne\u0107e\u0161 se nikad htjeti vratiti. Samo nemoj zadr\u017eati onaj balkanski <em>mindset<\/em>&#8220;, rekla je. Prvo materijalna baza, a onda duhovna nadgradnja.<\/p>\n<p>\u010covjek ne mo\u017ee pogrije\u0161iti s odlaskom na pla\u017eu, i to vlakom. Dun Laoghaire nalazi se u ju\u017enom, bogatunskom dijelu Dublina. Plamen upalja\u010da kojima ovisnici podgrijavaju \u017elice za heroin na ulici te buka rotirki i kre\u0161tanja galebova sti\u0161avaju se kako kre\u0107ete od sjevernih ozlogla\u0161enih kvartova poput Finglasa prema jugu.<\/p>\n<p>Poput te\u0161kih deka preklopili su se hladna, prazna januarska dosada i imigrantska usamljenost. Osje\u0107aj izolacije kakav je strancu u tu\u0111ini ve\u0107 prirodno dan, samo je poja\u010dan na otoku. Pla\u017ea je sablasna i hladna, osim crnog psa koji naganja galebove nema \u017eive du\u0161e. More izgleda unedogled plitko, kao da bi ga mogao pre\u0107i pje\u0161ice. Linije izme\u0111u sivog pijeska, sivog mora i sivog neba u daljini nisu ni vidljive, a more od neba vizualno dijele tek teretni brod na kraju horizonta te svijetla i dimnjaci dublinske luke. Jo\u0161 samo fali Ludovico Einaudi kao <em>soundtrack<\/em> u pozadini da se od depresije baci\u0161 i utopi\u0161, ali ne mo\u017ee\u0161 zbog oseke.<\/p>\n<p>\u010cak ni pogled u more ne smjera u bolji svijet ve\u0107 na mrske Engleze preko puta \u2013 oni su na historijsku muku sjeli jo\u0161 s postrojenjima Sellafielda koja izbacuju toliko nuklearnog otpada da je sada Irsko more zaga\u0111enije od Novaja Zemlje. To nas nije sprije\u010dilo da sjednemo na pivo i <em>fish&amp;chips<\/em> u sladak obli\u017enji pub, te u maniri W. B. Yeatsa zaklju\u010dimo: &#8220;Okej, vidio sam pub. Sad idem doma.&#8221;<\/p>\n<figure id=\"attachment_2691\" aria-describedby=\"caption-attachment-2691\" style=\"width: 2560px\" class=\"wp-caption alignnone\"><img loading=\"lazy\" decoding=\"async\" class=\"wp-image-2691 size-full\" src=\"https:\/\/sdf.hr\/wp-content\/uploads\/2022\/11\/Dublin-pas-1-scaled.jpg\" alt=\"\" width=\"2560\" height=\"2007\" srcset=\"https:\/\/sdf.hr\/wp-content\/uploads\/2022\/11\/Dublin-pas-1-scaled.jpg 2560w, https:\/\/sdf.hr\/wp-content\/uploads\/2022\/11\/Dublin-pas-1-300x235.jpg 300w, https:\/\/sdf.hr\/wp-content\/uploads\/2022\/11\/Dublin-pas-1-1024x803.jpg 1024w, https:\/\/sdf.hr\/wp-content\/uploads\/2022\/11\/Dublin-pas-1-768x602.jpg 768w, https:\/\/sdf.hr\/wp-content\/uploads\/2022\/11\/Dublin-pas-1-1536x1204.jpg 1536w, https:\/\/sdf.hr\/wp-content\/uploads\/2022\/11\/Dublin-pas-1-2048x1605.jpg 2048w\" sizes=\"auto, (max-width: 2560px) 100vw, 2560px\" \/><figcaption id=\"caption-attachment-2691\" class=\"wp-caption-text\">Na pla\u017ei nema nikog osim crnog psa (Foto: Lidija \u010culo)<\/figcaption><\/figure>\n<p>Bio je to posljednji izlazak pred povratak u Hrvatsku. Avion je opet bio pun. Blagdansko-januarska nostalgija? Kako za koga. Neki su oti\u0161li bez osvrtanja (&#8220;Da li mi fali Bosna? \u0160ta \u0107e mi Bosna?&#8221;), a neki se osvrnu s visoka (&#8220;Joj, kako se to ono ka\u017ee na hrvatskom\u2026&#8221;). Neki su morali oti\u0107i (&#8220;Depresivna sam ovdje, ali od \u010dega da \u017eivim dolje?&#8221;), a neki bi se rado vratili kad bi znali da ne\u0107e pora\u017eeno slu\u0161ati ono na\u0161e &#8220;jesam ti lijepo rekao&#8221;.<\/p>\n<p>Tu su i oni koji su jedva \u010dekali pobje\u0107i iz tamnice naroda, ali se poput igle kompasa uporno okre\u0107u prema domovini uz prijetnje kako se nikad ne\u0107e vratiti i kako ih ona ne zanima. I oni sentimentalniji koji \u0107e se vratiti ku\u0107i poput Rade \u0160erbed\u017eije koji ka\u017ee: &#8220;Jer ne \u017eelim da mi djeca zaborave korijene i jer sam se za\u017eelio Jadranskog mora, u koje sam cijeli \u017eivot bio zaljubljen&#8221;.<\/p>\n<p>Uo\u010di Bo\u017ei\u0107a, zbog svih njih porasli su \u0161verc paleta ajvara i \u0161teka cigareta te promet Bajaderama u dablinskom du\u0107anu zvanom Dunav, a irski HDZ otkazao je blagdansko dru\u017eenje u pubu nakon prijetnji molotovljevim koktelima.<\/p>\n<p>Dok smo mi odbrojavali dane do povratka ku\u0107i, netko je pakirao kofere s kartom za Irsku u jednom smjeru. Sada, godinu dana kasnije, taj netko prevr\u0107e Vegetu po Dunavu dok se mi \u010deznutljivo prisje\u0107amo Guinnessa, raskala\u0161enih izlazaka, slavenske solidarnosti i irskih susjeda koji su nam donosili Bo\u017ei\u0107nu \u0161unku. Sve je dobro dok nije \u2013 kako ono ide \u2013 &#8220;bolest onoga tko jo\u0161 nije shvatio da je danas nostalgija sutra\u0161njice&#8221;. U tom slu\u010daju osu\u0111eni smo na defetizam Roma kojeg pitaju kad \u0107e biti bolje, a on odgovara: Pa ve\u0107 je bilo\u2026<\/p>\n<p><em>pi\u0161e Lidija \u010culo<\/em><\/p>\n","protected":false},"excerpt":{"rendered":"<p>Ve\u0107 nakon pet dana radila sam na kasi du\u0107ana Yankee Candle za minimalac od 11 eura po satu. Za dva tjedna uslijedila je promocija u voditelja poslovnice, a kad mi je pla\u0107a stigla na vrijeme i sa samo dvije stavke dr\u017eavnih nameta, sjedila sam nad platnom listom mozgaju\u0107i u \u010demu je caka<\/p>\n","protected":false},"featured_media":2683,"template":"","tags":[131],"atribut":[],"class_list":["post-1428","nada","type-nada","status-publish","has-post-thumbnail","hentry","tag-reportaza"],"acf":[],"yoast_head":"<!-- This site is optimized with the Yoast SEO plugin v27.4 - https:\/\/yoast.com\/product\/yoast-seo-wordpress\/ -->\n<title>Sunce irskog neba - SDF - Srpski demokratski forum<\/title>\n<meta name=\"robots\" content=\"index, follow, max-snippet:-1, max-image-preview:large, max-video-preview:-1\" \/>\n<link rel=\"canonical\" href=\"https:\/\/sdf.hr\/hr\/nada\/sunce-irskog-neba\/\" \/>\n<meta property=\"og:locale\" content=\"hr_HR\" \/>\n<meta property=\"og:type\" content=\"article\" \/>\n<meta property=\"og:title\" content=\"Sunce irskog neba - SDF - Srpski demokratski forum\" \/>\n<meta property=\"og:description\" content=\"Ve\u0107 nakon pet dana radila sam na kasi du\u0107ana Yankee Candle za minimalac od 11 eura po satu. Za dva tjedna uslijedila je promocija u voditelja poslovnice, a kad mi je pla\u0107a stigla na vrijeme i sa samo dvije stavke dr\u017eavnih nameta, sjedila sam nad platnom listom mozgaju\u0107i u \u010demu je caka\" \/>\n<meta property=\"og:url\" content=\"https:\/\/sdf.hr\/hr\/nada\/sunce-irskog-neba\/\" \/>\n<meta property=\"og:site_name\" content=\"SDF - Srpski demokratski forum\" \/>\n<meta property=\"article:modified_time\" content=\"2023-03-17T14:54:06+00:00\" \/>\n<meta property=\"og:image\" content=\"https:\/\/sdf.hr\/wp-content\/uploads\/2022\/11\/Dublin_Lukas-Kloeppel-1.jpeg\" \/>\n\t<meta property=\"og:image:width\" content=\"1125\" \/>\n\t<meta property=\"og:image:height\" content=\"750\" \/>\n\t<meta property=\"og:image:type\" content=\"image\/jpeg\" \/>\n<meta name=\"twitter:card\" content=\"summary_large_image\" \/>\n<meta name=\"twitter:label1\" content=\"Procijenjeno vrijeme \u010ditanja\" \/>\n\t<meta name=\"twitter:data1\" content=\"9 minuta\" \/>\n<script type=\"application\/ld+json\" class=\"yoast-schema-graph\">{\"@context\":\"https:\\\/\\\/schema.org\",\"@graph\":[{\"@type\":\"WebPage\",\"@id\":\"https:\\\/\\\/sdf.hr\\\/hr\\\/nada\\\/sunce-irskog-neba\\\/\",\"url\":\"https:\\\/\\\/sdf.hr\\\/hr\\\/nada\\\/sunce-irskog-neba\\\/\",\"name\":\"Sunce irskog neba - SDF - Srpski demokratski forum\",\"isPartOf\":{\"@id\":\"https:\\\/\\\/sdf.hr\\\/#website\"},\"primaryImageOfPage\":{\"@id\":\"https:\\\/\\\/sdf.hr\\\/hr\\\/nada\\\/sunce-irskog-neba\\\/#primaryimage\"},\"image\":{\"@id\":\"https:\\\/\\\/sdf.hr\\\/hr\\\/nada\\\/sunce-irskog-neba\\\/#primaryimage\"},\"thumbnailUrl\":\"https:\\\/\\\/sdf.hr\\\/wp-content\\\/uploads\\\/2022\\\/11\\\/Dublin_Lukas-Kloeppel-1.jpeg\",\"datePublished\":\"2022-11-16T10:36:01+00:00\",\"dateModified\":\"2023-03-17T14:54:06+00:00\",\"breadcrumb\":{\"@id\":\"https:\\\/\\\/sdf.hr\\\/hr\\\/nada\\\/sunce-irskog-neba\\\/#breadcrumb\"},\"inLanguage\":\"hr\",\"potentialAction\":[{\"@type\":\"ReadAction\",\"target\":[\"https:\\\/\\\/sdf.hr\\\/hr\\\/nada\\\/sunce-irskog-neba\\\/\"]}]},{\"@type\":\"ImageObject\",\"inLanguage\":\"hr\",\"@id\":\"https:\\\/\\\/sdf.hr\\\/hr\\\/nada\\\/sunce-irskog-neba\\\/#primaryimage\",\"url\":\"https:\\\/\\\/sdf.hr\\\/wp-content\\\/uploads\\\/2022\\\/11\\\/Dublin_Lukas-Kloeppel-1.jpeg\",\"contentUrl\":\"https:\\\/\\\/sdf.hr\\\/wp-content\\\/uploads\\\/2022\\\/11\\\/Dublin_Lukas-Kloeppel-1.jpeg\",\"width\":1125,\"height\":750,\"caption\":\"Grad viskija i \u010detiri literarna nobelovca (Foto: Lukas Kloeppel)\"},{\"@type\":\"BreadcrumbList\",\"@id\":\"https:\\\/\\\/sdf.hr\\\/hr\\\/nada\\\/sunce-irskog-neba\\\/#breadcrumb\",\"itemListElement\":[{\"@type\":\"ListItem\",\"position\":1,\"name\":\"Po\u010detna stranica\",\"item\":\"https:\\\/\\\/sdf.hr\\\/hr\\\/\"},{\"@type\":\"ListItem\",\"position\":2,\"name\":\"Nada\",\"item\":\"https:\\\/\\\/sdf.hr\\\/nada\\\/\"},{\"@type\":\"ListItem\",\"position\":3,\"name\":\"Sunce irskog neba\"}]},{\"@type\":\"WebSite\",\"@id\":\"https:\\\/\\\/sdf.hr\\\/#website\",\"url\":\"https:\\\/\\\/sdf.hr\\\/\",\"name\":\"SDF - Srpski demokratski forum\",\"description\":\"Srpski demokratski forum\",\"publisher\":{\"@id\":\"https:\\\/\\\/sdf.hr\\\/#organization\"},\"potentialAction\":[{\"@type\":\"SearchAction\",\"target\":{\"@type\":\"EntryPoint\",\"urlTemplate\":\"https:\\\/\\\/sdf.hr\\\/?s={search_term_string}\"},\"query-input\":{\"@type\":\"PropertyValueSpecification\",\"valueRequired\":true,\"valueName\":\"search_term_string\"}}],\"inLanguage\":\"hr\"},{\"@type\":\"Organization\",\"@id\":\"https:\\\/\\\/sdf.hr\\\/#organization\",\"name\":\"SDF - Srpski demokratski forum\",\"url\":\"https:\\\/\\\/sdf.hr\\\/\",\"logo\":{\"@type\":\"ImageObject\",\"inLanguage\":\"hr\",\"@id\":\"https:\\\/\\\/sdf.hr\\\/#\\\/schema\\\/logo\\\/image\\\/\",\"url\":\"https:\\\/\\\/sdf.hr\\\/wp-content\\\/uploads\\\/2021\\\/07\\\/logo-hr.svg\",\"contentUrl\":\"https:\\\/\\\/sdf.hr\\\/wp-content\\\/uploads\\\/2021\\\/07\\\/logo-hr.svg\",\"width\":271,\"height\":100,\"caption\":\"SDF - Srpski demokratski forum\"},\"image\":{\"@id\":\"https:\\\/\\\/sdf.hr\\\/#\\\/schema\\\/logo\\\/image\\\/\"}}]}<\/script>\n<!-- \/ Yoast SEO plugin. -->","yoast_head_json":{"title":"Sunce irskog neba - SDF - Srpski demokratski forum","robots":{"index":"index","follow":"follow","max-snippet":"max-snippet:-1","max-image-preview":"max-image-preview:large","max-video-preview":"max-video-preview:-1"},"canonical":"https:\/\/sdf.hr\/hr\/nada\/sunce-irskog-neba\/","og_locale":"hr_HR","og_type":"article","og_title":"Sunce irskog neba - SDF - Srpski demokratski forum","og_description":"Ve\u0107 nakon pet dana radila sam na kasi du\u0107ana Yankee Candle za minimalac od 11 eura po satu. Za dva tjedna uslijedila je promocija u voditelja poslovnice, a kad mi je pla\u0107a stigla na vrijeme i sa samo dvije stavke dr\u017eavnih nameta, sjedila sam nad platnom listom mozgaju\u0107i u \u010demu je caka","og_url":"https:\/\/sdf.hr\/hr\/nada\/sunce-irskog-neba\/","og_site_name":"SDF - Srpski demokratski forum","article_modified_time":"2023-03-17T14:54:06+00:00","og_image":[{"width":1125,"height":750,"url":"https:\/\/sdf.hr\/wp-content\/uploads\/2022\/11\/Dublin_Lukas-Kloeppel-1.jpeg","type":"image\/jpeg"}],"twitter_card":"summary_large_image","twitter_misc":{"Procijenjeno vrijeme \u010ditanja":"9 minuta"},"schema":{"@context":"https:\/\/schema.org","@graph":[{"@type":"WebPage","@id":"https:\/\/sdf.hr\/hr\/nada\/sunce-irskog-neba\/","url":"https:\/\/sdf.hr\/hr\/nada\/sunce-irskog-neba\/","name":"Sunce irskog neba - SDF - Srpski demokratski forum","isPartOf":{"@id":"https:\/\/sdf.hr\/#website"},"primaryImageOfPage":{"@id":"https:\/\/sdf.hr\/hr\/nada\/sunce-irskog-neba\/#primaryimage"},"image":{"@id":"https:\/\/sdf.hr\/hr\/nada\/sunce-irskog-neba\/#primaryimage"},"thumbnailUrl":"https:\/\/sdf.hr\/wp-content\/uploads\/2022\/11\/Dublin_Lukas-Kloeppel-1.jpeg","datePublished":"2022-11-16T10:36:01+00:00","dateModified":"2023-03-17T14:54:06+00:00","breadcrumb":{"@id":"https:\/\/sdf.hr\/hr\/nada\/sunce-irskog-neba\/#breadcrumb"},"inLanguage":"hr","potentialAction":[{"@type":"ReadAction","target":["https:\/\/sdf.hr\/hr\/nada\/sunce-irskog-neba\/"]}]},{"@type":"ImageObject","inLanguage":"hr","@id":"https:\/\/sdf.hr\/hr\/nada\/sunce-irskog-neba\/#primaryimage","url":"https:\/\/sdf.hr\/wp-content\/uploads\/2022\/11\/Dublin_Lukas-Kloeppel-1.jpeg","contentUrl":"https:\/\/sdf.hr\/wp-content\/uploads\/2022\/11\/Dublin_Lukas-Kloeppel-1.jpeg","width":1125,"height":750,"caption":"Grad viskija i \u010detiri literarna nobelovca (Foto: Lukas Kloeppel)"},{"@type":"BreadcrumbList","@id":"https:\/\/sdf.hr\/hr\/nada\/sunce-irskog-neba\/#breadcrumb","itemListElement":[{"@type":"ListItem","position":1,"name":"Po\u010detna stranica","item":"https:\/\/sdf.hr\/hr\/"},{"@type":"ListItem","position":2,"name":"Nada","item":"https:\/\/sdf.hr\/nada\/"},{"@type":"ListItem","position":3,"name":"Sunce irskog neba"}]},{"@type":"WebSite","@id":"https:\/\/sdf.hr\/#website","url":"https:\/\/sdf.hr\/","name":"SDF - Srpski demokratski forum","description":"Srpski demokratski forum","publisher":{"@id":"https:\/\/sdf.hr\/#organization"},"potentialAction":[{"@type":"SearchAction","target":{"@type":"EntryPoint","urlTemplate":"https:\/\/sdf.hr\/?s={search_term_string}"},"query-input":{"@type":"PropertyValueSpecification","valueRequired":true,"valueName":"search_term_string"}}],"inLanguage":"hr"},{"@type":"Organization","@id":"https:\/\/sdf.hr\/#organization","name":"SDF - Srpski demokratski forum","url":"https:\/\/sdf.hr\/","logo":{"@type":"ImageObject","inLanguage":"hr","@id":"https:\/\/sdf.hr\/#\/schema\/logo\/image\/","url":"https:\/\/sdf.hr\/wp-content\/uploads\/2021\/07\/logo-hr.svg","contentUrl":"https:\/\/sdf.hr\/wp-content\/uploads\/2021\/07\/logo-hr.svg","width":271,"height":100,"caption":"SDF - Srpski demokratski forum"},"image":{"@id":"https:\/\/sdf.hr\/#\/schema\/logo\/image\/"}}]}},"_links":{"self":[{"href":"https:\/\/sdf.hr\/hr\/wp-json\/wp\/v2\/nada\/1428","targetHints":{"allow":["GET"]}}],"collection":[{"href":"https:\/\/sdf.hr\/hr\/wp-json\/wp\/v2\/nada"}],"about":[{"href":"https:\/\/sdf.hr\/hr\/wp-json\/wp\/v2\/types\/nada"}],"wp:featuredmedia":[{"embeddable":true,"href":"https:\/\/sdf.hr\/hr\/wp-json\/wp\/v2\/media\/2683"}],"wp:attachment":[{"href":"https:\/\/sdf.hr\/hr\/wp-json\/wp\/v2\/media?parent=1428"}],"wp:term":[{"taxonomy":"post_tag","embeddable":true,"href":"https:\/\/sdf.hr\/hr\/wp-json\/wp\/v2\/tags?post=1428"},{"taxonomy":"atribut","embeddable":true,"href":"https:\/\/sdf.hr\/hr\/wp-json\/wp\/v2\/atribut?post=1428"}],"curies":[{"name":"wp","href":"https:\/\/api.w.org\/{rel}","templated":true}]}}