{"id":1482,"date":"2022-11-30T10:34:16","date_gmt":"2022-11-30T09:34:16","guid":{"rendered":"https:\/\/sdf.hr\/?post_type=nada&#038;p=1482"},"modified":"2023-03-17T15:32:00","modified_gmt":"2023-03-17T14:32:00","slug":"vinska-prvakinja","status":"publish","type":"nada","link":"https:\/\/sdf.hr\/hr\/nada\/vinska-prvakinja\/","title":{"rendered":"Vinska prvakinja"},"content":{"rendered":"<p>Prije samo 15 godina u Srbiji gotovo i da nije bilo \u017eena koje su se profesionalno bavile ku\u0161anjem i ocjenjivanjem vina. Upregnutost tri ljudska \u010dula, izo\u0161treno nepce i dubokoumno razmi\u0161ljanje o aromi i slatko\u0107i s pola nosa u \u010da\u0161i, decenijama je bilo rezervirano za mu\u0161karce. Takav je bio i cijeli proces proizvodnje vina, po\u010dev\u0161i od vinograda do smje\u0161tanja u ba\u010dve i buteljiranja. \u017dene u vinogradarstvu kroz povijest su bile zastupljene prije svega kroz fizi\u010dki rad i te\u0161ke poslove u berbi.<\/p>\n<p>\u0110ur\u0111a Kati\u0107 iz Benkovca vjerojatno nije prva somelijerka u Srbiji, ali jest najzna\u010dajnija. Svojim pojavljivanjem i pobjedom na dr\u017eavnom natjecanju za najboljeg somelijera 2008., tek malo poslije poha\u0111anja kursa, razmrdala je uspavanu vinsku scenu u nastanku. Va\u017eno je re\u0107i da je razvijanje masovnije vinske kulture u Srbiji zapo\u010delo tek nedavno. Uostalom, to je zato \u0161to je dr\u017eava primarno brendirana kroz \u0161ljivovicu i ostala \u017eestoka pi\u0107a.<\/p>\n<p>Benkov\u010danka s diplomom Tehnolo\u0161kog fakulteta u Novom Sadu je \u010dak dva puta zaredom bila dr\u017eavna prvakinja u poznavanju vina. Neki \u0107e re\u0107i da je to sasvim o\u010dekivano jer kad je u pri\u010di Benkovac, tu negdje je i vino. Neraskidiva veza izme\u0111u odre\u0111ene geografije i alkohola se i u ovom slu\u010daju ispostavila kao presudna.<\/p>\n<p>\u0110ur\u0111a je jo\u0161 od djetinjstva 1980-ih godina sudjelovala u preradi gro\u017e\u0111a u ku\u0107i svoga djeda i u roditeljskoj ku\u0107i u Benkovcu. Kako govori za Nadu, bila je to naturalna proizvodnja vina, odnosno proizvodnja samo za osobne potrebe kakva ve\u0107inom vlada i danas na tom prostoru. Ona od formativnih godina poznaje mirise vina u razli\u010ditim fazama zrelosti, miris konobe i fermentiranja, a isto tako i okuse.<\/p>\n<p>\u2014 Tada nisam imala ideju da \u0107u se kasnije \u017eivotno posvetiti ba\u0161 vinu. Moje detinjstvo je bilo prili\u010dno bezbri\u017eno, kao i kod ve\u0107ine, dok se nije desio rat i izbegli\u0161tvo. To nas je preko no\u0107i nateralo da odrastemo i po\u010dnemo da se borimo kroz \u017eivot &#8211; pri\u010da \u0110ur\u0111a.<\/p>\n<p>Danas kao majka jedne djevoj\u010dice i druge na putu, ljeti rado posje\u0107uje oca koji \u017eivi u Benkovcu. Nekada\u0161nji vinogradi i obradive povr\u0161ine u Ravnim kotarima, gdje je \u0110ur\u0111a stekla prvo radno iskustvo, vi\u0161e ne postoje.<\/p>\n<p>Izbjegli Benkov\u010dani u Srbiju su sa sobom donijeli i vino kao dio \u017eivotne kulture. Oni koji su naselili vojvo\u0111anske krajeve, vino proizvode od dostupnog sortimenta koji je karakteristi\u010dan za to podru\u010dje. Tko je sa\u010duvao vinograde kod ku\u0107e, na daljinu ih poku\u0161ava odr\u017eavati. Me\u0111u njima ima i onih koji su se zbog vina, maslinovog ulja i op\u0107enito mediteranskog tipa prehrane, vratili u Benkovac.<\/p>\n<p>\u2014 Dalmatincima je najbitnija stavka njihov na\u010din \u017eivota, a to sigurno podrazumeva svakodnevno u\u017eivanje u vinu kao sastavnom delu kulture stola. Vino kod Dalmatinaca naj\u010de\u0161\u0107e dolazi u formi bevande, vi\u0161e nego \u0161to je slu\u010daj u mom dana\u0161njem okru\u017eenju &#8211; primje\u0107uje \u0110ur\u0111a.<\/p>\n<p>Njen rad, upornost i istan\u010dan okus za vina brzo su uo\u010dili stru\u010dnjaci. \u0110ur\u0111a je prva \u017eena koja je kreirala vinsku kartu u kultnom beogradskom restoranu Madera jo\u0161 2010. U \u0161ali voli re\u0107i da je njenim dolaskom u Maderu kro\u010dila prva \u017eenska noga u tu instituciju od restorana koji je otvoren jo\u0161 1937. Izvjesno vrijeme je profesionalno radila kao somelijerka. Danas je predsjednica Upravnog odbora Udru\u017eenja somelijera Srbije. Radi i kao akreditirana ocjenjiva\u010dica vina u Srbiji i kao me\u0111unarodna vinska sutkinja. Osam godina redovno ocjenjuje vina na Vinistri te pet godina na MundusViniju. Probala je i procjenjivala na desetine i desetine hiljada vina \u0161irom svijeta.<\/p>\n<figure id=\"attachment_2655\" aria-describedby=\"caption-attachment-2655\" style=\"width: 2560px\" class=\"wp-caption alignnone\"><img loading=\"lazy\" decoding=\"async\" class=\"wp-image-2655 size-full\" src=\"https:\/\/sdf.hr\/wp-content\/uploads\/2022\/11\/Katic2_Ivana-Cutura-1-scaled.jpg\" alt=\"\" width=\"2560\" height=\"1709\" srcset=\"https:\/\/sdf.hr\/wp-content\/uploads\/2022\/11\/Katic2_Ivana-Cutura-1-scaled.jpg 2560w, https:\/\/sdf.hr\/wp-content\/uploads\/2022\/11\/Katic2_Ivana-Cutura-1-300x200.jpg 300w, https:\/\/sdf.hr\/wp-content\/uploads\/2022\/11\/Katic2_Ivana-Cutura-1-1024x683.jpg 1024w, https:\/\/sdf.hr\/wp-content\/uploads\/2022\/11\/Katic2_Ivana-Cutura-1-768x513.jpg 768w, https:\/\/sdf.hr\/wp-content\/uploads\/2022\/11\/Katic2_Ivana-Cutura-1-1536x1025.jpg 1536w, https:\/\/sdf.hr\/wp-content\/uploads\/2022\/11\/Katic2_Ivana-Cutura-1-2048x1367.jpg 2048w\" sizes=\"auto, (max-width: 2560px) 100vw, 2560px\" \/><figcaption id=\"caption-attachment-2655\" class=\"wp-caption-text\">\u0110ur\u0111a Kati\u0107 (Foto: Ivana \u010cutura\/Vino.rs)<\/figcaption><\/figure>\n<p>\u2014 Danas radim u svetu vina na vi\u0161e razli\u010ditih pozicija. Bavim se proizvodnjom vina, edukacijom somelijera, ocenjivanjem vina u zemlji i inostranstvu i pi\u0161em o vinu. Svaki dan je druga\u010diji. Po\u010dinjem rano ujutro i danima mi se \u010dini da po ceo dan radim. Volim to &#8211; otkriva \u0110ur\u0111a.<\/p>\n<p>Zanimljivo je da trenutno vodi vinariju na Fru\u0161koj Gori koja se bavi organskom i biodinami\u010dkom proizvodnjom gro\u017e\u0111a i vina. Vinarija Imperator iz Erdevika je ujedno i za\u010detnik biodinamike u Srbiji. Rije\u010d je o vrlo zahtjevnoj proizvodnji koja se nalazi jedan stupanj iznad ekolo\u0161ke. Osim primjene prirodnih sredstava, uva\u017eavanja procesa u prirodi i bioraznolikosti, u biodinamici se detaljno prate i mjese\u010deve mijene. U ovom na\u010dinu obrade vino se ne filtrira, ve\u0107 odle\u017eava nekoliko godina. \u0110ur\u0111a nagla\u0161ava da se u takvim vinogradima mora pokloniti vi\u0161e pa\u017enje na povezanost izme\u0111u loze i prirode te da vinograd mora funkcionirati kao samoodr\u017eivi zatvoren sustav.<\/p>\n<p>Vino Claudivs 201 iz \u0110ur\u0111inog Imperatora nedavno je dobilo me\u0111unarodnu potvrdu sertifikacijskog tijela Demeter, \u0161to potvr\u0111uje da su u proizvodnji dosljedno primijenili biodinami\u010dke prakse.<\/p>\n<p>\u2014 Demeter sertifikat smo dobili prvi i jedini u Srbiji i na to sam izuzetno ponosna. Biodinamika je na\u010din na koji vodimo na\u0161e vinograde i proizvodnju vina i to se u vinu oseti. U vinogradu imamo vi\u0161e sorti vinove loze, s tim da je poslednjih godina fokus na autohtonom sortimentu. Ukupan zasad je devet hektara u Erdeviku uz jo\u0161 1,5 hektar u Rakovcu. Ovaj vinograd se nalazi u ekstremnim uslovima sa izuzetno malim prinosima, ali ima svoje posebnosti &#8211; obja\u0161njava \u0110ur\u0111a.<\/p>\n<p>Ispijanje dobrih vina je skup sport pa se za kvalitetne butelje odlu\u010dujemo samo u posebnim prigodama. Stoga se name\u0107e pitanje \u2013 da li je u \u0110ur\u0111inom poslu bitna startna pozicija i po\u010detni kapital? Ona ogovara \u2013 za po\u010detak u somelijerstvu je samo va\u017eno da to \u017eelite.<\/p>\n<p>Iako je \u0110ur\u0111a kao studentica s obitelji \u017eivjela vrlo skromno, ona ka\u017ee da su uspjeli na\u0107i na\u010din i izvor sredstava za kvalitetnija vina, kako bi se mogla tome posvetiti 100 posto.<\/p>\n<p>\u2014 Po\u010dela sam da se bavim vinom tokom studija s malo novaca, ali s ogromnom \u017eeljom da budem najbolja u svom poslu. To je za mene bio potpuno novi i \u010daroban svet. Deset godina je sve bilo podre\u0111eno samo vinu, u\u010denju i putovanjima. De\u0161avalo se da prijateljice i porodicu mesecima ne vidim i ne \u010dujem, a da toga nisam ni bila svesna. I prvi put sam osvestila sebe kao novu osobu kada mi je iza\u0161ao intervju u Ve\u010dernjim novostima. U uvodu su me predstavili kao &#8220;neverovatnu \u017eenu&#8221; i danima sam se pitala da li sam to zaista ja. Iako je bilo mnogo odricanja, ne bih promenila niti jedan dan svog razvojnog puta &#8211; govori \u0110ur\u0111a.<\/p>\n<p>A da li kvalitetno vino nu\u017eno mora biti skupo ili je to samo predrasuda? Somelijerka nam govori da cijenu uglavnom osmi\u0161ljava proizvo\u0111a\u010d, sam ili uz pomo\u0107 va\u017enih kriti\u010dara, putem ocjena s natjecanja ili pak po reakcijama s tr\u017ei\u0161ta.<\/p>\n<p>\u2014 Meni se de\u0161avalo da u Srbiji u vinarijama probam neverovatna vina koja proizvo\u0111a\u010di nisu prepoznali i prodavali su po relativno niskim cenama. Sa druge strane, \u010desto se de\u0161ava da nailazim na vina koja ne vrede onoliko koliko ko\u0161taju. Ima svega. Ali izuzetna, vanserijska vina \u0107ete te\u0161ko na\u0107i za male pare, na\u017ealost &#8211; poja\u0161njava ona.<\/p>\n<p>Bez obzira \u0161to vina poznaje u du\u0161u, \u0110ur\u0111a ne mo\u017ee izdvojiti omiljeno. Najvi\u0161e cijeni &#8220;iskrena vina&#8221;, ona koja u sebi nose karakter sorte, podneblja i \u010dovjeka.<\/p>\n<p>\u2014 Cenim kada se ulo\u017ei mnogo rada u vinograd i u lozu pre svega, pa onda rad u podrumu slu\u017ei upravo gore navedenoj svrsi. Davno je neko rekao da se vino stvara u vinogradu i to je ne\u0161to \u010dime se vodim. Cenim struku, ali ona ne mo\u017ee da nadoknadi su\u0161tinu, a to je dobro gro\u017e\u0111e &#8211; zaklju\u010duje \u0110ur\u0111a Kati\u0107.<\/p>\n<p><em>pi\u0161e Anja Ko\u017eul<\/em><\/p>\n","protected":false},"excerpt":{"rendered":"<p>\u0110ur\u0111a Kati\u0107 je od djetinjstva sudjelovala u preradi gro\u017e\u0111a u ku\u0107i svoga djeda i u roditeljskoj ku\u0107i u Benkovcu. Danas je predsjednica Upravnog odbora Udru\u017eenja somelijera Srbije i me\u0111unarodna vinska sutkinja. Vodi vinariju, dr\u017ei edukacije i pi\u0161e o vinu<\/p>\n","protected":false},"featured_media":2659,"template":"","tags":[136],"atribut":[],"class_list":["post-1482","nada","type-nada","status-publish","has-post-thumbnail","hentry","tag-portret"],"acf":[],"yoast_head":"<!-- This site is optimized with the Yoast SEO plugin v27.4 - https:\/\/yoast.com\/product\/yoast-seo-wordpress\/ -->\n<title>Vinska prvakinja - SDF - Srpski demokratski forum<\/title>\n<meta name=\"robots\" content=\"index, follow, max-snippet:-1, max-image-preview:large, max-video-preview:-1\" \/>\n<link rel=\"canonical\" href=\"https:\/\/sdf.hr\/hr\/nada\/vinska-prvakinja\/\" \/>\n<meta property=\"og:locale\" content=\"hr_HR\" \/>\n<meta property=\"og:type\" content=\"article\" \/>\n<meta property=\"og:title\" content=\"Vinska prvakinja - SDF - Srpski demokratski forum\" \/>\n<meta property=\"og:description\" content=\"\u0110ur\u0111a Kati\u0107 je od djetinjstva sudjelovala u preradi gro\u017e\u0111a u ku\u0107i svoga djeda i u roditeljskoj ku\u0107i u Benkovcu. Danas je predsjednica Upravnog odbora Udru\u017eenja somelijera Srbije i me\u0111unarodna vinska sutkinja. Vodi vinariju, dr\u017ei edukacije i pi\u0161e o vinu\" \/>\n<meta property=\"og:url\" content=\"https:\/\/sdf.hr\/hr\/nada\/vinska-prvakinja\/\" \/>\n<meta property=\"og:site_name\" content=\"SDF - Srpski demokratski forum\" \/>\n<meta property=\"article:modified_time\" content=\"2023-03-17T14:32:00+00:00\" \/>\n<meta property=\"og:image\" content=\"https:\/\/sdf.hr\/wp-content\/uploads\/2022\/11\/Katic1_Ivana-Cutura-1-scaled.jpg\" \/>\n\t<meta property=\"og:image:width\" content=\"2560\" \/>\n\t<meta property=\"og:image:height\" content=\"1703\" \/>\n\t<meta property=\"og:image:type\" content=\"image\/jpeg\" \/>\n<meta name=\"twitter:card\" content=\"summary_large_image\" \/>\n<meta name=\"twitter:label1\" content=\"Procijenjeno vrijeme \u010ditanja\" \/>\n\t<meta name=\"twitter:data1\" content=\"7 minuta\" \/>\n<script type=\"application\/ld+json\" class=\"yoast-schema-graph\">{\"@context\":\"https:\\\/\\\/schema.org\",\"@graph\":[{\"@type\":\"WebPage\",\"@id\":\"https:\\\/\\\/sdf.hr\\\/hr\\\/nada\\\/vinska-prvakinja\\\/\",\"url\":\"https:\\\/\\\/sdf.hr\\\/hr\\\/nada\\\/vinska-prvakinja\\\/\",\"name\":\"Vinska prvakinja - SDF - Srpski demokratski forum\",\"isPartOf\":{\"@id\":\"https:\\\/\\\/sdf.hr\\\/#website\"},\"primaryImageOfPage\":{\"@id\":\"https:\\\/\\\/sdf.hr\\\/hr\\\/nada\\\/vinska-prvakinja\\\/#primaryimage\"},\"image\":{\"@id\":\"https:\\\/\\\/sdf.hr\\\/hr\\\/nada\\\/vinska-prvakinja\\\/#primaryimage\"},\"thumbnailUrl\":\"https:\\\/\\\/sdf.hr\\\/wp-content\\\/uploads\\\/2022\\\/11\\\/Katic1_Ivana-Cutura-1-scaled.jpg\",\"datePublished\":\"2022-11-30T09:34:16+00:00\",\"dateModified\":\"2023-03-17T14:32:00+00:00\",\"breadcrumb\":{\"@id\":\"https:\\\/\\\/sdf.hr\\\/hr\\\/nada\\\/vinska-prvakinja\\\/#breadcrumb\"},\"inLanguage\":\"hr\",\"potentialAction\":[{\"@type\":\"ReadAction\",\"target\":[\"https:\\\/\\\/sdf.hr\\\/hr\\\/nada\\\/vinska-prvakinja\\\/\"]}]},{\"@type\":\"ImageObject\",\"inLanguage\":\"hr\",\"@id\":\"https:\\\/\\\/sdf.hr\\\/hr\\\/nada\\\/vinska-prvakinja\\\/#primaryimage\",\"url\":\"https:\\\/\\\/sdf.hr\\\/wp-content\\\/uploads\\\/2022\\\/11\\\/Katic1_Ivana-Cutura-1-scaled.jpg\",\"contentUrl\":\"https:\\\/\\\/sdf.hr\\\/wp-content\\\/uploads\\\/2022\\\/11\\\/Katic1_Ivana-Cutura-1-scaled.jpg\",\"width\":2560,\"height\":1703,\"caption\":\"\u0110ur\u0111a Kati\u0107 (Foto: Ivana \u010cutura\\\/Vino.rs)\"},{\"@type\":\"BreadcrumbList\",\"@id\":\"https:\\\/\\\/sdf.hr\\\/hr\\\/nada\\\/vinska-prvakinja\\\/#breadcrumb\",\"itemListElement\":[{\"@type\":\"ListItem\",\"position\":1,\"name\":\"Po\u010detna stranica\",\"item\":\"https:\\\/\\\/sdf.hr\\\/hr\\\/\"},{\"@type\":\"ListItem\",\"position\":2,\"name\":\"Nada\",\"item\":\"https:\\\/\\\/sdf.hr\\\/nada\\\/\"},{\"@type\":\"ListItem\",\"position\":3,\"name\":\"Vinska prvakinja\"}]},{\"@type\":\"WebSite\",\"@id\":\"https:\\\/\\\/sdf.hr\\\/#website\",\"url\":\"https:\\\/\\\/sdf.hr\\\/\",\"name\":\"SDF - Srpski demokratski forum\",\"description\":\"Srpski demokratski forum\",\"publisher\":{\"@id\":\"https:\\\/\\\/sdf.hr\\\/#organization\"},\"potentialAction\":[{\"@type\":\"SearchAction\",\"target\":{\"@type\":\"EntryPoint\",\"urlTemplate\":\"https:\\\/\\\/sdf.hr\\\/?s={search_term_string}\"},\"query-input\":{\"@type\":\"PropertyValueSpecification\",\"valueRequired\":true,\"valueName\":\"search_term_string\"}}],\"inLanguage\":\"hr\"},{\"@type\":\"Organization\",\"@id\":\"https:\\\/\\\/sdf.hr\\\/#organization\",\"name\":\"SDF - Srpski demokratski forum\",\"url\":\"https:\\\/\\\/sdf.hr\\\/\",\"logo\":{\"@type\":\"ImageObject\",\"inLanguage\":\"hr\",\"@id\":\"https:\\\/\\\/sdf.hr\\\/#\\\/schema\\\/logo\\\/image\\\/\",\"url\":\"https:\\\/\\\/sdf.hr\\\/wp-content\\\/uploads\\\/2021\\\/07\\\/logo-hr.svg\",\"contentUrl\":\"https:\\\/\\\/sdf.hr\\\/wp-content\\\/uploads\\\/2021\\\/07\\\/logo-hr.svg\",\"width\":271,\"height\":100,\"caption\":\"SDF - Srpski demokratski forum\"},\"image\":{\"@id\":\"https:\\\/\\\/sdf.hr\\\/#\\\/schema\\\/logo\\\/image\\\/\"}}]}<\/script>\n<!-- \/ Yoast SEO plugin. -->","yoast_head_json":{"title":"Vinska prvakinja - SDF - Srpski demokratski forum","robots":{"index":"index","follow":"follow","max-snippet":"max-snippet:-1","max-image-preview":"max-image-preview:large","max-video-preview":"max-video-preview:-1"},"canonical":"https:\/\/sdf.hr\/hr\/nada\/vinska-prvakinja\/","og_locale":"hr_HR","og_type":"article","og_title":"Vinska prvakinja - SDF - Srpski demokratski forum","og_description":"\u0110ur\u0111a Kati\u0107 je od djetinjstva sudjelovala u preradi gro\u017e\u0111a u ku\u0107i svoga djeda i u roditeljskoj ku\u0107i u Benkovcu. Danas je predsjednica Upravnog odbora Udru\u017eenja somelijera Srbije i me\u0111unarodna vinska sutkinja. Vodi vinariju, dr\u017ei edukacije i pi\u0161e o vinu","og_url":"https:\/\/sdf.hr\/hr\/nada\/vinska-prvakinja\/","og_site_name":"SDF - Srpski demokratski forum","article_modified_time":"2023-03-17T14:32:00+00:00","og_image":[{"width":2560,"height":1703,"url":"https:\/\/sdf.hr\/wp-content\/uploads\/2022\/11\/Katic1_Ivana-Cutura-1-scaled.jpg","type":"image\/jpeg"}],"twitter_card":"summary_large_image","twitter_misc":{"Procijenjeno vrijeme \u010ditanja":"7 minuta"},"schema":{"@context":"https:\/\/schema.org","@graph":[{"@type":"WebPage","@id":"https:\/\/sdf.hr\/hr\/nada\/vinska-prvakinja\/","url":"https:\/\/sdf.hr\/hr\/nada\/vinska-prvakinja\/","name":"Vinska prvakinja - SDF - Srpski demokratski forum","isPartOf":{"@id":"https:\/\/sdf.hr\/#website"},"primaryImageOfPage":{"@id":"https:\/\/sdf.hr\/hr\/nada\/vinska-prvakinja\/#primaryimage"},"image":{"@id":"https:\/\/sdf.hr\/hr\/nada\/vinska-prvakinja\/#primaryimage"},"thumbnailUrl":"https:\/\/sdf.hr\/wp-content\/uploads\/2022\/11\/Katic1_Ivana-Cutura-1-scaled.jpg","datePublished":"2022-11-30T09:34:16+00:00","dateModified":"2023-03-17T14:32:00+00:00","breadcrumb":{"@id":"https:\/\/sdf.hr\/hr\/nada\/vinska-prvakinja\/#breadcrumb"},"inLanguage":"hr","potentialAction":[{"@type":"ReadAction","target":["https:\/\/sdf.hr\/hr\/nada\/vinska-prvakinja\/"]}]},{"@type":"ImageObject","inLanguage":"hr","@id":"https:\/\/sdf.hr\/hr\/nada\/vinska-prvakinja\/#primaryimage","url":"https:\/\/sdf.hr\/wp-content\/uploads\/2022\/11\/Katic1_Ivana-Cutura-1-scaled.jpg","contentUrl":"https:\/\/sdf.hr\/wp-content\/uploads\/2022\/11\/Katic1_Ivana-Cutura-1-scaled.jpg","width":2560,"height":1703,"caption":"\u0110ur\u0111a Kati\u0107 (Foto: Ivana \u010cutura\/Vino.rs)"},{"@type":"BreadcrumbList","@id":"https:\/\/sdf.hr\/hr\/nada\/vinska-prvakinja\/#breadcrumb","itemListElement":[{"@type":"ListItem","position":1,"name":"Po\u010detna stranica","item":"https:\/\/sdf.hr\/hr\/"},{"@type":"ListItem","position":2,"name":"Nada","item":"https:\/\/sdf.hr\/nada\/"},{"@type":"ListItem","position":3,"name":"Vinska prvakinja"}]},{"@type":"WebSite","@id":"https:\/\/sdf.hr\/#website","url":"https:\/\/sdf.hr\/","name":"SDF - Srpski demokratski forum","description":"Srpski demokratski forum","publisher":{"@id":"https:\/\/sdf.hr\/#organization"},"potentialAction":[{"@type":"SearchAction","target":{"@type":"EntryPoint","urlTemplate":"https:\/\/sdf.hr\/?s={search_term_string}"},"query-input":{"@type":"PropertyValueSpecification","valueRequired":true,"valueName":"search_term_string"}}],"inLanguage":"hr"},{"@type":"Organization","@id":"https:\/\/sdf.hr\/#organization","name":"SDF - Srpski demokratski forum","url":"https:\/\/sdf.hr\/","logo":{"@type":"ImageObject","inLanguage":"hr","@id":"https:\/\/sdf.hr\/#\/schema\/logo\/image\/","url":"https:\/\/sdf.hr\/wp-content\/uploads\/2021\/07\/logo-hr.svg","contentUrl":"https:\/\/sdf.hr\/wp-content\/uploads\/2021\/07\/logo-hr.svg","width":271,"height":100,"caption":"SDF - Srpski demokratski forum"},"image":{"@id":"https:\/\/sdf.hr\/#\/schema\/logo\/image\/"}}]}},"_links":{"self":[{"href":"https:\/\/sdf.hr\/hr\/wp-json\/wp\/v2\/nada\/1482","targetHints":{"allow":["GET"]}}],"collection":[{"href":"https:\/\/sdf.hr\/hr\/wp-json\/wp\/v2\/nada"}],"about":[{"href":"https:\/\/sdf.hr\/hr\/wp-json\/wp\/v2\/types\/nada"}],"wp:featuredmedia":[{"embeddable":true,"href":"https:\/\/sdf.hr\/hr\/wp-json\/wp\/v2\/media\/2659"}],"wp:attachment":[{"href":"https:\/\/sdf.hr\/hr\/wp-json\/wp\/v2\/media?parent=1482"}],"wp:term":[{"taxonomy":"post_tag","embeddable":true,"href":"https:\/\/sdf.hr\/hr\/wp-json\/wp\/v2\/tags?post=1482"},{"taxonomy":"atribut","embeddable":true,"href":"https:\/\/sdf.hr\/hr\/wp-json\/wp\/v2\/atribut?post=1482"}],"curies":[{"name":"wp","href":"https:\/\/api.w.org\/{rel}","templated":true}]}}