{"id":1525,"date":"2022-12-13T12:43:07","date_gmt":"2022-12-13T11:43:07","guid":{"rendered":"https:\/\/sdf.hr\/?post_type=nada&#038;p=1525"},"modified":"2023-03-16T17:48:58","modified_gmt":"2023-03-16T16:48:58","slug":"zgrada-beocinske-recesije","status":"publish","type":"nada","link":"https:\/\/sdf.hr\/hr\/nada\/zgrada-beocinske-recesije\/","title":{"rendered":"Zgrada beo\u010dinske recesije"},"content":{"rendered":"<p>Dvorce, pogotovo one napu\u0161tene, uvijek prate legende. \u010cesto su te legende ve\u0107 toliko puta pro\u017evakane da ne interesiraju ni potpuno bezidejne turiste koji su ih \u010duli na deset drugih mjesta: zabranjene ljubavi, du\u0161e mrtvih, zakopana blaga i ostale pri\u010de kakve \u010dovjek obi\u010dno mo\u017ee prona\u0107i iza ki\u010dastih naslovnica i &#8220;triler&#8221; fontova na jeftinim knjigama za tramvaj. Podno Fru\u0161ke gore u Vojvodini, u malom mjestu Beo\u010din na ju\u017enim obalama Dunava, jedna sasvim druga pri\u010da.<\/p>\n<p>Razbijenih prozora i obgrljena korovom, neugledna zgrada uz cestu do\u010dekuje nas \u017ei\u010danom ogradom i upozorenjem o strogo zabranjenom pristupu zbog mogu\u0107nosti uru\u0161avanja. Stoga smo se blatnjavim puteljkom vratili na stra\u017enji prilaz i iskoristili rupe u \u017ei\u010danoj ogradi kao i mnogi prije nas. Dok smo se probijali kroz izrezanu \u017eicu i tapkali po krckavom li\u0161\u0107u i granju, promatrala nas je nasmije\u0161ena bakica u debeloj crnoj jakni. &#8220;Samo u\u0111ite!&#8221; viknula je kao da je u pitanju njena ku\u0107a, a ne dvorac obitelji Spitzer.<\/p>\n<p>Dvorac tako oronuo i ogoljen da se ve\u0107 s ceste nazire njegov \u0161areni kostur. Popucala fasada i krov zakrpan daskama svojim prljavim bojama uklopili su se u grobarsko februarsko sivilo, a zvuk vjetra koji te\u010de kroz prozore bez stakla i \u0161kripava vrata nadopunjavao se s umornim njihanjem golih grana drve\u0107a. \u010cudo je da se nisu uru\u0161ili bogato dekorirani dimnjaci, nalik starim zidnim satovima s pticom kukavicom i mno\u0161tvom ukrasnih rezbarija. S pro\u010delja jo\u0161 uvijek str\u0161e gipsane glave \u017eivotinja i zvijeri, a pod nogama se prepli\u0107u ostaci mozaika i starih narkomanskih igli. Jarke boje na ornamentima i korintskim stupovima posebno su upadljive me\u0111u zidovima koji djeluju kao gomila pokislih, sivih kartona, ili ocvalih tapeta, kao da ih je netko naknadno obojao.<\/p>\n<figure id=\"attachment_2633\" aria-describedby=\"caption-attachment-2633\" style=\"width: 2560px\" class=\"wp-caption alignnone\"><img loading=\"lazy\" decoding=\"async\" class=\"wp-image-2633 size-full\" src=\"https:\/\/sdf.hr\/wp-content\/uploads\/2022\/12\/Dvorac2-1-scaled.jpg\" alt=\"\" width=\"2560\" height=\"1920\" srcset=\"https:\/\/sdf.hr\/wp-content\/uploads\/2022\/12\/Dvorac2-1-scaled.jpg 2560w, https:\/\/sdf.hr\/wp-content\/uploads\/2022\/12\/Dvorac2-1-300x225.jpg 300w, https:\/\/sdf.hr\/wp-content\/uploads\/2022\/12\/Dvorac2-1-1024x768.jpg 1024w, https:\/\/sdf.hr\/wp-content\/uploads\/2022\/12\/Dvorac2-1-768x576.jpg 768w, https:\/\/sdf.hr\/wp-content\/uploads\/2022\/12\/Dvorac2-1-1536x1152.jpg 1536w, https:\/\/sdf.hr\/wp-content\/uploads\/2022\/12\/Dvorac2-1-2048x1536.jpg 2048w\" sizes=\"auto, (max-width: 2560px) 100vw, 2560px\" \/><figcaption id=\"caption-attachment-2633\" class=\"wp-caption-text\">&#8220;Sve je u redu, petak je u sredu&#8221;, pi\u0161e na zidu (Foto: Lidija \u010culo)<\/figcaption><\/figure>\n<p>Novosadski pisac i re\u017eiser Milan Belegi\u0161anin je skulpture i ukrase na zidovima opisao kao &#8220;izva\u0111ene iz nekog pono\u0107nog va\u0161ara duhova&#8221;, a pri\u010du o njihovom nastanku smjestio je u pergamente prona\u0111ene u pepelu dvorske pe\u0107i. Na njima je ispisana pri\u010da o Nadoru, \u0161utljivom \u010dovjeku koji na svakoj ruci ima sedam prstiju. Svojim ogromnim \u0161akama izra\u0111uje ukrase, gipsane glave \u017eivotinja koje &#8220;kao da su iza\u0161le iz izobli\u010dene ma\u0161te nekog zlog \u010dovjeka koji nikad u \u017eivotu nikog nije volio, kao da \u0161alju poruke mr\u017enje i crnila&#8221;. Rad prekida samo jutrom kada se moli izlaze\u0107em suncu. Posljednjeg dana rada zastao je da se divi svom djelu i ponosan, otvorio desnu \u0161aku, punu mrvica kruha. U \u0161aku je sletjela nje\u017ena bijela golubica i, ba\u0161 kada se pisac za\u010dudio njegovoj blagosti, Nador ju je ubio stiskom ruke i bacio grudu krvavog perja prema dimnjaku. U sumrak je prilegao da odmori pred put, a onda ga je stigla osveta \u2013 golubovi su ga pokrili izmetom, tako da su ga potpuno zalijepili za divan.<\/p>\n<p>Takva je legenda o starom vojvo\u0111anskom dvorcu Spitzer, ili \u0160picer po Vuku. Eduard Spitzer bio je suvlasnik obli\u017enje beo\u010dinske cementare sredinom 19. stolje\u0107a. Stoga je upravo ovdje dao sagraditi dvorac za svoju obitelj kako bi lak\u0161e nadzirao poslove u cementari. Op\u0107enito, bio je ovo prosperitetan period za \u017didove u Vojvodini: od kraja 1860-ih postali su ravnopravni, otvorile su im se brojne dru\u0161tvene institucije i nove prilike. Kad su u 19. stolje\u0107u krenule proizvodnja i &#8220;plamene zore&#8221;, \u017eivnulo je i malo mjesto Beo\u010din. Preko no\u0107i uz ovaj industrijski kompleks niknule su radni\u010dke kolonije tj. naselja za radnike cementare i njihove obitelji. Cement iz tvornice kori\u0161ten je za gradnju slavnog lan\u010danog mosta u Budimpe\u0161ti, a proizvodnja se dodatno poja\u010dala uo\u010di Prvog svjetskog rata. Vlasnici cementare, me\u0111u njima i Spitzer, kupili su jo\u0161 dvije tvornice cementa u Slova\u010dkoj i Ma\u0111arskoj.<\/p>\n<p>Kada bismo, filmski poput Jamesa Camerona, zaronili u zlatno doba dvorca Spitzer, pred nama bi o\u017eivjela europska <em>belle epoque<\/em>: kavane s kultnim be\u010dkim stolcima, bur\u017eoaski smijeh popra\u0107en kuckanjem \u010da\u0161a za vino, Straussove simfonije. Predivna epoha trajala je nekoliko desetlje\u0107a prije Prvog svjetskog rata. Druga industrijska revolucija, kolonijalna ekspanzija, ekonomski prosperitet i znanstvene inovacije potaknuli su optimisti\u010dnu zaigranost, optimizam i <em>joie de vivre<\/em>. Radost \u017eivljenja preto\u010dila se i u umjetnost, to\u010dnije u be\u010dki secesijski stil prezentiran u \u010dasopisu prigodnog imena &#8220;Ver Sacrum&#8221; \u2013 sveto prolje\u0107e. Ba\u0161 zbog sveop\u0107e industrijalizacije koja je obgrlila gradove svojim pipcima u obliku dimnjaka, pruga, cesta i \u010desto bezli\u010dnih fasada, javila se potreba za oplemenjivanjem prostora, spajanjem lijepog i prakti\u010dnog. <em>Art Nouveau<\/em> tj. austrijska verzija zvana secesijom, pobjegli su od sivila i cigle, be\u010dkog kulturnog izolacionizma i akademskih kanona u umjetnosti, u neki drugi svijet, u prirodu i njene nevine linije i boje. Secesija je tako \u2013 uvelike i zahvaljuju\u0107i \u017eidovskim mecenama \u2013 stigla do Srijema i Vojvodine gdje i danas imamo neke od njenih najrasko\u0161nijih primjera, poput sinagoge u Subotici (&#8220;gradu secesije&#8221;) \u010diji su ornamenti, vitraji i pastelne boje napravljeni tako da &#8220;u vjernicima i posjetiocima pobu\u0111uju radost&#8221;. Mo\u017eda je upravo u orijentalnoj rasko\u0161i i vedrim bojama le\u017eala simpatija \u017eidovskih umjetnika i mecena prema secesiji.<\/p>\n<p>U Be\u010du je 1897. godine podignuta Zgrada be\u010dke secesije, nad \u010dijim je ulazom stajao moto: &#8220;Svakom vremenu njegova umjetnost. Svakoj umjetnosti njena sloboda&#8221;. Godinu dana kasnije, poznati ma\u0111arski graditelj Imre Steindl (ina\u010de zaslu\u017ean i za zgradu ugarskog parlamenta u Budimpe\u0161ti) podigao je u Beo\u010dinu dvorac Spitzer za imu\u0107nu porodicu A\u0161kenazi \u017didova. Nije se ograni\u010dio samo na jedan stil, ve\u0107 je kombinirao: malo renesanse, malo baroka, malo secesije, malo gotike\u2026 Dvorac je tako postao jedan od simbola secesijskog i vojvo\u0111anskog \u0161arenila.<\/p>\n<p>Upravo na Zgradi be\u010dke secesije prelomila se ona druga strana medalje. Oni koji su se osje\u0107ali zakinuti za \u010dari <em>belle epoque<\/em>, proglasili su je <em>fin de siecle<\/em> \u2013 krajem jedne ere, po\u010detkom degeneracije i dekadencije za koje je valjalo prona\u0107i &#8220;kona\u010dno&#8221; rje\u0161enje. Izraz je samo djelomi\u010dno slu\u010dajan, jer su upravo nacisti u tom uvjerenju sru\u0161ili zgradu (kasnije je obnovljena), a slike Gustava Klimta krali i \u010duvali kao ratni plijen i pehar. Kriti\u010dari poput Adolfa Loosa tvrdili su kako \u017eidovski bogata\u0161i koriste secesiju da bi se grupirali u &#8220;estetski geto&#8221;, a neki su ih optu\u017eili da kroz secesiju i orijentalni stil napadaju zapadnja\u010dku tradiciju, da od be\u010dkih prstenova poku\u0161avaju napraviti novi Jeruzalem te da svoju gramzljivost i feminiziranost prodaju pod <em>dandy<\/em> ekskluzivu i primamljivi porok.<\/p>\n<figure id=\"attachment_2636\" aria-describedby=\"caption-attachment-2636\" style=\"width: 1920px\" class=\"wp-caption alignnone\"><img loading=\"lazy\" decoding=\"async\" class=\"wp-image-2636 size-full\" src=\"https:\/\/sdf.hr\/wp-content\/uploads\/2022\/12\/Dvorac3-1-scaled.jpg\" alt=\"\" width=\"1920\" height=\"2560\" srcset=\"https:\/\/sdf.hr\/wp-content\/uploads\/2022\/12\/Dvorac3-1-scaled.jpg 1920w, https:\/\/sdf.hr\/wp-content\/uploads\/2022\/12\/Dvorac3-1-225x300.jpg 225w, https:\/\/sdf.hr\/wp-content\/uploads\/2022\/12\/Dvorac3-1-768x1024.jpg 768w, https:\/\/sdf.hr\/wp-content\/uploads\/2022\/12\/Dvorac3-1-1152x1536.jpg 1152w, https:\/\/sdf.hr\/wp-content\/uploads\/2022\/12\/Dvorac3-1-1536x2048.jpg 1536w\" sizes=\"auto, (max-width: 1920px) 100vw, 1920px\" \/><figcaption id=\"caption-attachment-2636\" class=\"wp-caption-text\">Belegi\u0161anin je skulpture i ukrase na zidovima opisao kao &#8220;izva\u0111ene iz nekog pono\u0107nog va\u0161ara duhova&#8221; (Foto: Lidija \u010culo)<\/figcaption><\/figure>\n<p>Porodica Spitzer je uo\u010di Drugog svjetskog rata pobjegla iz Srbije, izbjegav\u0161i tako tragi\u010dnu sudbinu ve\u0107ine \u017eidovske populacije u Vojvodini. Dvorac je pre\u017eivio rat te je u SFRJ nacionaliziran i &#8220;ponarodnja\u010den&#8221;: radio je kao biblioteka, dom kulture, sjedi\u0161te rukometnog kluba, dom za vojne invalide, te kona\u010dno \u2013 restoran s preno\u0107i\u0161tem. Miroslav Mika Anti\u0107 u njemu je imao svoj slikarski atelje, a poslu\u017eio je i kao kulisa za filmove &#8220;Crni ma\u010dak, beli ma\u010dor&#8221; te &#8220;Ratnici&#8221; s Clint Eastwoodom u glavnoj ulozi. Za sve je brinula tvrtka Podunavlje, no nakon njene privatizacije objekt je napu\u0161ten i zapu\u0161ten. Navodno se i Emir Kusturica nudio da ga kupi i renovira, no taj zahtjev nije pro\u0161ao.<\/p>\n<p>Podatak da je dvorac Spitzer 1997. godine progla\u0161en spomenikom kulture izgleda kao ruganje, \u0161utiranje mrtvog konja, ali i dobar pokazatelj na\u0161eg odnosa prema kulturi i povijesti. Sa spomenika kulture otpada fasada, a gole zidove preuzima korov \u2013 no, \u0161to zemljak pjesnik re\u010de, korov nikne digod stigne, svaka njemu \u010dast, zar ne. Spomenik avangardnoj modi jednog od najmo\u0107nijih europskih carstava danas stoji napu\u0161ten, propao, zaboravljen, marginaliziran. I kao da privla\u010di ba\u0161 takvu publiku, onu najvjerniju koja iza sebe ostavlja prazne fla\u0161e, \u010dikove, igle i natpise: &#8220;Sve je u redu, petak je u sredu&#8221;.<\/p>\n<p>A \u0161to se u me\u0111uvremenu dogodilo s cementarom, istom onom \u010diji je stari Spitzer bio suvlasnik? Poput Nadora i kletve iz pri\u010de s po\u010detka, jo\u0161 uvijek radi, stvara\u2026 ali i \u2013 truje. Nakon Drugog svjetskog rata Beo\u010din je pomogao u ponovnoj izgradnji zemlje, a tijekom optimisti\u010dnih \u0161ezdesetih i sedamdesetih, tvornica je dosegla vrhunac proizvodnje. Nakon jo\u0161 jednog rata, u procesu privatizacije kupila ju je francuska tvrtka Lafarge, ina\u010de osu\u0111ena za financiranje terorizma jer je 2013. i 2014. godine platila \u0161est milijuna dolara ISIS-u i Al Nusra frontu kako bi po\u0161tedjeli njene cementare u Siriji. Za gra\u0111ane Beo\u010dina, cementarski terorizam le\u017ei u jeftinom petrol-koksu i toksi\u010dnim materijalima koji iz cementare odlaze u zrak i \u010dine ju jednim od najve\u0107ih zaga\u0111iva\u010da zraka u Srbiji, i to ba\u0161 ovdje podno zelenila Nacionalnog parka Fru\u0161ka gora. Kontrolira li itko rad fabrike? Da, ona sama. Kr\u0161i li fabrika ikakve zakone? Ne, jer su prilago\u0111eni njoj. Reporta\u017ee srpskih medija potvr\u0111uju stav stanovnika Beo\u010dina koji se svodi na &#8220;ako nas ne truju, zna\u010di da cementara ne radi, dakle nemamo novca&#8221;. Odnosno, &#8220;da, truju nas, ali i zapo\u0161ljavaju&#8221;, ili, &#8220;da, truju nas, ali doniraju za Dom zdravlja&#8221;. Naime, iz cementare se razbacuju podacima o donacijama op\u0107ini: investirali su, ka\u017eu, milijune eura u pobolj\u0161anje uvjeta \u017eivota, razvoj lokalne zajednice, povoljniju klimu (hm) za privla\u010denje investitora, izgradnju sportskog centra i nabavku medicinske opreme.<\/p>\n<p>Postoje i inicijative za promjenu, no one su \u010desto anonimne i auto-cenzurirane uslijed pritiska mo\u0107nika, ali i susjeda koji &#8220;ne \u017eele probleme na poslu&#8221;, koji nakon svega samo \u017eele mirno pro\u017eivjeti (tj. od\u017eivjeti) ostatak ovog \u017eivota. Sveop\u0107a rezignacija karakteristi\u010dna ne samo za Srbiju ve\u0107 i za cijeli Balkan, utjelovljena je tako u sivilu kulturne ba\u0161tine koja propada i ma\u0161inerije koja gu\u0161i grad i njegove ljude, sivilu koje podsje\u0107a na ispovijed Danila Ki\u0161a, koji je &#8220;otrovan uspomenama, navikao da voli stare fotografije, \u010da\u0111 i patinu, da uzdi\u0161e za danima koji se vi\u0161e nikad ne\u0107e vratiti&#8221;. Njegov otac je igrom slu\u010daja izbjegao sudbinu vojvo\u0111anskih \u017didova koji su 1942. dovedeni na obalu Dunava i strijeljani. Danilo je vjerovao kako je ovaj \u0161ok uni\u0161tio njegova oca, koji je ostatak \u017eivota proveo bauljaju\u0107i pijan selom i prirodom. Roman &#8220;Ba\u0161ta, pepeo&#8221; je svjedo\u010danstvo o agoniji i kapitulanstvu koji su uslijedili, iluziji bijega i osjetljivosti spram prolaznosti, te\u017eini nepravde koju su nanijeli Bog i ljudi podjednako, samoispunjenom proro\u010danstvu sro\u010denom u re\u010denici: &#8220;Ne mo\u017ee se, mladi\u0107u moj, i to zapamti jednom zauvijek, ne mo\u017ee se igrati cijelog \u017eivota uloga \u017ertve a da se kona\u010dno i ne postane \u017ertvom.&#8221;<\/p>\n<p><em>pi\u0161e Lidija \u010culo<\/em><\/p>\n","protected":false},"excerpt":{"rendered":"<p>Podatak da je dvorac Spitzer u Beo\u010dinu, jedan od simbola secesijskog i vojvo\u0111anskog \u0161arenila, progla\u0161en 1997. spomenikom kulture izgleda kao ruganje, \u0161utiranje mrtvog konja, ali i dobar pokazatelj na\u0161eg odnosa prema kulturi i povijesti. Sa spomenika kulture otpada fasada, a gole zidove preuzima korov<\/p>\n","protected":false},"featured_media":2631,"template":"","tags":[131],"atribut":[],"class_list":["post-1525","nada","type-nada","status-publish","has-post-thumbnail","hentry","tag-reportaza"],"acf":[],"yoast_head":"<!-- This site is optimized with the Yoast SEO plugin v27.4 - https:\/\/yoast.com\/product\/yoast-seo-wordpress\/ -->\n<title>Zgrada beo\u010dinske recesije - SDF - Srpski demokratski forum<\/title>\n<meta name=\"robots\" content=\"index, follow, max-snippet:-1, max-image-preview:large, max-video-preview:-1\" \/>\n<link rel=\"canonical\" href=\"https:\/\/sdf.hr\/hr\/nada\/zgrada-beocinske-recesije\/\" \/>\n<meta property=\"og:locale\" content=\"hr_HR\" \/>\n<meta property=\"og:type\" content=\"article\" \/>\n<meta property=\"og:title\" content=\"Zgrada beo\u010dinske recesije - SDF - Srpski demokratski forum\" \/>\n<meta property=\"og:description\" content=\"Podatak da je dvorac Spitzer u Beo\u010dinu, jedan od simbola secesijskog i vojvo\u0111anskog \u0161arenila, progla\u0161en 1997. spomenikom kulture izgleda kao ruganje, \u0161utiranje mrtvog konja, ali i dobar pokazatelj na\u0161eg odnosa prema kulturi i povijesti. Sa spomenika kulture otpada fasada, a gole zidove preuzima korov\" \/>\n<meta property=\"og:url\" content=\"https:\/\/sdf.hr\/hr\/nada\/zgrada-beocinske-recesije\/\" \/>\n<meta property=\"og:site_name\" content=\"SDF - Srpski demokratski forum\" \/>\n<meta property=\"article:modified_time\" content=\"2023-03-16T16:48:58+00:00\" \/>\n<meta property=\"og:image\" content=\"https:\/\/sdf.hr\/wp-content\/uploads\/2022\/12\/Dvorac1-1-scaled.jpg\" \/>\n\t<meta property=\"og:image:width\" content=\"2560\" \/>\n\t<meta property=\"og:image:height\" content=\"1920\" \/>\n\t<meta property=\"og:image:type\" content=\"image\/jpeg\" \/>\n<meta name=\"twitter:card\" content=\"summary_large_image\" \/>\n<meta name=\"twitter:label1\" content=\"Procijenjeno vrijeme \u010ditanja\" \/>\n\t<meta name=\"twitter:data1\" content=\"9 minuta\" \/>\n<script type=\"application\/ld+json\" class=\"yoast-schema-graph\">{\"@context\":\"https:\\\/\\\/schema.org\",\"@graph\":[{\"@type\":\"WebPage\",\"@id\":\"https:\\\/\\\/sdf.hr\\\/hr\\\/nada\\\/zgrada-beocinske-recesije\\\/\",\"url\":\"https:\\\/\\\/sdf.hr\\\/hr\\\/nada\\\/zgrada-beocinske-recesije\\\/\",\"name\":\"Zgrada beo\u010dinske recesije - SDF - Srpski demokratski forum\",\"isPartOf\":{\"@id\":\"https:\\\/\\\/sdf.hr\\\/#website\"},\"primaryImageOfPage\":{\"@id\":\"https:\\\/\\\/sdf.hr\\\/hr\\\/nada\\\/zgrada-beocinske-recesije\\\/#primaryimage\"},\"image\":{\"@id\":\"https:\\\/\\\/sdf.hr\\\/hr\\\/nada\\\/zgrada-beocinske-recesije\\\/#primaryimage\"},\"thumbnailUrl\":\"https:\\\/\\\/sdf.hr\\\/wp-content\\\/uploads\\\/2022\\\/12\\\/Dvorac1-1-scaled.jpg\",\"datePublished\":\"2022-12-13T11:43:07+00:00\",\"dateModified\":\"2023-03-16T16:48:58+00:00\",\"breadcrumb\":{\"@id\":\"https:\\\/\\\/sdf.hr\\\/hr\\\/nada\\\/zgrada-beocinske-recesije\\\/#breadcrumb\"},\"inLanguage\":\"hr\",\"potentialAction\":[{\"@type\":\"ReadAction\",\"target\":[\"https:\\\/\\\/sdf.hr\\\/hr\\\/nada\\\/zgrada-beocinske-recesije\\\/\"]}]},{\"@type\":\"ImageObject\",\"inLanguage\":\"hr\",\"@id\":\"https:\\\/\\\/sdf.hr\\\/hr\\\/nada\\\/zgrada-beocinske-recesije\\\/#primaryimage\",\"url\":\"https:\\\/\\\/sdf.hr\\\/wp-content\\\/uploads\\\/2022\\\/12\\\/Dvorac1-1-scaled.jpg\",\"contentUrl\":\"https:\\\/\\\/sdf.hr\\\/wp-content\\\/uploads\\\/2022\\\/12\\\/Dvorac1-1-scaled.jpg\",\"width\":2560,\"height\":1920,\"caption\":\"Neugledna zgrada uz cestu do\u010dekuje nas \u017ei\u010danom ogradom (Foto: Lidija \u010culo)\"},{\"@type\":\"BreadcrumbList\",\"@id\":\"https:\\\/\\\/sdf.hr\\\/hr\\\/nada\\\/zgrada-beocinske-recesije\\\/#breadcrumb\",\"itemListElement\":[{\"@type\":\"ListItem\",\"position\":1,\"name\":\"Po\u010detna stranica\",\"item\":\"https:\\\/\\\/sdf.hr\\\/hr\\\/\"},{\"@type\":\"ListItem\",\"position\":2,\"name\":\"Nada\",\"item\":\"https:\\\/\\\/sdf.hr\\\/nada\\\/\"},{\"@type\":\"ListItem\",\"position\":3,\"name\":\"Zgrada beo\u010dinske recesije\"}]},{\"@type\":\"WebSite\",\"@id\":\"https:\\\/\\\/sdf.hr\\\/#website\",\"url\":\"https:\\\/\\\/sdf.hr\\\/\",\"name\":\"SDF - Srpski demokratski forum\",\"description\":\"Srpski demokratski forum\",\"publisher\":{\"@id\":\"https:\\\/\\\/sdf.hr\\\/#organization\"},\"potentialAction\":[{\"@type\":\"SearchAction\",\"target\":{\"@type\":\"EntryPoint\",\"urlTemplate\":\"https:\\\/\\\/sdf.hr\\\/?s={search_term_string}\"},\"query-input\":{\"@type\":\"PropertyValueSpecification\",\"valueRequired\":true,\"valueName\":\"search_term_string\"}}],\"inLanguage\":\"hr\"},{\"@type\":\"Organization\",\"@id\":\"https:\\\/\\\/sdf.hr\\\/#organization\",\"name\":\"SDF - Srpski demokratski forum\",\"url\":\"https:\\\/\\\/sdf.hr\\\/\",\"logo\":{\"@type\":\"ImageObject\",\"inLanguage\":\"hr\",\"@id\":\"https:\\\/\\\/sdf.hr\\\/#\\\/schema\\\/logo\\\/image\\\/\",\"url\":\"https:\\\/\\\/sdf.hr\\\/wp-content\\\/uploads\\\/2021\\\/07\\\/logo-hr.svg\",\"contentUrl\":\"https:\\\/\\\/sdf.hr\\\/wp-content\\\/uploads\\\/2021\\\/07\\\/logo-hr.svg\",\"width\":271,\"height\":100,\"caption\":\"SDF - Srpski demokratski forum\"},\"image\":{\"@id\":\"https:\\\/\\\/sdf.hr\\\/#\\\/schema\\\/logo\\\/image\\\/\"}}]}<\/script>\n<!-- \/ Yoast SEO plugin. -->","yoast_head_json":{"title":"Zgrada beo\u010dinske recesije - SDF - Srpski demokratski forum","robots":{"index":"index","follow":"follow","max-snippet":"max-snippet:-1","max-image-preview":"max-image-preview:large","max-video-preview":"max-video-preview:-1"},"canonical":"https:\/\/sdf.hr\/hr\/nada\/zgrada-beocinske-recesije\/","og_locale":"hr_HR","og_type":"article","og_title":"Zgrada beo\u010dinske recesije - SDF - Srpski demokratski forum","og_description":"Podatak da je dvorac Spitzer u Beo\u010dinu, jedan od simbola secesijskog i vojvo\u0111anskog \u0161arenila, progla\u0161en 1997. spomenikom kulture izgleda kao ruganje, \u0161utiranje mrtvog konja, ali i dobar pokazatelj na\u0161eg odnosa prema kulturi i povijesti. Sa spomenika kulture otpada fasada, a gole zidove preuzima korov","og_url":"https:\/\/sdf.hr\/hr\/nada\/zgrada-beocinske-recesije\/","og_site_name":"SDF - Srpski demokratski forum","article_modified_time":"2023-03-16T16:48:58+00:00","og_image":[{"width":2560,"height":1920,"url":"https:\/\/sdf.hr\/wp-content\/uploads\/2022\/12\/Dvorac1-1-scaled.jpg","type":"image\/jpeg"}],"twitter_card":"summary_large_image","twitter_misc":{"Procijenjeno vrijeme \u010ditanja":"9 minuta"},"schema":{"@context":"https:\/\/schema.org","@graph":[{"@type":"WebPage","@id":"https:\/\/sdf.hr\/hr\/nada\/zgrada-beocinske-recesije\/","url":"https:\/\/sdf.hr\/hr\/nada\/zgrada-beocinske-recesije\/","name":"Zgrada beo\u010dinske recesije - SDF - Srpski demokratski forum","isPartOf":{"@id":"https:\/\/sdf.hr\/#website"},"primaryImageOfPage":{"@id":"https:\/\/sdf.hr\/hr\/nada\/zgrada-beocinske-recesije\/#primaryimage"},"image":{"@id":"https:\/\/sdf.hr\/hr\/nada\/zgrada-beocinske-recesije\/#primaryimage"},"thumbnailUrl":"https:\/\/sdf.hr\/wp-content\/uploads\/2022\/12\/Dvorac1-1-scaled.jpg","datePublished":"2022-12-13T11:43:07+00:00","dateModified":"2023-03-16T16:48:58+00:00","breadcrumb":{"@id":"https:\/\/sdf.hr\/hr\/nada\/zgrada-beocinske-recesije\/#breadcrumb"},"inLanguage":"hr","potentialAction":[{"@type":"ReadAction","target":["https:\/\/sdf.hr\/hr\/nada\/zgrada-beocinske-recesije\/"]}]},{"@type":"ImageObject","inLanguage":"hr","@id":"https:\/\/sdf.hr\/hr\/nada\/zgrada-beocinske-recesije\/#primaryimage","url":"https:\/\/sdf.hr\/wp-content\/uploads\/2022\/12\/Dvorac1-1-scaled.jpg","contentUrl":"https:\/\/sdf.hr\/wp-content\/uploads\/2022\/12\/Dvorac1-1-scaled.jpg","width":2560,"height":1920,"caption":"Neugledna zgrada uz cestu do\u010dekuje nas \u017ei\u010danom ogradom (Foto: Lidija \u010culo)"},{"@type":"BreadcrumbList","@id":"https:\/\/sdf.hr\/hr\/nada\/zgrada-beocinske-recesije\/#breadcrumb","itemListElement":[{"@type":"ListItem","position":1,"name":"Po\u010detna stranica","item":"https:\/\/sdf.hr\/hr\/"},{"@type":"ListItem","position":2,"name":"Nada","item":"https:\/\/sdf.hr\/nada\/"},{"@type":"ListItem","position":3,"name":"Zgrada beo\u010dinske recesije"}]},{"@type":"WebSite","@id":"https:\/\/sdf.hr\/#website","url":"https:\/\/sdf.hr\/","name":"SDF - Srpski demokratski forum","description":"Srpski demokratski forum","publisher":{"@id":"https:\/\/sdf.hr\/#organization"},"potentialAction":[{"@type":"SearchAction","target":{"@type":"EntryPoint","urlTemplate":"https:\/\/sdf.hr\/?s={search_term_string}"},"query-input":{"@type":"PropertyValueSpecification","valueRequired":true,"valueName":"search_term_string"}}],"inLanguage":"hr"},{"@type":"Organization","@id":"https:\/\/sdf.hr\/#organization","name":"SDF - Srpski demokratski forum","url":"https:\/\/sdf.hr\/","logo":{"@type":"ImageObject","inLanguage":"hr","@id":"https:\/\/sdf.hr\/#\/schema\/logo\/image\/","url":"https:\/\/sdf.hr\/wp-content\/uploads\/2021\/07\/logo-hr.svg","contentUrl":"https:\/\/sdf.hr\/wp-content\/uploads\/2021\/07\/logo-hr.svg","width":271,"height":100,"caption":"SDF - Srpski demokratski forum"},"image":{"@id":"https:\/\/sdf.hr\/#\/schema\/logo\/image\/"}}]}},"_links":{"self":[{"href":"https:\/\/sdf.hr\/hr\/wp-json\/wp\/v2\/nada\/1525","targetHints":{"allow":["GET"]}}],"collection":[{"href":"https:\/\/sdf.hr\/hr\/wp-json\/wp\/v2\/nada"}],"about":[{"href":"https:\/\/sdf.hr\/hr\/wp-json\/wp\/v2\/types\/nada"}],"wp:featuredmedia":[{"embeddable":true,"href":"https:\/\/sdf.hr\/hr\/wp-json\/wp\/v2\/media\/2631"}],"wp:attachment":[{"href":"https:\/\/sdf.hr\/hr\/wp-json\/wp\/v2\/media?parent=1525"}],"wp:term":[{"taxonomy":"post_tag","embeddable":true,"href":"https:\/\/sdf.hr\/hr\/wp-json\/wp\/v2\/tags?post=1525"},{"taxonomy":"atribut","embeddable":true,"href":"https:\/\/sdf.hr\/hr\/wp-json\/wp\/v2\/atribut?post=1525"}],"curies":[{"name":"wp","href":"https:\/\/api.w.org\/{rel}","templated":true}]}}