{"id":1526,"date":"2022-12-14T09:21:16","date_gmt":"2022-12-14T08:21:16","guid":{"rendered":"https:\/\/sdf.hr\/?post_type=nada&#038;p=1526"},"modified":"2023-03-16T17:45:02","modified_gmt":"2023-03-16T16:45:02","slug":"megafon-za-zenske-glasove","status":"publish","type":"nada","link":"https:\/\/sdf.hr\/hr\/nada\/megafon-za-zenske-glasove\/","title":{"rendered":"Megafon za \u017eenske glasove"},"content":{"rendered":"<p>Od 2019. godine medijska scena u Srbiji i ostatku regije bogatija je za jo\u0161 jedan podcast \u2013 Tampon zonu. Osnovala ga je Iva Para\u0111anin, poznata novinarka i voditeljica koja je ranije radila na televiziji B92. Dugogodi\u0161nja je autorica dokumentaraca i tekstova na Viceu u kojima se bavila \u017eenskim pravima, inspirativnim osobama te temama i podru\u010djima koje zaista zanimaju \u017eene. Njezin film &#8220;Ne\u017eeljene \u0107erke Crne Gore&#8221; u produkciji Vicea izazvao je brojne reakcije u javnosti i bio prikazan na nekoliko festivala u regiji, a Iva je nakon toga kroz formu podcasta nastavila istra\u017eivati teme koje su na\u017ealost i dalje tabu. Zala\u017ee se za adekvatniji prikaz \u017eena u medijima i prevenciju rodno uvjetovanog nasilja te je dobitnica BEFEM nagrade za feministi\u010dki medijski doprinos i \u010dlanica grupe Novinarke protiv nasilja.<\/p>\n<p>Tjedni podcast Tampon zona od po\u010detka je zami\u0161ljen kao megafon za \u017eenske glasove i nezavisni medijski prostor u kojem \u0107e se \u017eene koje govore osje\u0107ati sigurno. Od poznatih li\u010dnosti, do vrsnih stru\u010dnjakinja iz razli\u010ditih oblasti, taj podcast donosi pri\u010de ispri\u010dane bez cenzure i stigme.<\/p>\n<p>\u2014 Podkast je nastao kao deo tada\u0161njeg ve\u0107eg medijskog sistema. Ta\u010dnije, bio je emitovan na Mondo platformi kojoj sam zahvalna \u0161to je u tom trenutku prepoznala va\u017enost ovakvih razgovora iako oni tada nisu bili mejnstrim. Kroz svoju karijeru stvarala sam u razli\u010ditim medijskim formatima, zala\u017eu\u0107i se za istu stvar, a to je menjanje medijske slike i prevencije nasilja nad \u017eenama, kao i osna\u017eivanje devoj\u010dica. Od tekstova do dokumentaraca, tra\u017eila sam najbolji i najprijem\u010diviji na\u010din da neke pri\u010de koje zaslu\u017euju da budu ispri\u010dane na\u0111u svoj put do \u017eena. Znamo svi koje rubrike su u tradicionalnim medijima servirane kao &#8220;\u017eenske&#8221; pa sam \u017eelela da im ponudim teme koje ih se su\u0161tinski ti\u010du. Tu se podkast iskristalisao kao idealan format \u2013 govori Iva Para\u0111anin.<\/p>\n<p>Nakon platforme Mondo, podcast je bio dijelom platforme Elle, a od ove sezone Tampon zona ima svoj nezavisni <a href=\"https:\/\/www.youtube.com\/channel\/UCQQF3fhOJ-19hKrBFJIzw_A\">YouTube kanal<\/a>. Slu\u0161anjem ovog podcasta mo\u017eete \u010duti iskrena \u017eenska iskustva kao i rje\u0161enja za goru\u0107e probleme koji se su\u0161tinski ti\u010du cijele zajednice. Glavni cilj je nau\u010diti govoriti glasno van dru\u0161tvenih okvira, ali i me\u0111usobno se slu\u0161ati i osna\u017eiti.<\/p>\n<p>\u2014 Ponekad u medijima imamo prilike da \u010dujemo odre\u0111ene izjave \u017eena koje nas inspiri\u0161u, ali u okviru podkasta imamo priliku da \u010dujemo \u010ditavu jednu pri\u010du i celokupno iskustvo obja\u0161njeno od po\u010detka do kraja, koje za \u017eene mo\u017ee biti od velikog zna\u010daja. Glasove i mi\u0161ljenja \u017eena \u010desto se gu\u0161i, skra\u0107uje, pogre\u0161no interpretira, pa mi se podkast u\u010dinio kao idealno re\u0161enje da oni dobiju mesto i trajanje koje zaslu\u017euju. Tampon zonu sam videla kao prostor za teme poput \u017eenskog zdravlja \u2013 koje je \u010desto bespotrebno obavijeno nekim velom stigme i misterije &#8211; prava, seksualnosti, ali i priliku da brojne stru\u010dnjakinje iz Srbije dobiju mesto da svojom profesionalno\u0161\u0107u i ekspertizom uti\u010du na svest \u017eena koje slu\u0161aju podkast. Sa druge strane jednako va\u017eno mi je bilo da taj medijski prostor bude siguran \u2013 obja\u0161njava novinarka i voditeljica.<\/p>\n<p><img loading=\"lazy\" decoding=\"async\" class=\"alignnone wp-image-2624 size-full\" src=\"https:\/\/sdf.hr\/wp-content\/uploads\/2022\/12\/Paradanin2-1-scaled.jpg\" alt=\"\" width=\"2016\" height=\"2560\" srcset=\"https:\/\/sdf.hr\/wp-content\/uploads\/2022\/12\/Paradanin2-1-scaled.jpg 2016w, https:\/\/sdf.hr\/wp-content\/uploads\/2022\/12\/Paradanin2-1-236x300.jpg 236w, https:\/\/sdf.hr\/wp-content\/uploads\/2022\/12\/Paradanin2-1-806x1024.jpg 806w, https:\/\/sdf.hr\/wp-content\/uploads\/2022\/12\/Paradanin2-1-768x975.jpg 768w, https:\/\/sdf.hr\/wp-content\/uploads\/2022\/12\/Paradanin2-1-1209x1536.jpg 1209w, https:\/\/sdf.hr\/wp-content\/uploads\/2022\/12\/Paradanin2-1-1612x2048.jpg 1612w\" sizes=\"auto, (max-width: 2016px) 100vw, 2016px\" \/><\/p>\n<p>Iva je tre\u0107u sezonu otvorila razgovorom s televizijskom voditeljicom Anom Mihajlovski o \u017eenama u medijima, a potom je njena go\u0161\u0107a bila Jelena Rizni\u0107, aktivistkinja i jedna od predvodnica \u017eenskih prosvjeda u Srbiji. Razgovor s glumicom Hanom Selimovi\u0107 o \u017eenskom tijelu i seksualnosti na filmu prethodio je serijalu o aku\u0161erskom nasilju koji se sastoji od \u010detiri epizode i koji je nastao u suradnji s organizacijom UN Women. U nekima od posljednjih epizoda Iva je razgovarala sa zdravstvenom radnicom Du\u0161icom Kova\u010devi\u0107 o savjetima i sigurnosti pri poro\u0111aju te advokaticom Marinom Mijatovi\u0107 o pravima u porodili\u0161tu.<\/p>\n<p>\u2014 Neko me je kada sam zapo\u010dinjala podkast zabrinuto pitao &#8220;Da li \u0107e\u0161 imati dovoljno sagovornica&#8221;, a istina je da mi imamo toliko \u017eena koje bi trebalo da pri\u010daju na odre\u0111ene teme, da bih podkast verovatno mogla da snimam do kraja \u017eivota. \u017dene se retko poziva kao sagovornice na relevantne teme vezene za politiku, nauku, sociologiju. Mahom gledamo lica istih stru\u010dnjaka koje mediji vrte u krug. Cilj mi je bio da razbijem taj krug tako da su delom moje sagovornice stru\u010dnjakinje iz raznih oblasti koje \u0107e prokomentarisati aktuelna de\u0161avanja iz ugla svoje struke, ili su to neke poznate \u017eene \u010diji rad dobro poznajemo i pratimo, ali koje nikada nisu dobile priliku da progovore o odre\u0111enim temama \u2013 obja\u0161njava Para\u0111anin.<\/p>\n<p>Iako je kroz podcast otvoren velik broj tema koje do sada nisu bile zastupljene u javnom prostoru, najvi\u0161e se isti\u010du one koje su potaknule mnoge \u017eene da i same progovore o razli\u010ditim vrstama nepravde koju trpe te poka\u017eu inicijativu za promjenom dru\u0161tvene paradigme.<\/p>\n<p>\u2014 Jedna od epizoda koja je izmamila najve\u0107i broj komentara, ali i akcija u realnom prostoru je epizoda o menstruaciji na radnom mestu, posle koje su mi se devojke javljale sa porukama i fotografijama jer su u svojim firmama i mini okru\u017eenju bile inicijatorke promena. Posle slu\u0161anja epizode izdejstvovale su da im se na radnim mestima obezbede potrebna higijenska sredstva. Ako govorimo o novoj sezoni, to je definitivno serijal o aku\u0161erskom nasilju kojim sam poku\u0161ala da ovaj problem rasvetlim iz vi\u0161e uglova i zajedno sa sagovornicama ponudim neka re\u0161enja. Taj problem je preprisutan i svake godine sve je ve\u0107i broj \u017eena koje istupaju sa stra\u0161nim pri\u010dama iz porodili\u0161ta i njihov glas je jako va\u017ean. Zato mislim da ne smemo da dozvolimo da se sve to zaboravi do neke slede\u0107e stra\u0161ne pri\u010de, ve\u0107 da se krene sa preduzimanjem konkretnih koraka \u2013 dodaje na\u0161a sugovornica.<\/p>\n<p>Kako bi se pobolj\u0161ao status \u017eena, kako u regiji, tako i op\u0107enito u dru\u0161tvu, potrebno je prvenstveno podi\u0107i razinu svijesti o problemima, uklju\u010duju\u0107i i one nevidljive. Glavno gorivo koje Ivi daje snagu da nastavlja dalje s podcastom su upravo pozitivne promjene koje nastupaju u zajednici, bez obzira na to \u0161to se zasad doga\u0111aju samo na mikro-nivou.<\/p>\n<p>\u2014 Mislim da je jako va\u017eno po\u0107i od nekih elemenata diskriminacije koji se \u010dine kao sitni i neva\u017eni, a zapravo su glavne ringle za kuvanje \u017eenomrza\u010dke atmosfere u dru\u0161tvu. Svaka vrsta seksizma, diskriminacije, davanja pozicija mo\u0107i na bazi roda je \u0161tetna. Va\u017eno je pokazati da je bolji i ravnopravni polo\u017eaj \u017eene preduslov za stvaranje slobodnijeg i normalnijeg dru\u0161tva za sve. Bilo da je u pitanju neka \u017eena koja je smogla hrabrosti da ne\u0161to ispri\u010da, ili da pomogne nekoj drugoj \u017eeni, ili da samo osvesti ne\u0161to u sebi. Za mene je to dragocen rezultat. Na kraju, svaku epizodu podkasta, ali i svake pri\u010de koju pri\u010dam, uvek svedem na devoj\u010dice. One i jesu glavni cilj zbog kojeg sve ovo radim, a ono \u0161to mi daje nadu je sve ve\u0107i broj onih koje su borbene, svoje, neposlu\u0161ne i spremne da menjaju svet \u2013 zaklju\u010duje Iva Para\u0111anin.<\/p>\n<p><em>pi\u0161e Katarina Bo\u0161njak<\/em><\/p>\n","protected":false},"excerpt":{"rendered":"<p>Sve ovo radim zbog devoj\u010dica. Daje mi nadu \u0161to je sve vi\u0161e onih koje su borbene, svoje, neposlu\u0161ne i spremne da menjaju svet, govori Iva Para\u0111anin, pokreta\u010dica feministi\u010dkog podcasta Tampon zona<\/p>\n","protected":false},"featured_media":2629,"template":"","tags":[136],"atribut":[],"class_list":["post-1526","nada","type-nada","status-publish","has-post-thumbnail","hentry","tag-portret"],"acf":[],"yoast_head":"<!-- This site is optimized with the Yoast SEO plugin v27.4 - https:\/\/yoast.com\/product\/yoast-seo-wordpress\/ -->\n<title>Megafon za \u017eenske glasove - SDF - Srpski demokratski forum<\/title>\n<meta name=\"robots\" content=\"index, follow, max-snippet:-1, max-image-preview:large, max-video-preview:-1\" \/>\n<link rel=\"canonical\" href=\"https:\/\/sdf.hr\/hr\/nada\/megafon-za-zenske-glasove\/\" \/>\n<meta property=\"og:locale\" content=\"hr_HR\" \/>\n<meta property=\"og:type\" content=\"article\" \/>\n<meta property=\"og:title\" content=\"Megafon za \u017eenske glasove - SDF - Srpski demokratski forum\" \/>\n<meta property=\"og:description\" content=\"Sve ovo radim zbog devoj\u010dica. Daje mi nadu \u0161to je sve vi\u0161e onih koje su borbene, svoje, neposlu\u0161ne i spremne da menjaju svet, govori Iva Para\u0111anin, pokreta\u010dica feministi\u010dkog podcasta Tampon zona\" \/>\n<meta property=\"og:url\" content=\"https:\/\/sdf.hr\/hr\/nada\/megafon-za-zenske-glasove\/\" \/>\n<meta property=\"og:site_name\" content=\"SDF - Srpski demokratski forum\" \/>\n<meta property=\"article:modified_time\" content=\"2023-03-16T16:45:02+00:00\" \/>\n<meta property=\"og:image\" content=\"https:\/\/sdf.hr\/wp-content\/uploads\/2022\/12\/Paradanin1-1-scaled.jpg\" \/>\n\t<meta property=\"og:image:width\" content=\"2560\" \/>\n\t<meta property=\"og:image:height\" content=\"1707\" \/>\n\t<meta property=\"og:image:type\" content=\"image\/jpeg\" \/>\n<meta name=\"twitter:card\" content=\"summary_large_image\" \/>\n<meta name=\"twitter:label1\" content=\"Procijenjeno vrijeme \u010ditanja\" \/>\n\t<meta name=\"twitter:data1\" content=\"6 minuta\" \/>\n<script type=\"application\/ld+json\" class=\"yoast-schema-graph\">{\"@context\":\"https:\\\/\\\/schema.org\",\"@graph\":[{\"@type\":\"WebPage\",\"@id\":\"https:\\\/\\\/sdf.hr\\\/hr\\\/nada\\\/megafon-za-zenske-glasove\\\/\",\"url\":\"https:\\\/\\\/sdf.hr\\\/hr\\\/nada\\\/megafon-za-zenske-glasove\\\/\",\"name\":\"Megafon za \u017eenske glasove - SDF - Srpski demokratski forum\",\"isPartOf\":{\"@id\":\"https:\\\/\\\/sdf.hr\\\/#website\"},\"primaryImageOfPage\":{\"@id\":\"https:\\\/\\\/sdf.hr\\\/hr\\\/nada\\\/megafon-za-zenske-glasove\\\/#primaryimage\"},\"image\":{\"@id\":\"https:\\\/\\\/sdf.hr\\\/hr\\\/nada\\\/megafon-za-zenske-glasove\\\/#primaryimage\"},\"thumbnailUrl\":\"https:\\\/\\\/sdf.hr\\\/wp-content\\\/uploads\\\/2022\\\/12\\\/Paradanin1-1-scaled.jpg\",\"datePublished\":\"2022-12-14T08:21:16+00:00\",\"dateModified\":\"2023-03-16T16:45:02+00:00\",\"breadcrumb\":{\"@id\":\"https:\\\/\\\/sdf.hr\\\/hr\\\/nada\\\/megafon-za-zenske-glasove\\\/#breadcrumb\"},\"inLanguage\":\"hr\",\"potentialAction\":[{\"@type\":\"ReadAction\",\"target\":[\"https:\\\/\\\/sdf.hr\\\/hr\\\/nada\\\/megafon-za-zenske-glasove\\\/\"]}]},{\"@type\":\"ImageObject\",\"inLanguage\":\"hr\",\"@id\":\"https:\\\/\\\/sdf.hr\\\/hr\\\/nada\\\/megafon-za-zenske-glasove\\\/#primaryimage\",\"url\":\"https:\\\/\\\/sdf.hr\\\/wp-content\\\/uploads\\\/2022\\\/12\\\/Paradanin1-1-scaled.jpg\",\"contentUrl\":\"https:\\\/\\\/sdf.hr\\\/wp-content\\\/uploads\\\/2022\\\/12\\\/Paradanin1-1-scaled.jpg\",\"width\":2560,\"height\":1707,\"caption\":\"Iva Para\u0111anin\"},{\"@type\":\"BreadcrumbList\",\"@id\":\"https:\\\/\\\/sdf.hr\\\/hr\\\/nada\\\/megafon-za-zenske-glasove\\\/#breadcrumb\",\"itemListElement\":[{\"@type\":\"ListItem\",\"position\":1,\"name\":\"Po\u010detna stranica\",\"item\":\"https:\\\/\\\/sdf.hr\\\/hr\\\/\"},{\"@type\":\"ListItem\",\"position\":2,\"name\":\"Nada\",\"item\":\"https:\\\/\\\/sdf.hr\\\/nada\\\/\"},{\"@type\":\"ListItem\",\"position\":3,\"name\":\"Megafon za \u017eenske glasove\"}]},{\"@type\":\"WebSite\",\"@id\":\"https:\\\/\\\/sdf.hr\\\/#website\",\"url\":\"https:\\\/\\\/sdf.hr\\\/\",\"name\":\"SDF - Srpski demokratski forum\",\"description\":\"Srpski demokratski forum\",\"publisher\":{\"@id\":\"https:\\\/\\\/sdf.hr\\\/#organization\"},\"potentialAction\":[{\"@type\":\"SearchAction\",\"target\":{\"@type\":\"EntryPoint\",\"urlTemplate\":\"https:\\\/\\\/sdf.hr\\\/?s={search_term_string}\"},\"query-input\":{\"@type\":\"PropertyValueSpecification\",\"valueRequired\":true,\"valueName\":\"search_term_string\"}}],\"inLanguage\":\"hr\"},{\"@type\":\"Organization\",\"@id\":\"https:\\\/\\\/sdf.hr\\\/#organization\",\"name\":\"SDF - Srpski demokratski forum\",\"url\":\"https:\\\/\\\/sdf.hr\\\/\",\"logo\":{\"@type\":\"ImageObject\",\"inLanguage\":\"hr\",\"@id\":\"https:\\\/\\\/sdf.hr\\\/#\\\/schema\\\/logo\\\/image\\\/\",\"url\":\"https:\\\/\\\/sdf.hr\\\/wp-content\\\/uploads\\\/2021\\\/07\\\/logo-hr.svg\",\"contentUrl\":\"https:\\\/\\\/sdf.hr\\\/wp-content\\\/uploads\\\/2021\\\/07\\\/logo-hr.svg\",\"width\":271,\"height\":100,\"caption\":\"SDF - Srpski demokratski forum\"},\"image\":{\"@id\":\"https:\\\/\\\/sdf.hr\\\/#\\\/schema\\\/logo\\\/image\\\/\"}}]}<\/script>\n<!-- \/ Yoast SEO plugin. -->","yoast_head_json":{"title":"Megafon za \u017eenske glasove - SDF - Srpski demokratski forum","robots":{"index":"index","follow":"follow","max-snippet":"max-snippet:-1","max-image-preview":"max-image-preview:large","max-video-preview":"max-video-preview:-1"},"canonical":"https:\/\/sdf.hr\/hr\/nada\/megafon-za-zenske-glasove\/","og_locale":"hr_HR","og_type":"article","og_title":"Megafon za \u017eenske glasove - SDF - Srpski demokratski forum","og_description":"Sve ovo radim zbog devoj\u010dica. Daje mi nadu \u0161to je sve vi\u0161e onih koje su borbene, svoje, neposlu\u0161ne i spremne da menjaju svet, govori Iva Para\u0111anin, pokreta\u010dica feministi\u010dkog podcasta Tampon zona","og_url":"https:\/\/sdf.hr\/hr\/nada\/megafon-za-zenske-glasove\/","og_site_name":"SDF - Srpski demokratski forum","article_modified_time":"2023-03-16T16:45:02+00:00","og_image":[{"width":2560,"height":1707,"url":"https:\/\/sdf.hr\/wp-content\/uploads\/2022\/12\/Paradanin1-1-scaled.jpg","type":"image\/jpeg"}],"twitter_card":"summary_large_image","twitter_misc":{"Procijenjeno vrijeme \u010ditanja":"6 minuta"},"schema":{"@context":"https:\/\/schema.org","@graph":[{"@type":"WebPage","@id":"https:\/\/sdf.hr\/hr\/nada\/megafon-za-zenske-glasove\/","url":"https:\/\/sdf.hr\/hr\/nada\/megafon-za-zenske-glasove\/","name":"Megafon za \u017eenske glasove - SDF - Srpski demokratski forum","isPartOf":{"@id":"https:\/\/sdf.hr\/#website"},"primaryImageOfPage":{"@id":"https:\/\/sdf.hr\/hr\/nada\/megafon-za-zenske-glasove\/#primaryimage"},"image":{"@id":"https:\/\/sdf.hr\/hr\/nada\/megafon-za-zenske-glasove\/#primaryimage"},"thumbnailUrl":"https:\/\/sdf.hr\/wp-content\/uploads\/2022\/12\/Paradanin1-1-scaled.jpg","datePublished":"2022-12-14T08:21:16+00:00","dateModified":"2023-03-16T16:45:02+00:00","breadcrumb":{"@id":"https:\/\/sdf.hr\/hr\/nada\/megafon-za-zenske-glasove\/#breadcrumb"},"inLanguage":"hr","potentialAction":[{"@type":"ReadAction","target":["https:\/\/sdf.hr\/hr\/nada\/megafon-za-zenske-glasove\/"]}]},{"@type":"ImageObject","inLanguage":"hr","@id":"https:\/\/sdf.hr\/hr\/nada\/megafon-za-zenske-glasove\/#primaryimage","url":"https:\/\/sdf.hr\/wp-content\/uploads\/2022\/12\/Paradanin1-1-scaled.jpg","contentUrl":"https:\/\/sdf.hr\/wp-content\/uploads\/2022\/12\/Paradanin1-1-scaled.jpg","width":2560,"height":1707,"caption":"Iva Para\u0111anin"},{"@type":"BreadcrumbList","@id":"https:\/\/sdf.hr\/hr\/nada\/megafon-za-zenske-glasove\/#breadcrumb","itemListElement":[{"@type":"ListItem","position":1,"name":"Po\u010detna stranica","item":"https:\/\/sdf.hr\/hr\/"},{"@type":"ListItem","position":2,"name":"Nada","item":"https:\/\/sdf.hr\/nada\/"},{"@type":"ListItem","position":3,"name":"Megafon za \u017eenske glasove"}]},{"@type":"WebSite","@id":"https:\/\/sdf.hr\/#website","url":"https:\/\/sdf.hr\/","name":"SDF - Srpski demokratski forum","description":"Srpski demokratski forum","publisher":{"@id":"https:\/\/sdf.hr\/#organization"},"potentialAction":[{"@type":"SearchAction","target":{"@type":"EntryPoint","urlTemplate":"https:\/\/sdf.hr\/?s={search_term_string}"},"query-input":{"@type":"PropertyValueSpecification","valueRequired":true,"valueName":"search_term_string"}}],"inLanguage":"hr"},{"@type":"Organization","@id":"https:\/\/sdf.hr\/#organization","name":"SDF - Srpski demokratski forum","url":"https:\/\/sdf.hr\/","logo":{"@type":"ImageObject","inLanguage":"hr","@id":"https:\/\/sdf.hr\/#\/schema\/logo\/image\/","url":"https:\/\/sdf.hr\/wp-content\/uploads\/2021\/07\/logo-hr.svg","contentUrl":"https:\/\/sdf.hr\/wp-content\/uploads\/2021\/07\/logo-hr.svg","width":271,"height":100,"caption":"SDF - Srpski demokratski forum"},"image":{"@id":"https:\/\/sdf.hr\/#\/schema\/logo\/image\/"}}]}},"_links":{"self":[{"href":"https:\/\/sdf.hr\/hr\/wp-json\/wp\/v2\/nada\/1526","targetHints":{"allow":["GET"]}}],"collection":[{"href":"https:\/\/sdf.hr\/hr\/wp-json\/wp\/v2\/nada"}],"about":[{"href":"https:\/\/sdf.hr\/hr\/wp-json\/wp\/v2\/types\/nada"}],"wp:featuredmedia":[{"embeddable":true,"href":"https:\/\/sdf.hr\/hr\/wp-json\/wp\/v2\/media\/2629"}],"wp:attachment":[{"href":"https:\/\/sdf.hr\/hr\/wp-json\/wp\/v2\/media?parent=1526"}],"wp:term":[{"taxonomy":"post_tag","embeddable":true,"href":"https:\/\/sdf.hr\/hr\/wp-json\/wp\/v2\/tags?post=1526"},{"taxonomy":"atribut","embeddable":true,"href":"https:\/\/sdf.hr\/hr\/wp-json\/wp\/v2\/atribut?post=1526"}],"curies":[{"name":"wp","href":"https:\/\/api.w.org\/{rel}","templated":true}]}}