{"id":1544,"date":"2022-12-23T11:44:39","date_gmt":"2022-12-23T10:44:39","guid":{"rendered":"https:\/\/sdf.hr\/?post_type=nada&#038;p=1544"},"modified":"2023-03-15T18:18:44","modified_gmt":"2023-03-15T17:18:44","slug":"bismillah-bilale","status":"publish","type":"nada","link":"https:\/\/sdf.hr\/hr\/nada\/bismillah-bilale\/","title":{"rendered":"Bismillah, Bilale"},"content":{"rendered":"<p>Boksa\u010d <strong>Bilal Fawaz<\/strong> zavr\u0161io je nedavno 17 godina dugu bitku za boravak i rad u Ujedinjenom Kraljevstvu, dobiv\u0161i napokon dozvolu da u zemlji ostane na 30 mjeseci. U momentu kada su mu odvjetnici javili da je dobio dozvolu, iza\u0161ao je iz autobusa, kleknuo i poljubio asfalt, popra\u0107en za\u010du\u0111enim pogledima prolaznika. &#8220;Ovdje sam otkako sam bio dijete, ali u tih 17 godina nikad mi nije bilo dopu\u0161teno ni pomisliti da ovu zemlju mogu zvati svojim domom. To je bilo toliko traumati\u010dno da jednostavno ne mogu vjerovati da kona\u010dno mogu imati malo mira&#8221;, kazao je medijima.<\/p>\n<p>Fawaz je ro\u0111en 1988. u Lagosu, roditelji su mu bili imigranti i nisu imali nigerijsko dr\u017eavljanstvo \u2013 majka iz Benina, otac iz Libanona. Majka ga je odgajala sama, a kada mu je bilo osam godina, brigu za njega preuzeo je ujak. U ujakovom je ku\u0107anstvu otkrio borila\u010dke sportove, gledaju\u0107i filmove o karateu dok je obavljao ku\u0107anske poslove. <strong>Jackie Chan<\/strong> mu je bio omiljeni glumac.<\/p>\n<p>Kad mu je bilo 14 godina, ujak mu je kazao da ga njegov biolo\u0161ki otac \u017eeli upoznati. Ponu\u0111ena mu je prilika da ode u London, \u0161to je Fawaz uzbu\u0111eno prihvatio. Grupa mu\u0161karaca koji su tvrdili da su \u010dlanovi njegove obitelji pokupili su ga u zra\u010dnoj luci Heathrow i odveli u ku\u0107u sjeverno od Londona. Re\u010deno mu je da \u0107e otac uskoro do\u0107i po njega, ali to se nikad nije dogodilo. U ku\u0107i je dr\u017ean zato\u010den, tretirali su ga kao roba, bi\u010devali kabelima i tjerali da radi po \u010ditave dane. Dugo je planirao bijeg i jednoga dana uspio iskoristiti odsutnost zlostavlja\u010da i pobje\u0107i do najbli\u017eeg centra za socijalnu skrb. Kasnije je pro\u0161ao kroz vi\u0161e institucija i udomiteljskih obitelji. Boks je otkrio slu\u010dajno, \u0161etaju\u0107i kampusom Sveu\u010dili\u0161ta Brunel. Po\u010deo je sudjelovati u amaterskim borbama i brzo stekao solidnu reputaciju.<\/p>\n<p>Zbog odbijanja Ministarstva unutarnjih poslova da mu izda radnu dozvolu, uskra\u0107ena mu je \u0161ansa za profesionalnu karijeru, i nije mogao prihvatiti ponudu da boksa za Britaniju na Olimpijskim igrama 2012. i 2016. godine. Unato\u010d tome, izgradio je sjajnu amatersku karijeru u boksa\u010dkom klubu Stonebridge u sjevernom Londonu, bio je prvak Engleske i zemlju predstavljao na me\u0111unarodnim amaterskim natjecanjima \u0161est puta. Paralelno je radio kao \u010dista\u010d u klubu, u zamjenu za smje\u0161taj i hranu.<\/p>\n<p>Skoro 20 godina \u017eivio je u stanju sveobuhvatne neizvjesnosti \u2013 odga\u0111ane su odluke o njegovom slu\u010daju, odbijane mu radne dozvole, vi\u0161e ga se puta poku\u0161alo deportirati u Nigeriju, unato\u010d tome \u0161to su mu nigerijske vlasti uskratile putovnicu i dr\u017eavljanstvo. Prekr\u0161ajne prijave koje je zaradio kao traumatizirano dijete u sustavu socijalne skrbi pritom su kori\u0161tene da bi ga se prikazalo kao prijetnju. &#8220;Ministarstvo unutarnjih poslova ozna\u010davalo me kao terorista ili silovatelja ili ubojicu, a nikada u \u017eivotu nisam bio u zatvoru. Jedini prekr\u0161aji koje imam su oni za posjedovanje kanabisa, vo\u017enju bez osiguranja i ulazak u autobus bez osobne iskaznice&#8221;, objasnio je Fawaz. Deportacije su odgo\u0111ene tek nakon \u0161to su lokalni aktivisti i njegov trener vr\u0161ili pritisak da ga se oslobodi i razmotri njegov zahtjev za britanskim dr\u017eavljanstvom.<\/p>\n<p>Sada je korak bli\u017ee ispunjenju tog zahtjeva, ali u tome ne vidi kraj svoje borbe. Fawaz se nada da njegov slu\u010daj mo\u017ee privu\u0107i pozornost na polo\u017eaj drugih mladih migranata i tra\u017eitelja azila bez pratnje, kojima je uskra\u0107eno pravo da ostanu u Ujedinjenom Kraljevstvu nakon \u0161to navr\u0161e 18 godina. Za njih i s njima, ostaje u ringu.<\/p>\n","protected":false},"excerpt":{"rendered":"<p>Boksa\u010d Bilal Fawaz se nada da njegov slu\u010daj mo\u017ee privu\u0107i pozornost na polo\u017eaj mladih migranata i tra\u017eitelja azila bez pratnje, kojima je uskra\u0107eno pravo da ostanu u Ujedinjenom Kraljevstvu nakon \u0161to navr\u0161e 18 godina<\/p>\n","protected":false},"featured_media":2611,"template":"","tags":[40],"atribut":[],"class_list":["post-1544","nada","type-nada","status-publish","has-post-thumbnail","hentry","tag-dvokorak-naprijed"],"acf":[],"yoast_head":"<!-- This site is optimized with the Yoast SEO plugin v27.4 - https:\/\/yoast.com\/product\/yoast-seo-wordpress\/ -->\n<title>Bismillah, Bilale - SDF - Srpski demokratski forum<\/title>\n<meta name=\"robots\" content=\"index, follow, max-snippet:-1, max-image-preview:large, max-video-preview:-1\" \/>\n<link rel=\"canonical\" href=\"https:\/\/sdf.hr\/hr\/nada\/bismillah-bilale\/\" \/>\n<meta property=\"og:locale\" content=\"hr_HR\" \/>\n<meta property=\"og:type\" content=\"article\" \/>\n<meta property=\"og:title\" content=\"Bismillah, Bilale - SDF - Srpski demokratski forum\" \/>\n<meta property=\"og:description\" content=\"Boksa\u010d Bilal Fawaz se nada da njegov slu\u010daj mo\u017ee privu\u0107i pozornost na polo\u017eaj mladih migranata i tra\u017eitelja azila bez pratnje, kojima je uskra\u0107eno pravo da ostanu u Ujedinjenom Kraljevstvu nakon \u0161to navr\u0161e 18 godina\" \/>\n<meta property=\"og:url\" content=\"https:\/\/sdf.hr\/hr\/nada\/bismillah-bilale\/\" \/>\n<meta property=\"og:site_name\" content=\"SDF - Srpski demokratski forum\" \/>\n<meta property=\"article:modified_time\" content=\"2023-03-15T17:18:44+00:00\" \/>\n<meta property=\"og:image\" content=\"https:\/\/sdf.hr\/wp-content\/uploads\/2022\/12\/Fawaz_Marc-Aspland_News-Syndication-1-scaled.jpg\" \/>\n\t<meta property=\"og:image:width\" content=\"2560\" \/>\n\t<meta property=\"og:image:height\" content=\"1708\" \/>\n\t<meta property=\"og:image:type\" content=\"image\/jpeg\" \/>\n<meta name=\"twitter:card\" content=\"summary_large_image\" \/>\n<meta name=\"twitter:label1\" content=\"Procijenjeno vrijeme \u010ditanja\" \/>\n\t<meta name=\"twitter:data1\" content=\"3 minute\" \/>\n<script type=\"application\/ld+json\" class=\"yoast-schema-graph\">{\"@context\":\"https:\\\/\\\/schema.org\",\"@graph\":[{\"@type\":\"WebPage\",\"@id\":\"https:\\\/\\\/sdf.hr\\\/hr\\\/nada\\\/bismillah-bilale\\\/\",\"url\":\"https:\\\/\\\/sdf.hr\\\/hr\\\/nada\\\/bismillah-bilale\\\/\",\"name\":\"Bismillah, Bilale - SDF - Srpski demokratski forum\",\"isPartOf\":{\"@id\":\"https:\\\/\\\/sdf.hr\\\/#website\"},\"primaryImageOfPage\":{\"@id\":\"https:\\\/\\\/sdf.hr\\\/hr\\\/nada\\\/bismillah-bilale\\\/#primaryimage\"},\"image\":{\"@id\":\"https:\\\/\\\/sdf.hr\\\/hr\\\/nada\\\/bismillah-bilale\\\/#primaryimage\"},\"thumbnailUrl\":\"https:\\\/\\\/sdf.hr\\\/wp-content\\\/uploads\\\/2022\\\/12\\\/Fawaz_Marc-Aspland_News-Syndication-1-scaled.jpg\",\"datePublished\":\"2022-12-23T10:44:39+00:00\",\"dateModified\":\"2023-03-15T17:18:44+00:00\",\"breadcrumb\":{\"@id\":\"https:\\\/\\\/sdf.hr\\\/hr\\\/nada\\\/bismillah-bilale\\\/#breadcrumb\"},\"inLanguage\":\"hr\",\"potentialAction\":[{\"@type\":\"ReadAction\",\"target\":[\"https:\\\/\\\/sdf.hr\\\/hr\\\/nada\\\/bismillah-bilale\\\/\"]}]},{\"@type\":\"ImageObject\",\"inLanguage\":\"hr\",\"@id\":\"https:\\\/\\\/sdf.hr\\\/hr\\\/nada\\\/bismillah-bilale\\\/#primaryimage\",\"url\":\"https:\\\/\\\/sdf.hr\\\/wp-content\\\/uploads\\\/2022\\\/12\\\/Fawaz_Marc-Aspland_News-Syndication-1-scaled.jpg\",\"contentUrl\":\"https:\\\/\\\/sdf.hr\\\/wp-content\\\/uploads\\\/2022\\\/12\\\/Fawaz_Marc-Aspland_News-Syndication-1-scaled.jpg\",\"width\":2560,\"height\":1708,\"caption\":\"Bilal Fawaz (Foto: Marc Aspland\\\/News Syndication\\\/PIXSELL)\"},{\"@type\":\"BreadcrumbList\",\"@id\":\"https:\\\/\\\/sdf.hr\\\/hr\\\/nada\\\/bismillah-bilale\\\/#breadcrumb\",\"itemListElement\":[{\"@type\":\"ListItem\",\"position\":1,\"name\":\"Po\u010detna stranica\",\"item\":\"https:\\\/\\\/sdf.hr\\\/hr\\\/\"},{\"@type\":\"ListItem\",\"position\":2,\"name\":\"Nada\",\"item\":\"https:\\\/\\\/sdf.hr\\\/nada\\\/\"},{\"@type\":\"ListItem\",\"position\":3,\"name\":\"Bismillah, Bilale\"}]},{\"@type\":\"WebSite\",\"@id\":\"https:\\\/\\\/sdf.hr\\\/#website\",\"url\":\"https:\\\/\\\/sdf.hr\\\/\",\"name\":\"SDF - Srpski demokratski forum\",\"description\":\"Srpski demokratski forum\",\"publisher\":{\"@id\":\"https:\\\/\\\/sdf.hr\\\/#organization\"},\"potentialAction\":[{\"@type\":\"SearchAction\",\"target\":{\"@type\":\"EntryPoint\",\"urlTemplate\":\"https:\\\/\\\/sdf.hr\\\/?s={search_term_string}\"},\"query-input\":{\"@type\":\"PropertyValueSpecification\",\"valueRequired\":true,\"valueName\":\"search_term_string\"}}],\"inLanguage\":\"hr\"},{\"@type\":\"Organization\",\"@id\":\"https:\\\/\\\/sdf.hr\\\/#organization\",\"name\":\"SDF - Srpski demokratski forum\",\"url\":\"https:\\\/\\\/sdf.hr\\\/\",\"logo\":{\"@type\":\"ImageObject\",\"inLanguage\":\"hr\",\"@id\":\"https:\\\/\\\/sdf.hr\\\/#\\\/schema\\\/logo\\\/image\\\/\",\"url\":\"https:\\\/\\\/sdf.hr\\\/wp-content\\\/uploads\\\/2021\\\/07\\\/logo-hr.svg\",\"contentUrl\":\"https:\\\/\\\/sdf.hr\\\/wp-content\\\/uploads\\\/2021\\\/07\\\/logo-hr.svg\",\"width\":271,\"height\":100,\"caption\":\"SDF - Srpski demokratski forum\"},\"image\":{\"@id\":\"https:\\\/\\\/sdf.hr\\\/#\\\/schema\\\/logo\\\/image\\\/\"}}]}<\/script>\n<!-- \/ Yoast SEO plugin. -->","yoast_head_json":{"title":"Bismillah, Bilale - SDF - Srpski demokratski forum","robots":{"index":"index","follow":"follow","max-snippet":"max-snippet:-1","max-image-preview":"max-image-preview:large","max-video-preview":"max-video-preview:-1"},"canonical":"https:\/\/sdf.hr\/hr\/nada\/bismillah-bilale\/","og_locale":"hr_HR","og_type":"article","og_title":"Bismillah, Bilale - SDF - Srpski demokratski forum","og_description":"Boksa\u010d Bilal Fawaz se nada da njegov slu\u010daj mo\u017ee privu\u0107i pozornost na polo\u017eaj mladih migranata i tra\u017eitelja azila bez pratnje, kojima je uskra\u0107eno pravo da ostanu u Ujedinjenom Kraljevstvu nakon \u0161to navr\u0161e 18 godina","og_url":"https:\/\/sdf.hr\/hr\/nada\/bismillah-bilale\/","og_site_name":"SDF - Srpski demokratski forum","article_modified_time":"2023-03-15T17:18:44+00:00","og_image":[{"width":2560,"height":1708,"url":"https:\/\/sdf.hr\/wp-content\/uploads\/2022\/12\/Fawaz_Marc-Aspland_News-Syndication-1-scaled.jpg","type":"image\/jpeg"}],"twitter_card":"summary_large_image","twitter_misc":{"Procijenjeno vrijeme \u010ditanja":"3 minute"},"schema":{"@context":"https:\/\/schema.org","@graph":[{"@type":"WebPage","@id":"https:\/\/sdf.hr\/hr\/nada\/bismillah-bilale\/","url":"https:\/\/sdf.hr\/hr\/nada\/bismillah-bilale\/","name":"Bismillah, Bilale - SDF - Srpski demokratski forum","isPartOf":{"@id":"https:\/\/sdf.hr\/#website"},"primaryImageOfPage":{"@id":"https:\/\/sdf.hr\/hr\/nada\/bismillah-bilale\/#primaryimage"},"image":{"@id":"https:\/\/sdf.hr\/hr\/nada\/bismillah-bilale\/#primaryimage"},"thumbnailUrl":"https:\/\/sdf.hr\/wp-content\/uploads\/2022\/12\/Fawaz_Marc-Aspland_News-Syndication-1-scaled.jpg","datePublished":"2022-12-23T10:44:39+00:00","dateModified":"2023-03-15T17:18:44+00:00","breadcrumb":{"@id":"https:\/\/sdf.hr\/hr\/nada\/bismillah-bilale\/#breadcrumb"},"inLanguage":"hr","potentialAction":[{"@type":"ReadAction","target":["https:\/\/sdf.hr\/hr\/nada\/bismillah-bilale\/"]}]},{"@type":"ImageObject","inLanguage":"hr","@id":"https:\/\/sdf.hr\/hr\/nada\/bismillah-bilale\/#primaryimage","url":"https:\/\/sdf.hr\/wp-content\/uploads\/2022\/12\/Fawaz_Marc-Aspland_News-Syndication-1-scaled.jpg","contentUrl":"https:\/\/sdf.hr\/wp-content\/uploads\/2022\/12\/Fawaz_Marc-Aspland_News-Syndication-1-scaled.jpg","width":2560,"height":1708,"caption":"Bilal Fawaz (Foto: Marc Aspland\/News Syndication\/PIXSELL)"},{"@type":"BreadcrumbList","@id":"https:\/\/sdf.hr\/hr\/nada\/bismillah-bilale\/#breadcrumb","itemListElement":[{"@type":"ListItem","position":1,"name":"Po\u010detna stranica","item":"https:\/\/sdf.hr\/hr\/"},{"@type":"ListItem","position":2,"name":"Nada","item":"https:\/\/sdf.hr\/nada\/"},{"@type":"ListItem","position":3,"name":"Bismillah, Bilale"}]},{"@type":"WebSite","@id":"https:\/\/sdf.hr\/#website","url":"https:\/\/sdf.hr\/","name":"SDF - Srpski demokratski forum","description":"Srpski demokratski forum","publisher":{"@id":"https:\/\/sdf.hr\/#organization"},"potentialAction":[{"@type":"SearchAction","target":{"@type":"EntryPoint","urlTemplate":"https:\/\/sdf.hr\/?s={search_term_string}"},"query-input":{"@type":"PropertyValueSpecification","valueRequired":true,"valueName":"search_term_string"}}],"inLanguage":"hr"},{"@type":"Organization","@id":"https:\/\/sdf.hr\/#organization","name":"SDF - Srpski demokratski forum","url":"https:\/\/sdf.hr\/","logo":{"@type":"ImageObject","inLanguage":"hr","@id":"https:\/\/sdf.hr\/#\/schema\/logo\/image\/","url":"https:\/\/sdf.hr\/wp-content\/uploads\/2021\/07\/logo-hr.svg","contentUrl":"https:\/\/sdf.hr\/wp-content\/uploads\/2021\/07\/logo-hr.svg","width":271,"height":100,"caption":"SDF - Srpski demokratski forum"},"image":{"@id":"https:\/\/sdf.hr\/#\/schema\/logo\/image\/"}}]}},"_links":{"self":[{"href":"https:\/\/sdf.hr\/hr\/wp-json\/wp\/v2\/nada\/1544","targetHints":{"allow":["GET"]}}],"collection":[{"href":"https:\/\/sdf.hr\/hr\/wp-json\/wp\/v2\/nada"}],"about":[{"href":"https:\/\/sdf.hr\/hr\/wp-json\/wp\/v2\/types\/nada"}],"wp:featuredmedia":[{"embeddable":true,"href":"https:\/\/sdf.hr\/hr\/wp-json\/wp\/v2\/media\/2611"}],"wp:attachment":[{"href":"https:\/\/sdf.hr\/hr\/wp-json\/wp\/v2\/media?parent=1544"}],"wp:term":[{"taxonomy":"post_tag","embeddable":true,"href":"https:\/\/sdf.hr\/hr\/wp-json\/wp\/v2\/tags?post=1544"},{"taxonomy":"atribut","embeddable":true,"href":"https:\/\/sdf.hr\/hr\/wp-json\/wp\/v2\/atribut?post=1544"}],"curies":[{"name":"wp","href":"https:\/\/api.w.org\/{rel}","templated":true}]}}