{"id":1547,"date":"2022-12-25T17:42:09","date_gmt":"2022-12-25T16:42:09","guid":{"rendered":"https:\/\/sdf.hr\/?post_type=nada&#038;p=1547"},"modified":"2023-03-15T18:14:12","modified_gmt":"2023-03-15T17:14:12","slug":"tisucu-rijeci-za-snijeg","status":"publish","type":"nada","link":"https:\/\/sdf.hr\/hr\/nada\/tisucu-rijeci-za-snijeg\/","title":{"rendered":"Tisu\u0107u rije\u010di za snijeg"},"content":{"rendered":"<p>Od svih \u017eivih vrsta kojima prijeti izumiranje zbog globalnog zatopljenja i otapanja ledenjaka, prvi su s lica Zemlje nestali hejteri snijega. Mrzitelji svega snje\u017enog znali su se jo\u0161 donedavno tu i tamo oglasiti, ali vi\u0161e ih nema <em>ni vidit ni \u010dut<\/em>. Bili su to u pravilu oni moji Dalmatinci, ronzala koja se zimi nisu primjereno ogrijala sve dok nisu doselili na kontinent, a onda su im u\u017easno i podjednako po\u010deli smetati i minusi i bljuzga i snje\u0161ko. Nikad nisam do\u017eivjela da se na snijeg \u017eale recimo Gorani ili Li\u010dani, a u cjelokupnoj kanadskoj antologiji kratke pri\u010de, u kojoj je me\u0107ava uvijek br\u017ea i mo\u0107nija od ralica, nitko nije ni pribli\u017eno hejtao snijeg kao dalmatinski imigranti u Zagrebu. Ovo je zapravo dosta neobi\u010dna stvar, jer svaka ro\u0111ena Dalmatinka ili Dalmatinac naprosto obo\u017eava snijeg koji jednom u deset godina padne u Splitu, Zadru, \u0160ibeniku, koji se do\u010dekuje kao mana nebeska, a obo\u017eavaju i snijeg na Jahorini, na Kupresu, Pohorju, a pogotovo na Madonni di Campiglio, ali kako dosele u Zagreb, ova im se padalina ogadi. Neki od snje\u017enih hejtera i\u0161li su toliko daleko da su me poku\u0161avali uvjeriti da je stvar samo u tome \u0161to ne \u017eivim dovoljno dugo u ovom gradu i da \u0107u s <em>vrimenom do\u0107 na njihovo<\/em>, ali kako stvari stoje bojim se da \u0107e prije oni do\u0107i na moje i po\u017eeljeti ga \u2013 snijega je sve manje i manje, ne treba biti Sijerkovi\u0107 da bi se to zapazilo.<\/p>\n<p>Situacija je takva da su neki gradovi u kojima se od 2012. odr\u017eavala me\u0111unarodna manifestacija &#8220;50 Poems for Snow&#8221; (50 pjesama za snijeg) \u2013 nazvana prema divnoj pjesmi Kate Bush &#8220;50 Words for Snow&#8221;\u00a0\u2013 ove godine odustali od tradicionalnog \u010ditanja poezije na otvorenom na prvi dan ozbiljnijeg snijega. Zimska bajka je izgubila smisao, a dobila poantu. A bilo bi puno bolje da je obrnuto, jer ljepoti poanta nije potrebna.<\/p>\n<p>Prvo sje\u0107anje koje mogu dozvati u vezi sa snijegom je sje\u0107anje na jednu izdvojenu pahulju, izgledala je kao da i ne pripada snijegu \u2013 magi\u010dan filigran, kristal na vunenom prstu rukavice. Snijeg je bio visok na \u0160ator-planini, upadala sam u njega do nosa, stavili su me na samar i jahala sam na konju kojega je netko od odraslih vodio za uzde prema ku\u0107icama u daljini. Putevi su bili zameteni, na\u0161 auto je ostao negdje u bjelini u dubokoj Bosni, kroz takav snijeg mogao se probiti samo konj. (A ako je vjerovati pri\u010dama, to je \u017eilavo kljusence i ina\u010de i\u0161lo svugdje i po svakom vremenu i jo\u0161 nije izmi\u0161ljeno prijevozno sredstvo koje bi te moglo odvesti kamo je, bez navigacije, mogao on na svojim le\u0111ima.) Ima ne\u0161to drevno u toj sceni beskrajne bjeline, ali to u tom trenutku ne znam, gledam pahuljicu na jednoj niti vune, drugom rukavicom pipnem pahulju, zgrabim\u00a0pr\u0161i\u0107 s konjske grive, ali u sljede\u0107em trenutku ve\u0107 je mokra, skidam je i gubim i ne usu\u0111ujem se nikome re\u0107i, spu\u0161tam ruku u ledeni d\u017eep bundice koju mi je stric pomorac te zime donio iz Rusije i osje\u0107am bol, bol. Nije mi vi\u0161e do ljepote snijega. Ali, ima u tom neo\u010dekivane pravde: zbog boli koju mi je snijeg zadao i danas, kad po\u017eelim, jezdim na onom konji\u0107u kroz tihu ledenu magiju te slike.<\/p>\n<p>Iako se to dogodilo u ono bla\u017eeno doba kada nisam imala potrebu artikulirati svoje misli i osje\u0107aje, da sam znala i po\u017eeljela, rekla bih mo\u017eda ne\u0161to sli\u010dno ovome \u0161to mislim danas: Snije\u017ee ti si \u010dudo, kako god okrene\u0161, ti si nedosti\u017eno remek djelo prirode, ti si taj smisao umjetnosti, a potpuno si prirodan, ti si savr\u0161ena najcjelovitija cjelina sazdana od bezbroja savr\u0161enih kristala, nestabilan i nestalan ili postojan poput mjesta i vremena na koje pada\u0161 i \u010diji oblik i postojanost preuzima\u0161 u zamjenu za najzavodljiviju od svih iluzija, ti si najmek\u0161i i najblje\u0161taviji <em>outfit<\/em> ovoga svijeta, ti si <em>makeover<\/em> grada, radi\u0161 to samo da demonstrira\u0161 rasko\u0161 svog stilisti\u010dkog talenta, svoju superiornu estetiku zime, a opet, nikad ne ispada\u0161 razmetljiv u svom obilju, jer si supstanca ti\u0161ine, njeno zimsko tijelo; uo\u010davam i da te je mogu\u0107e popiti, ali ne i pojesti, da si katalizator higijene svijeta koju zovemo ekologija, da je nepostavljeno teolo\u0161ko pitanje jesi li bog ili ma\u0111ioni\u010dar, ali bez sumnje si u posjedu vrad\u017ebine koja je starija od svih religija, okultna\/okrutna i tako blaga dok na\u0161 \u017eivot pretvara\u0161 u radost, idilu koja je kratka vijeka, a smrt u bezbolan san koji je vje\u010dan&#8230; Zbog svega toga \u0161to si mi dao, a \u0161to sam s veseljem i \u017eudnjom uzimala, nikada te ne\u0107u povezati s bljuzgom i blatom, samo se vrati i zatrpaj nas.<\/p>\n<p>Neki znanstvenici smatraju da bi se ledenjaci u potpunosti mogli otopiti ve\u0107 2050. godine i da bi u budu\u0107nosti ova pojava mogla ugroziti \u017eivote milijuna ljudi diljem svijeta. Ali u ovom slu\u010daju ne marim previ\u0161e za ljude, te ovisnike o ugljiku koji su katastrofu smjestili sami sebi i ostalim \u017eivim bi\u0107ima, mislim na one prekrasne izumiru\u0107e polarne medvjede koje gledamo u emisijama Davida Attenborougha, na o\u010daj sretnih pingvina koji gacaju po rastopljenim stani\u0161tima. I osje\u0107am se kao sudionica u zlo\u010dinu u ovom klimatskom holokaustu koji uporno ignoriramo dok se \u017eivotinjama topi tlo pod nogama, ono isto koje bi nas u drugom agregatnom stanju do 2050. moglo preplaviti.<\/p>\n<p>Ka\u017eu da je <em>dalmatinski tip obale<\/em>, bilo gdje na svijetu, ona vrsta reljefa gdje otoci prate fizionomiju planinskih lanaca, jer su nekad, do ledenog doba, na\u0161i otoci bili gore i planine \u2013 pisala sam ve\u0107 o tome na jednom drugom mjestu, ali \u010dini se zanimljivo ponoviti s obzirom da bi &#8220;prvi red do mora&#8221; u ne tako dalekoj budu\u0107nosti mogao postati &#8220;prvi red pod morem&#8221;, prili\u010dno nepo\u017eeljna stambena pozicija.<\/p>\n<p>Ili, da se na tren vratimo Kate Bush, tko nije slu\u0161ao &#8220;50 Words for Snow&#8221;\u00a0mogao bi zapjevati &#8220;Runnig up that Hill&#8221;. Drugospomenutu pjesmu uglavnom znate, a ova prva, posve\u0107ena snijegu, po kojoj je nazvana manifestacija za koju je ove zime najavljeno da se u Zagrebu ne\u0107e odr\u017eati, poziva nas da, eto kao Eskimi, izmislimo svatko svojih pedeset rije\u010di za snijeg: &#8220;Don&#8217;t you know it&#8217;s not just the Eskimo, let me hear your 50 words for snow?&#8221;<\/p>\n<p>Ima ne\u0161to \u0161amansko u toj smrznutoj pjesmi u kojoj rije\u010di padaju u na\u0161e u\u0161i poput zazivanog snijega. Koliko znam, zasad joj je odgovorio samo kolega Enver Krivac, dijete Gorskog Kotara koji u svojoj pjesmi &#8220;draga kate bush\u201d nabraja svoje snjegove ovako: <em>istresine sine \/ lotaslota \/ kanik \/ stiroporac \/ padal\u00edna \/ \u0161kvrljizlato \/ pr\u0161injel \/ cijelacbijelac \/ kasuljap \/ me\u0107avko \/ vijevije \/ belgri\u010d \/ medenpik \/ ledakmest \/ paluhalj \/tito dru\u017ee \/ pti \/ dancink \/ papu\u010d \/ laktofriz \/sine adipe lac \/ nanu\u0161ka \/ srnintap \/ \u0161pricavac \/ lijepovrijeme \/ sanovnik \/ bjeligasp \/ vuksamotnjak \/ visper \/ lumi-h\u00f3 \/ tresonja \/ nema\u0161kole \/ karampeli \/ bakin kristal \/ paradidlpuding \/ mleks \/ \u0161kripilip \/ popodneve \/ me\u0107avaskularan \/ prhomet \/ apala\u010dian\u0161lag \/ frrrrrrrrrr \/ dvometra\u0161 \/ cijelimjesec \/ finipuh \/ okodimnjak \/ kokanzatrpan \/ in a silent way \/ nano\u0161njak \/ sigonos \/ snijeg<\/em>.<\/p>\n<p>Svi znamo, ako dobro protrese\u0161 i okrene\u0161 snje\u017enu kuglu, padat \u0107e snijeg tako da nema razloga da ne upali ovaj zaziv. \u0160to se, evo, i srame\u017eljivo doga\u0111a dok uz prozor pokraj radijatora prebrojavam mojih tisu\u0107u i dvjesto rije\u010di za snijeg koliko stane u ovu kolumnu. Nije li to logi\u010dno? \u010carolija koja se mo\u017ee znanstveno objasniti, a nije trik.<\/p>\n<p><em>pi\u0161e Olja Savi\u010devi\u0107 Ivan\u010devi\u0107<\/em><\/p>\n","protected":false},"excerpt":{"rendered":"<p>Snije\u017ee ti si \u010dudo&#8230; zbog svega toga \u0161to si mi dao, a \u0161to sam s veseljem i \u017eudnjom uzimala, nikada te ne\u0107u povezati s bljuzgom i blatom, samo se vrati i zatrpaj nas<\/p>\n","protected":false},"featured_media":2576,"template":"","tags":[105],"atribut":[],"class_list":["post-1547","nada","type-nada","status-publish","has-post-thumbnail","hentry","tag-razum-i-osjecaji"],"acf":[],"yoast_head":"<!-- This site is optimized with the Yoast SEO plugin v27.4 - https:\/\/yoast.com\/product\/yoast-seo-wordpress\/ -->\n<title>Tisu\u0107u rije\u010di za snijeg - SDF - Srpski demokratski forum<\/title>\n<meta name=\"robots\" content=\"index, follow, max-snippet:-1, max-image-preview:large, max-video-preview:-1\" \/>\n<link rel=\"canonical\" href=\"https:\/\/sdf.hr\/hr\/nada\/tisucu-rijeci-za-snijeg\/\" \/>\n<meta property=\"og:locale\" content=\"hr_HR\" \/>\n<meta property=\"og:type\" content=\"article\" \/>\n<meta property=\"og:title\" content=\"Tisu\u0107u rije\u010di za snijeg - SDF - Srpski demokratski forum\" \/>\n<meta property=\"og:description\" content=\"Snije\u017ee ti si \u010dudo... zbog svega toga \u0161to si mi dao, a \u0161to sam s veseljem i \u017eudnjom uzimala, nikada te ne\u0107u povezati s bljuzgom i blatom, samo se vrati i zatrpaj nas\" \/>\n<meta property=\"og:url\" content=\"https:\/\/sdf.hr\/hr\/nada\/tisucu-rijeci-za-snijeg\/\" \/>\n<meta property=\"og:site_name\" content=\"SDF - Srpski demokratski forum\" \/>\n<meta property=\"article:modified_time\" content=\"2023-03-15T17:14:12+00:00\" \/>\n<meta property=\"og:image\" content=\"https:\/\/sdf.hr\/wp-content\/uploads\/2023\/01\/Olja.jpg\" \/>\n\t<meta property=\"og:image:width\" content=\"1200\" \/>\n\t<meta property=\"og:image:height\" content=\"750\" \/>\n\t<meta property=\"og:image:type\" content=\"image\/jpeg\" \/>\n<meta name=\"twitter:card\" content=\"summary_large_image\" \/>\n<meta name=\"twitter:label1\" content=\"Procijenjeno vrijeme \u010ditanja\" \/>\n\t<meta name=\"twitter:data1\" content=\"6 minuta\" \/>\n<script type=\"application\/ld+json\" class=\"yoast-schema-graph\">{\"@context\":\"https:\\\/\\\/schema.org\",\"@graph\":[{\"@type\":\"WebPage\",\"@id\":\"https:\\\/\\\/sdf.hr\\\/hr\\\/nada\\\/tisucu-rijeci-za-snijeg\\\/\",\"url\":\"https:\\\/\\\/sdf.hr\\\/hr\\\/nada\\\/tisucu-rijeci-za-snijeg\\\/\",\"name\":\"Tisu\u0107u rije\u010di za snijeg - SDF - Srpski demokratski forum\",\"isPartOf\":{\"@id\":\"https:\\\/\\\/sdf.hr\\\/#website\"},\"primaryImageOfPage\":{\"@id\":\"https:\\\/\\\/sdf.hr\\\/hr\\\/nada\\\/tisucu-rijeci-za-snijeg\\\/#primaryimage\"},\"image\":{\"@id\":\"https:\\\/\\\/sdf.hr\\\/hr\\\/nada\\\/tisucu-rijeci-za-snijeg\\\/#primaryimage\"},\"thumbnailUrl\":\"https:\\\/\\\/sdf.hr\\\/wp-content\\\/uploads\\\/2023\\\/01\\\/Olja.jpg\",\"datePublished\":\"2022-12-25T16:42:09+00:00\",\"dateModified\":\"2023-03-15T17:14:12+00:00\",\"breadcrumb\":{\"@id\":\"https:\\\/\\\/sdf.hr\\\/hr\\\/nada\\\/tisucu-rijeci-za-snijeg\\\/#breadcrumb\"},\"inLanguage\":\"hr\",\"potentialAction\":[{\"@type\":\"ReadAction\",\"target\":[\"https:\\\/\\\/sdf.hr\\\/hr\\\/nada\\\/tisucu-rijeci-za-snijeg\\\/\"]}]},{\"@type\":\"ImageObject\",\"inLanguage\":\"hr\",\"@id\":\"https:\\\/\\\/sdf.hr\\\/hr\\\/nada\\\/tisucu-rijeci-za-snijeg\\\/#primaryimage\",\"url\":\"https:\\\/\\\/sdf.hr\\\/wp-content\\\/uploads\\\/2023\\\/01\\\/Olja.jpg\",\"contentUrl\":\"https:\\\/\\\/sdf.hr\\\/wp-content\\\/uploads\\\/2023\\\/01\\\/Olja.jpg\",\"width\":1200,\"height\":750},{\"@type\":\"BreadcrumbList\",\"@id\":\"https:\\\/\\\/sdf.hr\\\/hr\\\/nada\\\/tisucu-rijeci-za-snijeg\\\/#breadcrumb\",\"itemListElement\":[{\"@type\":\"ListItem\",\"position\":1,\"name\":\"Po\u010detna stranica\",\"item\":\"https:\\\/\\\/sdf.hr\\\/hr\\\/\"},{\"@type\":\"ListItem\",\"position\":2,\"name\":\"Nada\",\"item\":\"https:\\\/\\\/sdf.hr\\\/nada\\\/\"},{\"@type\":\"ListItem\",\"position\":3,\"name\":\"Tisu\u0107u rije\u010di za snijeg\"}]},{\"@type\":\"WebSite\",\"@id\":\"https:\\\/\\\/sdf.hr\\\/#website\",\"url\":\"https:\\\/\\\/sdf.hr\\\/\",\"name\":\"SDF - Srpski demokratski forum\",\"description\":\"Srpski demokratski forum\",\"publisher\":{\"@id\":\"https:\\\/\\\/sdf.hr\\\/#organization\"},\"potentialAction\":[{\"@type\":\"SearchAction\",\"target\":{\"@type\":\"EntryPoint\",\"urlTemplate\":\"https:\\\/\\\/sdf.hr\\\/?s={search_term_string}\"},\"query-input\":{\"@type\":\"PropertyValueSpecification\",\"valueRequired\":true,\"valueName\":\"search_term_string\"}}],\"inLanguage\":\"hr\"},{\"@type\":\"Organization\",\"@id\":\"https:\\\/\\\/sdf.hr\\\/#organization\",\"name\":\"SDF - Srpski demokratski forum\",\"url\":\"https:\\\/\\\/sdf.hr\\\/\",\"logo\":{\"@type\":\"ImageObject\",\"inLanguage\":\"hr\",\"@id\":\"https:\\\/\\\/sdf.hr\\\/#\\\/schema\\\/logo\\\/image\\\/\",\"url\":\"https:\\\/\\\/sdf.hr\\\/wp-content\\\/uploads\\\/2021\\\/07\\\/logo-hr.svg\",\"contentUrl\":\"https:\\\/\\\/sdf.hr\\\/wp-content\\\/uploads\\\/2021\\\/07\\\/logo-hr.svg\",\"width\":271,\"height\":100,\"caption\":\"SDF - Srpski demokratski forum\"},\"image\":{\"@id\":\"https:\\\/\\\/sdf.hr\\\/#\\\/schema\\\/logo\\\/image\\\/\"}}]}<\/script>\n<!-- \/ Yoast SEO plugin. -->","yoast_head_json":{"title":"Tisu\u0107u rije\u010di za snijeg - SDF - Srpski demokratski forum","robots":{"index":"index","follow":"follow","max-snippet":"max-snippet:-1","max-image-preview":"max-image-preview:large","max-video-preview":"max-video-preview:-1"},"canonical":"https:\/\/sdf.hr\/hr\/nada\/tisucu-rijeci-za-snijeg\/","og_locale":"hr_HR","og_type":"article","og_title":"Tisu\u0107u rije\u010di za snijeg - SDF - Srpski demokratski forum","og_description":"Snije\u017ee ti si \u010dudo... zbog svega toga \u0161to si mi dao, a \u0161to sam s veseljem i \u017eudnjom uzimala, nikada te ne\u0107u povezati s bljuzgom i blatom, samo se vrati i zatrpaj nas","og_url":"https:\/\/sdf.hr\/hr\/nada\/tisucu-rijeci-za-snijeg\/","og_site_name":"SDF - Srpski demokratski forum","article_modified_time":"2023-03-15T17:14:12+00:00","og_image":[{"width":1200,"height":750,"url":"https:\/\/sdf.hr\/wp-content\/uploads\/2023\/01\/Olja.jpg","type":"image\/jpeg"}],"twitter_card":"summary_large_image","twitter_misc":{"Procijenjeno vrijeme \u010ditanja":"6 minuta"},"schema":{"@context":"https:\/\/schema.org","@graph":[{"@type":"WebPage","@id":"https:\/\/sdf.hr\/hr\/nada\/tisucu-rijeci-za-snijeg\/","url":"https:\/\/sdf.hr\/hr\/nada\/tisucu-rijeci-za-snijeg\/","name":"Tisu\u0107u rije\u010di za snijeg - SDF - Srpski demokratski forum","isPartOf":{"@id":"https:\/\/sdf.hr\/#website"},"primaryImageOfPage":{"@id":"https:\/\/sdf.hr\/hr\/nada\/tisucu-rijeci-za-snijeg\/#primaryimage"},"image":{"@id":"https:\/\/sdf.hr\/hr\/nada\/tisucu-rijeci-za-snijeg\/#primaryimage"},"thumbnailUrl":"https:\/\/sdf.hr\/wp-content\/uploads\/2023\/01\/Olja.jpg","datePublished":"2022-12-25T16:42:09+00:00","dateModified":"2023-03-15T17:14:12+00:00","breadcrumb":{"@id":"https:\/\/sdf.hr\/hr\/nada\/tisucu-rijeci-za-snijeg\/#breadcrumb"},"inLanguage":"hr","potentialAction":[{"@type":"ReadAction","target":["https:\/\/sdf.hr\/hr\/nada\/tisucu-rijeci-za-snijeg\/"]}]},{"@type":"ImageObject","inLanguage":"hr","@id":"https:\/\/sdf.hr\/hr\/nada\/tisucu-rijeci-za-snijeg\/#primaryimage","url":"https:\/\/sdf.hr\/wp-content\/uploads\/2023\/01\/Olja.jpg","contentUrl":"https:\/\/sdf.hr\/wp-content\/uploads\/2023\/01\/Olja.jpg","width":1200,"height":750},{"@type":"BreadcrumbList","@id":"https:\/\/sdf.hr\/hr\/nada\/tisucu-rijeci-za-snijeg\/#breadcrumb","itemListElement":[{"@type":"ListItem","position":1,"name":"Po\u010detna stranica","item":"https:\/\/sdf.hr\/hr\/"},{"@type":"ListItem","position":2,"name":"Nada","item":"https:\/\/sdf.hr\/nada\/"},{"@type":"ListItem","position":3,"name":"Tisu\u0107u rije\u010di za snijeg"}]},{"@type":"WebSite","@id":"https:\/\/sdf.hr\/#website","url":"https:\/\/sdf.hr\/","name":"SDF - Srpski demokratski forum","description":"Srpski demokratski forum","publisher":{"@id":"https:\/\/sdf.hr\/#organization"},"potentialAction":[{"@type":"SearchAction","target":{"@type":"EntryPoint","urlTemplate":"https:\/\/sdf.hr\/?s={search_term_string}"},"query-input":{"@type":"PropertyValueSpecification","valueRequired":true,"valueName":"search_term_string"}}],"inLanguage":"hr"},{"@type":"Organization","@id":"https:\/\/sdf.hr\/#organization","name":"SDF - Srpski demokratski forum","url":"https:\/\/sdf.hr\/","logo":{"@type":"ImageObject","inLanguage":"hr","@id":"https:\/\/sdf.hr\/#\/schema\/logo\/image\/","url":"https:\/\/sdf.hr\/wp-content\/uploads\/2021\/07\/logo-hr.svg","contentUrl":"https:\/\/sdf.hr\/wp-content\/uploads\/2021\/07\/logo-hr.svg","width":271,"height":100,"caption":"SDF - Srpski demokratski forum"},"image":{"@id":"https:\/\/sdf.hr\/#\/schema\/logo\/image\/"}}]}},"_links":{"self":[{"href":"https:\/\/sdf.hr\/hr\/wp-json\/wp\/v2\/nada\/1547","targetHints":{"allow":["GET"]}}],"collection":[{"href":"https:\/\/sdf.hr\/hr\/wp-json\/wp\/v2\/nada"}],"about":[{"href":"https:\/\/sdf.hr\/hr\/wp-json\/wp\/v2\/types\/nada"}],"wp:featuredmedia":[{"embeddable":true,"href":"https:\/\/sdf.hr\/hr\/wp-json\/wp\/v2\/media\/2576"}],"wp:attachment":[{"href":"https:\/\/sdf.hr\/hr\/wp-json\/wp\/v2\/media?parent=1547"}],"wp:term":[{"taxonomy":"post_tag","embeddable":true,"href":"https:\/\/sdf.hr\/hr\/wp-json\/wp\/v2\/tags?post=1547"},{"taxonomy":"atribut","embeddable":true,"href":"https:\/\/sdf.hr\/hr\/wp-json\/wp\/v2\/atribut?post=1547"}],"curies":[{"name":"wp","href":"https:\/\/api.w.org\/{rel}","templated":true}]}}