{"id":1569,"date":"2022-12-28T16:22:51","date_gmt":"2022-12-28T15:22:51","guid":{"rendered":"https:\/\/sdf.hr\/?post_type=nada&#038;p=1569"},"modified":"2023-03-15T18:06:28","modified_gmt":"2023-03-15T17:06:28","slug":"sami-svoji-majstori","status":"publish","type":"nada","link":"https:\/\/sdf.hr\/hr\/nada\/sami-svoji-majstori\/","title":{"rendered":"Sami svoji majstori"},"content":{"rendered":"<p>Sedamdesetih godina &#8220;uradi sam&#8221; kultura na ovim prostorima podrazumijevala je izradu poja\u010dala, namje\u0161taja, razne savjete za preure\u0111enje doma, uzgoj povr\u0107a na balkonu, kao i popravak razli\u010ditih ure\u0111aja. Desetlje\u0107e kasnije Sam svoj majstor, vode\u0107i jugoslavenski mjese\u010dnik za &#8220;uradi sam&#8221; kulturu, donosio je i upute za programiranje u BASIC-u i izradu jednostavnih kompjutorskih igara. Drugim rije\u010dima, rana &#8220;uradi sam&#8221; kultura kod nas je, kao i u svijetu, bila vezana za ideju ekonomi\u010dnog pristupa stvarima i pouzdavanje u vlastite kapacitete. Kako su TBF-ovi stihovi &#8220;tr\u010di kupi novo, popravljaju samo \u010dudaci&#8221; s tr\u017ei\u0161nom ekonomijom postajali sve aktualniji i &#8220;uradi sam&#8221; kultura osvojila je nove dru\u0161tvene dimenzije jer danas sve intenzivnije podrazumijeva i &#8220;uradi s drugima&#8221; i &#8220;uradimo zajedno&#8221; prakse, a ovo je pri\u010da o dva zagreba\u010dka kolektiva sa sasvim solidnim iskustvom u tome: Biciklopopravljaoni i Radioni.<\/p>\n<p>Godine 2009. u Zelenoj akciji pisali su projekt vezan uz odr\u017eivost u svakodnevnom \u017eivotu, a kako su se oduvijek bavili promocijom biciklizma kao odr\u017eivog transporta, \u010dinilo im se da bi bilo sjajno napraviti volontersku radionicu za popravak bicikala. Nisu o\u010dekivali da \u0107e aktivnost trajati du\u017ee od projekta, ali i trinaest godina kasnije svakog \u010detvrtka izme\u0111u 17 i 20 sati u Frankopanskoj 1 u Bic-popu primaju sve koji su voljni uz pomo\u0107 volontera besplatno popraviti bicikl. Kvaku na vratima napravili su od pedala, a unutra su, posred hrpe dijelova i alata i tog tmurnog \u010detvrtka krajem studenog kad smo u\u0161li k njima, volonterke i volonteri popravljali nabe, centrirali kota\u010de i pripremali nove bicikle za donaciju. Njihov voditelj, Eugen Vukovi\u0107 iz Zelene akcije, obja\u0161njava nam zbog kojih im je principa Bic-pop va\u017ean.<\/p>\n<figure id=\"attachment_2592\" aria-describedby=\"caption-attachment-2592\" style=\"width: 2508px\" class=\"wp-caption alignnone\"><img loading=\"lazy\" decoding=\"async\" class=\"wp-image-2592 size-full\" src=\"https:\/\/sdf.hr\/wp-content\/uploads\/2022\/12\/Eugen-Vukovic-1.jpg\" alt=\"\" width=\"2508\" height=\"1672\" srcset=\"https:\/\/sdf.hr\/wp-content\/uploads\/2022\/12\/Eugen-Vukovic-1.jpg 2508w, https:\/\/sdf.hr\/wp-content\/uploads\/2022\/12\/Eugen-Vukovic-1-300x200.jpg 300w, https:\/\/sdf.hr\/wp-content\/uploads\/2022\/12\/Eugen-Vukovic-1-1024x683.jpg 1024w, https:\/\/sdf.hr\/wp-content\/uploads\/2022\/12\/Eugen-Vukovic-1-768x512.jpg 768w, https:\/\/sdf.hr\/wp-content\/uploads\/2022\/12\/Eugen-Vukovic-1-1536x1024.jpg 1536w, https:\/\/sdf.hr\/wp-content\/uploads\/2022\/12\/Eugen-Vukovic-1-2048x1365.jpg 2048w\" sizes=\"auto, (max-width: 2508px) 100vw, 2508px\" \/><figcaption id=\"caption-attachment-2592\" class=\"wp-caption-text\">Eugen Vukovi\u0107 iz Zelene akcije (Foto: Petar Varat)<\/figcaption><\/figure>\n<p>\u2014 Zelena akcija je u tome zbog promocije odr\u017eivog transporta jer \u0107e ljudi koji do\u0111u s volonterima popraviti bicikl u\u0161tedjeti na servisu. Osim toga to je i promocija ponovne upotrebe stvari. Na koncu ovo \u0161to radimo je i promocija radno-dru\u0161tvene solidarnosti, da otvara\u0161 prostor u kojem ljudi jedni drugima poma\u017eu besplatno, da volontiraju &#8211; ka\u017ee.<\/p>\n<p>Prilazi nam i volonterka Marina Kelava i priklju\u010duje se razgovoru.<\/p>\n<p>\u2014 Volimo ideju cirkularne ekonomije, volimo ideju da se ne kupuju nove stvari nego se recikliraju i koriste stare. Zato smo i pokrenuli donacije bicikala. To je krenulo spontano s izbjeglicama, ali smo shvatili da ljudi imaju brdo bicikala po podrumima koji trunu. Ljudima bicikl mo\u017ee puno zna\u010diti jer pru\u017ea i slobodu kretanja. Mogu \u010dak i raditi na biciklu, premda je upitno koliko treba pomagati vrstu ekonomije kao \u0161to je platformski rad, ali s druge strane nekima to omogu\u0107ava da pre\u017eive. Do\u0161ao nam je nedavno jedan \u010dovjek s azilom i pitao gdje mo\u017ee kupiti bicikl. Iz razgovora sam shvatila da vozi za jednu od dostavnih slu\u017ebi i da pla\u0107a najam bicikla 600 kuna. Pozvala sam ga do\u0111e k nama i dali smo mu bolji bicikl \u2013 ka\u017ee Marina.<\/p>\n<p>Knjiga koja se nalazi kraj vrata, u kojoj uredno bilje\u017ee sve popravke, pokazuje da se pribli\u017eavaju brojci od 10 tisu\u0107a servisiranih bicikala, a ni broj onih doniranih nije ni\u0161ta manje impresivan jer ih je posljednjih godina bilo vi\u0161e od 800.<\/p>\n<p>\u2014 Do 2014. donacija nije bilo puno, cirkulirali su dijelovi i ljudi bi ih uzimali, a onda su nas iz Centra za mirovne studije pitali bismo li donirali bicikle tra\u017eiteljima azila. I sredili smo im pet-\u0161est bicikala. Iste godine su se desile i poplave u Gunji pa smo opet donirali bicikle koji su ljudima jako olak\u0161ali kretanje. A onda je krenula i Balkanska ruta pa su nas iz Ar Ju Sirijus pitali bismo li za izbjeglice popravili neke bicikle koje su dobili u donacijama. Tada smo se malo prepali da \u0107e toga biti puno i da ne\u0107emo s tim mo\u0107i iza\u0107i na kraj. Osim toga, imamo i na\u010delo, kojeg smo se dotad \u010dvrsto dr\u017eali, da svatko tko \u017eeli popraviti bicikl mora zajedno s nama ovdje raditi na tom biciklu. \u0160to ako dobijemo 200 bicikala? To za volontere nije ba\u0161 dobra situacija jer si kao na nekoj pokretnoj traci. Rekli smo, popravit \u0107emo bicikle, ali neka oni koji \u0107e ih dobiti sudjeluju u tome. Ispala je sjajna integracijska aktivnost &#8211; prisje\u0107a se Eugen.<\/p>\n<p>S udrugom &#8220;Ljudi za ljude&#8221; iz Gline po\u010deli su sura\u0111ivati i nekoliko godina prije potresa na Baniji, a nakon njih sve se dodatno intenziviralo. No tu su i donacije dje\u010djim domovima i Caritasu, a te bicikle popravljaju u suradnji s organizacijama koje se bave humanitarnim radom.<\/p>\n<p>\u2014 S najnovijim valom izbjeglica kod nas se zadesilo dosta Rusa, \u010ce\u010dena, naravno i Ukrajinaca, ljudi koji nisu htjeli u rat. Izbjeglice koje ovdje zateknete indikator su nekog globalnog trenda &#8211; ka\u017ee Eugen.<\/p>\n<p>Na po\u010detku su osnovni tim Bic-popa \u010dinili aktivni i biv\u0161i studenti Odsjeka za sociologiju zagreba\u010dkog Filozofskog fakulteta, a Marinu koja ve\u0107 godinama pi\u0161e za <a href=\"https:\/\/www.h-alter.org\/\">H-Alter<\/a> pitamo kako se ona priklju\u010dila volonterskom timu.<\/p>\n<figure id=\"attachment_2595\" aria-describedby=\"caption-attachment-2595\" style=\"width: 2560px\" class=\"wp-caption alignnone\"><img loading=\"lazy\" decoding=\"async\" class=\"wp-image-2595 size-full\" src=\"https:\/\/sdf.hr\/wp-content\/uploads\/2022\/12\/Marina-Kelava-1-scaled.jpg\" alt=\"\" width=\"2560\" height=\"1707\" srcset=\"https:\/\/sdf.hr\/wp-content\/uploads\/2022\/12\/Marina-Kelava-1-scaled.jpg 2560w, https:\/\/sdf.hr\/wp-content\/uploads\/2022\/12\/Marina-Kelava-1-300x200.jpg 300w, https:\/\/sdf.hr\/wp-content\/uploads\/2022\/12\/Marina-Kelava-1-1024x683.jpg 1024w, https:\/\/sdf.hr\/wp-content\/uploads\/2022\/12\/Marina-Kelava-1-768x512.jpg 768w, https:\/\/sdf.hr\/wp-content\/uploads\/2022\/12\/Marina-Kelava-1-1536x1024.jpg 1536w, https:\/\/sdf.hr\/wp-content\/uploads\/2022\/12\/Marina-Kelava-1-2048x1365.jpg 2048w\" sizes=\"auto, (max-width: 2560px) 100vw, 2560px\" \/><figcaption id=\"caption-attachment-2595\" class=\"wp-caption-text\">Marina Kelava (Foto: Petar Varat)<\/figcaption><\/figure>\n<p>\u2014 Prvo sam bila aktivistkinja u Zelenoj akciji i dolazila sam kao mu\u0161terija. Imala sam bicikl koji je imao dosta godina i stalno se kvario, a s vremenom sam po\u010dela i volontirati. Ima ne\u0161to u tome \u0161to te osna\u017euje kad zna\u0161 sam popraviti, pogotovo ne\u0161to \u0161to koristi\u0161 svaki dan. Onda se puno lak\u0161e odva\u017ei\u0161 da krene\u0161 negdje putovati biciklom. Da bi se ovdje volontiralo treba ipak imati ne\u0161to samopouzdanja da drugome popravlja\u0161 bicikl. Ima nas 20-ak, a i ljudi koji su s nama nau\u010dili popravljati bicikle nam se vra\u0107aju. Osim toga, u dru\u0161tvu nedostaje mjesta gdje se stvari zajedno rade, a i rad s rukama ima terapeutsku vrijednost. Odmah se \u010dovjek uzemlji, fokusira i bolje se osje\u0107a. Mo\u017ee se dru\u017eiti i druga\u010dije, tako da se istovremeno i stvara ne\u0161to. To je korisno i za druge &#8211; govori nam Marina.<\/p>\n<p>A onda je u Bic-pop jedan \u010dovjek do\u0161ao po bicikl. Govori nam da je izbjeglica iz Etiopije. Pobjegao je od rata i napustio posao sveu\u010dili\u0161nog profesora psihologije. Sretan je \u0161to je spasio \u017eivu glavu, a bicikl \u0107e mu pomo\u0107i da se lak\u0161e kre\u0107e gradom. A ako ste se pitali \u0161to osim starog bicikla mo\u017eete donirati ekipi iz Frankopanske, evo odgovora:<\/p>\n<p>\u2014 Uvijek tra\u017eimo lokote zato \u0161to ti nitko nikad ne\u0107e dati stari jer ga ili koristi ili je oti\u0161ao zajedno s biciklom kad je ukraden &#8211; ka\u017ee nam Eugen za kraj.<\/p>\n<p>Na drugom kraju grada, na Novoj cesti 186 nalazi se Radiona, udruga za promicanje &#8220;uradi sam&#8221; kulture. Oni su s radom po\u010deli 2011. u 22 kvadrata koje im je ustupio zagreba\u010dki Studentski centar. Iz gerilskih uvjeta i prvih radionica za mapiranje senzora i kontrolera, izrasli su u organizaciju koja uz <em>makerspacea\/hackerspacea<\/em>, ima i laboratorij za medijsku umjetnost, Repair Caf\u00e9 i rezidencijalne programe. Odlazimo k njima nau\u010diti ne\u0161to o stop animaciji uz iskusnu animatoricu Ivanu Bo\u0161njak, \u0161to je tek jedna u nizu radionica koje su od rujna naovamo odr\u017eali za javnost, a da biste stekli predod\u017ebu o tome koliki je raspon aktivnosti u Radioni, vrijedi zaviriti na njihovu stranicu radiona.org. Prostor je prepun alata i pribora koji omogu\u0107ava potpunim laicima, ali i profesionalcima da se upuste u najrazli\u010ditije &#8220;uradi sam&#8221; pothvate.<\/p>\n<p>\u2014 Prvi \u0161rafciger iz Offertissime jo\u0161 je uvijek s nama. Bio je prije dvije godine diskretno izlo\u017een u Francuskom institutu zajedno s 3D printerom koji smo napravili jer nismo imali love. Kad krene\u0161 od nule, druga\u010dije gleda\u0161 na stvari &#8211; govori nam Deborah Husti\u0107, kreativna direktorica Radione i kustosica.<\/p>\n<p>Primje\u0107ujemo da je jedan od zidova u nevelikom, ali vrlo ugodnom prostoru potpuno prekriven policom na kojoj su kutije s repromaterijalom. Jesu li svi u udruzi skloni gomilanju stvari?<\/p>\n<p>\u2014 To je op\u0107enito problem svih \u010dlanova, svi imaju doma skladi\u0161ta stvari koje \u0107e iskoristiti jednom. Ima u tome i ne\u0161to od onoga kako su se pona\u0161ali na\u0161i stari koji su dosta toga znali popravljati sami i nije bila kultura potro\u0161a\u010dka u kojoj ti je lak\u0161e baciti cijeli ure\u0111aj, nego popraviti jednu \u017eicu. Osim \u0161to je ekolo\u0161ki smislenije, zapravo ti daje osje\u0107aj kontrole nad vanjskim svijetom jer nisi neki konzument koji je osu\u0111en na to da ima ili nema ne\u0161to za kupiti, nego ima\u0161 mo\u0107 da taj svijet oblikuje\u0161, popravlja\u0161 i o\u017eivljava\u0161. Recimo, kad ljudi do\u0111u prvi put i poprave ne\u0161to osje\u0107aju se fenomenalno i to opravdano &#8211; pri\u010da nam Damir Prizmi\u0107, umjetnik i dizajner i Deborina &#8220;desna ruka&#8221;.<\/p>\n<figure id=\"attachment_2597\" aria-describedby=\"caption-attachment-2597\" style=\"width: 1773px\" class=\"wp-caption alignnone\"><img loading=\"lazy\" decoding=\"async\" class=\"wp-image-2597 size-full\" src=\"https:\/\/sdf.hr\/wp-content\/uploads\/2022\/12\/Zdravko-i-Ivana-Bosnjak-1.jpg\" alt=\"\" width=\"1773\" height=\"1182\" srcset=\"https:\/\/sdf.hr\/wp-content\/uploads\/2022\/12\/Zdravko-i-Ivana-Bosnjak-1.jpg 1773w, https:\/\/sdf.hr\/wp-content\/uploads\/2022\/12\/Zdravko-i-Ivana-Bosnjak-1-300x200.jpg 300w, https:\/\/sdf.hr\/wp-content\/uploads\/2022\/12\/Zdravko-i-Ivana-Bosnjak-1-1024x683.jpg 1024w, https:\/\/sdf.hr\/wp-content\/uploads\/2022\/12\/Zdravko-i-Ivana-Bosnjak-1-768x512.jpg 768w, https:\/\/sdf.hr\/wp-content\/uploads\/2022\/12\/Zdravko-i-Ivana-Bosnjak-1-1536x1024.jpg 1536w\" sizes=\"auto, (max-width: 1773px) 100vw, 1773px\" \/><figcaption id=\"caption-attachment-2597\" class=\"wp-caption-text\">Novinarka Nade sa Zdravkom Popovi\u0107em i Ivanom Bo\u0161njak u Radionici (Foto: Petar Varat)<\/figcaption><\/figure>\n<p>\u0160to im je va\u017eno u osmi\u0161ljavanju programa, pitamo ih.<\/p>\n<p>\u2014 Ovdje se doga\u0111a spoj nekih poprili\u010dno razli\u010ditih na\u010dina mi\u0161ljenja koji se sudara u tehnici, ali i u poku\u0161aju razumijevanja druge strane uvijek se na\u0111e neki dijalog jer nas sve vezuje strast za istom stvari. Nama je to demistificiranje jako zanimljivo jer umjetnost \u010desto na neki na\u010din poku\u0161ava manipulirati s tim da se mistificira kao da pri\u010damo na latinskom, pa \u0107emo se automatski doimati kao jako u\u010deni. Nas to ne zanima, nama je zanimljivije biti u\u017easno banalan u poku\u0161aju da ne\u0161to objasnimo jer \u0107e kroz to netko koga mo\u017eda i ne zanima taj umjetni\u010dki aspekt ne\u0161to nau\u010diti, ako ni\u0161ta nau\u010dit \u0107e po kojim principima ne\u0161to radi. Nije da se \u017eelimo vratiti u pe\u0107inu, nego se gube kreativnost i zadovoljstvo koji proizlaze iz rada s rukama. Bez obzira na to je li posrijedi zimnica, lemljenje ili pletenje, to mo\u017ee biti i neki oblik meditacije &#8211; ka\u017ee Damir.<\/p>\n<p>\u2014 Tako se razvijaju i motori\u010dke vje\u0161tine. Pritom nam je klju\u010dno participiranje ljudi u tom nekom procesu, ono \u0161to se zove znanost gra\u0111ana (<em>Citizen science<\/em>), neovisno o tome \u0161to je tko po profesiji. Jako je specifi\u010dno \u0161to se ljudi koji se kod nas u Radioni vi\u0111aju u stvarnosti ne bi sreli. Mi se bavimo sadr\u017eajem i ljudskim interakcijama, a radionice smo po\u010deli raditi da bismo sebe educirali &#8211; nadovezuje se Deborah.<\/p>\n<p>Programi Radione \u0161ire se u svim smjerovima i uklju\u010duju sve dobne skupine.<\/p>\n<p>\u2014 Zanimaju nas i penzi\u0107i koji rasturaju analognu elektroniku, kao i stari kroja\u010di, to su ljudi koji imaju sjajne vje\u0161tine. Ta sre\u0107a da ljudi odu ku\u0107i s parom hla\u010da ili ruksakom koje su sami napravili nema cijene. Osim toga uz prijenos znanja doga\u0111a se i neka socijalna dimenzija, dru\u017eimo se &#8211; govori Husti\u0107.<\/p>\n<p>\u2014 Ali da ne idealiziramo pri\u010du o nastanku <em>communityja<\/em>. Zajednicu je u\u017easno te\u0161ko kultivirati. Ja sam iz Splita i sje\u0107am se kako se 90-ih na Peristilu stvorila neka scena od ljudi koji sjede na zidi\u0107u i pri\u010daju, a onda je to sve najednom nestalo. Jako smo svjesni svega toga i ne \u017eelimo da to nestane, pa poku\u0161avamo gledati unaprijed. Mislim da zasad uspje\u0161no odr\u017eavamo zajednicu. Va\u017eno je da ga ljudi mogu do\u017eivjeti, da se ne dogodi ono &#8220;to je bila super pri\u010da koja je nestala&#8221;, takvih stvarno ima milijun &#8211; ka\u017ee Damir.<\/p>\n<p>\u2014 Na\u0161a najve\u0107a vrijednost su ljudi i ljudski odnosi, onda idu sadr\u017eaji pa strojevi. Nagledala sam se prostora koji su opremljeni skupom opremom, ali u njima nije bilo \u017eive du\u0161e &#8211; zaklju\u010duje Deborah.<\/p>\n<p><em>pi\u0161e Ana Grbac<\/em><\/p>\n","protected":false},"excerpt":{"rendered":"<p>Umjesto da kupuju nove, u zagreba\u010dkoj Biciklopopravljaoni volonteri i korisnici sami popravljaju bicikle. Udruga za promicanje &#8220;uradi sam&#8221; kulture Radiona tako\u0111er raspola\u017ee prostorom prepunim alata i pribora koji omogu\u0107ava i potpunim laicima da se upuste u popravljanje koje\u010dega<\/p>\n","protected":false},"featured_media":2599,"template":"","tags":[131],"atribut":[],"class_list":["post-1569","nada","type-nada","status-publish","has-post-thumbnail","hentry","tag-reportaza"],"acf":[],"yoast_head":"<!-- This site is optimized with the Yoast SEO plugin v27.4 - https:\/\/yoast.com\/product\/yoast-seo-wordpress\/ -->\n<title>Sami svoji majstori - SDF - Srpski demokratski forum<\/title>\n<meta name=\"robots\" content=\"index, follow, max-snippet:-1, max-image-preview:large, max-video-preview:-1\" \/>\n<link rel=\"canonical\" href=\"https:\/\/sdf.hr\/hr\/nada\/sami-svoji-majstori\/\" \/>\n<meta property=\"og:locale\" content=\"hr_HR\" \/>\n<meta property=\"og:type\" content=\"article\" \/>\n<meta property=\"og:title\" content=\"Sami svoji majstori - SDF - Srpski demokratski forum\" \/>\n<meta property=\"og:description\" content=\"Umjesto da kupuju nove, u zagreba\u010dkoj Biciklopopravljaoni volonteri i korisnici sami popravljaju bicikle. Udruga za promicanje &quot;uradi sam&quot; kulture Radiona tako\u0111er raspola\u017ee prostorom prepunim alata i pribora koji omogu\u0107ava i potpunim laicima da se upuste u popravljanje koje\u010dega\" \/>\n<meta property=\"og:url\" content=\"https:\/\/sdf.hr\/hr\/nada\/sami-svoji-majstori\/\" \/>\n<meta property=\"og:site_name\" content=\"SDF - Srpski demokratski forum\" \/>\n<meta property=\"article:modified_time\" content=\"2023-03-15T17:06:28+00:00\" \/>\n<meta property=\"og:image\" content=\"https:\/\/sdf.hr\/wp-content\/uploads\/2022\/12\/Bic-Pop-1.jpg\" \/>\n\t<meta property=\"og:image:width\" content=\"2508\" \/>\n\t<meta property=\"og:image:height\" content=\"1672\" \/>\n\t<meta property=\"og:image:type\" content=\"image\/jpeg\" \/>\n<meta name=\"twitter:card\" content=\"summary_large_image\" \/>\n<meta name=\"twitter:label1\" content=\"Procijenjeno vrijeme \u010ditanja\" \/>\n\t<meta name=\"twitter:data1\" content=\"10 minuta\" \/>\n<script type=\"application\/ld+json\" class=\"yoast-schema-graph\">{\"@context\":\"https:\\\/\\\/schema.org\",\"@graph\":[{\"@type\":\"WebPage\",\"@id\":\"https:\\\/\\\/sdf.hr\\\/hr\\\/nada\\\/sami-svoji-majstori\\\/\",\"url\":\"https:\\\/\\\/sdf.hr\\\/hr\\\/nada\\\/sami-svoji-majstori\\\/\",\"name\":\"Sami svoji majstori - SDF - Srpski demokratski forum\",\"isPartOf\":{\"@id\":\"https:\\\/\\\/sdf.hr\\\/#website\"},\"primaryImageOfPage\":{\"@id\":\"https:\\\/\\\/sdf.hr\\\/hr\\\/nada\\\/sami-svoji-majstori\\\/#primaryimage\"},\"image\":{\"@id\":\"https:\\\/\\\/sdf.hr\\\/hr\\\/nada\\\/sami-svoji-majstori\\\/#primaryimage\"},\"thumbnailUrl\":\"https:\\\/\\\/sdf.hr\\\/wp-content\\\/uploads\\\/2022\\\/12\\\/Bic-Pop-1.jpg\",\"datePublished\":\"2022-12-28T15:22:51+00:00\",\"dateModified\":\"2023-03-15T17:06:28+00:00\",\"breadcrumb\":{\"@id\":\"https:\\\/\\\/sdf.hr\\\/hr\\\/nada\\\/sami-svoji-majstori\\\/#breadcrumb\"},\"inLanguage\":\"hr\",\"potentialAction\":[{\"@type\":\"ReadAction\",\"target\":[\"https:\\\/\\\/sdf.hr\\\/hr\\\/nada\\\/sami-svoji-majstori\\\/\"]}]},{\"@type\":\"ImageObject\",\"inLanguage\":\"hr\",\"@id\":\"https:\\\/\\\/sdf.hr\\\/hr\\\/nada\\\/sami-svoji-majstori\\\/#primaryimage\",\"url\":\"https:\\\/\\\/sdf.hr\\\/wp-content\\\/uploads\\\/2022\\\/12\\\/Bic-Pop-1.jpg\",\"contentUrl\":\"https:\\\/\\\/sdf.hr\\\/wp-content\\\/uploads\\\/2022\\\/12\\\/Bic-Pop-1.jpg\",\"width\":2508,\"height\":1672,\"caption\":\"Bic Pop \u2013 svi koji \u017eele popravljati su dobrodo\u0161li (Foto: Petar Varat)\"},{\"@type\":\"BreadcrumbList\",\"@id\":\"https:\\\/\\\/sdf.hr\\\/hr\\\/nada\\\/sami-svoji-majstori\\\/#breadcrumb\",\"itemListElement\":[{\"@type\":\"ListItem\",\"position\":1,\"name\":\"Po\u010detna stranica\",\"item\":\"https:\\\/\\\/sdf.hr\\\/hr\\\/\"},{\"@type\":\"ListItem\",\"position\":2,\"name\":\"Nada\",\"item\":\"https:\\\/\\\/sdf.hr\\\/nada\\\/\"},{\"@type\":\"ListItem\",\"position\":3,\"name\":\"Sami svoji majstori\"}]},{\"@type\":\"WebSite\",\"@id\":\"https:\\\/\\\/sdf.hr\\\/#website\",\"url\":\"https:\\\/\\\/sdf.hr\\\/\",\"name\":\"SDF - Srpski demokratski forum\",\"description\":\"Srpski demokratski forum\",\"publisher\":{\"@id\":\"https:\\\/\\\/sdf.hr\\\/#organization\"},\"potentialAction\":[{\"@type\":\"SearchAction\",\"target\":{\"@type\":\"EntryPoint\",\"urlTemplate\":\"https:\\\/\\\/sdf.hr\\\/?s={search_term_string}\"},\"query-input\":{\"@type\":\"PropertyValueSpecification\",\"valueRequired\":true,\"valueName\":\"search_term_string\"}}],\"inLanguage\":\"hr\"},{\"@type\":\"Organization\",\"@id\":\"https:\\\/\\\/sdf.hr\\\/#organization\",\"name\":\"SDF - Srpski demokratski forum\",\"url\":\"https:\\\/\\\/sdf.hr\\\/\",\"logo\":{\"@type\":\"ImageObject\",\"inLanguage\":\"hr\",\"@id\":\"https:\\\/\\\/sdf.hr\\\/#\\\/schema\\\/logo\\\/image\\\/\",\"url\":\"https:\\\/\\\/sdf.hr\\\/wp-content\\\/uploads\\\/2021\\\/07\\\/logo-hr.svg\",\"contentUrl\":\"https:\\\/\\\/sdf.hr\\\/wp-content\\\/uploads\\\/2021\\\/07\\\/logo-hr.svg\",\"width\":271,\"height\":100,\"caption\":\"SDF - Srpski demokratski forum\"},\"image\":{\"@id\":\"https:\\\/\\\/sdf.hr\\\/#\\\/schema\\\/logo\\\/image\\\/\"}}]}<\/script>\n<!-- \/ Yoast SEO plugin. -->","yoast_head_json":{"title":"Sami svoji majstori - SDF - Srpski demokratski forum","robots":{"index":"index","follow":"follow","max-snippet":"max-snippet:-1","max-image-preview":"max-image-preview:large","max-video-preview":"max-video-preview:-1"},"canonical":"https:\/\/sdf.hr\/hr\/nada\/sami-svoji-majstori\/","og_locale":"hr_HR","og_type":"article","og_title":"Sami svoji majstori - SDF - Srpski demokratski forum","og_description":"Umjesto da kupuju nove, u zagreba\u010dkoj Biciklopopravljaoni volonteri i korisnici sami popravljaju bicikle. Udruga za promicanje \"uradi sam\" kulture Radiona tako\u0111er raspola\u017ee prostorom prepunim alata i pribora koji omogu\u0107ava i potpunim laicima da se upuste u popravljanje koje\u010dega","og_url":"https:\/\/sdf.hr\/hr\/nada\/sami-svoji-majstori\/","og_site_name":"SDF - Srpski demokratski forum","article_modified_time":"2023-03-15T17:06:28+00:00","og_image":[{"width":2508,"height":1672,"url":"https:\/\/sdf.hr\/wp-content\/uploads\/2022\/12\/Bic-Pop-1.jpg","type":"image\/jpeg"}],"twitter_card":"summary_large_image","twitter_misc":{"Procijenjeno vrijeme \u010ditanja":"10 minuta"},"schema":{"@context":"https:\/\/schema.org","@graph":[{"@type":"WebPage","@id":"https:\/\/sdf.hr\/hr\/nada\/sami-svoji-majstori\/","url":"https:\/\/sdf.hr\/hr\/nada\/sami-svoji-majstori\/","name":"Sami svoji majstori - SDF - Srpski demokratski forum","isPartOf":{"@id":"https:\/\/sdf.hr\/#website"},"primaryImageOfPage":{"@id":"https:\/\/sdf.hr\/hr\/nada\/sami-svoji-majstori\/#primaryimage"},"image":{"@id":"https:\/\/sdf.hr\/hr\/nada\/sami-svoji-majstori\/#primaryimage"},"thumbnailUrl":"https:\/\/sdf.hr\/wp-content\/uploads\/2022\/12\/Bic-Pop-1.jpg","datePublished":"2022-12-28T15:22:51+00:00","dateModified":"2023-03-15T17:06:28+00:00","breadcrumb":{"@id":"https:\/\/sdf.hr\/hr\/nada\/sami-svoji-majstori\/#breadcrumb"},"inLanguage":"hr","potentialAction":[{"@type":"ReadAction","target":["https:\/\/sdf.hr\/hr\/nada\/sami-svoji-majstori\/"]}]},{"@type":"ImageObject","inLanguage":"hr","@id":"https:\/\/sdf.hr\/hr\/nada\/sami-svoji-majstori\/#primaryimage","url":"https:\/\/sdf.hr\/wp-content\/uploads\/2022\/12\/Bic-Pop-1.jpg","contentUrl":"https:\/\/sdf.hr\/wp-content\/uploads\/2022\/12\/Bic-Pop-1.jpg","width":2508,"height":1672,"caption":"Bic Pop \u2013 svi koji \u017eele popravljati su dobrodo\u0161li (Foto: Petar Varat)"},{"@type":"BreadcrumbList","@id":"https:\/\/sdf.hr\/hr\/nada\/sami-svoji-majstori\/#breadcrumb","itemListElement":[{"@type":"ListItem","position":1,"name":"Po\u010detna stranica","item":"https:\/\/sdf.hr\/hr\/"},{"@type":"ListItem","position":2,"name":"Nada","item":"https:\/\/sdf.hr\/nada\/"},{"@type":"ListItem","position":3,"name":"Sami svoji majstori"}]},{"@type":"WebSite","@id":"https:\/\/sdf.hr\/#website","url":"https:\/\/sdf.hr\/","name":"SDF - Srpski demokratski forum","description":"Srpski demokratski forum","publisher":{"@id":"https:\/\/sdf.hr\/#organization"},"potentialAction":[{"@type":"SearchAction","target":{"@type":"EntryPoint","urlTemplate":"https:\/\/sdf.hr\/?s={search_term_string}"},"query-input":{"@type":"PropertyValueSpecification","valueRequired":true,"valueName":"search_term_string"}}],"inLanguage":"hr"},{"@type":"Organization","@id":"https:\/\/sdf.hr\/#organization","name":"SDF - Srpski demokratski forum","url":"https:\/\/sdf.hr\/","logo":{"@type":"ImageObject","inLanguage":"hr","@id":"https:\/\/sdf.hr\/#\/schema\/logo\/image\/","url":"https:\/\/sdf.hr\/wp-content\/uploads\/2021\/07\/logo-hr.svg","contentUrl":"https:\/\/sdf.hr\/wp-content\/uploads\/2021\/07\/logo-hr.svg","width":271,"height":100,"caption":"SDF - Srpski demokratski forum"},"image":{"@id":"https:\/\/sdf.hr\/#\/schema\/logo\/image\/"}}]}},"_links":{"self":[{"href":"https:\/\/sdf.hr\/hr\/wp-json\/wp\/v2\/nada\/1569","targetHints":{"allow":["GET"]}}],"collection":[{"href":"https:\/\/sdf.hr\/hr\/wp-json\/wp\/v2\/nada"}],"about":[{"href":"https:\/\/sdf.hr\/hr\/wp-json\/wp\/v2\/types\/nada"}],"wp:featuredmedia":[{"embeddable":true,"href":"https:\/\/sdf.hr\/hr\/wp-json\/wp\/v2\/media\/2599"}],"wp:attachment":[{"href":"https:\/\/sdf.hr\/hr\/wp-json\/wp\/v2\/media?parent=1569"}],"wp:term":[{"taxonomy":"post_tag","embeddable":true,"href":"https:\/\/sdf.hr\/hr\/wp-json\/wp\/v2\/tags?post=1569"},{"taxonomy":"atribut","embeddable":true,"href":"https:\/\/sdf.hr\/hr\/wp-json\/wp\/v2\/atribut?post=1569"}],"curies":[{"name":"wp","href":"https:\/\/api.w.org\/{rel}","templated":true}]}}