{"id":1577,"date":"2022-12-31T11:09:22","date_gmt":"2022-12-31T10:09:22","guid":{"rendered":"https:\/\/sdf.hr\/?post_type=nada&#038;p=1577"},"modified":"2023-03-15T18:00:36","modified_gmt":"2023-03-15T17:00:36","slug":"prilicno-bucne-djevojke","status":"publish","type":"nada","link":"https:\/\/sdf.hr\/hr\/nada\/prilicno-bucne-djevojke\/","title":{"rendered":"Prili\u010dno bu\u010dne djevojke"},"content":{"rendered":"<p>Odvajkada se Romkinje smatra majkama i doma\u0107icama koje se poti\u010de da rano napuste \u0161kolu, udaju se i rode djecu. Otpor ovakvom na\u010dinu \u017eivota, ali i stereotipima koji su kroz godine stvoreni, pru\u017eaju djevojke iz grupe Pretty Loud s kojima smo razgovarali o va\u017enosti obrazovanja i emancipacije, kao i o njihovoj muzici i ciljevima.<\/p>\n<p>Prva su \u017eenska romska hip-hop grupa na ovim prostorima, nastala 2014. godine u Beogradu, kada su se okupile unutar fondacije Gypsy Roma Urban Balkan Beats (GRUBB). Stvaraju \u017eanrovski jedinstvenu muziku spajaju\u0107i rap i hip hop s elementima romske muzike, a suvremeni i urbani pokret s tradicionalnim plesom. Kroz tekstove govore o svakodnevnim izazovima i nadama, kao i o slo\u017eenijim temama poput jednakosti i slobode.<\/p>\n<p>Projekt je napravljen tako da \u010dlanice dolaze i odlaze u skladu s njihovim obavezama i trenutno ih je \u0161est. Kako je objasnila jedna od \u010dlanica \u017divka Ferhatovi\u0107, postoji i pomladak Pretty Louda koji podu\u010davaju kako bi jednoga dana nove djevojke mogle biti dio postave.<\/p>\n<p>\u2014 U GRUBB-u postoje edukativni programi na kojima devoj\u010dice i de\u010daci u\u010de, dolaze raditi doma\u0107e zadatke i mi im poma\u017eemo oko usavr\u0161avanja i lekcija koje dobivaju u \u0161koli. Odlu\u010dili smo formirati Pretty Loud juniorke koje \u0107e biti na\u0161e naslednice, tako da sada postoji ova nova mlada grupa. Primetile smo njihovu \u017eelju da rade isto \u0161to i mi, tako da i one sada kre\u0107u da repuju i pevaju, pri\u010daju o nekim svojim tinejd\u017eerskim problemima \u2013 kazala je \u017divka, studentica Poslovnog i pravnog fakulteta u Beogradu koja u GRUBB-u radi kao nastavnica repanja i podu\u010dava juniorke.<\/p>\n<p>Dodala je i kako su od po\u010detka imale veliku podr\u0161ku roditelja, prijatelja i kolega iz GRUBB fondacije, ali bilo je i negativnih reakcija.<\/p>\n<p>\u2014 Bilo je i ljudi koji su komentarisali. Iz na\u0161e mahale su nas pitali za\u0161to tako pri\u010damo o mu\u0161karcima i Romima, da oni ne dozvoljavaju svojim \u017eenama da rade \u0161ta ho\u0107e i sli\u010dno. Ne obaziremo se toliko na to jer imamo svoj cilj i znamo \u0161ta \u017eelimo u \u017eivotu. Uvek \u0107e biti onih koji podr\u017eavaju i onih koji ne podr\u017eavaju \u2013 objasnila je.<\/p>\n<p>Iako jo\u0161 nisu u potpunosti uspjele u svojem naumu da promijene status i situaciju u kojoj se nalaze mlade Romkinje, svakako su na dobrom putu, misli Zlata Risti\u0107.<\/p>\n<p>\u2014 Mnogima smo promenili mi\u0161ljenje, pokazali smo da Romkinje umeju da urade ne\u0161to i da se \u0161koluju. Na\u0161a zajednica sada druga\u010dije gleda na \u017eene. Ne mo\u017eemo re\u0107i da smo skroz uspele, ali nas upravo mu\u0161karci, na\u0161e kolege iz GRUBB-a, trenutno podr\u017eavaju da se izborimo za na\u0161a prava. Na\u0161 cilj je da \u0161to vi\u0161e \u017eena osvestimo, da se i dalje borimo i da im pru\u017eimo podr\u0161ku kroz, izme\u0111u ostalog, i na\u0161e tekstove \u2013 kazala je Zlata Risti\u0107 koja u GRUBB-u radi kao nastavnica plesa.<\/p>\n<figure id=\"attachment_2586\" aria-describedby=\"caption-attachment-2586\" style=\"width: 2560px\" class=\"wp-caption alignnone\"><img loading=\"lazy\" decoding=\"async\" class=\"wp-image-2586 size-full\" src=\"https:\/\/sdf.hr\/wp-content\/uploads\/2022\/12\/Pretty-Loud2_Darko-Andric-1-scaled.jpg\" alt=\"\" width=\"2560\" height=\"1438\" srcset=\"https:\/\/sdf.hr\/wp-content\/uploads\/2022\/12\/Pretty-Loud2_Darko-Andric-1-scaled.jpg 2560w, https:\/\/sdf.hr\/wp-content\/uploads\/2022\/12\/Pretty-Loud2_Darko-Andric-1-300x169.jpg 300w, https:\/\/sdf.hr\/wp-content\/uploads\/2022\/12\/Pretty-Loud2_Darko-Andric-1-1024x575.jpg 1024w, https:\/\/sdf.hr\/wp-content\/uploads\/2022\/12\/Pretty-Loud2_Darko-Andric-1-768x431.jpg 768w, https:\/\/sdf.hr\/wp-content\/uploads\/2022\/12\/Pretty-Loud2_Darko-Andric-1-1536x863.jpg 1536w, https:\/\/sdf.hr\/wp-content\/uploads\/2022\/12\/Pretty-Loud2_Darko-Andric-1-2048x1150.jpg 2048w, https:\/\/sdf.hr\/wp-content\/uploads\/2022\/12\/Pretty-Loud2_Darko-Andric-1-820x460.jpg 820w\" sizes=\"auto, (max-width: 2560px) 100vw, 2560px\" \/><figcaption id=\"caption-attachment-2586\" class=\"wp-caption-text\">Foto: Darko Andri\u0107<\/figcaption><\/figure>\n<p>Pretty Loud je do sada imao nekoliko suradnji, a najvi\u0161e se isti\u010de upravo ona s UN-om Srbija i Koordinacijskim tijelom za rodnu ravnopravnost. Oni su podr\u017eali novi spot &#8220;Ravnopravno&#8221; koji je osvojio prvu nagradu &#8220;Muzzik Awards 2021&#8221; za najbolji spot u kategoriji Video s porukom. Djevojke su istakle i kako imaju \u017eelju sura\u0111ivati s drugim izvo\u0111a\u010dima. Imale su nekoliko svjetskih nastupa, poput sudjelovanja na festivalu &#8220;\u017dene svijeta u Londonu&#8221;, no posebno isti\u010du i nastup u njema\u010dkom Rudolstadtu gdje su imale najbolje iskustvo i najve\u0107u podr\u0161ku brojne publike. Njihovi tekstovi su na romskom, srpskom i engleskom jeziku.<\/p>\n<p>\u2014 Sve zajedno sednemo i napi\u0161emo tekstove, a na\u0161i mentori iz GRUBB fondacije, koji su tako\u0111er i u grupi Roma Sijam, pomognu nam, poprave ako ne\u0161to nije dobro i pokazuju nam kako da obogatimo tekstove. Oni su tu du\u017ee od nas i iskusniji su, ali poku\u0161avamo biti samostalne u smeru da muziku na kraju stvaramo same \u2013 objasnila je Dijana Ferhatovi\u0107 koja, poput sestre \u017divke, tako\u0111er studira na Poslovnom i pravnom fakultetu.<\/p>\n<p>Djevojke trenutno rade na novom albumu i ovih su dana pune inspiracije, \u010desto pi\u0161u i sre\u0111uju matrice. No ote\u017eavaju\u0107a je okolnost \u0161to cjelokupna podr\u0161ka ide preko GRUBB fondacije, kojoj su potrebna dodatna sredstva kako bi nesmetano mogla podr\u017eati ovaj projekt. Zbog toga je te\u0161ko objaviti album uz koji bi mogli i\u0107i i muzi\u010dki spotovi. No one su ustrajne i osvr\u0107u se na brojne pozitivne promjene koje su primijetile u svojoj mahali, ali i \u0161ire.<\/p>\n<p>\u2014 Vidi se da devojke stvarno \u017eele bolju budu\u0107nost, \u017eele se izboriti za sebe, edukovati se i stati na crtu svima koji to spre\u010davaju. Pre to nije bilo tako, ali sada roditelji tih devojaka postaju savremeniji i \u017eele bolju budu\u0107nost za svoju decu kroz \u0161kolovanje i poticanje na nezavisnost. Na\u0161a deca koja dolaze u GRUBB centar su postala mnogo bolja u \u0161kolama, ose\u0107aju se prihva\u0107enije i imaju bolje ocene, redovno dolaze na nastavu i stalno su pohvaljena, \u0161to je i bio na\u0161 cilj \u2013 rekla je Silvia Sinani koja u GRUBB-u predaje ples.<\/p>\n<p>Svaka od \u010dlanica je osobno bila diskriminirana, a sigurnost je jedna od stvari koja ih posebno brine.<\/p>\n<p>\u2014 Mislim da nekada zakon ne reaguje dovoljno o\u0161tro. Volela bih da se ose\u0107amo bezbednije kada \u0161etamo ulicom, jer kao \u017eene i Romkinje smo dvostruko diskriminisane. Nedavno je devoj\u010dica ispred \u0161kole pretu\u010dena od strane odraslog mu\u0161karca. Postavlja se pitanje jesu li na\u0161a deca uop\u0161te za\u0161ti\u0107ena na ulicama i ispred \u0161kole. Tu bih volela da mo\u017eemo da uti\u010demo, da se ti nasilnici kazne na na\u010din da se to ne ponovi \u2013 objasnila je Zlata, osvrnuv\u0161i se i na problem ranih brakova.<\/p>\n<p>\u2014 Savetovala bih svima da nikako s 15, 16 ili 17 godina ne razmi\u0161ljaju o braku. Va\u017eno je prvo zavr\u0161iti \u0161kolu i imati svoj posao. Jedno sam vreme bila samohrana majka i znam koliko je te\u0161ko. Diskriminacija mo\u017eda ne\u0107e nestati, ali bitno je obrazovati se, imati svoj dinar i ne obazirati se na ono \u0161ta \u0107e ko re\u0107i \u2013 kazala je Zlata.<\/p>\n<p>Na kraju su nam djevojke su govorile o svemu \u0161to im daje volju, \u017eelju za uporno\u0161\u0107u i nadu za bolju budu\u0107nost.<\/p>\n<p>\u2014 Pre svega, nadu dajemo jedne drugima, a osim toga nadu nam daju sva podr\u0161ka i publika. Sve te reakcije poti\u010du nas da imamo vi\u0161e \u017eelje i volje da se borimo, ne samo za Romkinje nego i za sve \u017eene. Kako radim i s Pretty Loud juniorkama, verujem u njih i znam da \u0107e uspeti \u2013 rekla je \u017divka.<\/p>\n<p>\u2014 Nadu mi daje to \u0161to nismo jedine koje \u017eele promenu, ve\u0107 postoje i druge organizacije i individualci koji \u017eele bolju budu\u0107nost za nove generacije. Nadu mi daje i ta \u017eenska solidarnost \u2013 dodala je Silvia.<\/p>\n<p><em>pi\u0161e Katarina Bo\u0161njak<\/em><\/p>\n","protected":false},"excerpt":{"rendered":"<p>Pretty Loud iz Beograda prva je \u017eenska romska hip-hop grupa na ovim prostorima. Mlade Romkinje mnogima su u svojoj mahali i \u0161ire pokazale da se mogu \u0161kolovati i posti\u0107i ne\u0161to u \u017eivotu<\/p>\n","protected":false},"featured_media":2589,"template":"","tags":[130],"atribut":[],"class_list":["post-1577","nada","type-nada","status-publish","has-post-thumbnail","hentry","tag-tema"],"acf":[],"yoast_head":"<!-- This site is optimized with the Yoast SEO plugin v27.4 - https:\/\/yoast.com\/product\/yoast-seo-wordpress\/ -->\n<title>Prili\u010dno bu\u010dne djevojke - SDF - Srpski demokratski forum<\/title>\n<meta name=\"robots\" content=\"index, follow, max-snippet:-1, max-image-preview:large, max-video-preview:-1\" \/>\n<link rel=\"canonical\" href=\"https:\/\/sdf.hr\/hr\/nada\/prilicno-bucne-djevojke\/\" \/>\n<meta property=\"og:locale\" content=\"hr_HR\" \/>\n<meta property=\"og:type\" content=\"article\" \/>\n<meta property=\"og:title\" content=\"Prili\u010dno bu\u010dne djevojke - SDF - Srpski demokratski forum\" \/>\n<meta property=\"og:description\" content=\"Pretty Loud iz Beograda prva je \u017eenska romska hip-hop grupa na ovim prostorima. Mlade Romkinje mnogima su u svojoj mahali i \u0161ire pokazale da se mogu \u0161kolovati i posti\u0107i ne\u0161to u \u017eivotu\" \/>\n<meta property=\"og:url\" content=\"https:\/\/sdf.hr\/hr\/nada\/prilicno-bucne-djevojke\/\" \/>\n<meta property=\"og:site_name\" content=\"SDF - Srpski demokratski forum\" \/>\n<meta property=\"article:modified_time\" content=\"2023-03-15T17:00:36+00:00\" \/>\n<meta property=\"og:image\" content=\"https:\/\/sdf.hr\/wp-content\/uploads\/2022\/12\/Pretty-Loud_Alessandro-Gandolfi-1-scaled.jpg\" \/>\n\t<meta property=\"og:image:width\" content=\"2560\" \/>\n\t<meta property=\"og:image:height\" content=\"1703\" \/>\n\t<meta property=\"og:image:type\" content=\"image\/jpeg\" \/>\n<meta name=\"twitter:card\" content=\"summary_large_image\" \/>\n<meta name=\"twitter:label1\" content=\"Procijenjeno vrijeme \u010ditanja\" \/>\n\t<meta name=\"twitter:data1\" content=\"6 minuta\" \/>\n<script type=\"application\/ld+json\" class=\"yoast-schema-graph\">{\"@context\":\"https:\\\/\\\/schema.org\",\"@graph\":[{\"@type\":\"WebPage\",\"@id\":\"https:\\\/\\\/sdf.hr\\\/hr\\\/nada\\\/prilicno-bucne-djevojke\\\/\",\"url\":\"https:\\\/\\\/sdf.hr\\\/hr\\\/nada\\\/prilicno-bucne-djevojke\\\/\",\"name\":\"Prili\u010dno bu\u010dne djevojke - SDF - Srpski demokratski forum\",\"isPartOf\":{\"@id\":\"https:\\\/\\\/sdf.hr\\\/#website\"},\"primaryImageOfPage\":{\"@id\":\"https:\\\/\\\/sdf.hr\\\/hr\\\/nada\\\/prilicno-bucne-djevojke\\\/#primaryimage\"},\"image\":{\"@id\":\"https:\\\/\\\/sdf.hr\\\/hr\\\/nada\\\/prilicno-bucne-djevojke\\\/#primaryimage\"},\"thumbnailUrl\":\"https:\\\/\\\/sdf.hr\\\/wp-content\\\/uploads\\\/2022\\\/12\\\/Pretty-Loud_Alessandro-Gandolfi-1-scaled.jpg\",\"datePublished\":\"2022-12-31T10:09:22+00:00\",\"dateModified\":\"2023-03-15T17:00:36+00:00\",\"breadcrumb\":{\"@id\":\"https:\\\/\\\/sdf.hr\\\/hr\\\/nada\\\/prilicno-bucne-djevojke\\\/#breadcrumb\"},\"inLanguage\":\"hr\",\"potentialAction\":[{\"@type\":\"ReadAction\",\"target\":[\"https:\\\/\\\/sdf.hr\\\/hr\\\/nada\\\/prilicno-bucne-djevojke\\\/\"]}]},{\"@type\":\"ImageObject\",\"inLanguage\":\"hr\",\"@id\":\"https:\\\/\\\/sdf.hr\\\/hr\\\/nada\\\/prilicno-bucne-djevojke\\\/#primaryimage\",\"url\":\"https:\\\/\\\/sdf.hr\\\/wp-content\\\/uploads\\\/2022\\\/12\\\/Pretty-Loud_Alessandro-Gandolfi-1-scaled.jpg\",\"contentUrl\":\"https:\\\/\\\/sdf.hr\\\/wp-content\\\/uploads\\\/2022\\\/12\\\/Pretty-Loud_Alessandro-Gandolfi-1-scaled.jpg\",\"width\":2560,\"height\":1703,\"caption\":\"Foto: Alessandro Gandolfi\"},{\"@type\":\"BreadcrumbList\",\"@id\":\"https:\\\/\\\/sdf.hr\\\/hr\\\/nada\\\/prilicno-bucne-djevojke\\\/#breadcrumb\",\"itemListElement\":[{\"@type\":\"ListItem\",\"position\":1,\"name\":\"Po\u010detna stranica\",\"item\":\"https:\\\/\\\/sdf.hr\\\/hr\\\/\"},{\"@type\":\"ListItem\",\"position\":2,\"name\":\"Nada\",\"item\":\"https:\\\/\\\/sdf.hr\\\/nada\\\/\"},{\"@type\":\"ListItem\",\"position\":3,\"name\":\"Prili\u010dno bu\u010dne djevojke\"}]},{\"@type\":\"WebSite\",\"@id\":\"https:\\\/\\\/sdf.hr\\\/#website\",\"url\":\"https:\\\/\\\/sdf.hr\\\/\",\"name\":\"SDF - Srpski demokratski forum\",\"description\":\"Srpski demokratski forum\",\"publisher\":{\"@id\":\"https:\\\/\\\/sdf.hr\\\/#organization\"},\"potentialAction\":[{\"@type\":\"SearchAction\",\"target\":{\"@type\":\"EntryPoint\",\"urlTemplate\":\"https:\\\/\\\/sdf.hr\\\/?s={search_term_string}\"},\"query-input\":{\"@type\":\"PropertyValueSpecification\",\"valueRequired\":true,\"valueName\":\"search_term_string\"}}],\"inLanguage\":\"hr\"},{\"@type\":\"Organization\",\"@id\":\"https:\\\/\\\/sdf.hr\\\/#organization\",\"name\":\"SDF - Srpski demokratski forum\",\"url\":\"https:\\\/\\\/sdf.hr\\\/\",\"logo\":{\"@type\":\"ImageObject\",\"inLanguage\":\"hr\",\"@id\":\"https:\\\/\\\/sdf.hr\\\/#\\\/schema\\\/logo\\\/image\\\/\",\"url\":\"https:\\\/\\\/sdf.hr\\\/wp-content\\\/uploads\\\/2021\\\/07\\\/logo-hr.svg\",\"contentUrl\":\"https:\\\/\\\/sdf.hr\\\/wp-content\\\/uploads\\\/2021\\\/07\\\/logo-hr.svg\",\"width\":271,\"height\":100,\"caption\":\"SDF - Srpski demokratski forum\"},\"image\":{\"@id\":\"https:\\\/\\\/sdf.hr\\\/#\\\/schema\\\/logo\\\/image\\\/\"}}]}<\/script>\n<!-- \/ Yoast SEO plugin. -->","yoast_head_json":{"title":"Prili\u010dno bu\u010dne djevojke - SDF - Srpski demokratski forum","robots":{"index":"index","follow":"follow","max-snippet":"max-snippet:-1","max-image-preview":"max-image-preview:large","max-video-preview":"max-video-preview:-1"},"canonical":"https:\/\/sdf.hr\/hr\/nada\/prilicno-bucne-djevojke\/","og_locale":"hr_HR","og_type":"article","og_title":"Prili\u010dno bu\u010dne djevojke - SDF - Srpski demokratski forum","og_description":"Pretty Loud iz Beograda prva je \u017eenska romska hip-hop grupa na ovim prostorima. Mlade Romkinje mnogima su u svojoj mahali i \u0161ire pokazale da se mogu \u0161kolovati i posti\u0107i ne\u0161to u \u017eivotu","og_url":"https:\/\/sdf.hr\/hr\/nada\/prilicno-bucne-djevojke\/","og_site_name":"SDF - Srpski demokratski forum","article_modified_time":"2023-03-15T17:00:36+00:00","og_image":[{"width":2560,"height":1703,"url":"https:\/\/sdf.hr\/wp-content\/uploads\/2022\/12\/Pretty-Loud_Alessandro-Gandolfi-1-scaled.jpg","type":"image\/jpeg"}],"twitter_card":"summary_large_image","twitter_misc":{"Procijenjeno vrijeme \u010ditanja":"6 minuta"},"schema":{"@context":"https:\/\/schema.org","@graph":[{"@type":"WebPage","@id":"https:\/\/sdf.hr\/hr\/nada\/prilicno-bucne-djevojke\/","url":"https:\/\/sdf.hr\/hr\/nada\/prilicno-bucne-djevojke\/","name":"Prili\u010dno bu\u010dne djevojke - SDF - Srpski demokratski forum","isPartOf":{"@id":"https:\/\/sdf.hr\/#website"},"primaryImageOfPage":{"@id":"https:\/\/sdf.hr\/hr\/nada\/prilicno-bucne-djevojke\/#primaryimage"},"image":{"@id":"https:\/\/sdf.hr\/hr\/nada\/prilicno-bucne-djevojke\/#primaryimage"},"thumbnailUrl":"https:\/\/sdf.hr\/wp-content\/uploads\/2022\/12\/Pretty-Loud_Alessandro-Gandolfi-1-scaled.jpg","datePublished":"2022-12-31T10:09:22+00:00","dateModified":"2023-03-15T17:00:36+00:00","breadcrumb":{"@id":"https:\/\/sdf.hr\/hr\/nada\/prilicno-bucne-djevojke\/#breadcrumb"},"inLanguage":"hr","potentialAction":[{"@type":"ReadAction","target":["https:\/\/sdf.hr\/hr\/nada\/prilicno-bucne-djevojke\/"]}]},{"@type":"ImageObject","inLanguage":"hr","@id":"https:\/\/sdf.hr\/hr\/nada\/prilicno-bucne-djevojke\/#primaryimage","url":"https:\/\/sdf.hr\/wp-content\/uploads\/2022\/12\/Pretty-Loud_Alessandro-Gandolfi-1-scaled.jpg","contentUrl":"https:\/\/sdf.hr\/wp-content\/uploads\/2022\/12\/Pretty-Loud_Alessandro-Gandolfi-1-scaled.jpg","width":2560,"height":1703,"caption":"Foto: Alessandro Gandolfi"},{"@type":"BreadcrumbList","@id":"https:\/\/sdf.hr\/hr\/nada\/prilicno-bucne-djevojke\/#breadcrumb","itemListElement":[{"@type":"ListItem","position":1,"name":"Po\u010detna stranica","item":"https:\/\/sdf.hr\/hr\/"},{"@type":"ListItem","position":2,"name":"Nada","item":"https:\/\/sdf.hr\/nada\/"},{"@type":"ListItem","position":3,"name":"Prili\u010dno bu\u010dne djevojke"}]},{"@type":"WebSite","@id":"https:\/\/sdf.hr\/#website","url":"https:\/\/sdf.hr\/","name":"SDF - Srpski demokratski forum","description":"Srpski demokratski forum","publisher":{"@id":"https:\/\/sdf.hr\/#organization"},"potentialAction":[{"@type":"SearchAction","target":{"@type":"EntryPoint","urlTemplate":"https:\/\/sdf.hr\/?s={search_term_string}"},"query-input":{"@type":"PropertyValueSpecification","valueRequired":true,"valueName":"search_term_string"}}],"inLanguage":"hr"},{"@type":"Organization","@id":"https:\/\/sdf.hr\/#organization","name":"SDF - Srpski demokratski forum","url":"https:\/\/sdf.hr\/","logo":{"@type":"ImageObject","inLanguage":"hr","@id":"https:\/\/sdf.hr\/#\/schema\/logo\/image\/","url":"https:\/\/sdf.hr\/wp-content\/uploads\/2021\/07\/logo-hr.svg","contentUrl":"https:\/\/sdf.hr\/wp-content\/uploads\/2021\/07\/logo-hr.svg","width":271,"height":100,"caption":"SDF - Srpski demokratski forum"},"image":{"@id":"https:\/\/sdf.hr\/#\/schema\/logo\/image\/"}}]}},"_links":{"self":[{"href":"https:\/\/sdf.hr\/hr\/wp-json\/wp\/v2\/nada\/1577","targetHints":{"allow":["GET"]}}],"collection":[{"href":"https:\/\/sdf.hr\/hr\/wp-json\/wp\/v2\/nada"}],"about":[{"href":"https:\/\/sdf.hr\/hr\/wp-json\/wp\/v2\/types\/nada"}],"wp:featuredmedia":[{"embeddable":true,"href":"https:\/\/sdf.hr\/hr\/wp-json\/wp\/v2\/media\/2589"}],"wp:attachment":[{"href":"https:\/\/sdf.hr\/hr\/wp-json\/wp\/v2\/media?parent=1577"}],"wp:term":[{"taxonomy":"post_tag","embeddable":true,"href":"https:\/\/sdf.hr\/hr\/wp-json\/wp\/v2\/tags?post=1577"},{"taxonomy":"atribut","embeddable":true,"href":"https:\/\/sdf.hr\/hr\/wp-json\/wp\/v2\/atribut?post=1577"}],"curies":[{"name":"wp","href":"https:\/\/api.w.org\/{rel}","templated":true}]}}