{"id":1609,"date":"2023-01-17T14:40:37","date_gmt":"2023-01-17T13:40:37","guid":{"rendered":"https:\/\/sdf.hr\/?post_type=nada&#038;p=1609"},"modified":"2023-03-15T17:39:27","modified_gmt":"2023-03-15T16:39:27","slug":"tuga-katarskih-bisera","status":"publish","type":"nada","link":"https:\/\/sdf.hr\/hr\/nada\/tuga-katarskih-bisera\/","title":{"rendered":"Tuga katarskih bisera"},"content":{"rendered":"<p>Nema se \u0161ta za vidjeti, a najljep\u0161i je prizor na svijetu. Slijeva more, a zdesna tisu\u0107ljetna pustinja, \u017eivi pijesak kroz koji gazimo, \u010dini se kao sto na sat. U retrovizoru neboderi Dohe postaju sve manji, nestaju\u0107i u pje\u0161\u010danoj pra\u0161ini bijelih d\u017eipova. Klima u autu je pode\u0161ena na pingvina, kao uostalom i svugdje u Katru \u2013 zemlji u kojoj smo se, na novembarskih 30 stupnjeva uspjeli prehladiti na stadionu. Dok razmi\u0161ljam jesu li poludjeli od obijesti i kako to podnose bubrezi Knoll Doll, u misli mi dolaze rije\u010di druga Sirijca: &#8220;Vi se bojite promaje? Mi namjerno otvorimo prozor i vrata da je napravimo, onda stavimo stolce na pola puta, sjednemo i dru\u017eimo se dok nam pu\u0161e.&#8221; Otvorili smo prozore da topli pustinjski zrak uni\u0161ti zlo od klimatizacije. Doma\u0107i na to ne prigovaraju. Ovdje klima radi i kad su otvoreni prozori ili kad auto stoji. Naprosto ga ostave upaljenog dok satima \u0161opingiraju ili ispijaju karak. Litra benzina je \u010detiri kune, koga briga.<\/p>\n<p>Katarci znaju da ne\u0107e zauvijek \u017eivjeti od nafte i plina. U\u017eivaju dok mogu, ali pritom razvijaju visoku tehnologiju i, u posljednje vrijeme, turizam. Polovica svijeta do\u010dekala je katarsko doma\u0107instvo Svjetskog prvenstva u nogometu na no\u017e. To da prvenstvo organizira dr\u017eava u kojoj je vrhunac sporta jahanje deva na daljinski te pritom zabrani dva najva\u017enija popratna sadr\u017eaja \u2013 pivo i polugole \u017eene \u2013 ne mo\u017ee biti ni\u0161ta drugo nego trolanje dokonih nafta\u0161a. \u0160to bi rekli sponzori iz Budweisera kad su saznali da ipak nema cuganja na stadionu: <em>Well, this is awkward<\/em>. No Svjetsko prvenstvo u nogometu 2022. godine je samo odsko\u010dna daska u novu budu\u0107nost Katra, sa svom popratnom izgra\u0111enom infrastrukturom i uvezenom radnom snagom. Koga god smo od &#8220;pomo\u0107nika&#8221; oko stadiona pitali za smjer, redovno smo dobivali krive i opre\u010dne informacije, iako je op\u0107enito organizacija bila besprijekorna. Mnogima od njih ovo je tako\u0111er bio prvi put u Katru. Zaposleni su i navija\u010di. Koliko je samo bilo indijsko-banglade\u0161kih obitelji koje su na utakmicama mahale suparni\u010dkim zastavama \u2013 svakom u jednoj ruci. Promatraju\u0107i ih tako sretne i nasmije\u0161ene, \u010dovjek pomi\u0161lja da je mo\u017eda zaista dovoljno samo sudjelovati.<\/p>\n<p>Izgradili su tako Katarci i la\u017enu Veneciju i zelene golf terene, \u0161oping centre u kojima \u010dovjeku treba Google maps za orijentaciju i stadione vrijedne milijarde dolara, klimatizirane ulice i gotovo stotinu kilometara besplatnog metroa koji povezuje cijeli grad \u2013 a svi mi jo\u0161 uvijek tr\u010dimo u pustinju osjetiti onu nikad prevazi\u0111enu dje\u010dju radost igranja u pijesku. Na akrobacije i utrke automobilima po katarskoj pustinji dolazili su mladi\u0107i iz susjednih zemalja, sve do diplomatske krize i saudijske blokade Katra, kada su im prijatelji prestali dolaziti i Katarci su se u pijesku igrali jedni s drugima. Ina\u010de, &#8220;pravih&#8221; Kataraca je tek 12 posto u ukupnoj populaciji. Ostalih dva i pol milijuna stanovnika \u010dine strani radnici iz Indije, Nepala, Banglade\u0161a, Pakistana\u2026 Tako je prizor indijskih &#8220;pustinjskih voza\u010da&#8221; u arapskim haljinama s palestinkom nespretno smotanom na glavi prili\u010dno prirodan u svojoj neprirodnosti.<\/p>\n<figure id=\"attachment_2557\" aria-describedby=\"caption-attachment-2557\" style=\"width: 2364px\" class=\"wp-caption alignnone\"><img loading=\"lazy\" decoding=\"async\" class=\"wp-image-2557 size-full\" src=\"https:\/\/sdf.hr\/wp-content\/uploads\/2023\/01\/Katar-u-pustinji-1.jpg\" alt=\"\" width=\"2364\" height=\"1773\" srcset=\"https:\/\/sdf.hr\/wp-content\/uploads\/2023\/01\/Katar-u-pustinji-1.jpg 2364w, https:\/\/sdf.hr\/wp-content\/uploads\/2023\/01\/Katar-u-pustinji-1-300x225.jpg 300w, https:\/\/sdf.hr\/wp-content\/uploads\/2023\/01\/Katar-u-pustinji-1-1024x768.jpg 1024w, https:\/\/sdf.hr\/wp-content\/uploads\/2023\/01\/Katar-u-pustinji-1-768x576.jpg 768w, https:\/\/sdf.hr\/wp-content\/uploads\/2023\/01\/Katar-u-pustinji-1-1536x1152.jpg 1536w, https:\/\/sdf.hr\/wp-content\/uploads\/2023\/01\/Katar-u-pustinji-1-2048x1536.jpg 2048w\" sizes=\"auto, (max-width: 2364px) 100vw, 2364px\" \/><figcaption id=\"caption-attachment-2557\" class=\"wp-caption-text\">Klima radi i kad su otvoreni prozori ili kad auto stoji (Foto: Lidija \u010culo)<\/figcaption><\/figure>\n<p>Katar je veli\u010dine Slavonije i jo\u0161 ravniji od nje. Najvi\u0161a to\u010dka je na svega 103 metra nadmorske visine, a nalazi se blizu granice sa Saudijskom Arabijom. Jurimo ondje, prema jugu, kli\u017eu\u0107i preko pje\u0161\u010danih dina gore, dolje, gore, dolje\u2026 Osim dina, na horizontu tek ponegdje iskrsne naftna platforma s koje se vijori vatreni plamen. Brzina kojom se plameni jezici ra\u0111aju i nestaju pod vjetrom gotovo je zloslutna, a pijesak budi asocijacije na pje\u0161\u010dani sat koji nezaustavljivo curi: bogatstvo izgara, nestaje i unosi razdor me\u0111u ljude, pretvara bra\u0107u u zvijeri. Sje\u0107ate se Zaljevskog rata 1991. godine? Ira\u010dko-kuvajtske sva\u0111e oko kra\u0111e nafte, kr\u0161enja kvota te posljedi\u010dnog ru\u0161enja cijene nafte koje je rezultiralo ira\u010dkim napadom na Kuvajt? Kad su se upleli Amerikanci, Saddam Hussein je zaprijetio da \u0107e po povla\u010denju zapaliti sva naftna polja. Prijetnju je ostvario. Te zime gorjela je zemlja, a nebo Perzijskog zaljeva prekrile su crne zavjese.<\/p>\n<p>Miris novca i nafte omamio je i druga dva susjeda. Saudijska Arabija dugo je bila bog i batina regije \u2013 pod njenim utjecajem su i danas Bahrein, Kuvajt, Ujedinjeni Arapski Emirati\u2026 S druge strane, Katar si zbog naftnog i plinskog novca mo\u017ee priu\u0161titi vanjsku politiku kakvu \u017eeli, a ne onu koju diktira mo\u0107na kraljevina. Mo\u017eda je 180 puta manji, ali je i dalje bogatiji od nje. Dva susjeda su stoga \u010desto u napetim odnosima. Tenzije su eskalirale 2017. godine kada je Saudijska Arabija optu\u017eila Katar za &#8220;podr\u017eavanje terorista&#8221; poput Muslimanske bra\u0107e i Irana, smrtnog saudijskog neprijatelja. Prekinula je diplomatske veze, zatvorila granicu s Katrom, povukla svoje ljude, ukinula letove, obustavila izvoz robe i najavila gradnju tzv. Salwa kanala koji \u0107e odsje\u0107i Katar od kopna i pretvoriti ga u otok. Protjerali su \u010dak i katarske deve i ovce: 12 tisu\u0107a njih moralo je napustiti zemlju! U listopadu 2018. godine Saudijci su zgrozili cijeli svijet, a Katar je do\u010dekao priliku za kontraudarac. Saudijski novinar i kriti\u010dar saudijskih vlasti Jamal Khashoggi ubijen je i isje\u010den na dijelove u saudijskoj ambasadi u Istanbulu. CIA je zaklju\u010dila kako je ubojstvo naredila saudijska kraljevska obitelj, a novinari katarske Al-Jazeere pljunuli su u dlan, protrljali ruke i zasukali rukave.<\/p>\n<p>Zato bi se 1939. godina mogla uzeti kao &#8220;nulta godina&#8221; \u2013 ona koja \u0107e dijeliti katarsku povijest na prije i poslije nafte. Katar je donedavno bio jedna od najsiroma\u0161nijih zemalja svijeta, a na mjestu dana\u0161njih nebodera nalazila su se pra\u0161njava naselja ribara i lovaca na bisere. Cijela dr\u017eava imala je stanovnika koliko i grad Sisak. Bili su podijeljeni u plemena, me\u0111usobno sukobljena u borbi za oskudnim resursima: datuljama i biserima. Bisere su lovili robovi koji su u zemlje Zaljeva stizali na brodovima, u lancima, s ju\u017enja\u010dkih tr\u017enica robljem. Vlasnici su ih uranjali u more na dubine od devet do 27 metara, a oni bi s ko\u0161arom oko vrata i lancima na nogama pretra\u017eivali morsko dno u potrazi za kamenicama. Neki su mogli izdr\u017eati bez zraka i po 90 sekundi te zaroniti 50 puta dnevno. Iz tog perioda su neki egzoti\u010dni rituali i obi\u010daji koji su pre\u017eivjeli do danas, poput <em>zar-borija<\/em>, <em>tanbure<\/em> ili <em>liwe<\/em> \u2013 tradicionalnog plesa afri\u010dkih korijena\u2026 Slu\u017eili su psihi\u010dkom i fizi\u010dkom lije\u010denju te olak\u0161avanju tegoba koje sa sobom nosi \u017eivot u ropstvu i lancima.<\/p>\n<p>Premda je ropstvo ukinuto diljem Britanskog Carstva 1833. godine, \u0161eik Abdullah Bin Jassim al-Thani tek je 1916. potpisao sporazum s britanskom vladom u kojem se obvezao na suradnju u spre\u010davanju trgovine robljem. No, kako je izvoz ovisio o robovskom radu, kako robovi nisu organizirali ustanke koji bi privukli ve\u0107u pozornost, a plemenski vo\u0111e pru\u017eali su otpor \u0161eikovim planovima, ropstvo u Katru je slu\u017ebeno ukinuto tek 1952. godine. Brojni oslobo\u0111eni robovi zaposlili su se tada u katarskoj naftnoj industriji. Svima njima posve\u0107eni su katarski muzeji otkri\u0107a nafte i povijesti ropstva u Perzijskom zaljevu. Neki \u0107e re\u0107i da zbog tzv. Kafala sistema, u kojem su strani radnici prepu\u0161teni na milost i nemilost svojih poslodavaca tj. sponzora, robovlasni\u0161tvo i danas \u017eivi u Katru i zaljevskim zemljama. Samo, ne treba zaboraviti da su potpisi stotina radnika poginulih pri gradnji stadiona za Svjetsko prvenstvo u trenutku smrti stajali na ugovorima sa \u2013 zapadnja\u010dkim firmama.<\/p>\n<figure id=\"attachment_2560\" aria-describedby=\"caption-attachment-2560\" style=\"width: 1672px\" class=\"wp-caption alignnone\"><img loading=\"lazy\" decoding=\"async\" class=\"wp-image-2560 size-full\" src=\"https:\/\/sdf.hr\/wp-content\/uploads\/2023\/01\/Katar-crtez-1.jpg\" alt=\"\" width=\"1672\" height=\"1254\" srcset=\"https:\/\/sdf.hr\/wp-content\/uploads\/2023\/01\/Katar-crtez-1.jpg 1672w, https:\/\/sdf.hr\/wp-content\/uploads\/2023\/01\/Katar-crtez-1-300x225.jpg 300w, https:\/\/sdf.hr\/wp-content\/uploads\/2023\/01\/Katar-crtez-1-1024x768.jpg 1024w, https:\/\/sdf.hr\/wp-content\/uploads\/2023\/01\/Katar-crtez-1-768x576.jpg 768w, https:\/\/sdf.hr\/wp-content\/uploads\/2023\/01\/Katar-crtez-1-1536x1152.jpg 1536w\" sizes=\"auto, (max-width: 1672px) 100vw, 1672px\" \/><figcaption id=\"caption-attachment-2560\" class=\"wp-caption-text\">Ropstvo u Katru je slu\u017ebeno ukinuto tek 1952. godine (Foto: Lidija \u010culo)<\/figcaption><\/figure>\n<p>Pod nogama osjetim toplinu pijeska i morske vode. Pijesak nje\u017ene be\u017e boje na jugu pro\u0161aran je plavo-rozim tonovima Unutarnjeg mora, lagune koja se prelijeva u Perzijski zaljev. U 19. stolje\u0107u katarska obala bila je dio &#8220;obale gusara&#8221; ili &#8220;obale opasnosti&#8221;, kako su je nazivali putopisci. Godine 1841. Britanci su bombardirali Dohu jer su lokalna plemena pru\u017eila uto\u010di\u0161te najpoznatijem gusaru, Jasimu bin Jabiru. Piratske aktivnosti bile su lo\u0161e za Britance koji su vladali podru\u010djem, ubiru\u0107i zaradu na trgovini robom koja je dolazila s Istoka te, naravno, na katarskom biserju.<\/p>\n<p>&#8220;Zna\u0161 li kako nastaje biser?&#8221; pitao me jednom prijatelj Saudijac. &#8220;Ne mo\u017ee ga svaka \u0161koljka napraviti, niti nastaje od zrna pijeska. Mnogi to misle, ali to je krivo uvjerenje. Nekad se dogodi da parazit napadne \u0161koljku, tj. o\u0161teti je i uspije u\u0107i u nju. Da bi se obranila i izolirala ga, \u0161koljka oko njega po\u010dinje stvarati slojeve i slojeve sedefa. To mo\u017ee trajati mjesecima i godinama. Biser nastaje zbog tu\u017enog doga\u0111aja, zapravo. Nastaje iz ne\u010dijih rana. Zato govorimo da se o\u010di i suze sjaje poput bisera&#8221;, objasnio je.<\/p>\n<p>Zbog toga je mukotrpan proces pronala\u017eenja biserja preseljen u laboratorijske uvjete. Danas u ju\u017enim dijelovima oko Unutarnjeg mora vi\u0161e ne \u017eivi skoro nitko. Sve je manje onih koji bi bili dovoljno sna\u017eni za \u017eivot u pustinji i s njom, spram gotovanskog \u017eivota na nafti u metropoli. Prema zadnjem popisu stanovni\u0161tva, ovdje je \u017eivjelo manje od deset ljudi \u2013 bili su to uglavnom ribari iz okolnih zemalja koji dolaze prezimiti. Sav \u017eivot preselio se u metropole koje sjaje na okolnim obalama: Dohu, Abu Dhabi, Dubai\u2026 Kad sam, uo\u010di dolaska, slu\u0161ala komentare o tome kako je Doha sterilna i dosadna, pomislila sam: kako li je to ru\u017eno re\u0107i. Ne poku\u0161avaju li i oni, ba\u0161 kao i svi mi, osigurati egzistenciju, prona\u0107i neki svoj put ka sre\u0107i, stvoriti iluziju bijega od \u017eivota? \u0160to da rade, jadni, usred ni\u010dega?<\/p>\n<p>Katar je jedna od malobrojnih zemalja svijeta koja nema ni \u0161ume, ni stalnih izvora vode. Povijest joj je ispisana u pijesku, ono malo starih zgrada \u0161to je imala bombardirali su joj Britanci kad je pru\u017eala zaklon gusarima, a dio je izgorio u po\u017earima. Protok ljudi koji dolaze sa svih strana svijeta odraditi posao ili projekt, a potom odlaze, onemogu\u0107uje formiranje \u010dvr\u0161\u0107ih prijateljstava i stvara osje\u0107aj usamljenosti kod onih koji ostaju dulje. &#8220;Prije \u010detrdesetak godina tu nije bilo ni\u010deg. Kad smo prvi put sletjeli u Dohu, htjeli smo se ubiti&#8221;, pri\u010da mi na\u0161 hrvatski suputnik, trgovac, dok sjedimo u pijesku uz zvuk valova i pucketanja vatre. &#8220;Pra\u0161ina i sme\u0107e posvuda, Arapi sjede nasred ceste i pu\u0161e nargilu, neke polupane zgrade, Bo\u017ee sa\u010duvaj&#8221;, ka\u017ee. Da ga samo negdje \u010duje Antarah ibn Shaddad, rob iz 6. stolje\u0107a koji se proslavio kao ratnik i pjesnik. Na isti na\u010din gledao je Arapski poluotok oko sebe. &#8220;Postoje li jo\u0161 pjesme koje nisu opjevane?&#8221; pitao se, znaju\u0107i da je njegova bol ista ona koju su osje\u0107ali mnogi prije njega. &#8220;I kad umrem, moje suze ne\u0107e prestati&#8221;, dodao je.<\/p>\n<p>Svjetla Dohe izgledala su o\u010daravaju\u0107e. Mnogo toga izgleda primamljivo u daljini. Te ve\u010deri smo, s obala Perzijskog zaljeva, dobro vidjeli i tugu gradova \u0161to se sjaje poput bisera.<\/p>\n<p><em>pi\u0161e Lidija \u010culo<\/em><\/p>\n","protected":false},"excerpt":{"rendered":"<p>Kad sam, uo\u010di dolaska, slu\u0161ala komentare o tome kako je Doha sterilna i dosadna, pomislila sam: kako li je to ru\u017eno re\u0107i. Ne poku\u0161avaju li i oni, ba\u0161 kao i svi mi, osigurati egzistenciju, prona\u0107i neki svoj put ka sre\u0107i, stvoriti iluziju bijega od \u017eivota? \u0160to da rade, jadni, usred ni\u010dega?<\/p>\n","protected":false},"featured_media":2562,"template":"","tags":[131],"atribut":[],"class_list":["post-1609","nada","type-nada","status-publish","has-post-thumbnail","hentry","tag-reportaza"],"acf":[],"yoast_head":"<!-- This site is optimized with the Yoast SEO plugin v27.4 - https:\/\/yoast.com\/product\/yoast-seo-wordpress\/ -->\n<title>Tuga katarskih bisera - SDF - Srpski demokratski forum<\/title>\n<meta name=\"robots\" content=\"index, follow, max-snippet:-1, max-image-preview:large, max-video-preview:-1\" \/>\n<link rel=\"canonical\" href=\"https:\/\/sdf.hr\/hr\/nada\/tuga-katarskih-bisera\/\" \/>\n<meta property=\"og:locale\" content=\"hr_HR\" \/>\n<meta property=\"og:type\" content=\"article\" \/>\n<meta property=\"og:title\" content=\"Tuga katarskih bisera - SDF - Srpski demokratski forum\" \/>\n<meta property=\"og:description\" content=\"Kad sam, uo\u010di dolaska, slu\u0161ala komentare o tome kako je Doha sterilna i dosadna, pomislila sam: kako li je to ru\u017eno re\u0107i. Ne poku\u0161avaju li i oni, ba\u0161 kao i svi mi, osigurati egzistenciju, prona\u0107i neki svoj put ka sre\u0107i, stvoriti iluziju bijega od \u017eivota? \u0160to da rade, jadni, usred ni\u010dega?\" \/>\n<meta property=\"og:url\" content=\"https:\/\/sdf.hr\/hr\/nada\/tuga-katarskih-bisera\/\" \/>\n<meta property=\"og:site_name\" content=\"SDF - Srpski demokratski forum\" \/>\n<meta property=\"article:modified_time\" content=\"2023-03-15T16:39:27+00:00\" \/>\n<meta property=\"og:image\" content=\"https:\/\/sdf.hr\/wp-content\/uploads\/2023\/01\/Katar-1-scaled.jpg\" \/>\n\t<meta property=\"og:image:width\" content=\"2560\" \/>\n\t<meta property=\"og:image:height\" content=\"1920\" \/>\n\t<meta property=\"og:image:type\" content=\"image\/jpeg\" \/>\n<meta name=\"twitter:card\" content=\"summary_large_image\" \/>\n<meta name=\"twitter:label1\" content=\"Procijenjeno vrijeme \u010ditanja\" \/>\n\t<meta name=\"twitter:data1\" content=\"9 minuta\" \/>\n<script type=\"application\/ld+json\" class=\"yoast-schema-graph\">{\"@context\":\"https:\\\/\\\/schema.org\",\"@graph\":[{\"@type\":\"WebPage\",\"@id\":\"https:\\\/\\\/sdf.hr\\\/hr\\\/nada\\\/tuga-katarskih-bisera\\\/\",\"url\":\"https:\\\/\\\/sdf.hr\\\/hr\\\/nada\\\/tuga-katarskih-bisera\\\/\",\"name\":\"Tuga katarskih bisera - SDF - Srpski demokratski forum\",\"isPartOf\":{\"@id\":\"https:\\\/\\\/sdf.hr\\\/#website\"},\"primaryImageOfPage\":{\"@id\":\"https:\\\/\\\/sdf.hr\\\/hr\\\/nada\\\/tuga-katarskih-bisera\\\/#primaryimage\"},\"image\":{\"@id\":\"https:\\\/\\\/sdf.hr\\\/hr\\\/nada\\\/tuga-katarskih-bisera\\\/#primaryimage\"},\"thumbnailUrl\":\"https:\\\/\\\/sdf.hr\\\/wp-content\\\/uploads\\\/2023\\\/01\\\/Katar-1-scaled.jpg\",\"datePublished\":\"2023-01-17T13:40:37+00:00\",\"dateModified\":\"2023-03-15T16:39:27+00:00\",\"breadcrumb\":{\"@id\":\"https:\\\/\\\/sdf.hr\\\/hr\\\/nada\\\/tuga-katarskih-bisera\\\/#breadcrumb\"},\"inLanguage\":\"hr\",\"potentialAction\":[{\"@type\":\"ReadAction\",\"target\":[\"https:\\\/\\\/sdf.hr\\\/hr\\\/nada\\\/tuga-katarskih-bisera\\\/\"]}]},{\"@type\":\"ImageObject\",\"inLanguage\":\"hr\",\"@id\":\"https:\\\/\\\/sdf.hr\\\/hr\\\/nada\\\/tuga-katarskih-bisera\\\/#primaryimage\",\"url\":\"https:\\\/\\\/sdf.hr\\\/wp-content\\\/uploads\\\/2023\\\/01\\\/Katar-1-scaled.jpg\",\"contentUrl\":\"https:\\\/\\\/sdf.hr\\\/wp-content\\\/uploads\\\/2023\\\/01\\\/Katar-1-scaled.jpg\",\"width\":2560,\"height\":1920,\"caption\":\"Foto: Lidija \u010culo\"},{\"@type\":\"BreadcrumbList\",\"@id\":\"https:\\\/\\\/sdf.hr\\\/hr\\\/nada\\\/tuga-katarskih-bisera\\\/#breadcrumb\",\"itemListElement\":[{\"@type\":\"ListItem\",\"position\":1,\"name\":\"Po\u010detna stranica\",\"item\":\"https:\\\/\\\/sdf.hr\\\/hr\\\/\"},{\"@type\":\"ListItem\",\"position\":2,\"name\":\"Nada\",\"item\":\"https:\\\/\\\/sdf.hr\\\/nada\\\/\"},{\"@type\":\"ListItem\",\"position\":3,\"name\":\"Tuga katarskih bisera\"}]},{\"@type\":\"WebSite\",\"@id\":\"https:\\\/\\\/sdf.hr\\\/#website\",\"url\":\"https:\\\/\\\/sdf.hr\\\/\",\"name\":\"SDF - Srpski demokratski forum\",\"description\":\"Srpski demokratski forum\",\"publisher\":{\"@id\":\"https:\\\/\\\/sdf.hr\\\/#organization\"},\"potentialAction\":[{\"@type\":\"SearchAction\",\"target\":{\"@type\":\"EntryPoint\",\"urlTemplate\":\"https:\\\/\\\/sdf.hr\\\/?s={search_term_string}\"},\"query-input\":{\"@type\":\"PropertyValueSpecification\",\"valueRequired\":true,\"valueName\":\"search_term_string\"}}],\"inLanguage\":\"hr\"},{\"@type\":\"Organization\",\"@id\":\"https:\\\/\\\/sdf.hr\\\/#organization\",\"name\":\"SDF - Srpski demokratski forum\",\"url\":\"https:\\\/\\\/sdf.hr\\\/\",\"logo\":{\"@type\":\"ImageObject\",\"inLanguage\":\"hr\",\"@id\":\"https:\\\/\\\/sdf.hr\\\/#\\\/schema\\\/logo\\\/image\\\/\",\"url\":\"https:\\\/\\\/sdf.hr\\\/wp-content\\\/uploads\\\/2021\\\/07\\\/logo-hr.svg\",\"contentUrl\":\"https:\\\/\\\/sdf.hr\\\/wp-content\\\/uploads\\\/2021\\\/07\\\/logo-hr.svg\",\"width\":271,\"height\":100,\"caption\":\"SDF - Srpski demokratski forum\"},\"image\":{\"@id\":\"https:\\\/\\\/sdf.hr\\\/#\\\/schema\\\/logo\\\/image\\\/\"}}]}<\/script>\n<!-- \/ Yoast SEO plugin. -->","yoast_head_json":{"title":"Tuga katarskih bisera - SDF - Srpski demokratski forum","robots":{"index":"index","follow":"follow","max-snippet":"max-snippet:-1","max-image-preview":"max-image-preview:large","max-video-preview":"max-video-preview:-1"},"canonical":"https:\/\/sdf.hr\/hr\/nada\/tuga-katarskih-bisera\/","og_locale":"hr_HR","og_type":"article","og_title":"Tuga katarskih bisera - SDF - Srpski demokratski forum","og_description":"Kad sam, uo\u010di dolaska, slu\u0161ala komentare o tome kako je Doha sterilna i dosadna, pomislila sam: kako li je to ru\u017eno re\u0107i. Ne poku\u0161avaju li i oni, ba\u0161 kao i svi mi, osigurati egzistenciju, prona\u0107i neki svoj put ka sre\u0107i, stvoriti iluziju bijega od \u017eivota? \u0160to da rade, jadni, usred ni\u010dega?","og_url":"https:\/\/sdf.hr\/hr\/nada\/tuga-katarskih-bisera\/","og_site_name":"SDF - Srpski demokratski forum","article_modified_time":"2023-03-15T16:39:27+00:00","og_image":[{"width":2560,"height":1920,"url":"https:\/\/sdf.hr\/wp-content\/uploads\/2023\/01\/Katar-1-scaled.jpg","type":"image\/jpeg"}],"twitter_card":"summary_large_image","twitter_misc":{"Procijenjeno vrijeme \u010ditanja":"9 minuta"},"schema":{"@context":"https:\/\/schema.org","@graph":[{"@type":"WebPage","@id":"https:\/\/sdf.hr\/hr\/nada\/tuga-katarskih-bisera\/","url":"https:\/\/sdf.hr\/hr\/nada\/tuga-katarskih-bisera\/","name":"Tuga katarskih bisera - SDF - Srpski demokratski forum","isPartOf":{"@id":"https:\/\/sdf.hr\/#website"},"primaryImageOfPage":{"@id":"https:\/\/sdf.hr\/hr\/nada\/tuga-katarskih-bisera\/#primaryimage"},"image":{"@id":"https:\/\/sdf.hr\/hr\/nada\/tuga-katarskih-bisera\/#primaryimage"},"thumbnailUrl":"https:\/\/sdf.hr\/wp-content\/uploads\/2023\/01\/Katar-1-scaled.jpg","datePublished":"2023-01-17T13:40:37+00:00","dateModified":"2023-03-15T16:39:27+00:00","breadcrumb":{"@id":"https:\/\/sdf.hr\/hr\/nada\/tuga-katarskih-bisera\/#breadcrumb"},"inLanguage":"hr","potentialAction":[{"@type":"ReadAction","target":["https:\/\/sdf.hr\/hr\/nada\/tuga-katarskih-bisera\/"]}]},{"@type":"ImageObject","inLanguage":"hr","@id":"https:\/\/sdf.hr\/hr\/nada\/tuga-katarskih-bisera\/#primaryimage","url":"https:\/\/sdf.hr\/wp-content\/uploads\/2023\/01\/Katar-1-scaled.jpg","contentUrl":"https:\/\/sdf.hr\/wp-content\/uploads\/2023\/01\/Katar-1-scaled.jpg","width":2560,"height":1920,"caption":"Foto: Lidija \u010culo"},{"@type":"BreadcrumbList","@id":"https:\/\/sdf.hr\/hr\/nada\/tuga-katarskih-bisera\/#breadcrumb","itemListElement":[{"@type":"ListItem","position":1,"name":"Po\u010detna stranica","item":"https:\/\/sdf.hr\/hr\/"},{"@type":"ListItem","position":2,"name":"Nada","item":"https:\/\/sdf.hr\/nada\/"},{"@type":"ListItem","position":3,"name":"Tuga katarskih bisera"}]},{"@type":"WebSite","@id":"https:\/\/sdf.hr\/#website","url":"https:\/\/sdf.hr\/","name":"SDF - Srpski demokratski forum","description":"Srpski demokratski forum","publisher":{"@id":"https:\/\/sdf.hr\/#organization"},"potentialAction":[{"@type":"SearchAction","target":{"@type":"EntryPoint","urlTemplate":"https:\/\/sdf.hr\/?s={search_term_string}"},"query-input":{"@type":"PropertyValueSpecification","valueRequired":true,"valueName":"search_term_string"}}],"inLanguage":"hr"},{"@type":"Organization","@id":"https:\/\/sdf.hr\/#organization","name":"SDF - Srpski demokratski forum","url":"https:\/\/sdf.hr\/","logo":{"@type":"ImageObject","inLanguage":"hr","@id":"https:\/\/sdf.hr\/#\/schema\/logo\/image\/","url":"https:\/\/sdf.hr\/wp-content\/uploads\/2021\/07\/logo-hr.svg","contentUrl":"https:\/\/sdf.hr\/wp-content\/uploads\/2021\/07\/logo-hr.svg","width":271,"height":100,"caption":"SDF - Srpski demokratski forum"},"image":{"@id":"https:\/\/sdf.hr\/#\/schema\/logo\/image\/"}}]}},"_links":{"self":[{"href":"https:\/\/sdf.hr\/hr\/wp-json\/wp\/v2\/nada\/1609","targetHints":{"allow":["GET"]}}],"collection":[{"href":"https:\/\/sdf.hr\/hr\/wp-json\/wp\/v2\/nada"}],"about":[{"href":"https:\/\/sdf.hr\/hr\/wp-json\/wp\/v2\/types\/nada"}],"wp:featuredmedia":[{"embeddable":true,"href":"https:\/\/sdf.hr\/hr\/wp-json\/wp\/v2\/media\/2562"}],"wp:attachment":[{"href":"https:\/\/sdf.hr\/hr\/wp-json\/wp\/v2\/media?parent=1609"}],"wp:term":[{"taxonomy":"post_tag","embeddable":true,"href":"https:\/\/sdf.hr\/hr\/wp-json\/wp\/v2\/tags?post=1609"},{"taxonomy":"atribut","embeddable":true,"href":"https:\/\/sdf.hr\/hr\/wp-json\/wp\/v2\/atribut?post=1609"}],"curies":[{"name":"wp","href":"https:\/\/api.w.org\/{rel}","templated":true}]}}