{"id":1628,"date":"2023-01-19T20:28:19","date_gmt":"2023-01-19T19:28:19","guid":{"rendered":"https:\/\/sdf.hr\/?post_type=nada&#038;p=1628"},"modified":"2023-03-15T17:35:13","modified_gmt":"2023-03-15T16:35:13","slug":"grofov-poucak","status":"publish","type":"nada","link":"https:\/\/sdf.hr\/hr\/nada\/grofov-poucak\/","title":{"rendered":"Grofov pou\u010dak"},"content":{"rendered":"<p>Ve\u0107 gotovo tri godine na <a href=\"https:\/\/www.instagram.com\/grofdarkula\/\">Instagram profilu Grof Darkula<\/a> kontinuirano se objavljuju sadr\u017eaji koji se odnose na partnersko i obiteljsko nasilje, stigmatizaciju mentalnih bolesti, kriminalizaciju poba\u010daja te prava \u017eena, LGBTIQ+ populacije i manjina. Osniva\u010di profila smatraju da se publika vi\u0161e fokusira na sadr\u017eaj ukoliko je autor istoga nepoznat pa od samoga po\u010detka inzistiraju na anonimnosti. U skladu s time ih i u ovom tekstu oslovljavamo pseudonimom Grof Darkula.<\/p>\n<p>Profil danas broji vi\u0161e od 50.000 pratitelja, a u samom je po\u010detku bio zami\u0161ljen kao mjesto za darivanje na tjednoj bazi, odakle i dolazi naziv &#8220;Darkula&#8221;. No brzo je do\u0161lo do promjene jer su autori odlu\u010dili pratiteljima ponuditi sadr\u017eaj s kojim se mogu povezati, a tako je naposljetku nastao i njihov prepoznatljivi vizualni identitet \u2013 crvena hobotnica. Nakon \u0161to ideja darivanja nije za\u017eivjela, sadr\u017eaj profila po\u010deo se bazirati na interpretaciji aktualnih vijesti, edukaciji o ljudskim pravima, feminizmu, kvir tematici, dijeljenju iskustava \u017ertava nasilja, raspravama i pozivanju publike na akciju, od izlaska na izbore pa sve do potpisivanja raznih peticija ili doniranja udrugama civilnog dru\u0161tva. Pritom su pokrenuli i odr\u017eivi web shop &#8220;Drugi Krak&#8221;, \u010dija se filozofija zasniva se na stavu da odje\u0107a nije otpad. Nedavno su objavili i knjigu &#8220;Priru\u010dnik za pre\u017eivljavanje&#8221; koja se sastoji od 20 pri\u010da, odnosno poglavlja, kroz koje se osvr\u0107u na goru\u0107e probleme u dana\u0161njem dru\u0161tvu.<\/p>\n<p>\u2014 Neke od pri\u010da duboko su potresne, tu\u017ene i uznemiruju\u0107e, ali ujedno i intimne, iskrene i edukativne. Svako poglavlje prati poruka ispisana preko fotografija iz na\u0161e privatne arhive, a u knjizi \u0107ete prona\u0107i i stranice predvi\u0111ene za ispisivanje vlastitih bilje\u017eaka, misli i osje\u0107aja koje knjiga probudi u vama. Kroz pisanje knjige u potpunosti smo se ogolili i prenijeli sva na\u0161a \u017eivotna iskustva s ciljem da pomognemo mnogima. Reakcije koje smo do sada dobili od \u010ditatelja i \u010ditateljica pokazuju da smo u tome i uspjeli \u2013 objasnio nam je Grof.<\/p>\n<p><img loading=\"lazy\" decoding=\"async\" class=\"alignnone wp-image-2543 size-full\" src=\"https:\/\/sdf.hr\/wp-content\/uploads\/2023\/01\/Grof2-2.jpg\" alt=\"\" width=\"738\" height=\"740\" srcset=\"https:\/\/sdf.hr\/wp-content\/uploads\/2023\/01\/Grof2-2.jpg 738w, https:\/\/sdf.hr\/wp-content\/uploads\/2023\/01\/Grof2-2-300x300.jpg 300w, https:\/\/sdf.hr\/wp-content\/uploads\/2023\/01\/Grof2-2-150x150.jpg 150w\" sizes=\"auto, (max-width: 738px) 100vw, 738px\" \/><\/p>\n<p>Jedna od vje\u010dnih inspiracija im je obi\u010dan \u010dovjek i njegova prava te nepravda koja nas okru\u017euje, a kako je Grof dodao, obi\u010dnog \u010dovjeka u Hrvatskoj mu\u010di puno toga, po\u010dev\u0161i od ekonomskih problema pa sve do zdravstvene za\u0161tite, totalnog uru\u0161avanja obrazovnog sustava, institucija koje ne rade svoj posao i manjka povjerenja u politi\u010dare koji kroje zakone po kojima \u017eivimo.<\/p>\n<p>\u2014 Na svojoj platformi trudimo se educirati ljude kako bi nau\u010dili svoja prava. Kako se mo\u017ee\u0161 boriti protiv nekog problema ako ne poznaje\u0161 osnovne elemente za njegovo rje\u0161avanje? Kao primjer navodimo da jako malo ljudi u Hrvatskoj zna podatak da \u017ertve kaznenih djela nasilja imaju pravo na nov\u010danu naknadu od strane dr\u017eave, da od 0 \u2014 24 svi u Hrvatskoj mogu nazvati broj 116 006 i informirati se o svojim pravima ako su \u017ertve ili svjedoci kaznenih ili prekr\u0161ajnih djela, da se mogu obratiti raznim udrugama za besplatnu pravnu ili psiholo\u0161ku pomo\u0107, da \u017eene u hrvatskim bolnicama mogu obaviti medikamentozni poba\u010daj, da postoje razni alati pomo\u0107u kojih se danas mo\u017ee prijaviti nasilje i da postoje oni koji vam mogu pomo\u0107i. Poku\u0161avamo ljude educirati, ali i potaknuti da budu proaktivni \u2013 kazao je Grof, podsjetiv\u0161i zatim na sve male, ali i velike pobjede za reproduktivna i LGBTIQ+ prava koja su ostvarena tijekom pro\u0161le godine.<\/p>\n<p>\u2014 Kolumbija je dekriminalizirala poba\u010daj, a Njema\u010dka, \u0160panjolska, Francuska, Nizozemska, Malta, Danska i Finska su ga liberalizirale ili najavile da \u0107e to napraviti. Kada je u Americi pao Roe (presuda &#8220;Roe vs. Wade&#8221; kojom je 1973. legaliziran poba\u010daj u SAD-u, op. a.) ljudi su s razlogom bili o\u010dajni, ali je taj \u010din mobilizirao na stotine tisu\u0107a \u017eena i mladih koji su na izborima sprije\u010dili republikanski &#8220;crveni val&#8221;. Na \u0161est referenduma odr\u017eanih u Americi od padanja Roea svi zakonski prijedlozi za u\u010dvr\u0161\u0107ivanje reproduktivnih prava su pro\u0161li, a oni koji su ih htjeli ograni\u010diti su pali. Ograni\u010davanje prava poba\u010daja u Americi je dovelo do toga da Kongres brzo reagira i za\u0161titi istospolne brakove na federalnoj razini, ali i da se pokrene \u0161ira javna rasprava i edukativne kampanje o reproduktivnim pravima kakve u Americi nisu vi\u0111ene unazad pola stolje\u0107a. Iranske \u017eene inspiracija su mnogima, a prosvjedi u njihovim gradovima jo\u0161 uvijek traju. Slovenija i \u0160vicarska legalizirale su istospolne brakove, a u Hrvatskoj takvi parovi napokon mogu pristupiti postupku za posvajanje djece jednako kao i hetero parovi \u2013 podsjetio je Grof.<\/p>\n<p>Dakle, prema Grofovim rije\u010dima, pobjede su bile brojne iako su i nasrtaji na ljudska prava bili \u017eestoki. U Hrvatskoj je, primjerice, vidljiv porasta vjerskog fanatizma koji za cilj ima ukinuti \u017eenska reproduktivna prava i demonizirati seksualne manjine, ali Grof ne sumnja da se veliki dio javnosti protivi takvom radikalizmu. Dapa\u010de, vjeruju da demokracija i borba za ljudska prava, uz brojne opstrukcije, tek \u010dekaju svoja bolja vremena.<\/p>\n<p><img loading=\"lazy\" decoding=\"async\" class=\"alignnone wp-image-2546 size-full\" src=\"https:\/\/sdf.hr\/wp-content\/uploads\/2023\/01\/Grof3-2.jpg\" alt=\"\" width=\"748\" height=\"742\" srcset=\"https:\/\/sdf.hr\/wp-content\/uploads\/2023\/01\/Grof3-2.jpg 748w, https:\/\/sdf.hr\/wp-content\/uploads\/2023\/01\/Grof3-2-300x298.jpg 300w, https:\/\/sdf.hr\/wp-content\/uploads\/2023\/01\/Grof3-2-150x150.jpg 150w\" sizes=\"auto, (max-width: 748px) 100vw, 748px\" \/><\/p>\n<p>Jedna od tema koje se Grof u velikoj mjeri, a uz pomo\u0107 stru\u010dnjaka, doti\u010de na profilu jeste i stigmatizacija mentalnih bolesti te nedovoljna dostupnost kvalitetne pomo\u0107i u javnom zdravstvu, zbog \u010dega uspjeh lije\u010denja nerijetko postaje pitanje financija.<\/p>\n<p>\u2014 Mentalne bolesti su za hrvatsko dru\u0161tvo jo\u0161 uvijek tabu. Ako imate problema s mentalnim zdravljem, ljudi i dalje misle da ste ludi. Mnogi zbog toga pate i boluju u ti\u0161ini \u0161to na kraju rezultira tragedijama. Edukacije nedostaje u obrazovnom sustavu, a zdravstveni sustav jednostavno nema kapacitet kvalitetno obraditi sve slu\u010dajeve i osobe koje zatra\u017ee pomo\u0107. Tu\u017eno je re\u0107i, ali mentalno zdravlje u Hrvatskoj ko\u0161ta, i to puno. Brinuti se kvalitetno oko svog mentalnog zdravlje danas je, na\u017ealost, postalo klasno pitanje. Veliki broj ljudi nema novca kojim bi nekoliko tjedana ili mjeseci pla\u0107ali sat psihoterapije i to je \u010dinjenica koja u\u017easava. No kao i uvijek, i ovdje se doga\u0111aju neke pozitivne promjene. Primijetili smo da se o mentalnom zdravlju sve vi\u0161e pri\u010da, da postoji sve vi\u0161e inicijativa i udruga koje ga promi\u010du, da se stigma polako mi\u010de. Za edukaciju i neke osnove predla\u017eemo stranice kakosi.hr, psihelp.hr, zgpd.hr, mentalnozdravlje.zagreb.hr i tesa.hr \u2013 poru\u010dio je Grof.<\/p>\n<p>Bez obzira na poprili\u010dno veliku brojku Instagram pratitelja, teme o kojima Grof pi\u0161e \u010desto se u dru\u0161tvu smatraju kontroverznim te katkad nailaze na negativne reakcije i komentare, naj\u010de\u0161\u0107e u obliku govora mr\u017enje usmjerenog ka kvir zajednici. Svaki govor mr\u017enje prijavljuju institucijama jer je on zakonski ka\u017enjiv i reguliran, te ne vide smisao da pro\u0111e nezapa\u017eeno. Za sam kraj Grof je nabrojao nemali broj ljudi i pojava koje mu svakodnevno daju nadu za bolje sutra.<\/p>\n<p>\u2014 Nadu nam daju osobe poput Mirele \u010cavajde, osobe koje ne \u0161ute i koje prkosno i kontinuirano mijenjaju svijet u svojim mikro-sredinama. Nadu nam daju i male promjene koje vidimo da se doga\u0111aju kada mlade majke i o\u010devi odlu\u010de istra\u017eiti temu tjelesnog ka\u017enjavanja djece i sagledati njezine negativne aspekte sa znanstvene strane. Nadu nam daju sve \u017eene koje hrabro prijavljuju svoje zlostavlja\u010de. Nadu nam daje svaki mu\u0161karac koji otvoreno pri\u010da o svom mentalnom zdravlju i tako mi\u010de stigmu s te teme. Nadu nam daju hrabre aktivistkinje i aktivisti koji se ve\u0107 desetlje\u0107ima bore sa sustavom i mijenjaju ga nabolje. Nadu nam daju istra\u017eiva\u010dki novinari i novinarke koji otkrivaju zastra\u0161uju\u0107e slu\u010dajeve. Nadu nam daju djeca koja s veseljem primjenjuju sve nau\u010deno s Gra\u0111anskog odgoja u svojim srednjim \u0161kolama u nekoliko hrvatskih gradova koji su uveli taj predmet. Nada je disciplina i prepoznajemo je u svakom malom \u010dinu koji ovaj svijet gura naprijed i \u010dini boljim mjestom za \u017eivot \u2013 zaklju\u010duje Grof.<\/p>\n<p><em>pi\u0161e Katarina Bo\u0161njak<\/em><\/p>\n","protected":false},"excerpt":{"rendered":"<p>Nadu nam daju osobe koje ne \u0161ute, koje prkosno i kontinuirano mijenjaju svijet u svojim mikro-sredinama, govore pokreta\u010di Instagram profila Grof Darkula preko kojeg svakodnevno educiraju vi\u0161e od 50.000 pratitelja<\/p>\n","protected":false},"featured_media":2548,"template":"","tags":[136],"atribut":[],"class_list":["post-1628","nada","type-nada","status-publish","has-post-thumbnail","hentry","tag-portret"],"acf":[],"yoast_head":"<!-- This site is optimized with the Yoast SEO plugin v27.4 - https:\/\/yoast.com\/product\/yoast-seo-wordpress\/ -->\n<title>Grofov pou\u010dak - SDF - Srpski demokratski forum<\/title>\n<meta name=\"robots\" content=\"index, follow, max-snippet:-1, max-image-preview:large, max-video-preview:-1\" \/>\n<link rel=\"canonical\" href=\"https:\/\/sdf.hr\/hr\/nada\/grofov-poucak\/\" \/>\n<meta property=\"og:locale\" content=\"hr_HR\" \/>\n<meta property=\"og:type\" content=\"article\" \/>\n<meta property=\"og:title\" content=\"Grofov pou\u010dak - SDF - Srpski demokratski forum\" \/>\n<meta property=\"og:description\" content=\"Nadu nam daju osobe koje ne \u0161ute, koje prkosno i kontinuirano mijenjaju svijet u svojim mikro-sredinama, govore pokreta\u010di Instagram profila Grof Darkula preko kojeg svakodnevno educiraju vi\u0161e od 50.000 pratitelja\" \/>\n<meta property=\"og:url\" content=\"https:\/\/sdf.hr\/hr\/nada\/grofov-poucak\/\" \/>\n<meta property=\"og:site_name\" content=\"SDF - Srpski demokratski forum\" \/>\n<meta property=\"article:modified_time\" content=\"2023-03-15T16:35:13+00:00\" \/>\n<meta property=\"og:image\" content=\"https:\/\/sdf.hr\/wp-content\/uploads\/2023\/01\/Grof1-1.jpg\" \/>\n\t<meta property=\"og:image:width\" content=\"1080\" \/>\n\t<meta property=\"og:image:height\" content=\"1080\" \/>\n\t<meta property=\"og:image:type\" content=\"image\/jpeg\" \/>\n<meta name=\"twitter:card\" content=\"summary_large_image\" \/>\n<meta name=\"twitter:label1\" content=\"Procijenjeno vrijeme \u010ditanja\" \/>\n\t<meta name=\"twitter:data1\" content=\"7 minuta\" \/>\n<script type=\"application\/ld+json\" class=\"yoast-schema-graph\">{\"@context\":\"https:\\\/\\\/schema.org\",\"@graph\":[{\"@type\":\"WebPage\",\"@id\":\"https:\\\/\\\/sdf.hr\\\/hr\\\/nada\\\/grofov-poucak\\\/\",\"url\":\"https:\\\/\\\/sdf.hr\\\/hr\\\/nada\\\/grofov-poucak\\\/\",\"name\":\"Grofov pou\u010dak - SDF - Srpski demokratski forum\",\"isPartOf\":{\"@id\":\"https:\\\/\\\/sdf.hr\\\/#website\"},\"primaryImageOfPage\":{\"@id\":\"https:\\\/\\\/sdf.hr\\\/hr\\\/nada\\\/grofov-poucak\\\/#primaryimage\"},\"image\":{\"@id\":\"https:\\\/\\\/sdf.hr\\\/hr\\\/nada\\\/grofov-poucak\\\/#primaryimage\"},\"thumbnailUrl\":\"https:\\\/\\\/sdf.hr\\\/wp-content\\\/uploads\\\/2023\\\/01\\\/Grof1-1.jpg\",\"datePublished\":\"2023-01-19T19:28:19+00:00\",\"dateModified\":\"2023-03-15T16:35:13+00:00\",\"breadcrumb\":{\"@id\":\"https:\\\/\\\/sdf.hr\\\/hr\\\/nada\\\/grofov-poucak\\\/#breadcrumb\"},\"inLanguage\":\"hr\",\"potentialAction\":[{\"@type\":\"ReadAction\",\"target\":[\"https:\\\/\\\/sdf.hr\\\/hr\\\/nada\\\/grofov-poucak\\\/\"]}]},{\"@type\":\"ImageObject\",\"inLanguage\":\"hr\",\"@id\":\"https:\\\/\\\/sdf.hr\\\/hr\\\/nada\\\/grofov-poucak\\\/#primaryimage\",\"url\":\"https:\\\/\\\/sdf.hr\\\/wp-content\\\/uploads\\\/2023\\\/01\\\/Grof1-1.jpg\",\"contentUrl\":\"https:\\\/\\\/sdf.hr\\\/wp-content\\\/uploads\\\/2023\\\/01\\\/Grof1-1.jpg\",\"width\":1080,\"height\":1080},{\"@type\":\"BreadcrumbList\",\"@id\":\"https:\\\/\\\/sdf.hr\\\/hr\\\/nada\\\/grofov-poucak\\\/#breadcrumb\",\"itemListElement\":[{\"@type\":\"ListItem\",\"position\":1,\"name\":\"Po\u010detna stranica\",\"item\":\"https:\\\/\\\/sdf.hr\\\/hr\\\/\"},{\"@type\":\"ListItem\",\"position\":2,\"name\":\"Nada\",\"item\":\"https:\\\/\\\/sdf.hr\\\/nada\\\/\"},{\"@type\":\"ListItem\",\"position\":3,\"name\":\"Grofov pou\u010dak\"}]},{\"@type\":\"WebSite\",\"@id\":\"https:\\\/\\\/sdf.hr\\\/#website\",\"url\":\"https:\\\/\\\/sdf.hr\\\/\",\"name\":\"SDF - Srpski demokratski forum\",\"description\":\"Srpski demokratski forum\",\"publisher\":{\"@id\":\"https:\\\/\\\/sdf.hr\\\/#organization\"},\"potentialAction\":[{\"@type\":\"SearchAction\",\"target\":{\"@type\":\"EntryPoint\",\"urlTemplate\":\"https:\\\/\\\/sdf.hr\\\/?s={search_term_string}\"},\"query-input\":{\"@type\":\"PropertyValueSpecification\",\"valueRequired\":true,\"valueName\":\"search_term_string\"}}],\"inLanguage\":\"hr\"},{\"@type\":\"Organization\",\"@id\":\"https:\\\/\\\/sdf.hr\\\/#organization\",\"name\":\"SDF - Srpski demokratski forum\",\"url\":\"https:\\\/\\\/sdf.hr\\\/\",\"logo\":{\"@type\":\"ImageObject\",\"inLanguage\":\"hr\",\"@id\":\"https:\\\/\\\/sdf.hr\\\/#\\\/schema\\\/logo\\\/image\\\/\",\"url\":\"https:\\\/\\\/sdf.hr\\\/wp-content\\\/uploads\\\/2021\\\/07\\\/logo-hr.svg\",\"contentUrl\":\"https:\\\/\\\/sdf.hr\\\/wp-content\\\/uploads\\\/2021\\\/07\\\/logo-hr.svg\",\"width\":271,\"height\":100,\"caption\":\"SDF - Srpski demokratski forum\"},\"image\":{\"@id\":\"https:\\\/\\\/sdf.hr\\\/#\\\/schema\\\/logo\\\/image\\\/\"}}]}<\/script>\n<!-- \/ Yoast SEO plugin. -->","yoast_head_json":{"title":"Grofov pou\u010dak - SDF - Srpski demokratski forum","robots":{"index":"index","follow":"follow","max-snippet":"max-snippet:-1","max-image-preview":"max-image-preview:large","max-video-preview":"max-video-preview:-1"},"canonical":"https:\/\/sdf.hr\/hr\/nada\/grofov-poucak\/","og_locale":"hr_HR","og_type":"article","og_title":"Grofov pou\u010dak - SDF - Srpski demokratski forum","og_description":"Nadu nam daju osobe koje ne \u0161ute, koje prkosno i kontinuirano mijenjaju svijet u svojim mikro-sredinama, govore pokreta\u010di Instagram profila Grof Darkula preko kojeg svakodnevno educiraju vi\u0161e od 50.000 pratitelja","og_url":"https:\/\/sdf.hr\/hr\/nada\/grofov-poucak\/","og_site_name":"SDF - Srpski demokratski forum","article_modified_time":"2023-03-15T16:35:13+00:00","og_image":[{"width":1080,"height":1080,"url":"https:\/\/sdf.hr\/wp-content\/uploads\/2023\/01\/Grof1-1.jpg","type":"image\/jpeg"}],"twitter_card":"summary_large_image","twitter_misc":{"Procijenjeno vrijeme \u010ditanja":"7 minuta"},"schema":{"@context":"https:\/\/schema.org","@graph":[{"@type":"WebPage","@id":"https:\/\/sdf.hr\/hr\/nada\/grofov-poucak\/","url":"https:\/\/sdf.hr\/hr\/nada\/grofov-poucak\/","name":"Grofov pou\u010dak - SDF - Srpski demokratski forum","isPartOf":{"@id":"https:\/\/sdf.hr\/#website"},"primaryImageOfPage":{"@id":"https:\/\/sdf.hr\/hr\/nada\/grofov-poucak\/#primaryimage"},"image":{"@id":"https:\/\/sdf.hr\/hr\/nada\/grofov-poucak\/#primaryimage"},"thumbnailUrl":"https:\/\/sdf.hr\/wp-content\/uploads\/2023\/01\/Grof1-1.jpg","datePublished":"2023-01-19T19:28:19+00:00","dateModified":"2023-03-15T16:35:13+00:00","breadcrumb":{"@id":"https:\/\/sdf.hr\/hr\/nada\/grofov-poucak\/#breadcrumb"},"inLanguage":"hr","potentialAction":[{"@type":"ReadAction","target":["https:\/\/sdf.hr\/hr\/nada\/grofov-poucak\/"]}]},{"@type":"ImageObject","inLanguage":"hr","@id":"https:\/\/sdf.hr\/hr\/nada\/grofov-poucak\/#primaryimage","url":"https:\/\/sdf.hr\/wp-content\/uploads\/2023\/01\/Grof1-1.jpg","contentUrl":"https:\/\/sdf.hr\/wp-content\/uploads\/2023\/01\/Grof1-1.jpg","width":1080,"height":1080},{"@type":"BreadcrumbList","@id":"https:\/\/sdf.hr\/hr\/nada\/grofov-poucak\/#breadcrumb","itemListElement":[{"@type":"ListItem","position":1,"name":"Po\u010detna stranica","item":"https:\/\/sdf.hr\/hr\/"},{"@type":"ListItem","position":2,"name":"Nada","item":"https:\/\/sdf.hr\/nada\/"},{"@type":"ListItem","position":3,"name":"Grofov pou\u010dak"}]},{"@type":"WebSite","@id":"https:\/\/sdf.hr\/#website","url":"https:\/\/sdf.hr\/","name":"SDF - Srpski demokratski forum","description":"Srpski demokratski forum","publisher":{"@id":"https:\/\/sdf.hr\/#organization"},"potentialAction":[{"@type":"SearchAction","target":{"@type":"EntryPoint","urlTemplate":"https:\/\/sdf.hr\/?s={search_term_string}"},"query-input":{"@type":"PropertyValueSpecification","valueRequired":true,"valueName":"search_term_string"}}],"inLanguage":"hr"},{"@type":"Organization","@id":"https:\/\/sdf.hr\/#organization","name":"SDF - Srpski demokratski forum","url":"https:\/\/sdf.hr\/","logo":{"@type":"ImageObject","inLanguage":"hr","@id":"https:\/\/sdf.hr\/#\/schema\/logo\/image\/","url":"https:\/\/sdf.hr\/wp-content\/uploads\/2021\/07\/logo-hr.svg","contentUrl":"https:\/\/sdf.hr\/wp-content\/uploads\/2021\/07\/logo-hr.svg","width":271,"height":100,"caption":"SDF - Srpski demokratski forum"},"image":{"@id":"https:\/\/sdf.hr\/#\/schema\/logo\/image\/"}}]}},"_links":{"self":[{"href":"https:\/\/sdf.hr\/hr\/wp-json\/wp\/v2\/nada\/1628","targetHints":{"allow":["GET"]}}],"collection":[{"href":"https:\/\/sdf.hr\/hr\/wp-json\/wp\/v2\/nada"}],"about":[{"href":"https:\/\/sdf.hr\/hr\/wp-json\/wp\/v2\/types\/nada"}],"wp:featuredmedia":[{"embeddable":true,"href":"https:\/\/sdf.hr\/hr\/wp-json\/wp\/v2\/media\/2548"}],"wp:attachment":[{"href":"https:\/\/sdf.hr\/hr\/wp-json\/wp\/v2\/media?parent=1628"}],"wp:term":[{"taxonomy":"post_tag","embeddable":true,"href":"https:\/\/sdf.hr\/hr\/wp-json\/wp\/v2\/tags?post=1628"},{"taxonomy":"atribut","embeddable":true,"href":"https:\/\/sdf.hr\/hr\/wp-json\/wp\/v2\/atribut?post=1628"}],"curies":[{"name":"wp","href":"https:\/\/api.w.org\/{rel}","templated":true}]}}