{"id":1651,"date":"2023-01-27T11:29:16","date_gmt":"2023-01-27T10:29:16","guid":{"rendered":"https:\/\/sdf.hr\/?post_type=nada&#038;p=1651"},"modified":"2023-03-15T15:12:34","modified_gmt":"2023-03-15T14:12:34","slug":"zena-majka-radnica","status":"publish","type":"nada","link":"https:\/\/sdf.hr\/hr\/nada\/zena-majka-radnica\/","title":{"rendered":"\u017dena, majka, radnica"},"content":{"rendered":"<p>Dvije plave linije. Definitivno sam bila trudna. Isprva sam jedino osje\u0107ala sre\u0107u, ali onda me pogodila stvarnost. Sranje. Kako \u0107e ekipa reagirati na ovo?, pi\u0161e kapetanica islandske nogometne reprezentacije Sara Bj\u00f6rk Gunnarsdottir u \u010dlanku za The Players\u2019 Tribune.<\/p>\n<p>U momentu kad je saznala da je trudna igrala je za francuski Lyon. Da je imala razloga za brinuti se, stvarnost joj je brzo potvrdila. Iz kluba su imali puno pitanja jer je bila prva igra\u010dica u povijesti Lyona koja je zatrudnjela, a s jasno izra\u017eenom namjerom da se nakon poroda vrati na teren i nastavi igrati. Lyon je bio klub u kojem je kao mla\u0111a sanjala igrati, s njime je osvojila Ligu prvaka, zabila gol u finalu \u2013 sve je to isticala kao nezaboravno, najve\u0107i ponos u karijeri. Ali, ima u tom poslu puno vi\u0161e od sjaja i slave. U tekstu &#8220;\u0160to se dogodila kad sam zatrudnjela&#8221; Gunnarsdottir tako otkriva detalje va\u017ene presude kojom je Lyonu nare\u0111eno da joj isplati pla\u0107e za koje je zakinuta dok je bila trudna. Trenutno igra\u010dica Juventusa, biv\u0161eg je poslodavca vodila pred FIFA-in sud, a presudom je francuskom klubu nalo\u017eeno da joj mora isplatiti 82.094,82 eura.<\/p>\n<p>Naime, po\u010detkom 2021. Gunnarsdottir se dogovorila s upravom Lyona da \u0107e se boraviti na Islandu tijekom posljednjih nekoliko mjeseci trudno\u0107e. Dok je bila na Islandu, Lyon joj je prestao ispla\u0107ivati pla\u0107u, tvrde\u0107i da &#8220;samo slijede francuske zakone&#8221;. Me\u0111utim, nova pravila FIFA-e, koja su stupila na snagu po\u010detkom 2021., navode da nogometa\u0161ice tijekom perioda trajanja radnog ugovora imaju pravo na pla\u0107eni porodiljni dopust. Gunnarsdottir se javila za pomo\u0107 nogometnom sindikatu u Francuskoj, Union National des Footballeurs Professionnels, a zatim i FIFPRO-u, krovnoj organizaciji za profesionalne nogometa\u0161e i nogometa\u0161ice.<\/p>\n<p>Pokrenuta je tu\u017eba, a lani u maju FIFA-in sud nalo\u017eio je Lyonu da Gunnarsdottir isplati pla\u0107e koje joj duguje. O \u010ditavom slu\u010daju prvi puta je progovorila u \u010dlanku za The Player&#8217;s Tribune. &#8220;Ova pri\u010da je ve\u0107a od mene! To je poziv na uzbunu za sve klubove i poruka svim igra\u010dicama da ako zatrudne ili \u017eele zatrudnjeti tijekom karijere, imaju svoja prava i garancije!&#8221;, napisala je. Iz FIFPRO-a su \u010destitali Gunnarsdottir na njezinoj uspje\u0161noj tu\u017ebi protiv Lyona i podsjetili da je nu\u017eno da se svi obvezni propisi FIFA-a provode u praksi na nacionalnoj razini. Nakon dono\u0161enja presude, FIFA je upozorila Lyon da \u0107e im biti zabranjeni igra\u010dki transferi ako ne isplate novac koji duguju Gunnarsdottir u roku od 45 dana.<\/p>\n<p>Va\u017eno je re\u0107i da je i tijekom trudno\u0107e Gunnarsdottir &#8220;trenirala kao manijak&#8221;. Svaki dan je radila s trenerom kojeg je sama pla\u0107ala, iz svoje u\u0161te\u0111evine. &#8220;Ulo\u017eila sam puno i nisam bila sigurna da \u0107u to ikada dobiti natrag. To nije dobar osje\u0107aj, pogotovo kada osnivate obitelj. U pozadini glave, nisam mogla prestati razmi\u0161ljati o tome kako nemam budu\u0107nosti u klubu&#8221;, obja\u0161njava u tekstu.<\/p>\n<p>Iako vidi promjene u \u017eenskom profesionalnom nogometu, lagano podizanje (radno pravnog) standarda i sve ve\u0107u pra\u0107enost i navija\u010dku podr\u017eanost, Gunnarsdottir isti\u010de da je jo\u0161 puno toga u potrebno mijenjati nabolje. Zasukati rukave, o problemima pri\u010dati, na njima u kontinuitetu raditi. Svoj dio u tome planira davati i dalje, i nakon ovog jednog, uspje\u0161no zavr\u0161enog slu\u010daja. &#8220;\u017delim biti sigurna da nitko vi\u0161e ne mora prolaziti kroz ovo \u0161to sam ja pro\u0161la. I \u017eelim da Lyon zna da ovo nije u redu. Ovo nije &#8216;samo biznis&#8217;. Ovdje se radi o mojim pravima kao radnice, kao \u017eene i ljudskog bi\u0107a&#8221;, poru\u010dila je.<\/p>\n<p><em>pi\u0161e Ivana Peri\u0107<\/em><\/p>\n","protected":false},"excerpt":{"rendered":"<p>Ova pri\u010da je ve\u0107a od mene! To je poziv na uzbunu za sve klubove i poruka svim igra\u010dicama da ako zatrudne ili \u017eele zatrudnjeti tijekom karijere, imaju svoja prava i garancije, poru\u010duje nogometa\u0161ica Sara Bj\u00f6rk Gunnarsdottir koja je Lyon odvela pred FIFA-in sud<\/p>\n","protected":false},"featured_media":2539,"template":"","tags":[40],"atribut":[],"class_list":["post-1651","nada","type-nada","status-publish","has-post-thumbnail","hentry","tag-dvokorak-naprijed"],"acf":[],"yoast_head":"<!-- This site is optimized with the Yoast SEO plugin v27.4 - https:\/\/yoast.com\/product\/yoast-seo-wordpress\/ -->\n<title>\u017dena, majka, radnica - SDF - Srpski demokratski forum<\/title>\n<meta name=\"robots\" content=\"index, follow, max-snippet:-1, max-image-preview:large, max-video-preview:-1\" \/>\n<link rel=\"canonical\" href=\"https:\/\/sdf.hr\/hr\/nada\/zena-majka-radnica\/\" \/>\n<meta property=\"og:locale\" content=\"hr_HR\" \/>\n<meta property=\"og:type\" content=\"article\" \/>\n<meta property=\"og:title\" content=\"\u017dena, majka, radnica - SDF - Srpski demokratski forum\" \/>\n<meta property=\"og:description\" content=\"Ova pri\u010da je ve\u0107a od mene! To je poziv na uzbunu za sve klubove i poruka svim igra\u010dicama da ako zatrudne ili \u017eele zatrudnjeti tijekom karijere, imaju svoja prava i garancije, poru\u010duje nogometa\u0161ica Sara Bj\u00f6rk Gunnarsdottir koja je Lyon odvela pred FIFA-in sud\" \/>\n<meta property=\"og:url\" content=\"https:\/\/sdf.hr\/hr\/nada\/zena-majka-radnica\/\" \/>\n<meta property=\"og:site_name\" content=\"SDF - Srpski demokratski forum\" \/>\n<meta property=\"article:modified_time\" content=\"2023-03-15T14:12:34+00:00\" \/>\n<meta property=\"og:image\" content=\"https:\/\/sdf.hr\/wp-content\/uploads\/2023\/01\/Gunnarsdottir_Nicolas-LuttiauEXPA-1-scaled.jpg\" \/>\n\t<meta property=\"og:image:width\" content=\"2560\" \/>\n\t<meta property=\"og:image:height\" content=\"1703\" \/>\n\t<meta property=\"og:image:type\" content=\"image\/jpeg\" \/>\n<meta name=\"twitter:card\" content=\"summary_large_image\" \/>\n<meta name=\"twitter:label1\" content=\"Procijenjeno vrijeme \u010ditanja\" \/>\n\t<meta name=\"twitter:data1\" content=\"3 minute\" \/>\n<script type=\"application\/ld+json\" class=\"yoast-schema-graph\">{\"@context\":\"https:\\\/\\\/schema.org\",\"@graph\":[{\"@type\":\"WebPage\",\"@id\":\"https:\\\/\\\/sdf.hr\\\/hr\\\/nada\\\/zena-majka-radnica\\\/\",\"url\":\"https:\\\/\\\/sdf.hr\\\/hr\\\/nada\\\/zena-majka-radnica\\\/\",\"name\":\"\u017dena, majka, radnica - SDF - Srpski demokratski forum\",\"isPartOf\":{\"@id\":\"https:\\\/\\\/sdf.hr\\\/#website\"},\"primaryImageOfPage\":{\"@id\":\"https:\\\/\\\/sdf.hr\\\/hr\\\/nada\\\/zena-majka-radnica\\\/#primaryimage\"},\"image\":{\"@id\":\"https:\\\/\\\/sdf.hr\\\/hr\\\/nada\\\/zena-majka-radnica\\\/#primaryimage\"},\"thumbnailUrl\":\"https:\\\/\\\/sdf.hr\\\/wp-content\\\/uploads\\\/2023\\\/01\\\/Gunnarsdottir_Nicolas-LuttiauEXPA-1-scaled.jpg\",\"datePublished\":\"2023-01-27T10:29:16+00:00\",\"dateModified\":\"2023-03-15T14:12:34+00:00\",\"breadcrumb\":{\"@id\":\"https:\\\/\\\/sdf.hr\\\/hr\\\/nada\\\/zena-majka-radnica\\\/#breadcrumb\"},\"inLanguage\":\"hr\",\"potentialAction\":[{\"@type\":\"ReadAction\",\"target\":[\"https:\\\/\\\/sdf.hr\\\/hr\\\/nada\\\/zena-majka-radnica\\\/\"]}]},{\"@type\":\"ImageObject\",\"inLanguage\":\"hr\",\"@id\":\"https:\\\/\\\/sdf.hr\\\/hr\\\/nada\\\/zena-majka-radnica\\\/#primaryimage\",\"url\":\"https:\\\/\\\/sdf.hr\\\/wp-content\\\/uploads\\\/2023\\\/01\\\/Gunnarsdottir_Nicolas-LuttiauEXPA-1-scaled.jpg\",\"contentUrl\":\"https:\\\/\\\/sdf.hr\\\/wp-content\\\/uploads\\\/2023\\\/01\\\/Gunnarsdottir_Nicolas-LuttiauEXPA-1-scaled.jpg\",\"width\":2560,\"height\":1703,\"caption\":\"Sara Bj\u00f6rk Gunnarsdottir (Foto: Nicolas Luttiau\\\/EXPA\\\/PIXSELL)\"},{\"@type\":\"BreadcrumbList\",\"@id\":\"https:\\\/\\\/sdf.hr\\\/hr\\\/nada\\\/zena-majka-radnica\\\/#breadcrumb\",\"itemListElement\":[{\"@type\":\"ListItem\",\"position\":1,\"name\":\"Po\u010detna stranica\",\"item\":\"https:\\\/\\\/sdf.hr\\\/hr\\\/\"},{\"@type\":\"ListItem\",\"position\":2,\"name\":\"Nada\",\"item\":\"https:\\\/\\\/sdf.hr\\\/nada\\\/\"},{\"@type\":\"ListItem\",\"position\":3,\"name\":\"\u017dena, majka, radnica\"}]},{\"@type\":\"WebSite\",\"@id\":\"https:\\\/\\\/sdf.hr\\\/#website\",\"url\":\"https:\\\/\\\/sdf.hr\\\/\",\"name\":\"SDF - Srpski demokratski forum\",\"description\":\"Srpski demokratski forum\",\"publisher\":{\"@id\":\"https:\\\/\\\/sdf.hr\\\/#organization\"},\"potentialAction\":[{\"@type\":\"SearchAction\",\"target\":{\"@type\":\"EntryPoint\",\"urlTemplate\":\"https:\\\/\\\/sdf.hr\\\/?s={search_term_string}\"},\"query-input\":{\"@type\":\"PropertyValueSpecification\",\"valueRequired\":true,\"valueName\":\"search_term_string\"}}],\"inLanguage\":\"hr\"},{\"@type\":\"Organization\",\"@id\":\"https:\\\/\\\/sdf.hr\\\/#organization\",\"name\":\"SDF - Srpski demokratski forum\",\"url\":\"https:\\\/\\\/sdf.hr\\\/\",\"logo\":{\"@type\":\"ImageObject\",\"inLanguage\":\"hr\",\"@id\":\"https:\\\/\\\/sdf.hr\\\/#\\\/schema\\\/logo\\\/image\\\/\",\"url\":\"https:\\\/\\\/sdf.hr\\\/wp-content\\\/uploads\\\/2021\\\/07\\\/logo-hr.svg\",\"contentUrl\":\"https:\\\/\\\/sdf.hr\\\/wp-content\\\/uploads\\\/2021\\\/07\\\/logo-hr.svg\",\"width\":271,\"height\":100,\"caption\":\"SDF - Srpski demokratski forum\"},\"image\":{\"@id\":\"https:\\\/\\\/sdf.hr\\\/#\\\/schema\\\/logo\\\/image\\\/\"}}]}<\/script>\n<!-- \/ Yoast SEO plugin. -->","yoast_head_json":{"title":"\u017dena, majka, radnica - SDF - Srpski demokratski forum","robots":{"index":"index","follow":"follow","max-snippet":"max-snippet:-1","max-image-preview":"max-image-preview:large","max-video-preview":"max-video-preview:-1"},"canonical":"https:\/\/sdf.hr\/hr\/nada\/zena-majka-radnica\/","og_locale":"hr_HR","og_type":"article","og_title":"\u017dena, majka, radnica - SDF - Srpski demokratski forum","og_description":"Ova pri\u010da je ve\u0107a od mene! To je poziv na uzbunu za sve klubove i poruka svim igra\u010dicama da ako zatrudne ili \u017eele zatrudnjeti tijekom karijere, imaju svoja prava i garancije, poru\u010duje nogometa\u0161ica Sara Bj\u00f6rk Gunnarsdottir koja je Lyon odvela pred FIFA-in sud","og_url":"https:\/\/sdf.hr\/hr\/nada\/zena-majka-radnica\/","og_site_name":"SDF - Srpski demokratski forum","article_modified_time":"2023-03-15T14:12:34+00:00","og_image":[{"width":2560,"height":1703,"url":"https:\/\/sdf.hr\/wp-content\/uploads\/2023\/01\/Gunnarsdottir_Nicolas-LuttiauEXPA-1-scaled.jpg","type":"image\/jpeg"}],"twitter_card":"summary_large_image","twitter_misc":{"Procijenjeno vrijeme \u010ditanja":"3 minute"},"schema":{"@context":"https:\/\/schema.org","@graph":[{"@type":"WebPage","@id":"https:\/\/sdf.hr\/hr\/nada\/zena-majka-radnica\/","url":"https:\/\/sdf.hr\/hr\/nada\/zena-majka-radnica\/","name":"\u017dena, majka, radnica - SDF - Srpski demokratski forum","isPartOf":{"@id":"https:\/\/sdf.hr\/#website"},"primaryImageOfPage":{"@id":"https:\/\/sdf.hr\/hr\/nada\/zena-majka-radnica\/#primaryimage"},"image":{"@id":"https:\/\/sdf.hr\/hr\/nada\/zena-majka-radnica\/#primaryimage"},"thumbnailUrl":"https:\/\/sdf.hr\/wp-content\/uploads\/2023\/01\/Gunnarsdottir_Nicolas-LuttiauEXPA-1-scaled.jpg","datePublished":"2023-01-27T10:29:16+00:00","dateModified":"2023-03-15T14:12:34+00:00","breadcrumb":{"@id":"https:\/\/sdf.hr\/hr\/nada\/zena-majka-radnica\/#breadcrumb"},"inLanguage":"hr","potentialAction":[{"@type":"ReadAction","target":["https:\/\/sdf.hr\/hr\/nada\/zena-majka-radnica\/"]}]},{"@type":"ImageObject","inLanguage":"hr","@id":"https:\/\/sdf.hr\/hr\/nada\/zena-majka-radnica\/#primaryimage","url":"https:\/\/sdf.hr\/wp-content\/uploads\/2023\/01\/Gunnarsdottir_Nicolas-LuttiauEXPA-1-scaled.jpg","contentUrl":"https:\/\/sdf.hr\/wp-content\/uploads\/2023\/01\/Gunnarsdottir_Nicolas-LuttiauEXPA-1-scaled.jpg","width":2560,"height":1703,"caption":"Sara Bj\u00f6rk Gunnarsdottir (Foto: Nicolas Luttiau\/EXPA\/PIXSELL)"},{"@type":"BreadcrumbList","@id":"https:\/\/sdf.hr\/hr\/nada\/zena-majka-radnica\/#breadcrumb","itemListElement":[{"@type":"ListItem","position":1,"name":"Po\u010detna stranica","item":"https:\/\/sdf.hr\/hr\/"},{"@type":"ListItem","position":2,"name":"Nada","item":"https:\/\/sdf.hr\/nada\/"},{"@type":"ListItem","position":3,"name":"\u017dena, majka, radnica"}]},{"@type":"WebSite","@id":"https:\/\/sdf.hr\/#website","url":"https:\/\/sdf.hr\/","name":"SDF - Srpski demokratski forum","description":"Srpski demokratski forum","publisher":{"@id":"https:\/\/sdf.hr\/#organization"},"potentialAction":[{"@type":"SearchAction","target":{"@type":"EntryPoint","urlTemplate":"https:\/\/sdf.hr\/?s={search_term_string}"},"query-input":{"@type":"PropertyValueSpecification","valueRequired":true,"valueName":"search_term_string"}}],"inLanguage":"hr"},{"@type":"Organization","@id":"https:\/\/sdf.hr\/#organization","name":"SDF - Srpski demokratski forum","url":"https:\/\/sdf.hr\/","logo":{"@type":"ImageObject","inLanguage":"hr","@id":"https:\/\/sdf.hr\/#\/schema\/logo\/image\/","url":"https:\/\/sdf.hr\/wp-content\/uploads\/2021\/07\/logo-hr.svg","contentUrl":"https:\/\/sdf.hr\/wp-content\/uploads\/2021\/07\/logo-hr.svg","width":271,"height":100,"caption":"SDF - Srpski demokratski forum"},"image":{"@id":"https:\/\/sdf.hr\/#\/schema\/logo\/image\/"}}]}},"_links":{"self":[{"href":"https:\/\/sdf.hr\/hr\/wp-json\/wp\/v2\/nada\/1651","targetHints":{"allow":["GET"]}}],"collection":[{"href":"https:\/\/sdf.hr\/hr\/wp-json\/wp\/v2\/nada"}],"about":[{"href":"https:\/\/sdf.hr\/hr\/wp-json\/wp\/v2\/types\/nada"}],"wp:featuredmedia":[{"embeddable":true,"href":"https:\/\/sdf.hr\/hr\/wp-json\/wp\/v2\/media\/2539"}],"wp:attachment":[{"href":"https:\/\/sdf.hr\/hr\/wp-json\/wp\/v2\/media?parent=1651"}],"wp:term":[{"taxonomy":"post_tag","embeddable":true,"href":"https:\/\/sdf.hr\/hr\/wp-json\/wp\/v2\/tags?post=1651"},{"taxonomy":"atribut","embeddable":true,"href":"https:\/\/sdf.hr\/hr\/wp-json\/wp\/v2\/atribut?post=1651"}],"curies":[{"name":"wp","href":"https:\/\/api.w.org\/{rel}","templated":true}]}}