{"id":1684,"date":"2023-01-31T16:09:09","date_gmt":"2023-01-31T15:09:09","guid":{"rendered":"https:\/\/sdf.hr\/?post_type=nada&#038;p=1684"},"modified":"2023-03-15T14:55:37","modified_gmt":"2023-03-15T13:55:37","slug":"goranovi-slobodnjaci","status":"publish","type":"nada","link":"https:\/\/sdf.hr\/hr\/nada\/goranovi-slobodnjaci\/","title":{"rendered":"Goranovi slobodnjaci"},"content":{"rendered":"<p>U arhivskom fondu Hrvatske akademije znanosti i umjetnosti sa\u010duvani rukopisi, strojopisi i tiskopisi pisca, novinara, kriti\u010dara i prevoditelja Ivana Gorana Kova\u010di\u0107a izmjereni su na 1,62 du\u017enih metara, naizgled na jednog cijeloga \u010dovjeka. Kada bi netko bri\u017eljivo selotejpom polijepio Kova\u010di\u0107eve papire, slijevaju\u0107i ih u valovima kao onomad arhitekt Bogdan Bogdanovi\u0107 \u2013 uz \u010diji \u0107e jasenova\u010dki spomenik biti ispisani stihovi iz Kova\u010di\u0107eve najpoznatije poeme &#8220;Jame&#8221; \u2013 Kova\u010di\u0107 bi mu ve\u0107 zamakao na zgu\u017evanim okrajcima papira u planinski mrak. U svom kratkom \u017eivotu (te\u0161ko bolesnog, s trideset godina u partizanima ubio ga je \u010detni\u010dki komandir Borislav Blagojevi\u0107 u isto\u010dnobosanskom selu Vrbici kod Fo\u010de) bio je posve\u0107en nizu tema i problema, ali postoji dio njegova rada koji ostaje relativno nepoznat \u0161iroj javnosti. Kova\u010di\u0107 je 1939. godine napisao dva teksta o Romima, &#8220;Ciganski problem&#8221; i &#8220;Posljednji slobodnjaci&#8221;, prikupljaju\u0107i gra\u0111u i za (nikad napisanu) novelu koju je htio graditi na romskim obi\u010dajima i okolnostima njihova \u017eivota. U tim tekstovima poziva na solidarnost i otpor zao\u0161travanjima zakona protiv Roma u Banovini Hrvatskoj predosje\u0107aju\u0107i turobno jednako tako legalna masovna ubojstva koja \u0107e uslijediti samo dvije godine kasnije u usta\u0161koj tzv. Nezavisnoj Dr\u017eavi Hrvatskoj.<\/p>\n<p>Pri\u010de o kra\u0111ama i kriminalu u Savskoj banovini, pripojene u augustu 1939. Banovini Hrvatskoj, poslu\u017eile su vlastima kao izlika da ograni\u010de kretanje Roma i poku\u0161aju ih zauzdati i nadzirati tako \u0161to \u0107e ih primorati da se nasele u sela i zaseoke. Uredbama iz 1930. i 1931. Romima je nametnuto stalno mjesto boravka, posjedovanje dokumenata s potpisom i otiscima prstiju za osobe iznad 14 godina i obaveza zapo\u0161ljavanja, a Kraljevina Jugoslavija je dijelila i komade zemlje i gra\u0111evinski materijal da bi ih nagovorila da se pripoje nekoj op\u0107ini. Agronom i \u010dlan Senata Kraljevine Oto Frange\u0161, kako pripovijeda povjesni\u010dar Daniel Vojak, zalo\u017eio se 1937. i za to da Ministarstvo poljoprivrede donese uredbu kojom bi se Romima zabranilo da dr\u017ee konje i kola: &#8220;Za njih ne postoji ni zakon, ni red, ni rad\u2026 Mi \u0107emo ih na taj na\u010din prisiliti ili da se nasele, ili da se rasele, da odu u Rumuniju, ili u Bugarsku.&#8221;<\/p>\n<p>To je mo\u017eda bio i jedan od poticaja Kova\u010di\u0107u da za novelu u nastajanju krene razmatrati odnos izme\u0111u \u010dovjeka i \u017eivotinje, kako su se me\u0111usobno prehranjivali i opstajali u okrutnostima okoline. U materijalima za nenapisanu novelu Kova\u010di\u0107 je ostavio, kako bilje\u017ei teoreti\u010dar knji\u017eevnosti Vlatko Pavleti\u0107 koji mu je posvetio velik dio svog radnog vijeka, tekst prenesen vjerojatno iz nekog veterinarskog priru\u010dnika s uputama kako skrbiti o oboljelim \u017eivotinjama. Prehranjuju\u0107i se od obrade metala i drva, trgovine konjima i svinjama te drugim zanatima, \u0161to im je omogu\u0107avalo \u017eive spone s razli\u010ditim seoskim zajednicama, a koje ih uglavnom nisu blagonaklono do\u010dekivale, Romi i Romkinje snalazili su se u oskudici koju su dijelili sa svojim \u017eivotinjama. U ostatku gra\u0111e su posjetnica s na\u0161krabanom listom pisaca u \u010dijim djelima su razra\u0111ivane slike i okolnosti \u017eivota Roma te s telefonskim brojevima Dragutina Tadijanovi\u0107a i Antuna Barce, osvrt iz \u010dasopisa &#8220;Vreme&#8221; od 23. 4. 1939. &#8220;Otkuda ime \u010cubura?&#8221;, korespondencija s romologom Radom Uhlikom i nekoliko papira s bilje\u0161kama iz razgovora sa seljacima i romskim stanovni\u0161tvom Svete Jane u okolici Jaske.<\/p>\n<p>U &#8220;Ciganskom problemu&#8221;, reakciji na poku\u0161aje zauzdavanja nomadskog \u017eivota u Banovini dok su izrastali fa\u0161isti\u010dki i nacisti\u010dki logori diljem Europe, Kova\u010di\u0107 rasta\u010de predrasude usmjerene prema Romima donose\u0107i slike i motive iz njihove svakodnevnice. Upu\u0107uje na to da sa zatvaranjem skitnica i lutalica ne nestaju samo ljudi s ulica nego i posljednji tragovi slobode. Podsje\u0107a da su &#8220;ovako (\u2026) nekad i na\u0161i pradjedovi lutali ovom nesretnom zemljom, a da im to nije nitko prije\u010dio. Ovako jo\u0161 danas lutaju pjesnici i umjetnici, ali i njih strpa\u0161e radi na\u0161e pradjedovske te\u017enje za slobodom, za bezgrani\u010dnom ljubavi me\u0111u ljudima \u2013 u koncentracione logore, u tamnice, u grobove. Posljednji su na redu Cigani&#8221;. Koncentracijski logori, znao je Kova\u010di\u0107, nisu izronili iz ni\u0161tavila. Politike kojima su omogu\u0107eni zibane su legendama i mitovima, prezirom i nasiljem, koji su s agrarnom reformom i drugim zakonima trebali natjerati Rome na poniznost, a s njima, iako toga mo\u017eda nisu bili ni svjesni, i seljake. Opomene djeci da paze kuda skitaju i \u0161to rade da ih Romi ne ukradu ili osakate trebale su ih prekoriti na vrijeme da ne sanjaju predaleko i ne usude se zakora\u010diti izvan zadanih i odgajanih oblika pona\u0161anja.<\/p>\n<figure id=\"attachment_1679\" aria-describedby=\"caption-attachment-1679\" style=\"width: 974px\" class=\"wp-caption alignnone\"><img loading=\"lazy\" decoding=\"async\" class=\"wp-image-1679 size-full\" src=\"https:\/\/sdf.hr\/wp-content\/uploads\/2023\/01\/Romi.png\" alt=\"\" width=\"974\" height=\"493\" srcset=\"https:\/\/sdf.hr\/wp-content\/uploads\/2023\/01\/Romi.png 974w, https:\/\/sdf.hr\/wp-content\/uploads\/2023\/01\/Romi-300x152.png 300w, https:\/\/sdf.hr\/wp-content\/uploads\/2023\/01\/Romi-768x389.png 768w\" sizes=\"auto, (max-width: 974px) 100vw, 974px\" \/><figcaption id=\"caption-attachment-1679\" class=\"wp-caption-text\">O ubijenim Romima u NDH nema osobnih podataka<\/figcaption><\/figure>\n<p>Istra\u017euju\u0107i mogu\u0107u strukturu novele, u aprilu 1939. Kova\u010di\u0107 je uputio nekoliko re\u010denica na dijalektu pokupskih Roma Radi Uhliku s molbom da provjeri prijevod i da mu po\u0161alje nekoliko romskih imena, svadbenih obi\u010daja i kakvu kratku ljubavnu pjesmu. Kako se Uhlik bavio govorima bosanskih i srijemskih Roma, i sam je bio suo\u010den s izazovom u koji se rado upustio u prepisci s Kova\u010di\u0107em, uklju\u010div\u0161i u razgovor i \u017eupnika iz Kri\u017ea Antuna Medvena, autora natuknice &#8220;Cigani&#8221; u Hrvatskoj enciklopediji, kao i, kako tek posredno znamo s obzirom na to da spisi nisu sa\u010duvani, gramatike i rje\u010dnika romskog jezika. Kova\u010di\u0107 naslu\u0107uje u svojim tekstovima da je i jezik, svaki, pa i romski, odmetnut kao \u0161to bi trebali biti i ljudi: &#8220;Po jeziku se tako\u0111er dosta razlikuju, pa \u2013 kad bi ih dijelili po njemu \u2013 morali bi neke ju\u017enosrbijanske Cigane pribrojiti \u0161panjolskima, neke hrvatske njema\u010dkima, a druge ruskima itd.&#8221; Tu pomutnju ne razrje\u0161ava, nedotaknut uznemirenostima koje optere\u0107uju dana\u0161nje filologe, nego je prigrljuje.<\/p>\n<p>Etnologija i filologija 20. stolje\u0107a, natopljene kolonijalnim naslje\u0111em koje nisu ni zagrebale jo\u0161 tokom poziva na kolonijalizaciju i asimilaciju Roma u Banovini i na drugim mjestima u Europi, mo\u017eda i ne\u0107e biti najsigurnijim i najprohodnijem uto\u010di\u0161tem, ali Kova\u010di\u0107 je iscijedio iz njih sav nektar do kojeg je znao i umio do\u0107i za napojiti nemir i ideale koji su na izdisaju. Ideje rase i etniciteta gradile su romanti\u010darske etnografije na koje se Kova\u010di\u0107 poziva u &#8220;Posljednjim slobodnjacima&#8221; i kojima, kao ni Pu\u0161kin, M\u00e9rim\u00e9e, Bizet,, Verdi, Strauss, Gorki, Lorca, \u010cubranovi\u0107 (Pelegrinovi\u0107) i Kosor, nije uspio odoljeti. No zamje\u0107uje da &#8220;u na\u0161e vrijeme zvu\u010di svaki humaniji nagon kao romantika&#8221;. Iz njegovih tekstova izranja ne samo kulturolo\u0161ka razgranatost romskih zajednica nego i obrisi ekonomskih i socijalnih ograni\u010denja s kojima se romsko stanovni\u0161tvo bori: &#8220;Za\u0161to Cigani kradu, za\u0161to varaju, za\u0161to izvr\u0161uju zlo\u010dine? U modernoj kriminalistici uzima se u obzir socijalni momenat\u2026 Cigan se mora izvla\u010diti\u2026 lukavo\u0161\u0107u da iscigani svoju slobodu\u2026&#8221; (Kao \u0161to bi, vjerovao je Kova\u010di\u0107, trebali oni koji vole vjerovati da su im srodni u zahtjevu za slobodom potresaju\u0107i \u010ditatelje za ramena Cesari\u0107evim stihovima: &#8220;Ti uvijek tu. A teku dani! Trgni se, otmi, pocigani!&#8221;) Organizacijom rada unutar svojih kolektiva, zanatskim i trgova\u010dkim anga\u017emanom koji ne ovisi o nekom poduze\u0107u ili registriranom obrtu, iz kojih se gazde i vlast ne bi mogli tako lako namiriti. pa je trebalo ne\u0161to u\u010diniti zabranama i kaznama, horizont mogu\u0107eg otrgnu\u0107a iz eksploatacijskih mre\u017ea golicao je slobodarske istra\u017eiva\u010de i ma\u0161tu seljaka.<\/p>\n<p>Kova\u010di\u0107 se &#8220;Ciganskim problemom&#8221; i &#8220;Posljednjim slobodnjacima&#8221; suprotstavlja svima onima koji \u017eele &#8220;ukrasti oblake, zauzdati sunce&#8221;. U historiografskim zapisima o smrti \u010diji se zadah \u0161irio iz usta\u0161kih logora sa\u010duvana su imena i prezimena ubijenih \u017didova, Srba, komunista i antifa\u0161ista. O Romima i Romkinjama nema tih podataka. Ni u smrti se nisu ra\u010dunali kao ljudska bi\u0107a, nego po broju sto\u010dnih vagona u kojima su pristizali u logore. Svojim tekstovima Kova\u010di\u0107 \u0107e i danas posvjedo\u010diti opustjelim krajevima kojima su slobodnjaci kora\u010dali da su ti ljudi \u017eivjeli i jednom bili tu.<\/p>\n<p>Kova\u010di\u0107 je iz susreta s Petrom Komneni\u0107em, komandantom Pete crnogorske proleterske brigade s kojom je pro\u0161ao Petu ofenzivu (nakon \u010cetvrte s Prvom dalmatinskom), izvukao inspiraciju za pjesmu &#8220;Na\u0161a sloboda&#8221;. U njoj sloboda tumara slijepa na \u0161takama, dignuta iz rake, hladna i kruta, s vje\u0161alima kao svojim ljulja\u010dkama i grobovima kao darovima. Ona ne vidi \u0161to mo\u017ee biti preko groba, ali nastavlja isparavati \u010dak i kada le\u0161evi istrunu. &#8220;Pu\u017ei, Slobodo, ne treba da leti\u0161 \/ Nek tvoje kosti pokrivaju krpe \/ Al jednom iznad na\u0161e mrtve hrpe \/ \u017divotom \u0107e\u0161 se Smrti da osveti\u0161.&#8221; I &#8220;Ciganski problem&#8221; i &#8220;Posljednji slobodnjaci&#8221; zamasi su prema smrti koja je tih tridesetih i \u010detrdesetih najizravnije prijetila \u017eivotu zahtijevaju\u0107i hrabrost i integritet na kojima je Kova\u010di\u0107 ustrajao do kraja, kako perom, tako i partizanskom borbom. Posthumno mu je 1947. objavljena pjesma naziva &#8220;Samome sebi&#8221;, mo\u017eda zabilje\u0161ka koju je i namijenio da mu ostane presavijena u d\u017eepu. &#8220;Zar da rekne\u0161: Neka te\u010de vrijeme \/ Zaklopio sam o\u010di, i \u010dujem \/ Samo ono \u0161to do\u010darava san (\u2026) \/ Ako protrne\u0161 i zapla\u010de\u0161 \/ Radi tu\u0111e nevolje, zar nije ona i tvoja? (\u2026) \/ Mo\u017ee\u0161 li zatvoriti o\u010di kada te\u010de vrijeme \/ Kao krvava rijeka? \/ Ako katkad obmane\u0161 \u010dula \/ Sanjaj samo osvetnik ma\u010d \/ Koji sja kao sunce.&#8221;<\/p>\n<p>Nedovr\u0161ena novela trebala se ticati ljubavi Romkinje i ne-Roma, propu\u0161taju\u0107i \u010cergare me\u0111u sjedioce, seljake me\u0111u Rome, protresaju\u0107i zemlju i nebesa, bliskost i zagrljaje. Uhlik je u svome pismu odgovorio Kova\u010di\u0107u na prijedlog teme: &#8220;Ljubav Ciganke i neciganina. Ima toga mnogo.&#8221; Moglo bi se re\u0107i da &#8220;Posljednji slobodnjaci&#8221;, bez obzira na to \u0161to novela u namjeravanoj strukturi nije objelodanjena, i jesu ispunili tu zada\u0107u, postaju\u0107i nekom novom formom koja nadilazi manifest, publicisti\u010dki tekst, pa i ljubavnu pjesmu. Kova\u010di\u0107 esej zavr\u0161ava kratkim dijalogom koji bi se mo\u017eda dao obrnuti na vi\u0161e strana, u o\u010daj Roma, o\u010daj pjesnika i o\u010daj seljaka, a koji najjasnije kazuje o cijeni koju su podnijeli ostaju\u0107i jedni bez drugih: &#8220;Gospodine, gospodine, kako \u0107u bez svog vranca i bez \u0161atora?! Vo\u0111inske \u0161il hilo. Me pe bu\u0161\u0107e dava! (Srce zebe. Zaklat \u0107u se!)&#8221; Odgovor je bio: &#8220;\u0160uti, Cigane, poklani su mnogi pjesnici i zaklali se brojni od njih, oteli im njihove Pegaze i obla\u010dne \u0161atore! Tko \u0107e te onda razumjeti?&#8221;<\/p>\n<p><em>pi\u0161e Nina \u010colovi\u0107<\/em><\/p>\n","protected":false},"excerpt":{"rendered":"<p>Kova\u010di\u0107 je 1939. napisao dva teksta o Romima, &#8220;Ciganski problem&#8221; i &#8220;Posljednji slobodnjaci&#8221;, prikupljaju\u0107i gra\u0111u i za novelu koju je htio graditi na romskim obi\u010dajima i okolnostima \u017eivota. Pozivao je na solidarnost i otpor zao\u0161travanjima zakona protiv Roma u Banovini Hrvatskoj, predosje\u0107aju\u0107i turobno vrijeme tzv. NDH<\/p>\n","protected":false},"featured_media":1682,"template":"","tags":[130],"atribut":[],"class_list":["post-1684","nada","type-nada","status-publish","has-post-thumbnail","hentry","tag-tema"],"acf":[],"yoast_head":"<!-- This site is optimized with the Yoast SEO plugin v27.4 - https:\/\/yoast.com\/product\/yoast-seo-wordpress\/ -->\n<title>Goranovi slobodnjaci - SDF - Srpski demokratski forum<\/title>\n<meta name=\"robots\" content=\"index, follow, max-snippet:-1, max-image-preview:large, max-video-preview:-1\" \/>\n<link rel=\"canonical\" href=\"https:\/\/sdf.hr\/hr\/nada\/goranovi-slobodnjaci\/\" \/>\n<meta property=\"og:locale\" content=\"hr_HR\" \/>\n<meta property=\"og:type\" content=\"article\" \/>\n<meta property=\"og:title\" content=\"Goranovi slobodnjaci - SDF - Srpski demokratski forum\" \/>\n<meta property=\"og:description\" content=\"Kova\u010di\u0107 je 1939. napisao dva teksta o Romima, &quot;Ciganski problem&quot; i &quot;Posljednji slobodnjaci&quot;, prikupljaju\u0107i gra\u0111u i za novelu koju je htio graditi na romskim obi\u010dajima i okolnostima \u017eivota. Pozivao je na solidarnost i otpor zao\u0161travanjima zakona protiv Roma u Banovini Hrvatskoj, predosje\u0107aju\u0107i turobno vrijeme tzv. NDH\" \/>\n<meta property=\"og:url\" content=\"https:\/\/sdf.hr\/hr\/nada\/goranovi-slobodnjaci\/\" \/>\n<meta property=\"og:site_name\" content=\"SDF - Srpski demokratski forum\" \/>\n<meta property=\"article:modified_time\" content=\"2023-03-15T13:55:37+00:00\" \/>\n<meta property=\"og:image\" content=\"https:\/\/sdf.hr\/wp-content\/uploads\/2023\/01\/Goran.jpg\" \/>\n\t<meta property=\"og:image:width\" content=\"1000\" \/>\n\t<meta property=\"og:image:height\" content=\"525\" \/>\n\t<meta property=\"og:image:type\" content=\"image\/jpeg\" \/>\n<meta name=\"twitter:card\" content=\"summary_large_image\" \/>\n<meta name=\"twitter:label1\" content=\"Procijenjeno vrijeme \u010ditanja\" \/>\n\t<meta name=\"twitter:data1\" content=\"9 minuta\" \/>\n<script type=\"application\/ld+json\" class=\"yoast-schema-graph\">{\"@context\":\"https:\\\/\\\/schema.org\",\"@graph\":[{\"@type\":\"WebPage\",\"@id\":\"https:\\\/\\\/sdf.hr\\\/hr\\\/nada\\\/goranovi-slobodnjaci\\\/\",\"url\":\"https:\\\/\\\/sdf.hr\\\/hr\\\/nada\\\/goranovi-slobodnjaci\\\/\",\"name\":\"Goranovi slobodnjaci - SDF - Srpski demokratski forum\",\"isPartOf\":{\"@id\":\"https:\\\/\\\/sdf.hr\\\/#website\"},\"primaryImageOfPage\":{\"@id\":\"https:\\\/\\\/sdf.hr\\\/hr\\\/nada\\\/goranovi-slobodnjaci\\\/#primaryimage\"},\"image\":{\"@id\":\"https:\\\/\\\/sdf.hr\\\/hr\\\/nada\\\/goranovi-slobodnjaci\\\/#primaryimage\"},\"thumbnailUrl\":\"https:\\\/\\\/sdf.hr\\\/wp-content\\\/uploads\\\/2023\\\/01\\\/Goran.jpg\",\"datePublished\":\"2023-01-31T15:09:09+00:00\",\"dateModified\":\"2023-03-15T13:55:37+00:00\",\"breadcrumb\":{\"@id\":\"https:\\\/\\\/sdf.hr\\\/hr\\\/nada\\\/goranovi-slobodnjaci\\\/#breadcrumb\"},\"inLanguage\":\"hr\",\"potentialAction\":[{\"@type\":\"ReadAction\",\"target\":[\"https:\\\/\\\/sdf.hr\\\/hr\\\/nada\\\/goranovi-slobodnjaci\\\/\"]}]},{\"@type\":\"ImageObject\",\"inLanguage\":\"hr\",\"@id\":\"https:\\\/\\\/sdf.hr\\\/hr\\\/nada\\\/goranovi-slobodnjaci\\\/#primaryimage\",\"url\":\"https:\\\/\\\/sdf.hr\\\/wp-content\\\/uploads\\\/2023\\\/01\\\/Goran.jpg\",\"contentUrl\":\"https:\\\/\\\/sdf.hr\\\/wp-content\\\/uploads\\\/2023\\\/01\\\/Goran.jpg\",\"width\":1000,\"height\":525,\"caption\":\"Ivan Goran Kova\u010di\u0107 \u2013 znao je da logori nisu izronili iz ni\u0161tavila\"},{\"@type\":\"BreadcrumbList\",\"@id\":\"https:\\\/\\\/sdf.hr\\\/hr\\\/nada\\\/goranovi-slobodnjaci\\\/#breadcrumb\",\"itemListElement\":[{\"@type\":\"ListItem\",\"position\":1,\"name\":\"Po\u010detna stranica\",\"item\":\"https:\\\/\\\/sdf.hr\\\/hr\\\/\"},{\"@type\":\"ListItem\",\"position\":2,\"name\":\"Nada\",\"item\":\"https:\\\/\\\/sdf.hr\\\/nada\\\/\"},{\"@type\":\"ListItem\",\"position\":3,\"name\":\"Goranovi slobodnjaci\"}]},{\"@type\":\"WebSite\",\"@id\":\"https:\\\/\\\/sdf.hr\\\/#website\",\"url\":\"https:\\\/\\\/sdf.hr\\\/\",\"name\":\"SDF - Srpski demokratski forum\",\"description\":\"Srpski demokratski forum\",\"publisher\":{\"@id\":\"https:\\\/\\\/sdf.hr\\\/#organization\"},\"potentialAction\":[{\"@type\":\"SearchAction\",\"target\":{\"@type\":\"EntryPoint\",\"urlTemplate\":\"https:\\\/\\\/sdf.hr\\\/?s={search_term_string}\"},\"query-input\":{\"@type\":\"PropertyValueSpecification\",\"valueRequired\":true,\"valueName\":\"search_term_string\"}}],\"inLanguage\":\"hr\"},{\"@type\":\"Organization\",\"@id\":\"https:\\\/\\\/sdf.hr\\\/#organization\",\"name\":\"SDF - Srpski demokratski forum\",\"url\":\"https:\\\/\\\/sdf.hr\\\/\",\"logo\":{\"@type\":\"ImageObject\",\"inLanguage\":\"hr\",\"@id\":\"https:\\\/\\\/sdf.hr\\\/#\\\/schema\\\/logo\\\/image\\\/\",\"url\":\"https:\\\/\\\/sdf.hr\\\/wp-content\\\/uploads\\\/2021\\\/07\\\/logo-hr.svg\",\"contentUrl\":\"https:\\\/\\\/sdf.hr\\\/wp-content\\\/uploads\\\/2021\\\/07\\\/logo-hr.svg\",\"width\":271,\"height\":100,\"caption\":\"SDF - Srpski demokratski forum\"},\"image\":{\"@id\":\"https:\\\/\\\/sdf.hr\\\/#\\\/schema\\\/logo\\\/image\\\/\"}}]}<\/script>\n<!-- \/ Yoast SEO plugin. -->","yoast_head_json":{"title":"Goranovi slobodnjaci - SDF - Srpski demokratski forum","robots":{"index":"index","follow":"follow","max-snippet":"max-snippet:-1","max-image-preview":"max-image-preview:large","max-video-preview":"max-video-preview:-1"},"canonical":"https:\/\/sdf.hr\/hr\/nada\/goranovi-slobodnjaci\/","og_locale":"hr_HR","og_type":"article","og_title":"Goranovi slobodnjaci - SDF - Srpski demokratski forum","og_description":"Kova\u010di\u0107 je 1939. napisao dva teksta o Romima, \"Ciganski problem\" i \"Posljednji slobodnjaci\", prikupljaju\u0107i gra\u0111u i za novelu koju je htio graditi na romskim obi\u010dajima i okolnostima \u017eivota. Pozivao je na solidarnost i otpor zao\u0161travanjima zakona protiv Roma u Banovini Hrvatskoj, predosje\u0107aju\u0107i turobno vrijeme tzv. NDH","og_url":"https:\/\/sdf.hr\/hr\/nada\/goranovi-slobodnjaci\/","og_site_name":"SDF - Srpski demokratski forum","article_modified_time":"2023-03-15T13:55:37+00:00","og_image":[{"width":1000,"height":525,"url":"https:\/\/sdf.hr\/wp-content\/uploads\/2023\/01\/Goran.jpg","type":"image\/jpeg"}],"twitter_card":"summary_large_image","twitter_misc":{"Procijenjeno vrijeme \u010ditanja":"9 minuta"},"schema":{"@context":"https:\/\/schema.org","@graph":[{"@type":"WebPage","@id":"https:\/\/sdf.hr\/hr\/nada\/goranovi-slobodnjaci\/","url":"https:\/\/sdf.hr\/hr\/nada\/goranovi-slobodnjaci\/","name":"Goranovi slobodnjaci - SDF - Srpski demokratski forum","isPartOf":{"@id":"https:\/\/sdf.hr\/#website"},"primaryImageOfPage":{"@id":"https:\/\/sdf.hr\/hr\/nada\/goranovi-slobodnjaci\/#primaryimage"},"image":{"@id":"https:\/\/sdf.hr\/hr\/nada\/goranovi-slobodnjaci\/#primaryimage"},"thumbnailUrl":"https:\/\/sdf.hr\/wp-content\/uploads\/2023\/01\/Goran.jpg","datePublished":"2023-01-31T15:09:09+00:00","dateModified":"2023-03-15T13:55:37+00:00","breadcrumb":{"@id":"https:\/\/sdf.hr\/hr\/nada\/goranovi-slobodnjaci\/#breadcrumb"},"inLanguage":"hr","potentialAction":[{"@type":"ReadAction","target":["https:\/\/sdf.hr\/hr\/nada\/goranovi-slobodnjaci\/"]}]},{"@type":"ImageObject","inLanguage":"hr","@id":"https:\/\/sdf.hr\/hr\/nada\/goranovi-slobodnjaci\/#primaryimage","url":"https:\/\/sdf.hr\/wp-content\/uploads\/2023\/01\/Goran.jpg","contentUrl":"https:\/\/sdf.hr\/wp-content\/uploads\/2023\/01\/Goran.jpg","width":1000,"height":525,"caption":"Ivan Goran Kova\u010di\u0107 \u2013 znao je da logori nisu izronili iz ni\u0161tavila"},{"@type":"BreadcrumbList","@id":"https:\/\/sdf.hr\/hr\/nada\/goranovi-slobodnjaci\/#breadcrumb","itemListElement":[{"@type":"ListItem","position":1,"name":"Po\u010detna stranica","item":"https:\/\/sdf.hr\/hr\/"},{"@type":"ListItem","position":2,"name":"Nada","item":"https:\/\/sdf.hr\/nada\/"},{"@type":"ListItem","position":3,"name":"Goranovi slobodnjaci"}]},{"@type":"WebSite","@id":"https:\/\/sdf.hr\/#website","url":"https:\/\/sdf.hr\/","name":"SDF - Srpski demokratski forum","description":"Srpski demokratski forum","publisher":{"@id":"https:\/\/sdf.hr\/#organization"},"potentialAction":[{"@type":"SearchAction","target":{"@type":"EntryPoint","urlTemplate":"https:\/\/sdf.hr\/?s={search_term_string}"},"query-input":{"@type":"PropertyValueSpecification","valueRequired":true,"valueName":"search_term_string"}}],"inLanguage":"hr"},{"@type":"Organization","@id":"https:\/\/sdf.hr\/#organization","name":"SDF - Srpski demokratski forum","url":"https:\/\/sdf.hr\/","logo":{"@type":"ImageObject","inLanguage":"hr","@id":"https:\/\/sdf.hr\/#\/schema\/logo\/image\/","url":"https:\/\/sdf.hr\/wp-content\/uploads\/2021\/07\/logo-hr.svg","contentUrl":"https:\/\/sdf.hr\/wp-content\/uploads\/2021\/07\/logo-hr.svg","width":271,"height":100,"caption":"SDF - Srpski demokratski forum"},"image":{"@id":"https:\/\/sdf.hr\/#\/schema\/logo\/image\/"}}]}},"_links":{"self":[{"href":"https:\/\/sdf.hr\/hr\/wp-json\/wp\/v2\/nada\/1684","targetHints":{"allow":["GET"]}}],"collection":[{"href":"https:\/\/sdf.hr\/hr\/wp-json\/wp\/v2\/nada"}],"about":[{"href":"https:\/\/sdf.hr\/hr\/wp-json\/wp\/v2\/types\/nada"}],"wp:featuredmedia":[{"embeddable":true,"href":"https:\/\/sdf.hr\/hr\/wp-json\/wp\/v2\/media\/1682"}],"wp:attachment":[{"href":"https:\/\/sdf.hr\/hr\/wp-json\/wp\/v2\/media?parent=1684"}],"wp:term":[{"taxonomy":"post_tag","embeddable":true,"href":"https:\/\/sdf.hr\/hr\/wp-json\/wp\/v2\/tags?post=1684"},{"taxonomy":"atribut","embeddable":true,"href":"https:\/\/sdf.hr\/hr\/wp-json\/wp\/v2\/atribut?post=1684"}],"curies":[{"name":"wp","href":"https:\/\/api.w.org\/{rel}","templated":true}]}}