{"id":1701,"date":"2023-02-11T17:34:24","date_gmt":"2023-02-11T16:34:24","guid":{"rendered":"https:\/\/sdf.hr\/?post_type=nada&#038;p=1701"},"modified":"2023-03-15T14:22:50","modified_gmt":"2023-03-15T13:22:50","slug":"pisma-citateljici","status":"publish","type":"nada","link":"https:\/\/sdf.hr\/hr\/nada\/pisma-citateljici\/","title":{"rendered":"Pisma \u010ditateljici"},"content":{"rendered":"<p>\u010citateljicama i \u010ditateljima Nade donosimo tri pri\u010de iz dnevni\u010dkih zapisa na\u0161e kolumnistice Olje Savi\u010devi\u0107 Ivan\u010devi\u0107. Pod naslovom &#8220;Pisma \u010ditateljici&#8221;, zapisi \u0107e idu\u0107eg tjedna biti objavljeni u ediciji &#8220;Dnevnici&#8221; sarajevskog Buybooka koju ure\u0111uje Semezdin Mehmedinovi\u0107.<\/p>\n<h3>Klinke \u2013 dje\u010da\u0161tvo djevoj\u010dica<\/h3>\n<p>Raspitujem se kod prijateljica i prijatelja poliglota o pitanju vezanom uz jedno poglavlje romana: rije\u010d je o nazivu za period u odrastanju djevoj\u010dica koji bi odgovarao terminu &#8220;dje\u010da\u0161tvo&#8221; kod dje\u010daka \u2013 u engleskom <em>girlhood<\/em>. U hrvatskom postoji djevoja\u0161tvo, ali ono pokriva vremenski i zna\u010denjski \u0161iri period, kao da sugerira da curice od male djece odmah postaju djevojke. Pitam se je li mogu\u0107e da ovo ima korijene u povijesti i obi\u010dajima na podru\u010dju na\u0161eg jezika ili je to \u0161ire. Razmi\u0161ljamo, tra\u017eimo postoji li u svjetskim jezicima pojam za onaj period kad klinke vi\u0161e nisu mala djeca, a prije puberteta, nekakvo &#8220;\u017eensko dje\u010da\u0161tvo&#8221;, ono vrijeme kad su \u017eenska djeca djevoj\u010dice, ali jo\u0161 uvijek nisu djevojke.<\/p>\n<p>U romanskima jezicima, \u0161panjolski i francuski imaju samo rodno neutralne <em>ni\u00f1ez<\/em> ili <em>juventud<\/em> ili <em>mocedad<\/em>, odnosno <em>enfance<\/em> ili <em>jeunesse<\/em>, a talijanski se opisno snalazi s <em>adolescenza femminile<\/em>, \u0161to je opet starije od onoga \u0161to me zanima. Njema\u010dki ima naprosto &#8220;djevoja\u010dke godine&#8221;, <em>M\u00e4dchenjahre<\/em>. A u bugarskom, recimo, ne postoji ni dje\u010da\u0161tvo, samo djetinjstvo, a period adolescencije u stru\u010dnoj se literaturi zove <em>\u044e\u043d\u043e\u0448\u0435\u0441\u0442\u0432\u043e<\/em>. &#8220;<em>\u042e\u043d\u043e\u0448\u0430<\/em> kao naziv koristi se samo za de\u010dka, nemamo za djevojku taj naziv&#8221;, pi\u0161e mi prijateljica&#8230;<\/p>\n<p>Naposljetku, prijatelj znalac, komentira \u010dinjenicu da smo &#8220;dje\u010da\u0161tvo djevoj\u010dica&#8221;, bar zasad, prona\u0161li samo na engleskom: &#8220;Dakle, \u010dini se da se ta vra\u017eja kolonijalna jezi\u010dina jedinstveno dobro sna\u0161la, kao \u0161to joj se to ve\u0107 zna izma\u0107i, s tim <em>girlhood<\/em>.&#8221;<\/p>\n<p>Engleski je i\u0161ao, iza\u0161ao u korak sa svijetom, razmi\u0161ljam, da kolonijalan, ali svejedno, ili mo\u017eda ba\u0161 zbog toga, jezik je koji se ne ustru\u010dava mijenjati na dnevnoj bazi, komunicirati: govoriti, imenovati, neposredno, na licu mjesta. Pa jezik postoji da bi se razgovaralo, brbljalo o ne\u010demu \u0161to ima ime, zna\u010di zna\u010denje u govoru. \u0160to nema ime, biva pre\u0161u\u0107eno.<\/p>\n<p>Zapazila sam da ovda\u0161nji kriti\u010dari, redom mu\u0161karci bez obzira na dob i stupanj pismenosti, \u010desto negativno reagiraju na opisivanje perioda \u017eenskog odrastanja iz pera autorica. Takva tema ili o\u010di\u0161te redovito bivaju progla\u0161ene infantilnim u negativnom, degradiraju\u0107em smislu \u2013 me\u0111utim ista stvar kao da ne vrijedi za opisivanje dje\u010da\u0161tva koje je od po\u010detaka do danas omiljena pri\u010da. \u0160to li to dvostruko mjerilo govori o arbitrima? \u0160to im to smeta u pristupu \u017eenskom djetinjstvu i pubertetu, a o kojima je zapravo tako malo zapisano? I mo\u017ee li \u017eena biti Petra Pan, a da to ne iznervira gospodina Petra Pana? Ovo nipo\u0161to nisu samo retori\u010dka pitanja, zaintrigirao me ovaj u javnosti neosvije\u0161ten fenomen, smije\u0161an i tu\u017ean u isti mah.<\/p>\n<p>U misli mi dolaze svi stereotipi koje naslov &#8220;Djevoj\u010dice&#8221; sugerira, a djevoj\u010dice su, u gotovo stogodi\u0161njem periodu kroz koji ih pratim, bile najmanje &#8220;svilena ma\u0161na&#8221; i &#8220;bijela dokoljenka&#8221; (kakve su sa\u010duvane na retu\u0161iranim fotografijama i u kolektivnom pam\u0107enju), a to \u0161to su bile i \u0161to jesu, jo\u0161\/tek treba bilje\u017eiti.<\/p>\n<h3>\u00a0Ribnjak<\/h3>\n<p>U Ribnjak si\u0111em kao u svoje dvori\u0161te. Nekad legnem na klupu ili na travu i gledam kro\u0161nje. Recimo, kao prekju\u010der kad sam zaboravila uzeti novac iz bankomata i ostavila ga tko zna kome. Legla sam u Ribnjak dok me ne pro\u0111e ljutnja na samu sebe.<\/p>\n<p>Kako neobi\u010dno mjesto za komadi\u0107 raja, iza pumpe, pokraj ceste, neo\u010dekivano. Prijateljica, koja je odrasla u ulici povi\u0161e, i ja dolazimo sa psima. Prijateljica je &#8220;fetiva&#8221; purgerica, u\u017eivam je slu\u0161ati dok govori, a ja sam valjda posljednja dotepenka u gradu.<\/p>\n<p>Pokazujem joj \u017eenu koja se skinula u ko\u0161ulju, bosa je i ve\u0107 neko vrijeme grli stablo. Uzemljila se, ka\u017eem. Danas me zvala jedna mla\u0111a \u017eena koja se \u017eeli uzemljiti, ka\u017ee prijateljica koja radi u Arhivu. Ali preko prezimena. Ka\u017ee da je njeno prezime premekano, preslabo, da je u neravnote\u017ei s njom kao osobom, da joj fali korijen i da joj treba neko sna\u017enije prezime koje \u0107e je prizemljiti i uzemljiti. Zato je, ka\u017ee prijateljica, ta \u017eena nazvala Arhiv da joj iskopaju korijene, prezimena predaka, da prona\u0111e ime koje najsna\u017enije zvu\u010di, da ga uzme, da se napokon u\u010dvrsti, uzemlji. Mi smo, na klupi u Ribnjaku, posumnjale da \u0107e to biti mogu\u0107e, ali tko bi znao.<\/p>\n<h3>Laste<\/h3>\n<p>Prvo smo primijetili zemlju, mahovinu i travke po stubi\u0161tu. Previ\u0161e je nereda da bi se svaki dan sve to donijelo na cipelama ili na \u0161apama. Onda sam ih \u010dula u hodniku, cvrkut koji je znao ozvu\u010diti nebo tamo gdje sam odrasla. Polako sam otvorila vrata i na reflektoru u hodniku zgrade, u najudaljenijem uglu gdje je fasada otpala od potresa, ugledala dvije male brze ptice koje grade gnijezdo. Odletjele su kroz prozor na podestu, prepala sam ih, ali vratile su se uskoro. Vratile su se bezbroj puta u danu, sitne i raspjevane, svaki put s jednom slamkom ili zrnom zemlje u kljunu \u2013 ve\u0107ina im gra\u0111evinskog materijala zavr\u0161i na podu, na katu ispod, pokraj susjedinih vrata.<\/p>\n<p>N. ka\u017ee: &#8220;A \u0161ta \u0107e lastavice, ali imaju ruke za inkartavat.&#8221; Susjeda M., kad smo joj rekli da to pred njenim vratima prljaju laste koje se gnijezde na reflektoru, rekla je: &#8220;Pa to je divno! Divno!&#8221;<\/p>\n<p>Valjda ptice znaju \u0161to rade i za\u0161to se ovdje gnijezde. Moramo paziti da prozor u hodniku ostane otvoren do jeseni. Uskoro, prestale su se pla\u0161iti i po\u010dele spavati na starom reflektoru iako s njega klizi i raspada se svaka ideja o gnijezdu.<\/p>\n<p>&#8220;Ove na\u0161e laste, isprid vrata. Jesu one uop\u0107e laste?&#8221; &#8220;\u0160ta ako \u017eenka snese jaja pa zavr\u0161e po podu, ka i ovo njihovo gnijezdo razasuto.&#8221; &#8220;Kako nisu laste? Pa vidi\u0161 ih. Imaju lastin rep.&#8221; &#8220;Ali, laste prave druga\u010dija gnijezda, one su poznati graditelji, najbolji. I prave ih u kantunu.&#8221; &#8220;Mo\u017eda se radi o materijalu, mo\u017eda im u Zagrebu nije dostupan isti materijal ka u Dalmaciji. Ali, stvarno, jadne, \u017ea mi ih je, ovaj reflektor s gornje strane ima oblik sto\u0161ca i sve im klizi na pod.&#8221; &#8220;Ja sam mislila da ptice znaju \u0161ta rade, da se rode s tim.&#8221; &#8220;Ovima ne ide.&#8221; &#8220;Ove su ka mi. Na\u0161li stan pa im ga potresi ru\u0161e.&#8221; &#8220;Ali uporne su&#8230; A sve im pada po podu. Ovo ne\u0107e i\u0107.&#8221; &#8220;A \u0161ta ako pani\u010dno grade gnijezdo jer moraju polo\u017eit jaja?! Ne bi ja brisala kajganu s poda. To bi bila katastrofa. Poduzmimo ne\u0161to, o\u0107emo li?&#8221; &#8220;Kako, jebote, da do\u0111e\u0161 do onog mjesta povi\u0161e reflektora mora\u0161 bit ptica&#8230;&#8221;<\/p>\n<p>Ali pametni ljudi su izmislili avion, a nas dvoje lebde\u0107u ko\u0161aru za kruh, u koju smo sa stubi\u0161ta skupili raspr\u0161eno gnijezdo za dvije laste kojima gnije\u017e\u0111enje nikako ne ide i koje su jednog dana sasvim slu\u010dajno, kroz prozor hodnika, uselile u na\u0161u zgradu, pred vrata stana.<\/p>\n<p><em>pi\u0161e Olja Savi\u010devi\u0107 Ivan\u010devi\u0107<\/em><\/p>\n","protected":false},"excerpt":{"rendered":"<p>Danas me zvala jedna mla\u0111a \u017eena koja se \u017eeli uzemljiti, ka\u017ee prijateljica koja radi u Arhivu. Ali preko prezimena. Ka\u017ee da je njeno prezime premekano, preslabo, da je u neravnote\u017ei s njom kao osobom, da joj fali korijen i da joj treba neko sna\u017enije<\/p>\n","protected":false},"featured_media":2433,"template":"","tags":[105],"atribut":[],"class_list":["post-1701","nada","type-nada","status-publish","has-post-thumbnail","hentry","tag-razum-i-osjecaji"],"acf":[],"yoast_head":"<!-- This site is optimized with the Yoast SEO plugin v27.4 - https:\/\/yoast.com\/product\/yoast-seo-wordpress\/ -->\n<title>Pisma \u010ditateljici - SDF - Srpski demokratski forum<\/title>\n<meta name=\"robots\" content=\"index, follow, max-snippet:-1, max-image-preview:large, max-video-preview:-1\" \/>\n<link rel=\"canonical\" href=\"https:\/\/sdf.hr\/hr\/nada\/pisma-citateljici\/\" \/>\n<meta property=\"og:locale\" content=\"hr_HR\" \/>\n<meta property=\"og:type\" content=\"article\" \/>\n<meta property=\"og:title\" content=\"Pisma \u010ditateljici - SDF - Srpski demokratski forum\" \/>\n<meta property=\"og:description\" content=\"Danas me zvala jedna mla\u0111a \u017eena koja se \u017eeli uzemljiti, ka\u017ee prijateljica koja radi u Arhivu. Ali preko prezimena. Ka\u017ee da je njeno prezime premekano, preslabo, da je u neravnote\u017ei s njom kao osobom, da joj fali korijen i da joj treba neko sna\u017enije\" \/>\n<meta property=\"og:url\" content=\"https:\/\/sdf.hr\/hr\/nada\/pisma-citateljici\/\" \/>\n<meta property=\"og:site_name\" content=\"SDF - Srpski demokratski forum\" \/>\n<meta property=\"article:modified_time\" content=\"2023-03-15T13:22:50+00:00\" \/>\n<meta property=\"og:image\" content=\"https:\/\/sdf.hr\/wp-content\/uploads\/2023\/03\/Olja.jpg\" \/>\n\t<meta property=\"og:image:width\" content=\"1200\" \/>\n\t<meta property=\"og:image:height\" content=\"750\" \/>\n\t<meta property=\"og:image:type\" content=\"image\/jpeg\" \/>\n<meta name=\"twitter:card\" content=\"summary_large_image\" \/>\n<meta name=\"twitter:label1\" content=\"Procijenjeno vrijeme \u010ditanja\" \/>\n\t<meta name=\"twitter:data1\" content=\"6 minuta\" \/>\n<script type=\"application\/ld+json\" class=\"yoast-schema-graph\">{\"@context\":\"https:\\\/\\\/schema.org\",\"@graph\":[{\"@type\":\"WebPage\",\"@id\":\"https:\\\/\\\/sdf.hr\\\/hr\\\/nada\\\/pisma-citateljici\\\/\",\"url\":\"https:\\\/\\\/sdf.hr\\\/hr\\\/nada\\\/pisma-citateljici\\\/\",\"name\":\"Pisma \u010ditateljici - SDF - Srpski demokratski forum\",\"isPartOf\":{\"@id\":\"https:\\\/\\\/sdf.hr\\\/#website\"},\"primaryImageOfPage\":{\"@id\":\"https:\\\/\\\/sdf.hr\\\/hr\\\/nada\\\/pisma-citateljici\\\/#primaryimage\"},\"image\":{\"@id\":\"https:\\\/\\\/sdf.hr\\\/hr\\\/nada\\\/pisma-citateljici\\\/#primaryimage\"},\"thumbnailUrl\":\"https:\\\/\\\/sdf.hr\\\/wp-content\\\/uploads\\\/2023\\\/03\\\/Olja.jpg\",\"datePublished\":\"2023-02-11T16:34:24+00:00\",\"dateModified\":\"2023-03-15T13:22:50+00:00\",\"breadcrumb\":{\"@id\":\"https:\\\/\\\/sdf.hr\\\/hr\\\/nada\\\/pisma-citateljici\\\/#breadcrumb\"},\"inLanguage\":\"hr\",\"potentialAction\":[{\"@type\":\"ReadAction\",\"target\":[\"https:\\\/\\\/sdf.hr\\\/hr\\\/nada\\\/pisma-citateljici\\\/\"]}]},{\"@type\":\"ImageObject\",\"inLanguage\":\"hr\",\"@id\":\"https:\\\/\\\/sdf.hr\\\/hr\\\/nada\\\/pisma-citateljici\\\/#primaryimage\",\"url\":\"https:\\\/\\\/sdf.hr\\\/wp-content\\\/uploads\\\/2023\\\/03\\\/Olja.jpg\",\"contentUrl\":\"https:\\\/\\\/sdf.hr\\\/wp-content\\\/uploads\\\/2023\\\/03\\\/Olja.jpg\",\"width\":1200,\"height\":750},{\"@type\":\"BreadcrumbList\",\"@id\":\"https:\\\/\\\/sdf.hr\\\/hr\\\/nada\\\/pisma-citateljici\\\/#breadcrumb\",\"itemListElement\":[{\"@type\":\"ListItem\",\"position\":1,\"name\":\"Po\u010detna stranica\",\"item\":\"https:\\\/\\\/sdf.hr\\\/hr\\\/\"},{\"@type\":\"ListItem\",\"position\":2,\"name\":\"Nada\",\"item\":\"https:\\\/\\\/sdf.hr\\\/nada\\\/\"},{\"@type\":\"ListItem\",\"position\":3,\"name\":\"Pisma \u010ditateljici\"}]},{\"@type\":\"WebSite\",\"@id\":\"https:\\\/\\\/sdf.hr\\\/#website\",\"url\":\"https:\\\/\\\/sdf.hr\\\/\",\"name\":\"SDF - Srpski demokratski forum\",\"description\":\"Srpski demokratski forum\",\"publisher\":{\"@id\":\"https:\\\/\\\/sdf.hr\\\/#organization\"},\"potentialAction\":[{\"@type\":\"SearchAction\",\"target\":{\"@type\":\"EntryPoint\",\"urlTemplate\":\"https:\\\/\\\/sdf.hr\\\/?s={search_term_string}\"},\"query-input\":{\"@type\":\"PropertyValueSpecification\",\"valueRequired\":true,\"valueName\":\"search_term_string\"}}],\"inLanguage\":\"hr\"},{\"@type\":\"Organization\",\"@id\":\"https:\\\/\\\/sdf.hr\\\/#organization\",\"name\":\"SDF - Srpski demokratski forum\",\"url\":\"https:\\\/\\\/sdf.hr\\\/\",\"logo\":{\"@type\":\"ImageObject\",\"inLanguage\":\"hr\",\"@id\":\"https:\\\/\\\/sdf.hr\\\/#\\\/schema\\\/logo\\\/image\\\/\",\"url\":\"https:\\\/\\\/sdf.hr\\\/wp-content\\\/uploads\\\/2021\\\/07\\\/logo-hr.svg\",\"contentUrl\":\"https:\\\/\\\/sdf.hr\\\/wp-content\\\/uploads\\\/2021\\\/07\\\/logo-hr.svg\",\"width\":271,\"height\":100,\"caption\":\"SDF - Srpski demokratski forum\"},\"image\":{\"@id\":\"https:\\\/\\\/sdf.hr\\\/#\\\/schema\\\/logo\\\/image\\\/\"}}]}<\/script>\n<!-- \/ Yoast SEO plugin. -->","yoast_head_json":{"title":"Pisma \u010ditateljici - SDF - Srpski demokratski forum","robots":{"index":"index","follow":"follow","max-snippet":"max-snippet:-1","max-image-preview":"max-image-preview:large","max-video-preview":"max-video-preview:-1"},"canonical":"https:\/\/sdf.hr\/hr\/nada\/pisma-citateljici\/","og_locale":"hr_HR","og_type":"article","og_title":"Pisma \u010ditateljici - SDF - Srpski demokratski forum","og_description":"Danas me zvala jedna mla\u0111a \u017eena koja se \u017eeli uzemljiti, ka\u017ee prijateljica koja radi u Arhivu. Ali preko prezimena. Ka\u017ee da je njeno prezime premekano, preslabo, da je u neravnote\u017ei s njom kao osobom, da joj fali korijen i da joj treba neko sna\u017enije","og_url":"https:\/\/sdf.hr\/hr\/nada\/pisma-citateljici\/","og_site_name":"SDF - Srpski demokratski forum","article_modified_time":"2023-03-15T13:22:50+00:00","og_image":[{"width":1200,"height":750,"url":"https:\/\/sdf.hr\/wp-content\/uploads\/2023\/03\/Olja.jpg","type":"image\/jpeg"}],"twitter_card":"summary_large_image","twitter_misc":{"Procijenjeno vrijeme \u010ditanja":"6 minuta"},"schema":{"@context":"https:\/\/schema.org","@graph":[{"@type":"WebPage","@id":"https:\/\/sdf.hr\/hr\/nada\/pisma-citateljici\/","url":"https:\/\/sdf.hr\/hr\/nada\/pisma-citateljici\/","name":"Pisma \u010ditateljici - SDF - Srpski demokratski forum","isPartOf":{"@id":"https:\/\/sdf.hr\/#website"},"primaryImageOfPage":{"@id":"https:\/\/sdf.hr\/hr\/nada\/pisma-citateljici\/#primaryimage"},"image":{"@id":"https:\/\/sdf.hr\/hr\/nada\/pisma-citateljici\/#primaryimage"},"thumbnailUrl":"https:\/\/sdf.hr\/wp-content\/uploads\/2023\/03\/Olja.jpg","datePublished":"2023-02-11T16:34:24+00:00","dateModified":"2023-03-15T13:22:50+00:00","breadcrumb":{"@id":"https:\/\/sdf.hr\/hr\/nada\/pisma-citateljici\/#breadcrumb"},"inLanguage":"hr","potentialAction":[{"@type":"ReadAction","target":["https:\/\/sdf.hr\/hr\/nada\/pisma-citateljici\/"]}]},{"@type":"ImageObject","inLanguage":"hr","@id":"https:\/\/sdf.hr\/hr\/nada\/pisma-citateljici\/#primaryimage","url":"https:\/\/sdf.hr\/wp-content\/uploads\/2023\/03\/Olja.jpg","contentUrl":"https:\/\/sdf.hr\/wp-content\/uploads\/2023\/03\/Olja.jpg","width":1200,"height":750},{"@type":"BreadcrumbList","@id":"https:\/\/sdf.hr\/hr\/nada\/pisma-citateljici\/#breadcrumb","itemListElement":[{"@type":"ListItem","position":1,"name":"Po\u010detna stranica","item":"https:\/\/sdf.hr\/hr\/"},{"@type":"ListItem","position":2,"name":"Nada","item":"https:\/\/sdf.hr\/nada\/"},{"@type":"ListItem","position":3,"name":"Pisma \u010ditateljici"}]},{"@type":"WebSite","@id":"https:\/\/sdf.hr\/#website","url":"https:\/\/sdf.hr\/","name":"SDF - Srpski demokratski forum","description":"Srpski demokratski forum","publisher":{"@id":"https:\/\/sdf.hr\/#organization"},"potentialAction":[{"@type":"SearchAction","target":{"@type":"EntryPoint","urlTemplate":"https:\/\/sdf.hr\/?s={search_term_string}"},"query-input":{"@type":"PropertyValueSpecification","valueRequired":true,"valueName":"search_term_string"}}],"inLanguage":"hr"},{"@type":"Organization","@id":"https:\/\/sdf.hr\/#organization","name":"SDF - Srpski demokratski forum","url":"https:\/\/sdf.hr\/","logo":{"@type":"ImageObject","inLanguage":"hr","@id":"https:\/\/sdf.hr\/#\/schema\/logo\/image\/","url":"https:\/\/sdf.hr\/wp-content\/uploads\/2021\/07\/logo-hr.svg","contentUrl":"https:\/\/sdf.hr\/wp-content\/uploads\/2021\/07\/logo-hr.svg","width":271,"height":100,"caption":"SDF - Srpski demokratski forum"},"image":{"@id":"https:\/\/sdf.hr\/#\/schema\/logo\/image\/"}}]}},"_links":{"self":[{"href":"https:\/\/sdf.hr\/hr\/wp-json\/wp\/v2\/nada\/1701","targetHints":{"allow":["GET"]}}],"collection":[{"href":"https:\/\/sdf.hr\/hr\/wp-json\/wp\/v2\/nada"}],"about":[{"href":"https:\/\/sdf.hr\/hr\/wp-json\/wp\/v2\/types\/nada"}],"wp:featuredmedia":[{"embeddable":true,"href":"https:\/\/sdf.hr\/hr\/wp-json\/wp\/v2\/media\/2433"}],"wp:attachment":[{"href":"https:\/\/sdf.hr\/hr\/wp-json\/wp\/v2\/media?parent=1701"}],"wp:term":[{"taxonomy":"post_tag","embeddable":true,"href":"https:\/\/sdf.hr\/hr\/wp-json\/wp\/v2\/tags?post=1701"},{"taxonomy":"atribut","embeddable":true,"href":"https:\/\/sdf.hr\/hr\/wp-json\/wp\/v2\/atribut?post=1701"}],"curies":[{"name":"wp","href":"https:\/\/api.w.org\/{rel}","templated":true}]}}