{"id":2413,"date":"2023-02-28T10:40:09","date_gmt":"2023-02-28T09:40:09","guid":{"rendered":"https:\/\/sdf.hr\/?post_type=nada&#038;p=2413"},"modified":"2023-02-28T10:40:09","modified_gmt":"2023-02-28T09:40:09","slug":"sos-za-ljudska-prava","status":"publish","type":"nada","link":"https:\/\/sdf.hr\/hr\/nada\/sos-za-ljudska-prava\/","title":{"rendered":"SOS za ljudska prava"},"content":{"rendered":"<p>U Rijeci od 1991. godine djeluje udruga za pomo\u0107 \u017ertvama nasilja pod nazivom SOS telefon, a 2016. postaje SOS Rijeka \u2013 Centar za nenasilje i ljudska prava. Rije\u010d je o neprofitnoj feministi\u010dkoj organizaciji koja djeluje kroz pru\u017eanje pomo\u0107i i podr\u0161ke \u017ertvama obiteljskog, partnerskog i seksualnog nasilja. Bave se prevencijom i edukacijom, zagovaranjem i lobiranjem za dru\u0161tvene promjene te stvaranjem dru\u0161tva nenasilja.<\/p>\n<p>Razgovarali smo s koordinacijskim timom SOS Rijeka koji \u010dine voditeljica ureda <strong>Tina Kova\u010di\u0107<\/strong>, psihologinja <strong>Lorena Zec<\/strong> i savjetnica za pravna pitanja <strong>Iva \u010catipovi\u0107<\/strong>. SOS Rijeka svoje programe provodi kroz najrazli\u010ditije vrste aktivnosti, od radionica izrade kampanja na kojima mlade u\u010de kako da u <em>online<\/em> svijetu progovaraju o temama poput ljudskih prava, do &#8220;\u017denske kru\u017enice&#8221; u sklopu koje \u017eene sigurno mogu pri\u010dati o svojim iskustvima, ali se i opustiti.<\/p>\n<p>&#8211; Preventivno-edukativni program sada vodi <strong>Iva Davorija<\/strong>, a proiza\u0161ao je iz nekog nezadovoljstva, promi\u0161ljanja da &#8220;ga\u0161enje po\u017eara&#8221; nije dovoljno i da moramo raditi na prevenciji i edukaciji. Trudimo se pri\u010dati s mladima o tome \u0161to su zdravi partnerski odnosi i to radimo kroz nekoliko projekata. Istaknula bih i kolegij &#8220;Rod, seksualnost, identiteti \u2013 od opresije do ravnopravnosti&#8221; koji na Odsjeku za kulturalne studije provodimo pet godina, a nositeljica je profesorica <strong>Brigita Milo\u0161<\/strong>. Mogu ga upisati studenti i studentice sa svih sastavnica Sveu\u010dili\u0161ta u Rijeci. To je prvi kolegij u Hrvatskoj koji povezuje tematiku ljudskih prava u naj\u0161irem smislu i dru\u0161tveno korisnog u\u010denja \u2013 objasnila je Tina Kova\u010di\u0107.<\/p>\n<p>Osim pravne i psiholo\u0161ke pomo\u0107i koju pru\u017eaju, iznimno je va\u017ean i zagovara\u010dki dio njihovog rada jer sve \u0161to izravno saznaju od \u017eena poku\u0161avaju prenijeti do donositelja odluka. Koliko god je izravan rad sa \u017ertvama bitan, istaknula je Iva \u010catipovi\u0107, lanac problema se ne\u0107e prekinuti ako se istodobno ne radi i na mijenjanju sustava.<\/p>\n<p>&#8211; Velik je spektar izazova s kojim se susre\u0107e \u017eena koja izlazi iz nasilnog odnosa. Neki su zapo\u0161ljavanje, vrti\u0107ka skrb za dijete i stambeno zbrinjavanje, a da bi se ona uspje\u0161no integrirala u dru\u0161tvo, mora na\u0107i rje\u0161enja. Stambeno zbrinjavanje je tu veliki problem jer na razini dr\u017eave nemamo adekvatnu politiku i strategiju, stanovi su nedostupni i skupi, a \u017eene su op\u0107enito diskriminirane na tr\u017ei\u0161tu nekretnina. Postoji dr\u017eavna mjera stambenog zbrinjavanja \u017ertava nasilja u obitelji iz Zakona o stambenom zbrinjavanju na potpomognutim podru\u010djima, ali je \u017eene nisu mogle koristiti jer za nju nisu ni znale \u2013 objasnila je \u010catipovi\u0107.<\/p>\n<figure id=\"attachment_2408\" aria-describedby=\"caption-attachment-2408\" style=\"width: 1920px\" class=\"wp-caption alignnone\"><img loading=\"lazy\" decoding=\"async\" class=\"wp-image-2408 size-full\" src=\"https:\/\/sdf.hr\/wp-content\/uploads\/2023\/02\/SOS-Rijeka2_Karlo-Cargonja.jpg\" alt=\"\" width=\"1920\" height=\"1280\" srcset=\"https:\/\/sdf.hr\/wp-content\/uploads\/2023\/02\/SOS-Rijeka2_Karlo-Cargonja.jpg 1920w, https:\/\/sdf.hr\/wp-content\/uploads\/2023\/02\/SOS-Rijeka2_Karlo-Cargonja-300x200.jpg 300w, https:\/\/sdf.hr\/wp-content\/uploads\/2023\/02\/SOS-Rijeka2_Karlo-Cargonja-1024x683.jpg 1024w, https:\/\/sdf.hr\/wp-content\/uploads\/2023\/02\/SOS-Rijeka2_Karlo-Cargonja-768x512.jpg 768w, https:\/\/sdf.hr\/wp-content\/uploads\/2023\/02\/SOS-Rijeka2_Karlo-Cargonja-1536x1024.jpg 1536w\" sizes=\"auto, (max-width: 1920px) 100vw, 1920px\" \/><figcaption id=\"caption-attachment-2408\" class=\"wp-caption-text\">Foto: Karlo \u010cargonja<\/figcaption><\/figure>\n<p>U SOS Rijeci od 2021. prikupljaju podatke od \u017eupanija, koje su ina\u010de nadle\u017ene za pomo\u0107 \u017ertvama nasilja, odnosno dono\u0161enje rje\u0161enja. Tijekom dvije godine pra\u0107enja se ispostavilo da polovica \u017eupanija nije zaprimila niti jedan zahtjev, dok je godi\u0161nje zbrinuto ukupno 15-ak obitelji, mada je u prora\u010dunu bilo novca i za vi\u0161e. No sada je protok informacija bolji jer su sve prikupljene podatke o temama poput stambenog zbrinjavanja, reintegracije \u017ertava nasilja i prepoznavanju diskriminacije objedinjene u nekoliko priru\u010dnika objavljenih na internetskoj stranici udruge. Iako ta mjera na\u010delno jeste dobra, ima zna\u010dajne nedostatke \u2013 vremenski je ograni\u010dena na dvije godine i mogu je koristiti samo osobe koje imaju pravomo\u0107nu presudu o tome da su \u017ertve nasilja u obitelji, na \u0161to se nekada \u010deka godinama.<\/p>\n<p>Posljednjih tjedana su se na trgovima vi\u0161e gradova u Hrvatskoj pojavili tzv. kle\u010davci koji izme\u0111u ostalog mole za mu\u0161karce kao duhovni autoritet, \u010dednost \u017eena i dokidanje prava na poba\u010daj. O toj pojavi razgovarali smo s Lorenom Zec.<\/p>\n<p>&#8211; Kada se ne\u0161to mijenja, onda se jedan dio dru\u0161tva odupire promjeni. \u0160to je ona ja\u010da i vidljivija, vidljiviji \u0107e biti i otpori. Zbog toga i vidimo kao da nas zapljuskuje val konzervativizma ili tradicionalizma. Kle\u010davci jesu simbol toga da se ne\u0161to de\u0161ava, ali su i opasni i treba imati na umu \u0161to predstavljaju. Koliko god oni sebe predstavljali pacifisti\u010dki i svoju molitvu kao ne\u0161to za op\u0107e dobro, mislim da to nije istina jer definitivno \u017eele vratiti \u017eene u tradicionalno im dodijeljenu ulogu. Kako radimo sa \u017ertvama nasilja, znamo da je tradicionalna uloga \u017eene ne\u0161to \u0161to ih ranjava, ozlje\u0111uje i naposljetku ubija \u2013 zaklju\u010dila je Lorena.<\/p>\n<p>U prosincu pro\u0161le godine iza\u0161li su podatci istra\u017eivanja Europskog instituta za rodnu ravnopravnost koji su pokazali da je Hrvatska me\u0111u tri najgore zemlje po broju femicida u EU. Kako je objasnila Lorena, do toga dolazi zbog needuciranosti svih dionika sustava za\u0161tite i podr\u0161ke \u017ertava nasilja, odnosno Ministarstva unutarnjih poslova, Ministarstva pravosu\u0111a i sustava socijalne skrbi \u010dija je suradnja troma.<\/p>\n<p>&#8211; Femicid je vrsta ubojstva koju je najlak\u0161e predvidjeti i sva istra\u017eivanja ukazuju da postoje neke stepenice prije toga, on ne nastaje samo tako, ve\u0107 je krajnja posljedica nasilja koje se de\u0161avalo ranije. U Hrvatskoj se jo\u0161 uvijek razli\u010diti oblici psihi\u010dkog nasilja, prisilne kontrole, poreme\u0107enih odnosa ne priznaju kao nasilje i dok to ne budemo prepoznavali kao rizik, ne\u0107emo ni zaustaviti broj femicida \u2013 kazala je Lorena.<\/p>\n<p>&#8211; Na dru\u0161tvenoj i politi\u010dkoj razini nemamo svijest da je to sustavni dru\u0161tveni problem. Da imamo, onda bi se femicidi analizirali, na\u0161li bi se prediktori rizika i bavili bismo se time aktivno kako bi ih mogli sprije\u010diti. Jedno je pitanje ho\u0107e li nam se u ovoj dr\u017eavi dogoditi nekakvo nasilje, bilo psihi\u010dko ili fizi\u010dko, i koliko smo sigurni po tom aspektu, a drugo je koliko smo sigurni da \u0107e nas netko za\u0161titi kad se to dogodi. Mislim da u tom pogledu jako lo\u0161e stojimo \u2013 dodala je \u010catipovi\u0107.<\/p>\n<p>Jo\u0161 jedan indikator nefunkcionalnog sustava je konstantno stanje financijske neizvjesnosti u kojem se nalazi ve\u0107ina udruga, a koje su potkapacitirane s obzirom na broj korisnika koji im se obra\u0107aju za pomo\u0107.<\/p>\n<p>&#8211; I dalje u \u0161iroj javnosti \u010desto postoji negativan stav prema udrugama. Zato nam trebaju mladi koji shva\u0107aju \u0161to organizacije civilnog dru\u0161tva rade i \u017eele biti zaposleni u njima. Uvijek \u0107e ih biti, kao \u0161to ih je bilo u na\u0161oj generaciji, ali definitivno nam nedostaje osoba koje su stru\u010dne po tim pitanjima, koje njeguju feministi\u010dke principe rada i koje su educirane za specifi\u010dne teme rodno uvjetovanog nasilja \u2013 kazala je Tina Kova\u010di\u0107.<\/p>\n<p>&#8211; Ovaj posao je zahtjevan jer nema onog osje\u0107aja stalnog uspjeha. Borba je svakodnevna, uspjeh ba\u0161 i nije, ali dese se ti trenutci kada se javi neka \u017eena i ka\u017ee da je na\u0161la stan, dobila posao ili da je sudski postupak napokon gotov. Nekada pro\u0111e puno vremena u i\u0161\u010dekivanju takve informacije, a onda se ona sjeti nas koji smo bili s njom na tom putu i nazove nas. To \u010dini vrijednim sve ovo \u0161to prolazimo zajedno sa \u017eenama \u2013 zaklju\u010dila je Iva \u010catipovi\u0107.<\/p>\n<p><em>pi\u0161e Katarina Bo\u0161njak<\/em><\/p>\n","protected":false},"excerpt":{"rendered":"<p>Kle\u010davci koji se mole po trgovima nisu nimalo bezopasni. Kako radimo sa \u017ertvama nasilja, znamo da tradicionalne uloge ranjavaju, ozlje\u0111uju i naposljetku ubijaju \u017eene, obja\u0161njavaju iz SOS Rijeke<\/p>\n","protected":false},"featured_media":2411,"template":"","tags":[130],"atribut":[],"class_list":["post-2413","nada","type-nada","status-publish","has-post-thumbnail","hentry","tag-tema"],"acf":[],"yoast_head":"<!-- This site is optimized with the Yoast SEO plugin v27.4 - https:\/\/yoast.com\/product\/yoast-seo-wordpress\/ -->\n<title>SOS za ljudska prava - SDF - Srpski demokratski forum<\/title>\n<meta name=\"robots\" content=\"index, follow, max-snippet:-1, max-image-preview:large, max-video-preview:-1\" \/>\n<link rel=\"canonical\" href=\"https:\/\/sdf.hr\/hr\/nada\/sos-za-ljudska-prava\/\" \/>\n<meta property=\"og:locale\" content=\"hr_HR\" \/>\n<meta property=\"og:type\" content=\"article\" \/>\n<meta property=\"og:title\" content=\"SOS za ljudska prava - SDF - Srpski demokratski forum\" \/>\n<meta property=\"og:description\" content=\"Kle\u010davci koji se mole po trgovima nisu nimalo bezopasni. Kako radimo sa \u017ertvama nasilja, znamo da tradicionalne uloge ranjavaju, ozlje\u0111uju i naposljetku ubijaju \u017eene, obja\u0161njavaju iz SOS Rijeke\" \/>\n<meta property=\"og:url\" content=\"https:\/\/sdf.hr\/hr\/nada\/sos-za-ljudska-prava\/\" \/>\n<meta property=\"og:site_name\" content=\"SDF - Srpski demokratski forum\" \/>\n<meta property=\"og:image\" content=\"https:\/\/sdf.hr\/wp-content\/uploads\/2023\/02\/SOS-Rijeka1_Karlo-Cargonja.jpg\" \/>\n\t<meta property=\"og:image:width\" content=\"1920\" \/>\n\t<meta property=\"og:image:height\" content=\"1280\" \/>\n\t<meta property=\"og:image:type\" content=\"image\/jpeg\" \/>\n<meta name=\"twitter:card\" content=\"summary_large_image\" \/>\n<meta name=\"twitter:label1\" content=\"Procijenjeno vrijeme \u010ditanja\" \/>\n\t<meta name=\"twitter:data1\" content=\"6 minuta\" \/>\n<script type=\"application\/ld+json\" class=\"yoast-schema-graph\">{\"@context\":\"https:\\\/\\\/schema.org\",\"@graph\":[{\"@type\":\"WebPage\",\"@id\":\"https:\\\/\\\/sdf.hr\\\/hr\\\/nada\\\/sos-za-ljudska-prava\\\/\",\"url\":\"https:\\\/\\\/sdf.hr\\\/hr\\\/nada\\\/sos-za-ljudska-prava\\\/\",\"name\":\"SOS za ljudska prava - SDF - Srpski demokratski forum\",\"isPartOf\":{\"@id\":\"https:\\\/\\\/sdf.hr\\\/#website\"},\"primaryImageOfPage\":{\"@id\":\"https:\\\/\\\/sdf.hr\\\/hr\\\/nada\\\/sos-za-ljudska-prava\\\/#primaryimage\"},\"image\":{\"@id\":\"https:\\\/\\\/sdf.hr\\\/hr\\\/nada\\\/sos-za-ljudska-prava\\\/#primaryimage\"},\"thumbnailUrl\":\"https:\\\/\\\/sdf.hr\\\/wp-content\\\/uploads\\\/2023\\\/02\\\/SOS-Rijeka1_Karlo-Cargonja.jpg\",\"datePublished\":\"2023-02-28T09:40:09+00:00\",\"breadcrumb\":{\"@id\":\"https:\\\/\\\/sdf.hr\\\/hr\\\/nada\\\/sos-za-ljudska-prava\\\/#breadcrumb\"},\"inLanguage\":\"hr\",\"potentialAction\":[{\"@type\":\"ReadAction\",\"target\":[\"https:\\\/\\\/sdf.hr\\\/hr\\\/nada\\\/sos-za-ljudska-prava\\\/\"]}]},{\"@type\":\"ImageObject\",\"inLanguage\":\"hr\",\"@id\":\"https:\\\/\\\/sdf.hr\\\/hr\\\/nada\\\/sos-za-ljudska-prava\\\/#primaryimage\",\"url\":\"https:\\\/\\\/sdf.hr\\\/wp-content\\\/uploads\\\/2023\\\/02\\\/SOS-Rijeka1_Karlo-Cargonja.jpg\",\"contentUrl\":\"https:\\\/\\\/sdf.hr\\\/wp-content\\\/uploads\\\/2023\\\/02\\\/SOS-Rijeka1_Karlo-Cargonja.jpg\",\"width\":1920,\"height\":1280,\"caption\":\"Borba za ravnopravnost je svakodnevna \u2013 SOS Rijeka (Foto: Karlo \u010cargonja)\"},{\"@type\":\"BreadcrumbList\",\"@id\":\"https:\\\/\\\/sdf.hr\\\/hr\\\/nada\\\/sos-za-ljudska-prava\\\/#breadcrumb\",\"itemListElement\":[{\"@type\":\"ListItem\",\"position\":1,\"name\":\"Po\u010detna stranica\",\"item\":\"https:\\\/\\\/sdf.hr\\\/hr\\\/\"},{\"@type\":\"ListItem\",\"position\":2,\"name\":\"Nada\",\"item\":\"https:\\\/\\\/sdf.hr\\\/nada\\\/\"},{\"@type\":\"ListItem\",\"position\":3,\"name\":\"SOS za ljudska prava\"}]},{\"@type\":\"WebSite\",\"@id\":\"https:\\\/\\\/sdf.hr\\\/#website\",\"url\":\"https:\\\/\\\/sdf.hr\\\/\",\"name\":\"SDF - Srpski demokratski forum\",\"description\":\"Srpski demokratski forum\",\"publisher\":{\"@id\":\"https:\\\/\\\/sdf.hr\\\/#organization\"},\"potentialAction\":[{\"@type\":\"SearchAction\",\"target\":{\"@type\":\"EntryPoint\",\"urlTemplate\":\"https:\\\/\\\/sdf.hr\\\/?s={search_term_string}\"},\"query-input\":{\"@type\":\"PropertyValueSpecification\",\"valueRequired\":true,\"valueName\":\"search_term_string\"}}],\"inLanguage\":\"hr\"},{\"@type\":\"Organization\",\"@id\":\"https:\\\/\\\/sdf.hr\\\/#organization\",\"name\":\"SDF - Srpski demokratski forum\",\"url\":\"https:\\\/\\\/sdf.hr\\\/\",\"logo\":{\"@type\":\"ImageObject\",\"inLanguage\":\"hr\",\"@id\":\"https:\\\/\\\/sdf.hr\\\/#\\\/schema\\\/logo\\\/image\\\/\",\"url\":\"https:\\\/\\\/sdf.hr\\\/wp-content\\\/uploads\\\/2021\\\/07\\\/logo-hr.svg\",\"contentUrl\":\"https:\\\/\\\/sdf.hr\\\/wp-content\\\/uploads\\\/2021\\\/07\\\/logo-hr.svg\",\"width\":271,\"height\":100,\"caption\":\"SDF - Srpski demokratski forum\"},\"image\":{\"@id\":\"https:\\\/\\\/sdf.hr\\\/#\\\/schema\\\/logo\\\/image\\\/\"}}]}<\/script>\n<!-- \/ Yoast SEO plugin. -->","yoast_head_json":{"title":"SOS za ljudska prava - SDF - Srpski demokratski forum","robots":{"index":"index","follow":"follow","max-snippet":"max-snippet:-1","max-image-preview":"max-image-preview:large","max-video-preview":"max-video-preview:-1"},"canonical":"https:\/\/sdf.hr\/hr\/nada\/sos-za-ljudska-prava\/","og_locale":"hr_HR","og_type":"article","og_title":"SOS za ljudska prava - SDF - Srpski demokratski forum","og_description":"Kle\u010davci koji se mole po trgovima nisu nimalo bezopasni. Kako radimo sa \u017ertvama nasilja, znamo da tradicionalne uloge ranjavaju, ozlje\u0111uju i naposljetku ubijaju \u017eene, obja\u0161njavaju iz SOS Rijeke","og_url":"https:\/\/sdf.hr\/hr\/nada\/sos-za-ljudska-prava\/","og_site_name":"SDF - Srpski demokratski forum","og_image":[{"width":1920,"height":1280,"url":"https:\/\/sdf.hr\/wp-content\/uploads\/2023\/02\/SOS-Rijeka1_Karlo-Cargonja.jpg","type":"image\/jpeg"}],"twitter_card":"summary_large_image","twitter_misc":{"Procijenjeno vrijeme \u010ditanja":"6 minuta"},"schema":{"@context":"https:\/\/schema.org","@graph":[{"@type":"WebPage","@id":"https:\/\/sdf.hr\/hr\/nada\/sos-za-ljudska-prava\/","url":"https:\/\/sdf.hr\/hr\/nada\/sos-za-ljudska-prava\/","name":"SOS za ljudska prava - SDF - Srpski demokratski forum","isPartOf":{"@id":"https:\/\/sdf.hr\/#website"},"primaryImageOfPage":{"@id":"https:\/\/sdf.hr\/hr\/nada\/sos-za-ljudska-prava\/#primaryimage"},"image":{"@id":"https:\/\/sdf.hr\/hr\/nada\/sos-za-ljudska-prava\/#primaryimage"},"thumbnailUrl":"https:\/\/sdf.hr\/wp-content\/uploads\/2023\/02\/SOS-Rijeka1_Karlo-Cargonja.jpg","datePublished":"2023-02-28T09:40:09+00:00","breadcrumb":{"@id":"https:\/\/sdf.hr\/hr\/nada\/sos-za-ljudska-prava\/#breadcrumb"},"inLanguage":"hr","potentialAction":[{"@type":"ReadAction","target":["https:\/\/sdf.hr\/hr\/nada\/sos-za-ljudska-prava\/"]}]},{"@type":"ImageObject","inLanguage":"hr","@id":"https:\/\/sdf.hr\/hr\/nada\/sos-za-ljudska-prava\/#primaryimage","url":"https:\/\/sdf.hr\/wp-content\/uploads\/2023\/02\/SOS-Rijeka1_Karlo-Cargonja.jpg","contentUrl":"https:\/\/sdf.hr\/wp-content\/uploads\/2023\/02\/SOS-Rijeka1_Karlo-Cargonja.jpg","width":1920,"height":1280,"caption":"Borba za ravnopravnost je svakodnevna \u2013 SOS Rijeka (Foto: Karlo \u010cargonja)"},{"@type":"BreadcrumbList","@id":"https:\/\/sdf.hr\/hr\/nada\/sos-za-ljudska-prava\/#breadcrumb","itemListElement":[{"@type":"ListItem","position":1,"name":"Po\u010detna stranica","item":"https:\/\/sdf.hr\/hr\/"},{"@type":"ListItem","position":2,"name":"Nada","item":"https:\/\/sdf.hr\/nada\/"},{"@type":"ListItem","position":3,"name":"SOS za ljudska prava"}]},{"@type":"WebSite","@id":"https:\/\/sdf.hr\/#website","url":"https:\/\/sdf.hr\/","name":"SDF - Srpski demokratski forum","description":"Srpski demokratski forum","publisher":{"@id":"https:\/\/sdf.hr\/#organization"},"potentialAction":[{"@type":"SearchAction","target":{"@type":"EntryPoint","urlTemplate":"https:\/\/sdf.hr\/?s={search_term_string}"},"query-input":{"@type":"PropertyValueSpecification","valueRequired":true,"valueName":"search_term_string"}}],"inLanguage":"hr"},{"@type":"Organization","@id":"https:\/\/sdf.hr\/#organization","name":"SDF - Srpski demokratski forum","url":"https:\/\/sdf.hr\/","logo":{"@type":"ImageObject","inLanguage":"hr","@id":"https:\/\/sdf.hr\/#\/schema\/logo\/image\/","url":"https:\/\/sdf.hr\/wp-content\/uploads\/2021\/07\/logo-hr.svg","contentUrl":"https:\/\/sdf.hr\/wp-content\/uploads\/2021\/07\/logo-hr.svg","width":271,"height":100,"caption":"SDF - Srpski demokratski forum"},"image":{"@id":"https:\/\/sdf.hr\/#\/schema\/logo\/image\/"}}]}},"_links":{"self":[{"href":"https:\/\/sdf.hr\/hr\/wp-json\/wp\/v2\/nada\/2413","targetHints":{"allow":["GET"]}}],"collection":[{"href":"https:\/\/sdf.hr\/hr\/wp-json\/wp\/v2\/nada"}],"about":[{"href":"https:\/\/sdf.hr\/hr\/wp-json\/wp\/v2\/types\/nada"}],"wp:featuredmedia":[{"embeddable":true,"href":"https:\/\/sdf.hr\/hr\/wp-json\/wp\/v2\/media\/2411"}],"wp:attachment":[{"href":"https:\/\/sdf.hr\/hr\/wp-json\/wp\/v2\/media?parent=2413"}],"wp:term":[{"taxonomy":"post_tag","embeddable":true,"href":"https:\/\/sdf.hr\/hr\/wp-json\/wp\/v2\/tags?post=2413"},{"taxonomy":"atribut","embeddable":true,"href":"https:\/\/sdf.hr\/hr\/wp-json\/wp\/v2\/atribut?post=2413"}],"curies":[{"name":"wp","href":"https:\/\/api.w.org\/{rel}","templated":true}]}}