{"id":2449,"date":"2023-03-12T10:52:48","date_gmt":"2023-03-12T09:52:48","guid":{"rendered":"https:\/\/sdf.hr\/?post_type=nada&#038;p=2449"},"modified":"2023-03-27T12:43:41","modified_gmt":"2023-03-27T10:43:41","slug":"lana-bastasic-necu-da-pustim-budale","status":"publish","type":"nada","link":"https:\/\/sdf.hr\/hr\/nada\/lana-bastasic-necu-da-pustim-budale\/","title":{"rendered":"Lana Basta\u0161i\u0107: Ne\u0107u da pustim budale"},"content":{"rendered":"<p><strong>Lana Basta\u0161i\u0107<\/strong> jedna je od najpoznatijih postjugoslavenskih knji\u017eevnica tzv. mla\u0111e generacije. Ro\u0111ena je u Zagrebu, odrasla u Banjoj Luci, radila u Barceloni, a sada \u017eivi izme\u0111u Beograda i knji\u017eevnih rezidencija. Autorica je tri zbirke kratkih pri\u010da \u2013 &#8220;Trajni pigmenti&#8221;, &#8220;Vatrometi&#8221; i &#8220;Mlije\u010dni zubi&#8221;, knjige pri\u010da za djecu &#8220;Nastja crta sunce&#8221; i zbirke poezije &#8220;Triptih o Bosni i umiranju&#8221;. Za roman &#8220;Uhvati zeca&#8221; dobila je Evropsku nagradu za knji\u017eevnost 2020. godine i me\u0111unarodnu nagradu Latisana per il Nord-est 2021. godine. Roman je bio uvr\u0161ten u naju\u017ei izbor za NIN-ovu nagradu i nagradu &#8220;Biljana Jovanovi\u0107&#8221; te je preveden na 18 jezika. Razgovarale smo preko Zooma na relaciji Zagreb \u2013 Berlin, veza je pucala vi\u0161e puta jer je isticalo onih besplatnih 45 minuta, ali nismo se dale ni stale.<\/p>\n<p><strong>U va\u0161oj slu\u017ebenoj biografiji pi\u0161e da &#8220;ponekad&#8221; \u017eivite u Beogradu. Ipak, s obzirom na staru dobru poslovicu &#8220;dom je tamo gdje je ma\u010dka&#8221;, a imate ba\u0161 dosta fotografija na dru\u0161tvenim mre\u017eama s ma\u010dkom, gdje su ma\u010dka i dom?<\/strong><\/p>\n<p>To je tehni\u010dki sestrina ma\u010dka, ali kako sam \u017eivjela s njima u Beogradu i bila dosta kod ku\u0107e, Ru\u017ea je postala moja ma\u010dka. U Beogradu je i jako mi nedostaje.<\/p>\n<p><strong>Otkad ste stigli u Berlin, zvijezde na Instagramu postale su va\u0161e biljke?<\/strong><\/p>\n<p>Po\u010detkom februara do\u0161la sam na jednogodi\u0161nju rezidenciju u Berlin, na program Umjetnici u Berlinu DAAD-a (Deutscher Akademischer Austauschdienst), jako sam sretna \u0161to sam tu. U stanu ne smijem imati cimere ni \u017eivotinje, zato imam biljke, sa mnom \u017eive Eugen i Mjuriel s kojima \u0107u provesti berlinsku godinu.<\/p>\n<p><strong>Tko je bila Lana Basta\u0161i\u0107 prije Lane Basta\u0161i\u0107, kada ste po\u010deli pisati i kako je do\u0161lo do objave prve zbirke pri\u010da 2010. godine?<\/strong><\/p>\n<p>Pi\u0161em oduvijek. Kao i mnoga djeca imala sam dnevnik kada sam bila mala. A prva pri\u010da, &#8220;Druga crta&#8221;, koju sam poslala na zrenjaninski konkurs Ulaznica, i za koju sam dobila drugu nagradu, nastala je nakon prakse u Medicinskoj \u0161koli Banja Luka. Dok sam bila na praksi na ginekologiji, promatrala sam kako su tretirane \u017eene koje su do\u0161le na abortus, odnos medicinskih sestara prema njima, razliku u tretmanu k\u0107eri nekih mo\u0107nika i obi\u010dnih \u017eena. Nakon toga, tokom studija engleskog jezika i knji\u017eevnosti, napisala sam jo\u0161 tri du\u017ee pri\u010de i vidjela da je Studentski kulturni centar Kragujevac raspisao konkurs za prvi rukopis. Kako nisam poznavala apsolutno nikoga iz knji\u017eevnog svijeta, bilo mi je logi\u010dno slati pri\u010de na konkurse i u \u010dasopise, i, eto, pri\u010de su pro\u0161le, knjiga &#8220;Trajni pigmenti&#8221; je objavljena u ediciji &#8220;Prvenac&#8221;. Ipak, sve do objave romana na knji\u017eevnost nisam gledala kao na profesiju jer financijski i nije mogla da bude i boljelo me \u0161to mi ne\u0161to \u010dim se \u017eelim baviti &#8220;mora&#8221; biti hobi. U jednom sam trenutku donijela svjesnu odluku da je ovo moja vokacija i da moram da riskiram i onda se sve nekako i poslo\u017eilo. Naravno, uvijek je lak\u0161e kad ima\u0161 roman jer tr\u017ei\u0161te voli romane, ali mislim da ima i do odnosa svih nas, kolektivno i individualno, prema spisateljskom poslu.<\/p>\n<p><strong>Kako ste zara\u0111ivali za \u017eivot dok vam je knji\u017eevnost bila &#8220;samo&#8221; hobi?<\/strong><\/p>\n<p>Na promociji svoje zbirke u kafi\u0107u u Banjoj Luci vidjela sam na \u0161anku oglas da tra\u017ee konobaricu pa sam idu\u0107i ponedjeljak do\u0161la raditi. To mi je bio jedan od prvih poslova, a uskoro sam dobila poziv s biroa i bila sekretarica nekim advokatima, predosadan posao. Nakon zavr\u0161etka mastera, oti\u0161la sam u Prag po certifikat kako bih mogla predavati engleski kao strani jezik i dobila sam posao u Barceloni, u kojoj sam narednih sedam godina bila profesorica engleskog po raznim privatnim \u0161kolama.<\/p>\n<p><strong>\u010cesto su vas u intervjuima ispitivali o na\u0161im jezicima i jeziku, ka\u017eete da pi\u0161ete na srpsko-hrvatskom, evo ja vam postavljam pitanja na hrvatsko-srpskom, bome smo subverzivne. Ipak, vi\u0161e me zanima va\u0161e iskustvo su\u017eivota sa \u0161panjolskim i katalonskim jezicima iz vremena kada ste \u017eivjeli u Barceloni?<\/strong><\/p>\n<p>U\u010dila sam malo \u0161panski jo\u0161 u Banjoj Luci, ali su svi moji novi prijatelji, kao i porodica mog tada\u0161njeg mu\u017ea pri\u010dali katalonski, do selidbe nisam bila svjesna da je to svakodnevni jezik mnogim ljudima. Postoji stav da je u Barceloni dovoljno pri\u010dati \u0161panski, \u0161to je po meni jedan kolonijalni imperijalisti\u010dki stav. Bilo mi je normalno\u00a0u\u010diti i pri\u010dati dva jezika u bilingvalnom gradu. Katalonski mi je poslije pomogao, mogu dosta da razumijem talijanski zbog njega.<\/p>\n<p><strong>Zna\u010di, u\u010denje katalonskog nije bio politi\u010dki \u010din?<\/strong><\/p>\n<p>U\u010dila sam ga bez nekih politi\u010dkih stremljenja, ali onda sam upoznala dosta ljudi koji se sje\u0107aju vremena kada je katalonski bio zabranjen, upoznala sam se i s tada\u0161njom katalonskom ljevicom. \u0160panjolska je zemlja u kojoj sam vidjela kako ljudi di\u017eu na ulici desnicu u &#8220;Sieg Heil&#8221;, ali i zemlja u kojoj je, 2017., dan nakon teroristi\u010dkog napada na barcelonskoj Rambli, organiziran protest protiv islamofobije. Gra\u0111anski neposluh u toj je zemlji, pogotovo u stvarno inkluzivnoj Barceloni, jako va\u017ean.<\/p>\n<figure id=\"attachment_2442\" aria-describedby=\"caption-attachment-2442\" style=\"width: 2048px\" class=\"wp-caption alignnone\"><img loading=\"lazy\" decoding=\"async\" class=\"wp-image-2442 size-full\" src=\"https:\/\/sdf.hr\/wp-content\/uploads\/2023\/03\/Bastasic2__Vladimir-Niciforovic-scaled.jpg\" alt=\"\" width=\"2048\" height=\"2560\" srcset=\"https:\/\/sdf.hr\/wp-content\/uploads\/2023\/03\/Bastasic2__Vladimir-Niciforovic-scaled.jpg 2048w, https:\/\/sdf.hr\/wp-content\/uploads\/2023\/03\/Bastasic2__Vladimir-Niciforovic-240x300.jpg 240w, https:\/\/sdf.hr\/wp-content\/uploads\/2023\/03\/Bastasic2__Vladimir-Niciforovic-819x1024.jpg 819w, https:\/\/sdf.hr\/wp-content\/uploads\/2023\/03\/Bastasic2__Vladimir-Niciforovic-768x960.jpg 768w, https:\/\/sdf.hr\/wp-content\/uploads\/2023\/03\/Bastasic2__Vladimir-Niciforovic-1229x1536.jpg 1229w, https:\/\/sdf.hr\/wp-content\/uploads\/2023\/03\/Bastasic2__Vladimir-Niciforovic-1638x2048.jpg 1638w\" sizes=\"auto, (max-width: 2048px) 100vw, 2048px\" \/><figcaption id=\"caption-attachment-2442\" class=\"wp-caption-text\">Foto: Vladimir Ni\u0107iforovi\u0107<\/figcaption><\/figure>\n<p><strong>Po\u010detak pandemije koronavirusa proveli ste sasvim neplanirano u Zagrebu, a dnevnik &#8220;2020.&#8221;, koji ste pisali s pet kolega, regionalnih knji\u017eevnika i knji\u017eevnica, dobio je sasvim neo\u010dekivani smjer.<\/strong><\/p>\n<p>&#8220;Dnevnik&#8221; smo <strong>Luiza Bouharaoua<\/strong>, <strong>Rumena Bu\u017earovska<\/strong>, <strong>Danilo Lu\u010di\u0107<\/strong>, <strong>Dijana Matkovi\u0107<\/strong>, <strong>Nikola Nikoli\u0107<\/strong> i ja isplanirali jo\u0161 2019. i stvarno nam je bila ideja da pi\u0161emo o raznim nama bitnim temama, ali, eto, pojela ga je korona. U tre\u0107em sam mjesecu do\u0161la u Zagreb, zatvorile su se granice i nisam mogla iza\u0107i iz zemlje. Osje\u0107aj da sam u svom rodnom gradu, a u tom gradu nemam svoj krevet, i ne znam koliko \u0107u morati biti go\u0161\u0107a, bio je stvarno \u010dudan. Presudna je bila solidarnost kolega i kolegica. <strong>Dubravka Ugre\u0161i\u0107<\/strong> mi je rekla: &#8220;Evo vam stan, klju\u010d, ostanite koliko ho\u0107ete.&#8221; <strong>Sven Popovi\u0107<\/strong> i njegovi roditelji su mi bili kao obitelj. Imala sam neke kom\u0161inice koje su bile u samoizolaciji jer su doputovale iz Amerike pa sam \u0161etala tu\u0111e pse u tu\u0111em, a mom gradu, oblijepljenom trakama nakon potresa.<\/p>\n<p><strong>Zbirku pri\u010da &#8220;Mlije\u010dni zubi&#8221; pisali ste ni manje ni vi\u0161e nego za radnim stolom Dubravke Ugre\u0161i\u0107?<\/strong><\/p>\n<p>Tako je, Dubravka Ugre\u0161i\u0107 mi je dala svoj stan na neodre\u0111eno nakon \u0161to smo samo jednom popile \u010daj. Kako je njen \u017eivot u Amsterdamu, stan je poluprazan, na policama su samo strana izdanja njenih knjiga, i onda shvati\u0161 da dok pije\u0161 jutarnju kavu gleda\u0161 u sabrana djela vlasnice stana i nekako ti se sve \u0161to toga dana napi\u0161e\u0161 \u010dini nedovoljno dobro (smijeh).<\/p>\n<p><strong>Na poziv urednika Semezdina Mehmedinovi\u0107a 2021. godine pi\u0161ete druge dnevni\u010dke zapise, knjigu &#8220;Crveni kofer&#8221; s rezidencije u Cirihu. Me\u0111u ostalim, pi\u0161ete i o boravku u bolnici zbog operativnog zahvata vezanog uz reproduktivno zdravlje. Kako funkcionira \u0161vicarski zdravstveni sustav?<\/strong><\/p>\n<p>Sre\u0107om, u sklopu rezidencije imala sam zdravstveno osiguranje, koje ina\u010de nemam, ni u Bosni ni u Srbiji. Ginekologinja je bila fenomenalna, doktorica mi je nakon operacije rekla da je odli\u010dan trenutak da primim HPV vakcinu. Odgovorila sam joj da imam 34 godine, \u010dula sam da se vakcina daje maloljetnim djevoj\u010dicama pa me informirala da najnovija istra\u017eivanja pokazuju da se vakcina mo\u017ee primiti u bilo kojoj dobi kada nemate virus u tijelu. Dvije sam doze primila u Cirihu, tre\u0107u, koju sam trebala primiti u Beogradu, morala sam nabavljati preko neke apoteke na crno i platiti 140 eura. Iskustvo koje tako\u0111er pamtim je da mi je ginekologinja objasnila da ne moram trpiti bol \u2013 na pitanje treba li mi ne\u0161to protiv bolova nakon biopsije maternice, rekla sam da boli podno\u0161ljivo pa da ne treba. Onda smo razgovarale o tom kako su \u017eene nau\u010dene da moraju trpiti i da je na\u0161a bol nekako uvijek manje va\u017ena.<\/p>\n<p><strong>Roman &#8220;Uhvati zeca&#8221; preveden je na 18 jezika. Koliko god je njegova pri\u010da univerzalna, prostor u kojem se de\u0161ava izuzetno je va\u017ean za odrastanje samih junakinja. Ima li razlike u recepciji romana na Balkanu i na Zapadu?<\/strong><\/p>\n<p>Recepcija se razlikovala od zemlje do zemlje. Na primjer, u Njema\u010dkoj \u017eensko prijateljstvo stvarno nije neki spektakularno nov motiv i ne podcrtava se kao kod nas. Dijasporu zanima nostalgija, ponekad me \u010dak malo i smetalo pretjerano nostalgi\u010dno \u010ditanje knjige jer sam nostalgiju, makar kroz Lejlin lik, poku\u0161ala da izbjegnem. U Srbiji te odmah prozovu drugosrbijankom i stranom pla\u0107enicom jer za\u0161to ne pi\u0161e\u0161 o srpskim \u017ertvama u Hrvatskoj. Najmanje sam reakcija dobila iz Banja Luke, tu\u017eno je kad do\u0111e\u0161 u Berlin i vidi\u0161 knjigu u svim knji\u017earama, a ne vidi\u0161 je u svom gradu, pogotovo ako napi\u0161e\u0161 knjigu o tom gradu. Razli\u010dita su \u010ditanja, na primjer u Kataloniji se ljudi identifikuju s promjenom imena u knjizi jer su mnogi morali da koriste \u0161panska imena za vrijeme <strong>Franca<\/strong>, a na ameri\u010dkim \u010ditateljskim klubovima knjigu su tretirali kao <em>road trip<\/em>, jedna mi je novinarka \u010dak rekla da nije jasno na koji rat to\u010dno mislim u romanu. Konta\u0161, mi znamo sve o njima, tko im sjedi u Vrhovnom sudu, pratimo im politi\u010darke, oni ne znaju za Bosnu i rat.<\/p>\n<p><strong>Osje\u0107ate li pritisak pi\u0161u\u0107i drugi roman nakon uspjeha &#8220;Zeca\u201c?<\/strong><\/p>\n<p>Va\u017eno mi je da se ne ponavljam, ne \u017eelim da svi moji romani budu napisani istim glasom pa naravno da znam da osjetim pritisak i strah \u2013 kao da nekog la\u017eem da sam spisateljica i da mi se zapravo samo jednom posre\u0107ilo. Ali, evo ba\u0161 sad u Berlinu pi\u0161em taj drugi roman jer sam rekla sebi: ima\u0161 pravo i da napi\u0161e\u0161 osrednju knjigu. Plan je da roman bude gotov idu\u0107e godine pa \u0107emo da vidimo. Ima toliko spisateljica koje obo\u017eavam, a koje su pisale i fenomenalne romane i samo okej romane, ne mora\u0161 da bude\u0161 savr\u0161ena da bi imala svoje mjesto za stolom. Po meni je to isto dio seksisti\u010dke knji\u017eevne kulture, imam pravo da budem dio ovog dijaloga samo ako napi\u0161em ne\u0161to spektakularno.<\/p>\n<p><strong>Sura\u0111ujete s mnogim regionalnim knji\u017eevnicama i me\u0111usobno se javno podupirete, \u010dini mi se da se to i dalje smatra nekom iznimkom u knji\u017eevnom polju?<\/strong><\/p>\n<p>Neke od tih sjajnih \u017eena su mi ba\u0161 bliske prijateljice, nevezano za to \u0161to su mi i kolegice, a solidarnost je direktan odgovor na kapitalisti\u010dki knji\u017eevni koncept i hijerarhijsko gledanje na knji\u017eevne &#8220;rezultate&#8221;, kao da postoji jedan pobjednik. Nije li logi\u010dno da \u017eelimo da se pove\u0107a broj \u010ditalaca, a on se pove\u0107ava tako \u0161to svi skupa pi\u0161emo \u0161to vi\u0161e dobrih knjiga. Uvijek ka\u017eem, ako selo ima jednog pjesnika, ne\u0107e biti ni knji\u017eevnog festivala ni \u010dasopisa ni biblioteke. Recimo, jako sam sretna \u0161to je zbirka &#8220;Nikamo ne idem&#8221; Rumene Bu\u017earovske prevedena na engleski jezik pa mogu svim svojim ljudima vani da preporu\u010dim tu divnu knjigu. Osjetim neki ponos, a i ljudima \u0107e biti jasnije odakle i ja dolazim kada je pro\u010ditaju, meni je zdrav razum da se me\u0111usobno promovi\u0161emo.<\/p>\n<p><strong>S Lamijom Begagi\u0107 i Lejlom Kalamuji\u0107 organizirali ste knji\u017eevna dru\u017eenja &#8220;3+3 sestre&#8221;, o \u010demu je rije\u010d?<\/strong><\/p>\n<p>Nas tri smo u jednoj sarajevskoj kafani do\u0161le na ideju da imamo knji\u017eevne ve\u010deri na kojima tri spisateljice govore o neke druge tri spisateljice, a ne otkrijemo unaprijed o kome \u0107emo da pri\u010damo. Te su ve\u010deri pro\u0161le odli\u010dno, dru\u017eile smo se u Sarajevu, Mostaru, Banjoj Luci, Rumena je koncept prenijela i na Makedoniju. Skroz smo otvorene da bilo tko &#8220;kopira&#8221; ideju, organizujte se.<\/p>\n<figure id=\"attachment_2444\" aria-describedby=\"caption-attachment-2444\" style=\"width: 2048px\" class=\"wp-caption alignnone\"><img loading=\"lazy\" decoding=\"async\" class=\"wp-image-2444 size-full\" src=\"https:\/\/sdf.hr\/wp-content\/uploads\/2023\/03\/Bastasic3__Vladimir-Niciforovic-scaled.jpg\" alt=\"\" width=\"2048\" height=\"2560\" srcset=\"https:\/\/sdf.hr\/wp-content\/uploads\/2023\/03\/Bastasic3__Vladimir-Niciforovic-scaled.jpg 2048w, https:\/\/sdf.hr\/wp-content\/uploads\/2023\/03\/Bastasic3__Vladimir-Niciforovic-240x300.jpg 240w, https:\/\/sdf.hr\/wp-content\/uploads\/2023\/03\/Bastasic3__Vladimir-Niciforovic-819x1024.jpg 819w, https:\/\/sdf.hr\/wp-content\/uploads\/2023\/03\/Bastasic3__Vladimir-Niciforovic-768x960.jpg 768w, https:\/\/sdf.hr\/wp-content\/uploads\/2023\/03\/Bastasic3__Vladimir-Niciforovic-1229x1536.jpg 1229w, https:\/\/sdf.hr\/wp-content\/uploads\/2023\/03\/Bastasic3__Vladimir-Niciforovic-1639x2048.jpg 1639w\" sizes=\"auto, (max-width: 2048px) 100vw, 2048px\" \/><figcaption id=\"caption-attachment-2444\" class=\"wp-caption-text\">Foto: Vladimir Ni\u0107iforovi\u0107<\/figcaption><\/figure>\n<p><strong> Zbirka pri\u010da &#8220;Mlije\u010dni zubi&#8221; govori od onome mra\u010dnome u na\u0161im djetinjstvima. Odakle motivacija za knjigu u kojoj su glavni likovi djeca?<\/strong><\/p>\n<p>Djetinjstvo je tema koja me kao spisateljicu ve\u0107 neko vrijeme opsjeda \u2013 dok sam pisala roman, shvatila sam da jo\u0161 \u017eelim da istra\u017eujem djetinjstvo, ali u onom obimu koji me zanimao, pojelo bi strukturu romana. Paralelno, ve\u0107 sam imala dvije pri\u010de s djecom kao glavnim likovima. Htjela sam da zapi\u0161em svoje iskustvo sa \u010dasa fizi\u010dkog, htjela sam napisati pri\u010du koju mi je mama ispri\u010dala \u2013 o slijetanju na Mjesec i dje\u010djoj perspektivi tog doga\u0111aja u jednom selu. Paralelno, privla\u010dio me horor kao \u017eanr, odnosno ono \u0161to se u engleskom ka\u017ee <em>uncanny<\/em>, ne\u0161to \u0161to je rubno, stra\u0161no i uznemiruju\u0107e, ali ti osje\u0107aji u knjizi nisu sami sebi svrhom, nego govore puno o dru\u0161tvu u kojem odrastaju djeca. Istovremeno, knjiga &#8220;Fizika tuge&#8221; <strong>Georgija Gospodinova<\/strong> i pri\u010da o dje\u010daku-Minotauru podstakla me da razmi\u0161ljam o malim, budu\u0107im \u010dudovi\u0161tima i u kojim uvjetima oni nastaju. Ovo se sve de\u0161ava u trenutku u kojem u Srbiji kre\u0107e pri\u010da o padu nataliteta i onda sam shvatila da ima smisla pri\u010dati kako se ustvari pona\u0161amo prema toj djeci kada nisu samo brojevi u knjizi ro\u0111enih, nego mali ljudi od krivi i mesa.<\/p>\n<p><strong>Izjavili ste: &#8220;Feminizam nikoga ne ugro\u017eava i nikome ni\u0161ta ne oduzima. Ako vam to nije jasno, niste uradili zada\u0107u.&#8221; Mnogi zada\u0107u uradili nisu, ali vi ste i dalje aktivni na raznim protestima, za\u0161to vam je va\u017eno iza\u0107i na ulicu?<\/strong><\/p>\n<p>\u010cudno mi je da itko tko je imao iskustvo raspada Jugoslavije mo\u017ee da misli da je u redu uzimati stvari zdravo za gotovo. Tako\u0111er, ako gledamo vijesti iz Evrope, iz Amerike, vidimo da je toliko lako izgubiti osnovna prava ako ih malo pusti\u0161, svjesna sam toga do granice paranoje. Sve je mogu\u0107e, pogledajte istoriju Afganistana, mogu da zamislim da je za 50 godina \u017eenama u Hrvatskoj ili Bosni zabranjen abortus. U na\u0161em narodu postoji uzre\u010dica &#8220;ma, pusti budalu&#8221;. Ne\u0107u da pu\u0161tam budale, kad ih pusti\u0161, budale prevladaju. Nisam dio nikakvog udru\u017eenja, na proteste dolazim kao gra\u0111anka, nekad nemam dovoljno vremena jer puno putujem i radim druge stvari, ali gledam \u017eene, aktivistkinje koje obavljaju odli\u010dan posao i moram da podr\u017eim uvijek kada mogu. Jako mi je bila va\u017ena pri\u010da <strong>Marije Luki\u0107<\/strong>, protesti radi Informera i rodno uvjetovanog nasilja u Beogradu. U Barceloni sam bila na mo\u0107nim osmomartovskim mar\u0161evima.<\/p>\n<p><strong>U &#8220;Crvenom koferu&#8221; navodite da su vam \u017eivotne smjernice da pi\u0161ete, da putujete, da volite i da zajebavate fa\u0161iste. Na koje na\u010dine zajebavate fa\u0161iste?<\/strong><\/p>\n<p>Ja sam kao onaj meme koji govori &#8220;du\u0161o, ne mogu da do\u0111em u krevet jer netko u dva ujutro na internetu nije u pravu&#8221;. Vjerujem da na sve treba odgovoriti, radi \u010dega sam i navukla na sebe dosta hejtera, ali rat ne po\u010dinje prvim ispaljenim metkom, femicid ne po\u010dinje fizi\u010dkim nasiljem, sve po\u010dinje upravo u jeziku i prvo netko izgovori strahote. Zato mislim da je va\u017eno prozivati, provocirati, nekad i humorom, biti glasna, jer \u0107e to mo\u017eda pro\u010ditati neka \u0161esnaestogodi\u0161njakinja kojoj \u0107e biti va\u017eno da postoje neki ljudi, neke \u017eene, koje je razumiju. Diskriminacija kre\u0107e u jeziku i tu je tako\u0111er treba hvatati. Ne mogu da bacam fla\u0161e na protestima jer sporo tr\u010dim i mala sam, ali mogu da tipkam u dva ujutro.<\/p>\n<p><strong>Hrvatski jezi\u010dni portal ka\u017ee da je nada &#8220;o\u010dekivanje budu\u0107eg dobra&#8221;. \u0160to dobro o\u010dekujete?<\/strong><\/p>\n<p>Nadu mi daju mladi ljudi koje upoznajem u srednjim \u0161kolama \u2013 u gimnaziji u Sremskim Karlovcima upoznala sam mlade pankere i djevoj\u010dice koje su izborile besplatne ulo\u0161ke u \u0161koli. Ta generacija je sjajna, nemaju zumeri vi\u0161e strpljenja i ne \u0107ute, ne srame se \u0161to su feministkinje i feministi, obla\u010de se kako \u017eele, govore \u0161to misle. Mi milenijalci smo bili melanholi\u010dni i opsjednuti sami sobom, zumeri se shvataju manje ozbiljno, ako ne skliznu u cinizam, \u010deka ih borbenija budu\u0107nost.<\/p>\n<p><em>razgovor vodila Vedrana Bibi\u0107<\/em><\/p>\n","protected":false},"excerpt":{"rendered":"<p>Vjerujem da na sve treba odgovoriti, radi \u010dega sam i navukla na sebe dosta hejtera, ali rat ne po\u010dinje prvim ispaljenim metkom, femicid ne po\u010dinje fizi\u010dkim nasiljem, sve po\u010dinje upravo u jeziku i prvo netko izgovori strahote. Zato je va\u017eno biti glasna<\/p>\n","protected":false},"featured_media":2451,"template":"","tags":[29],"atribut":[],"class_list":["post-2449","nada","type-nada","status-publish","has-post-thumbnail","hentry","tag-intervju"],"acf":[],"yoast_head":"<!-- This site is optimized with the Yoast SEO plugin v27.4 - https:\/\/yoast.com\/product\/yoast-seo-wordpress\/ -->\n<title>Lana Basta\u0161i\u0107: Ne\u0107u da pustim budale - SDF - Srpski demokratski forum<\/title>\n<meta name=\"robots\" content=\"index, follow, max-snippet:-1, max-image-preview:large, max-video-preview:-1\" \/>\n<link rel=\"canonical\" href=\"https:\/\/sdf.hr\/hr\/nada\/lana-bastasic-necu-da-pustim-budale\/\" \/>\n<meta property=\"og:locale\" content=\"hr_HR\" \/>\n<meta property=\"og:type\" content=\"article\" \/>\n<meta property=\"og:title\" content=\"Lana Basta\u0161i\u0107: Ne\u0107u da pustim budale - SDF - Srpski demokratski forum\" \/>\n<meta property=\"og:description\" content=\"Vjerujem da na sve treba odgovoriti, radi \u010dega sam i navukla na sebe dosta hejtera, ali rat ne po\u010dinje prvim ispaljenim metkom, femicid ne po\u010dinje fizi\u010dkim nasiljem, sve po\u010dinje upravo u jeziku i prvo netko izgovori strahote. Zato je va\u017eno biti glasna\" \/>\n<meta property=\"og:url\" content=\"https:\/\/sdf.hr\/hr\/nada\/lana-bastasic-necu-da-pustim-budale\/\" \/>\n<meta property=\"og:site_name\" content=\"SDF - Srpski demokratski forum\" \/>\n<meta property=\"article:modified_time\" content=\"2023-03-27T10:43:41+00:00\" \/>\n<meta property=\"og:image\" content=\"https:\/\/sdf.hr\/wp-content\/uploads\/2023\/03\/Bastasic11_Vladimir-Niciforovic-scaled.jpg\" \/>\n\t<meta property=\"og:image:width\" content=\"2560\" \/>\n\t<meta property=\"og:image:height\" content=\"1772\" \/>\n\t<meta property=\"og:image:type\" content=\"image\/jpeg\" \/>\n<meta name=\"twitter:card\" content=\"summary_large_image\" \/>\n<meta name=\"twitter:label1\" content=\"Procijenjeno vrijeme \u010ditanja\" \/>\n\t<meta name=\"twitter:data1\" content=\"14 minuta\" \/>\n<script type=\"application\/ld+json\" class=\"yoast-schema-graph\">{\"@context\":\"https:\\\/\\\/schema.org\",\"@graph\":[{\"@type\":\"WebPage\",\"@id\":\"https:\\\/\\\/sdf.hr\\\/hr\\\/nada\\\/lana-bastasic-necu-da-pustim-budale\\\/\",\"url\":\"https:\\\/\\\/sdf.hr\\\/hr\\\/nada\\\/lana-bastasic-necu-da-pustim-budale\\\/\",\"name\":\"Lana Basta\u0161i\u0107: Ne\u0107u da pustim budale - SDF - Srpski demokratski forum\",\"isPartOf\":{\"@id\":\"https:\\\/\\\/sdf.hr\\\/#website\"},\"primaryImageOfPage\":{\"@id\":\"https:\\\/\\\/sdf.hr\\\/hr\\\/nada\\\/lana-bastasic-necu-da-pustim-budale\\\/#primaryimage\"},\"image\":{\"@id\":\"https:\\\/\\\/sdf.hr\\\/hr\\\/nada\\\/lana-bastasic-necu-da-pustim-budale\\\/#primaryimage\"},\"thumbnailUrl\":\"https:\\\/\\\/sdf.hr\\\/wp-content\\\/uploads\\\/2023\\\/03\\\/Bastasic11_Vladimir-Niciforovic-scaled.jpg\",\"datePublished\":\"2023-03-12T09:52:48+00:00\",\"dateModified\":\"2023-03-27T10:43:41+00:00\",\"breadcrumb\":{\"@id\":\"https:\\\/\\\/sdf.hr\\\/hr\\\/nada\\\/lana-bastasic-necu-da-pustim-budale\\\/#breadcrumb\"},\"inLanguage\":\"hr\",\"potentialAction\":[{\"@type\":\"ReadAction\",\"target\":[\"https:\\\/\\\/sdf.hr\\\/hr\\\/nada\\\/lana-bastasic-necu-da-pustim-budale\\\/\"]}]},{\"@type\":\"ImageObject\",\"inLanguage\":\"hr\",\"@id\":\"https:\\\/\\\/sdf.hr\\\/hr\\\/nada\\\/lana-bastasic-necu-da-pustim-budale\\\/#primaryimage\",\"url\":\"https:\\\/\\\/sdf.hr\\\/wp-content\\\/uploads\\\/2023\\\/03\\\/Bastasic11_Vladimir-Niciforovic-scaled.jpg\",\"contentUrl\":\"https:\\\/\\\/sdf.hr\\\/wp-content\\\/uploads\\\/2023\\\/03\\\/Bastasic11_Vladimir-Niciforovic-scaled.jpg\",\"width\":2560,\"height\":1772,\"caption\":\"Foto: Vladimir Ni\u0107iforovi\u0107\"},{\"@type\":\"BreadcrumbList\",\"@id\":\"https:\\\/\\\/sdf.hr\\\/hr\\\/nada\\\/lana-bastasic-necu-da-pustim-budale\\\/#breadcrumb\",\"itemListElement\":[{\"@type\":\"ListItem\",\"position\":1,\"name\":\"Po\u010detna stranica\",\"item\":\"https:\\\/\\\/sdf.hr\\\/hr\\\/\"},{\"@type\":\"ListItem\",\"position\":2,\"name\":\"Nada\",\"item\":\"https:\\\/\\\/sdf.hr\\\/nada\\\/\"},{\"@type\":\"ListItem\",\"position\":3,\"name\":\"Lana Basta\u0161i\u0107: Ne\u0107u da pustim budale\"}]},{\"@type\":\"WebSite\",\"@id\":\"https:\\\/\\\/sdf.hr\\\/#website\",\"url\":\"https:\\\/\\\/sdf.hr\\\/\",\"name\":\"SDF - Srpski demokratski forum\",\"description\":\"Srpski demokratski forum\",\"publisher\":{\"@id\":\"https:\\\/\\\/sdf.hr\\\/#organization\"},\"potentialAction\":[{\"@type\":\"SearchAction\",\"target\":{\"@type\":\"EntryPoint\",\"urlTemplate\":\"https:\\\/\\\/sdf.hr\\\/?s={search_term_string}\"},\"query-input\":{\"@type\":\"PropertyValueSpecification\",\"valueRequired\":true,\"valueName\":\"search_term_string\"}}],\"inLanguage\":\"hr\"},{\"@type\":\"Organization\",\"@id\":\"https:\\\/\\\/sdf.hr\\\/#organization\",\"name\":\"SDF - Srpski demokratski forum\",\"url\":\"https:\\\/\\\/sdf.hr\\\/\",\"logo\":{\"@type\":\"ImageObject\",\"inLanguage\":\"hr\",\"@id\":\"https:\\\/\\\/sdf.hr\\\/#\\\/schema\\\/logo\\\/image\\\/\",\"url\":\"https:\\\/\\\/sdf.hr\\\/wp-content\\\/uploads\\\/2021\\\/07\\\/logo-hr.svg\",\"contentUrl\":\"https:\\\/\\\/sdf.hr\\\/wp-content\\\/uploads\\\/2021\\\/07\\\/logo-hr.svg\",\"width\":271,\"height\":100,\"caption\":\"SDF - Srpski demokratski forum\"},\"image\":{\"@id\":\"https:\\\/\\\/sdf.hr\\\/#\\\/schema\\\/logo\\\/image\\\/\"}}]}<\/script>\n<!-- \/ Yoast SEO plugin. -->","yoast_head_json":{"title":"Lana Basta\u0161i\u0107: Ne\u0107u da pustim budale - SDF - Srpski demokratski forum","robots":{"index":"index","follow":"follow","max-snippet":"max-snippet:-1","max-image-preview":"max-image-preview:large","max-video-preview":"max-video-preview:-1"},"canonical":"https:\/\/sdf.hr\/hr\/nada\/lana-bastasic-necu-da-pustim-budale\/","og_locale":"hr_HR","og_type":"article","og_title":"Lana Basta\u0161i\u0107: Ne\u0107u da pustim budale - SDF - Srpski demokratski forum","og_description":"Vjerujem da na sve treba odgovoriti, radi \u010dega sam i navukla na sebe dosta hejtera, ali rat ne po\u010dinje prvim ispaljenim metkom, femicid ne po\u010dinje fizi\u010dkim nasiljem, sve po\u010dinje upravo u jeziku i prvo netko izgovori strahote. Zato je va\u017eno biti glasna","og_url":"https:\/\/sdf.hr\/hr\/nada\/lana-bastasic-necu-da-pustim-budale\/","og_site_name":"SDF - Srpski demokratski forum","article_modified_time":"2023-03-27T10:43:41+00:00","og_image":[{"width":2560,"height":1772,"url":"https:\/\/sdf.hr\/wp-content\/uploads\/2023\/03\/Bastasic11_Vladimir-Niciforovic-scaled.jpg","type":"image\/jpeg"}],"twitter_card":"summary_large_image","twitter_misc":{"Procijenjeno vrijeme \u010ditanja":"14 minuta"},"schema":{"@context":"https:\/\/schema.org","@graph":[{"@type":"WebPage","@id":"https:\/\/sdf.hr\/hr\/nada\/lana-bastasic-necu-da-pustim-budale\/","url":"https:\/\/sdf.hr\/hr\/nada\/lana-bastasic-necu-da-pustim-budale\/","name":"Lana Basta\u0161i\u0107: Ne\u0107u da pustim budale - SDF - Srpski demokratski forum","isPartOf":{"@id":"https:\/\/sdf.hr\/#website"},"primaryImageOfPage":{"@id":"https:\/\/sdf.hr\/hr\/nada\/lana-bastasic-necu-da-pustim-budale\/#primaryimage"},"image":{"@id":"https:\/\/sdf.hr\/hr\/nada\/lana-bastasic-necu-da-pustim-budale\/#primaryimage"},"thumbnailUrl":"https:\/\/sdf.hr\/wp-content\/uploads\/2023\/03\/Bastasic11_Vladimir-Niciforovic-scaled.jpg","datePublished":"2023-03-12T09:52:48+00:00","dateModified":"2023-03-27T10:43:41+00:00","breadcrumb":{"@id":"https:\/\/sdf.hr\/hr\/nada\/lana-bastasic-necu-da-pustim-budale\/#breadcrumb"},"inLanguage":"hr","potentialAction":[{"@type":"ReadAction","target":["https:\/\/sdf.hr\/hr\/nada\/lana-bastasic-necu-da-pustim-budale\/"]}]},{"@type":"ImageObject","inLanguage":"hr","@id":"https:\/\/sdf.hr\/hr\/nada\/lana-bastasic-necu-da-pustim-budale\/#primaryimage","url":"https:\/\/sdf.hr\/wp-content\/uploads\/2023\/03\/Bastasic11_Vladimir-Niciforovic-scaled.jpg","contentUrl":"https:\/\/sdf.hr\/wp-content\/uploads\/2023\/03\/Bastasic11_Vladimir-Niciforovic-scaled.jpg","width":2560,"height":1772,"caption":"Foto: Vladimir Ni\u0107iforovi\u0107"},{"@type":"BreadcrumbList","@id":"https:\/\/sdf.hr\/hr\/nada\/lana-bastasic-necu-da-pustim-budale\/#breadcrumb","itemListElement":[{"@type":"ListItem","position":1,"name":"Po\u010detna stranica","item":"https:\/\/sdf.hr\/hr\/"},{"@type":"ListItem","position":2,"name":"Nada","item":"https:\/\/sdf.hr\/nada\/"},{"@type":"ListItem","position":3,"name":"Lana Basta\u0161i\u0107: Ne\u0107u da pustim budale"}]},{"@type":"WebSite","@id":"https:\/\/sdf.hr\/#website","url":"https:\/\/sdf.hr\/","name":"SDF - Srpski demokratski forum","description":"Srpski demokratski forum","publisher":{"@id":"https:\/\/sdf.hr\/#organization"},"potentialAction":[{"@type":"SearchAction","target":{"@type":"EntryPoint","urlTemplate":"https:\/\/sdf.hr\/?s={search_term_string}"},"query-input":{"@type":"PropertyValueSpecification","valueRequired":true,"valueName":"search_term_string"}}],"inLanguage":"hr"},{"@type":"Organization","@id":"https:\/\/sdf.hr\/#organization","name":"SDF - Srpski demokratski forum","url":"https:\/\/sdf.hr\/","logo":{"@type":"ImageObject","inLanguage":"hr","@id":"https:\/\/sdf.hr\/#\/schema\/logo\/image\/","url":"https:\/\/sdf.hr\/wp-content\/uploads\/2021\/07\/logo-hr.svg","contentUrl":"https:\/\/sdf.hr\/wp-content\/uploads\/2021\/07\/logo-hr.svg","width":271,"height":100,"caption":"SDF - Srpski demokratski forum"},"image":{"@id":"https:\/\/sdf.hr\/#\/schema\/logo\/image\/"}}]}},"_links":{"self":[{"href":"https:\/\/sdf.hr\/hr\/wp-json\/wp\/v2\/nada\/2449","targetHints":{"allow":["GET"]}}],"collection":[{"href":"https:\/\/sdf.hr\/hr\/wp-json\/wp\/v2\/nada"}],"about":[{"href":"https:\/\/sdf.hr\/hr\/wp-json\/wp\/v2\/types\/nada"}],"wp:featuredmedia":[{"embeddable":true,"href":"https:\/\/sdf.hr\/hr\/wp-json\/wp\/v2\/media\/2451"}],"wp:attachment":[{"href":"https:\/\/sdf.hr\/hr\/wp-json\/wp\/v2\/media?parent=2449"}],"wp:term":[{"taxonomy":"post_tag","embeddable":true,"href":"https:\/\/sdf.hr\/hr\/wp-json\/wp\/v2\/tags?post=2449"},{"taxonomy":"atribut","embeddable":true,"href":"https:\/\/sdf.hr\/hr\/wp-json\/wp\/v2\/atribut?post=2449"}],"curies":[{"name":"wp","href":"https:\/\/api.w.org\/{rel}","templated":true}]}}