{"id":3039,"date":"2023-03-25T12:03:58","date_gmt":"2023-03-25T11:03:58","guid":{"rendered":"https:\/\/sdf.hr\/?post_type=nada&#038;p=3039"},"modified":"2023-03-25T12:03:58","modified_gmt":"2023-03-25T11:03:58","slug":"salom-sahida-2","status":"publish","type":"nada","link":"https:\/\/sdf.hr\/hr\/nada\/salom-sahida-2\/","title":{"rendered":"\u0160alom, \u0160ahida"},"content":{"rendered":"<p>BBC je nedavno odlu\u010dio povu\u0107i odluku o suspenziji biv\u0161eg nogometa\u0161a i voditelja sportskog programa <strong>Garyja Linekera<\/strong> zbog tweetova u kojima kritizira migracijsku politiku britanske vlade. Podsjetimo, vladin plan da stavlja u detenciju i deportira migrante koji u zemlju sti\u017eu brodovima Lineker je opisao kao &#8220;neizmjerno okrutnu politiku prema najranjivijim ljudima, a koja koristi jezik koji se ne razlikuje od onoga koji je koristila Njema\u010dka 1930-ih godina&#8221;.<\/p>\n<p>Nakon \u0161to su se voditelji mnogih popularnih sportskih emisija u znak solidarnosti s Linekerom odbili pojaviti na poslu, BBC je bio prisiljen nekoliko dana emitirati ograni\u010den sportski program. Lineker se vratio na ekrane, a zbog ubila\u010dkih migracijskih politika izbjeglice i migranti na obalama i kopnu Europe i dalje svakodnevno ginu. Ima me\u0111u njima i sporta\u0161a i sporta\u0161ica. Spomenut \u0107emo ovdje samo jednu, ne da je izdvajamo, nego da barem s jednim \u017eivotom nakratko zastanemo.<\/p>\n<p>Film vrtimo na nedavni brodolom na jugu Italije. <strong>\u0160ahida Raza<\/strong> u kasnim je dvadesetim godinama \u017eivota. Pakistanska je profesionalna hokeja\u0161ica i nogometa\u0161ica pakistanske reprezentacije, a na dalek put kre\u0107e sa \u017eeljom da se u nekoj od europskih zemalja zaposli i osigura medicinsku skrb za svog trogodi\u0161njeg sina <strong>Hasana<\/strong>. Hasan ima invaliditet zbog kojeg ne mo\u017ee govoriti niti se kretati bez tu\u0111e pomo\u0107i.<\/p>\n<p>\u0160ahida dolazi iz manjinske zajednice Hazara, \u010desto proganjane i mete napada naoru\u017eanih skupina, \u0161to je mnoge njene pripadnike natjeralo da tra\u017ee azil u inozemstvu. I njen je plan u Europi prvo zatra\u017eiti azil, a zatim dovesti sina. Iako je profesionalna sporta\u0161ica i predstavljala je Pakistan na nekoliko me\u0111unarodnih natjecanja (u Singapuru, Tajlandu, Hong Kongu, Iranu), od svoga rada ne mo\u017ee \u017eivjeti, naro\u010dito nakon \u0161to je pakistanska vlada odlu\u010dila ukinuti sponzorstva za velik dio sportskih kolektiva.<\/p>\n<p>\u0160ahida \u017eivi u predgra\u0111u Quette, grada punog izbjeglica iz Afganistana. Smje\u0161ten blizu granice s Afganistanom, Quetta je jedini grad u zemlji s preko milijun stanovnika koji \u017eive na velikoj nadmorskoj visini, a poznat je i kao &#8220;vo\u0107ni vrt Pakistana&#8221;. \u0160ahida Pakistan napu\u0161ta prelaze\u0107i jugozapadnu granicu zemlje s Iranom. Putuje potom u Tursku. \u010cetiri mjeseca provodi na putu, a onda se napokon na turskoj obali uspijeva ukrcati na drveni \u010damac prema Italiji. Me\u0111u dvjestotinjak putnika jo\u0161 je ljudi iz Pakistana, ali i iz Afganistana, Somalije, Sirije. Ostatak putovanja \u0160ahida mo\u017ee brojati u danima, na prste jedne ruke \u2013 \u010detiri dana \u010damac plovi prema jugu Italije. Pozivom se javlja sestri <strong>Sadiji<\/strong>, govori joj da se pla\u0161i da joj se ne\u0161to lo\u0161e dogodi na otvorenom moru. Ipak je vi\u0161e od svega uzbu\u0111ena, ne mo\u017ee vjerovati da je toliko blizu Italije. Zatim se poziv prekida, a \u0160ahidu sestra vi\u0161e ne mo\u017ee dobiti.<\/p>\n<p>Sunce jedva da je iza\u0161lo u nedjelju ujutro kada ribari na obali grada Cutra otkrivaju prva tijela. Drveni \u010damac udario je u no\u0107i o stijene u uzburkanom moru. &#8220;Ona je bila jedina hraniteljica obitelji. Rekla mi je da \u0107e sina Hasana, \u010dim dobije posao, dovesti kod sebe&#8221;, kratko agenciji Reuters komentira \u0160ahidina suigra\u010dica, hokeja\u0161ica <strong>Summaya Kainat<\/strong>. Bijeli ljesovi idu\u0107ih se dana redaju u gradskoj sportskoj dvorani. Me\u0111u sedamdesetak le\u0161eva, od kojih su vi\u0161e od pola maloljetnici i maloljetnice, le\u017ei i tijelo \u0160ahide Raze. \u0160ahid ili \u0160ahida, ime je popularno u mnogim zemljama u kojima je muslimanskog stanovni\u0161tva. Na arapskom se tom rije\u010dju naj\u010de\u0161\u0107e zaziva i odzdravlja mu\u010denike, ali izvorno je zna\u010denje rije\u010di &#8220;svjedok&#8221;.<\/p>\n<p><em>Pi\u0161e Ivana Peri\u0107<\/em><\/p>\n","protected":false},"excerpt":{"rendered":"<p>Zbog ubila\u010dkih migracijskih politika, izbjeglice i migranti svakodnevno ginu na obalama i kopnu Europe. Me\u0111u njima ima sporta\u0161a i sporta\u0161ica kao \u0161to je \u0160ahida Raza, hokeja\u0161ica i nogometa\u0161ica pakistanske reprezentacije<\/p>\n","protected":false},"featured_media":3040,"template":"","tags":[41],"atribut":[],"class_list":["post-3039","nada","type-nada","status-publish","has-post-thumbnail","hentry","tag-dvokorak-naprijed-2"],"acf":[],"yoast_head":"<!-- This site is optimized with the Yoast SEO plugin v27.4 - https:\/\/yoast.com\/product\/yoast-seo-wordpress\/ -->\n<title>\u0160alom, \u0160ahida - SDF - Srpski demokratski forum<\/title>\n<meta name=\"robots\" content=\"index, follow, max-snippet:-1, max-image-preview:large, max-video-preview:-1\" \/>\n<link rel=\"canonical\" href=\"https:\/\/sdf.hr\/hr\/nada\/salom-sahida-2\/\" \/>\n<meta property=\"og:locale\" content=\"hr_HR\" \/>\n<meta property=\"og:type\" content=\"article\" \/>\n<meta property=\"og:title\" content=\"\u0160alom, \u0160ahida - SDF - Srpski demokratski forum\" \/>\n<meta property=\"og:description\" content=\"Zbog ubila\u010dkih migracijskih politika, izbjeglice i migranti svakodnevno ginu na obalama i kopnu Europe. Me\u0111u njima ima sporta\u0161a i sporta\u0161ica kao \u0161to je \u0160ahida Raza, hokeja\u0161ica i nogometa\u0161ica pakistanske reprezentacije\" \/>\n<meta property=\"og:url\" content=\"https:\/\/sdf.hr\/hr\/nada\/salom-sahida-2\/\" \/>\n<meta property=\"og:site_name\" content=\"SDF - Srpski demokratski forum\" \/>\n<meta property=\"og:image\" content=\"https:\/\/sdf.hr\/wp-content\/uploads\/2023\/03\/Brodolom_Alfonso-Di-Vincenzo-IPA-scaled.jpg\" \/>\n\t<meta property=\"og:image:width\" content=\"2560\" \/>\n\t<meta property=\"og:image:height\" content=\"1707\" \/>\n\t<meta property=\"og:image:type\" content=\"image\/jpeg\" \/>\n<meta name=\"twitter:card\" content=\"summary_large_image\" \/>\n<meta name=\"twitter:label1\" content=\"Procijenjeno vrijeme \u010ditanja\" \/>\n\t<meta name=\"twitter:data1\" content=\"3 minute\" \/>\n<script type=\"application\/ld+json\" class=\"yoast-schema-graph\">{\"@context\":\"https:\\\/\\\/schema.org\",\"@graph\":[{\"@type\":\"WebPage\",\"@id\":\"https:\\\/\\\/sdf.hr\\\/hr\\\/nada\\\/salom-sahida-2\\\/\",\"url\":\"https:\\\/\\\/sdf.hr\\\/hr\\\/nada\\\/salom-sahida-2\\\/\",\"name\":\"\u0160alom, \u0160ahida - SDF - Srpski demokratski forum\",\"isPartOf\":{\"@id\":\"https:\\\/\\\/sdf.hr\\\/#website\"},\"primaryImageOfPage\":{\"@id\":\"https:\\\/\\\/sdf.hr\\\/hr\\\/nada\\\/salom-sahida-2\\\/#primaryimage\"},\"image\":{\"@id\":\"https:\\\/\\\/sdf.hr\\\/hr\\\/nada\\\/salom-sahida-2\\\/#primaryimage\"},\"thumbnailUrl\":\"https:\\\/\\\/sdf.hr\\\/wp-content\\\/uploads\\\/2023\\\/03\\\/Brodolom_Alfonso-Di-Vincenzo-IPA-scaled.jpg\",\"datePublished\":\"2023-03-25T11:03:58+00:00\",\"breadcrumb\":{\"@id\":\"https:\\\/\\\/sdf.hr\\\/hr\\\/nada\\\/salom-sahida-2\\\/#breadcrumb\"},\"inLanguage\":\"hr\",\"potentialAction\":[{\"@type\":\"ReadAction\",\"target\":[\"https:\\\/\\\/sdf.hr\\\/hr\\\/nada\\\/salom-sahida-2\\\/\"]}]},{\"@type\":\"ImageObject\",\"inLanguage\":\"hr\",\"@id\":\"https:\\\/\\\/sdf.hr\\\/hr\\\/nada\\\/salom-sahida-2\\\/#primaryimage\",\"url\":\"https:\\\/\\\/sdf.hr\\\/wp-content\\\/uploads\\\/2023\\\/03\\\/Brodolom_Alfonso-Di-Vincenzo-IPA-scaled.jpg\",\"contentUrl\":\"https:\\\/\\\/sdf.hr\\\/wp-content\\\/uploads\\\/2023\\\/03\\\/Brodolom_Alfonso-Di-Vincenzo-IPA-scaled.jpg\",\"width\":2560,\"height\":1707,\"caption\":\"On the beaches of Steccato di Cutro and Crotone, the search for survivors lost at sea continues after last Sunday's shipwreck in which 63 migrants have died to date and 81 have been saved, the beach is still full of debris and the remains of the boat is broken in the night. Photo: Alfonso Di Vincenzo \\\/ ipa-agency\\\/IPA\"},{\"@type\":\"BreadcrumbList\",\"@id\":\"https:\\\/\\\/sdf.hr\\\/hr\\\/nada\\\/salom-sahida-2\\\/#breadcrumb\",\"itemListElement\":[{\"@type\":\"ListItem\",\"position\":1,\"name\":\"Po\u010detna stranica\",\"item\":\"https:\\\/\\\/sdf.hr\\\/hr\\\/\"},{\"@type\":\"ListItem\",\"position\":2,\"name\":\"Nada\",\"item\":\"https:\\\/\\\/sdf.hr\\\/nada\\\/\"},{\"@type\":\"ListItem\",\"position\":3,\"name\":\"\u0160alom, \u0160ahida\"}]},{\"@type\":\"WebSite\",\"@id\":\"https:\\\/\\\/sdf.hr\\\/#website\",\"url\":\"https:\\\/\\\/sdf.hr\\\/\",\"name\":\"SDF - Srpski demokratski forum\",\"description\":\"Srpski demokratski forum\",\"publisher\":{\"@id\":\"https:\\\/\\\/sdf.hr\\\/#organization\"},\"potentialAction\":[{\"@type\":\"SearchAction\",\"target\":{\"@type\":\"EntryPoint\",\"urlTemplate\":\"https:\\\/\\\/sdf.hr\\\/?s={search_term_string}\"},\"query-input\":{\"@type\":\"PropertyValueSpecification\",\"valueRequired\":true,\"valueName\":\"search_term_string\"}}],\"inLanguage\":\"hr\"},{\"@type\":\"Organization\",\"@id\":\"https:\\\/\\\/sdf.hr\\\/#organization\",\"name\":\"SDF - Srpski demokratski forum\",\"url\":\"https:\\\/\\\/sdf.hr\\\/\",\"logo\":{\"@type\":\"ImageObject\",\"inLanguage\":\"hr\",\"@id\":\"https:\\\/\\\/sdf.hr\\\/#\\\/schema\\\/logo\\\/image\\\/\",\"url\":\"https:\\\/\\\/sdf.hr\\\/wp-content\\\/uploads\\\/2021\\\/07\\\/logo-hr.svg\",\"contentUrl\":\"https:\\\/\\\/sdf.hr\\\/wp-content\\\/uploads\\\/2021\\\/07\\\/logo-hr.svg\",\"width\":271,\"height\":100,\"caption\":\"SDF - Srpski demokratski forum\"},\"image\":{\"@id\":\"https:\\\/\\\/sdf.hr\\\/#\\\/schema\\\/logo\\\/image\\\/\"}}]}<\/script>\n<!-- \/ Yoast SEO plugin. -->","yoast_head_json":{"title":"\u0160alom, \u0160ahida - SDF - Srpski demokratski forum","robots":{"index":"index","follow":"follow","max-snippet":"max-snippet:-1","max-image-preview":"max-image-preview:large","max-video-preview":"max-video-preview:-1"},"canonical":"https:\/\/sdf.hr\/hr\/nada\/salom-sahida-2\/","og_locale":"hr_HR","og_type":"article","og_title":"\u0160alom, \u0160ahida - SDF - Srpski demokratski forum","og_description":"Zbog ubila\u010dkih migracijskih politika, izbjeglice i migranti svakodnevno ginu na obalama i kopnu Europe. Me\u0111u njima ima sporta\u0161a i sporta\u0161ica kao \u0161to je \u0160ahida Raza, hokeja\u0161ica i nogometa\u0161ica pakistanske reprezentacije","og_url":"https:\/\/sdf.hr\/hr\/nada\/salom-sahida-2\/","og_site_name":"SDF - Srpski demokratski forum","og_image":[{"width":2560,"height":1707,"url":"https:\/\/sdf.hr\/wp-content\/uploads\/2023\/03\/Brodolom_Alfonso-Di-Vincenzo-IPA-scaled.jpg","type":"image\/jpeg"}],"twitter_card":"summary_large_image","twitter_misc":{"Procijenjeno vrijeme \u010ditanja":"3 minute"},"schema":{"@context":"https:\/\/schema.org","@graph":[{"@type":"WebPage","@id":"https:\/\/sdf.hr\/hr\/nada\/salom-sahida-2\/","url":"https:\/\/sdf.hr\/hr\/nada\/salom-sahida-2\/","name":"\u0160alom, \u0160ahida - SDF - Srpski demokratski forum","isPartOf":{"@id":"https:\/\/sdf.hr\/#website"},"primaryImageOfPage":{"@id":"https:\/\/sdf.hr\/hr\/nada\/salom-sahida-2\/#primaryimage"},"image":{"@id":"https:\/\/sdf.hr\/hr\/nada\/salom-sahida-2\/#primaryimage"},"thumbnailUrl":"https:\/\/sdf.hr\/wp-content\/uploads\/2023\/03\/Brodolom_Alfonso-Di-Vincenzo-IPA-scaled.jpg","datePublished":"2023-03-25T11:03:58+00:00","breadcrumb":{"@id":"https:\/\/sdf.hr\/hr\/nada\/salom-sahida-2\/#breadcrumb"},"inLanguage":"hr","potentialAction":[{"@type":"ReadAction","target":["https:\/\/sdf.hr\/hr\/nada\/salom-sahida-2\/"]}]},{"@type":"ImageObject","inLanguage":"hr","@id":"https:\/\/sdf.hr\/hr\/nada\/salom-sahida-2\/#primaryimage","url":"https:\/\/sdf.hr\/wp-content\/uploads\/2023\/03\/Brodolom_Alfonso-Di-Vincenzo-IPA-scaled.jpg","contentUrl":"https:\/\/sdf.hr\/wp-content\/uploads\/2023\/03\/Brodolom_Alfonso-Di-Vincenzo-IPA-scaled.jpg","width":2560,"height":1707,"caption":"On the beaches of Steccato di Cutro and Crotone, the search for survivors lost at sea continues after last Sunday's shipwreck in which 63 migrants have died to date and 81 have been saved, the beach is still full of debris and the remains of the boat is broken in the night. Photo: Alfonso Di Vincenzo \/ ipa-agency\/IPA"},{"@type":"BreadcrumbList","@id":"https:\/\/sdf.hr\/hr\/nada\/salom-sahida-2\/#breadcrumb","itemListElement":[{"@type":"ListItem","position":1,"name":"Po\u010detna stranica","item":"https:\/\/sdf.hr\/hr\/"},{"@type":"ListItem","position":2,"name":"Nada","item":"https:\/\/sdf.hr\/nada\/"},{"@type":"ListItem","position":3,"name":"\u0160alom, \u0160ahida"}]},{"@type":"WebSite","@id":"https:\/\/sdf.hr\/#website","url":"https:\/\/sdf.hr\/","name":"SDF - Srpski demokratski forum","description":"Srpski demokratski forum","publisher":{"@id":"https:\/\/sdf.hr\/#organization"},"potentialAction":[{"@type":"SearchAction","target":{"@type":"EntryPoint","urlTemplate":"https:\/\/sdf.hr\/?s={search_term_string}"},"query-input":{"@type":"PropertyValueSpecification","valueRequired":true,"valueName":"search_term_string"}}],"inLanguage":"hr"},{"@type":"Organization","@id":"https:\/\/sdf.hr\/#organization","name":"SDF - Srpski demokratski forum","url":"https:\/\/sdf.hr\/","logo":{"@type":"ImageObject","inLanguage":"hr","@id":"https:\/\/sdf.hr\/#\/schema\/logo\/image\/","url":"https:\/\/sdf.hr\/wp-content\/uploads\/2021\/07\/logo-hr.svg","contentUrl":"https:\/\/sdf.hr\/wp-content\/uploads\/2021\/07\/logo-hr.svg","width":271,"height":100,"caption":"SDF - Srpski demokratski forum"},"image":{"@id":"https:\/\/sdf.hr\/#\/schema\/logo\/image\/"}}]}},"_links":{"self":[{"href":"https:\/\/sdf.hr\/hr\/wp-json\/wp\/v2\/nada\/3039","targetHints":{"allow":["GET"]}}],"collection":[{"href":"https:\/\/sdf.hr\/hr\/wp-json\/wp\/v2\/nada"}],"about":[{"href":"https:\/\/sdf.hr\/hr\/wp-json\/wp\/v2\/types\/nada"}],"wp:featuredmedia":[{"embeddable":true,"href":"https:\/\/sdf.hr\/hr\/wp-json\/wp\/v2\/media\/3040"}],"wp:attachment":[{"href":"https:\/\/sdf.hr\/hr\/wp-json\/wp\/v2\/media?parent=3039"}],"wp:term":[{"taxonomy":"post_tag","embeddable":true,"href":"https:\/\/sdf.hr\/hr\/wp-json\/wp\/v2\/tags?post=3039"},{"taxonomy":"atribut","embeddable":true,"href":"https:\/\/sdf.hr\/hr\/wp-json\/wp\/v2\/atribut?post=3039"}],"curies":[{"name":"wp","href":"https:\/\/api.w.org\/{rel}","templated":true}]}}