{"id":3043,"date":"2023-03-25T12:08:01","date_gmt":"2023-03-25T11:08:01","guid":{"rendered":"https:\/\/sdf.hr\/?post_type=nada&#038;p=3043"},"modified":"2023-03-25T12:08:01","modified_gmt":"2023-03-25T11:08:01","slug":"tesko-je-biti-car","status":"publish","type":"nada","link":"https:\/\/sdf.hr\/hr\/nada\/tesko-je-biti-car\/","title":{"rendered":"Te\u0161ko je biti car"},"content":{"rendered":"<p>Na zidu u ulici u kojoj je bio disco, pisalo je: &#8220;Abortus je ubojstvo&#8221;. Netko je ispod dodao: &#8220;Ako je abortus ubojstvo, drkanje je genocid&#8221;. 1990. je i\u0161la prema svom kraju i uskoro, onaj prvi grafit \u0107e preplaviti gradove. Tridesetak godina kasnije grafiti \u0107e biti prebojani, zamijenit \u0107e ih mu\u0161karci koji mole za \u010dednost \u017eena, ljekarni\u010dki i ginekolo\u0161ki prizivi savjesti, bogata trgovkinja kontracepcijskim pilulama i njena svita koja bi odlu\u010divala o najintimnijem \u0161to \u010dini ljudsku sudbinu te, s druge strane, femicid i nasilje nad \u017eenama u porastu\u2026 I na\u0161i mu\u0161karci, kolege, prijatelji, bra\u0107a, kojima od navedenog vi\u0161e smeta \u0161to smo oko toga &#8220;glasne&#8221;.<\/p>\n<p>Tada dok nismo znali \u0161to nas u \u017eivotu \u010deka, u toplu zimu &#8217;90. godine, sricali smo taj natpis pred discom, prvi pa drugi, dr\u017ee\u0107i se za ruke, dvoje zelemba\u0107a, drugi srednje, zatim slegnuli ramenima, uzdahnuli &#8220;WTF&#8221;, i u\u0161li u magiju neona, jer po\u010dela je matineja u &#8220;Plavoj kavi&#8221; i svi \u010dekaju ultimativni hit &#8220;Udri ja\u010de, manija\u010de&#8221;. Meni se hit ne svi\u0111a, zapravo odvratna mi je svaka rije\u010d. Sjednem na neki zvu\u010dnik, dje\u010dak s kojim sam do\u0161la pita za\u0161to ne ple\u0161em. Grozan mi je taj tekst, ka\u017eem. To je zajebancija, ka\u017ee on. Nije duhovito, odvratno je, slije\u017eem ramenima. Pravim se da razumijem da on ne razumije, jer \u0161to mi preostaje, racionaliziram: on nije djevoj\u010dica, njega i njegove prijatelje ne spopadaju onanisti i egzibicionisti u busu, kad odu u park ili kad \u0161etaju sami, on ne slu\u0161a &#8220;malo pretjeruje\u0161&#8221; kad to ispri\u010da odraslima iz svoje okoline. Pri tom je drag dje\u010dak, on nije, kao djevoj\u010dica koja sjedi na zvu\u010dniku, u osmom razredu ubo \u0161estarom u\u010denika iz susjedne klupe, samo zato da bi taj probodeni shvatio poruku i kona\u010dno prestao s pipanjem, \u0161tipanjem ili hvatanjem ispod klupe za vrijeme nastave. Jer normalno je da de\u010dki u tim godinama drpaju i maltretiraju cure i da ih one naposljetku ubodu \u0161estarom i da nitko ne sazna ni\u0161ta o tome. Vidim, s onog zvu\u010dnika u &#8220;Plavoj kavi&#8221;, da opet ja pretjerujem, jer svi se drugi zabavljaju. Pa ipak, ve\u0107 znam \u0161to je ironijski odmak, koji u pjesmi o manijaku ne osje\u0107am. Sigurno sa mnom ne\u0161to nije u redu kad ne osje\u0107am ironijski odmak, bojim se da nemam smisla za humor. Preosjetljiva sam, evo nitko nema problema s tekstom, svi ple\u0161u i pjevaju i tako do dana dana\u0161njeg: &#8220;Udri ja\u010de manija\u010de, ubio te grom. Otkad si me napastvovao u srcu si mom. Ne slu\u0161aj me manija\u010de kad ti ka\u017eem stoj, jer ja \u017eelim osjetiti svaki mi\u0161i\u0107 tvoj&#8230;&#8221; Pjevaju slo\u017eno dje\u010daci i djevojke odu siled\u017eiji, dok se iza brda kotrljaju tenkovi onih opipljivih manijaka koji \u0107e im uskoro zauvijek pregaziti \u017eivote i silovati snove.<\/p>\n<p>Neke druge subote, disco matineja s prijateljicama u &#8220;Plavom Jadranu&#8221; (morska boja je, izgleda, bila u \u0111iru), iako je zima, skidamo posu\u0111ene, neudobne cipele s visokom petom jo\u0161 na ulici i u najlonkama tapkamo i poskakujemo bose po hladnom asfaltu prema ku\u0107ama. Uz \u0161etnicu kojom se kre\u0107emo kao po ledenoj \u017eeravici, rastu stare topole, impozantne i kvrgave, pune \u010dvorova i davno odsje\u010denih izboja ni\u017eih grana. Jedno stablo, ako se malo bolje zagleda\u0161, nalik je goloj \u017eeni s velikim grudima. Prijateljica pri\u010da kako se momci po povratku iz disca pijani trljaju o to stablo, naizmjeni\u010dno, grle ga i ljube pa i ne\u0161to vi\u0161e. To je poznata pri\u010da, potvr\u0111uje druga prijateljica. Nabrajaju mi imena momaka za koje se zna da povremeno ljubuju s topolom. Nismo sigurne je li to urnebesno komi\u010dno ili otu\u017eno, valjda oboje. Kakogod, neki momci koji su visoko kotirali, padaju s te tople kao one mucice u prolje\u0107e, u vje\u010dne mo\u010dvare blagog prezira. Srce je strogo, to shvati\u0161 s vremenom, stro\u017ee od mozga, ono ima svoj autonomni smisao za pravdu, srce je zapravo neumoljivo kad se jednom ohladi. Odraslima ne pri\u010damo o tome da se de\u010dki seksaju sa srebrnom topolom, \u010demu, u boljem slu\u010daju, rekli bi neku beskorisnu glupost.<\/p>\n<p>To je jedna od onih stvarnih pri\u010da koja je previ\u0161e bizarna i zbunjuju\u0107a da bi imala neki zaklju\u010dak. A onda je dobila poantu trideset godina kasnije u liku <strong>Borisa Veli\u010dana<\/strong> koji je, me\u0111u znamenitosti koje treba opipati, turistima ponudio <strong>Zagorkine<\/strong> sise. \u017denski dio javnosti je s pravom po\u0161izio, kad je u pitanju sisato drvo, stvar je komi\u010dno jadna, ali kad je u pitanju Zagorka i njen spomenik postaje degutantno iz puno razloga koje je te\u0161ko objasniti onome kome nisu razumljivi: mo\u017eda im je svaka novinarka ili spisateljica, \u017eena op\u0107enito, lo\u0161iji ili bolji dodatak sisama. Za razliku od Veli\u010dana, koji je, bojim se, propustio svoju \u0161ansu, <strong>Rambo Amadeus Antonije Pu\u0161i\u0107<\/strong>, muzi\u010dar i autor teksta mnogih hitova, pa i velikog hita <strong>Dina Dvornika<\/strong> &#8220;Manijak&#8221;, zbog svojih je antiratnih stavova i istupa jo\u0161 devedesetih postao na\u0161 junak, svjetski megacar. I da, Rambo je bio duhovit, katkad i genijalan, sasvim dovoljno da mu progledamo kroz prste kad god bi mu u tekstovima za\u0161tekao &#8220;ironijski odmak&#8221;, i to naj\u010de\u0161\u0107e kad su u pitanju \u2013 \u017eene. &#8220;Malo pretjeruje\u0161&#8221;, opet \u010dujem sli\u010dne glasove kao prije trideset godina. Ukoliko mislite da pretjerujem stavite u isti kontekst u kojem spominjete \u017eene, bilo koju manjinsku skupinu. Ve\u0107ina autora s regionalne rap i trap scene zbog takvog teksta bi bila optu\u017eena za govor mr\u017enje, pa se ti vadi na \u017eanr.<\/p>\n<p>Mizoginija i osvije\u0161teni ili neosvije\u0161teni seksizam dio su folklora, ima ih u hitovima, ima ih u lektiri \u2013 bez ironijskog odmaka. Nipo\u0161to nisam za izbacivanje klasika, oni su svjedoci svog vremena, protiv sam kulture otkazivanja kao i svakog rigidnog na\u010dina obra\u010dunavanja, jer rigidnost i isklju\u010divost vode u nove oblike i\u017eivljavanja i igrali\u0161te su za mnoge osobne obra\u010dune, komplekse i patologije. Ni ne okrene\u0161 se, evo ti neka loma\u010da s knjigama i neki goli oto\u010di\u0107. Ono \u0161to je potrebno jest preispitivanje i kriti\u010dko \u010ditanje kanona, kao i kriti\u010dka reakcija na takva mizogina djela, a ona se i danas bez pardona pi\u0161u, snimaju, \u010ditaju, gledaju i slu\u0161aju. I nelo\u0161e im ide.<\/p>\n<p>Sve \u0161to se promijenilo jest da vi\u0161e ne \u0161utimo o tome, da kritika i reakcija od strane \u017eena napokon postoji.<\/p>\n<p>Ali ako kod umjetnosti i ima smisla raspravljati o ovim stvarima, u realnom \u017eivotu granice su jasne. Ljude, bili oni \u017eene, mu\u0161karci, nebinarni, ne \u0161tipamo i ne pipamo i ne pljuskamo po stra\u017enjici protiv njihove volje, to je maltretiranje. A onaj tko pipa spomenike i stabla, zovite me konzervom, mo\u017eda bi trebao popri\u010dati s nekim stru\u010dnim, a ne o tome snimiti emisiju za dr\u017eavnu televiziju.<\/p>\n<p>Du\u0161obri\u017enici neka se opuste, ni\u0161ta se opasno ne\u0107e dogoditi njihovoj potresenoj mu\u0161kosti, kao ni Veli\u010danu ni Rambu, sasvim sigurno ih ne\u0107e bijesne \u017eene napadati po ulicama (jo\u0161 se nije dogodilo), a vjernu publiku \u0107e na brdovitom Balkanu imati i dalje, bar neko vrijeme. Umjesto neumjesnog pravdanja i izostanka isprike, bilo bi im logi\u010dnije zapitati se koja je to publika kakvoj te\u017ee ukoliko se mentalitetski i svjetonazorski u mnogo\u010demu podudara s kle\u010davcima koji mole na trgovima ili nasilnicima koji su skloni zatu\u0107i \u017eenu.<\/p>\n<p>Nisu li Rambo Amadeus, Boris Veli\u010dan i molitelji u kona\u010dnici napravili potpuno istu stvar: poku\u0161ali poniziti \u017eene. To \u0161to su pritom umjesto \u017eena ponizili sebe i izblamirali se, njihov je problem. Te\u0161ko je biti car kad shvati\u0161 da ti nije dozvoljeno ba\u0161 sve i da je izme\u0111u megacara i megamagarca mala razlika.<\/p>\n<p>Trideset godina kasnije nemam razumijevanja za onog tko me dr\u017ei za ruku, a od mene tra\u017ei da prihvatim neprihvatljivo ili \u0161utim. Tko \u0161tipa protiv tu\u0111e volje, neka se ne \u010dudi \u0161estaru koji \u0107e ga ubosti. S tim da nijedna s tim \u0161estarom vi\u0161e ne stoji sasvim sama.<\/p>\n<p><em>pi\u0161e Olja Savi\u010devi\u0107 Ivan\u010devi\u0107<\/em><\/p>\n","protected":false},"excerpt":{"rendered":"<p>Nisu li Rambo Amadeus, Boris Veli\u010dan i molitelji u kona\u010dnici napravili potpuno istu stvar: poku\u0161ali poniziti \u017eene. To \u0161to su pritom umjesto \u017eena ponizili sebe i izblamirali se, njihov je problem. Te\u0161ko je biti car kad shvati\u0161 da ti nije dozvoljeno ba\u0161 sve i da je izme\u0111u megacara i megamagarca mala razlika<\/p>\n","protected":false},"featured_media":3045,"template":"","tags":[106],"atribut":[],"class_list":["post-3043","nada","type-nada","status-publish","has-post-thumbnail","hentry","tag-razum-i-osjecaji-2"],"acf":[],"yoast_head":"<!-- This site is optimized with the Yoast SEO plugin v27.4 - https:\/\/yoast.com\/product\/yoast-seo-wordpress\/ -->\n<title>Te\u0161ko je biti car - SDF - Srpski demokratski forum<\/title>\n<meta name=\"robots\" content=\"index, follow, max-snippet:-1, max-image-preview:large, max-video-preview:-1\" \/>\n<link rel=\"canonical\" href=\"https:\/\/sdf.hr\/hr\/nada\/tesko-je-biti-car\/\" \/>\n<meta property=\"og:locale\" content=\"hr_HR\" \/>\n<meta property=\"og:type\" content=\"article\" \/>\n<meta property=\"og:title\" content=\"Te\u0161ko je biti car - SDF - Srpski demokratski forum\" \/>\n<meta property=\"og:description\" content=\"Nisu li Rambo Amadeus, Boris Veli\u010dan i molitelji u kona\u010dnici napravili potpuno istu stvar: poku\u0161ali poniziti \u017eene. To \u0161to su pritom umjesto \u017eena ponizili sebe i izblamirali se, njihov je problem. Te\u0161ko je biti car kad shvati\u0161 da ti nije dozvoljeno ba\u0161 sve i da je izme\u0111u megacara i megamagarca mala razlika\" \/>\n<meta property=\"og:url\" content=\"https:\/\/sdf.hr\/hr\/nada\/tesko-je-biti-car\/\" \/>\n<meta property=\"og:site_name\" content=\"SDF - Srpski demokratski forum\" \/>\n<meta property=\"og:image\" content=\"https:\/\/sdf.hr\/wp-content\/uploads\/2023\/03\/Olja-1.jpg\" \/>\n\t<meta property=\"og:image:width\" content=\"1200\" \/>\n\t<meta property=\"og:image:height\" content=\"750\" \/>\n\t<meta property=\"og:image:type\" content=\"image\/jpeg\" \/>\n<meta name=\"twitter:card\" content=\"summary_large_image\" \/>\n<meta name=\"twitter:label1\" content=\"Procijenjeno vrijeme \u010ditanja\" \/>\n\t<meta name=\"twitter:data1\" content=\"7 minuta\" \/>\n<script type=\"application\/ld+json\" class=\"yoast-schema-graph\">{\"@context\":\"https:\\\/\\\/schema.org\",\"@graph\":[{\"@type\":\"WebPage\",\"@id\":\"https:\\\/\\\/sdf.hr\\\/hr\\\/nada\\\/tesko-je-biti-car\\\/\",\"url\":\"https:\\\/\\\/sdf.hr\\\/hr\\\/nada\\\/tesko-je-biti-car\\\/\",\"name\":\"Te\u0161ko je biti car - SDF - Srpski demokratski forum\",\"isPartOf\":{\"@id\":\"https:\\\/\\\/sdf.hr\\\/#website\"},\"primaryImageOfPage\":{\"@id\":\"https:\\\/\\\/sdf.hr\\\/hr\\\/nada\\\/tesko-je-biti-car\\\/#primaryimage\"},\"image\":{\"@id\":\"https:\\\/\\\/sdf.hr\\\/hr\\\/nada\\\/tesko-je-biti-car\\\/#primaryimage\"},\"thumbnailUrl\":\"https:\\\/\\\/sdf.hr\\\/wp-content\\\/uploads\\\/2023\\\/03\\\/Olja-1.jpg\",\"datePublished\":\"2023-03-25T11:08:01+00:00\",\"breadcrumb\":{\"@id\":\"https:\\\/\\\/sdf.hr\\\/hr\\\/nada\\\/tesko-je-biti-car\\\/#breadcrumb\"},\"inLanguage\":\"hr\",\"potentialAction\":[{\"@type\":\"ReadAction\",\"target\":[\"https:\\\/\\\/sdf.hr\\\/hr\\\/nada\\\/tesko-je-biti-car\\\/\"]}]},{\"@type\":\"ImageObject\",\"inLanguage\":\"hr\",\"@id\":\"https:\\\/\\\/sdf.hr\\\/hr\\\/nada\\\/tesko-je-biti-car\\\/#primaryimage\",\"url\":\"https:\\\/\\\/sdf.hr\\\/wp-content\\\/uploads\\\/2023\\\/03\\\/Olja-1.jpg\",\"contentUrl\":\"https:\\\/\\\/sdf.hr\\\/wp-content\\\/uploads\\\/2023\\\/03\\\/Olja-1.jpg\",\"width\":1200,\"height\":750},{\"@type\":\"BreadcrumbList\",\"@id\":\"https:\\\/\\\/sdf.hr\\\/hr\\\/nada\\\/tesko-je-biti-car\\\/#breadcrumb\",\"itemListElement\":[{\"@type\":\"ListItem\",\"position\":1,\"name\":\"Po\u010detna stranica\",\"item\":\"https:\\\/\\\/sdf.hr\\\/hr\\\/\"},{\"@type\":\"ListItem\",\"position\":2,\"name\":\"Nada\",\"item\":\"https:\\\/\\\/sdf.hr\\\/nada\\\/\"},{\"@type\":\"ListItem\",\"position\":3,\"name\":\"Te\u0161ko je biti car\"}]},{\"@type\":\"WebSite\",\"@id\":\"https:\\\/\\\/sdf.hr\\\/#website\",\"url\":\"https:\\\/\\\/sdf.hr\\\/\",\"name\":\"SDF - Srpski demokratski forum\",\"description\":\"Srpski demokratski forum\",\"publisher\":{\"@id\":\"https:\\\/\\\/sdf.hr\\\/#organization\"},\"potentialAction\":[{\"@type\":\"SearchAction\",\"target\":{\"@type\":\"EntryPoint\",\"urlTemplate\":\"https:\\\/\\\/sdf.hr\\\/?s={search_term_string}\"},\"query-input\":{\"@type\":\"PropertyValueSpecification\",\"valueRequired\":true,\"valueName\":\"search_term_string\"}}],\"inLanguage\":\"hr\"},{\"@type\":\"Organization\",\"@id\":\"https:\\\/\\\/sdf.hr\\\/#organization\",\"name\":\"SDF - Srpski demokratski forum\",\"url\":\"https:\\\/\\\/sdf.hr\\\/\",\"logo\":{\"@type\":\"ImageObject\",\"inLanguage\":\"hr\",\"@id\":\"https:\\\/\\\/sdf.hr\\\/#\\\/schema\\\/logo\\\/image\\\/\",\"url\":\"https:\\\/\\\/sdf.hr\\\/wp-content\\\/uploads\\\/2021\\\/07\\\/logo-hr.svg\",\"contentUrl\":\"https:\\\/\\\/sdf.hr\\\/wp-content\\\/uploads\\\/2021\\\/07\\\/logo-hr.svg\",\"width\":271,\"height\":100,\"caption\":\"SDF - Srpski demokratski forum\"},\"image\":{\"@id\":\"https:\\\/\\\/sdf.hr\\\/#\\\/schema\\\/logo\\\/image\\\/\"}}]}<\/script>\n<!-- \/ Yoast SEO plugin. -->","yoast_head_json":{"title":"Te\u0161ko je biti car - SDF - Srpski demokratski forum","robots":{"index":"index","follow":"follow","max-snippet":"max-snippet:-1","max-image-preview":"max-image-preview:large","max-video-preview":"max-video-preview:-1"},"canonical":"https:\/\/sdf.hr\/hr\/nada\/tesko-je-biti-car\/","og_locale":"hr_HR","og_type":"article","og_title":"Te\u0161ko je biti car - SDF - Srpski demokratski forum","og_description":"Nisu li Rambo Amadeus, Boris Veli\u010dan i molitelji u kona\u010dnici napravili potpuno istu stvar: poku\u0161ali poniziti \u017eene. To \u0161to su pritom umjesto \u017eena ponizili sebe i izblamirali se, njihov je problem. Te\u0161ko je biti car kad shvati\u0161 da ti nije dozvoljeno ba\u0161 sve i da je izme\u0111u megacara i megamagarca mala razlika","og_url":"https:\/\/sdf.hr\/hr\/nada\/tesko-je-biti-car\/","og_site_name":"SDF - Srpski demokratski forum","og_image":[{"width":1200,"height":750,"url":"https:\/\/sdf.hr\/wp-content\/uploads\/2023\/03\/Olja-1.jpg","type":"image\/jpeg"}],"twitter_card":"summary_large_image","twitter_misc":{"Procijenjeno vrijeme \u010ditanja":"7 minuta"},"schema":{"@context":"https:\/\/schema.org","@graph":[{"@type":"WebPage","@id":"https:\/\/sdf.hr\/hr\/nada\/tesko-je-biti-car\/","url":"https:\/\/sdf.hr\/hr\/nada\/tesko-je-biti-car\/","name":"Te\u0161ko je biti car - SDF - Srpski demokratski forum","isPartOf":{"@id":"https:\/\/sdf.hr\/#website"},"primaryImageOfPage":{"@id":"https:\/\/sdf.hr\/hr\/nada\/tesko-je-biti-car\/#primaryimage"},"image":{"@id":"https:\/\/sdf.hr\/hr\/nada\/tesko-je-biti-car\/#primaryimage"},"thumbnailUrl":"https:\/\/sdf.hr\/wp-content\/uploads\/2023\/03\/Olja-1.jpg","datePublished":"2023-03-25T11:08:01+00:00","breadcrumb":{"@id":"https:\/\/sdf.hr\/hr\/nada\/tesko-je-biti-car\/#breadcrumb"},"inLanguage":"hr","potentialAction":[{"@type":"ReadAction","target":["https:\/\/sdf.hr\/hr\/nada\/tesko-je-biti-car\/"]}]},{"@type":"ImageObject","inLanguage":"hr","@id":"https:\/\/sdf.hr\/hr\/nada\/tesko-je-biti-car\/#primaryimage","url":"https:\/\/sdf.hr\/wp-content\/uploads\/2023\/03\/Olja-1.jpg","contentUrl":"https:\/\/sdf.hr\/wp-content\/uploads\/2023\/03\/Olja-1.jpg","width":1200,"height":750},{"@type":"BreadcrumbList","@id":"https:\/\/sdf.hr\/hr\/nada\/tesko-je-biti-car\/#breadcrumb","itemListElement":[{"@type":"ListItem","position":1,"name":"Po\u010detna stranica","item":"https:\/\/sdf.hr\/hr\/"},{"@type":"ListItem","position":2,"name":"Nada","item":"https:\/\/sdf.hr\/nada\/"},{"@type":"ListItem","position":3,"name":"Te\u0161ko je biti car"}]},{"@type":"WebSite","@id":"https:\/\/sdf.hr\/#website","url":"https:\/\/sdf.hr\/","name":"SDF - Srpski demokratski forum","description":"Srpski demokratski forum","publisher":{"@id":"https:\/\/sdf.hr\/#organization"},"potentialAction":[{"@type":"SearchAction","target":{"@type":"EntryPoint","urlTemplate":"https:\/\/sdf.hr\/?s={search_term_string}"},"query-input":{"@type":"PropertyValueSpecification","valueRequired":true,"valueName":"search_term_string"}}],"inLanguage":"hr"},{"@type":"Organization","@id":"https:\/\/sdf.hr\/#organization","name":"SDF - Srpski demokratski forum","url":"https:\/\/sdf.hr\/","logo":{"@type":"ImageObject","inLanguage":"hr","@id":"https:\/\/sdf.hr\/#\/schema\/logo\/image\/","url":"https:\/\/sdf.hr\/wp-content\/uploads\/2021\/07\/logo-hr.svg","contentUrl":"https:\/\/sdf.hr\/wp-content\/uploads\/2021\/07\/logo-hr.svg","width":271,"height":100,"caption":"SDF - Srpski demokratski forum"},"image":{"@id":"https:\/\/sdf.hr\/#\/schema\/logo\/image\/"}}]}},"_links":{"self":[{"href":"https:\/\/sdf.hr\/hr\/wp-json\/wp\/v2\/nada\/3043","targetHints":{"allow":["GET"]}}],"collection":[{"href":"https:\/\/sdf.hr\/hr\/wp-json\/wp\/v2\/nada"}],"about":[{"href":"https:\/\/sdf.hr\/hr\/wp-json\/wp\/v2\/types\/nada"}],"wp:featuredmedia":[{"embeddable":true,"href":"https:\/\/sdf.hr\/hr\/wp-json\/wp\/v2\/media\/3045"}],"wp:attachment":[{"href":"https:\/\/sdf.hr\/hr\/wp-json\/wp\/v2\/media?parent=3043"}],"wp:term":[{"taxonomy":"post_tag","embeddable":true,"href":"https:\/\/sdf.hr\/hr\/wp-json\/wp\/v2\/tags?post=3043"},{"taxonomy":"atribut","embeddable":true,"href":"https:\/\/sdf.hr\/hr\/wp-json\/wp\/v2\/atribut?post=3043"}],"curies":[{"name":"wp","href":"https:\/\/api.w.org\/{rel}","templated":true}]}}