{"id":3175,"date":"2022-05-12T10:54:20","date_gmt":"2022-05-12T08:54:20","guid":{"rendered":"https:\/\/sdf.hr\/?post_type=nada&#038;p=3175"},"modified":"2023-03-28T12:35:59","modified_gmt":"2023-03-28T10:35:59","slug":"dora-klindzic-suncev-sustav-je-opako-na-meti-pohlepe","status":"publish","type":"nada","link":"https:\/\/sdf.hr\/hr\/nada\/dora-klindzic-suncev-sustav-je-opako-na-meti-pohlepe\/","title":{"rendered":"Dora Klind\u017ei\u0107: Sun\u010dev sustav je opako na meti pohlepe"},"content":{"rendered":"<p><strong>Dora Klind\u017ei\u0107<\/strong> je mlada znanstvenica, astrofizi\u010darka i spisateljica iz Slavonskog Broda. Svoja je istra\u017eivanja radila na zagreba\u010dkom Ru\u0111eru, kao i na opservatorijima u Poljskoj i Nizozemskoj. Trenutno je na doktorskom studiju izme\u0111u Sveu\u010dili\u0161ta u Leidenu i Sveu\u010dili\u0161ta u Delftu. Projekt njezinog tima zove se &#8220;Lunar Observatory for Unresolved Polarimetry of Earth&#8221; (LOUPE), na hrvatskom &#8220;Opservatorij s Mjeseca za nerazlu\u010denu polarimetriju Zemlje&#8221;, \u0161to nam je spremna objasniti na na\u010din koji svi mogu razumjeti. Kada ne gradi instrumente za prou\u010davanje svemira, gradi svjetove na papiru i autorica je vi\u0161e znanstveno-fantasti\u010dnih kratkih pri\u010da te alumna cijenjene ameri\u010dke spisateljske \u0161kole Clarion West.<\/p>\n<p><strong>U \u0161koli su vam matematika i fizika bile najte\u017ei predmeti i ba\u0161 zato ste se odlu\u010dili baviti tim podru\u010djima. Netipi\u010dna odluka, ako razmotrimo narativ o ljudima koji su postali znanstvenici, pogotovo u prirodnim znanostima \u2013 pri\u010du o genijalcima koji su odmalena pokazali izvanredan talent. Otkud onda vi u znanosti?<\/strong><\/p>\n<p>Fizika i matematika su mi bili najve\u0107i izazov u \u0161koli. Nije mi dolazilo prirodno, zahtijevalo je puno truda. Dosta me frustriralo, ali i bilo najve\u0107e zadovoljstvo kad bi uspjela svladati. Puno ljudi prihva\u0107a taj narativ ili jesi ili nisi za ne\u0161to. Nisam si dozvolila da tako razmi\u0161ljam. Bilo mi je jasno da mi treba da me netko nau\u010di, profesori, kolege, knjige. Ponosna sam \u0161to sam uspje\u0161no zavr\u0161ila studij, jer je ve\u0107ina ljudi koja je studirala sa mnom bila uvjerena da su ro\u0111eni za matematiku i fiziku, a ja nisam dijelila to uvjerenje. I danas sre\u0107em profesore koji smatraju da su neki ljudi za znanost, neki ne. Ako ima\u0161 nesre\u0107u da si ti ta za koju profesor odlu\u010di da znanost nije za tebe, to mo\u017ee biti pogubno. I me\u0111u studentima postoje predrasude. Imala sam kolegu koji mi je na prvoj godini rekao: &#8220;Ti ne\u0107e\u0161 zavr\u0161it ovaj faks jer ne samo \u0161to si \u017eena, nego si iz Slavonskog Broda.&#8221; Opirem se ekscepcionalizaciji znanstvenika, tome da laici, ali i znanstvenici sami, perpetuiraju narativ o posebnima, s iznimnim predispozicijama da ne\u0161to nau\u010de. Idejom da su samo iznimni sposobni razumjeti znanost udaljavamo znanstvenike od ljudi i ljude od znanstvenika. Tako se razvijaju anti-znanstvene teorije i \u0161ire dezinformacije. Ljudi nemaju povjerenje u znanost jer vide znanstvenike kao nekoga tko nije dio ljudske zajednice, nekakve vanjske agente.<\/p>\n<p><strong>U Zagreb ste do\u0161li iz male sredine. Koliko je bilo te\u017ee u ranoj fazi \u017eivota do\u0107i u doticaj sa znano\u0161\u0107u, s obzirom na uvjete \u0161kolovanja i \u017eivota u Slavoniji?<\/strong><\/p>\n<p>Zagrep\u010dani moraju poraditi na stavu o &#8220;dotepencima&#8221; i onoj da &#8220;Zagreb vi\u0161e nije Zagreb&#8221;. Kad sam upisala fiziku, na godini nas je bilo oko 120. Bila sam jedina iz Broda i jedna od par ljudi iz Slavonije uop\u0107e. Kad se pri\u010dalo o reformi \u0161kolstva, profesori s fizike su istaknuli da je veliki problem neopremljenost eksperimentalnom opremom u siroma\u0161nijim sredinama. To se osobito vidi u Lici, pa tako u blizini Smiljana, gdje se rodio <strong>Nikola Tesla<\/strong>, u \u0161kolama ne postoji ili je zastarjela oprema za nastavu iz fizike. Kod nas u politici vlada nezainteresiranost za znanost, \u0161to znam jer sam slu\u017eila u Savjetu mladih biv\u0161e predsjednice <strong>Kolinde Grabar-Kitarovi\u0107<\/strong>. Kad su me pitali za prijedlog za Teslin ro\u0111endan, predlo\u017eila sam da otvorimo natje\u010daj za opremanje \u0161kola eksperimentalnom opremom. Na to su mi rekli: &#8220;Mi smo mislili vi\u0161e u stilu da se ti ode\u0161 malo fotografirati s djecom u Liku.&#8221;<\/p>\n<p><strong>Koliko je prisutan seksizam u znanosti, na kojim je razinama vidljiv?<\/strong><\/p>\n<p>Stereotip fizi\u010dara kao genija i mu\u0161karca definitivno ne poma\u017ee. I slavna <strong>Vera Rubin<\/strong> pri\u010dala je kako joj je \u0161estogodi\u0161nja unuka do\u0161la jedan dan i rekla da \u017eeli biti medicinska sestra. Kad ju je pitala za\u0161to ne doktorica, unuka joj je odgovorila da je to samo za de\u010dke. \u010cak i u obitelji slavne znanstvenice, dru\u0161tvo je u djevoj\u010dicu ugradilo ideju da ne\u0161to nije za nju. Seksizam sam iskusila u Hrvatskoj, ali kad sam do\u0161la u Nizozemsku, shvatila sam da je ovdje gore. Kad se gledaju statistike postotka \u017eena u znanosti u Europi, u vrhu su zemlje Isto\u010dne Europe, me\u0111u njima Hrvatska. Mislim da je to ostav\u0161tina pristupa obrazovanju i radu za vrijeme Jugoslavije, dok je na Zapadu to kasnilo. Iako ih nismo sasvim iskoristili, niti su prilike za sve bile jednake, ipak je bilo mogu\u0107nosti za \u017eene u znanosti.<\/p>\n<p><strong>Spominjali ste kako postoji dodatna razina sumnje u vlastite sposobnosti kod mladih na Balkanu. O \u010demu se tu radi, kad ste to primijetili?<\/strong><\/p>\n<p>Kod nas vlada op\u0107i pesimizam i uvjerenje da je to \u0161to nema puno poslovnih prilika i ulaganja odraz toga da je na\u0161e dru\u0161tvo ukleto lijeno\u0161\u0107u, kulturnim ili intelektualnim zaostatkom za Zapadom. Kad sam po\u010dela raditi vani, shvatila sam da ljudi ovdje nisu ni\u0161ta pametniji, ne rade vi\u0161e ni bolje. Razlog za\u0161to imaju bolje pla\u0107e ili bolji standard u Nizozemskoj je taj \u0161to su profitirali od 500 godina kolonijalizma, od 200 godina trgovine robljem. Ljudi ovdje imaju vi\u0161e optimizma i povjerenja u sustav, iako postaje te\u017ee pre\u017eivljavati, pogotovo mladima. Ne ka\u017eem da ogor\u010denje kod nas nije opravdano, ali rje\u0161enje nije emulirati Zapad. Primjerice, jedan od na\u010dina na koje se nas mlade osiroma\u0161uje jesu predatorske stanarine. U Nizozemskoj se pla\u0107a minimalno 800 eura mjese\u010dno za garsonijeru. Radni ugovori su kra\u0107i, puno je nepla\u0107enih sta\u017eiranja, ne postoji javno zdravstvo, besplatna sveu\u010dili\u0161ta, kvalitetna menza, ni\u0161ta od socijalisti\u010dke ostav\u0161tine koju uzimamo zdravo za gotovo. Mi jo\u0161 uvijek ne moramo dizati kredite za studij ili medicinski tro\u0161ak, ali i to bi se moglo promijeniti. Ve\u0107 se u Zagrebu to osjeti s rastom stanarina. Ako budemo kopirali zapadnja\u010dki model predatorskog rentijerskog kapitalizma, postat \u0107e samo gore.<\/p>\n<p><strong>Kako stvari funkcioniraju u znanosti, koliko ekonomski modeli naru\u0161avaju i ograni\u010davaju rad znanstvenika?<\/strong><\/p>\n<p>Neoliberalni sistem proizvodnje preslikava se na znanost. Mladi koji rade ve\u0107inu istra\u017eivanja, pravi rudarski posao, nemaju nikakvu sigurnost. Ne zna\u0161 u kojoj \u0107e\u0161 dr\u017eavi \u017eivjeti za tri godine, ho\u0107e\u0161 li ikada dobiti trajni posao, ho\u0107e\u0161 li mo\u0107i pla\u0107ati visoke stanarine sa sve manjom pla\u0107om itd. Ako si jedan od sretnika, mo\u017eda nakon \u010detrdesete dobije\u0161 trajnu poziciju. Pri\u010dala sam s jednim profesorom koji je u mirovini i rekao mi je da je dobio posao na sveu\u010dili\u0161tu \u010dim je diplomirao \u2013 odmah je znao mirovinski plan, sve. Rekao je i da misli da svi velikani fizike, einsteini i feynmani, ne bi pre\u017eivjeli sistem pod kojim mi radimo.<\/p>\n<p><strong>Trenutno ste na doktoratu. Kako pre\u017eivljavate i \u010dime se zapravo bavite?<\/strong><\/p>\n<p>Imam sre\u0107u da jo\u0161 uvijek imam \u017eelju za istra\u017eivanjem svijeta i ne smeta mi da se svakih par godina selim. Doktorska sam kandidatkinja, imam ugovor na \u010detiri godine i zaposlenica sam sveu\u010dili\u0161ta, \u0161to nosi za\u0161titu kolektivnog ugovora. Kroz projekt LOUPE \u017eelimo razviti instrument koji se nadamo poslati na Mjesec da promatra Zemlju i da nam poma\u017ee na\u0107i egzoplanete, odnosno druge planete koji izgledaju kao Zemlja.<\/p>\n<figure id=\"attachment_3176\" aria-describedby=\"caption-attachment-3176\" style=\"width: 2560px\" class=\"wp-caption alignnone\"><img loading=\"lazy\" decoding=\"async\" class=\"wp-image-3176 size-full\" src=\"https:\/\/sdf.hr\/wp-content\/uploads\/2022\/05\/Klindzic2_Boris-Kovacev-CROPIX-scaled.jpg\" alt=\"\" width=\"2560\" height=\"1706\" srcset=\"https:\/\/sdf.hr\/wp-content\/uploads\/2022\/05\/Klindzic2_Boris-Kovacev-CROPIX-scaled.jpg 2560w, https:\/\/sdf.hr\/wp-content\/uploads\/2022\/05\/Klindzic2_Boris-Kovacev-CROPIX-300x200.jpg 300w, https:\/\/sdf.hr\/wp-content\/uploads\/2022\/05\/Klindzic2_Boris-Kovacev-CROPIX-1024x682.jpg 1024w, https:\/\/sdf.hr\/wp-content\/uploads\/2022\/05\/Klindzic2_Boris-Kovacev-CROPIX-768x512.jpg 768w, https:\/\/sdf.hr\/wp-content\/uploads\/2022\/05\/Klindzic2_Boris-Kovacev-CROPIX-1536x1024.jpg 1536w, https:\/\/sdf.hr\/wp-content\/uploads\/2022\/05\/Klindzic2_Boris-Kovacev-CROPIX-2048x1365.jpg 2048w\" sizes=\"auto, (max-width: 2560px) 100vw, 2560px\" \/><figcaption id=\"caption-attachment-3176\" class=\"wp-caption-text\">Foto: Boris Kova\u010dev\/CROPIX<\/figcaption><\/figure>\n<p><strong>Ideja bi bila promatrati Zemlju s Mjeseca i onda na temelju tih opa\u017eanja vidjeti mo\u017eemo li donijeti zaklju\u010dke o drugim planetima i uvjetima za \u017eivot na njima?<\/strong><\/p>\n<p>Da. Moja mentorica to naziva kozmi\u010dki <em>selfie<\/em>. Jo\u0161 nismo sposobni opti\u010dkim teleskopima razaznati drugi planet, osim u posebnim situacijama kad je jako povoljna njegova orijentacija. Kad iza\u0111e idu\u0107a generacija svemirskih teleskopa, za nekih 10-15 godina, oni \u0107e imati sposobnost odvojeno vidjeti planet i njegovu zvijezdu. Tada \u0107e nam planet izgledati kao mala to\u010dkica, jedan piksel na teleskopu. Pitanje je, kad vidi\u0161 taj piksel, postoji li neki na\u010din da analizira\u0161 je li ondje \u017eivot, postoje li oceani, oblaci itd. Teoreti\u010darski dio moje grupe razvija tu metodu \u2013 kako ako promatra\u0161 tu to\u010dkicu nekoliko mjeseci ili godina, iz nje dobiti sve informacije o tome \u0161to se nalazi na planetu. Da bismo testirali metodu, tj. potvrdili mo\u017ee li se to uop\u0107e, prvo \u0107emo koristiti Zemlju kao testni primjerak, jer o Zemlji sve znamo. Ako krenemo s time sad, do trenutka razvijanja nove generacije teleskopa mo\u0107i \u0107emo s dozom sigurnosti re\u0107i da se na nekom planetu prepoznaju oblici \u017eivota.<\/p>\n<p><strong>Ako gledamo unaprijed, podaci o uvjetima za \u017eivot na drugim planetima mogli bi se koristiti u razli\u010dite svrhe. Postoje oni uzbu\u0111eni idejom kolonizacije svemira, ali i oni skepti\u010dni, koji misle da \u0107emo sve lo\u0161e \u0161to radimo na Zemlji preslikati na druge planete. \u0160to mislite o tome, s obzirom na to da vas inspirira istra\u017eivanje svemira, ali i brine uni\u0161tavanje Zemlje?<\/strong><\/p>\n<p>Nasre\u0107u, ili nekima na\u017ealost, budu\u0107i da nam je najbli\u017ea zvijezda udaljena nekoliko svjetlosnih godina, taj prostor ostaje van doticaja pohlepnih ljudi koji \u017eele i\u0107i dalje od Sun\u010devog sustava za resurse. Jednom kad potvrdimo da nismo sami u svemiru, to \u0107e biti fascinantno, ako na\u0111emo drugu inteligentnu rasu, mo\u017eda bismo mogli s njima stupiti u kontakt, \u0161to je uzbudljivo. No \u010dak i kada bismo na drugom planetu prona\u0161li samo bakteriju ili virus, ne\u0161to najmanje, najskromnije, to bi vjerojatno bilo najve\u0107e otkri\u0107e koje je znanost ikad napravila. Me\u0111utim, ono \u0161to mene u posljednje vrijeme brine jest to da na na\u0161em planetu postoji toliko razli\u010ditih formi \u017eivota, fascinantnih bi\u0107a, koja izumiru svaki dan. Tra\u017eimo ih na drugim planetima, a ovdje dopu\u0161tamo da umiru. S tom se mi\u0161lju borim i \u010desto se pitam je li opravdano da koristim svoje intelektualne sposobnosti, resurse i vrijeme da tra\u017eim \u017eivot na drugim planetima, dok se iza mojih le\u0111a doga\u0111a izumiranje \u017eivota na mom planetu.<\/p>\n<p><strong>David Attenborough u knjizi &#8220;\u017divot na na\u0161em planetu&#8221; pi\u0161e koliki je utisak na njega ostavio prizor Zemlje tijekom gledanja prvog slijetanja na Mjesec, i kako ga je to ponukalo na borbu za o\u010duvanje Zemlje. Kako povezujete astrofiziku i borbu za bolji \u017eivot ovdje?<\/strong><\/p>\n<p>To je i <strong>Carl Sagan<\/strong> napravio s fotografijom blijede plave to\u010dke. Istra\u017eivanje svemira nam otkriva koliko je te\u0161ko za ljude da pre\u017eive igdje drugdje, koliko smo evoluirali za ovaj planet i postojimo u skladu s uvjetima na njemu. U svakom trenutku 10 do 15 ljudi \u017eivi na granici izme\u0111u Zemlje i svemira. Interesantno je da je Me\u0111unarodna svemirska postaja tehni\u010dki sad bli\u017ee vama, nego \u0161to sam vam ja koja sam u Nizozemskoj. Ali \u010dak i na tih 400 kilometara od povr\u0161ine Zemlje jako je te\u0161ko odr\u017eati ljude na \u017eivotu, to zahtijeva puno resursa. Stvoreni smo za ovaj svijet jer smo na njemu nastali i ne postoji planet na koji mo\u017eemo oti\u0107i kad ovdje zagusti. Ni znanost ni tehnologija ne mogu smisliti rje\u0161enje koje \u0107e nas brzo izvu\u0107i iz krize.<\/p>\n<p><strong>\u0160to mislite o privatizaciji svemirskih misija, Elonu Musku, kompaniji SpaceX i sli\u010dnim pothvatima?<\/strong><\/p>\n<p>Sun\u010dev sustav je opako na meti industrije. Postoje planovi za rudarenje na Mjesecu, gdje \u0107e rudariti <strong>Musk<\/strong>, gdje <strong>Jeff Bezos<\/strong>. Sve unato\u010d zakonima koji ka\u017eu da se svemir i Mjesec ne smiju kolonizirati od strane dr\u017eava, ali ta pravila ne postoje za korporacije. Prisustvovala sam na konferenciji Europske svemirske agencije gdje se raspravljalo o povijesti i sada\u0161njosti istra\u017eivanja svemira. Po prvi put u povijesti imamo privatne kompanije koje idu u svemir. Nitko ne zna kako \u0107e to pro\u0107i, ni agencije poput NASA-e i ESA-e, jer nitko nije o\u010dekivao da \u0107e pojedinci akumulirati toliko bogatstva da idu u svemir. Trenutni zaklju\u010dak agencija je da je to relativno OK, dokle god im privatne kompanije mogu pomo\u0107i. Tako \u0107e se prilikom rudarenja Mjeseca vaditi gorivo koje \u0107e se dati NASA-i i ESA-i za rakete kojima \u0107e se i\u0107i na Mars i sl. Me\u0111utim, problem s privatnim kompanijama je da rade \u0161to \u017eele. Primjerice, Musk lansira ogromnu koli\u010dinu Starlink satelita bez da je konzultirao ili dobio odobrenje od astronomske zajednice. To zna\u010di da teleskopi koje imamo na Zemlji, teleskopi od stotine tona koji ko\u0161taju desetke milijardi eura koje pla\u0107aju porezni obveznici, ne\u0107e mo\u0107i funkcionirati jer im Muskovi sateliti svojim sjajem ometaju mjerenja. Postoji teleskop nazvan po Veri Rubin, u koji su ulo\u017eene milijarde eura i zapo\u0161ljava tisu\u0107e znanstvenika kojima karijera ovisi o tom instrumentu, a sad \u0107e do 40 posto podataka morati odbaciti zato \u0161to \u0107e sjaj Muskovih satelita ometati mjerenja.<\/p>\n<p><strong>Pritom Starlink prima subvencije od dr\u017eave.<\/strong><\/p>\n<p>Da, poreznici subvencioniraju razvoj te tehnologije i onda je on prodaje natrag nama i pritom ometa rad astronoma. Puno <em>fanboya<\/em> Elona Muska prigovara u stilu &#8211; za\u0161to bi se Musku zabranjivao rad? Poanta nisu zabrane, nego regulacija. Meni je kao astronomkinji potrebno no\u0107no nebo, pa mo\u017eemo li se dogovoriti u koliko sati nebom ne\u0107e prolaziti tvoji sateliti. Treba re\u0107i da je SpaceX postigao sjajne stvari, rakete koje slije\u0107u i vra\u0107aju se na Zemlju su tehnolo\u0161ki iskorak, ali to su postigli svi radnici koji rade za SpaceX. U ovoj industriji se zna da ako ode\u0161 raditi tamo mora\u0161 biti spreman za <em>burn out<\/em> u roku par godina, zauzdaju te, potro\u0161e i isprazne. Jedini razlog za\u0161to Musk reda uspjehe, a NASA ne je taj \u0161to on radi za profit i ne bira sredstva, a NASA mora raditi s puno manjim ulaganjima i pridr\u017eavati se barem osnovnih radni\u010dkih prava. Nije NASA lo\u0161ija ili nesposobnija, nego u radu nisu orijentirani na \u0161to br\u017ee i \u0161to vi\u0161e, ve\u0107 na kvalitetu znanosti i kvalitetu \u017eivota znanstvenika.<\/p>\n<p><strong>Postoji i problem sa svemirskim otpadom. Kako \u0107e se to rje\u0161avati?<\/strong><\/p>\n<p>To je brzorastu\u0107a industrija. Imam kolege koji su na doktoratima iz te teme, jer \u0107e u idu\u0107ih 10 godina to postati velik problem. Na no\u0107nom nebu \u0107e biti vidljivo vi\u0161e umjetnih satelita, nego pravih zvijezda, zbog tzv. konstelacija satelita koje lansiraju korporacije. Prosje\u010dan \u010dovjek bit \u0107e oplja\u010dkan za ljepote no\u0107nog neba, kada pogleda gore ne\u0107e vidjeti zvijezde, nego svemirsko sme\u0107e. Brojni sateliti sudarat \u0107e se i imati probleme, riknuti od radijacije i postati opasnost drugim satelitima i instrumentima u orbiti, a o nekima od tih ovisimo \u2013 GPS, klju\u010dni financijski i medicinski sistemi koji se odvijaju preko satelita. Ve\u0107 postoje <em>startupi<\/em> koji testiraju u orbiti svoje prototipe, satelite s robotskim rukama koji \u0107e hvatati otpad i mre\u017ee za skupljanje otpada. Ako otpad bude iznad odre\u0111ene veli\u010dine, mo\u017ee pre\u017eivjeti ulaz kroz atmosferu i pasti na Zemlju, \u0161to je opasno za sve.<\/p>\n<p><strong>Osim znanstvenog rada, jako vas zanima pisanje. Alumna ste presti\u017enog Clarion Westa, 2018. je objavljena va\u0161a prva kratka pri\u010da &#8220;Kozmonautov \u010duvar&#8221;, a sad radite na romanu otvorenog tipa. Za\u0161to pisanje?<\/strong><\/p>\n<p>Umjetnost je poni\u0161tavanje podjela. Kad napi\u0161em znanstveni rad, to pro\u010dita desetak kolega koji se bave istom temom. Pri\u010da dosegne stotine ili tisu\u0107e ljudi, a neki mi se i jave povratno. Poslala sam prvu pri\u010du u strani \u010dasopis i objavili su je odmah, \u0161to je bilo neobi\u010dno. Zahvaljuju\u0107i tome primljena sam na Clarion West, \u0161kolu za budu\u0107e SF pisce. Mnogo velikih imena je pro\u0161lo kroz tu \u0161kolu, instruktor mi je bio <strong>Daniel Abraham<\/strong> koji je napisao &#8220;The Expanse&#8221;. Obo\u017eavala sam <strong>Georgea R. R. Martina<\/strong> i &#8220;Igru prijestolja&#8221; pa me obradovalo \u0161to je i on pro\u010ditao moju pri\u010du jer je bio u \u017eiriju \u0161kole. Prva sam osoba iz Hrvatske koja je dobila tu stipendiju. Sada radim na velikom interaktivnom romanu koji je presjek dvije stvari koje volim \u2013 proze i videoigara. Voljela bih vidjeti svoje pri\u010de prevedene na hrvatski, mo\u017eda ih i sama prevesti. Nadam se da \u0107e mi se nekad netko javiti za to. Nastojim svom radu dati balkansku komponentu, \u010dak i jugoslavensku. Moj roman je o Tesli, baziran u New Yorku, ali \u017eelim potencirati to da je Tesla bio Jugoslaven, emigrant. Dugo vremena sam se pitala je li mi dozvoljeno pisati o Jugoslaviji jer sam ro\u0111ena nakon njenog pada, ali shvatila sam da na\u0161i politi\u010dari svaki dan fikcionaliziraju Jugoslaviju, pa mogu i ja.<\/p>\n<p><strong>Svjesni ste brojnih problema koji nas okru\u017euju. \u0160to vam daje nadu?<\/strong><\/p>\n<p>Iako sam shvatila da nemam vi\u0161e nadu u establi\u0161ment i politi\u010dki sistem, imam izrazitu nadu u pomo\u0107 koju jedni drugima mo\u017eemo pru\u017eiti. Odu\u0161evilo me kako su ljudi reagirali nakon potresa u Petrinji. Sve \u0161to ide od dolje prema gore mi daje nadu, svako udru\u017eivanje, stvaranje umjetnosti koja komunicira kako se osje\u0107amo, dobro novinarsko izvje\u0161tavanje. Koliko god smo svi ekonomski ogor\u010deni, na\u0161i mladi su zapravo jako progresivni i imamo potencijala da sami stvorimo scenarije koje \u017eelimo \u017eivjeti.<\/p>\n<p><em>razgovor vodila Ivana Peri\u0107<\/em><\/p>\n","protected":false},"excerpt":{"rendered":"<p>Na no\u0107nom nebu \u0107e biti vi\u0161e umjetnih satelita koje lansiraju korporacije, nego pravih zvijezda. Prosje\u010dan \u010dovjek bit \u0107e oplja\u010dkan za ljepote no\u0107nog neba. Kada pogleda gore ne\u0107e vidjeti zvijezde, nego svemirsko sme\u0107e<\/p>\n","protected":false},"featured_media":3178,"template":"","tags":[29],"atribut":[],"class_list":["post-3175","nada","type-nada","status-publish","has-post-thumbnail","hentry","tag-intervju"],"acf":[],"yoast_head":"<!-- This site is optimized with the Yoast SEO plugin v27.4 - https:\/\/yoast.com\/product\/yoast-seo-wordpress\/ -->\n<title>Dora Klind\u017ei\u0107: Sun\u010dev sustav je opako na meti pohlepe - SDF - Srpski demokratski forum<\/title>\n<meta name=\"robots\" content=\"index, follow, max-snippet:-1, max-image-preview:large, max-video-preview:-1\" \/>\n<link rel=\"canonical\" href=\"https:\/\/sdf.hr\/hr\/nada\/dora-klindzic-suncev-sustav-je-opako-na-meti-pohlepe\/\" \/>\n<meta property=\"og:locale\" content=\"hr_HR\" \/>\n<meta property=\"og:type\" content=\"article\" \/>\n<meta property=\"og:title\" content=\"Dora Klind\u017ei\u0107: Sun\u010dev sustav je opako na meti pohlepe - SDF - Srpski demokratski forum\" \/>\n<meta property=\"og:description\" content=\"Na no\u0107nom nebu \u0107e biti vi\u0161e umjetnih satelita koje lansiraju korporacije, nego pravih zvijezda. Prosje\u010dan \u010dovjek bit \u0107e oplja\u010dkan za ljepote no\u0107nog neba. Kada pogleda gore ne\u0107e vidjeti zvijezde, nego svemirsko sme\u0107e\" \/>\n<meta property=\"og:url\" content=\"https:\/\/sdf.hr\/hr\/nada\/dora-klindzic-suncev-sustav-je-opako-na-meti-pohlepe\/\" \/>\n<meta property=\"og:site_name\" content=\"SDF - Srpski demokratski forum\" \/>\n<meta property=\"article:modified_time\" content=\"2023-03-28T10:35:59+00:00\" \/>\n<meta property=\"og:image\" content=\"https:\/\/sdf.hr\/wp-content\/uploads\/2022\/05\/Klindzic_Boris-Kovacev-CROPIX-1-scaled.jpg\" \/>\n\t<meta property=\"og:image:width\" content=\"2560\" \/>\n\t<meta property=\"og:image:height\" content=\"1706\" \/>\n\t<meta property=\"og:image:type\" content=\"image\/jpeg\" \/>\n<meta name=\"twitter:card\" content=\"summary_large_image\" \/>\n<meta name=\"twitter:label1\" content=\"Procijenjeno vrijeme \u010ditanja\" \/>\n\t<meta name=\"twitter:data1\" content=\"14 minuta\" \/>\n<script type=\"application\/ld+json\" class=\"yoast-schema-graph\">{\"@context\":\"https:\\\/\\\/schema.org\",\"@graph\":[{\"@type\":\"WebPage\",\"@id\":\"https:\\\/\\\/sdf.hr\\\/hr\\\/nada\\\/dora-klindzic-suncev-sustav-je-opako-na-meti-pohlepe\\\/\",\"url\":\"https:\\\/\\\/sdf.hr\\\/hr\\\/nada\\\/dora-klindzic-suncev-sustav-je-opako-na-meti-pohlepe\\\/\",\"name\":\"Dora Klind\u017ei\u0107: Sun\u010dev sustav je opako na meti pohlepe - SDF - Srpski demokratski forum\",\"isPartOf\":{\"@id\":\"https:\\\/\\\/sdf.hr\\\/#website\"},\"primaryImageOfPage\":{\"@id\":\"https:\\\/\\\/sdf.hr\\\/hr\\\/nada\\\/dora-klindzic-suncev-sustav-je-opako-na-meti-pohlepe\\\/#primaryimage\"},\"image\":{\"@id\":\"https:\\\/\\\/sdf.hr\\\/hr\\\/nada\\\/dora-klindzic-suncev-sustav-je-opako-na-meti-pohlepe\\\/#primaryimage\"},\"thumbnailUrl\":\"https:\\\/\\\/sdf.hr\\\/wp-content\\\/uploads\\\/2022\\\/05\\\/Klindzic_Boris-Kovacev-CROPIX-1-scaled.jpg\",\"datePublished\":\"2022-05-12T08:54:20+00:00\",\"dateModified\":\"2023-03-28T10:35:59+00:00\",\"breadcrumb\":{\"@id\":\"https:\\\/\\\/sdf.hr\\\/hr\\\/nada\\\/dora-klindzic-suncev-sustav-je-opako-na-meti-pohlepe\\\/#breadcrumb\"},\"inLanguage\":\"hr\",\"potentialAction\":[{\"@type\":\"ReadAction\",\"target\":[\"https:\\\/\\\/sdf.hr\\\/hr\\\/nada\\\/dora-klindzic-suncev-sustav-je-opako-na-meti-pohlepe\\\/\"]}]},{\"@type\":\"ImageObject\",\"inLanguage\":\"hr\",\"@id\":\"https:\\\/\\\/sdf.hr\\\/hr\\\/nada\\\/dora-klindzic-suncev-sustav-je-opako-na-meti-pohlepe\\\/#primaryimage\",\"url\":\"https:\\\/\\\/sdf.hr\\\/wp-content\\\/uploads\\\/2022\\\/05\\\/Klindzic_Boris-Kovacev-CROPIX-1-scaled.jpg\",\"contentUrl\":\"https:\\\/\\\/sdf.hr\\\/wp-content\\\/uploads\\\/2022\\\/05\\\/Klindzic_Boris-Kovacev-CROPIX-1-scaled.jpg\",\"width\":2560,\"height\":1706,\"caption\":\"Foto: Boris Kova\u010dev\\\/CROPIX\"},{\"@type\":\"BreadcrumbList\",\"@id\":\"https:\\\/\\\/sdf.hr\\\/hr\\\/nada\\\/dora-klindzic-suncev-sustav-je-opako-na-meti-pohlepe\\\/#breadcrumb\",\"itemListElement\":[{\"@type\":\"ListItem\",\"position\":1,\"name\":\"Po\u010detna stranica\",\"item\":\"https:\\\/\\\/sdf.hr\\\/hr\\\/\"},{\"@type\":\"ListItem\",\"position\":2,\"name\":\"Nada\",\"item\":\"https:\\\/\\\/sdf.hr\\\/nada\\\/\"},{\"@type\":\"ListItem\",\"position\":3,\"name\":\"Dora Klind\u017ei\u0107: Sun\u010dev sustav je opako na meti pohlepe\"}]},{\"@type\":\"WebSite\",\"@id\":\"https:\\\/\\\/sdf.hr\\\/#website\",\"url\":\"https:\\\/\\\/sdf.hr\\\/\",\"name\":\"SDF - Srpski demokratski forum\",\"description\":\"Srpski demokratski forum\",\"publisher\":{\"@id\":\"https:\\\/\\\/sdf.hr\\\/#organization\"},\"potentialAction\":[{\"@type\":\"SearchAction\",\"target\":{\"@type\":\"EntryPoint\",\"urlTemplate\":\"https:\\\/\\\/sdf.hr\\\/?s={search_term_string}\"},\"query-input\":{\"@type\":\"PropertyValueSpecification\",\"valueRequired\":true,\"valueName\":\"search_term_string\"}}],\"inLanguage\":\"hr\"},{\"@type\":\"Organization\",\"@id\":\"https:\\\/\\\/sdf.hr\\\/#organization\",\"name\":\"SDF - Srpski demokratski forum\",\"url\":\"https:\\\/\\\/sdf.hr\\\/\",\"logo\":{\"@type\":\"ImageObject\",\"inLanguage\":\"hr\",\"@id\":\"https:\\\/\\\/sdf.hr\\\/#\\\/schema\\\/logo\\\/image\\\/\",\"url\":\"https:\\\/\\\/sdf.hr\\\/wp-content\\\/uploads\\\/2021\\\/07\\\/logo-hr.svg\",\"contentUrl\":\"https:\\\/\\\/sdf.hr\\\/wp-content\\\/uploads\\\/2021\\\/07\\\/logo-hr.svg\",\"width\":271,\"height\":100,\"caption\":\"SDF - Srpski demokratski forum\"},\"image\":{\"@id\":\"https:\\\/\\\/sdf.hr\\\/#\\\/schema\\\/logo\\\/image\\\/\"}}]}<\/script>\n<!-- \/ Yoast SEO plugin. -->","yoast_head_json":{"title":"Dora Klind\u017ei\u0107: Sun\u010dev sustav je opako na meti pohlepe - SDF - Srpski demokratski forum","robots":{"index":"index","follow":"follow","max-snippet":"max-snippet:-1","max-image-preview":"max-image-preview:large","max-video-preview":"max-video-preview:-1"},"canonical":"https:\/\/sdf.hr\/hr\/nada\/dora-klindzic-suncev-sustav-je-opako-na-meti-pohlepe\/","og_locale":"hr_HR","og_type":"article","og_title":"Dora Klind\u017ei\u0107: Sun\u010dev sustav je opako na meti pohlepe - SDF - Srpski demokratski forum","og_description":"Na no\u0107nom nebu \u0107e biti vi\u0161e umjetnih satelita koje lansiraju korporacije, nego pravih zvijezda. Prosje\u010dan \u010dovjek bit \u0107e oplja\u010dkan za ljepote no\u0107nog neba. Kada pogleda gore ne\u0107e vidjeti zvijezde, nego svemirsko sme\u0107e","og_url":"https:\/\/sdf.hr\/hr\/nada\/dora-klindzic-suncev-sustav-je-opako-na-meti-pohlepe\/","og_site_name":"SDF - Srpski demokratski forum","article_modified_time":"2023-03-28T10:35:59+00:00","og_image":[{"width":2560,"height":1706,"url":"https:\/\/sdf.hr\/wp-content\/uploads\/2022\/05\/Klindzic_Boris-Kovacev-CROPIX-1-scaled.jpg","type":"image\/jpeg"}],"twitter_card":"summary_large_image","twitter_misc":{"Procijenjeno vrijeme \u010ditanja":"14 minuta"},"schema":{"@context":"https:\/\/schema.org","@graph":[{"@type":"WebPage","@id":"https:\/\/sdf.hr\/hr\/nada\/dora-klindzic-suncev-sustav-je-opako-na-meti-pohlepe\/","url":"https:\/\/sdf.hr\/hr\/nada\/dora-klindzic-suncev-sustav-je-opako-na-meti-pohlepe\/","name":"Dora Klind\u017ei\u0107: Sun\u010dev sustav je opako na meti pohlepe - SDF - Srpski demokratski forum","isPartOf":{"@id":"https:\/\/sdf.hr\/#website"},"primaryImageOfPage":{"@id":"https:\/\/sdf.hr\/hr\/nada\/dora-klindzic-suncev-sustav-je-opako-na-meti-pohlepe\/#primaryimage"},"image":{"@id":"https:\/\/sdf.hr\/hr\/nada\/dora-klindzic-suncev-sustav-je-opako-na-meti-pohlepe\/#primaryimage"},"thumbnailUrl":"https:\/\/sdf.hr\/wp-content\/uploads\/2022\/05\/Klindzic_Boris-Kovacev-CROPIX-1-scaled.jpg","datePublished":"2022-05-12T08:54:20+00:00","dateModified":"2023-03-28T10:35:59+00:00","breadcrumb":{"@id":"https:\/\/sdf.hr\/hr\/nada\/dora-klindzic-suncev-sustav-je-opako-na-meti-pohlepe\/#breadcrumb"},"inLanguage":"hr","potentialAction":[{"@type":"ReadAction","target":["https:\/\/sdf.hr\/hr\/nada\/dora-klindzic-suncev-sustav-je-opako-na-meti-pohlepe\/"]}]},{"@type":"ImageObject","inLanguage":"hr","@id":"https:\/\/sdf.hr\/hr\/nada\/dora-klindzic-suncev-sustav-je-opako-na-meti-pohlepe\/#primaryimage","url":"https:\/\/sdf.hr\/wp-content\/uploads\/2022\/05\/Klindzic_Boris-Kovacev-CROPIX-1-scaled.jpg","contentUrl":"https:\/\/sdf.hr\/wp-content\/uploads\/2022\/05\/Klindzic_Boris-Kovacev-CROPIX-1-scaled.jpg","width":2560,"height":1706,"caption":"Foto: Boris Kova\u010dev\/CROPIX"},{"@type":"BreadcrumbList","@id":"https:\/\/sdf.hr\/hr\/nada\/dora-klindzic-suncev-sustav-je-opako-na-meti-pohlepe\/#breadcrumb","itemListElement":[{"@type":"ListItem","position":1,"name":"Po\u010detna stranica","item":"https:\/\/sdf.hr\/hr\/"},{"@type":"ListItem","position":2,"name":"Nada","item":"https:\/\/sdf.hr\/nada\/"},{"@type":"ListItem","position":3,"name":"Dora Klind\u017ei\u0107: Sun\u010dev sustav je opako na meti pohlepe"}]},{"@type":"WebSite","@id":"https:\/\/sdf.hr\/#website","url":"https:\/\/sdf.hr\/","name":"SDF - Srpski demokratski forum","description":"Srpski demokratski forum","publisher":{"@id":"https:\/\/sdf.hr\/#organization"},"potentialAction":[{"@type":"SearchAction","target":{"@type":"EntryPoint","urlTemplate":"https:\/\/sdf.hr\/?s={search_term_string}"},"query-input":{"@type":"PropertyValueSpecification","valueRequired":true,"valueName":"search_term_string"}}],"inLanguage":"hr"},{"@type":"Organization","@id":"https:\/\/sdf.hr\/#organization","name":"SDF - Srpski demokratski forum","url":"https:\/\/sdf.hr\/","logo":{"@type":"ImageObject","inLanguage":"hr","@id":"https:\/\/sdf.hr\/#\/schema\/logo\/image\/","url":"https:\/\/sdf.hr\/wp-content\/uploads\/2021\/07\/logo-hr.svg","contentUrl":"https:\/\/sdf.hr\/wp-content\/uploads\/2021\/07\/logo-hr.svg","width":271,"height":100,"caption":"SDF - Srpski demokratski forum"},"image":{"@id":"https:\/\/sdf.hr\/#\/schema\/logo\/image\/"}}]}},"_links":{"self":[{"href":"https:\/\/sdf.hr\/hr\/wp-json\/wp\/v2\/nada\/3175","targetHints":{"allow":["GET"]}}],"collection":[{"href":"https:\/\/sdf.hr\/hr\/wp-json\/wp\/v2\/nada"}],"about":[{"href":"https:\/\/sdf.hr\/hr\/wp-json\/wp\/v2\/types\/nada"}],"wp:featuredmedia":[{"embeddable":true,"href":"https:\/\/sdf.hr\/hr\/wp-json\/wp\/v2\/media\/3178"}],"wp:attachment":[{"href":"https:\/\/sdf.hr\/hr\/wp-json\/wp\/v2\/media?parent=3175"}],"wp:term":[{"taxonomy":"post_tag","embeddable":true,"href":"https:\/\/sdf.hr\/hr\/wp-json\/wp\/v2\/tags?post=3175"},{"taxonomy":"atribut","embeddable":true,"href":"https:\/\/sdf.hr\/hr\/wp-json\/wp\/v2\/atribut?post=3175"}],"curies":[{"name":"wp","href":"https:\/\/api.w.org\/{rel}","templated":true}]}}