{"id":3239,"date":"2023-03-30T15:36:39","date_gmt":"2023-03-30T13:36:39","guid":{"rendered":"https:\/\/sdf.hr\/?post_type=nada&#038;p=3239"},"modified":"2023-03-30T15:44:33","modified_gmt":"2023-03-30T13:44:33","slug":"anjine-price-iz-bakinog-potoka","status":"publish","type":"nada","link":"https:\/\/sdf.hr\/hr\/nada\/anjine-price-iz-bakinog-potoka\/","title":{"rendered":"Anjine pri\u010de iz bakinog potoka"},"content":{"rendered":"<p>Prije otvaranja po\u010detnice ili bukvara i puno prije samostalnog \u010ditanja prve bajke, na\u0161u svijest natapa usmena predaja. Pri\u010de iz davnina na rubu mogu\u0107eg, sitne \u017eivotne mudrosti, anegdote ponekad neprilago\u0111ene dje\u010djem uzrastu, ogovaranje susjeda i rodbine, na brzinu sklepane basne za br\u017ee uspavljivanje, sveprisutne seoske legende o bilo \u010demu&#8230; Pripovijedanje je, naprosto, nezaustavljivo. Svaka ku\u0107a ima onog jednog naratora \u010diji govor zaokuplja pa\u017enju i dobiva puno povjerenje slu\u0161atelja. Ta razmjena i odnos koji se ne propituje se obi\u010dno de\u0161ava na relacija baka, djed \u2013 unuci.<\/p>\n<p>Pokojna <strong>Ankica Kon\u010dar<\/strong> iz Plitvi\u010dkog Ljeskovca vjerojatno nije ni znala na koje je sve na\u010dine utjecala na svoju unuku <strong>Anju Vukmirovi\u0107<\/strong>. U\u010denica tre\u0107eg razreda Srednje \u0161kole Oto\u010dac nedavno je progla\u0161ena za dje\u010dju turisti\u010dku ambasadoricu svoga kraja.<\/p>\n<p>Anja iz Gornjeg Babinog Potoka kraj Vrhovina javila se na natje\u010daj udruge za promicanje dje\u010djeg literarnog stvarala\u0161tva i blogiranja Mlada pera s pri\u010dom &#8220;Bocuni\u0107 i pri\u010de bake Ankice&#8221;. U\u010denici osnovnih i srednjih \u0161kola bili su pozvani da istra\u017ee neki obi\u010daj, predaju, turisti\u010dku znamenitost, skriveni kutak prirode, sujevjerje ili nastanak imena mjesta i napi\u0161u pri\u010du kojom \u0107e uvjeriti nepoznatog turista da posjeti njihov kraj. Inspirirana predanjima bake Ankice, uz izvrsne literarne vje\u0161tine, Anja je, zajedno s jo\u0161 devetoro u\u010denika iz Hrvatske, pokupila ohrabruju\u0107e priznanje.<\/p>\n<p>&#8220;Crna i Bijela rijeka, rijeke koje i dalje teku, o\u017eivljavaju taj sad ve\u0107 opusto\u0161eni kraj. U mojoj maloj dje\u010djoj glavi uvijek je na spomen tih dviju rijeka nadolazila misao kako je Crna rijeka zla, a ona Bijela dobra rijeka koja se bori protiv Crne i ne da joj pro\u0161iriti svoje korito na njezino podru\u010dje. To je bila ta moja zanimljiva zamisao prouzro\u010dena dje\u010djom ma\u0161tom, ali pri\u010da je posve druk\u010dija. Crna rijeka dobila je naziv po crnoj mahovini koja prekriva njezino korito dugo \u010dak dva kilometra, a Bijela rijeka, prema rije\u010dima moje bake, dobila je naziv po tome \u0161to izbija &#8216;iz zemlje&#8217;, pr\u0161ti i &#8216;vrije&#8217; izbacuju\u0107i bijeli pijesak kao pravo kr\u0161ko vrelo&#8221;, zapisala je Anja.<\/p>\n<p>U razgovoru za Nadu ona govori da joj je baka Ankica stalno govorila o nepoznatim legendama koje su specifi\u010dne za podru\u010dje Plitvi\u010dkih jezera. Ona je, kao i svako dijete, imala bezbroj pitanja, a baka je, kako je znala i umjela, pronalazila odgovore o prirodi koja ih okru\u017euje. Pri\u010du je, ka\u017ee, napisala upravo zbog bake, kao trajnu posvetu, ali i zbog promocije Ljeskovca koji je emotivno ve\u017ee uz nju. Tako je uspjela sa\u010duvati od zaborava sve \u0161to joj je baka prenosila. Ankica je, ina\u010de, bila jedina djevoj\u010dica u obitelji s petero bra\u0107e.<\/p>\n<p>&#8211; Uvijek je isticala da su je bra\u0107a i roditelji \u010duvali i pazili. Me\u0111utim, to je bilo ono vrijeme kad se nije previ\u0161e ulagalo u obrazovanje. Tako je i ona malo i\u0161la u \u0161kolu, malo nije. Na kraju je zavr\u0161ila samo osnovnu. Udala se sa 17 godina. Rekla bih da je taj brak do\u0161ao prerano za tako male godine. Posvetila je svoj \u017eivot djeci, mu\u017eu i ku\u0107i. Nije gledala toliko na sebe i nije gradila svoj \u017eivot neovisno o drugima. Danas je \u017eivot \u017eena na selu ipak druga\u010diji, smatram da su uspjele istaknuti svoj polo\u017eaj. \u017dene su u poljoprivredi jako va\u017ena karika. Same pokre\u0107u svoje OPG-ove i proizvode jedinstvene doma\u0107e proizvode. Mislim da su \u017eene oja\u010dale i da imaju priliku izgraditi neku svoju karijeru i na selu &#8211; obja\u0161njava na\u0161a sugovornica.<\/p>\n<p>Talentirana spisateljica u nastajanju i u\u010denica ekonomskog smjera spretna je i u poljoprivrednim poslovima. Nema toga \u0161to ne zna ili ne mo\u017ee raditi, toliko da ne mo\u017ee izdvojiti najlak\u0161e i najomra\u017eenije poslove. Od malena je uklju\u010dena u proces izrade mlijeka i skupljanja sijena. Anja govori da djeca na selu mogu imati jednako kvalitetan \u017eivot kao njihovi vr\u0161njaci u gradu.<\/p>\n<p>&#8211; Nama je ovdje sve dostupno, ne osje\u0107amo da smo odsje\u010deni od civilizacije. Mo\u017eda imamo druga\u010dije navike od gradske djece, vjerojatno imamo druga\u010diji pogled, ali nema neke velike razlike u tome kako se razvijamo u dru\u0161tvu kao pojedinci. Najbolje je biti upoznat sa svim, da ti ni\u0161ta ne bude strano, ni selo ni grad &#8211; smatra ona.<\/p>\n<p>U vrijeme kada je Anja ro\u0111ena, 2005., podru\u010dje op\u0107ine Vrhovine uveliko je do\u017eivjelo demografski slom i raseljavanje ve\u0107eg broja stanovni\u0161tva. Nekada\u0161nji stambeni objekti i obradive povr\u0161ine prepu\u0161teni su propadanju, a i ona jezerca i izvori iz pri\u010da bake Ankice s vremenom su postali te\u0161ko dostupni. \u0160uma je preuzela ono \u0161to je \u010dovjek prestao koristiti. Anja ka\u017ee da ima dojam da je tu nekad \u017eivjelo mnogo vi\u0161e ljudi, ali samo zbog pri\u010da i nekih starih fotografija.<\/p>\n<p>&#8211; Danas kad gledam moje selo i kad usporedim kako je bilo nekad, obuzme me \u010dudan osje\u0107aj. Danas nas je malo i svuda smo razbacani, a nekad je svaka ku\u0107a bila puna ljudi, bila je to velika zajednica. Osim toga, \u010dudno je koliko su se divlje \u017eivotinje pribli\u017eile ku\u0107ama i vi\u0161e nemaju strah od ljudi. Na neki na\u010din su se pripitomile, one su nam prvi susjedi. Lijepo ih je vidjeti, ali kad razmislim o tome malo bolje, shva\u0107am da je to oti\u0161lo predaleko, da je ljudi malo i da \u017eivotinje polako osvajaju prostor &#8211; obja\u0161njava Anja.<\/p>\n<p>Dodaje da kao dje\u010dja turisti\u010dka ambasadorica nikad ne bi dopustila naru\u0161avanje okoli\u0161a i izgradnju nekog hotelskog kompleksa. To jednostavno nije smjer u kojem Vrhovine trebaju i\u0107i, smatra ona.<\/p>\n<p>Izme\u0111u \u0161kolskih obaveza i onih u poljoprivredi, Anja ustrajno pi\u0161e. Ima tu poezije, no \u010de\u0161\u0107e isprobava kratke pri\u010de. Kao i ve\u0107ina tinejd\u017eera, napisano \u010duva samo za sebe. Njena velika motivacija je profesorica hrvatskog i mentorica <strong>Gorana Mandari\u0107<\/strong>. Zbog nje je Anja, izme\u0111u ostalog, te\u017eila da izbrusi svoje pisanje. Savjeti i kritike koje je dobila od profesorice otkrili su joj sve \u010dari pisane rije\u010di.<\/p>\n<p>&#8211; \u010cesto pri pisanju samu sebe motiviram tako \u0161to si ka\u017eem: &#8220;Pi\u0161i o onome \u0161to misli\u0161 i osje\u0107a\u0161 jer te misli i osje\u0107aji uvijek vode u najboljem smjeru.&#8221; Na taj na\u010din dam sebi vjetar u le\u0111a i ne mare\u0107i o nekim drugim stvarima, po\u010dnem pisati. To volim zato \u0161to mogu na jedinstven na\u010din prenijeti misli iz glave. Ono \u0161to napi\u0161em i sastavim je samo moje, produkt moje ma\u0161te &#8211; opisuje Anja stvarala\u010dki proces.<\/p>\n<p>&#8220;Smogovci&#8221; <strong>Hrvoja Hitreca<\/strong> i &#8220;Alisa u zemlji \u010dudesa&#8221; <strong>Luisa Karola<\/strong> knjige su koje je pro\u010ditala vi\u0161e puta. I danas im se voli vra\u0107ati. Susret s profesoricom Mandari\u0107, koja je otkrila njen talent, poljuljao joj je planove za dalje. Ekonomija je i dalje zanima, ali sada uvi\u0111a da se mo\u017ee prona\u0107i i na nekim drugim poljima.<\/p>\n<p>&#8211; To je klasi\u010dni problem kod srednjo\u0161kolaca, veliko je optere\u0107enje na djeci da se \u017eivotno opredijele. Razmi\u0161ljala sam i o studiranju hrvatskog jezika i knji\u017eevnosti. Od po\u010detka srednje \u0161kole idem na \u017eupanijska natjecanja, profesorica me je isto pitala da li se vidim u tome. Imam jo\u0161 vremena za odlu\u010diti &#8211; zaklju\u010duje Anja Vukmirovi\u0107.<\/p>\n<p><em>pi\u0161e Anja Ko\u017eul<\/em><\/p>\n","protected":false},"excerpt":{"rendered":"<p>Nakon sudjelovanja na literarnom natje\u010daju Mlada pera, u\u010denica Srednje \u0161kole Oto\u010dac Anja Vukmirovi\u0107 iz Gornjeg Babinog Potoka progla\u0161ena je za dje\u010dju turisti\u010dku ambasadoricu svoga kraja. Svoju pri\u010du napisala je inspirirana plitvi\u010dkim legendama o kojima joj je govorila baka Ankica<\/p>\n","protected":false},"featured_media":3248,"template":"","tags":[136],"atribut":[],"class_list":["post-3239","nada","type-nada","status-publish","has-post-thumbnail","hentry","tag-portret"],"acf":[],"yoast_head":"<!-- This site is optimized with the Yoast SEO plugin v27.4 - https:\/\/yoast.com\/product\/yoast-seo-wordpress\/ -->\n<title>Anjine pri\u010de iz bakinog potoka - SDF - Srpski demokratski forum<\/title>\n<meta name=\"robots\" content=\"index, follow, max-snippet:-1, max-image-preview:large, max-video-preview:-1\" \/>\n<link rel=\"canonical\" href=\"https:\/\/sdf.hr\/hr\/nada\/anjine-price-iz-bakinog-potoka\/\" \/>\n<meta property=\"og:locale\" content=\"hr_HR\" \/>\n<meta property=\"og:type\" content=\"article\" \/>\n<meta property=\"og:title\" content=\"Anjine pri\u010de iz bakinog potoka - SDF - Srpski demokratski forum\" \/>\n<meta property=\"og:description\" content=\"Nakon sudjelovanja na literarnom natje\u010daju Mlada pera, u\u010denica Srednje \u0161kole Oto\u010dac Anja Vukmirovi\u0107 iz Gornjeg Babinog Potoka progla\u0161ena je za dje\u010dju turisti\u010dku ambasadoricu svoga kraja. Svoju pri\u010du napisala je inspirirana plitvi\u010dkim legendama o kojima joj je govorila baka Ankica\" \/>\n<meta property=\"og:url\" content=\"https:\/\/sdf.hr\/hr\/nada\/anjine-price-iz-bakinog-potoka\/\" \/>\n<meta property=\"og:site_name\" content=\"SDF - Srpski demokratski forum\" \/>\n<meta property=\"article:modified_time\" content=\"2023-03-30T13:44:33+00:00\" \/>\n<meta property=\"og:image\" content=\"https:\/\/sdf.hr\/wp-content\/uploads\/2023\/03\/2.jpg\" \/>\n\t<meta property=\"og:image:width\" content=\"1200\" \/>\n\t<meta property=\"og:image:height\" content=\"750\" \/>\n\t<meta property=\"og:image:type\" content=\"image\/jpeg\" \/>\n<meta name=\"twitter:card\" content=\"summary_large_image\" \/>\n<meta name=\"twitter:label1\" content=\"Procijenjeno vrijeme \u010ditanja\" \/>\n\t<meta name=\"twitter:data1\" content=\"6 minuta\" \/>\n<script type=\"application\/ld+json\" class=\"yoast-schema-graph\">{\"@context\":\"https:\\\/\\\/schema.org\",\"@graph\":[{\"@type\":\"WebPage\",\"@id\":\"https:\\\/\\\/sdf.hr\\\/hr\\\/nada\\\/anjine-price-iz-bakinog-potoka\\\/\",\"url\":\"https:\\\/\\\/sdf.hr\\\/hr\\\/nada\\\/anjine-price-iz-bakinog-potoka\\\/\",\"name\":\"Anjine pri\u010de iz bakinog potoka - SDF - Srpski demokratski forum\",\"isPartOf\":{\"@id\":\"https:\\\/\\\/sdf.hr\\\/#website\"},\"primaryImageOfPage\":{\"@id\":\"https:\\\/\\\/sdf.hr\\\/hr\\\/nada\\\/anjine-price-iz-bakinog-potoka\\\/#primaryimage\"},\"image\":{\"@id\":\"https:\\\/\\\/sdf.hr\\\/hr\\\/nada\\\/anjine-price-iz-bakinog-potoka\\\/#primaryimage\"},\"thumbnailUrl\":\"https:\\\/\\\/sdf.hr\\\/wp-content\\\/uploads\\\/2023\\\/03\\\/2.jpg\",\"datePublished\":\"2023-03-30T13:36:39+00:00\",\"dateModified\":\"2023-03-30T13:44:33+00:00\",\"breadcrumb\":{\"@id\":\"https:\\\/\\\/sdf.hr\\\/hr\\\/nada\\\/anjine-price-iz-bakinog-potoka\\\/#breadcrumb\"},\"inLanguage\":\"hr\",\"potentialAction\":[{\"@type\":\"ReadAction\",\"target\":[\"https:\\\/\\\/sdf.hr\\\/hr\\\/nada\\\/anjine-price-iz-bakinog-potoka\\\/\"]}]},{\"@type\":\"ImageObject\",\"inLanguage\":\"hr\",\"@id\":\"https:\\\/\\\/sdf.hr\\\/hr\\\/nada\\\/anjine-price-iz-bakinog-potoka\\\/#primaryimage\",\"url\":\"https:\\\/\\\/sdf.hr\\\/wp-content\\\/uploads\\\/2023\\\/03\\\/2.jpg\",\"contentUrl\":\"https:\\\/\\\/sdf.hr\\\/wp-content\\\/uploads\\\/2023\\\/03\\\/2.jpg\",\"width\":1200,\"height\":750,\"caption\":\"Anja Vukmirovi\u0107\"},{\"@type\":\"BreadcrumbList\",\"@id\":\"https:\\\/\\\/sdf.hr\\\/hr\\\/nada\\\/anjine-price-iz-bakinog-potoka\\\/#breadcrumb\",\"itemListElement\":[{\"@type\":\"ListItem\",\"position\":1,\"name\":\"Po\u010detna stranica\",\"item\":\"https:\\\/\\\/sdf.hr\\\/hr\\\/\"},{\"@type\":\"ListItem\",\"position\":2,\"name\":\"Nada\",\"item\":\"https:\\\/\\\/sdf.hr\\\/nada\\\/\"},{\"@type\":\"ListItem\",\"position\":3,\"name\":\"Anjine pri\u010de iz bakinog potoka\"}]},{\"@type\":\"WebSite\",\"@id\":\"https:\\\/\\\/sdf.hr\\\/#website\",\"url\":\"https:\\\/\\\/sdf.hr\\\/\",\"name\":\"SDF - Srpski demokratski forum\",\"description\":\"Srpski demokratski forum\",\"publisher\":{\"@id\":\"https:\\\/\\\/sdf.hr\\\/#organization\"},\"potentialAction\":[{\"@type\":\"SearchAction\",\"target\":{\"@type\":\"EntryPoint\",\"urlTemplate\":\"https:\\\/\\\/sdf.hr\\\/?s={search_term_string}\"},\"query-input\":{\"@type\":\"PropertyValueSpecification\",\"valueRequired\":true,\"valueName\":\"search_term_string\"}}],\"inLanguage\":\"hr\"},{\"@type\":\"Organization\",\"@id\":\"https:\\\/\\\/sdf.hr\\\/#organization\",\"name\":\"SDF - Srpski demokratski forum\",\"url\":\"https:\\\/\\\/sdf.hr\\\/\",\"logo\":{\"@type\":\"ImageObject\",\"inLanguage\":\"hr\",\"@id\":\"https:\\\/\\\/sdf.hr\\\/#\\\/schema\\\/logo\\\/image\\\/\",\"url\":\"https:\\\/\\\/sdf.hr\\\/wp-content\\\/uploads\\\/2021\\\/07\\\/logo-hr.svg\",\"contentUrl\":\"https:\\\/\\\/sdf.hr\\\/wp-content\\\/uploads\\\/2021\\\/07\\\/logo-hr.svg\",\"width\":271,\"height\":100,\"caption\":\"SDF - Srpski demokratski forum\"},\"image\":{\"@id\":\"https:\\\/\\\/sdf.hr\\\/#\\\/schema\\\/logo\\\/image\\\/\"}}]}<\/script>\n<!-- \/ Yoast SEO plugin. -->","yoast_head_json":{"title":"Anjine pri\u010de iz bakinog potoka - SDF - Srpski demokratski forum","robots":{"index":"index","follow":"follow","max-snippet":"max-snippet:-1","max-image-preview":"max-image-preview:large","max-video-preview":"max-video-preview:-1"},"canonical":"https:\/\/sdf.hr\/hr\/nada\/anjine-price-iz-bakinog-potoka\/","og_locale":"hr_HR","og_type":"article","og_title":"Anjine pri\u010de iz bakinog potoka - SDF - Srpski demokratski forum","og_description":"Nakon sudjelovanja na literarnom natje\u010daju Mlada pera, u\u010denica Srednje \u0161kole Oto\u010dac Anja Vukmirovi\u0107 iz Gornjeg Babinog Potoka progla\u0161ena je za dje\u010dju turisti\u010dku ambasadoricu svoga kraja. Svoju pri\u010du napisala je inspirirana plitvi\u010dkim legendama o kojima joj je govorila baka Ankica","og_url":"https:\/\/sdf.hr\/hr\/nada\/anjine-price-iz-bakinog-potoka\/","og_site_name":"SDF - Srpski demokratski forum","article_modified_time":"2023-03-30T13:44:33+00:00","og_image":[{"width":1200,"height":750,"url":"https:\/\/sdf.hr\/wp-content\/uploads\/2023\/03\/2.jpg","type":"image\/jpeg"}],"twitter_card":"summary_large_image","twitter_misc":{"Procijenjeno vrijeme \u010ditanja":"6 minuta"},"schema":{"@context":"https:\/\/schema.org","@graph":[{"@type":"WebPage","@id":"https:\/\/sdf.hr\/hr\/nada\/anjine-price-iz-bakinog-potoka\/","url":"https:\/\/sdf.hr\/hr\/nada\/anjine-price-iz-bakinog-potoka\/","name":"Anjine pri\u010de iz bakinog potoka - SDF - Srpski demokratski forum","isPartOf":{"@id":"https:\/\/sdf.hr\/#website"},"primaryImageOfPage":{"@id":"https:\/\/sdf.hr\/hr\/nada\/anjine-price-iz-bakinog-potoka\/#primaryimage"},"image":{"@id":"https:\/\/sdf.hr\/hr\/nada\/anjine-price-iz-bakinog-potoka\/#primaryimage"},"thumbnailUrl":"https:\/\/sdf.hr\/wp-content\/uploads\/2023\/03\/2.jpg","datePublished":"2023-03-30T13:36:39+00:00","dateModified":"2023-03-30T13:44:33+00:00","breadcrumb":{"@id":"https:\/\/sdf.hr\/hr\/nada\/anjine-price-iz-bakinog-potoka\/#breadcrumb"},"inLanguage":"hr","potentialAction":[{"@type":"ReadAction","target":["https:\/\/sdf.hr\/hr\/nada\/anjine-price-iz-bakinog-potoka\/"]}]},{"@type":"ImageObject","inLanguage":"hr","@id":"https:\/\/sdf.hr\/hr\/nada\/anjine-price-iz-bakinog-potoka\/#primaryimage","url":"https:\/\/sdf.hr\/wp-content\/uploads\/2023\/03\/2.jpg","contentUrl":"https:\/\/sdf.hr\/wp-content\/uploads\/2023\/03\/2.jpg","width":1200,"height":750,"caption":"Anja Vukmirovi\u0107"},{"@type":"BreadcrumbList","@id":"https:\/\/sdf.hr\/hr\/nada\/anjine-price-iz-bakinog-potoka\/#breadcrumb","itemListElement":[{"@type":"ListItem","position":1,"name":"Po\u010detna stranica","item":"https:\/\/sdf.hr\/hr\/"},{"@type":"ListItem","position":2,"name":"Nada","item":"https:\/\/sdf.hr\/nada\/"},{"@type":"ListItem","position":3,"name":"Anjine pri\u010de iz bakinog potoka"}]},{"@type":"WebSite","@id":"https:\/\/sdf.hr\/#website","url":"https:\/\/sdf.hr\/","name":"SDF - Srpski demokratski forum","description":"Srpski demokratski forum","publisher":{"@id":"https:\/\/sdf.hr\/#organization"},"potentialAction":[{"@type":"SearchAction","target":{"@type":"EntryPoint","urlTemplate":"https:\/\/sdf.hr\/?s={search_term_string}"},"query-input":{"@type":"PropertyValueSpecification","valueRequired":true,"valueName":"search_term_string"}}],"inLanguage":"hr"},{"@type":"Organization","@id":"https:\/\/sdf.hr\/#organization","name":"SDF - Srpski demokratski forum","url":"https:\/\/sdf.hr\/","logo":{"@type":"ImageObject","inLanguage":"hr","@id":"https:\/\/sdf.hr\/#\/schema\/logo\/image\/","url":"https:\/\/sdf.hr\/wp-content\/uploads\/2021\/07\/logo-hr.svg","contentUrl":"https:\/\/sdf.hr\/wp-content\/uploads\/2021\/07\/logo-hr.svg","width":271,"height":100,"caption":"SDF - Srpski demokratski forum"},"image":{"@id":"https:\/\/sdf.hr\/#\/schema\/logo\/image\/"}}]}},"_links":{"self":[{"href":"https:\/\/sdf.hr\/hr\/wp-json\/wp\/v2\/nada\/3239","targetHints":{"allow":["GET"]}}],"collection":[{"href":"https:\/\/sdf.hr\/hr\/wp-json\/wp\/v2\/nada"}],"about":[{"href":"https:\/\/sdf.hr\/hr\/wp-json\/wp\/v2\/types\/nada"}],"wp:featuredmedia":[{"embeddable":true,"href":"https:\/\/sdf.hr\/hr\/wp-json\/wp\/v2\/media\/3248"}],"wp:attachment":[{"href":"https:\/\/sdf.hr\/hr\/wp-json\/wp\/v2\/media?parent=3239"}],"wp:term":[{"taxonomy":"post_tag","embeddable":true,"href":"https:\/\/sdf.hr\/hr\/wp-json\/wp\/v2\/tags?post=3239"},{"taxonomy":"atribut","embeddable":true,"href":"https:\/\/sdf.hr\/hr\/wp-json\/wp\/v2\/atribut?post=3239"}],"curies":[{"name":"wp","href":"https:\/\/api.w.org\/{rel}","templated":true}]}}