{"id":3260,"date":"2023-04-15T09:56:35","date_gmt":"2023-04-15T07:56:35","guid":{"rendered":"https:\/\/sdf.hr\/?post_type=nada&#038;p=3260"},"modified":"2023-04-15T09:56:35","modified_gmt":"2023-04-15T07:56:35","slug":"citajte-dubravku-2","status":"publish","type":"nada","link":"https:\/\/sdf.hr\/hr\/nada\/citajte-dubravku-2\/","title":{"rendered":"\u010citajte Dubravku!"},"content":{"rendered":"<p>Prvo je bio &#8220;Mali plamen&#8221;, zatim se razgorjela vatra, kasnije je buknulo.<\/p>\n<p>&#8220;Mali plamen&#8221; ime je prve knjige <strong>Dubravke Ugre\u0161i\u0107<\/strong>, one koju je s dvadesetak godina napisala za djecu, \u0161to zna\u010di, ako je knjiga dobra, da je napisana i za onu biv\u0161u djecu, za odrasle. Dozvolite da vas podsjetim, Mali plamen iza\u0161ao je iz kutije \u0161ibica, ne \u017eele\u0107i pripaljivati cigarete i \u0161tednjake, nego je oti\u0161ao u svijet. Mali plamen je ve\u0107 u startu znao da je vatra, pa se name\u0107e i kao jasna metafora za svjetlo i toplinu, na\u017ealost i za ognjice i po\u017eare koji su uslijedili, za opekline i loma\u010de na kojima, gle, ipak, iako plamte, na kraju ne izgore ni knjige ni vje\u0161tice. Pa se i Dubravkin Mali plamen kona\u010dno smjestio u srcu onih \u010ditatelja koji srca i umove dr\u017ee otvorenima ili ih makar redovito zra\u010de. U onim drugima, tko zna, ima li kisika ili mo\u017eda ve\u0107 ni\u0161ta ne gori.<\/p>\n<p>Svoj zadivljuju\u0107i autorski potpis Dubravka Ugre\u0161i\u0107 zavr\u0161ila je tako\u0111er jednom knjigom za djecu, slikovnicom potpuno harmsovskom, a sasvim doma\u0107om, koju je ilustrirala <strong>Ana Kova\u010di\u0107<\/strong>. U toj, pak, slikovnici foka Marisol poku\u0161ava kupiti \u0161ampon za kupanje u Nami. Sve u trgovini spopadne strka, osim dje\u010daka Petra Milata, imenjaka Dubravkinog izdava\u010da iz Mame (a ne Name), koji joj \u0161ampon i kupi. Pri\u010da zavr\u0161ava objavom u Ve\u010dernjaku u kojoj pi\u0161e da je Namu posjetilo bi\u0107e iz svemira koje je kupilo \u0161ampon za kosu \u2013 posu\u0111enim novcem.<\/p>\n<p>I tu je, tko \u017eeli vidjeti, u nekoliko slika sve, sitnice i krupne stvari iz Dubravkina knji\u017eevnog i \u017eivotnog kufera: knji\u017eevnost kao velika matrjo\u0161ka; sposobnost da bude najmanja u najve\u0107oj; jednako bitni dragulji i drangulije; vje\u0161tina i erudicija u slu\u017ebi proste igre. A mo\u017ee i dalje: igra u slu\u017ebi knji\u017eevnosti; rije\u010di u slu\u017ebi otpora.<\/p>\n<p>Mo\u017eda Dubravkine knjige za djecu budu prilika nekim djevoj\u010dicama i dje\u010dacima da od\u0161krinu njenu biblioteku i nje\u017enije kro\u010de u taj ludi mudri gorki gordi smije\u0161ni, neodoljivi svijet. Tako \u0107e postojati \u0161ansa da im ovaj stvarni jednom bude prepoznatljiv i obja\u0161njen, a time mo\u017eda i lak\u0161e podno\u0161ljiv. Jesam li ve\u0107 rekla smije\u0161an? Ili stra\u0161an?<\/p>\n<p>Prvo nek&#8217; bude &#8220;Mali plamen&#8221;, kasnije \u0107e se razgorjeti vatra oko koje nastaju pri\u010de.<\/p>\n<p>*<\/p>\n<p>Da je spomenuti kufer odavno pre\u0161ao granice jezika i knji\u017eevnost, iz koje se davno i ne svojom voljom autorica zauvijek izmjestila, o tome su mnogi pisali, a jo\u0161 mnogiji nisu. Pisala sam i sama, prije jedanaest godina. Tekst se zvao &#8220;Tko je nama Dubravka Ugre\u0161i\u0107?&#8221;, a ticao se novinske crtice, jedine kojom je bilo zabilje\u017eeno da je primila va\u017enu me\u0111unarodnu nagradu. Kolegica <strong>Ivana Peri\u0107<\/strong> iz Nade mi nekidan daje prijedlog: Eto, mo\u017ee\u0161 napisati tekst &#8220;Tko je nama Dubravka Ugre\u0161i\u0107 2&#8221;, jer sve je isto. U bezuboj hrvatskoj knji\u017eevnosti, Dubravka i nema boljeg mjesta od margine. Nakon smrti autorice, nastupila je smu\u0107enost, nesnala\u017eenje kao u spomenutoj pri\u010di s fokom. Kako u \u017eivotu, tako i u smrti, dostojan odgovor hrvatske javnosti je izostao, \u010deka se. \u0160to me podsjetilo da postoji tamo u knjizi &#8220;Forsiranje romana reke&#8221; jedan Pipo Fink za kojega govore: &#8220;Evo na\u0161eg Pipa koji nije na\u0161, jer je ne\u0161to drugo, a ne zna se \u0161to.&#8221; Umrla je na\u0161a velika autorica, koja jest na\u0161a, ali mi nismo njeni. Da je mu\u0161karac rekli bismo: umro je genije pisane rije\u010di.<\/p>\n<p>*<\/p>\n<p>Kada sam, izme\u0111u dva potresa, doselila u Zagreb, do\u010dekalo me stubi\u0161te puno knjiga. Knjige moje susjede, profesorice u mirovini, sru\u0161ile su se s policama i ona je odlu\u010dila udomiti dobar dio svoje biblioteke, ali nije znala gdje. U kriznim situacija ljudi se pitaju kamo s knjigama. Kad ih mora\u0161 udomiti, to je problem, kad ih nekome posudi\u0161, nikad ti ih vi\u0161e ne vrati. Kasnije ih gleda\u0161 na policama prijatelja koji ne trzaju. Knjiga je postala vlasni\u0161tvo onoga tko ju je zadnji pro\u010ditao, mo\u017eda u tome ima i neke kozmi\u010dke pravde, ali ja bih ipak \u017eeljela svoje knjige natrag. Nakon nekog vremena susjedinim su se knjigama na stubi\u0161tu pridru\u017eile moje, od \u010ditavog biv\u0161eg \u017eivota najte\u017ee je bilo dovu\u0107i knjige. A onda ih je trebalo jo\u0161 i popeti na \u010detvrti kat bez lifta. U me\u0111uvremenu, stubi\u0161te je ra\u0161\u010di\u0161\u0107eno, susjedine knjige sretno udomljene, ali moje jo\u0161 stoje poredane uz zidove u novom stanu bez polica. Da se lak\u0161e sna\u0111em, nazidala sam sebi hrpice, neke prema \u017eanru, neke prema autoru&#8230; Tu je i mali neboder knjiga Dubravke Ugre\u0161i\u0107. On je, naravno novozagreba\u010dki, jer u njemu zauvijek stanuju: \u0160tefica, Bublik, Pipo, Nada Mati\u0107, pa i lisice, je\u017eevi i vje\u0161tice razne, bar povremeno, heretici, sanjari i izop\u0107enici, pisci i supruge, a prije svega lik mame, kao i sve protagonistice koje je u Ich-formi odigrala sama autorica. Neboder je dijelom i amsterdamski, ali jedna knjiga mi je nedostajala, ona koja bi povezala ta dva svijeta (ovdje govorim o fikciji, jer za eseje bi mi trebao novi neboder i tekst). Ta koja mi je izmakla je &#8220;Muzej bezuvjetne predaje&#8221;, objavljena u Amsterdamu 1997., a u Beogradu i Zagrebu 2002., u suizdava\u0161tvu dvije u me\u0111uvremenu i\u0161\u010dezle izdava\u010dke ku\u0107e (Samizdat B92 i Konzor).<\/p>\n<p>Prije nego \u0161to nastavim, \u017eelim re\u0107i da nisam odrasla na knjigama Dubravke Ugre\u0161i\u0107, jer u ratno vrijeme, kad sam dorasla do njih, o Dubravki se s razli\u010ditim predznakom pri\u010dalo isklju\u010divo kao o Vje\u0161tici iz Rija, a o njenim knjigama nikako. Diplomirala sam hrvatsku knji\u017eevnost, a da je nitko nije spomenuo. Otkrila sam je preko romana o \u0160tefici Cvek, zaljubila se kao i svi, ali do njenih knjiga nije uvijek bilo jednostavno do\u0107i. Kad se to dogodilo za mene je postala formativna, jer \u0161tivo Dubravke Ugre\u0161i\u0107 potpuno je uronjeno u knji\u017eevnost \u010dije je veze s jezikom i \u017eivotom neprekidno preispitivala, knji\u017eevnost je glavni lik ve\u0107ine njenih pri\u010da i romana; njena je fikcija <em>masterclass<\/em> posebno za spisateljice, jer otkriva bliskost hibridne forme, fragmentarne strukture i pisanja o \u017eenskom iskustvu, kako Ugre\u0161i\u0107 ka\u017ee &#8220;drugim jezikom&#8221;. Otpor zahtijeva nove forme i glas koji se razlikuje od nacionalnih ili patrijarhalnih kanona, ali rijetko kad je taj glas ovako samosvojan. Vjerojatno je upravo susret s Dubravkom bio trenutak kad sam pomislila: koliko slobode u tekstu, toliko prirodnosti i slobodnog stila u pripovijedanju, da mi se \u010dini da je mogu\u0107e pisati prozu.<\/p>\n<p>&#8220;Muzej bezuvjetne predaje&#8221; nisam prona\u0161la u zagreba\u010dkim antikvarijatima, donijela mi ga je nekidan kolegica iz Beograda \u2013 svoj ku\u0107ni primjerak. Srele smo se ispred Booksina izloga na kojem pi\u0161e &#8220;\u010citajte Dubravku Ugre\u0161i\u0107!&#8221;. Mislim da bi i Dubravka bila zadovoljna ovakvim raspletom.<\/p>\n<p>U &#8220;Muzeju&#8221; su spone koje su mi nedostajale. Tri kupa\u010dice iz Varne koje su se u &#8220;Babi Jagi&#8221; pretvorile u tri kupa\u010dice u \u010de\u0161kim toplicama, bugarske tetke-lutke postale su Pupa, Beba i Kukla, pri\u010da o majci koja je u &#8220;Muzeju&#8221; zapo\u010deta, zavr\u0161ila je u &#8220;Lisici&#8221; itd. Roman zapo\u010dinje pri\u010dom o zlo\u010dincu koji je znaju\u0107i da \u0107e razoriti Sarajevo, nazvao znanca da mu poru\u010di da uzme albume prije nego \u0161to mu sru\u0161i ku\u0107u. I ovaj je roman album otpora, obrana sje\u0107anja i intimnosti.<\/p>\n<p>\u010citati Dubravku Ugre\u0161i\u0107 ne zna\u010di pro\u010ditati &#8220;\u0160teficu&#8221; ili &#8220;Babu Jagu&#8221;. Svi njeni romani, kojima je &#8220;Lisica&#8221; tek epilog, jedan su veliki roman, jedinstvena pri\u010da iz pera slavenske \u0160eherezade (kako je Ugre\u0161i\u0107 opisala spisateljice), pri\u010da koja je rasla desetlje\u0107ima. A \u0160eherezada je, to znamo, pri\u010dala da bi ostala \u017eiva, s tim da ostati \u017eiva uklju\u010duje i zadovoljstvo u pri\u010di. Iako je ne\u0107emo pre\u017ealiti, jer je nenadoknadiva i neusporediva, Dubravka je svoj posao &#8220;gorak i sladak, brz i kratak&#8221;, obavila \u010dasno kao malo tko. &#8220;I mi smo tamo bili i vino smo pili: jo\u0161 nam je i sada jezik mokar&#8221;, a o Dubravki smo, nadam se, tek po\u010deli suvislo govoriti.<\/p>\n<p><em>pi\u0161e Olja Savi\u010devi\u0107 Ivan\u010devi\u0107<\/em><\/p>\n","protected":false},"excerpt":{"rendered":"<p>\u010citati Dubravku Ugre\u0161i\u0107 ne zna\u010di pro\u010ditati &#8220;\u0160teficu&#8221; ili &#8220;Babu Jagu&#8221;. Svi njeni romani, kojima je &#8220;Lisica&#8221; tek epilog, jedan su veliki roman, jedinstvena pri\u010da iz pera slavenske \u0160eherezade (kako je Ugre\u0161i\u0107 opisala spisateljice), pri\u010da koja je rasla desetlje\u0107ima<\/p>\n","protected":false},"featured_media":3045,"template":"","tags":[106],"atribut":[],"class_list":["post-3260","nada","type-nada","status-publish","has-post-thumbnail","hentry","tag-razum-i-osjecaji-2"],"acf":[],"yoast_head":"<!-- This site is optimized with the Yoast SEO plugin v27.4 - https:\/\/yoast.com\/product\/yoast-seo-wordpress\/ -->\n<title>\u010citajte Dubravku! - SDF - Srpski demokratski forum<\/title>\n<meta name=\"robots\" content=\"index, follow, max-snippet:-1, max-image-preview:large, max-video-preview:-1\" \/>\n<link rel=\"canonical\" href=\"https:\/\/sdf.hr\/hr\/nada\/citajte-dubravku-2\/\" \/>\n<meta property=\"og:locale\" content=\"hr_HR\" \/>\n<meta property=\"og:type\" content=\"article\" \/>\n<meta property=\"og:title\" content=\"\u010citajte Dubravku! - SDF - Srpski demokratski forum\" \/>\n<meta property=\"og:description\" content=\"\u010citati Dubravku Ugre\u0161i\u0107 ne zna\u010di pro\u010ditati &quot;\u0160teficu&quot; ili &quot;Babu Jagu&quot;. Svi njeni romani, kojima je &quot;Lisica&quot; tek epilog, jedan su veliki roman, jedinstvena pri\u010da iz pera slavenske \u0160eherezade (kako je Ugre\u0161i\u0107 opisala spisateljice), pri\u010da koja je rasla desetlje\u0107ima\" \/>\n<meta property=\"og:url\" content=\"https:\/\/sdf.hr\/hr\/nada\/citajte-dubravku-2\/\" \/>\n<meta property=\"og:site_name\" content=\"SDF - Srpski demokratski forum\" \/>\n<meta property=\"og:image\" content=\"https:\/\/sdf.hr\/wp-content\/uploads\/2023\/03\/Olja-1.jpg\" \/>\n\t<meta property=\"og:image:width\" content=\"1200\" \/>\n\t<meta property=\"og:image:height\" content=\"750\" \/>\n\t<meta property=\"og:image:type\" content=\"image\/jpeg\" \/>\n<meta name=\"twitter:card\" content=\"summary_large_image\" \/>\n<meta name=\"twitter:label1\" content=\"Procijenjeno vrijeme \u010ditanja\" \/>\n\t<meta name=\"twitter:data1\" content=\"7 minuta\" \/>\n<script type=\"application\/ld+json\" class=\"yoast-schema-graph\">{\"@context\":\"https:\\\/\\\/schema.org\",\"@graph\":[{\"@type\":\"WebPage\",\"@id\":\"https:\\\/\\\/sdf.hr\\\/hr\\\/nada\\\/citajte-dubravku-2\\\/\",\"url\":\"https:\\\/\\\/sdf.hr\\\/hr\\\/nada\\\/citajte-dubravku-2\\\/\",\"name\":\"\u010citajte Dubravku! - SDF - Srpski demokratski forum\",\"isPartOf\":{\"@id\":\"https:\\\/\\\/sdf.hr\\\/#website\"},\"primaryImageOfPage\":{\"@id\":\"https:\\\/\\\/sdf.hr\\\/hr\\\/nada\\\/citajte-dubravku-2\\\/#primaryimage\"},\"image\":{\"@id\":\"https:\\\/\\\/sdf.hr\\\/hr\\\/nada\\\/citajte-dubravku-2\\\/#primaryimage\"},\"thumbnailUrl\":\"https:\\\/\\\/sdf.hr\\\/wp-content\\\/uploads\\\/2023\\\/03\\\/Olja-1.jpg\",\"datePublished\":\"2023-04-15T07:56:35+00:00\",\"breadcrumb\":{\"@id\":\"https:\\\/\\\/sdf.hr\\\/hr\\\/nada\\\/citajte-dubravku-2\\\/#breadcrumb\"},\"inLanguage\":\"hr\",\"potentialAction\":[{\"@type\":\"ReadAction\",\"target\":[\"https:\\\/\\\/sdf.hr\\\/hr\\\/nada\\\/citajte-dubravku-2\\\/\"]}]},{\"@type\":\"ImageObject\",\"inLanguage\":\"hr\",\"@id\":\"https:\\\/\\\/sdf.hr\\\/hr\\\/nada\\\/citajte-dubravku-2\\\/#primaryimage\",\"url\":\"https:\\\/\\\/sdf.hr\\\/wp-content\\\/uploads\\\/2023\\\/03\\\/Olja-1.jpg\",\"contentUrl\":\"https:\\\/\\\/sdf.hr\\\/wp-content\\\/uploads\\\/2023\\\/03\\\/Olja-1.jpg\",\"width\":1200,\"height\":750},{\"@type\":\"BreadcrumbList\",\"@id\":\"https:\\\/\\\/sdf.hr\\\/hr\\\/nada\\\/citajte-dubravku-2\\\/#breadcrumb\",\"itemListElement\":[{\"@type\":\"ListItem\",\"position\":1,\"name\":\"Po\u010detna stranica\",\"item\":\"https:\\\/\\\/sdf.hr\\\/hr\\\/\"},{\"@type\":\"ListItem\",\"position\":2,\"name\":\"Nada\",\"item\":\"https:\\\/\\\/sdf.hr\\\/nada\\\/\"},{\"@type\":\"ListItem\",\"position\":3,\"name\":\"\u010citajte Dubravku!\"}]},{\"@type\":\"WebSite\",\"@id\":\"https:\\\/\\\/sdf.hr\\\/#website\",\"url\":\"https:\\\/\\\/sdf.hr\\\/\",\"name\":\"SDF - Srpski demokratski forum\",\"description\":\"Srpski demokratski forum\",\"publisher\":{\"@id\":\"https:\\\/\\\/sdf.hr\\\/#organization\"},\"potentialAction\":[{\"@type\":\"SearchAction\",\"target\":{\"@type\":\"EntryPoint\",\"urlTemplate\":\"https:\\\/\\\/sdf.hr\\\/?s={search_term_string}\"},\"query-input\":{\"@type\":\"PropertyValueSpecification\",\"valueRequired\":true,\"valueName\":\"search_term_string\"}}],\"inLanguage\":\"hr\"},{\"@type\":\"Organization\",\"@id\":\"https:\\\/\\\/sdf.hr\\\/#organization\",\"name\":\"SDF - Srpski demokratski forum\",\"url\":\"https:\\\/\\\/sdf.hr\\\/\",\"logo\":{\"@type\":\"ImageObject\",\"inLanguage\":\"hr\",\"@id\":\"https:\\\/\\\/sdf.hr\\\/#\\\/schema\\\/logo\\\/image\\\/\",\"url\":\"https:\\\/\\\/sdf.hr\\\/wp-content\\\/uploads\\\/2021\\\/07\\\/logo-hr.svg\",\"contentUrl\":\"https:\\\/\\\/sdf.hr\\\/wp-content\\\/uploads\\\/2021\\\/07\\\/logo-hr.svg\",\"width\":271,\"height\":100,\"caption\":\"SDF - Srpski demokratski forum\"},\"image\":{\"@id\":\"https:\\\/\\\/sdf.hr\\\/#\\\/schema\\\/logo\\\/image\\\/\"}}]}<\/script>\n<!-- \/ Yoast SEO plugin. -->","yoast_head_json":{"title":"\u010citajte Dubravku! - SDF - Srpski demokratski forum","robots":{"index":"index","follow":"follow","max-snippet":"max-snippet:-1","max-image-preview":"max-image-preview:large","max-video-preview":"max-video-preview:-1"},"canonical":"https:\/\/sdf.hr\/hr\/nada\/citajte-dubravku-2\/","og_locale":"hr_HR","og_type":"article","og_title":"\u010citajte Dubravku! - SDF - Srpski demokratski forum","og_description":"\u010citati Dubravku Ugre\u0161i\u0107 ne zna\u010di pro\u010ditati \"\u0160teficu\" ili \"Babu Jagu\". Svi njeni romani, kojima je \"Lisica\" tek epilog, jedan su veliki roman, jedinstvena pri\u010da iz pera slavenske \u0160eherezade (kako je Ugre\u0161i\u0107 opisala spisateljice), pri\u010da koja je rasla desetlje\u0107ima","og_url":"https:\/\/sdf.hr\/hr\/nada\/citajte-dubravku-2\/","og_site_name":"SDF - Srpski demokratski forum","og_image":[{"width":1200,"height":750,"url":"https:\/\/sdf.hr\/wp-content\/uploads\/2023\/03\/Olja-1.jpg","type":"image\/jpeg"}],"twitter_card":"summary_large_image","twitter_misc":{"Procijenjeno vrijeme \u010ditanja":"7 minuta"},"schema":{"@context":"https:\/\/schema.org","@graph":[{"@type":"WebPage","@id":"https:\/\/sdf.hr\/hr\/nada\/citajte-dubravku-2\/","url":"https:\/\/sdf.hr\/hr\/nada\/citajte-dubravku-2\/","name":"\u010citajte Dubravku! - SDF - Srpski demokratski forum","isPartOf":{"@id":"https:\/\/sdf.hr\/#website"},"primaryImageOfPage":{"@id":"https:\/\/sdf.hr\/hr\/nada\/citajte-dubravku-2\/#primaryimage"},"image":{"@id":"https:\/\/sdf.hr\/hr\/nada\/citajte-dubravku-2\/#primaryimage"},"thumbnailUrl":"https:\/\/sdf.hr\/wp-content\/uploads\/2023\/03\/Olja-1.jpg","datePublished":"2023-04-15T07:56:35+00:00","breadcrumb":{"@id":"https:\/\/sdf.hr\/hr\/nada\/citajte-dubravku-2\/#breadcrumb"},"inLanguage":"hr","potentialAction":[{"@type":"ReadAction","target":["https:\/\/sdf.hr\/hr\/nada\/citajte-dubravku-2\/"]}]},{"@type":"ImageObject","inLanguage":"hr","@id":"https:\/\/sdf.hr\/hr\/nada\/citajte-dubravku-2\/#primaryimage","url":"https:\/\/sdf.hr\/wp-content\/uploads\/2023\/03\/Olja-1.jpg","contentUrl":"https:\/\/sdf.hr\/wp-content\/uploads\/2023\/03\/Olja-1.jpg","width":1200,"height":750},{"@type":"BreadcrumbList","@id":"https:\/\/sdf.hr\/hr\/nada\/citajte-dubravku-2\/#breadcrumb","itemListElement":[{"@type":"ListItem","position":1,"name":"Po\u010detna stranica","item":"https:\/\/sdf.hr\/hr\/"},{"@type":"ListItem","position":2,"name":"Nada","item":"https:\/\/sdf.hr\/nada\/"},{"@type":"ListItem","position":3,"name":"\u010citajte Dubravku!"}]},{"@type":"WebSite","@id":"https:\/\/sdf.hr\/#website","url":"https:\/\/sdf.hr\/","name":"SDF - Srpski demokratski forum","description":"Srpski demokratski forum","publisher":{"@id":"https:\/\/sdf.hr\/#organization"},"potentialAction":[{"@type":"SearchAction","target":{"@type":"EntryPoint","urlTemplate":"https:\/\/sdf.hr\/?s={search_term_string}"},"query-input":{"@type":"PropertyValueSpecification","valueRequired":true,"valueName":"search_term_string"}}],"inLanguage":"hr"},{"@type":"Organization","@id":"https:\/\/sdf.hr\/#organization","name":"SDF - Srpski demokratski forum","url":"https:\/\/sdf.hr\/","logo":{"@type":"ImageObject","inLanguage":"hr","@id":"https:\/\/sdf.hr\/#\/schema\/logo\/image\/","url":"https:\/\/sdf.hr\/wp-content\/uploads\/2021\/07\/logo-hr.svg","contentUrl":"https:\/\/sdf.hr\/wp-content\/uploads\/2021\/07\/logo-hr.svg","width":271,"height":100,"caption":"SDF - Srpski demokratski forum"},"image":{"@id":"https:\/\/sdf.hr\/#\/schema\/logo\/image\/"}}]}},"_links":{"self":[{"href":"https:\/\/sdf.hr\/hr\/wp-json\/wp\/v2\/nada\/3260","targetHints":{"allow":["GET"]}}],"collection":[{"href":"https:\/\/sdf.hr\/hr\/wp-json\/wp\/v2\/nada"}],"about":[{"href":"https:\/\/sdf.hr\/hr\/wp-json\/wp\/v2\/types\/nada"}],"wp:featuredmedia":[{"embeddable":true,"href":"https:\/\/sdf.hr\/hr\/wp-json\/wp\/v2\/media\/3045"}],"wp:attachment":[{"href":"https:\/\/sdf.hr\/hr\/wp-json\/wp\/v2\/media?parent=3260"}],"wp:term":[{"taxonomy":"post_tag","embeddable":true,"href":"https:\/\/sdf.hr\/hr\/wp-json\/wp\/v2\/tags?post=3260"},{"taxonomy":"atribut","embeddable":true,"href":"https:\/\/sdf.hr\/hr\/wp-json\/wp\/v2\/atribut?post=3260"}],"curies":[{"name":"wp","href":"https:\/\/api.w.org\/{rel}","templated":true}]}}