{"id":3329,"date":"2023-04-30T09:33:02","date_gmt":"2023-04-30T07:33:02","guid":{"rendered":"https:\/\/sdf.hr\/?post_type=nada&#038;p=3329"},"modified":"2023-05-15T21:00:23","modified_gmt":"2023-05-15T19:00:23","slug":"karla-crncevic-u-radu-na-filmu-izrazena-je-rodna-podjela","status":"publish","type":"nada","link":"https:\/\/sdf.hr\/hr\/nada\/karla-crncevic-u-radu-na-filmu-izrazena-je-rodna-podjela\/","title":{"rendered":"Karla Crn\u010devi\u0107: U radu na filmu izra\u017eena je rodna podjela"},"content":{"rendered":"<p><strong>Karla Crn\u010devi\u0107<\/strong> je dramaturginja i filmska radnica, ro\u0111ena 1989. u Dubrovniku. Magistrirala je na Akademiji dramskih umjetnosti u Zagrebu. Jedna je od osniva\u010dica i organizatorica Unseen festivala koji se bavi prikaziva\u010dkim i kulturnim politikama. Od jeseni 2021. je na studiju arhivistike u Baskiji, na \u0161koli Elias Querejeta Eskola u gradu San Sebastianu. U studenom pro\u0161le godine, na 64. po redu Me\u0111unarodnom festivalu dokumentarnog i kratkometra\u017enog filma ZINEBI u Bilbau, osvojila je Veliku nagradu baskijskog filma za kratkometra\u017eni dokumentarni film &#8220;Divlje cvije\u0107e&#8221;, nastao u okviru programa na kojem studira. &#8220;Divlje cvije\u0107e&#8221;, za koji je \u017eiri kazao da se u njemu &#8220;udru\u017euju brutalnost i nje\u017enost kako bi izgradili duboko osjetilnu pripovijest&#8221;, temelji se na materijalu koji je Karlin otac snimio jedinog dana svog \u017eivota kada je koristio posu\u0111enu video kameru, a koji je Karla na njegovu molbu digitalizirala. Dok \u010dekamo da &#8220;Divlje cvije\u0107e&#8221; iz Baskije doputuje do nas, s Karlom smo porazgovarali o filmu, interesu za arhive, ali i \u017eivotu od projekta do projekta koji dijeli s brojnim drugim kulturnim radnicama.<\/p>\n<p><strong>Va\u0161 nagra\u0111eni film &#8220;Divlje cvije\u0107e&#8221; proizveden je kao rad na filmskoj \u0161koli u San Sebastianu. Mo\u017eete li nam re\u0107i ne\u0161to o samom programu i odluci da za potrebe studijske vje\u017ebe posegnete u obiteljsku video arhivu?<\/strong><\/p>\n<p>Rije\u010d je o interdisciplinarnom filmskom programu koji je uglavnom koncentriran na arhivsku gra\u0111u, kustoske politike i proizvodnju dokumentarnog filma kao disciplinu \u0161iru od same re\u017eije i monta\u017ee. U okviru kolegija koji se zvao Avantgarden zahtijevalo se da se pozabavimo nekim <em>found footageom<\/em>, arhivskim ili novosnimljenim materijalom uz tematsku odrednicu vrta. Ja sam sa sobom imala VHS kazetu koju mi je stari dao jo\u0161 ranije, i koju sam djelomi\u010dno restaurirala i digitalizirala. To je bilo par snimaka napravljenih kamerom koju je moj stari posudio u jednom postratnom trenutku i snimio materijal koji mu se tada \u010dinio va\u017ean, a odonda ga je pogledao samo jednom ili dvaput dok je imao video rekorder. Snimke dokumentiraju njegovo rodno selo u Konavlima u koje on ulazi prvi put nakon \u0161to se civili nakon rata po\u010dinju vra\u0107ati, destrukciju ku\u0107a i okoli\u0161a. Materijal sam odlu\u010dila iskoristiti tako da suprotstavim materijalnost slike, odnosno snimke kao \u010dvrstog dokaza situacije, i njegovu memoriju. Nazvala sam starog i pitala ga \u010dega se on sje\u0107a da je snimao, korak po korak. Taj razgovor je drugi sloj filma.<\/p>\n<p><strong>\u0160to vam je kao autorici i istra\u017eiva\u010dici filma bilo najzanimljivije u tom privatnom materijalu koji je snimio va\u0161 otac, a koji nikad prije ni poslije nije rukovao kamerom?<\/strong><\/p>\n<p>Bilo mi je zanimljivo za\u0161to ljudi koji nemaju pristup tehni\u010dkim sredstvima uop\u0107e uzimaju kameru u ruku, osobito u takvom trenutku. To koliko je amaterski pogled druga\u010diji od profesionalnog vidi se, recimo, u kretanju kamere. Profesionalna kamera je stabilna, \u010dista i komunicira s gledateljem koji ne poznaje kontekst, dok kamera amatera vrluda i opona\u0161a ljudsko oko koje se ne zadr\u017eava dugo na objektima, osobito u situacijama hitnosti ili intimnosti. Ali bilo mi je zanimljivo i za\u0161to se ljudi kasnije vra\u0107aju tom materijalu te kakve arhive imamo u svojim obiteljima s obzirom na to u kakvim su one materijalnim uvjetima \u017eivjele. Razli\u010dite suvremene kinematografije bave se privatnim arhivima i propituju razli\u010dite klasne pozicije koje se vide kroz postojanje ili nepostojanje tehni\u010dkih sredstava za proizvodnju slike. Te me razlike zanimaju i u privatnim i u institucionalnim arhivima.<\/p>\n<p><strong>&#8220;Divlje cvije\u0107e&#8221; ispituje odnos privatnog arhiva i sje\u0107anja, ali istovremeno je u pitanju te\u017eak i intiman materijal koji bilje\u017ei destrukciju rodnog sela u postratnom dubrova\u010dkom podru\u010dju. Jeste li osje\u0107ali balast ili pritisak radi toga?<\/strong><\/p>\n<p>Dosta sam se dvoumila da li uop\u0107e koristiti taj materijal u kontekstu neke strane \u0161kole zbog teme rata koja je u na\u0161oj kinematografiji od devedesetih dosta eksploatirana. Nije mi to bila najjednostavnija odluka, ali mi je i bilo glupo bje\u017eati od stvari koje su mi bliske i kojima se imam pravo baviti. Zaklju\u010dila sam da je najiskrenije \u0161to mogu napraviti upravo to da se bavim svojim iskustvom, oko kojeg mogu zauzeti osobni stav koji zna\u010di razliku. Malo hrabrosti mi je dala i <strong>Daria Bla\u017eevi\u0107<\/strong> iz Kino kuba Zagreb koja je prva pogledala materijal. Na kraju mi je bilo OK da je studentska vje\u017eba privukla pozornost. Filmski postupak je jednostavan, nije u pitanju pretenciozan film. Mislim da funkcionira i kod filmskih selektora, ali i kod nekog bez filmskog predznanja.<\/p>\n<figure id=\"attachment_3318\" aria-describedby=\"caption-attachment-3318\" style=\"width: 2560px\" class=\"wp-caption alignnone\"><img loading=\"lazy\" decoding=\"async\" class=\"wp-image-3318 size-full\" src=\"https:\/\/sdf.hr\/wp-content\/uploads\/2023\/04\/Crncevic2_Davor-Konjikusic-scaled.jpg\" alt=\"\" width=\"2560\" height=\"1708\" srcset=\"https:\/\/sdf.hr\/wp-content\/uploads\/2023\/04\/Crncevic2_Davor-Konjikusic-scaled.jpg 2560w, https:\/\/sdf.hr\/wp-content\/uploads\/2023\/04\/Crncevic2_Davor-Konjikusic-300x200.jpg 300w, https:\/\/sdf.hr\/wp-content\/uploads\/2023\/04\/Crncevic2_Davor-Konjikusic-1024x683.jpg 1024w, https:\/\/sdf.hr\/wp-content\/uploads\/2023\/04\/Crncevic2_Davor-Konjikusic-768x512.jpg 768w, https:\/\/sdf.hr\/wp-content\/uploads\/2023\/04\/Crncevic2_Davor-Konjikusic-1536x1025.jpg 1536w, https:\/\/sdf.hr\/wp-content\/uploads\/2023\/04\/Crncevic2_Davor-Konjikusic-2048x1367.jpg 2048w\" sizes=\"auto, (max-width: 2560px) 100vw, 2560px\" \/><figcaption id=\"caption-attachment-3318\" class=\"wp-caption-text\">Foto: Davor Konjiku\u0161i\u0107<\/figcaption><\/figure>\n<p><strong>\u0160to je na nagradu rekao va\u0161 otac, koji je u filmu na neki na\u010din i autor i lik?<\/strong><\/p>\n<p>Kad sam radila film, nisam znala da \u0107e i\u0107i izvan \u0161kole pa nisam o njemu puno razglabala s obitelji, pokazala sam im ga tek kad je upao na festival. Stari je rekao samo &#8220;dobro si ti to smislila&#8221;. Na kraju je bio ponosan i mislim da mu je bilo drago jer je taj materijal neo\u010dekivano dobio novi \u017eivot na velikom platnu. Zezali smo se da je direktor fotografije, tako je i potpisan u filmu. Znam da direktori fotografije imaju ogromna znanja i vje\u0161tine i da te pozicije nisu usporedive, ali to je bila na\u0161a mala interna zezancija na ra\u010dun statusa velikih umjetni\u010dkih imena.<\/p>\n<p><strong>Ne bavite se samo temom privatnih nego i institucionalnih filmskih arhiva. Istra\u017eujete audiovizualno naslije\u0111e Antifa\u0161isti\u010dkog fronta \u017eena (AF\u017d), a trenutno se time bavite i na umjetni\u010dkoj rezidenciji Bidasoa u selu Biriatou. Gdje je i kako gra\u0111a koja vas zanima u Hrvatskoj uop\u0107e o\u010duvana i dostupna?<\/strong><\/p>\n<p>Kao i osobni, tako su i institucionalni arhivi odre\u0111eni materijalnim uvjetima pa su razli\u010dite zbirke razli\u010dito o\u010duvane i dostupne. U Hrvatskoj postoji Kinoteka Zagreb kao odjel Hrvatskog dr\u017eavnog arhiva, ali ne postoji samostalan arhiv audiovizualne gra\u0111e, za razliku od drugih zemalja Jugoslavije. Kod nas postoje \u010dak i prijepori oko toga koja bi se ba\u0161tina trebala prebaciti iz Beograda u Zagreb, ali to je suluda ideolo\u0161ka rasprava u trenutku u kojem ne postoje potpuno adekvatni uvjeti da se ni ova gra\u0111a koju imamo kompletno digitalizira i \u010duva, a onda i izla\u017ee i da joj imamo pristup. Osim toga, ponekad imaju samo kopiju onog \u0161to ti treba i te\u0161ko je do\u0107i do informacije gdje je original, \u0161to ote\u017eava istra\u017eivanje. Recimo, dokumentarac iz 1976. godine o prvoj li\u010dkoj \u017eenskoj partizanskoj \u010deti uklju\u010duje materijale snimljene \u010detrdesetih, kao i novosnimljene materijale, rekonstrukcije onoga \u0161to se ranije nije moglo snimiti zbog tehni\u010dkih uvjeta. Na originalnoj traci mo\u017ee\u0161 vidjeti iz koje je \u0161to godine, koja traka je kori\u0161tena, \u0161to ti daje druga\u010diji uvid u proizvodnju nekog djela. Tako\u0111er, HRT ima ogroman audiovizualni arhiv koji se krenuo digitalizirati, ali je do sada bio poprili\u010dno zatvoren. Nepristupa\u010dnost arhiva je velik problem. U tom kontekstu su u\u017easno va\u017eni o<em>nline open source<\/em> arhivi. Meni je bio va\u017ean arhiv &#8220;Da nam \u017eivi AF\u017d!&#8221; organizacije Crvena iz Sarajeva nastao kolektivnim radom \u017eena iz Crvene koje su skupljale sve vrste dokumenata vezanih za \u017eenski politi\u010dki rad u Jugoslaviji od kraja tridesetih do pedesetih.<\/p>\n<p><strong>Dugo radite na raznim poslovima u polju filma u Hrvatskoj i na vlastitoj ste ko\u017ei iskusili posljedice kulturnih politika koje ne omogu\u0107uju da sav rad u kulturi i umjetnosti bude adekvatno pla\u0107en. Kakva je situacija u filmskoj bran\u0161i?<\/strong><\/p>\n<p>U kulturi film najbolje prolazi, ali i dalje mislim da mali broj onih koji nemaju neku kontinuiranu institucionalnu podr\u0161ku mo\u017ee od toga \u017eivjeti. Jednostavno mora\u0161 raditi vi\u0161e projekata odjednom i to smanjuje fokus i kvalitetu. Recimo, zadnja kategorija financiranja koja se otvorila kroz Hrvatski audiovizualni centar je &#8220;mikrobud\u017eetni film&#8221;, odnosno dugometra\u017eni igrani film s bud\u017eetom do milijun i pol kuna, \u0161to je jako malo. Na taj se na\u010din proizvodi vi\u0161e dugometra\u017enih filmova, ali svi rade ispod cijene. Argument za to je da postoje filmovi koji ne zahtijevaju visoke produkcijske uvjete i mogu se snimiti u, recimo, jednoj prostoriji, ali zanemaruje se \u010dinjenica da iza filma stoji cijela filmska ekipa koja treba biti pla\u0107ena. To su mehanizmi bud\u017eetiranja kulture kojima se poku\u0161ava proizvoditi vi\u0161e za manje novca. Ve\u0107ina radnika je nevidljiva i potpla\u0107ena i njihov je rad nereguliran. Strukovni cjenici nisu obavezuju\u0107i, a i rijetko se koje strukovne udruge bave za\u0161titom radni\u010dkih prava, s iznimkom Saveza scenarista i pisaca dramskih djela (SPID).<\/p>\n<p><strong>I sami ste bili anga\u017eirani na izradi SPID-ovog strukovnog cjenika, aktivni ste u Platformi za radne uvjete u kulturi Za K.R.U.H. i godinama pi\u0161ete o uvjetima rada u filmskoj industriji, osobito na setovima stranih produkcija na kojima ste i sami dugo radili. Po medijima se one spominju uglavnom u kontekstu turisti\u010dkog brendiranja i priljeva strane love. Kako na tim setovima prolaze doma\u0107i radnici?<\/strong><\/p>\n<p>Ve\u0107 neko vrijeme ne radim na stranim produkcijama u Hrvatskoj, ali razgovaram s kolegama o tome. Polako se di\u017ee cijena rada radi konkurencije i regulacije sitnih privatnih pau\u0161alnih obrta, ali taj je rad jo\u0161 uvijek nereguliran, iscrpljuju\u0107i i uvjeti ovise od produkcije do produkcije. Zarada je ve\u0107a nego bilo gdje drugdje u kulturi kod nas, ali radi se po dvanaest, petnaest sati dnevno. Ljudi rade po jedanaest mjeseci u kontinuitetu s jednim slobodnim danom tjedno jer ne \u017eele re\u0107i da su bolesni ili umorni da ne bi izgubili priliku da ih zovu na idu\u0107i set. Normalizira se da ne postoji pravo na odmor. Taj rad ima puno vi\u0161e veze sa sezonskim turisti\u010dkim radom konobara, kuharica, sobarica ili animatorica nego s radom u kulturi. Radi se na odre\u0111eno, na jednokratne ugovore, \u010desto se ne pla\u0107a prekovremene, radi se izvan mjesta boravi\u0161ta, smje\u0161taj je organiziran grupno i \u010desto je i tvoje slobodno vrijeme odre\u0111eno grupnom dinamikom. Na setovima ima mobinga, seksualnog uznemiravanja, a sve se to gura pod tepih jer obi\u010dno nema\u0161 pravo ni\u0161ta re\u0107i i ne zna\u0161 kome bi se po\u017ealio.<\/p>\n<figure id=\"attachment_3320\" aria-describedby=\"caption-attachment-3320\" style=\"width: 2560px\" class=\"wp-caption alignnone\"><img loading=\"lazy\" decoding=\"async\" class=\"wp-image-3320 size-full\" src=\"https:\/\/sdf.hr\/wp-content\/uploads\/2023\/04\/Crncevic3-scaled.jpg\" alt=\"\" width=\"2560\" height=\"1708\" srcset=\"https:\/\/sdf.hr\/wp-content\/uploads\/2023\/04\/Crncevic3-scaled.jpg 2560w, https:\/\/sdf.hr\/wp-content\/uploads\/2023\/04\/Crncevic3-300x200.jpg 300w, https:\/\/sdf.hr\/wp-content\/uploads\/2023\/04\/Crncevic3-1024x683.jpg 1024w, https:\/\/sdf.hr\/wp-content\/uploads\/2023\/04\/Crncevic3-768x512.jpg 768w, https:\/\/sdf.hr\/wp-content\/uploads\/2023\/04\/Crncevic3-1536x1025.jpg 1536w, https:\/\/sdf.hr\/wp-content\/uploads\/2023\/04\/Crncevic3-2048x1367.jpg 2048w\" sizes=\"auto, (max-width: 2560px) 100vw, 2560px\" \/><figcaption id=\"caption-attachment-3320\" class=\"wp-caption-text\">Foto: Davor Konjiku\u0161i\u0107<\/figcaption><\/figure>\n<p><strong>U kojoj su poziciji \u017eene koje rade na setovima, a nisu gluma\u010dke ili redateljske zvijezde? Postoji li rodna podjela rada?<\/strong><\/p>\n<p>U filmskoj industriji je jako vidljiva podjela po sektorima. Sektori maske i kostima su dominantno \u017eenski, a tehni\u010dki, &#8220;ozbiljniji&#8221;, &#8220;nezamjenjiviji&#8221; odjeli su mu\u0161ki. Produkcija i pomo\u0107na re\u017eija su naj\u010de\u0161\u0107e mije\u0161ani odjeli, ali u njima, kao i u drugim sektorima, \u017eene obavljaju dodatni dio rada koji je nevidljiv, a na setovima u\u017easno va\u017ean. To je rad njege. \u010cesto ni ne osjeti\u0161 da ga radi\u0161 i da ti je ta obaveza upisana jer si \u017eena. Sje\u0107am se intervjua koji sam radila s jednom curom kojoj je na razgovoru za posao, iako je bila visokokvalificirana filmska radnica, nadre\u0111eni rekao da \u0107e se baviti salamama i sirevima za glumce jer \u0107e ih ona ljep\u0161e pripremiti od mu\u0161kih kolega. To je samo jedan primjer svakodnevnog tretmana \u017eena na setovima. Za radnice u sektorima \u0161minke i kostima se podrazumijeva da cijelo vrijeme trebaju biti dobro raspolo\u017eene i baviti se glumcima, a prekovremeni sati pospremanja i pranja im \u010desto nisu pla\u0107eni i njihov rad se smatra manje va\u017enim od, recimo, rada operatera kamere. Pomo\u0107nice re\u017eije, takozvane <em>runnerice<\/em>, \u010desto ne ru\u010daju jer je njihov zadatak da u pauzi brinu da svi ostali ru\u010daju. Pritom su te pla\u0107e najni\u017ee. Dugo sam radila na toj poziciji i stvarno sam se pitala jesam li ja jedina luda i primje\u0107ujem da ne\u0161to nije u redu.<\/p>\n<p><strong>Govore li radnici naglas o problemima koje ste naveli, bune li se? Sektor je nesindikaliziran, a sami ste rekli da se ve\u0107ina strukovnih udruga ne bavi radni\u010dkim pravima.<\/strong><\/p>\n<p>Rije\u010d je o \u010ditavom setu nevidljivih problema o kojima se unutar industrije pri\u010da samo poskrive\u0107ki, a rijetko se adresiraju kroz konflikt s poslodavcem ili obra\u0107anje strukovnoj udruzi za pomo\u0107. Sindikalizacije nema i ljudi su neza\u0161ti\u0107eni. Ako po\u010dne\u0161 prigovarati, bit \u0107e\u0161 progla\u0161en histeri\u010dnom lu\u0111akinjom i te\u0161kom osobom za rad i delegitimirat \u0107e te se, a ljudi ne \u017eele mijenjati profesiju. Na kraju krajeva, nemaju ni vremena jer nakon dvanaest ili petnaest sati na setu nema\u0161 ni mentalnog ni emocionalnog kapaciteta ulaziti u konflikt. Da bi se i\u0161ta promijenilo, nu\u017eno je ozbiljno organiziranje, ali i osvje\u0161tavanje \u010dinjenice da filmski posao fakat nema u sebi ni\u0161ta od glamura koji zami\u0161ljaju svi izvan te industrije.<\/p>\n<p><strong>Vratimo se pred kraj intervjua ipak s crn\u010denja za strane produkcije na va\u0161 autorski rad. Trenutno radite na jo\u0161 nekim dokumentarnim filmovima, izme\u0111u ostalog na va\u0161em prvom dugometra\u017enom dokumentarcu o udruzi Zemlja za nas s Bra\u010da. Na njemu ve\u0107 dugo radite \u2013 kako je izgledao taj proces?<\/strong><\/p>\n<p>Na filmu &#8220;Zemlja za nas&#8221; radim od 2016. Tamo sam prvi put oti\u0161la sa snimateljicom <strong>Nives Milje\u0161i\u0107<\/strong> i tek ga sad zavr\u0161avam. Tih sedam godina stalno je bio prisutan u mom \u017eivotu, \u0161to mentalno, \u0161to emocionalno, \u0161to fizi\u010dki. Istovremeno, bud\u017eet koji je dobio dostatan je za mo\u017eda \u0161est mjeseci rada. Bud\u017eeti za dokumentarce su minijaturni, osobito ako si debitant. Zemlja za nas je kompleksna zajednica \u017eena koje poku\u0161avaju zajedni\u010dki izgraditi dom i izna\u0107i na\u010dine funkcioniranja. Osjetljivo je snimati film o \u017eivotu drugih ljudi. Za to se vrijeme u kolektivu sva\u0161ta doga\u0111alo, kao \u0161to se i u na\u0161im \u017eivotima sva\u0161ta dogodi u sedam godina, a film \u0107e pokazati samo dio toga. Kad snima\u0161, svjestan si da iza kamere ima\u0161 poziciju mo\u0107i i da na neki na\u010din manipulira\u0161 odabirom toga \u0161to \u0107e\u0161 pokazati i kakav \u0107e\u0161 autorski komentar dati. Meni to donosi odre\u0111enu vrstu nelagode, va\u017eno je koju vrstu odgovornosti pritom preuzima\u0161. Mislim da se \u017eenama sa Zemlje na po\u010detku svidio na\u0161 pristup &#8220;ne\u0107emo \u017euriti, ajmo vidjeti \u0161to \u0107e se dogoditi&#8221;. Sada jo\u0161 uvijek \u010dekam pojedine reakcije na zavr\u0161ni materijal. Moram priznati da sve skupa nije bilo jednostavno. Film trenutno zavr\u0161avamo u produkciji Zagreb filma, u procesu monta\u017ee stra\u0161no su mi puno pomogli monta\u017eerka filma <strong>Hrvoslava Brku\u0161i\u0107<\/strong> i umjetni\u010dki savjetnik <strong>Neboj\u0161a Slijep\u010devi\u0107<\/strong>. Izgradio se neki odnos koji valjda izgradi\u0161 na takve na\u010dine \u2013 sporo, korak po korak kroz slojeve materijala koje gleda\u0161 iznova i iznova. Kad radi\u0161 na filmu puno se stvari otkrije i vidi i mimo samog filma.<\/p>\n<p><strong>Ve\u0107 ste neko vrijeme u Baskiji, povremeno dolazite u Hrvatsku, ali i ina\u010de radi posla puno putujete trbuhom za rezidencijama, festivalima, stipendijama i anga\u017emanima. Tu stvarnost dijelite s mnogo drugih umjetnika. Postoji li ne\u0161to \u0161to vam nedostaje iz &#8220;sjedila\u010dkog&#8221; na\u010dina \u017eivota u Zagrebu?<\/strong><\/p>\n<p>U ovom &#8220;nomadskom&#8221; i &#8220;nestabilnom&#8221; periodu \u017eivota, najte\u017ee mi pada \u0161to nekad ne mogu voditi svog psa <strong>Holicu<\/strong> sa sobom jer je sada ve\u0107 stara. Holi sam udomila prije dvanaest godina i ona je ba\u0161 predivna konstanta u mom \u017eivotu. Jednom davno kupila sam auto da bi je mogla svugdje voditi, ali je sada u Hrvatskoj s mojom sestrom koja mi puno poma\u017ee i voli je isto kao i ja. Da nema njih dvije, bila bih izgubljena vi\u0161e nego \u0161to jesam.<\/p>\n<p><strong>\u0160to je to \u0161to vam, izme\u0111u privremenih ugovora, malih filmskih bud\u017eeta, kamera, arhiva i borbe za bolje radne uvjete, daje nadu?<\/strong><\/p>\n<p>Nadu mi daju sve divne drugarice i drugari, i kad vidim solidarnost, bez ra\u010dunice, eto to mi daje nadu. A onda nekad i kad nai\u0111em na brutalne pri\u010de hrabrih ljudi, recimo u arhivu \u2013 i vidim kako se mo\u017ee sva\u0161ta \u2013 to mi isto daje nadu. Zato mi se \u010dini da arhivi \u010desto mogu biti prave lekcije za budu\u0107nost.<\/p>\n<p><em>razgovor vodila Dunja Ku\u010dinac<\/em><\/p>\n","protected":false},"excerpt":{"rendered":"<p>\u017dene obavljaju dodatni dio rada koji je nevidljiv, a na setovima iznimno va\u017ean. Da bi se i\u0161ta promijenilo, nu\u017eno je ozbiljno organiziranje, ali i osvje\u0161tavanje \u010dinjenice da filmski posao nema u sebi ni\u0161ta od glamura koji zami\u0161ljaju svi izvan te industrije<\/p>\n","protected":false},"featured_media":3328,"template":"","tags":[29,173],"atribut":[],"class_list":["post-3329","nada","type-nada","status-publish","has-post-thumbnail","hentry","tag-intervju","tag-intervju-2-hr"],"acf":[],"yoast_head":"<!-- This site is optimized with the Yoast SEO plugin v27.4 - https:\/\/yoast.com\/product\/yoast-seo-wordpress\/ -->\n<title>Karla Crn\u010devi\u0107: U radu na filmu izra\u017eena je rodna podjela - SDF - Srpski demokratski forum<\/title>\n<meta name=\"robots\" content=\"index, follow, max-snippet:-1, max-image-preview:large, max-video-preview:-1\" \/>\n<link rel=\"canonical\" href=\"https:\/\/sdf.hr\/hr\/nada\/karla-crncevic-u-radu-na-filmu-izrazena-je-rodna-podjela\/\" \/>\n<meta property=\"og:locale\" content=\"hr_HR\" \/>\n<meta property=\"og:type\" content=\"article\" \/>\n<meta property=\"og:title\" content=\"Karla Crn\u010devi\u0107: U radu na filmu izra\u017eena je rodna podjela - SDF - Srpski demokratski forum\" \/>\n<meta property=\"og:description\" content=\"\u017dene obavljaju dodatni dio rada koji je nevidljiv, a na setovima iznimno va\u017ean. Da bi se i\u0161ta promijenilo, nu\u017eno je ozbiljno organiziranje, ali i osvje\u0161tavanje \u010dinjenice da filmski posao nema u sebi ni\u0161ta od glamura koji zami\u0161ljaju svi izvan te industrije\" \/>\n<meta property=\"og:url\" content=\"https:\/\/sdf.hr\/hr\/nada\/karla-crncevic-u-radu-na-filmu-izrazena-je-rodna-podjela\/\" \/>\n<meta property=\"og:site_name\" content=\"SDF - Srpski demokratski forum\" \/>\n<meta property=\"article:modified_time\" content=\"2023-05-15T19:00:23+00:00\" \/>\n<meta property=\"og:image\" content=\"https:\/\/sdf.hr\/wp-content\/uploads\/2023\/04\/Crncevic1_Davor-Konjikusic-scaled.jpg\" \/>\n\t<meta property=\"og:image:width\" content=\"2560\" \/>\n\t<meta property=\"og:image:height\" content=\"1708\" \/>\n\t<meta property=\"og:image:type\" content=\"image\/jpeg\" \/>\n<meta name=\"twitter:card\" content=\"summary_large_image\" \/>\n<meta name=\"twitter:label1\" content=\"Procijenjeno vrijeme \u010ditanja\" \/>\n\t<meta name=\"twitter:data1\" content=\"13 minuta\" \/>\n<script type=\"application\/ld+json\" class=\"yoast-schema-graph\">{\"@context\":\"https:\\\/\\\/schema.org\",\"@graph\":[{\"@type\":\"WebPage\",\"@id\":\"https:\\\/\\\/sdf.hr\\\/hr\\\/nada\\\/karla-crncevic-u-radu-na-filmu-izrazena-je-rodna-podjela\\\/\",\"url\":\"https:\\\/\\\/sdf.hr\\\/hr\\\/nada\\\/karla-crncevic-u-radu-na-filmu-izrazena-je-rodna-podjela\\\/\",\"name\":\"Karla Crn\u010devi\u0107: U radu na filmu izra\u017eena je rodna podjela - SDF - Srpski demokratski forum\",\"isPartOf\":{\"@id\":\"https:\\\/\\\/sdf.hr\\\/#website\"},\"primaryImageOfPage\":{\"@id\":\"https:\\\/\\\/sdf.hr\\\/hr\\\/nada\\\/karla-crncevic-u-radu-na-filmu-izrazena-je-rodna-podjela\\\/#primaryimage\"},\"image\":{\"@id\":\"https:\\\/\\\/sdf.hr\\\/hr\\\/nada\\\/karla-crncevic-u-radu-na-filmu-izrazena-je-rodna-podjela\\\/#primaryimage\"},\"thumbnailUrl\":\"https:\\\/\\\/sdf.hr\\\/wp-content\\\/uploads\\\/2023\\\/04\\\/Crncevic1_Davor-Konjikusic-scaled.jpg\",\"datePublished\":\"2023-04-30T07:33:02+00:00\",\"dateModified\":\"2023-05-15T19:00:23+00:00\",\"breadcrumb\":{\"@id\":\"https:\\\/\\\/sdf.hr\\\/hr\\\/nada\\\/karla-crncevic-u-radu-na-filmu-izrazena-je-rodna-podjela\\\/#breadcrumb\"},\"inLanguage\":\"hr\",\"potentialAction\":[{\"@type\":\"ReadAction\",\"target\":[\"https:\\\/\\\/sdf.hr\\\/hr\\\/nada\\\/karla-crncevic-u-radu-na-filmu-izrazena-je-rodna-podjela\\\/\"]}]},{\"@type\":\"ImageObject\",\"inLanguage\":\"hr\",\"@id\":\"https:\\\/\\\/sdf.hr\\\/hr\\\/nada\\\/karla-crncevic-u-radu-na-filmu-izrazena-je-rodna-podjela\\\/#primaryimage\",\"url\":\"https:\\\/\\\/sdf.hr\\\/wp-content\\\/uploads\\\/2023\\\/04\\\/Crncevic1_Davor-Konjikusic-scaled.jpg\",\"contentUrl\":\"https:\\\/\\\/sdf.hr\\\/wp-content\\\/uploads\\\/2023\\\/04\\\/Crncevic1_Davor-Konjikusic-scaled.jpg\",\"width\":2560,\"height\":1708,\"caption\":\"Foto: Davor Konjiku\u0161i\u0107\"},{\"@type\":\"BreadcrumbList\",\"@id\":\"https:\\\/\\\/sdf.hr\\\/hr\\\/nada\\\/karla-crncevic-u-radu-na-filmu-izrazena-je-rodna-podjela\\\/#breadcrumb\",\"itemListElement\":[{\"@type\":\"ListItem\",\"position\":1,\"name\":\"Po\u010detna stranica\",\"item\":\"https:\\\/\\\/sdf.hr\\\/hr\\\/\"},{\"@type\":\"ListItem\",\"position\":2,\"name\":\"Nada\",\"item\":\"https:\\\/\\\/sdf.hr\\\/nada\\\/\"},{\"@type\":\"ListItem\",\"position\":3,\"name\":\"Karla Crn\u010devi\u0107: U radu na filmu izra\u017eena je rodna podjela\"}]},{\"@type\":\"WebSite\",\"@id\":\"https:\\\/\\\/sdf.hr\\\/#website\",\"url\":\"https:\\\/\\\/sdf.hr\\\/\",\"name\":\"SDF - Srpski demokratski forum\",\"description\":\"Srpski demokratski forum\",\"publisher\":{\"@id\":\"https:\\\/\\\/sdf.hr\\\/#organization\"},\"potentialAction\":[{\"@type\":\"SearchAction\",\"target\":{\"@type\":\"EntryPoint\",\"urlTemplate\":\"https:\\\/\\\/sdf.hr\\\/?s={search_term_string}\"},\"query-input\":{\"@type\":\"PropertyValueSpecification\",\"valueRequired\":true,\"valueName\":\"search_term_string\"}}],\"inLanguage\":\"hr\"},{\"@type\":\"Organization\",\"@id\":\"https:\\\/\\\/sdf.hr\\\/#organization\",\"name\":\"SDF - Srpski demokratski forum\",\"url\":\"https:\\\/\\\/sdf.hr\\\/\",\"logo\":{\"@type\":\"ImageObject\",\"inLanguage\":\"hr\",\"@id\":\"https:\\\/\\\/sdf.hr\\\/#\\\/schema\\\/logo\\\/image\\\/\",\"url\":\"https:\\\/\\\/sdf.hr\\\/wp-content\\\/uploads\\\/2021\\\/07\\\/logo-hr.svg\",\"contentUrl\":\"https:\\\/\\\/sdf.hr\\\/wp-content\\\/uploads\\\/2021\\\/07\\\/logo-hr.svg\",\"width\":271,\"height\":100,\"caption\":\"SDF - Srpski demokratski forum\"},\"image\":{\"@id\":\"https:\\\/\\\/sdf.hr\\\/#\\\/schema\\\/logo\\\/image\\\/\"}}]}<\/script>\n<!-- \/ Yoast SEO plugin. -->","yoast_head_json":{"title":"Karla Crn\u010devi\u0107: U radu na filmu izra\u017eena je rodna podjela - SDF - Srpski demokratski forum","robots":{"index":"index","follow":"follow","max-snippet":"max-snippet:-1","max-image-preview":"max-image-preview:large","max-video-preview":"max-video-preview:-1"},"canonical":"https:\/\/sdf.hr\/hr\/nada\/karla-crncevic-u-radu-na-filmu-izrazena-je-rodna-podjela\/","og_locale":"hr_HR","og_type":"article","og_title":"Karla Crn\u010devi\u0107: U radu na filmu izra\u017eena je rodna podjela - SDF - Srpski demokratski forum","og_description":"\u017dene obavljaju dodatni dio rada koji je nevidljiv, a na setovima iznimno va\u017ean. Da bi se i\u0161ta promijenilo, nu\u017eno je ozbiljno organiziranje, ali i osvje\u0161tavanje \u010dinjenice da filmski posao nema u sebi ni\u0161ta od glamura koji zami\u0161ljaju svi izvan te industrije","og_url":"https:\/\/sdf.hr\/hr\/nada\/karla-crncevic-u-radu-na-filmu-izrazena-je-rodna-podjela\/","og_site_name":"SDF - Srpski demokratski forum","article_modified_time":"2023-05-15T19:00:23+00:00","og_image":[{"width":2560,"height":1708,"url":"https:\/\/sdf.hr\/wp-content\/uploads\/2023\/04\/Crncevic1_Davor-Konjikusic-scaled.jpg","type":"image\/jpeg"}],"twitter_card":"summary_large_image","twitter_misc":{"Procijenjeno vrijeme \u010ditanja":"13 minuta"},"schema":{"@context":"https:\/\/schema.org","@graph":[{"@type":"WebPage","@id":"https:\/\/sdf.hr\/hr\/nada\/karla-crncevic-u-radu-na-filmu-izrazena-je-rodna-podjela\/","url":"https:\/\/sdf.hr\/hr\/nada\/karla-crncevic-u-radu-na-filmu-izrazena-je-rodna-podjela\/","name":"Karla Crn\u010devi\u0107: U radu na filmu izra\u017eena je rodna podjela - SDF - Srpski demokratski forum","isPartOf":{"@id":"https:\/\/sdf.hr\/#website"},"primaryImageOfPage":{"@id":"https:\/\/sdf.hr\/hr\/nada\/karla-crncevic-u-radu-na-filmu-izrazena-je-rodna-podjela\/#primaryimage"},"image":{"@id":"https:\/\/sdf.hr\/hr\/nada\/karla-crncevic-u-radu-na-filmu-izrazena-je-rodna-podjela\/#primaryimage"},"thumbnailUrl":"https:\/\/sdf.hr\/wp-content\/uploads\/2023\/04\/Crncevic1_Davor-Konjikusic-scaled.jpg","datePublished":"2023-04-30T07:33:02+00:00","dateModified":"2023-05-15T19:00:23+00:00","breadcrumb":{"@id":"https:\/\/sdf.hr\/hr\/nada\/karla-crncevic-u-radu-na-filmu-izrazena-je-rodna-podjela\/#breadcrumb"},"inLanguage":"hr","potentialAction":[{"@type":"ReadAction","target":["https:\/\/sdf.hr\/hr\/nada\/karla-crncevic-u-radu-na-filmu-izrazena-je-rodna-podjela\/"]}]},{"@type":"ImageObject","inLanguage":"hr","@id":"https:\/\/sdf.hr\/hr\/nada\/karla-crncevic-u-radu-na-filmu-izrazena-je-rodna-podjela\/#primaryimage","url":"https:\/\/sdf.hr\/wp-content\/uploads\/2023\/04\/Crncevic1_Davor-Konjikusic-scaled.jpg","contentUrl":"https:\/\/sdf.hr\/wp-content\/uploads\/2023\/04\/Crncevic1_Davor-Konjikusic-scaled.jpg","width":2560,"height":1708,"caption":"Foto: Davor Konjiku\u0161i\u0107"},{"@type":"BreadcrumbList","@id":"https:\/\/sdf.hr\/hr\/nada\/karla-crncevic-u-radu-na-filmu-izrazena-je-rodna-podjela\/#breadcrumb","itemListElement":[{"@type":"ListItem","position":1,"name":"Po\u010detna stranica","item":"https:\/\/sdf.hr\/hr\/"},{"@type":"ListItem","position":2,"name":"Nada","item":"https:\/\/sdf.hr\/nada\/"},{"@type":"ListItem","position":3,"name":"Karla Crn\u010devi\u0107: U radu na filmu izra\u017eena je rodna podjela"}]},{"@type":"WebSite","@id":"https:\/\/sdf.hr\/#website","url":"https:\/\/sdf.hr\/","name":"SDF - Srpski demokratski forum","description":"Srpski demokratski forum","publisher":{"@id":"https:\/\/sdf.hr\/#organization"},"potentialAction":[{"@type":"SearchAction","target":{"@type":"EntryPoint","urlTemplate":"https:\/\/sdf.hr\/?s={search_term_string}"},"query-input":{"@type":"PropertyValueSpecification","valueRequired":true,"valueName":"search_term_string"}}],"inLanguage":"hr"},{"@type":"Organization","@id":"https:\/\/sdf.hr\/#organization","name":"SDF - Srpski demokratski forum","url":"https:\/\/sdf.hr\/","logo":{"@type":"ImageObject","inLanguage":"hr","@id":"https:\/\/sdf.hr\/#\/schema\/logo\/image\/","url":"https:\/\/sdf.hr\/wp-content\/uploads\/2021\/07\/logo-hr.svg","contentUrl":"https:\/\/sdf.hr\/wp-content\/uploads\/2021\/07\/logo-hr.svg","width":271,"height":100,"caption":"SDF - Srpski demokratski forum"},"image":{"@id":"https:\/\/sdf.hr\/#\/schema\/logo\/image\/"}}]}},"_links":{"self":[{"href":"https:\/\/sdf.hr\/hr\/wp-json\/wp\/v2\/nada\/3329","targetHints":{"allow":["GET"]}}],"collection":[{"href":"https:\/\/sdf.hr\/hr\/wp-json\/wp\/v2\/nada"}],"about":[{"href":"https:\/\/sdf.hr\/hr\/wp-json\/wp\/v2\/types\/nada"}],"wp:featuredmedia":[{"embeddable":true,"href":"https:\/\/sdf.hr\/hr\/wp-json\/wp\/v2\/media\/3328"}],"wp:attachment":[{"href":"https:\/\/sdf.hr\/hr\/wp-json\/wp\/v2\/media?parent=3329"}],"wp:term":[{"taxonomy":"post_tag","embeddable":true,"href":"https:\/\/sdf.hr\/hr\/wp-json\/wp\/v2\/tags?post=3329"},{"taxonomy":"atribut","embeddable":true,"href":"https:\/\/sdf.hr\/hr\/wp-json\/wp\/v2\/atribut?post=3329"}],"curies":[{"name":"wp","href":"https:\/\/api.w.org\/{rel}","templated":true}]}}